{"id":12040,"date":"2021-09-15T13:15:12","date_gmt":"2021-09-15T11:15:12","guid":{"rendered":"https:\/\/www.alteacultural.com\/?post_type=mec-events&#038;p=12040"},"modified":"2024-06-12T21:11:29","modified_gmt":"2024-06-12T19:11:29","slug":"doble-presentacion-aire-y-el-bosc-de-les-ombres-altea-llibres-a-la-tardor-2021","status":"publish","type":"mec-events","link":"https:\/\/www.alteacultural.com\/es\/events\/doble-presentacion-aire-y-el-bosc-de-les-ombres-altea-llibres-a-la-tardor-2021\/","title":{"rendered":"Doble presentaci\u00f3n: Aire y El bosc de les ombres &#8211; Altea, llibres a la tardor 2021"},"content":{"rendered":"<p><em>Acte en valenci\u00e0<\/em><\/p>\n<p><strong>2 de desembre | 20.30 h | Casa de Cultura Altea<\/strong><\/p>\n<p><span style=\"color: #ff0000;\">Atenci\u00f3:\u00a0<strong>Aquest acte \u00e9s finalment a les 20.30 h<\/strong>\u00a0(en alguna publicaci\u00f3 s\u2019ha anunciat que era a les 20.00 h)<\/span><\/p>\n<p>Aire \/ Elvira Cambrils<br \/>\nPresentaci\u00f3 de l&#8217;obra guanyadora del Premi Carmelina S\u00e1nchez-Cutillas de Novel\u00b7la i Prosa Creativa dels Premis Altea 2021<\/p>\n<p>El bosc de les ombres \/ Ignasi Garcia<br \/>\nPresentaci\u00f3 de l&#8217;obra guanyadora del Premi Altea de Literatura Infantil i Juvenil dels Premis Altea 2021<\/p>\n<p>&nbsp;<\/p>\n<p><img fetchpriority=\"high\" decoding=\"async\" class=\"wp-image-12736 aligncenter\" src=\"https:\/\/www.alteacultural.com\/wp-content\/uploads\/2021\/09\/premis.jpg\" alt=\"\" width=\"750\" height=\"983\" srcset=\"https:\/\/www.alteacultural.com\/wp-content\/uploads\/2021\/09\/premis.jpg 1196w, https:\/\/www.alteacultural.com\/wp-content\/uploads\/2021\/09\/premis-768x1007.jpg 768w, https:\/\/www.alteacultural.com\/wp-content\/uploads\/2021\/09\/premis-1172x1536.jpg 1172w\" sizes=\"(max-width: 750px) 100vw, 750px\" \/><\/p>\n","protected":false},"excerpt":{"rendered":"<p>Acte en valenci\u00e0 2 de desembre | 20.30 h | Casa de Cultura Altea Atenci\u00f3:\u00a0Aquest acte \u00e9s finalment a [&hellip;]<\/p>\n","protected":false},"author":1,"featured_media":12730,"comment_status":"open","ping_status":"closed","template":"","meta":{"_expiration-date-status":"saved","_expiration-date":0,"_expiration-date-type":"","_expiration-date-categories":[],"_expiration-date-options":[]},"yoast_head":"<!-- This site is optimized with the Yoast SEO plugin v22.8 - https:\/\/yoast.com\/wordpress\/plugins\/seo\/ -->\n<title>Doble presentaci\u00f3n: Aire y El bosc de les ombres - Altea, llibres a la tardor 2021 - Altea Cultural<\/title>\n<meta name=\"robots\" content=\"index, follow, max-snippet:-1, max-image-preview:large, max-video-preview:-1\" \/>\n<link rel=\"canonical\" href=\"https:\/\/www.alteacultural.com\/es\/events\/doble-presentacion-aire-y-el-bosc-de-les-ombres-altea-llibres-a-la-tardor-2021\/\" \/>\n<meta property=\"og:locale\" content=\"es_ES\" \/>\n<meta property=\"og:type\" content=\"article\" \/>\n<meta property=\"og:title\" content=\"Doble presentaci\u00f3n: Aire y El bosc de les ombres - Altea, llibres a la tardor 2021 - Altea Cultural\" \/>\n<meta property=\"og:description\" content=\"Acte en valenci\u00e0 2 de desembre | 20.30 h | Casa de Cultura Altea Atenci\u00f3:\u00a0Aquest acte \u00e9s finalment a [&hellip;]\" \/>\n<meta property=\"og:url\" content=\"https:\/\/www.alteacultural.com\/es\/events\/doble-presentacion-aire-y-el-bosc-de-les-ombres-altea-llibres-a-la-tardor-2021\/\" \/>\n<meta property=\"og:site_name\" content=\"Altea Cultural\" \/>\n<meta property=\"article:modified_time\" content=\"2024-06-12T19:11:29+00:00\" \/>\n<meta property=\"og:image\" content=\"https:\/\/www.alteacultural.com\/wp-content\/uploads\/2021\/09\/librosdiadic.jpg\" \/>\n\t<meta property=\"og:image:width\" content=\"2048\" \/>\n\t<meta property=\"og:image:height\" content=\"758\" \/>\n\t<meta property=\"og:image:type\" content=\"image\/jpeg\" \/>\n<meta name=\"twitter:card\" content=\"summary_large_image\" \/>\n<meta name=\"twitter:label1\" content=\"Tiempo de lectura\" \/>\n\t<meta name=\"twitter:data1\" content=\"1 minuto\" \/>\n<script type=\"application\/ld+json\" class=\"yoast-schema-graph\">{\"@context\":\"https:\/\/schema.org\",\"@graph\":[{\"@type\":\"WebPage\",\"@id\":\"https:\/\/www.alteacultural.com\/es\/events\/doble-presentacion-aire-y-el-bosc-de-les-ombres-altea-llibres-a-la-tardor-2021\/\",\"url\":\"https:\/\/www.alteacultural.com\/es\/events\/doble-presentacion-aire-y-el-bosc-de-les-ombres-altea-llibres-a-la-tardor-2021\/\",\"name\":\"Doble presentaci\u00f3n: Aire y El bosc de les ombres - Altea, llibres a la tardor 2021 - Altea Cultural\",\"isPartOf\":{\"@id\":\"https:\/\/www.alteacultural.com\/es\/#website\"},\"primaryImageOfPage\":{\"@id\":\"https:\/\/www.alteacultural.com\/es\/events\/doble-presentacion-aire-y-el-bosc-de-les-ombres-altea-llibres-a-la-tardor-2021\/#primaryimage\"},\"image\":{\"@id\":\"https:\/\/www.alteacultural.com\/es\/events\/doble-presentacion-aire-y-el-bosc-de-les-ombres-altea-llibres-a-la-tardor-2021\/#primaryimage\"},\"thumbnailUrl\":\"https:\/\/www.alteacultural.com\/wp-content\/uploads\/2021\/09\/librosdiadic.jpg\",\"datePublished\":\"2021-09-15T11:15:12+00:00\",\"dateModified\":\"2024-06-12T19:11:29+00:00\",\"breadcrumb\":{\"@id\":\"https:\/\/www.alteacultural.com\/es\/events\/doble-presentacion-aire-y-el-bosc-de-les-ombres-altea-llibres-a-la-tardor-2021\/#breadcrumb\"},\"inLanguage\":\"es\",\"potentialAction\":[{\"@type\":\"ReadAction\",\"target\":[\"https:\/\/www.alteacultural.com\/es\/events\/doble-presentacion-aire-y-el-bosc-de-les-ombres-altea-llibres-a-la-tardor-2021\/\"]}]},{\"@type\":\"ImageObject\",\"inLanguage\":\"es\",\"@id\":\"https:\/\/www.alteacultural.com\/es\/events\/doble-presentacion-aire-y-el-bosc-de-les-ombres-altea-llibres-a-la-tardor-2021\/#primaryimage\",\"url\":\"https:\/\/www.alteacultural.com\/wp-content\/uploads\/2021\/09\/librosdiadic.jpg\",\"contentUrl\":\"https:\/\/www.alteacultural.com\/wp-content\/uploads\/2021\/09\/librosdiadic.jpg\",\"width\":2048,\"height\":758},{\"@type\":\"BreadcrumbList\",\"@id\":\"https:\/\/www.alteacultural.com\/es\/events\/doble-presentacion-aire-y-el-bosc-de-les-ombres-altea-llibres-a-la-tardor-2021\/#breadcrumb\",\"itemListElement\":[{\"@type\":\"ListItem\",\"position\":1,\"name\":\"Inici\",\"item\":\"https:\/\/www.alteacultural.com\/es\/\"},{\"@type\":\"ListItem\",\"position\":2,\"name\":\"Eventos\",\"item\":\"https:\/\/www.alteacultural.com\/es\/events\/\"},{\"@type\":\"ListItem\",\"position\":3,\"name\":\"Doble presentaci\u00f3n: Aire y El bosc de les ombres &#8211; Altea, llibres a la tardor 2021\"}]},{\"@type\":\"WebSite\",\"@id\":\"https:\/\/www.alteacultural.com\/es\/#website\",\"url\":\"https:\/\/www.alteacultural.com\/es\/\",\"name\":\"Altea Cultural\",\"description\":\"Regidoria de Cultura de l&#039;Ajuntament d&#039;Altea\",\"potentialAction\":[{\"@type\":\"SearchAction\",\"target\":{\"@type\":\"EntryPoint\",\"urlTemplate\":\"https:\/\/www.alteacultural.com\/es\/?s={search_term_string}\"},\"query-input\":\"required name=search_term_string\"}],\"inLanguage\":\"es\"}]}<\/script>\n<!-- \/ Yoast SEO plugin. -->","yoast_head_json":{"title":"Doble presentaci\u00f3n: Aire y El bosc de les ombres - Altea, llibres a la tardor 2021 - Altea Cultural","robots":{"index":"index","follow":"follow","max-snippet":"max-snippet:-1","max-image-preview":"max-image-preview:large","max-video-preview":"max-video-preview:-1"},"canonical":"https:\/\/www.alteacultural.com\/es\/events\/doble-presentacion-aire-y-el-bosc-de-les-ombres-altea-llibres-a-la-tardor-2021\/","og_locale":"es_ES","og_type":"article","og_title":"Doble presentaci\u00f3n: Aire y El bosc de les ombres - Altea, llibres a la tardor 2021 - Altea Cultural","og_description":"Acte en valenci\u00e0 2 de desembre | 20.30 h | Casa de Cultura Altea Atenci\u00f3:\u00a0Aquest acte \u00e9s finalment a [&hellip;]","og_url":"https:\/\/www.alteacultural.com\/es\/events\/doble-presentacion-aire-y-el-bosc-de-les-ombres-altea-llibres-a-la-tardor-2021\/","og_site_name":"Altea Cultural","article_modified_time":"2024-06-12T19:11:29+00:00","og_image":[{"width":2048,"height":758,"url":"https:\/\/www.alteacultural.com\/wp-content\/uploads\/2021\/09\/librosdiadic.jpg","type":"image\/jpeg"}],"twitter_card":"summary_large_image","twitter_misc":{"Tiempo de lectura":"1 minuto"},"schema":{"@context":"https:\/\/schema.org","@graph":[{"@type":"WebPage","@id":"https:\/\/www.alteacultural.com\/es\/events\/doble-presentacion-aire-y-el-bosc-de-les-ombres-altea-llibres-a-la-tardor-2021\/","url":"https:\/\/www.alteacultural.com\/es\/events\/doble-presentacion-aire-y-el-bosc-de-les-ombres-altea-llibres-a-la-tardor-2021\/","name":"Doble presentaci\u00f3n: Aire y El bosc de les ombres - Altea, llibres a la tardor 2021 - Altea Cultural","isPartOf":{"@id":"https:\/\/www.alteacultural.com\/es\/#website"},"primaryImageOfPage":{"@id":"https:\/\/www.alteacultural.com\/es\/events\/doble-presentacion-aire-y-el-bosc-de-les-ombres-altea-llibres-a-la-tardor-2021\/#primaryimage"},"image":{"@id":"https:\/\/www.alteacultural.com\/es\/events\/doble-presentacion-aire-y-el-bosc-de-les-ombres-altea-llibres-a-la-tardor-2021\/#primaryimage"},"thumbnailUrl":"https:\/\/www.alteacultural.com\/wp-content\/uploads\/2021\/09\/librosdiadic.jpg","datePublished":"2021-09-15T11:15:12+00:00","dateModified":"2024-06-12T19:11:29+00:00","breadcrumb":{"@id":"https:\/\/www.alteacultural.com\/es\/events\/doble-presentacion-aire-y-el-bosc-de-les-ombres-altea-llibres-a-la-tardor-2021\/#breadcrumb"},"inLanguage":"es","potentialAction":[{"@type":"ReadAction","target":["https:\/\/www.alteacultural.com\/es\/events\/doble-presentacion-aire-y-el-bosc-de-les-ombres-altea-llibres-a-la-tardor-2021\/"]}]},{"@type":"ImageObject","inLanguage":"es","@id":"https:\/\/www.alteacultural.com\/es\/events\/doble-presentacion-aire-y-el-bosc-de-les-ombres-altea-llibres-a-la-tardor-2021\/#primaryimage","url":"https:\/\/www.alteacultural.com\/wp-content\/uploads\/2021\/09\/librosdiadic.jpg","contentUrl":"https:\/\/www.alteacultural.com\/wp-content\/uploads\/2021\/09\/librosdiadic.jpg","width":2048,"height":758},{"@type":"BreadcrumbList","@id":"https:\/\/www.alteacultural.com\/es\/events\/doble-presentacion-aire-y-el-bosc-de-les-ombres-altea-llibres-a-la-tardor-2021\/#breadcrumb","itemListElement":[{"@type":"ListItem","position":1,"name":"Inici","item":"https:\/\/www.alteacultural.com\/es\/"},{"@type":"ListItem","position":2,"name":"Eventos","item":"https:\/\/www.alteacultural.com\/es\/events\/"},{"@type":"ListItem","position":3,"name":"Doble presentaci\u00f3n: Aire y El bosc de les ombres &#8211; Altea, llibres a la tardor 2021"}]},{"@type":"WebSite","@id":"https:\/\/www.alteacultural.com\/es\/#website","url":"https:\/\/www.alteacultural.com\/es\/","name":"Altea Cultural","description":"Regidoria de Cultura de l&#039;Ajuntament d&#039;Altea","potentialAction":[{"@type":"SearchAction","target":{"@type":"EntryPoint","urlTemplate":"https:\/\/www.alteacultural.com\/es\/?s={search_term_string}"},"query-input":"required name=search_term_string"}],"inLanguage":"es"}]}},"mec_cost":"Entrada Libre","mec_date":{"start":{"date":"2021-12-02","hour":8,"minutes":"30","ampm":"PM"},"end":{"date":"2021-12-02","hour":9,"minutes":"30","ampm":"PM"},"comment":"","repeat":{"type":"daily","interval":"1","advanced":"","end":"never","end_at_date":"","end_at_occurrences":"10"}},"_links":{"self":[{"href":"https:\/\/www.alteacultural.com\/es\/wp-json\/wp\/v2\/mec-events\/12040"}],"collection":[{"href":"https:\/\/www.alteacultural.com\/es\/wp-json\/wp\/v2\/mec-events"}],"about":[{"href":"https:\/\/www.alteacultural.com\/es\/wp-json\/wp\/v2\/types\/mec-events"}],"author":[{"embeddable":true,"href":"https:\/\/www.alteacultural.com\/es\/wp-json\/wp\/v2\/users\/1"}],"replies":[{"embeddable":true,"href":"https:\/\/www.alteacultural.com\/es\/wp-json\/wp\/v2\/comments?post=12040"}],"wp:featuredmedia":[{"embeddable":true,"href":"https:\/\/www.alteacultural.com\/es\/wp-json\/wp\/v2\/media\/12730"}],"wp:attachment":[{"href":"https:\/\/www.alteacultural.com\/es\/wp-json\/wp\/v2\/media?parent=12040"}],"curies":[{"name":"wp","href":"https:\/\/api.w.org\/{rel}","templated":true}]}}