{"id":12742,"date":"2021-12-02T12:39:09","date_gmt":"2021-12-02T11:39:09","guid":{"rendered":"https:\/\/www.alteacultural.com\/?post_type=mec-events&#038;p=12742"},"modified":"2021-12-06T13:13:40","modified_gmt":"2021-12-06T12:13:40","slug":"concierto-de-ano-nuevo-orquestra-simfonica-belles-arts","status":"publish","type":"mec-events","link":"https:\/\/www.alteacultural.com\/es\/events\/concierto-de-ano-nuevo-orquestra-simfonica-belles-arts\/","title":{"rendered":"Concierto de A\u00f1o Nuevo | Orquestra Simf\u00f2nica Belles Arts"},"content":{"rendered":"<p><strong>S\u00e1bado, 1 de enero de 2022 | 19:00 horas | Palau Altea<\/strong><\/p>\n<p>Puede adquirir sus entrada online en el bot\u00f3n entradas o en la taquilla de la Casa de Cultura:<br \/>\nMartes y jueves: 10:00 a 14:00<br \/>\nJueves: 17:00 a 20:00<\/p>\n<p>&nbsp;<\/p>\n<p>La Orquestra Simf\u00f2nica Belles Arts est\u00e1 formada por prestigiosos m\u00fasicos de la Comunidad Valenciana con gran experiencia profesional, con el compromiso de ofrecer m\u00fasica de calidad junto a los mejores directores y solistas del panorama nacional e internacional.<\/p>\n<p>Esta Orquesta nace con dos objetivos fundamentales, el primero es la promoci\u00f3n de la cultura musical en la Comunidad Valenciana y, el segundo\u00a0 la\u00a0 ilusi\u00f3n de ofrecer m\u00fasica en todos sus estilos, disfrutando con la interpretaci\u00f3n, nuestro mayor\u00a0 orgullo y\u00a0 acercar,\u00a0\u00a0 deleitar y\u00a0 hacer\u00a0 que nuestros espectadores disfruten.<\/p>\n<p>La versatilidad de sus componentes y la flexibilidad de la plantilla posibilitan su participaci\u00f3n en proyectos que comporten cualquier formaci\u00f3n instrumental.\u00a0 En su \u00faltimo proyecto, se introducen en el mundo del musical familiar, poniendo la banda sonora a\u00a0 la historia de Alicia en el Pa\u00eds de las Maravillas.<\/p>\n<p>L\u2019Orquestra Simf\u00f2nica Belles Arts, han participado en la \u00f3pera rock \u201cJesucristo Superstar\u201d (con Leo Jim\u00e9nez como protagonista), y en musicales de gran \u00e9xito como \u201cAlad\u00edn\u201d, \u201cEl Mago de Oz\u201d, \u201cPeter Pan, una aventura musical\u201d, \u201cGarfio, el regreso de Peter Pan\u201d, \u201cLa Cenicienta\u201d, \u201cBlancanieves\u201d, \u201cEl Gato con Botas\u201d, \u201cEl Principito\u201d,\u00a0 y m\u00e1s recientemente \u201cAlicia en el Pa\u00eds de las Maravillas\u201den el Palau de les Arts de Valencia, entre muchos otros, tambi\u00e9n a participado en obras teatrales como \u201cla Cotorra del Mercat\u201d.<\/p>\n<p>Anteriormente, y bajo el ep\u00edgrafe Orquesta Sinf\u00f3nica del Mediterr\u00e1neo, ha actuado junto a Miguel Bos\u00e9 en sus conciertos de la Gira \u201cPor vos muero\u201d en el festival Ecl\u00e8ctic de Valencia y en l\u2019Empuria Brava (Girona).<\/p>\n<p>En 2002, junto a Vicente Amigo y Miguel Bos\u00e9, actu\u00f3 en el homenaje a Rafael Alberti \u201cPoeta\u201d en el Festival de Pedraza. Este concierto se repiti\u00f3 posteriormente en Valencia y en el festival Nits al Castell de X\u00e0tiva.<\/p>\n<p>Bajo el nombre de Orquesta Sinf\u00f3nica del Mediterr\u00e1neo, esta misma formaci\u00f3n, ha interpretado t\u00edtulos l\u00edricos como Las Bodas de F\u00edgaro, Don Pasquale, La Serva Padrona, Los Cuentos de Hoffmann, Madame Butterfy, Suor Angelica, Gianni Schicchi, La Son\u00e1mbula, Lucrezia Borgia, El Barbero de Sevilla, la Cenerentola, Luna, Don Giovanni, Don Pasquale, Cos\u00ed fan Tutte.<\/p>\n<p>En cuanto al g\u00e9nero zarzuel\u00edstico destacan La Dolorosa, La Reina Mora, La Tabernera del Puerto, La Revoltosa, El Amor en Solfa, La Verbena de la Paloma, La canci\u00f3n del Olvido, El Rey que Rabi\u00f3, La del manojo de rosas.<\/p>\n<p>En el campo de la m\u00fasica sacra, son importantes sus interpretaciones de t\u00edtulos como Stabat Mater de Pergolesi, Stabat Mater de Rossini, El Mesias de Haendel, Te Deum de Charpentier, Misa en Do Mayor de la Coronaci\u00f3n de Mozart,\u00a0 Missa Brevis de Haydn, etc\u2026<\/p>\n<p>En lo referente a su labor pedag\u00f3gica, se\u00f1alar, entre otros muchos, la \u00f3pera Basti\u00e1n y Bastiana, La Flauta M\u00e1gica, Yo, Mozart, La Boutique Fantasque, As\u00ed suena el cine, Hansel y Gretel, El Barbero de Sevilla, Con\u00e8ix mes a Bernstein, As\u00ed suena John Williams, Piccolo Saxo y Compa\u00f1\u00eda.<\/p>\n<p>La orquesta ha tocado bajo la batuta de Enrique Garc\u00eda Asensio, Walter Weller, Julian Reynolds, Joan Albert Amargos, Kamal Khan, Klaus Sallmann, Jos\u00e9 Fabra, Rub\u00e9n Diez, Jos\u00e9 Vte. Ram\u00f3n Segarra, Juan Antonio Ram\u00edrez, entre otros.<\/p>\n<p>Entre los artistas a los que ha acompa\u00f1ado destacan, adem\u00e1s de los ya mencionados, el Ballet Nacional de Cuba, el Orfe\u00f3n Donostiarra, A\u00edda G\u00f3mez, Montserrat Caball\u00e9, Pl\u00e1cido Domingo, Ainhoa Arteta, Teresa Berganza, Ana Mar\u00eda S\u00e1nchez o\u00a0 Agn\u00e9s Baltza.<\/p>\n<p>Los conciertos de navidad y a\u00f1o nuevo, con programas de Valses y Polkas vienen siendo un cl\u00e1sico de la Orquesta, haciendo conciertos por reconocidos Auditorios de la Comunidad.<\/p>\n<p>l\u2019Orquestra Simf\u00f2nica Belles Arts ha acompa\u00f1ado a Raphael en su anterior\u00a0 gira \u201cRaphael Sinph\u00f3nico\u201d y ahora en su gira\u00a0 \u201cRaphael Resimph\u00f3nico\u201d en el Palau de les Arts y\u00a0 la Plaza de Toros\u00a0 de Valencia,\u00a0 Plaza Toros Alicante y Pabell\u00f3n Principe Felipe de Zaragoza.<\/p>\n<p>&nbsp;<\/p>\n<p><img fetchpriority=\"high\" decoding=\"async\" class=\"aligncenter wp-image-12745 size-full\" src=\"https:\/\/www.alteacultural.com\/wp-content\/uploads\/2021\/12\/concierto2022.jpg\" alt=\"\" width=\"400\" height=\"600\" \/><\/p>\n","protected":false},"excerpt":{"rendered":"<p>S\u00e1bado, 1 de enero de 2022 | 19:00 horas | Palau Altea Puede adquirir sus entrada online en el [&hellip;]<\/p>\n","protected":false},"author":1,"featured_media":12743,"comment_status":"open","ping_status":"closed","template":"","meta":{"_expiration-date-status":"saved","_expiration-date":0,"_expiration-date-type":"","_expiration-date-categories":[],"_expiration-date-options":[]},"yoast_head":"<!-- This site is optimized with the Yoast SEO plugin v22.8 - https:\/\/yoast.com\/wordpress\/plugins\/seo\/ -->\n<title>Concierto de A\u00f1o Nuevo | Orquestra Simf\u00f2nica Belles Arts - Altea Cultural<\/title>\n<meta name=\"robots\" content=\"index, follow, max-snippet:-1, max-image-preview:large, max-video-preview:-1\" \/>\n<link rel=\"canonical\" href=\"https:\/\/www.alteacultural.com\/es\/events\/concierto-de-ano-nuevo-orquestra-simfonica-belles-arts\/\" \/>\n<meta property=\"og:locale\" content=\"es_ES\" \/>\n<meta property=\"og:type\" content=\"article\" \/>\n<meta property=\"og:title\" content=\"Concierto de A\u00f1o Nuevo | Orquestra Simf\u00f2nica Belles Arts - Altea Cultural\" \/>\n<meta property=\"og:description\" content=\"S\u00e1bado, 1 de enero de 2022 | 19:00 horas | Palau Altea Puede adquirir sus entrada online en el [&hellip;]\" \/>\n<meta property=\"og:url\" content=\"https:\/\/www.alteacultural.com\/es\/events\/concierto-de-ano-nuevo-orquestra-simfonica-belles-arts\/\" \/>\n<meta property=\"og:site_name\" content=\"Altea Cultural\" \/>\n<meta property=\"article:modified_time\" content=\"2021-12-06T12:13:40+00:00\" \/>\n<meta property=\"og:image\" content=\"https:\/\/www.alteacultural.com\/wp-content\/uploads\/2021\/12\/orquestabell.jpg\" \/>\n\t<meta property=\"og:image:width\" content=\"1360\" \/>\n\t<meta property=\"og:image:height\" content=\"910\" \/>\n\t<meta property=\"og:image:type\" content=\"image\/jpeg\" \/>\n<meta name=\"twitter:card\" content=\"summary_large_image\" \/>\n<meta name=\"twitter:label1\" content=\"Tiempo de lectura\" \/>\n\t<meta name=\"twitter:data1\" content=\"4 minutos\" \/>\n<script type=\"application\/ld+json\" class=\"yoast-schema-graph\">{\"@context\":\"https:\/\/schema.org\",\"@graph\":[{\"@type\":\"WebPage\",\"@id\":\"https:\/\/www.alteacultural.com\/es\/events\/concierto-de-ano-nuevo-orquestra-simfonica-belles-arts\/\",\"url\":\"https:\/\/www.alteacultural.com\/es\/events\/concierto-de-ano-nuevo-orquestra-simfonica-belles-arts\/\",\"name\":\"Concierto de A\u00f1o Nuevo | Orquestra Simf\u00f2nica Belles Arts - Altea Cultural\",\"isPartOf\":{\"@id\":\"https:\/\/www.alteacultural.com\/es\/#website\"},\"primaryImageOfPage\":{\"@id\":\"https:\/\/www.alteacultural.com\/es\/events\/concierto-de-ano-nuevo-orquestra-simfonica-belles-arts\/#primaryimage\"},\"image\":{\"@id\":\"https:\/\/www.alteacultural.com\/es\/events\/concierto-de-ano-nuevo-orquestra-simfonica-belles-arts\/#primaryimage\"},\"thumbnailUrl\":\"https:\/\/www.alteacultural.com\/wp-content\/uploads\/2021\/12\/orquestabell.jpg\",\"datePublished\":\"2021-12-02T11:39:09+00:00\",\"dateModified\":\"2021-12-06T12:13:40+00:00\",\"breadcrumb\":{\"@id\":\"https:\/\/www.alteacultural.com\/es\/events\/concierto-de-ano-nuevo-orquestra-simfonica-belles-arts\/#breadcrumb\"},\"inLanguage\":\"es\",\"potentialAction\":[{\"@type\":\"ReadAction\",\"target\":[\"https:\/\/www.alteacultural.com\/es\/events\/concierto-de-ano-nuevo-orquestra-simfonica-belles-arts\/\"]}]},{\"@type\":\"ImageObject\",\"inLanguage\":\"es\",\"@id\":\"https:\/\/www.alteacultural.com\/es\/events\/concierto-de-ano-nuevo-orquestra-simfonica-belles-arts\/#primaryimage\",\"url\":\"https:\/\/www.alteacultural.com\/wp-content\/uploads\/2021\/12\/orquestabell.jpg\",\"contentUrl\":\"https:\/\/www.alteacultural.com\/wp-content\/uploads\/2021\/12\/orquestabell.jpg\",\"width\":1360,\"height\":910},{\"@type\":\"BreadcrumbList\",\"@id\":\"https:\/\/www.alteacultural.com\/es\/events\/concierto-de-ano-nuevo-orquestra-simfonica-belles-arts\/#breadcrumb\",\"itemListElement\":[{\"@type\":\"ListItem\",\"position\":1,\"name\":\"Inici\",\"item\":\"https:\/\/www.alteacultural.com\/es\/\"},{\"@type\":\"ListItem\",\"position\":2,\"name\":\"Eventos\",\"item\":\"https:\/\/www.alteacultural.com\/es\/events\/\"},{\"@type\":\"ListItem\",\"position\":3,\"name\":\"Concierto de A\u00f1o Nuevo | Orquestra Simf\u00f2nica Belles Arts\"}]},{\"@type\":\"WebSite\",\"@id\":\"https:\/\/www.alteacultural.com\/es\/#website\",\"url\":\"https:\/\/www.alteacultural.com\/es\/\",\"name\":\"Altea Cultural\",\"description\":\"Regidoria de Cultura de l&#039;Ajuntament d&#039;Altea\",\"potentialAction\":[{\"@type\":\"SearchAction\",\"target\":{\"@type\":\"EntryPoint\",\"urlTemplate\":\"https:\/\/www.alteacultural.com\/es\/?s={search_term_string}\"},\"query-input\":\"required name=search_term_string\"}],\"inLanguage\":\"es\"}]}<\/script>\n<!-- \/ Yoast SEO plugin. -->","yoast_head_json":{"title":"Concierto de A\u00f1o Nuevo | Orquestra Simf\u00f2nica Belles Arts - Altea Cultural","robots":{"index":"index","follow":"follow","max-snippet":"max-snippet:-1","max-image-preview":"max-image-preview:large","max-video-preview":"max-video-preview:-1"},"canonical":"https:\/\/www.alteacultural.com\/es\/events\/concierto-de-ano-nuevo-orquestra-simfonica-belles-arts\/","og_locale":"es_ES","og_type":"article","og_title":"Concierto de A\u00f1o Nuevo | Orquestra Simf\u00f2nica Belles Arts - Altea Cultural","og_description":"S\u00e1bado, 1 de enero de 2022 | 19:00 horas | Palau Altea Puede adquirir sus entrada online en el [&hellip;]","og_url":"https:\/\/www.alteacultural.com\/es\/events\/concierto-de-ano-nuevo-orquestra-simfonica-belles-arts\/","og_site_name":"Altea Cultural","article_modified_time":"2021-12-06T12:13:40+00:00","og_image":[{"width":1360,"height":910,"url":"https:\/\/www.alteacultural.com\/wp-content\/uploads\/2021\/12\/orquestabell.jpg","type":"image\/jpeg"}],"twitter_card":"summary_large_image","twitter_misc":{"Tiempo de lectura":"4 minutos"},"schema":{"@context":"https:\/\/schema.org","@graph":[{"@type":"WebPage","@id":"https:\/\/www.alteacultural.com\/es\/events\/concierto-de-ano-nuevo-orquestra-simfonica-belles-arts\/","url":"https:\/\/www.alteacultural.com\/es\/events\/concierto-de-ano-nuevo-orquestra-simfonica-belles-arts\/","name":"Concierto de A\u00f1o Nuevo | Orquestra Simf\u00f2nica Belles Arts - Altea Cultural","isPartOf":{"@id":"https:\/\/www.alteacultural.com\/es\/#website"},"primaryImageOfPage":{"@id":"https:\/\/www.alteacultural.com\/es\/events\/concierto-de-ano-nuevo-orquestra-simfonica-belles-arts\/#primaryimage"},"image":{"@id":"https:\/\/www.alteacultural.com\/es\/events\/concierto-de-ano-nuevo-orquestra-simfonica-belles-arts\/#primaryimage"},"thumbnailUrl":"https:\/\/www.alteacultural.com\/wp-content\/uploads\/2021\/12\/orquestabell.jpg","datePublished":"2021-12-02T11:39:09+00:00","dateModified":"2021-12-06T12:13:40+00:00","breadcrumb":{"@id":"https:\/\/www.alteacultural.com\/es\/events\/concierto-de-ano-nuevo-orquestra-simfonica-belles-arts\/#breadcrumb"},"inLanguage":"es","potentialAction":[{"@type":"ReadAction","target":["https:\/\/www.alteacultural.com\/es\/events\/concierto-de-ano-nuevo-orquestra-simfonica-belles-arts\/"]}]},{"@type":"ImageObject","inLanguage":"es","@id":"https:\/\/www.alteacultural.com\/es\/events\/concierto-de-ano-nuevo-orquestra-simfonica-belles-arts\/#primaryimage","url":"https:\/\/www.alteacultural.com\/wp-content\/uploads\/2021\/12\/orquestabell.jpg","contentUrl":"https:\/\/www.alteacultural.com\/wp-content\/uploads\/2021\/12\/orquestabell.jpg","width":1360,"height":910},{"@type":"BreadcrumbList","@id":"https:\/\/www.alteacultural.com\/es\/events\/concierto-de-ano-nuevo-orquestra-simfonica-belles-arts\/#breadcrumb","itemListElement":[{"@type":"ListItem","position":1,"name":"Inici","item":"https:\/\/www.alteacultural.com\/es\/"},{"@type":"ListItem","position":2,"name":"Eventos","item":"https:\/\/www.alteacultural.com\/es\/events\/"},{"@type":"ListItem","position":3,"name":"Concierto de A\u00f1o Nuevo | Orquestra Simf\u00f2nica Belles Arts"}]},{"@type":"WebSite","@id":"https:\/\/www.alteacultural.com\/es\/#website","url":"https:\/\/www.alteacultural.com\/es\/","name":"Altea Cultural","description":"Regidoria de Cultura de l&#039;Ajuntament d&#039;Altea","potentialAction":[{"@type":"SearchAction","target":{"@type":"EntryPoint","urlTemplate":"https:\/\/www.alteacultural.com\/es\/?s={search_term_string}"},"query-input":"required name=search_term_string"}],"inLanguage":"es"}]}},"mec_cost":"20\u20ac","mec_date":{"start":{"date":"2022-01-01","hour":7,"minutes":"0","ampm":"PM"},"end":{"date":"2022-01-01","hour":9,"minutes":"0","ampm":"PM"},"comment":"","repeat":{"type":"daily","interval":"1","advanced":"","end":"never","end_at_date":"","end_at_occurrences":"10"}},"_links":{"self":[{"href":"https:\/\/www.alteacultural.com\/es\/wp-json\/wp\/v2\/mec-events\/12742"}],"collection":[{"href":"https:\/\/www.alteacultural.com\/es\/wp-json\/wp\/v2\/mec-events"}],"about":[{"href":"https:\/\/www.alteacultural.com\/es\/wp-json\/wp\/v2\/types\/mec-events"}],"author":[{"embeddable":true,"href":"https:\/\/www.alteacultural.com\/es\/wp-json\/wp\/v2\/users\/1"}],"replies":[{"embeddable":true,"href":"https:\/\/www.alteacultural.com\/es\/wp-json\/wp\/v2\/comments?post=12742"}],"wp:featuredmedia":[{"embeddable":true,"href":"https:\/\/www.alteacultural.com\/es\/wp-json\/wp\/v2\/media\/12743"}],"wp:attachment":[{"href":"https:\/\/www.alteacultural.com\/es\/wp-json\/wp\/v2\/media?parent=12742"}],"curies":[{"name":"wp","href":"https:\/\/api.w.org\/{rel}","templated":true}]}}