{"id":12767,"date":"2021-12-06T13:31:11","date_gmt":"2021-12-06T12:31:11","guid":{"rendered":"https:\/\/www.alteacultural.com\/events\/nadal-a-altea-2021\/"},"modified":"2022-04-12T15:00:32","modified_gmt":"2022-04-12T13:00:32","slug":"nadal-a-altea-2021","status":"publish","type":"mec-events","link":"https:\/\/www.alteacultural.com\/es\/events\/nadal-a-altea-2021\/","title":{"rendered":"Navidad en Altea &#8211; 2021"},"content":{"rendered":"<p class=\"selectionShareable\">El ambiente navide\u00f1o dar\u00e1 el pistoletazo de salida el viernes 3 de diciembre con el encendido del alumbrado decorativo de las principales calles de Altea y Altea la Vella. A las 18 horas en la Plaza del Ayuntamiento, se inaugurar\u00e1 el Mercadillo de Navidad con la actuaci\u00f3n de los alumnos de ESMUALTEA y merienda para todos los asistentes. El mercado se mantendr\u00e1 en la plaza hasta el d\u00eda 5. Coincidiendo con este, el d\u00eda 4 a las 13 horas se ofrecer\u00e1 un concierto de villancicos.<\/p>\n<p class=\"selectionShareable\">El d\u00eda 11, de 15:30 a 18:30 horas, la Plaza del Ayuntamiento se transformar\u00e1 en un parque de ocio para todas las edades con juegos de feria, pista de psicomotricidad, animaci\u00f3n, gincana y photocall. Al acabar, se representar\u00e1 la obra teatral \u201cLa magia de la navidad\u201d.<\/p>\n<p class=\"selectionShareable\">Tambi\u00e9n para los peque\u00f1os de cada casa, en la Plaza de la Cruz se instalaran juegos de feria y photocall. Un taller de burbujas y animaci\u00f3n con personajes famosos de la televisi\u00f3n completar\u00e1n la agenda del d\u00eda. Adem\u00e1s, durante la ma\u00f1ana de los d\u00edas 22, 23 y 24 de diciembre, Pap\u00e1 Noel tiene una cita en la Plaza del Ayuntamiento con los ni\u00f1os y ni\u00f1as para transmitirle sus deseos.<\/p>\n<p class=\"selectionShareable\">Para cerrar el 2021, el 31 de diciembre se celebrar\u00e1 la Nochevieja en las plazas de la iglesia de Altea y Altea la Vella. All\u00ed se repartir\u00e1n entre los asistentes las uvas de la suerte, cotill\u00f3n y cava para brindar.\u00a0Pasadas las\u00a0campanadas, DJ har\u00e1n festiva la entrada del 2022 en las dos localizaciones.<\/p>\n<p class=\"selectionShareable\">Ya calentando para la venida de Reyes Magos, \u201cla burreta\u201d real recoger\u00e1 las cartas que despu\u00e9s se entregar\u00e1n a Sus Majestades. Ser\u00e1 el 3 de enero a las 17 horas en la Plaza de la Cruz y el d\u00eda 4 a la misma hora en la Plaza de la Iglesia de Altea la Vella.<\/p>\n<p class=\"selectionShareable\">Finalmente, Melchor, Gaspar y Baltasar har\u00e1n su llegada con la espectacular Cabalgata de Reyes desde la plaza Orquesta Azul el d\u00eda 5 de diciembre a las 18 horas hasta la Plaza de los Deportes. El d\u00eda 6 a las 11 horas, visitar\u00e1n Altea la Vella. Desde el parking del Centro Cultural har\u00e1n el tradicional recorrido y volver\u00e1n a su punto de salida.<\/p>\n<p>&nbsp;<\/p>\n<p><img fetchpriority=\"high\" decoding=\"async\" class=\"wp-image-12765 aligncenter\" src=\"https:\/\/www.alteacultural.com\/wp-content\/uploads\/2021\/12\/web-Nadal-a-Altea_2021.jpg\" alt=\"\" width=\"750\" height=\"1002\" srcset=\"https:\/\/www.alteacultural.com\/wp-content\/uploads\/2021\/12\/web-Nadal-a-Altea_2021.jpg 800w, https:\/\/www.alteacultural.com\/wp-content\/uploads\/2021\/12\/web-Nadal-a-Altea_2021-768x1026.jpg 768w\" sizes=\"(max-width: 750px) 100vw, 750px\" \/><\/p>\n<p>&nbsp;<\/p>\n<p>&nbsp;<\/p>\n<p>&nbsp;<\/p>\n<p style=\"text-align: center;\"><a href=\"http:\/\/www.alteacultural.com\/tag\/nadal-a-altea-es\/\">M\u00c1S PROGRAMACI\u00d3N DE <strong>NAVIDAD<\/strong>:<br \/>\n<\/a><a href=\"http:\/\/www.alteacultural.com\/tag\/nadal-a-altea-es\/\"><img decoding=\"async\" class=\"aligncenter wp-image-12759 lazyload\" data-src=\"https:\/\/www.alteacultural.com\/wp-content\/uploads\/2021\/12\/ElNadalAAltea-01.jpg\" alt=\"\" width=\"330\" height=\"110\" src=\"data:image\/gif;base64,R0lGODlhAQABAAAAACH5BAEKAAEALAAAAAABAAEAAAICTAEAOw==\" style=\"--smush-placeholder-width: 330px; --smush-placeholder-aspect-ratio: 330\/110;\" \/><\/a><\/p>\n<p style=\"text-align: center;\">\n","protected":false},"excerpt":{"rendered":"<p>El ambiente navide\u00f1o dar\u00e1 el pistoletazo de salida el viernes 3 de diciembre con el encendido del alumbrado decorativo [&hellip;]<\/p>\n","protected":false},"author":1,"featured_media":12764,"comment_status":"open","ping_status":"closed","template":"","meta":{"_expiration-date-status":"","_expiration-date":0,"_expiration-date-type":"","_expiration-date-categories":[],"_expiration-date-options":[]},"yoast_head":"<!-- This site is optimized with the Yoast SEO plugin v22.8 - https:\/\/yoast.com\/wordpress\/plugins\/seo\/ -->\n<title>Navidad en Altea - 2021 - Altea Cultural<\/title>\n<meta name=\"robots\" content=\"index, follow, max-snippet:-1, max-image-preview:large, max-video-preview:-1\" \/>\n<link rel=\"canonical\" href=\"https:\/\/www.alteacultural.com\/es\/events\/nadal-a-altea-2021\/\" \/>\n<meta property=\"og:locale\" content=\"es_ES\" \/>\n<meta property=\"og:type\" content=\"article\" \/>\n<meta property=\"og:title\" content=\"Navidad en Altea - 2021 - Altea Cultural\" \/>\n<meta property=\"og:description\" content=\"El ambiente navide\u00f1o dar\u00e1 el pistoletazo de salida el viernes 3 de diciembre con el encendido del alumbrado decorativo [&hellip;]\" \/>\n<meta property=\"og:url\" content=\"https:\/\/www.alteacultural.com\/es\/events\/nadal-a-altea-2021\/\" \/>\n<meta property=\"og:site_name\" content=\"Altea Cultural\" \/>\n<meta property=\"article:modified_time\" content=\"2022-04-12T13:00:32+00:00\" \/>\n<meta property=\"og:image\" content=\"https:\/\/www.alteacultural.com\/wp-content\/uploads\/2021\/12\/web-Nadal-a-Altea_2021_banner.jpg\" \/>\n\t<meta property=\"og:image:width\" content=\"800\" \/>\n\t<meta property=\"og:image:height\" content=\"283\" \/>\n\t<meta property=\"og:image:type\" content=\"image\/jpeg\" \/>\n<meta name=\"twitter:card\" content=\"summary_large_image\" \/>\n<meta name=\"twitter:label1\" content=\"Tiempo de lectura\" \/>\n\t<meta name=\"twitter:data1\" content=\"3 minutos\" \/>\n<script type=\"application\/ld+json\" class=\"yoast-schema-graph\">{\"@context\":\"https:\/\/schema.org\",\"@graph\":[{\"@type\":\"WebPage\",\"@id\":\"https:\/\/www.alteacultural.com\/es\/events\/nadal-a-altea-2021\/\",\"url\":\"https:\/\/www.alteacultural.com\/es\/events\/nadal-a-altea-2021\/\",\"name\":\"Navidad en Altea - 2021 - Altea Cultural\",\"isPartOf\":{\"@id\":\"https:\/\/www.alteacultural.com\/es\/#website\"},\"primaryImageOfPage\":{\"@id\":\"https:\/\/www.alteacultural.com\/es\/events\/nadal-a-altea-2021\/#primaryimage\"},\"image\":{\"@id\":\"https:\/\/www.alteacultural.com\/es\/events\/nadal-a-altea-2021\/#primaryimage\"},\"thumbnailUrl\":\"https:\/\/www.alteacultural.com\/wp-content\/uploads\/2021\/12\/web-Nadal-a-Altea_2021_banner.jpg\",\"datePublished\":\"2021-12-06T12:31:11+00:00\",\"dateModified\":\"2022-04-12T13:00:32+00:00\",\"breadcrumb\":{\"@id\":\"https:\/\/www.alteacultural.com\/es\/events\/nadal-a-altea-2021\/#breadcrumb\"},\"inLanguage\":\"es\",\"potentialAction\":[{\"@type\":\"ReadAction\",\"target\":[\"https:\/\/www.alteacultural.com\/es\/events\/nadal-a-altea-2021\/\"]}]},{\"@type\":\"ImageObject\",\"inLanguage\":\"es\",\"@id\":\"https:\/\/www.alteacultural.com\/es\/events\/nadal-a-altea-2021\/#primaryimage\",\"url\":\"https:\/\/www.alteacultural.com\/wp-content\/uploads\/2021\/12\/web-Nadal-a-Altea_2021_banner.jpg\",\"contentUrl\":\"https:\/\/www.alteacultural.com\/wp-content\/uploads\/2021\/12\/web-Nadal-a-Altea_2021_banner.jpg\",\"width\":800,\"height\":283},{\"@type\":\"BreadcrumbList\",\"@id\":\"https:\/\/www.alteacultural.com\/es\/events\/nadal-a-altea-2021\/#breadcrumb\",\"itemListElement\":[{\"@type\":\"ListItem\",\"position\":1,\"name\":\"Inici\",\"item\":\"https:\/\/www.alteacultural.com\/es\/\"},{\"@type\":\"ListItem\",\"position\":2,\"name\":\"Eventos\",\"item\":\"https:\/\/www.alteacultural.com\/es\/events\/\"},{\"@type\":\"ListItem\",\"position\":3,\"name\":\"Navidad en Altea &#8211; 2021\"}]},{\"@type\":\"WebSite\",\"@id\":\"https:\/\/www.alteacultural.com\/es\/#website\",\"url\":\"https:\/\/www.alteacultural.com\/es\/\",\"name\":\"Altea Cultural\",\"description\":\"Regidoria de Cultura de l&#039;Ajuntament d&#039;Altea\",\"potentialAction\":[{\"@type\":\"SearchAction\",\"target\":{\"@type\":\"EntryPoint\",\"urlTemplate\":\"https:\/\/www.alteacultural.com\/es\/?s={search_term_string}\"},\"query-input\":\"required name=search_term_string\"}],\"inLanguage\":\"es\"}]}<\/script>\n<!-- \/ Yoast SEO plugin. -->","yoast_head_json":{"title":"Navidad en Altea - 2021 - Altea Cultural","robots":{"index":"index","follow":"follow","max-snippet":"max-snippet:-1","max-image-preview":"max-image-preview:large","max-video-preview":"max-video-preview:-1"},"canonical":"https:\/\/www.alteacultural.com\/es\/events\/nadal-a-altea-2021\/","og_locale":"es_ES","og_type":"article","og_title":"Navidad en Altea - 2021 - Altea Cultural","og_description":"El ambiente navide\u00f1o dar\u00e1 el pistoletazo de salida el viernes 3 de diciembre con el encendido del alumbrado decorativo [&hellip;]","og_url":"https:\/\/www.alteacultural.com\/es\/events\/nadal-a-altea-2021\/","og_site_name":"Altea Cultural","article_modified_time":"2022-04-12T13:00:32+00:00","og_image":[{"width":800,"height":283,"url":"https:\/\/www.alteacultural.com\/wp-content\/uploads\/2021\/12\/web-Nadal-a-Altea_2021_banner.jpg","type":"image\/jpeg"}],"twitter_card":"summary_large_image","twitter_misc":{"Tiempo de lectura":"3 minutos"},"schema":{"@context":"https:\/\/schema.org","@graph":[{"@type":"WebPage","@id":"https:\/\/www.alteacultural.com\/es\/events\/nadal-a-altea-2021\/","url":"https:\/\/www.alteacultural.com\/es\/events\/nadal-a-altea-2021\/","name":"Navidad en Altea - 2021 - Altea Cultural","isPartOf":{"@id":"https:\/\/www.alteacultural.com\/es\/#website"},"primaryImageOfPage":{"@id":"https:\/\/www.alteacultural.com\/es\/events\/nadal-a-altea-2021\/#primaryimage"},"image":{"@id":"https:\/\/www.alteacultural.com\/es\/events\/nadal-a-altea-2021\/#primaryimage"},"thumbnailUrl":"https:\/\/www.alteacultural.com\/wp-content\/uploads\/2021\/12\/web-Nadal-a-Altea_2021_banner.jpg","datePublished":"2021-12-06T12:31:11+00:00","dateModified":"2022-04-12T13:00:32+00:00","breadcrumb":{"@id":"https:\/\/www.alteacultural.com\/es\/events\/nadal-a-altea-2021\/#breadcrumb"},"inLanguage":"es","potentialAction":[{"@type":"ReadAction","target":["https:\/\/www.alteacultural.com\/es\/events\/nadal-a-altea-2021\/"]}]},{"@type":"ImageObject","inLanguage":"es","@id":"https:\/\/www.alteacultural.com\/es\/events\/nadal-a-altea-2021\/#primaryimage","url":"https:\/\/www.alteacultural.com\/wp-content\/uploads\/2021\/12\/web-Nadal-a-Altea_2021_banner.jpg","contentUrl":"https:\/\/www.alteacultural.com\/wp-content\/uploads\/2021\/12\/web-Nadal-a-Altea_2021_banner.jpg","width":800,"height":283},{"@type":"BreadcrumbList","@id":"https:\/\/www.alteacultural.com\/es\/events\/nadal-a-altea-2021\/#breadcrumb","itemListElement":[{"@type":"ListItem","position":1,"name":"Inici","item":"https:\/\/www.alteacultural.com\/es\/"},{"@type":"ListItem","position":2,"name":"Eventos","item":"https:\/\/www.alteacultural.com\/es\/events\/"},{"@type":"ListItem","position":3,"name":"Navidad en Altea &#8211; 2021"}]},{"@type":"WebSite","@id":"https:\/\/www.alteacultural.com\/es\/#website","url":"https:\/\/www.alteacultural.com\/es\/","name":"Altea Cultural","description":"Regidoria de Cultura de l&#039;Ajuntament d&#039;Altea","potentialAction":[{"@type":"SearchAction","target":{"@type":"EntryPoint","urlTemplate":"https:\/\/www.alteacultural.com\/es\/?s={search_term_string}"},"query-input":"required name=search_term_string"}],"inLanguage":"es"}]}},"mec_cost":"","mec_date":{"start":{"date":"2021-12-03","hour":6,"minutes":"0","ampm":"PM"},"end":{"date":"2022-01-06","hour":"12","minutes":"0","ampm":"PM"},"comment":"","repeat":{"type":"daily","interval":"1","advanced":"","end":"never","end_at_date":"","end_at_occurrences":"10"}},"_links":{"self":[{"href":"https:\/\/www.alteacultural.com\/es\/wp-json\/wp\/v2\/mec-events\/12767"}],"collection":[{"href":"https:\/\/www.alteacultural.com\/es\/wp-json\/wp\/v2\/mec-events"}],"about":[{"href":"https:\/\/www.alteacultural.com\/es\/wp-json\/wp\/v2\/types\/mec-events"}],"author":[{"embeddable":true,"href":"https:\/\/www.alteacultural.com\/es\/wp-json\/wp\/v2\/users\/1"}],"replies":[{"embeddable":true,"href":"https:\/\/www.alteacultural.com\/es\/wp-json\/wp\/v2\/comments?post=12767"}],"wp:featuredmedia":[{"embeddable":true,"href":"https:\/\/www.alteacultural.com\/es\/wp-json\/wp\/v2\/media\/12764"}],"wp:attachment":[{"href":"https:\/\/www.alteacultural.com\/es\/wp-json\/wp\/v2\/media?parent=12767"}],"curies":[{"name":"wp","href":"https:\/\/api.w.org\/{rel}","templated":true}]}}