{"id":15760,"date":"2022-02-22T14:30:46","date_gmt":"2022-02-22T13:30:46","guid":{"rendered":"https:\/\/www.alteacultural.com\/events\/present-llibre-amira-altea-llibres-a-la-primavera-2022\/"},"modified":"2024-06-12T21:11:19","modified_gmt":"2024-06-12T19:11:19","slug":"present-llibre-amira-altea-llibres-a-la-primavera-2022","status":"publish","type":"mec-events","link":"https:\/\/www.alteacultural.com\/es\/events\/present-llibre-amira-altea-llibres-a-la-primavera-2022\/","title":{"rendered":"Present. llibre \u2018Amira\u2019 \u2013 Altea, llibres a la primavera 2022"},"content":{"rendered":"<p><em><strong>Acto en valenciano<\/strong><\/em><\/p>\n<p><strong>24 de febrer | 20 h | Casa de Cultura Altea<\/strong><\/p>\n<p>Presentaci\u00f3 del llibre:\u00a0<strong><em>Amira , l\u2019\u00faltima flor de la muntanya<\/em><\/strong> (novel\u00b7la hist\u00f2rica).<br \/>\nUn emocionant viatge al col\u00b7lapse andalus\u00ed de La Muntanya en temps del visir al-Azraq.<br \/>\nAmb la projecci\u00f3 de l&#8217;audiovisual \u00ab<strong>Desperta Di\u00e0nia<\/strong>\u00ab.<\/p>\n<p>Autor: Just I. Sell\u00e9s<\/p>\n<p>&nbsp;<\/p>\n<p>Sinopsi: Quan l&#8217;emir Zayyan lliur\u00e0 Val\u00e8ncia als infidels, la seua filla Amira fou empenyorada al rei Conqueridor. Des d&#8217;aquell malaurat dia Amira camin\u00e0 les m\u00e9s insospitades sendes de la m\u00e0 de la reina Violant, en primer lloc, i del metge Yahy\u00e0 ibn Yaqub al-Farr\u00e0, despr\u00e9s, amb el rumor de la guerra sempre present. Si la reina d&#8217;Arag\u00f3 deix\u00e0 una profunda empremta en la jove Amira, el mestre al-Farr\u00e0 esdevingu\u00e9 prompte un referent, la llum d&#8217;un far que il\u00b7luminaria totes les seues inquietuds i anhels. De la seua boca conegu\u00e9 els secrets i els rituals de la bot\u00e0nica m\u00e0gica, i junts aconseguiren desxifrar el misteri principal de l&#8217;alqu\u00edmia: l&#8217;extracci\u00f3 de l&#8217;esperit del vi. Despr\u00e9s de quinze anys de conflicte, la invasi\u00f3 feudal de La Muntanya els aboc\u00e0 a l&#8217;exili, per\u00f2 el dest\u00ed d&#8217;Amira l&#8217;esperava amagat en l&#8217;interior d&#8217;una cova per obrir-li les portes de l&#8217;infram\u00f3n i mostrar-li el cam\u00ed. De nou el col\u00b7lapse andalus\u00ed en els territoris de La Muntanya, el conflicte que mitjan segle XIII enfront\u00e0 les hosts de Jaume I amb els partidaris del visir al-Azraq, es convertix en l&#8217;escenari d&#8217;una novel\u00b7la que, en esta ocasi\u00f3, transcorrer\u00e0 trepidant de la m\u00e0 d&#8217;Amira. La seua hist\u00f2ria donar\u00e0 origen a una de les llegendes m\u00e9s antigues, fascinants i arrelades del nostre imaginari col\u00b7lectiu: el mite de les n\u00e0iades, de les dones d&#8217;aigua, de les encantades.<\/p>\n<p>&nbsp;<\/p>\n<p><img fetchpriority=\"high\" decoding=\"async\" class=\"wp-image-15756 aligncenter\" src=\"https:\/\/www.alteacultural.com\/wp-content\/uploads\/2022\/02\/LlibresPrimavera22CartellIndividual-3-01.jpg\" alt=\"\" width=\"750\" height=\"1060\" srcset=\"https:\/\/www.alteacultural.com\/wp-content\/uploads\/2022\/02\/LlibresPrimavera22CartellIndividual-3-01.jpg 1754w, https:\/\/www.alteacultural.com\/wp-content\/uploads\/2022\/02\/LlibresPrimavera22CartellIndividual-3-01-768x1086.jpg 768w, https:\/\/www.alteacultural.com\/wp-content\/uploads\/2022\/02\/LlibresPrimavera22CartellIndividual-3-01-1086x1536.jpg 1086w, https:\/\/www.alteacultural.com\/wp-content\/uploads\/2022\/02\/LlibresPrimavera22CartellIndividual-3-01-1448x2048.jpg 1448w\" sizes=\"(max-width: 750px) 100vw, 750px\" \/><\/p>\n","protected":false},"excerpt":{"rendered":"<p>Acto en valenciano 24 de febrer | 20 h | Casa de Cultura Altea Presentaci\u00f3 del llibre:\u00a0Amira , l\u2019\u00faltima [&hellip;]<\/p>\n","protected":false},"author":1,"featured_media":15759,"comment_status":"open","ping_status":"closed","template":"","meta":{"_expiration-date-status":"","_expiration-date":0,"_expiration-date-type":"","_expiration-date-categories":[],"_expiration-date-options":[]},"yoast_head":"<!-- This site is optimized with the Yoast SEO plugin v22.8 - https:\/\/yoast.com\/wordpress\/plugins\/seo\/ -->\n<title>Present. llibre \u2018Amira\u2019 \u2013 Altea, llibres a la primavera 2022 - Altea Cultural<\/title>\n<meta name=\"robots\" content=\"index, follow, max-snippet:-1, max-image-preview:large, max-video-preview:-1\" \/>\n<link rel=\"canonical\" href=\"https:\/\/www.alteacultural.com\/es\/events\/present-llibre-amira-altea-llibres-a-la-primavera-2022\/\" \/>\n<meta property=\"og:locale\" content=\"es_ES\" \/>\n<meta property=\"og:type\" content=\"article\" \/>\n<meta property=\"og:title\" content=\"Present. llibre \u2018Amira\u2019 \u2013 Altea, llibres a la primavera 2022 - Altea Cultural\" \/>\n<meta property=\"og:description\" content=\"Acto en valenciano 24 de febrer | 20 h | Casa de Cultura Altea Presentaci\u00f3 del llibre:\u00a0Amira , l\u2019\u00faltima [&hellip;]\" \/>\n<meta property=\"og:url\" content=\"https:\/\/www.alteacultural.com\/es\/events\/present-llibre-amira-altea-llibres-a-la-primavera-2022\/\" \/>\n<meta property=\"og:site_name\" content=\"Altea Cultural\" \/>\n<meta property=\"article:modified_time\" content=\"2024-06-12T19:11:19+00:00\" \/>\n<meta property=\"og:image\" content=\"https:\/\/www.alteacultural.com\/wp-content\/uploads\/2022\/02\/amirallibreprim.jpg\" \/>\n\t<meta property=\"og:image:width\" content=\"2048\" \/>\n\t<meta property=\"og:image:height\" content=\"779\" \/>\n\t<meta property=\"og:image:type\" content=\"image\/jpeg\" \/>\n<meta name=\"twitter:card\" content=\"summary_large_image\" \/>\n<meta name=\"twitter:label1\" content=\"Tiempo de lectura\" \/>\n\t<meta name=\"twitter:data1\" content=\"2 minutos\" \/>\n<script type=\"application\/ld+json\" class=\"yoast-schema-graph\">{\"@context\":\"https:\/\/schema.org\",\"@graph\":[{\"@type\":\"WebPage\",\"@id\":\"https:\/\/www.alteacultural.com\/es\/events\/present-llibre-amira-altea-llibres-a-la-primavera-2022\/\",\"url\":\"https:\/\/www.alteacultural.com\/es\/events\/present-llibre-amira-altea-llibres-a-la-primavera-2022\/\",\"name\":\"Present. llibre \u2018Amira\u2019 \u2013 Altea, llibres a la primavera 2022 - Altea Cultural\",\"isPartOf\":{\"@id\":\"https:\/\/www.alteacultural.com\/es\/#website\"},\"primaryImageOfPage\":{\"@id\":\"https:\/\/www.alteacultural.com\/es\/events\/present-llibre-amira-altea-llibres-a-la-primavera-2022\/#primaryimage\"},\"image\":{\"@id\":\"https:\/\/www.alteacultural.com\/es\/events\/present-llibre-amira-altea-llibres-a-la-primavera-2022\/#primaryimage\"},\"thumbnailUrl\":\"https:\/\/www.alteacultural.com\/wp-content\/uploads\/2022\/02\/amirallibreprim.jpg\",\"datePublished\":\"2022-02-22T13:30:46+00:00\",\"dateModified\":\"2024-06-12T19:11:19+00:00\",\"breadcrumb\":{\"@id\":\"https:\/\/www.alteacultural.com\/es\/events\/present-llibre-amira-altea-llibres-a-la-primavera-2022\/#breadcrumb\"},\"inLanguage\":\"es\",\"potentialAction\":[{\"@type\":\"ReadAction\",\"target\":[\"https:\/\/www.alteacultural.com\/es\/events\/present-llibre-amira-altea-llibres-a-la-primavera-2022\/\"]}]},{\"@type\":\"ImageObject\",\"inLanguage\":\"es\",\"@id\":\"https:\/\/www.alteacultural.com\/es\/events\/present-llibre-amira-altea-llibres-a-la-primavera-2022\/#primaryimage\",\"url\":\"https:\/\/www.alteacultural.com\/wp-content\/uploads\/2022\/02\/amirallibreprim.jpg\",\"contentUrl\":\"https:\/\/www.alteacultural.com\/wp-content\/uploads\/2022\/02\/amirallibreprim.jpg\",\"width\":2048,\"height\":779},{\"@type\":\"BreadcrumbList\",\"@id\":\"https:\/\/www.alteacultural.com\/es\/events\/present-llibre-amira-altea-llibres-a-la-primavera-2022\/#breadcrumb\",\"itemListElement\":[{\"@type\":\"ListItem\",\"position\":1,\"name\":\"Inici\",\"item\":\"https:\/\/www.alteacultural.com\/es\/\"},{\"@type\":\"ListItem\",\"position\":2,\"name\":\"Eventos\",\"item\":\"https:\/\/www.alteacultural.com\/es\/events\/\"},{\"@type\":\"ListItem\",\"position\":3,\"name\":\"Present. llibre \u2018Amira\u2019 \u2013 Altea, llibres a la primavera 2022\"}]},{\"@type\":\"WebSite\",\"@id\":\"https:\/\/www.alteacultural.com\/es\/#website\",\"url\":\"https:\/\/www.alteacultural.com\/es\/\",\"name\":\"Altea Cultural\",\"description\":\"Regidoria de Cultura de l&#039;Ajuntament d&#039;Altea\",\"potentialAction\":[{\"@type\":\"SearchAction\",\"target\":{\"@type\":\"EntryPoint\",\"urlTemplate\":\"https:\/\/www.alteacultural.com\/es\/?s={search_term_string}\"},\"query-input\":\"required name=search_term_string\"}],\"inLanguage\":\"es\"}]}<\/script>\n<!-- \/ Yoast SEO plugin. -->","yoast_head_json":{"title":"Present. llibre \u2018Amira\u2019 \u2013 Altea, llibres a la primavera 2022 - Altea Cultural","robots":{"index":"index","follow":"follow","max-snippet":"max-snippet:-1","max-image-preview":"max-image-preview:large","max-video-preview":"max-video-preview:-1"},"canonical":"https:\/\/www.alteacultural.com\/es\/events\/present-llibre-amira-altea-llibres-a-la-primavera-2022\/","og_locale":"es_ES","og_type":"article","og_title":"Present. llibre \u2018Amira\u2019 \u2013 Altea, llibres a la primavera 2022 - Altea Cultural","og_description":"Acto en valenciano 24 de febrer | 20 h | Casa de Cultura Altea Presentaci\u00f3 del llibre:\u00a0Amira , l\u2019\u00faltima [&hellip;]","og_url":"https:\/\/www.alteacultural.com\/es\/events\/present-llibre-amira-altea-llibres-a-la-primavera-2022\/","og_site_name":"Altea Cultural","article_modified_time":"2024-06-12T19:11:19+00:00","og_image":[{"width":2048,"height":779,"url":"https:\/\/www.alteacultural.com\/wp-content\/uploads\/2022\/02\/amirallibreprim.jpg","type":"image\/jpeg"}],"twitter_card":"summary_large_image","twitter_misc":{"Tiempo de lectura":"2 minutos"},"schema":{"@context":"https:\/\/schema.org","@graph":[{"@type":"WebPage","@id":"https:\/\/www.alteacultural.com\/es\/events\/present-llibre-amira-altea-llibres-a-la-primavera-2022\/","url":"https:\/\/www.alteacultural.com\/es\/events\/present-llibre-amira-altea-llibres-a-la-primavera-2022\/","name":"Present. llibre \u2018Amira\u2019 \u2013 Altea, llibres a la primavera 2022 - Altea Cultural","isPartOf":{"@id":"https:\/\/www.alteacultural.com\/es\/#website"},"primaryImageOfPage":{"@id":"https:\/\/www.alteacultural.com\/es\/events\/present-llibre-amira-altea-llibres-a-la-primavera-2022\/#primaryimage"},"image":{"@id":"https:\/\/www.alteacultural.com\/es\/events\/present-llibre-amira-altea-llibres-a-la-primavera-2022\/#primaryimage"},"thumbnailUrl":"https:\/\/www.alteacultural.com\/wp-content\/uploads\/2022\/02\/amirallibreprim.jpg","datePublished":"2022-02-22T13:30:46+00:00","dateModified":"2024-06-12T19:11:19+00:00","breadcrumb":{"@id":"https:\/\/www.alteacultural.com\/es\/events\/present-llibre-amira-altea-llibres-a-la-primavera-2022\/#breadcrumb"},"inLanguage":"es","potentialAction":[{"@type":"ReadAction","target":["https:\/\/www.alteacultural.com\/es\/events\/present-llibre-amira-altea-llibres-a-la-primavera-2022\/"]}]},{"@type":"ImageObject","inLanguage":"es","@id":"https:\/\/www.alteacultural.com\/es\/events\/present-llibre-amira-altea-llibres-a-la-primavera-2022\/#primaryimage","url":"https:\/\/www.alteacultural.com\/wp-content\/uploads\/2022\/02\/amirallibreprim.jpg","contentUrl":"https:\/\/www.alteacultural.com\/wp-content\/uploads\/2022\/02\/amirallibreprim.jpg","width":2048,"height":779},{"@type":"BreadcrumbList","@id":"https:\/\/www.alteacultural.com\/es\/events\/present-llibre-amira-altea-llibres-a-la-primavera-2022\/#breadcrumb","itemListElement":[{"@type":"ListItem","position":1,"name":"Inici","item":"https:\/\/www.alteacultural.com\/es\/"},{"@type":"ListItem","position":2,"name":"Eventos","item":"https:\/\/www.alteacultural.com\/es\/events\/"},{"@type":"ListItem","position":3,"name":"Present. llibre \u2018Amira\u2019 \u2013 Altea, llibres a la primavera 2022"}]},{"@type":"WebSite","@id":"https:\/\/www.alteacultural.com\/es\/#website","url":"https:\/\/www.alteacultural.com\/es\/","name":"Altea Cultural","description":"Regidoria de Cultura de l&#039;Ajuntament d&#039;Altea","potentialAction":[{"@type":"SearchAction","target":{"@type":"EntryPoint","urlTemplate":"https:\/\/www.alteacultural.com\/es\/?s={search_term_string}"},"query-input":"required name=search_term_string"}],"inLanguage":"es"}]}},"mec_cost":"Entrada Libre","mec_date":{"start":{"date":"2022-02-24","hour":8,"minutes":"0","ampm":"PM"},"end":{"date":"2022-02-24","hour":9,"minutes":"0","ampm":"PM"},"comment":"","repeat":{"type":"daily","interval":"1","advanced":"","end":"never","end_at_date":"","end_at_occurrences":"10"}},"_links":{"self":[{"href":"https:\/\/www.alteacultural.com\/es\/wp-json\/wp\/v2\/mec-events\/15760"}],"collection":[{"href":"https:\/\/www.alteacultural.com\/es\/wp-json\/wp\/v2\/mec-events"}],"about":[{"href":"https:\/\/www.alteacultural.com\/es\/wp-json\/wp\/v2\/types\/mec-events"}],"author":[{"embeddable":true,"href":"https:\/\/www.alteacultural.com\/es\/wp-json\/wp\/v2\/users\/1"}],"replies":[{"embeddable":true,"href":"https:\/\/www.alteacultural.com\/es\/wp-json\/wp\/v2\/comments?post=15760"}],"wp:featuredmedia":[{"embeddable":true,"href":"https:\/\/www.alteacultural.com\/es\/wp-json\/wp\/v2\/media\/15759"}],"wp:attachment":[{"href":"https:\/\/www.alteacultural.com\/es\/wp-json\/wp\/v2\/media?parent=15760"}],"curies":[{"name":"wp","href":"https:\/\/api.w.org\/{rel}","templated":true}]}}