{"id":16392,"date":"2022-03-09T13:34:19","date_gmt":"2022-03-09T12:34:19","guid":{"rendered":"https:\/\/www.alteacultural.com\/events\/el-lago-de-los-cisnes-ballet-nacional-ruso-sergei-radchenko-2\/"},"modified":"2022-06-27T12:56:04","modified_gmt":"2022-06-27T10:56:04","slug":"el-lago-de-los-cisnes-ballet-de-kiev","status":"publish","type":"mec-events","link":"https:\/\/www.alteacultural.com\/es\/events\/el-lago-de-los-cisnes-ballet-de-kiev\/","title":{"rendered":"El lago de los cisnes \u2013 Ballet de Kiev"},"content":{"rendered":"<p><strong>8 de octubre | 18:00 h | Palau Altea<\/strong><\/p>\n<p><span data-sheets-value=\"{&quot;1&quot;:2,&quot;2&quot;:&quot;Este a\u00f1o 2022 quedar\u00e1 marcado en la memoria de todos nosotros con la tinta roja que, con trazo grueso, describe la tragedia que representa una guerra y, especialmente, para los artistas de ballet que un d\u00eda antes del comienzo se preparaban para salir a escena ante un teatro lleno con una orquesta en el foso afinando. La carrera de Ana Sophia Scheller se une al Teatro de la \u00d3pera de Kiev en 2019 y desde entonces sus apariciones en escena as\u00ed como su iniciativa art\u00edstica, siempre aunando los principales valores de la danza con las personas que conforman su entorno, dejaron una profunda huella tanto en el teatro como en todos los artistas que lo conforman. Ana Sophia Scheller, debido a la situaci\u00f3n imperante en este momento, recoge los mimbres de la compa\u00f1\u00eda Ballet de Kiev, como refugio para sus artistas y que puedan mostrar al mundo aquellos valores que les representan, d\u00e1ndoles la oportunidad de seguir transmitiendo emociones a trav\u00e9s de sus movimientos. Espa\u00f1a y Portugal ser\u00e1n testigos privilegiados de ello. Corr\u00eda el a\u00f1o 2017 cuando el famoso bailar\u00edn solista del Teatro de la \u00d3pera de Kiev, Viktor Ishchuk, consigue realizar un sue\u00f1o largamente cultivado, la creaci\u00f3n de una compa\u00f1\u00eda estable y joven, que reuniese a las estrellas m\u00e1s prominentes de toda Ucrania y pudiesen presentar al mundo el talento, la maestr\u00eda y la profesionalidad de los artistas de aquel pa\u00eds. Entre sus miembros, el Ballet de Kiev, cuenta con varios de los solistas del Teatro de \u00d3pera y Ballet de Kiev. Sus primeras representaciones consiguen el apoyo de los principales nombres de la escena ucraniana e inmediatamente son invitados por los teatros mas importantes mundiales, habiendo realizado desde entonces m\u00e1s de 500 actuaciones. Las numerosas giras realizadas les han llevado a recorrer los mejores escenarios de Suiza, Alemania, Francia, Polonia, Croacia, China, Ucrania, Mexico y un largo etc. El Ballet de Kiev mantiene entre sus objetivos principales el cuidado de las tradiciones y esencia del ballet cl\u00e1sico m\u00e1s puro, siendo cada representaci\u00f3n una fiesta para los sentidos por la sobriedad de las coreograf\u00edas, la perfecci\u00f3n de todas y cada una de sus l\u00edneas, el virtuosismo de sus solistas y la vistosidad y grandeza de sus decorados y vestuario, todos ellos dise\u00f1ados en exclusiva por los mejores maestros de los talleres de Kiev. A lo largo de estos a\u00f1os han recorrido gran parte del mundo representando los principales t\u00edtulos cl\u00e1sicos, as\u00ed como coreograf\u00edas originales. El Lago de los Cisnes, El Cascanueces, La bella Durmiente, Don Quixote, Giselle, Carmen, Scheherazade, Les Sylphides, La Cenicienta, Zorba el griego, Eyes wide Shut, etc. son parte de su repertorio habitual. El Ballet de Kiev tiene su sede en el Centro Internacional de Cultura y Artes de Kiev, Ucrania. &quot;}\" data-sheets-userformat=\"{&quot;2&quot;:2817,&quot;3&quot;:{&quot;1&quot;:0},&quot;11&quot;:0,&quot;12&quot;:0,&quot;14&quot;:{&quot;1&quot;:2,&quot;2&quot;:4884200}}\">Este a\u00f1o 2022 quedar\u00e1 marcado en la memoria de todos nosotros con la tinta roja que, con trazo grueso, describe la tragedia que representa una guerra y, especialmente, para los artistas de ballet que un d\u00eda antes del comienzo se preparaban para salir a escena ante un teatro lleno con una orquesta en el foso afinando. La carrera de Ana Sophia Scheller se une al Teatro de la \u00d3pera de Kiev en 2019 y desde entonces sus apariciones en escena as\u00ed como su iniciativa art\u00edstica, siempre aunando los principales valores de la danza con las personas que conforman su entorno, dejaron una profunda huella tanto en el teatro como en todos los artistas que lo conforman. Ana Sophia Scheller, debido a la situaci\u00f3n imperante en este momento, recoge los mimbres de la compa\u00f1\u00eda Ballet de Kiev, como refugio para sus artistas y que puedan mostrar al mundo aquellos valores que les representan, d\u00e1ndoles la oportunidad de seguir transmitiendo emociones a trav\u00e9s de sus movimientos. Espa\u00f1a y Portugal ser\u00e1n testigos privilegiados de ello. Corr\u00eda el a\u00f1o 2017 cuando el famoso bailar\u00edn solista del Teatro de la \u00d3pera de Kiev, Viktor Ishchuk, consigue realizar un sue\u00f1o largamente cultivado, la creaci\u00f3n de una compa\u00f1\u00eda estable y joven, que reuniese a las estrellas m\u00e1s prominentes de toda Ucrania y pudiesen presentar al mundo el talento, la maestr\u00eda y la profesionalidad de los artistas de aquel pa\u00eds. Entre sus miembros, el Ballet de Kiev, cuenta con varios de los solistas del Teatro de \u00d3pera y Ballet de Kiev. Sus primeras representaciones consiguen el apoyo de los principales nombres de la escena ucraniana e inmediatamente son invitados por los teatros mas importantes mundiales, habiendo realizado desde entonces m\u00e1s de 500 actuaciones. Las numerosas giras realizadas les han llevado a recorrer los mejores escenarios de Suiza, Alemania, Francia, Polonia, Croacia, China, Ucrania, Mexico y un largo etc. El Ballet de Kiev mantiene entre sus objetivos principales el cuidado de las tradiciones y esencia del ballet cl\u00e1sico m\u00e1s puro, siendo cada representaci\u00f3n una fiesta para los sentidos por la sobriedad de las coreograf\u00edas, la perfecci\u00f3n de todas y cada una de sus l\u00edneas, el virtuosismo de sus solistas y la vistosidad y grandeza de sus decorados y vestuario, todos ellos dise\u00f1ados en exclusiva por los mejores maestros de los talleres de Kiev. A lo largo de estos a\u00f1os han recorrido gran parte del mundo representando los principales t\u00edtulos cl\u00e1sicos, as\u00ed como coreograf\u00edas originales. El Lago de los Cisnes, El Cascanueces, La bella Durmiente, Don Quixote, Giselle, Carmen, Scheherazade, Les Sylphides, La Cenicienta, Zorba el griego, Eyes wide Shut, etc. son parte de su repertorio habitual. El Ballet de Kiev tiene su sede en el Centro Internacional de Cultura y Artes de Kiev, Ucrania.<\/span><\/p>\n<p>&nbsp;<\/p>\n<p>Entradas 32 \u20ac.<\/p>\n<p>&nbsp;<\/p>\n<p>&nbsp;<\/p>\n<p>&nbsp;<\/p>\n","protected":false},"excerpt":{"rendered":"<p>8 de octubre | 18:00 h | Palau Altea Este a\u00f1o 2022 quedar\u00e1 marcado en la memoria de todos [&hellip;]<\/p>\n","protected":false},"author":1,"featured_media":16391,"comment_status":"open","ping_status":"closed","template":"","meta":{"_expiration-date-status":"","_expiration-date":0,"_expiration-date-type":"","_expiration-date-categories":[],"_expiration-date-options":[]},"yoast_head":"<!-- This site is optimized with the Yoast SEO plugin v22.8 - https:\/\/yoast.com\/wordpress\/plugins\/seo\/ -->\n<title>El lago de los cisnes \u2013 Ballet de Kiev - Altea Cultural<\/title>\n<meta name=\"robots\" content=\"index, follow, max-snippet:-1, max-image-preview:large, max-video-preview:-1\" \/>\n<link rel=\"canonical\" href=\"https:\/\/www.alteacultural.com\/es\/events\/el-lago-de-los-cisnes-ballet-de-kiev\/\" \/>\n<meta property=\"og:locale\" content=\"es_ES\" \/>\n<meta property=\"og:type\" content=\"article\" \/>\n<meta property=\"og:title\" content=\"El lago de los cisnes \u2013 Ballet de Kiev - Altea Cultural\" \/>\n<meta property=\"og:description\" content=\"8 de octubre | 18:00 h | Palau Altea Este a\u00f1o 2022 quedar\u00e1 marcado en la memoria de todos [&hellip;]\" \/>\n<meta property=\"og:url\" content=\"https:\/\/www.alteacultural.com\/es\/events\/el-lago-de-los-cisnes-ballet-de-kiev\/\" \/>\n<meta property=\"og:site_name\" content=\"Altea Cultural\" \/>\n<meta property=\"article:modified_time\" content=\"2022-06-27T10:56:04+00:00\" \/>\n<meta property=\"og:image\" content=\"https:\/\/www.alteacultural.com\/wp-content\/uploads\/2022\/03\/lagocisnesban.jpg\" \/>\n\t<meta property=\"og:image:width\" content=\"1340\" \/>\n\t<meta property=\"og:image:height\" content=\"496\" \/>\n\t<meta property=\"og:image:type\" content=\"image\/jpeg\" \/>\n<meta name=\"twitter:card\" content=\"summary_large_image\" \/>\n<meta name=\"twitter:label1\" content=\"Tiempo de lectura\" \/>\n\t<meta name=\"twitter:data1\" content=\"3 minutos\" \/>\n<script type=\"application\/ld+json\" class=\"yoast-schema-graph\">{\"@context\":\"https:\/\/schema.org\",\"@graph\":[{\"@type\":\"WebPage\",\"@id\":\"https:\/\/www.alteacultural.com\/es\/events\/el-lago-de-los-cisnes-ballet-de-kiev\/\",\"url\":\"https:\/\/www.alteacultural.com\/es\/events\/el-lago-de-los-cisnes-ballet-de-kiev\/\",\"name\":\"El lago de los cisnes \u2013 Ballet de Kiev - Altea Cultural\",\"isPartOf\":{\"@id\":\"https:\/\/www.alteacultural.com\/es\/#website\"},\"primaryImageOfPage\":{\"@id\":\"https:\/\/www.alteacultural.com\/es\/events\/el-lago-de-los-cisnes-ballet-de-kiev\/#primaryimage\"},\"image\":{\"@id\":\"https:\/\/www.alteacultural.com\/es\/events\/el-lago-de-los-cisnes-ballet-de-kiev\/#primaryimage\"},\"thumbnailUrl\":\"https:\/\/www.alteacultural.com\/wp-content\/uploads\/2022\/03\/lagocisnesban.jpg\",\"datePublished\":\"2022-03-09T12:34:19+00:00\",\"dateModified\":\"2022-06-27T10:56:04+00:00\",\"breadcrumb\":{\"@id\":\"https:\/\/www.alteacultural.com\/es\/events\/el-lago-de-los-cisnes-ballet-de-kiev\/#breadcrumb\"},\"inLanguage\":\"es\",\"potentialAction\":[{\"@type\":\"ReadAction\",\"target\":[\"https:\/\/www.alteacultural.com\/es\/events\/el-lago-de-los-cisnes-ballet-de-kiev\/\"]}]},{\"@type\":\"ImageObject\",\"inLanguage\":\"es\",\"@id\":\"https:\/\/www.alteacultural.com\/es\/events\/el-lago-de-los-cisnes-ballet-de-kiev\/#primaryimage\",\"url\":\"https:\/\/www.alteacultural.com\/wp-content\/uploads\/2022\/03\/lagocisnesban.jpg\",\"contentUrl\":\"https:\/\/www.alteacultural.com\/wp-content\/uploads\/2022\/03\/lagocisnesban.jpg\",\"width\":1340,\"height\":496},{\"@type\":\"BreadcrumbList\",\"@id\":\"https:\/\/www.alteacultural.com\/es\/events\/el-lago-de-los-cisnes-ballet-de-kiev\/#breadcrumb\",\"itemListElement\":[{\"@type\":\"ListItem\",\"position\":1,\"name\":\"Inici\",\"item\":\"https:\/\/www.alteacultural.com\/es\/\"},{\"@type\":\"ListItem\",\"position\":2,\"name\":\"Eventos\",\"item\":\"https:\/\/www.alteacultural.com\/es\/events\/\"},{\"@type\":\"ListItem\",\"position\":3,\"name\":\"El lago de los cisnes \u2013 Ballet de Kiev\"}]},{\"@type\":\"WebSite\",\"@id\":\"https:\/\/www.alteacultural.com\/es\/#website\",\"url\":\"https:\/\/www.alteacultural.com\/es\/\",\"name\":\"Altea Cultural\",\"description\":\"Regidoria de Cultura de l&#039;Ajuntament d&#039;Altea\",\"potentialAction\":[{\"@type\":\"SearchAction\",\"target\":{\"@type\":\"EntryPoint\",\"urlTemplate\":\"https:\/\/www.alteacultural.com\/es\/?s={search_term_string}\"},\"query-input\":\"required name=search_term_string\"}],\"inLanguage\":\"es\"}]}<\/script>\n<!-- \/ Yoast SEO plugin. -->","yoast_head_json":{"title":"El lago de los cisnes \u2013 Ballet de Kiev - Altea Cultural","robots":{"index":"index","follow":"follow","max-snippet":"max-snippet:-1","max-image-preview":"max-image-preview:large","max-video-preview":"max-video-preview:-1"},"canonical":"https:\/\/www.alteacultural.com\/es\/events\/el-lago-de-los-cisnes-ballet-de-kiev\/","og_locale":"es_ES","og_type":"article","og_title":"El lago de los cisnes \u2013 Ballet de Kiev - Altea Cultural","og_description":"8 de octubre | 18:00 h | Palau Altea Este a\u00f1o 2022 quedar\u00e1 marcado en la memoria de todos [&hellip;]","og_url":"https:\/\/www.alteacultural.com\/es\/events\/el-lago-de-los-cisnes-ballet-de-kiev\/","og_site_name":"Altea Cultural","article_modified_time":"2022-06-27T10:56:04+00:00","og_image":[{"width":1340,"height":496,"url":"https:\/\/www.alteacultural.com\/wp-content\/uploads\/2022\/03\/lagocisnesban.jpg","type":"image\/jpeg"}],"twitter_card":"summary_large_image","twitter_misc":{"Tiempo de lectura":"3 minutos"},"schema":{"@context":"https:\/\/schema.org","@graph":[{"@type":"WebPage","@id":"https:\/\/www.alteacultural.com\/es\/events\/el-lago-de-los-cisnes-ballet-de-kiev\/","url":"https:\/\/www.alteacultural.com\/es\/events\/el-lago-de-los-cisnes-ballet-de-kiev\/","name":"El lago de los cisnes \u2013 Ballet de Kiev - Altea Cultural","isPartOf":{"@id":"https:\/\/www.alteacultural.com\/es\/#website"},"primaryImageOfPage":{"@id":"https:\/\/www.alteacultural.com\/es\/events\/el-lago-de-los-cisnes-ballet-de-kiev\/#primaryimage"},"image":{"@id":"https:\/\/www.alteacultural.com\/es\/events\/el-lago-de-los-cisnes-ballet-de-kiev\/#primaryimage"},"thumbnailUrl":"https:\/\/www.alteacultural.com\/wp-content\/uploads\/2022\/03\/lagocisnesban.jpg","datePublished":"2022-03-09T12:34:19+00:00","dateModified":"2022-06-27T10:56:04+00:00","breadcrumb":{"@id":"https:\/\/www.alteacultural.com\/es\/events\/el-lago-de-los-cisnes-ballet-de-kiev\/#breadcrumb"},"inLanguage":"es","potentialAction":[{"@type":"ReadAction","target":["https:\/\/www.alteacultural.com\/es\/events\/el-lago-de-los-cisnes-ballet-de-kiev\/"]}]},{"@type":"ImageObject","inLanguage":"es","@id":"https:\/\/www.alteacultural.com\/es\/events\/el-lago-de-los-cisnes-ballet-de-kiev\/#primaryimage","url":"https:\/\/www.alteacultural.com\/wp-content\/uploads\/2022\/03\/lagocisnesban.jpg","contentUrl":"https:\/\/www.alteacultural.com\/wp-content\/uploads\/2022\/03\/lagocisnesban.jpg","width":1340,"height":496},{"@type":"BreadcrumbList","@id":"https:\/\/www.alteacultural.com\/es\/events\/el-lago-de-los-cisnes-ballet-de-kiev\/#breadcrumb","itemListElement":[{"@type":"ListItem","position":1,"name":"Inici","item":"https:\/\/www.alteacultural.com\/es\/"},{"@type":"ListItem","position":2,"name":"Eventos","item":"https:\/\/www.alteacultural.com\/es\/events\/"},{"@type":"ListItem","position":3,"name":"El lago de los cisnes \u2013 Ballet de Kiev"}]},{"@type":"WebSite","@id":"https:\/\/www.alteacultural.com\/es\/#website","url":"https:\/\/www.alteacultural.com\/es\/","name":"Altea Cultural","description":"Regidoria de Cultura de l&#039;Ajuntament d&#039;Altea","potentialAction":[{"@type":"SearchAction","target":{"@type":"EntryPoint","urlTemplate":"https:\/\/www.alteacultural.com\/es\/?s={search_term_string}"},"query-input":"required name=search_term_string"}],"inLanguage":"es"}]}},"mec_cost":"Entrada general 32 \u20ac","mec_date":{"start":{"date":"2022-10-08","hour":6,"minutes":"0","ampm":"PM"},"end":{"date":"2022-10-08","hour":8,"minutes":"0","ampm":"PM"},"comment":"","repeat":{"type":"daily","interval":"1","advanced":"","end":"never","end_at_date":"","end_at_occurrences":"10"}},"_links":{"self":[{"href":"https:\/\/www.alteacultural.com\/es\/wp-json\/wp\/v2\/mec-events\/16392"}],"collection":[{"href":"https:\/\/www.alteacultural.com\/es\/wp-json\/wp\/v2\/mec-events"}],"about":[{"href":"https:\/\/www.alteacultural.com\/es\/wp-json\/wp\/v2\/types\/mec-events"}],"author":[{"embeddable":true,"href":"https:\/\/www.alteacultural.com\/es\/wp-json\/wp\/v2\/users\/1"}],"replies":[{"embeddable":true,"href":"https:\/\/www.alteacultural.com\/es\/wp-json\/wp\/v2\/comments?post=16392"}],"wp:featuredmedia":[{"embeddable":true,"href":"https:\/\/www.alteacultural.com\/es\/wp-json\/wp\/v2\/media\/16391"}],"wp:attachment":[{"href":"https:\/\/www.alteacultural.com\/es\/wp-json\/wp\/v2\/media?parent=16392"}],"curies":[{"name":"wp","href":"https:\/\/api.w.org\/{rel}","templated":true}]}}