{"id":20289,"date":"2022-06-01T20:52:00","date_gmt":"2022-06-01T18:52:00","guid":{"rendered":"https:\/\/www.alteacultural.com\/events\/videocreacio-quien-seguira-aqui-silvia-liminana\/"},"modified":"2022-06-01T20:53:16","modified_gmt":"2022-06-01T18:53:16","slug":"videocreacio-quien-seguira-aqui-silvia-liminana","status":"publish","type":"mec-events","link":"https:\/\/www.alteacultural.com\/es\/events\/videocreacio-quien-seguira-aqui-silvia-liminana\/","title":{"rendered":"Videocreaci\u00f3n: \u00bfQui\u00e9n seguir\u00e1 aqu\u00ed?. Silvia Limi\u00f1ana."},"content":{"rendered":"<p style=\"text-align: left;\">Videocreaci\u00f3n: \u00bfQui\u00e9n seguir\u00e1 aqu\u00ed?. Silvia Limi\u00f1ana. 15 min.<br \/>\nNit de l&#8217;Art &#8211; Altea 2022<\/p>\n<p>El v\u00eddeo \u00ab\u00bfQui\u00e9n Seguir\u00e1 Aqu\u00ed?\u00bb explora el hecho de c\u00f3mo la pandemia del covidsuposo una tregua respecto a las reglas de poder de la accesibilidad, muchas personas discapacitadas pasaron a tener m\u00e1s accesibilidad que nunca mientras que las no discapacitadas se enfrentaron a lo que supone la inaccesibilidad en el d\u00eda a d\u00eda.<\/p>\n<p>&nbsp;<\/p>\n<p>&nbsp;<\/p>\n<p><a href=\"https:\/\/www.alteacultural.com\/wp-content\/uploads\/2022\/06\/NIT-ART-22-TRIPTIC-CARA-1-cas_med.jpg\"><img fetchpriority=\"high\" decoding=\"async\" class=\"aligncenter wp-image-20233\" src=\"https:\/\/www.alteacultural.com\/wp-content\/uploads\/2022\/06\/NIT-ART-22-TRIPTIC-CARA-1-cas_med.jpg\" alt=\"\" width=\"750\" height=\"537\" srcset=\"https:\/\/www.alteacultural.com\/wp-content\/uploads\/2022\/06\/NIT-ART-22-TRIPTIC-CARA-1-cas_med.jpg 1984w, https:\/\/www.alteacultural.com\/wp-content\/uploads\/2022\/06\/NIT-ART-22-TRIPTIC-CARA-1-cas_med-768x550.jpg 768w, https:\/\/www.alteacultural.com\/wp-content\/uploads\/2022\/06\/NIT-ART-22-TRIPTIC-CARA-1-cas_med-1536x1099.jpg 1536w\" sizes=\"(max-width: 750px) 100vw, 750px\" \/><\/a><\/p>\n<p>&nbsp;<\/p>\n","protected":false},"excerpt":{"rendered":"<p>Videocreaci\u00f3n: \u00bfQui\u00e9n seguir\u00e1 aqu\u00ed?. Silvia Limi\u00f1ana. 15 min. Nit de l&#8217;Art &#8211; Altea 2022 El v\u00eddeo \u00ab\u00bfQui\u00e9n Seguir\u00e1 Aqu\u00ed?\u00bb [&hellip;]<\/p>\n","protected":false},"author":1,"featured_media":20288,"comment_status":"open","ping_status":"closed","template":"","meta":{"_expiration-date-status":"","_expiration-date":0,"_expiration-date-type":"","_expiration-date-categories":[],"_expiration-date-options":[]},"yoast_head":"<!-- This site is optimized with the Yoast SEO plugin v22.8 - https:\/\/yoast.com\/wordpress\/plugins\/seo\/ -->\n<title>Videocreaci\u00f3n: \u00bfQui\u00e9n seguir\u00e1 aqu\u00ed?. Silvia Limi\u00f1ana. - Altea Cultural<\/title>\n<meta name=\"robots\" content=\"index, follow, max-snippet:-1, max-image-preview:large, max-video-preview:-1\" \/>\n<link rel=\"canonical\" href=\"https:\/\/www.alteacultural.com\/es\/events\/videocreacio-quien-seguira-aqui-silvia-liminana\/\" \/>\n<meta property=\"og:locale\" content=\"es_ES\" \/>\n<meta property=\"og:type\" content=\"article\" \/>\n<meta property=\"og:title\" content=\"Videocreaci\u00f3n: \u00bfQui\u00e9n seguir\u00e1 aqu\u00ed?. Silvia Limi\u00f1ana. - Altea Cultural\" \/>\n<meta property=\"og:description\" content=\"Videocreaci\u00f3n: \u00bfQui\u00e9n seguir\u00e1 aqu\u00ed?. Silvia Limi\u00f1ana. 15 min. Nit de l&#8217;Art &#8211; Altea 2022 El v\u00eddeo \u00ab\u00bfQui\u00e9n Seguir\u00e1 Aqu\u00ed?\u00bb [&hellip;]\" \/>\n<meta property=\"og:url\" content=\"https:\/\/www.alteacultural.com\/es\/events\/videocreacio-quien-seguira-aqui-silvia-liminana\/\" \/>\n<meta property=\"og:site_name\" content=\"Altea Cultural\" \/>\n<meta property=\"article:modified_time\" content=\"2022-06-01T18:53:16+00:00\" \/>\n<meta property=\"og:image\" content=\"https:\/\/www.alteacultural.com\/wp-content\/uploads\/2022\/06\/Silvia-Liminana-2.jpg\" \/>\n\t<meta property=\"og:image:width\" content=\"890\" \/>\n\t<meta property=\"og:image:height\" content=\"495\" \/>\n\t<meta property=\"og:image:type\" content=\"image\/jpeg\" \/>\n<meta name=\"twitter:card\" content=\"summary_large_image\" \/>\n<meta name=\"twitter:label1\" content=\"Tiempo de lectura\" \/>\n\t<meta name=\"twitter:data1\" content=\"1 minuto\" \/>\n<script type=\"application\/ld+json\" class=\"yoast-schema-graph\">{\"@context\":\"https:\/\/schema.org\",\"@graph\":[{\"@type\":\"WebPage\",\"@id\":\"https:\/\/www.alteacultural.com\/es\/events\/videocreacio-quien-seguira-aqui-silvia-liminana\/\",\"url\":\"https:\/\/www.alteacultural.com\/es\/events\/videocreacio-quien-seguira-aqui-silvia-liminana\/\",\"name\":\"Videocreaci\u00f3n: \u00bfQui\u00e9n seguir\u00e1 aqu\u00ed?. Silvia Limi\u00f1ana. - Altea Cultural\",\"isPartOf\":{\"@id\":\"https:\/\/www.alteacultural.com\/es\/#website\"},\"primaryImageOfPage\":{\"@id\":\"https:\/\/www.alteacultural.com\/es\/events\/videocreacio-quien-seguira-aqui-silvia-liminana\/#primaryimage\"},\"image\":{\"@id\":\"https:\/\/www.alteacultural.com\/es\/events\/videocreacio-quien-seguira-aqui-silvia-liminana\/#primaryimage\"},\"thumbnailUrl\":\"https:\/\/www.alteacultural.com\/wp-content\/uploads\/2022\/06\/Silvia-Liminana-2.jpg\",\"datePublished\":\"2022-06-01T18:52:00+00:00\",\"dateModified\":\"2022-06-01T18:53:16+00:00\",\"breadcrumb\":{\"@id\":\"https:\/\/www.alteacultural.com\/es\/events\/videocreacio-quien-seguira-aqui-silvia-liminana\/#breadcrumb\"},\"inLanguage\":\"es\",\"potentialAction\":[{\"@type\":\"ReadAction\",\"target\":[\"https:\/\/www.alteacultural.com\/es\/events\/videocreacio-quien-seguira-aqui-silvia-liminana\/\"]}]},{\"@type\":\"ImageObject\",\"inLanguage\":\"es\",\"@id\":\"https:\/\/www.alteacultural.com\/es\/events\/videocreacio-quien-seguira-aqui-silvia-liminana\/#primaryimage\",\"url\":\"https:\/\/www.alteacultural.com\/wp-content\/uploads\/2022\/06\/Silvia-Liminana-2.jpg\",\"contentUrl\":\"https:\/\/www.alteacultural.com\/wp-content\/uploads\/2022\/06\/Silvia-Liminana-2.jpg\",\"width\":890,\"height\":495},{\"@type\":\"BreadcrumbList\",\"@id\":\"https:\/\/www.alteacultural.com\/es\/events\/videocreacio-quien-seguira-aqui-silvia-liminana\/#breadcrumb\",\"itemListElement\":[{\"@type\":\"ListItem\",\"position\":1,\"name\":\"Inici\",\"item\":\"https:\/\/www.alteacultural.com\/es\/\"},{\"@type\":\"ListItem\",\"position\":2,\"name\":\"Eventos\",\"item\":\"https:\/\/www.alteacultural.com\/es\/events\/\"},{\"@type\":\"ListItem\",\"position\":3,\"name\":\"Videocreaci\u00f3n: \u00bfQui\u00e9n seguir\u00e1 aqu\u00ed?. Silvia Limi\u00f1ana.\"}]},{\"@type\":\"WebSite\",\"@id\":\"https:\/\/www.alteacultural.com\/es\/#website\",\"url\":\"https:\/\/www.alteacultural.com\/es\/\",\"name\":\"Altea Cultural\",\"description\":\"Regidoria de Cultura de l&#039;Ajuntament d&#039;Altea\",\"potentialAction\":[{\"@type\":\"SearchAction\",\"target\":{\"@type\":\"EntryPoint\",\"urlTemplate\":\"https:\/\/www.alteacultural.com\/es\/?s={search_term_string}\"},\"query-input\":\"required name=search_term_string\"}],\"inLanguage\":\"es\"}]}<\/script>\n<!-- \/ Yoast SEO plugin. -->","yoast_head_json":{"title":"Videocreaci\u00f3n: \u00bfQui\u00e9n seguir\u00e1 aqu\u00ed?. Silvia Limi\u00f1ana. - Altea Cultural","robots":{"index":"index","follow":"follow","max-snippet":"max-snippet:-1","max-image-preview":"max-image-preview:large","max-video-preview":"max-video-preview:-1"},"canonical":"https:\/\/www.alteacultural.com\/es\/events\/videocreacio-quien-seguira-aqui-silvia-liminana\/","og_locale":"es_ES","og_type":"article","og_title":"Videocreaci\u00f3n: \u00bfQui\u00e9n seguir\u00e1 aqu\u00ed?. Silvia Limi\u00f1ana. - Altea Cultural","og_description":"Videocreaci\u00f3n: \u00bfQui\u00e9n seguir\u00e1 aqu\u00ed?. Silvia Limi\u00f1ana. 15 min. Nit de l&#8217;Art &#8211; Altea 2022 El v\u00eddeo \u00ab\u00bfQui\u00e9n Seguir\u00e1 Aqu\u00ed?\u00bb [&hellip;]","og_url":"https:\/\/www.alteacultural.com\/es\/events\/videocreacio-quien-seguira-aqui-silvia-liminana\/","og_site_name":"Altea Cultural","article_modified_time":"2022-06-01T18:53:16+00:00","og_image":[{"width":890,"height":495,"url":"https:\/\/www.alteacultural.com\/wp-content\/uploads\/2022\/06\/Silvia-Liminana-2.jpg","type":"image\/jpeg"}],"twitter_card":"summary_large_image","twitter_misc":{"Tiempo de lectura":"1 minuto"},"schema":{"@context":"https:\/\/schema.org","@graph":[{"@type":"WebPage","@id":"https:\/\/www.alteacultural.com\/es\/events\/videocreacio-quien-seguira-aqui-silvia-liminana\/","url":"https:\/\/www.alteacultural.com\/es\/events\/videocreacio-quien-seguira-aqui-silvia-liminana\/","name":"Videocreaci\u00f3n: \u00bfQui\u00e9n seguir\u00e1 aqu\u00ed?. Silvia Limi\u00f1ana. - Altea Cultural","isPartOf":{"@id":"https:\/\/www.alteacultural.com\/es\/#website"},"primaryImageOfPage":{"@id":"https:\/\/www.alteacultural.com\/es\/events\/videocreacio-quien-seguira-aqui-silvia-liminana\/#primaryimage"},"image":{"@id":"https:\/\/www.alteacultural.com\/es\/events\/videocreacio-quien-seguira-aqui-silvia-liminana\/#primaryimage"},"thumbnailUrl":"https:\/\/www.alteacultural.com\/wp-content\/uploads\/2022\/06\/Silvia-Liminana-2.jpg","datePublished":"2022-06-01T18:52:00+00:00","dateModified":"2022-06-01T18:53:16+00:00","breadcrumb":{"@id":"https:\/\/www.alteacultural.com\/es\/events\/videocreacio-quien-seguira-aqui-silvia-liminana\/#breadcrumb"},"inLanguage":"es","potentialAction":[{"@type":"ReadAction","target":["https:\/\/www.alteacultural.com\/es\/events\/videocreacio-quien-seguira-aqui-silvia-liminana\/"]}]},{"@type":"ImageObject","inLanguage":"es","@id":"https:\/\/www.alteacultural.com\/es\/events\/videocreacio-quien-seguira-aqui-silvia-liminana\/#primaryimage","url":"https:\/\/www.alteacultural.com\/wp-content\/uploads\/2022\/06\/Silvia-Liminana-2.jpg","contentUrl":"https:\/\/www.alteacultural.com\/wp-content\/uploads\/2022\/06\/Silvia-Liminana-2.jpg","width":890,"height":495},{"@type":"BreadcrumbList","@id":"https:\/\/www.alteacultural.com\/es\/events\/videocreacio-quien-seguira-aqui-silvia-liminana\/#breadcrumb","itemListElement":[{"@type":"ListItem","position":1,"name":"Inici","item":"https:\/\/www.alteacultural.com\/es\/"},{"@type":"ListItem","position":2,"name":"Eventos","item":"https:\/\/www.alteacultural.com\/es\/events\/"},{"@type":"ListItem","position":3,"name":"Videocreaci\u00f3n: \u00bfQui\u00e9n seguir\u00e1 aqu\u00ed?. Silvia Limi\u00f1ana."}]},{"@type":"WebSite","@id":"https:\/\/www.alteacultural.com\/es\/#website","url":"https:\/\/www.alteacultural.com\/es\/","name":"Altea Cultural","description":"Regidoria de Cultura de l&#039;Ajuntament d&#039;Altea","potentialAction":[{"@type":"SearchAction","target":{"@type":"EntryPoint","urlTemplate":"https:\/\/www.alteacultural.com\/es\/?s={search_term_string}"},"query-input":"required name=search_term_string"}],"inLanguage":"es"}]}},"mec_cost":"Acceso libre y gratuito","mec_date":{"start":{"date":"2022-06-04","hour":9,"minutes":"30","ampm":"PM"},"end":{"date":"2022-06-04","hour":9,"minutes":"45","ampm":"PM"},"comment":"","repeat":{"type":"daily","interval":"1","advanced":"","end":"never","end_at_date":"","end_at_occurrences":"10"}},"_links":{"self":[{"href":"https:\/\/www.alteacultural.com\/es\/wp-json\/wp\/v2\/mec-events\/20289"}],"collection":[{"href":"https:\/\/www.alteacultural.com\/es\/wp-json\/wp\/v2\/mec-events"}],"about":[{"href":"https:\/\/www.alteacultural.com\/es\/wp-json\/wp\/v2\/types\/mec-events"}],"author":[{"embeddable":true,"href":"https:\/\/www.alteacultural.com\/es\/wp-json\/wp\/v2\/users\/1"}],"replies":[{"embeddable":true,"href":"https:\/\/www.alteacultural.com\/es\/wp-json\/wp\/v2\/comments?post=20289"}],"wp:featuredmedia":[{"embeddable":true,"href":"https:\/\/www.alteacultural.com\/es\/wp-json\/wp\/v2\/media\/20288"}],"wp:attachment":[{"href":"https:\/\/www.alteacultural.com\/es\/wp-json\/wp\/v2\/media?parent=20289"}],"curies":[{"name":"wp","href":"https:\/\/api.w.org\/{rel}","templated":true}]}}