{"id":20863,"date":"2022-07-20T13:48:15","date_gmt":"2022-07-20T11:48:15","guid":{"rendered":"https:\/\/www.alteacultural.com\/events\/mester-de-algarabia-rafael-alvarez-el-brujo\/"},"modified":"2022-08-31T08:15:54","modified_gmt":"2022-08-31T06:15:54","slug":"mester-de-algarabia-rafael-alvarez-el-brujo","status":"publish","type":"mec-events","link":"https:\/\/www.alteacultural.com\/es\/events\/mester-de-algarabia-rafael-alvarez-el-brujo\/","title":{"rendered":"Mester de Algarab\u00eda (Rafael \u00c1lvarez, El Brujo)"},"content":{"rendered":"<p><strong>10-sept\u00a0 I\u00a0 19.00 h\u00a0 I\u00a0 Palau Altea<\/strong><\/p>\n<p>Esto es lo que hac\u00edan los juglares de la Edad Media: un viaje entretenido desde no se sabe d\u00f3nde , hasta ninguna parte. Ellos sab\u00edan que todo viaje es una alegor\u00eda esencial de la vida. Y el viaje tiene muchas fases: momentos felices y tortuosos, paisajes bellos y espantosos y gentes de todo tipo. El viaje debe ser entretenido y para eso hay que contar historias, recitar poemas, decir chistes y cantar canciones. Los c\u00f3micos itinerantes del Siglo de Oro espa\u00f1ol sab\u00edan muy bien que en Sevilla gustan de ciertas romanzas que no hay que decir en Burgos o en Granada. Y en cada sitio hay que saber tocar la tecla oportuna, cantar una distinta canci\u00f3n. Los viajes entonces eran a pie, porque lo importante no era llegar sino viajar. Y todos iban a pie porque entonces no hab\u00eda m\u00e1s que una autov\u00eda: la A pie, 27.<\/p>\n<p>Y esto es Mester de Algarab\u00eda. Una idea que surgi\u00f3 en un camino, de noche bajo las estrellas, viajando desde C\u00f3rdoba hasta Extremadura.<\/p>\n<p>Tiene loas, historias y poemas de ayer y de siempre. Me tiene a mi y a javier Alejano con su m\u00fasica y cosas nuevas, como \u00abEl collar de la Paloma\u00bb que celebra su primer milenio este a\u00f1o. Algunas historias son viejas, pero, aunque envejecen los dedos de las manos, recordad que los anillos de oro permanecen siempre id\u00e9nticos. Que ustedes los disfruten como una algarab\u00eda de rayos de sol.<\/p>\n<p>Esperamos que salgan rememorando las palabras cl\u00e1sicas con nuevos acentos y alegr\u00e1ndose de saber que una de las m\u00e1s importantes cosas de la vida es no haber muerto.<\/p>\n<p>Espect\u00e1culo no recomendado para no menores de 15 a\u00f1os.<\/p>\n<p>Entrada 26\u20ac.<\/p>\n<p>&nbsp;<\/p>\n","protected":false},"excerpt":{"rendered":"<p>10-sept\u00a0 I\u00a0 19.00 h\u00a0 I\u00a0 Palau Altea Esto es lo que hac\u00edan los juglares de la Edad Media: un [&hellip;]<\/p>\n","protected":false},"author":1,"featured_media":20862,"comment_status":"open","ping_status":"closed","template":"","meta":{"_expiration-date-status":"","_expiration-date":0,"_expiration-date-type":"","_expiration-date-categories":[],"_expiration-date-options":[]},"yoast_head":"<!-- This site is optimized with the Yoast SEO plugin v22.8 - https:\/\/yoast.com\/wordpress\/plugins\/seo\/ -->\n<title>Mester de Algarab\u00eda (Rafael \u00c1lvarez, El Brujo) - Altea Cultural<\/title>\n<meta name=\"robots\" content=\"index, follow, max-snippet:-1, max-image-preview:large, max-video-preview:-1\" \/>\n<link rel=\"canonical\" href=\"https:\/\/www.alteacultural.com\/es\/events\/mester-de-algarabia-rafael-alvarez-el-brujo\/\" \/>\n<meta property=\"og:locale\" content=\"es_ES\" \/>\n<meta property=\"og:type\" content=\"article\" \/>\n<meta property=\"og:title\" content=\"Mester de Algarab\u00eda (Rafael \u00c1lvarez, El Brujo) - Altea Cultural\" \/>\n<meta property=\"og:description\" content=\"10-sept\u00a0 I\u00a0 19.00 h\u00a0 I\u00a0 Palau Altea Esto es lo que hac\u00edan los juglares de la Edad Media: un [&hellip;]\" \/>\n<meta property=\"og:url\" content=\"https:\/\/www.alteacultural.com\/es\/events\/mester-de-algarabia-rafael-alvarez-el-brujo\/\" \/>\n<meta property=\"og:site_name\" content=\"Altea Cultural\" \/>\n<meta property=\"article:modified_time\" content=\"2022-08-31T06:15:54+00:00\" \/>\n<meta property=\"og:image\" content=\"https:\/\/www.alteacultural.com\/wp-content\/uploads\/2022\/07\/Banner-Mester-de-Algarabia-scaled.jpg\" \/>\n\t<meta property=\"og:image:width\" content=\"2560\" \/>\n\t<meta property=\"og:image:height\" content=\"1676\" \/>\n\t<meta property=\"og:image:type\" content=\"image\/jpeg\" \/>\n<meta name=\"twitter:card\" content=\"summary_large_image\" \/>\n<meta name=\"twitter:label1\" content=\"Tiempo de lectura\" \/>\n\t<meta name=\"twitter:data1\" content=\"2 minutos\" \/>\n<script type=\"application\/ld+json\" class=\"yoast-schema-graph\">{\"@context\":\"https:\/\/schema.org\",\"@graph\":[{\"@type\":\"WebPage\",\"@id\":\"https:\/\/www.alteacultural.com\/es\/events\/mester-de-algarabia-rafael-alvarez-el-brujo\/\",\"url\":\"https:\/\/www.alteacultural.com\/es\/events\/mester-de-algarabia-rafael-alvarez-el-brujo\/\",\"name\":\"Mester de Algarab\u00eda (Rafael \u00c1lvarez, El Brujo) - Altea Cultural\",\"isPartOf\":{\"@id\":\"https:\/\/www.alteacultural.com\/es\/#website\"},\"primaryImageOfPage\":{\"@id\":\"https:\/\/www.alteacultural.com\/es\/events\/mester-de-algarabia-rafael-alvarez-el-brujo\/#primaryimage\"},\"image\":{\"@id\":\"https:\/\/www.alteacultural.com\/es\/events\/mester-de-algarabia-rafael-alvarez-el-brujo\/#primaryimage\"},\"thumbnailUrl\":\"https:\/\/www.alteacultural.com\/wp-content\/uploads\/2022\/07\/Banner-Mester-de-Algarabia-scaled.jpg\",\"datePublished\":\"2022-07-20T11:48:15+00:00\",\"dateModified\":\"2022-08-31T06:15:54+00:00\",\"breadcrumb\":{\"@id\":\"https:\/\/www.alteacultural.com\/es\/events\/mester-de-algarabia-rafael-alvarez-el-brujo\/#breadcrumb\"},\"inLanguage\":\"es\",\"potentialAction\":[{\"@type\":\"ReadAction\",\"target\":[\"https:\/\/www.alteacultural.com\/es\/events\/mester-de-algarabia-rafael-alvarez-el-brujo\/\"]}]},{\"@type\":\"ImageObject\",\"inLanguage\":\"es\",\"@id\":\"https:\/\/www.alteacultural.com\/es\/events\/mester-de-algarabia-rafael-alvarez-el-brujo\/#primaryimage\",\"url\":\"https:\/\/www.alteacultural.com\/wp-content\/uploads\/2022\/07\/Banner-Mester-de-Algarabia-scaled.jpg\",\"contentUrl\":\"https:\/\/www.alteacultural.com\/wp-content\/uploads\/2022\/07\/Banner-Mester-de-Algarabia-scaled.jpg\",\"width\":2560,\"height\":1676},{\"@type\":\"BreadcrumbList\",\"@id\":\"https:\/\/www.alteacultural.com\/es\/events\/mester-de-algarabia-rafael-alvarez-el-brujo\/#breadcrumb\",\"itemListElement\":[{\"@type\":\"ListItem\",\"position\":1,\"name\":\"Inici\",\"item\":\"https:\/\/www.alteacultural.com\/es\/\"},{\"@type\":\"ListItem\",\"position\":2,\"name\":\"Eventos\",\"item\":\"https:\/\/www.alteacultural.com\/es\/events\/\"},{\"@type\":\"ListItem\",\"position\":3,\"name\":\"Mester de Algarab\u00eda (Rafael \u00c1lvarez, El Brujo)\"}]},{\"@type\":\"WebSite\",\"@id\":\"https:\/\/www.alteacultural.com\/es\/#website\",\"url\":\"https:\/\/www.alteacultural.com\/es\/\",\"name\":\"Altea Cultural\",\"description\":\"Regidoria de Cultura de l&#039;Ajuntament d&#039;Altea\",\"potentialAction\":[{\"@type\":\"SearchAction\",\"target\":{\"@type\":\"EntryPoint\",\"urlTemplate\":\"https:\/\/www.alteacultural.com\/es\/?s={search_term_string}\"},\"query-input\":\"required name=search_term_string\"}],\"inLanguage\":\"es\"}]}<\/script>\n<!-- \/ Yoast SEO plugin. -->","yoast_head_json":{"title":"Mester de Algarab\u00eda (Rafael \u00c1lvarez, El Brujo) - Altea Cultural","robots":{"index":"index","follow":"follow","max-snippet":"max-snippet:-1","max-image-preview":"max-image-preview:large","max-video-preview":"max-video-preview:-1"},"canonical":"https:\/\/www.alteacultural.com\/es\/events\/mester-de-algarabia-rafael-alvarez-el-brujo\/","og_locale":"es_ES","og_type":"article","og_title":"Mester de Algarab\u00eda (Rafael \u00c1lvarez, El Brujo) - Altea Cultural","og_description":"10-sept\u00a0 I\u00a0 19.00 h\u00a0 I\u00a0 Palau Altea Esto es lo que hac\u00edan los juglares de la Edad Media: un [&hellip;]","og_url":"https:\/\/www.alteacultural.com\/es\/events\/mester-de-algarabia-rafael-alvarez-el-brujo\/","og_site_name":"Altea Cultural","article_modified_time":"2022-08-31T06:15:54+00:00","og_image":[{"width":2560,"height":1676,"url":"https:\/\/www.alteacultural.com\/wp-content\/uploads\/2022\/07\/Banner-Mester-de-Algarabia-scaled.jpg","type":"image\/jpeg"}],"twitter_card":"summary_large_image","twitter_misc":{"Tiempo de lectura":"2 minutos"},"schema":{"@context":"https:\/\/schema.org","@graph":[{"@type":"WebPage","@id":"https:\/\/www.alteacultural.com\/es\/events\/mester-de-algarabia-rafael-alvarez-el-brujo\/","url":"https:\/\/www.alteacultural.com\/es\/events\/mester-de-algarabia-rafael-alvarez-el-brujo\/","name":"Mester de Algarab\u00eda (Rafael \u00c1lvarez, El Brujo) - Altea Cultural","isPartOf":{"@id":"https:\/\/www.alteacultural.com\/es\/#website"},"primaryImageOfPage":{"@id":"https:\/\/www.alteacultural.com\/es\/events\/mester-de-algarabia-rafael-alvarez-el-brujo\/#primaryimage"},"image":{"@id":"https:\/\/www.alteacultural.com\/es\/events\/mester-de-algarabia-rafael-alvarez-el-brujo\/#primaryimage"},"thumbnailUrl":"https:\/\/www.alteacultural.com\/wp-content\/uploads\/2022\/07\/Banner-Mester-de-Algarabia-scaled.jpg","datePublished":"2022-07-20T11:48:15+00:00","dateModified":"2022-08-31T06:15:54+00:00","breadcrumb":{"@id":"https:\/\/www.alteacultural.com\/es\/events\/mester-de-algarabia-rafael-alvarez-el-brujo\/#breadcrumb"},"inLanguage":"es","potentialAction":[{"@type":"ReadAction","target":["https:\/\/www.alteacultural.com\/es\/events\/mester-de-algarabia-rafael-alvarez-el-brujo\/"]}]},{"@type":"ImageObject","inLanguage":"es","@id":"https:\/\/www.alteacultural.com\/es\/events\/mester-de-algarabia-rafael-alvarez-el-brujo\/#primaryimage","url":"https:\/\/www.alteacultural.com\/wp-content\/uploads\/2022\/07\/Banner-Mester-de-Algarabia-scaled.jpg","contentUrl":"https:\/\/www.alteacultural.com\/wp-content\/uploads\/2022\/07\/Banner-Mester-de-Algarabia-scaled.jpg","width":2560,"height":1676},{"@type":"BreadcrumbList","@id":"https:\/\/www.alteacultural.com\/es\/events\/mester-de-algarabia-rafael-alvarez-el-brujo\/#breadcrumb","itemListElement":[{"@type":"ListItem","position":1,"name":"Inici","item":"https:\/\/www.alteacultural.com\/es\/"},{"@type":"ListItem","position":2,"name":"Eventos","item":"https:\/\/www.alteacultural.com\/es\/events\/"},{"@type":"ListItem","position":3,"name":"Mester de Algarab\u00eda (Rafael \u00c1lvarez, El Brujo)"}]},{"@type":"WebSite","@id":"https:\/\/www.alteacultural.com\/es\/#website","url":"https:\/\/www.alteacultural.com\/es\/","name":"Altea Cultural","description":"Regidoria de Cultura de l&#039;Ajuntament d&#039;Altea","potentialAction":[{"@type":"SearchAction","target":{"@type":"EntryPoint","urlTemplate":"https:\/\/www.alteacultural.com\/es\/?s={search_term_string}"},"query-input":"required name=search_term_string"}],"inLanguage":"es"}]}},"mec_cost":"Entrada 26\u20ac.","mec_date":{"start":{"date":"2022-09-10","hour":7,"minutes":"0","ampm":"PM"},"end":{"date":"2022-09-10","hour":9,"minutes":"20","ampm":"PM"},"comment":"","repeat":{"type":"daily","interval":"1","advanced":"","end":"never","end_at_date":"","end_at_occurrences":"10"}},"_links":{"self":[{"href":"https:\/\/www.alteacultural.com\/es\/wp-json\/wp\/v2\/mec-events\/20863"}],"collection":[{"href":"https:\/\/www.alteacultural.com\/es\/wp-json\/wp\/v2\/mec-events"}],"about":[{"href":"https:\/\/www.alteacultural.com\/es\/wp-json\/wp\/v2\/types\/mec-events"}],"author":[{"embeddable":true,"href":"https:\/\/www.alteacultural.com\/es\/wp-json\/wp\/v2\/users\/1"}],"replies":[{"embeddable":true,"href":"https:\/\/www.alteacultural.com\/es\/wp-json\/wp\/v2\/comments?post=20863"}],"wp:featuredmedia":[{"embeddable":true,"href":"https:\/\/www.alteacultural.com\/es\/wp-json\/wp\/v2\/media\/20862"}],"wp:attachment":[{"href":"https:\/\/www.alteacultural.com\/es\/wp-json\/wp\/v2\/media?parent=20863"}],"curies":[{"name":"wp","href":"https:\/\/api.w.org\/{rel}","templated":true}]}}