{"id":21452,"date":"2022-09-29T08:34:28","date_gmt":"2022-09-29T06:34:28","guid":{"rendered":"https:\/\/www.alteacultural.com\/events\/around-the-world-dansa\/"},"modified":"2022-09-29T08:40:41","modified_gmt":"2022-09-29T06:40:41","slug":"around-the-world-dansa","status":"publish","type":"mec-events","link":"https:\/\/www.alteacultural.com\/es\/events\/around-the-world-dansa\/","title":{"rendered":"Around\u00a0the\u00a0world\u00a0(Danza)"},"content":{"rendered":"<p><strong>4-nov I\u00a0 19.30 h\u00a0 I\u00a0 Palau Altea<\/strong><\/p>\n<p>Danza urbana.<\/p>\n<p>Este espect\u00e1culo es un gran cuaderno de viajes que inunda el escenario con un recopilatorio de vivencias vividas por Brodas Bros, en sus giras internacionales que han realizado por todo el mundo.<\/p>\n<p>Mapping, proyecci\u00f3n interactiva, l\u00e1ser, danza a\u00e9rea, vestuario de leds&#8230;una combinaci\u00f3n de danza, luz, tecnolog\u00eda y m\u00fasica sorprendente. \u00a1Y con la energ\u00eda que caracteriza a Brodas Bros!<\/p>\n<p>Duraci\u00f3n: 75 min.<\/p>\n<p>Entrada 16\u20ac.<\/p>\n<p><img fetchpriority=\"high\" decoding=\"async\" class=\"aligncenter wp-image-21450\" src=\"https:\/\/www.alteacultural.com\/wp-content\/uploads\/2022\/09\/brodasbros.jpg\" alt=\"\" width=\"750\" height=\"750\" srcset=\"https:\/\/www.alteacultural.com\/wp-content\/uploads\/2022\/09\/brodasbros.jpg 1200w, https:\/\/www.alteacultural.com\/wp-content\/uploads\/2022\/09\/brodasbros-768x768.jpg 768w, https:\/\/www.alteacultural.com\/wp-content\/uploads\/2022\/09\/brodasbros-300x300.jpg 300w\" sizes=\"(max-width: 750px) 100vw, 750px\" \/><\/p>\n","protected":false},"excerpt":{"rendered":"<p>4-nov I\u00a0 19.30 h\u00a0 I\u00a0 Palau Altea Danza urbana. Este espect\u00e1culo es un gran cuaderno de viajes que inunda [&hellip;]<\/p>\n","protected":false},"author":1,"featured_media":21447,"comment_status":"open","ping_status":"closed","template":"","meta":{"_expiration-date-status":"","_expiration-date":0,"_expiration-date-type":"","_expiration-date-categories":[],"_expiration-date-options":[]},"yoast_head":"<!-- This site is optimized with the Yoast SEO plugin v22.8 - https:\/\/yoast.com\/wordpress\/plugins\/seo\/ -->\n<title>Around\u00a0the\u00a0world\u00a0(Danza) - Altea Cultural<\/title>\n<meta name=\"robots\" content=\"index, follow, max-snippet:-1, max-image-preview:large, max-video-preview:-1\" \/>\n<link rel=\"canonical\" href=\"https:\/\/www.alteacultural.com\/es\/events\/around-the-world-dansa\/\" \/>\n<meta property=\"og:locale\" content=\"es_ES\" \/>\n<meta property=\"og:type\" content=\"article\" \/>\n<meta property=\"og:title\" content=\"Around\u00a0the\u00a0world\u00a0(Danza) - Altea Cultural\" \/>\n<meta property=\"og:description\" content=\"4-nov I\u00a0 19.30 h\u00a0 I\u00a0 Palau Altea Danza urbana. Este espect\u00e1culo es un gran cuaderno de viajes que inunda [&hellip;]\" \/>\n<meta property=\"og:url\" content=\"https:\/\/www.alteacultural.com\/es\/events\/around-the-world-dansa\/\" \/>\n<meta property=\"og:site_name\" content=\"Altea Cultural\" \/>\n<meta property=\"article:modified_time\" content=\"2022-09-29T06:40:41+00:00\" \/>\n<meta property=\"og:image\" content=\"https:\/\/www.alteacultural.com\/wp-content\/uploads\/2022\/09\/Around-the-world_banner.jpg\" \/>\n\t<meta property=\"og:image:width\" content=\"1360\" \/>\n\t<meta property=\"og:image:height\" content=\"910\" \/>\n\t<meta property=\"og:image:type\" content=\"image\/jpeg\" \/>\n<meta name=\"twitter:card\" content=\"summary_large_image\" \/>\n<meta name=\"twitter:label1\" content=\"Tiempo de lectura\" \/>\n\t<meta name=\"twitter:data1\" content=\"1 minuto\" \/>\n<script type=\"application\/ld+json\" class=\"yoast-schema-graph\">{\"@context\":\"https:\/\/schema.org\",\"@graph\":[{\"@type\":\"WebPage\",\"@id\":\"https:\/\/www.alteacultural.com\/es\/events\/around-the-world-dansa\/\",\"url\":\"https:\/\/www.alteacultural.com\/es\/events\/around-the-world-dansa\/\",\"name\":\"Around\u00a0the\u00a0world\u00a0(Danza) - Altea Cultural\",\"isPartOf\":{\"@id\":\"https:\/\/www.alteacultural.com\/es\/#website\"},\"primaryImageOfPage\":{\"@id\":\"https:\/\/www.alteacultural.com\/es\/events\/around-the-world-dansa\/#primaryimage\"},\"image\":{\"@id\":\"https:\/\/www.alteacultural.com\/es\/events\/around-the-world-dansa\/#primaryimage\"},\"thumbnailUrl\":\"https:\/\/www.alteacultural.com\/wp-content\/uploads\/2022\/09\/Around-the-world_banner.jpg\",\"datePublished\":\"2022-09-29T06:34:28+00:00\",\"dateModified\":\"2022-09-29T06:40:41+00:00\",\"breadcrumb\":{\"@id\":\"https:\/\/www.alteacultural.com\/es\/events\/around-the-world-dansa\/#breadcrumb\"},\"inLanguage\":\"es\",\"potentialAction\":[{\"@type\":\"ReadAction\",\"target\":[\"https:\/\/www.alteacultural.com\/es\/events\/around-the-world-dansa\/\"]}]},{\"@type\":\"ImageObject\",\"inLanguage\":\"es\",\"@id\":\"https:\/\/www.alteacultural.com\/es\/events\/around-the-world-dansa\/#primaryimage\",\"url\":\"https:\/\/www.alteacultural.com\/wp-content\/uploads\/2022\/09\/Around-the-world_banner.jpg\",\"contentUrl\":\"https:\/\/www.alteacultural.com\/wp-content\/uploads\/2022\/09\/Around-the-world_banner.jpg\",\"width\":1360,\"height\":910},{\"@type\":\"BreadcrumbList\",\"@id\":\"https:\/\/www.alteacultural.com\/es\/events\/around-the-world-dansa\/#breadcrumb\",\"itemListElement\":[{\"@type\":\"ListItem\",\"position\":1,\"name\":\"Inici\",\"item\":\"https:\/\/www.alteacultural.com\/es\/\"},{\"@type\":\"ListItem\",\"position\":2,\"name\":\"Eventos\",\"item\":\"https:\/\/www.alteacultural.com\/es\/events\/\"},{\"@type\":\"ListItem\",\"position\":3,\"name\":\"Around\u00a0the\u00a0world\u00a0(Danza)\"}]},{\"@type\":\"WebSite\",\"@id\":\"https:\/\/www.alteacultural.com\/es\/#website\",\"url\":\"https:\/\/www.alteacultural.com\/es\/\",\"name\":\"Altea Cultural\",\"description\":\"Regidoria de Cultura de l&#039;Ajuntament d&#039;Altea\",\"potentialAction\":[{\"@type\":\"SearchAction\",\"target\":{\"@type\":\"EntryPoint\",\"urlTemplate\":\"https:\/\/www.alteacultural.com\/es\/?s={search_term_string}\"},\"query-input\":\"required name=search_term_string\"}],\"inLanguage\":\"es\"}]}<\/script>\n<!-- \/ Yoast SEO plugin. -->","yoast_head_json":{"title":"Around\u00a0the\u00a0world\u00a0(Danza) - Altea Cultural","robots":{"index":"index","follow":"follow","max-snippet":"max-snippet:-1","max-image-preview":"max-image-preview:large","max-video-preview":"max-video-preview:-1"},"canonical":"https:\/\/www.alteacultural.com\/es\/events\/around-the-world-dansa\/","og_locale":"es_ES","og_type":"article","og_title":"Around\u00a0the\u00a0world\u00a0(Danza) - Altea Cultural","og_description":"4-nov I\u00a0 19.30 h\u00a0 I\u00a0 Palau Altea Danza urbana. Este espect\u00e1culo es un gran cuaderno de viajes que inunda [&hellip;]","og_url":"https:\/\/www.alteacultural.com\/es\/events\/around-the-world-dansa\/","og_site_name":"Altea Cultural","article_modified_time":"2022-09-29T06:40:41+00:00","og_image":[{"width":1360,"height":910,"url":"https:\/\/www.alteacultural.com\/wp-content\/uploads\/2022\/09\/Around-the-world_banner.jpg","type":"image\/jpeg"}],"twitter_card":"summary_large_image","twitter_misc":{"Tiempo de lectura":"1 minuto"},"schema":{"@context":"https:\/\/schema.org","@graph":[{"@type":"WebPage","@id":"https:\/\/www.alteacultural.com\/es\/events\/around-the-world-dansa\/","url":"https:\/\/www.alteacultural.com\/es\/events\/around-the-world-dansa\/","name":"Around\u00a0the\u00a0world\u00a0(Danza) - Altea Cultural","isPartOf":{"@id":"https:\/\/www.alteacultural.com\/es\/#website"},"primaryImageOfPage":{"@id":"https:\/\/www.alteacultural.com\/es\/events\/around-the-world-dansa\/#primaryimage"},"image":{"@id":"https:\/\/www.alteacultural.com\/es\/events\/around-the-world-dansa\/#primaryimage"},"thumbnailUrl":"https:\/\/www.alteacultural.com\/wp-content\/uploads\/2022\/09\/Around-the-world_banner.jpg","datePublished":"2022-09-29T06:34:28+00:00","dateModified":"2022-09-29T06:40:41+00:00","breadcrumb":{"@id":"https:\/\/www.alteacultural.com\/es\/events\/around-the-world-dansa\/#breadcrumb"},"inLanguage":"es","potentialAction":[{"@type":"ReadAction","target":["https:\/\/www.alteacultural.com\/es\/events\/around-the-world-dansa\/"]}]},{"@type":"ImageObject","inLanguage":"es","@id":"https:\/\/www.alteacultural.com\/es\/events\/around-the-world-dansa\/#primaryimage","url":"https:\/\/www.alteacultural.com\/wp-content\/uploads\/2022\/09\/Around-the-world_banner.jpg","contentUrl":"https:\/\/www.alteacultural.com\/wp-content\/uploads\/2022\/09\/Around-the-world_banner.jpg","width":1360,"height":910},{"@type":"BreadcrumbList","@id":"https:\/\/www.alteacultural.com\/es\/events\/around-the-world-dansa\/#breadcrumb","itemListElement":[{"@type":"ListItem","position":1,"name":"Inici","item":"https:\/\/www.alteacultural.com\/es\/"},{"@type":"ListItem","position":2,"name":"Eventos","item":"https:\/\/www.alteacultural.com\/es\/events\/"},{"@type":"ListItem","position":3,"name":"Around\u00a0the\u00a0world\u00a0(Danza)"}]},{"@type":"WebSite","@id":"https:\/\/www.alteacultural.com\/es\/#website","url":"https:\/\/www.alteacultural.com\/es\/","name":"Altea Cultural","description":"Regidoria de Cultura de l&#039;Ajuntament d&#039;Altea","potentialAction":[{"@type":"SearchAction","target":{"@type":"EntryPoint","urlTemplate":"https:\/\/www.alteacultural.com\/es\/?s={search_term_string}"},"query-input":"required name=search_term_string"}],"inLanguage":"es"}]}},"mec_cost":"16 \u20ac","mec_date":{"start":{"date":"2022-11-04","hour":7,"minutes":"30","ampm":"PM"},"end":{"date":"2022-11-04","hour":8,"minutes":"45","ampm":"PM"},"comment":"","repeat":{"type":"daily","interval":"1","advanced":"","end":"never","end_at_date":"","end_at_occurrences":"10"}},"_links":{"self":[{"href":"https:\/\/www.alteacultural.com\/es\/wp-json\/wp\/v2\/mec-events\/21452"}],"collection":[{"href":"https:\/\/www.alteacultural.com\/es\/wp-json\/wp\/v2\/mec-events"}],"about":[{"href":"https:\/\/www.alteacultural.com\/es\/wp-json\/wp\/v2\/types\/mec-events"}],"author":[{"embeddable":true,"href":"https:\/\/www.alteacultural.com\/es\/wp-json\/wp\/v2\/users\/1"}],"replies":[{"embeddable":true,"href":"https:\/\/www.alteacultural.com\/es\/wp-json\/wp\/v2\/comments?post=21452"}],"wp:featuredmedia":[{"embeddable":true,"href":"https:\/\/www.alteacultural.com\/es\/wp-json\/wp\/v2\/media\/21447"}],"wp:attachment":[{"href":"https:\/\/www.alteacultural.com\/es\/wp-json\/wp\/v2\/media?parent=21452"}],"curies":[{"name":"wp","href":"https:\/\/api.w.org\/{rel}","templated":true}]}}