{"id":22580,"date":"2022-12-02T14:39:55","date_gmt":"2022-12-02T13:39:55","guid":{"rendered":"https:\/\/www.alteacultural.com\/?post_type=mec-events&#038;p=22580"},"modified":"2022-12-30T21:33:56","modified_gmt":"2022-12-30T20:33:56","slug":"navidad-en-altea-2022","status":"publish","type":"mec-events","link":"https:\/\/www.alteacultural.com\/es\/events\/navidad-en-altea-2022\/","title":{"rendered":"Navidad en Altea &#8211; 2022"},"content":{"rendered":"<p>El ambiente navide\u00f1o dar\u00e1 el pistoletazo de salida el viernes<strong> 2 de diciembre<\/strong> a las <strong>18.30 horas<\/strong> con la inauguraci\u00f3n del \u00e1rbol de Navidad y chocolatada para los asistentes.<\/p>\n<p>El s\u00e1bado <strong>3 de diciembre<\/strong> a las<strong> 18.30 horas<\/strong>, cine infantil, ENCANTO, en el Centro Social.<\/p>\n<p>El viernes<strong> 9 de diciembre<\/strong> a las <strong>18.00 horas<\/strong> en la Plaza del Ayuntamiento, se inaugurar\u00e1 el Mercado de Navidad, manteni\u00e9ndose en dicha plaza hasta el domingo 11.<\/p>\n<p>El domingo <strong>11 de diciembre<\/strong> a las <strong>17.00 horas<\/strong> se proyectar\u00e1 la pel\u00edcula infantil, PADRE NO HAY M\u00c1S QUE UNO 3, en el Centro Cultural de Altea la Vella, con merienda para los asistentes.<\/p>\n<p>A partir del lunes <strong>12 de diciembre y hasta el 7 de enero<\/strong>, se podr\u00e1 visitar en la Biblioteca P\u00fablica Municipal de Altea el tradional Bel\u00e9n en horario de lunes a viernes de <strong>10.00-14.00 y de 17.00-20.00 horas.<\/strong><\/p>\n<p>El s\u00e1bado <strong>17 de diciembre<\/strong> tendr\u00e1n lugar actividades l\u00fadicas&#8230;pista de psicomotricidad, juegos, gincana y mucho m\u00e1s en la plaza del Ayuntamiento de <strong>12.00 a 14.00 horas<\/strong> y de <strong>16.00 a 20.00 horas<\/strong> y a las <strong>19.15 horas<\/strong> el Concierto de Navidad del Coro de la SFA en la Iglesia.<\/p>\n<p>El domingo <strong>18 de diciembre<\/strong>, de <strong>10.30 a 14.30 horas<\/strong> en la plaza del Ayuntamiento, La Colla en ruta con Dani Miquel y la Banda de les Feretes amenizar\u00e1n la ma\u00f1ana y a las <strong>18.00 h.<\/strong> en el Centro Cultural de Altea la Vella, la SRM Altea la Vella interpretar\u00e0 su Concierto de Navidad.<\/p>\n<p>El mi\u00e9rcoles <strong>21 de diciembre<\/strong> tendr\u00e1 lugar a las <strong>19.30 horas<\/strong> la Gala de Navidad Esmualtea en el Palau Altea.<\/p>\n<p>El jueves <strong>22 de diciembre<\/strong> a las <strong>17.00 horas<\/strong> los peque\u00f1os y no tanto peque\u00f1os podr\u00e1n disfrutar de cuentos cantados y con m\u00fasica en la Biblioteca P\u00fablica Municipal de Altea con el cantacuentos MALCRIANDO.<\/p>\n<p>El viernes<strong> 23 de diciembre,<\/strong> a las <strong>20.30 horas<\/strong>, la SFA interpretar\u00e1 su Concierto de Navidad en el Palau Altea.<\/p>\n<p>Adem\u00e1s, durante la ma\u00f1ana de los d\u00edas <strong>22, 23 y 24 de diciembre<\/strong>, Pap\u00e1 Noel tiene una cita en la Plaza del Ayuntamiento con los ni\u00f1os y ni\u00f1as para transmitirle sus deseos.<\/p>\n<p>El lunes <strong>26 de diciembre <\/strong>a las <strong>18.30 horas,<\/strong> cine infantil en el Centro Social, SAVE SANTA (en valenciano) y a las <strong>20.00 horas<\/strong> el Concierto de Navidad con Antonio Serrano y Pepe Zaragoza en el Centro Cultural de Altea la Vella.<\/p>\n<p>Los deportistas y no tanto deportistas pero con ganas de pasar un buen rato no se podr\u00e1n perder la cl\u00e1sica cita de la carrera de San Silvestre el martes <strong>27 de diciembre <\/strong>a las <strong>20.00 horas<\/strong>.<\/p>\n<p>El jueves<strong> 29 de diciembre <\/strong>a las<strong> 18.30 horas,<\/strong> cine infantil en el Centro Social con la pel\u00edcula CANTA 2.<\/p>\n<p>Finalmente, con el que respeta al 2022, el s\u00e1bado<strong> 31 de diciembre,<\/strong> los m\u00e1s peque\u00f1os podr\u00e1n despedir el a\u00f1o a partir de las <strong>11.00 y hasta las 13.00 horas<\/strong> con la Fiesta de Fin de a\u00f1o infantil que tendr\u00e1 lugar en la plaza del Convento y, a su vez, los m\u00e1s grandes, por la noche, con la Fiesta de Nochevieja en las plazas de la iglesia de Altea y Altea la Vella. All\u00ed se repartir\u00e1n entre los asistentes las uvas de la suerte, cotill\u00f3n y cava para brindar.\u00a0Pasadas las\u00a0campanadas, DJ har\u00e1n festiva la entrada del 2022 en las dos localizaciones.<\/p>\n<p>Ya en 2023,el lunes<strong> 2 de enero<\/strong> a las <strong>18.30 horas<\/strong>, cine infantil en el Centro Social con la pel\u00edcula ELS BARRUFETS I EL POBLE AMAGAT (en valenciano).<\/p>\n<p>Calentando para la venida de los Reyes Magos, \u201cla Burreta\u201d real recoger\u00e1 las cartas que despu\u00e9s se entregar\u00e1n a Sus Majestades. Ser\u00e1 el martes <strong>3 de enero <\/strong>a las<strong> 17.00 horas<\/strong> por las calles de Altea y el mi\u00e9rcoles <strong>4 de enero<\/strong>, tambi\u00e9n a las <strong>17.00 horas<\/strong>, por las calles de Altea la Vella.<\/p>\n<p>Finalmente, Melcior, Gaspar y Baltasar har\u00e1n su llegada con la espectacular Cabalgata de Reyes desde la plaza Orquesta Blava el d\u00eda <strong>5 de diciembre <\/strong>a las <strong>18.00 horas<\/strong> hasta la Plaza de los Deportes. El <strong>d\u00eda 6 <\/strong>a las<strong> 11.00 horas<\/strong>, visitar\u00e1n Altea la Vella Desde el aparcamiento del Centro Cultural har\u00e1n el tradicional recorrido y volver\u00e1n a su punto de salida.<\/p>\n<p><em>*El Ayuntamiento se reserva el derecho a la modificaci\u00f3n de cualquier de las actividades\/actas.<\/em><\/p>\n<p><img fetchpriority=\"high\" decoding=\"async\" class=\"aligncenter wp-image-22578\" src=\"https:\/\/www.alteacultural.com\/wp-content\/uploads\/2022\/12\/Altea-2-scaled.jpg\" alt=\"\" width=\"750\" height=\"579\" srcset=\"https:\/\/www.alteacultural.com\/wp-content\/uploads\/2022\/12\/Altea-2-scaled.jpg 2560w, https:\/\/www.alteacultural.com\/wp-content\/uploads\/2022\/12\/Altea-2-768x593.jpg 768w, https:\/\/www.alteacultural.com\/wp-content\/uploads\/2022\/12\/Altea-2-1536x1187.jpg 1536w, https:\/\/www.alteacultural.com\/wp-content\/uploads\/2022\/12\/Altea-2-2048x1583.jpg 2048w\" sizes=\"(max-width: 750px) 100vw, 750px\" \/><\/p>\n<p><img decoding=\"async\" class=\"aligncenter wp-image-22576 lazyload\" data-src=\"https:\/\/www.alteacultural.com\/wp-content\/uploads\/2022\/12\/Altea-1-scaled.jpg\" alt=\"\" width=\"750\" height=\"579\" data-srcset=\"https:\/\/www.alteacultural.com\/wp-content\/uploads\/2022\/12\/Altea-1-scaled.jpg 2560w, https:\/\/www.alteacultural.com\/wp-content\/uploads\/2022\/12\/Altea-1-768x593.jpg 768w, https:\/\/www.alteacultural.com\/wp-content\/uploads\/2022\/12\/Altea-1-1536x1187.jpg 1536w, https:\/\/www.alteacultural.com\/wp-content\/uploads\/2022\/12\/Altea-1-2048x1583.jpg 2048w\" data-sizes=\"(max-width: 750px) 100vw, 750px\" src=\"data:image\/gif;base64,R0lGODlhAQABAAAAACH5BAEKAAEALAAAAAABAAEAAAICTAEAOw==\" style=\"--smush-placeholder-width: 750px; --smush-placeholder-aspect-ratio: 750\/579;\" \/><\/p>\n<p style=\"text-align: center;\"><a href=\"http:\/\/www.alteacultural.com\/tag\/nadal-a-altea\/\">M\u00c9S PROGRAMACI\u00d3 DE <strong>NADAL<\/strong>:<br \/>\n<\/a><a href=\"http:\/\/www.alteacultural.com\/tag\/nadal-a-altea\/\"><img decoding=\"async\" class=\"aligncenter wp-image-12759 lazyload\" data-src=\"https:\/\/www.alteacultural.com\/wp-content\/uploads\/2021\/12\/ElNadalAAltea-01.jpg\" alt=\"\" width=\"300\" height=\"100\" src=\"data:image\/gif;base64,R0lGODlhAQABAAAAACH5BAEKAAEALAAAAAABAAEAAAICTAEAOw==\" style=\"--smush-placeholder-width: 300px; --smush-placeholder-aspect-ratio: 300\/100;\" \/><\/a><\/p>\n<p style=\"text-align: center;\">\n","protected":false},"excerpt":{"rendered":"<p>El ambiente navide\u00f1o dar\u00e1 el pistoletazo de salida el viernes 2 de diciembre a las 18.30 horas con la [&hellip;]<\/p>\n","protected":false},"author":1,"featured_media":12764,"comment_status":"open","ping_status":"closed","template":"","meta":{"_expiration-date-status":"","_expiration-date":0,"_expiration-date-type":"","_expiration-date-categories":[],"_expiration-date-options":[]},"yoast_head":"<!-- This site is optimized with the Yoast SEO plugin v22.8 - https:\/\/yoast.com\/wordpress\/plugins\/seo\/ -->\n<title>Navidad en Altea - 2022 - Altea Cultural<\/title>\n<meta name=\"robots\" content=\"index, follow, max-snippet:-1, max-image-preview:large, max-video-preview:-1\" \/>\n<link rel=\"canonical\" href=\"https:\/\/www.alteacultural.com\/es\/events\/navidad-en-altea-2022\/\" \/>\n<meta property=\"og:locale\" content=\"es_ES\" \/>\n<meta property=\"og:type\" content=\"article\" \/>\n<meta property=\"og:title\" content=\"Navidad en Altea - 2022 - Altea Cultural\" \/>\n<meta property=\"og:description\" content=\"El ambiente navide\u00f1o dar\u00e1 el pistoletazo de salida el viernes 2 de diciembre a las 18.30 horas con la [&hellip;]\" \/>\n<meta property=\"og:url\" content=\"https:\/\/www.alteacultural.com\/es\/events\/navidad-en-altea-2022\/\" \/>\n<meta property=\"og:site_name\" content=\"Altea Cultural\" \/>\n<meta property=\"article:modified_time\" content=\"2022-12-30T20:33:56+00:00\" \/>\n<meta property=\"og:image\" content=\"https:\/\/www.alteacultural.com\/wp-content\/uploads\/2021\/12\/web-Nadal-a-Altea_2021_banner.jpg\" \/>\n\t<meta property=\"og:image:width\" content=\"800\" \/>\n\t<meta property=\"og:image:height\" content=\"283\" \/>\n\t<meta property=\"og:image:type\" content=\"image\/jpeg\" \/>\n<meta name=\"twitter:card\" content=\"summary_large_image\" \/>\n<meta name=\"twitter:label1\" content=\"Tiempo de lectura\" \/>\n\t<meta name=\"twitter:data1\" content=\"4 minutos\" \/>\n<script type=\"application\/ld+json\" class=\"yoast-schema-graph\">{\"@context\":\"https:\/\/schema.org\",\"@graph\":[{\"@type\":\"WebPage\",\"@id\":\"https:\/\/www.alteacultural.com\/es\/events\/navidad-en-altea-2022\/\",\"url\":\"https:\/\/www.alteacultural.com\/es\/events\/navidad-en-altea-2022\/\",\"name\":\"Navidad en Altea - 2022 - Altea Cultural\",\"isPartOf\":{\"@id\":\"https:\/\/www.alteacultural.com\/es\/#website\"},\"primaryImageOfPage\":{\"@id\":\"https:\/\/www.alteacultural.com\/es\/events\/navidad-en-altea-2022\/#primaryimage\"},\"image\":{\"@id\":\"https:\/\/www.alteacultural.com\/es\/events\/navidad-en-altea-2022\/#primaryimage\"},\"thumbnailUrl\":\"https:\/\/www.alteacultural.com\/wp-content\/uploads\/2021\/12\/web-Nadal-a-Altea_2021_banner.jpg\",\"datePublished\":\"2022-12-02T13:39:55+00:00\",\"dateModified\":\"2022-12-30T20:33:56+00:00\",\"breadcrumb\":{\"@id\":\"https:\/\/www.alteacultural.com\/es\/events\/navidad-en-altea-2022\/#breadcrumb\"},\"inLanguage\":\"es\",\"potentialAction\":[{\"@type\":\"ReadAction\",\"target\":[\"https:\/\/www.alteacultural.com\/es\/events\/navidad-en-altea-2022\/\"]}]},{\"@type\":\"ImageObject\",\"inLanguage\":\"es\",\"@id\":\"https:\/\/www.alteacultural.com\/es\/events\/navidad-en-altea-2022\/#primaryimage\",\"url\":\"https:\/\/www.alteacultural.com\/wp-content\/uploads\/2021\/12\/web-Nadal-a-Altea_2021_banner.jpg\",\"contentUrl\":\"https:\/\/www.alteacultural.com\/wp-content\/uploads\/2021\/12\/web-Nadal-a-Altea_2021_banner.jpg\",\"width\":800,\"height\":283},{\"@type\":\"BreadcrumbList\",\"@id\":\"https:\/\/www.alteacultural.com\/es\/events\/navidad-en-altea-2022\/#breadcrumb\",\"itemListElement\":[{\"@type\":\"ListItem\",\"position\":1,\"name\":\"Inici\",\"item\":\"https:\/\/www.alteacultural.com\/es\/\"},{\"@type\":\"ListItem\",\"position\":2,\"name\":\"Eventos\",\"item\":\"https:\/\/www.alteacultural.com\/es\/events\/\"},{\"@type\":\"ListItem\",\"position\":3,\"name\":\"Navidad en Altea &#8211; 2022\"}]},{\"@type\":\"WebSite\",\"@id\":\"https:\/\/www.alteacultural.com\/es\/#website\",\"url\":\"https:\/\/www.alteacultural.com\/es\/\",\"name\":\"Altea Cultural\",\"description\":\"Regidoria de Cultura de l&#039;Ajuntament d&#039;Altea\",\"potentialAction\":[{\"@type\":\"SearchAction\",\"target\":{\"@type\":\"EntryPoint\",\"urlTemplate\":\"https:\/\/www.alteacultural.com\/es\/?s={search_term_string}\"},\"query-input\":\"required name=search_term_string\"}],\"inLanguage\":\"es\"}]}<\/script>\n<!-- \/ Yoast SEO plugin. -->","yoast_head_json":{"title":"Navidad en Altea - 2022 - Altea Cultural","robots":{"index":"index","follow":"follow","max-snippet":"max-snippet:-1","max-image-preview":"max-image-preview:large","max-video-preview":"max-video-preview:-1"},"canonical":"https:\/\/www.alteacultural.com\/es\/events\/navidad-en-altea-2022\/","og_locale":"es_ES","og_type":"article","og_title":"Navidad en Altea - 2022 - Altea Cultural","og_description":"El ambiente navide\u00f1o dar\u00e1 el pistoletazo de salida el viernes 2 de diciembre a las 18.30 horas con la [&hellip;]","og_url":"https:\/\/www.alteacultural.com\/es\/events\/navidad-en-altea-2022\/","og_site_name":"Altea Cultural","article_modified_time":"2022-12-30T20:33:56+00:00","og_image":[{"width":800,"height":283,"url":"https:\/\/www.alteacultural.com\/wp-content\/uploads\/2021\/12\/web-Nadal-a-Altea_2021_banner.jpg","type":"image\/jpeg"}],"twitter_card":"summary_large_image","twitter_misc":{"Tiempo de lectura":"4 minutos"},"schema":{"@context":"https:\/\/schema.org","@graph":[{"@type":"WebPage","@id":"https:\/\/www.alteacultural.com\/es\/events\/navidad-en-altea-2022\/","url":"https:\/\/www.alteacultural.com\/es\/events\/navidad-en-altea-2022\/","name":"Navidad en Altea - 2022 - Altea Cultural","isPartOf":{"@id":"https:\/\/www.alteacultural.com\/es\/#website"},"primaryImageOfPage":{"@id":"https:\/\/www.alteacultural.com\/es\/events\/navidad-en-altea-2022\/#primaryimage"},"image":{"@id":"https:\/\/www.alteacultural.com\/es\/events\/navidad-en-altea-2022\/#primaryimage"},"thumbnailUrl":"https:\/\/www.alteacultural.com\/wp-content\/uploads\/2021\/12\/web-Nadal-a-Altea_2021_banner.jpg","datePublished":"2022-12-02T13:39:55+00:00","dateModified":"2022-12-30T20:33:56+00:00","breadcrumb":{"@id":"https:\/\/www.alteacultural.com\/es\/events\/navidad-en-altea-2022\/#breadcrumb"},"inLanguage":"es","potentialAction":[{"@type":"ReadAction","target":["https:\/\/www.alteacultural.com\/es\/events\/navidad-en-altea-2022\/"]}]},{"@type":"ImageObject","inLanguage":"es","@id":"https:\/\/www.alteacultural.com\/es\/events\/navidad-en-altea-2022\/#primaryimage","url":"https:\/\/www.alteacultural.com\/wp-content\/uploads\/2021\/12\/web-Nadal-a-Altea_2021_banner.jpg","contentUrl":"https:\/\/www.alteacultural.com\/wp-content\/uploads\/2021\/12\/web-Nadal-a-Altea_2021_banner.jpg","width":800,"height":283},{"@type":"BreadcrumbList","@id":"https:\/\/www.alteacultural.com\/es\/events\/navidad-en-altea-2022\/#breadcrumb","itemListElement":[{"@type":"ListItem","position":1,"name":"Inici","item":"https:\/\/www.alteacultural.com\/es\/"},{"@type":"ListItem","position":2,"name":"Eventos","item":"https:\/\/www.alteacultural.com\/es\/events\/"},{"@type":"ListItem","position":3,"name":"Navidad en Altea &#8211; 2022"}]},{"@type":"WebSite","@id":"https:\/\/www.alteacultural.com\/es\/#website","url":"https:\/\/www.alteacultural.com\/es\/","name":"Altea Cultural","description":"Regidoria de Cultura de l&#039;Ajuntament d&#039;Altea","potentialAction":[{"@type":"SearchAction","target":{"@type":"EntryPoint","urlTemplate":"https:\/\/www.alteacultural.com\/es\/?s={search_term_string}"},"query-input":"required name=search_term_string"}],"inLanguage":"es"}]}},"mec_cost":"","mec_date":{"start":{"date":"2022-12-02","hour":6,"minutes":"30","ampm":"PM"},"end":{"date":"2023-01-06","hour":"12","minutes":"0","ampm":"PM"},"comment":"","repeat":{"type":"daily","interval":"1","advanced":"","end":"never","end_at_date":"","end_at_occurrences":"10"}},"_links":{"self":[{"href":"https:\/\/www.alteacultural.com\/es\/wp-json\/wp\/v2\/mec-events\/22580"}],"collection":[{"href":"https:\/\/www.alteacultural.com\/es\/wp-json\/wp\/v2\/mec-events"}],"about":[{"href":"https:\/\/www.alteacultural.com\/es\/wp-json\/wp\/v2\/types\/mec-events"}],"author":[{"embeddable":true,"href":"https:\/\/www.alteacultural.com\/es\/wp-json\/wp\/v2\/users\/1"}],"replies":[{"embeddable":true,"href":"https:\/\/www.alteacultural.com\/es\/wp-json\/wp\/v2\/comments?post=22580"}],"wp:featuredmedia":[{"embeddable":true,"href":"https:\/\/www.alteacultural.com\/es\/wp-json\/wp\/v2\/media\/12764"}],"wp:attachment":[{"href":"https:\/\/www.alteacultural.com\/es\/wp-json\/wp\/v2\/media?parent=22580"}],"curies":[{"name":"wp","href":"https:\/\/api.w.org\/{rel}","templated":true}]}}