{"id":2388,"date":"2020-12-25T13:43:58","date_gmt":"2020-12-25T12:43:58","guid":{"rendered":"https:\/\/www.alteacultural.com\/events\/ara-malikian-royal-garage-world-tour-piano-violin\/"},"modified":"2021-01-28T17:37:18","modified_gmt":"2021-01-28T16:37:18","slug":"ara-malikian-royal-garage-world-tour-piano-violin","status":"publish","type":"mec-events","link":"https:\/\/www.alteacultural.com\/es\/events\/ara-malikian-royal-garage-world-tour-piano-violin\/","title":{"rendered":"[\u274cAPLAZADO] Ara Malikian | Royal Garage World Tour Piano &#038; Violin"},"content":{"rendered":"<p><strong><img decoding=\"async\" class=\"emoji lazyload\" role=\"img\" draggable=\"false\" data-src=\"https:\/\/s.w.org\/images\/core\/emoji\/13.0.0\/svg\/274c.svg\" alt=\"\u274c\" src=\"data:image\/gif;base64,R0lGODlhAQABAAAAACH5BAEKAAEALAAAAAABAAEAAAICTAEAOw==\" \/>APLAZADO: nueva fecha 23\/04\/2021. +info\/devoluciones: taquilla@palaualtea.es<\/strong><\/p>\n<p>&nbsp;<\/p>\n<p>6-feb M\u00fasica<br \/>\nAra Malikian | Royal Garage World Tour Piano &amp; Violin<br \/>\nEntrada 41-46\u20ac<\/p>\n<p>Desde los recintos m\u00e1s grandes y espectaculares de todo el mundo, hasta los teatros de corte \u00edntimo y personal, Ara y su viol\u00edn son capaces de llenar cada rinc\u00f3n de sensaciones y emociones \u00fanicas. Son estos \u00faltimos espacios los que, por sus dimensiones, crean un ambiente m\u00e1s acogedor, con encanto y nostalgia. Un ambiente diferente que se traslada tambi\u00e9n a la m\u00fasica, eterna conductora de sentimientos y sensaciones al p\u00fablico. Ara Malikian al viol\u00edn e Ivan \u201cMel\u00f3n\u201d Lewis al piano, ser\u00e1n los encargados de recorrer las diferentes canciones del nuevo disco desde un punto de vista m\u00e1s cl\u00e1sico. Cierren los ojos y disfruten de un concierto \u00fanico y personal de piano y viol\u00edn.<\/p>\n<p>18:30 \/ 22:00 | Palau Altea<\/p>\n","protected":false},"excerpt":{"rendered":"<p>APLAZADO: nueva fecha 23\/04\/2021. +info\/devoluciones: taquilla@palaualtea.es &nbsp; 6-feb M\u00fasica Ara Malikian | Royal Garage World Tour Piano &amp; Violin [&hellip;]<\/p>\n","protected":false},"author":1,"featured_media":2387,"comment_status":"open","ping_status":"closed","template":"","meta":{"_expiration-date-status":"saved","_expiration-date":0,"_expiration-date-type":"","_expiration-date-categories":[],"_expiration-date-options":[]},"yoast_head":"<!-- This site is optimized with the Yoast SEO plugin v22.8 - https:\/\/yoast.com\/wordpress\/plugins\/seo\/ -->\n<title>[\u274cAPLAZADO] Ara Malikian | Royal Garage World Tour Piano &amp; Violin - Altea Cultural<\/title>\n<meta name=\"robots\" content=\"index, follow, max-snippet:-1, max-image-preview:large, max-video-preview:-1\" \/>\n<link rel=\"canonical\" href=\"https:\/\/www.alteacultural.com\/es\/events\/ara-malikian-royal-garage-world-tour-piano-violin\/\" \/>\n<meta property=\"og:locale\" content=\"es_ES\" \/>\n<meta property=\"og:type\" content=\"article\" \/>\n<meta property=\"og:title\" content=\"[\u274cAPLAZADO] Ara Malikian | Royal Garage World Tour Piano &amp; Violin - Altea Cultural\" \/>\n<meta property=\"og:description\" content=\"APLAZADO: nueva fecha 23\/04\/2021. +info\/devoluciones: taquilla@palaualtea.es &nbsp; 6-feb M\u00fasica Ara Malikian | Royal Garage World Tour Piano &amp; Violin [&hellip;]\" \/>\n<meta property=\"og:url\" content=\"https:\/\/www.alteacultural.com\/es\/events\/ara-malikian-royal-garage-world-tour-piano-violin\/\" \/>\n<meta property=\"og:site_name\" content=\"Altea Cultural\" \/>\n<meta property=\"article:modified_time\" content=\"2021-01-28T16:37:18+00:00\" \/>\n<meta property=\"og:image\" content=\"https:\/\/www.alteacultural.com\/wp-content\/uploads\/2020\/12\/MALIKIAN-PALAU-ALTEA-r.jpg\" \/>\n\t<meta property=\"og:image:width\" content=\"1348\" \/>\n\t<meta property=\"og:image:height\" content=\"649\" \/>\n\t<meta property=\"og:image:type\" content=\"image\/jpeg\" \/>\n<meta name=\"twitter:card\" content=\"summary_large_image\" \/>\n<meta name=\"twitter:label1\" content=\"Tiempo de lectura\" \/>\n\t<meta name=\"twitter:data1\" content=\"1 minuto\" \/>\n<script type=\"application\/ld+json\" class=\"yoast-schema-graph\">{\"@context\":\"https:\/\/schema.org\",\"@graph\":[{\"@type\":\"WebPage\",\"@id\":\"https:\/\/www.alteacultural.com\/es\/events\/ara-malikian-royal-garage-world-tour-piano-violin\/\",\"url\":\"https:\/\/www.alteacultural.com\/es\/events\/ara-malikian-royal-garage-world-tour-piano-violin\/\",\"name\":\"[\u274cAPLAZADO] Ara Malikian | Royal Garage World Tour Piano & Violin - Altea Cultural\",\"isPartOf\":{\"@id\":\"https:\/\/www.alteacultural.com\/es\/#website\"},\"primaryImageOfPage\":{\"@id\":\"https:\/\/www.alteacultural.com\/es\/events\/ara-malikian-royal-garage-world-tour-piano-violin\/#primaryimage\"},\"image\":{\"@id\":\"https:\/\/www.alteacultural.com\/es\/events\/ara-malikian-royal-garage-world-tour-piano-violin\/#primaryimage\"},\"thumbnailUrl\":\"https:\/\/www.alteacultural.com\/wp-content\/uploads\/2020\/12\/MALIKIAN-PALAU-ALTEA-r.jpg\",\"datePublished\":\"2020-12-25T12:43:58+00:00\",\"dateModified\":\"2021-01-28T16:37:18+00:00\",\"breadcrumb\":{\"@id\":\"https:\/\/www.alteacultural.com\/es\/events\/ara-malikian-royal-garage-world-tour-piano-violin\/#breadcrumb\"},\"inLanguage\":\"es\",\"potentialAction\":[{\"@type\":\"ReadAction\",\"target\":[\"https:\/\/www.alteacultural.com\/es\/events\/ara-malikian-royal-garage-world-tour-piano-violin\/\"]}]},{\"@type\":\"ImageObject\",\"inLanguage\":\"es\",\"@id\":\"https:\/\/www.alteacultural.com\/es\/events\/ara-malikian-royal-garage-world-tour-piano-violin\/#primaryimage\",\"url\":\"https:\/\/www.alteacultural.com\/wp-content\/uploads\/2020\/12\/MALIKIAN-PALAU-ALTEA-r.jpg\",\"contentUrl\":\"https:\/\/www.alteacultural.com\/wp-content\/uploads\/2020\/12\/MALIKIAN-PALAU-ALTEA-r.jpg\",\"width\":1348,\"height\":649},{\"@type\":\"BreadcrumbList\",\"@id\":\"https:\/\/www.alteacultural.com\/es\/events\/ara-malikian-royal-garage-world-tour-piano-violin\/#breadcrumb\",\"itemListElement\":[{\"@type\":\"ListItem\",\"position\":1,\"name\":\"Inici\",\"item\":\"https:\/\/www.alteacultural.com\/es\/\"},{\"@type\":\"ListItem\",\"position\":2,\"name\":\"Eventos\",\"item\":\"https:\/\/www.alteacultural.com\/es\/events\/\"},{\"@type\":\"ListItem\",\"position\":3,\"name\":\"[\u274cAPLAZADO] Ara Malikian | Royal Garage World Tour Piano &#038; Violin\"}]},{\"@type\":\"WebSite\",\"@id\":\"https:\/\/www.alteacultural.com\/es\/#website\",\"url\":\"https:\/\/www.alteacultural.com\/es\/\",\"name\":\"Altea Cultural\",\"description\":\"Regidoria de Cultura de l&#039;Ajuntament d&#039;Altea\",\"potentialAction\":[{\"@type\":\"SearchAction\",\"target\":{\"@type\":\"EntryPoint\",\"urlTemplate\":\"https:\/\/www.alteacultural.com\/es\/?s={search_term_string}\"},\"query-input\":\"required name=search_term_string\"}],\"inLanguage\":\"es\"}]}<\/script>\n<!-- \/ Yoast SEO plugin. -->","yoast_head_json":{"title":"[\u274cAPLAZADO] Ara Malikian | Royal Garage World Tour Piano & Violin - Altea Cultural","robots":{"index":"index","follow":"follow","max-snippet":"max-snippet:-1","max-image-preview":"max-image-preview:large","max-video-preview":"max-video-preview:-1"},"canonical":"https:\/\/www.alteacultural.com\/es\/events\/ara-malikian-royal-garage-world-tour-piano-violin\/","og_locale":"es_ES","og_type":"article","og_title":"[\u274cAPLAZADO] Ara Malikian | Royal Garage World Tour Piano & Violin - Altea Cultural","og_description":"APLAZADO: nueva fecha 23\/04\/2021. +info\/devoluciones: taquilla@palaualtea.es &nbsp; 6-feb M\u00fasica Ara Malikian | Royal Garage World Tour Piano &amp; Violin [&hellip;]","og_url":"https:\/\/www.alteacultural.com\/es\/events\/ara-malikian-royal-garage-world-tour-piano-violin\/","og_site_name":"Altea Cultural","article_modified_time":"2021-01-28T16:37:18+00:00","og_image":[{"width":1348,"height":649,"url":"https:\/\/www.alteacultural.com\/wp-content\/uploads\/2020\/12\/MALIKIAN-PALAU-ALTEA-r.jpg","type":"image\/jpeg"}],"twitter_card":"summary_large_image","twitter_misc":{"Tiempo de lectura":"1 minuto"},"schema":{"@context":"https:\/\/schema.org","@graph":[{"@type":"WebPage","@id":"https:\/\/www.alteacultural.com\/es\/events\/ara-malikian-royal-garage-world-tour-piano-violin\/","url":"https:\/\/www.alteacultural.com\/es\/events\/ara-malikian-royal-garage-world-tour-piano-violin\/","name":"[\u274cAPLAZADO] Ara Malikian | Royal Garage World Tour Piano & Violin - Altea Cultural","isPartOf":{"@id":"https:\/\/www.alteacultural.com\/es\/#website"},"primaryImageOfPage":{"@id":"https:\/\/www.alteacultural.com\/es\/events\/ara-malikian-royal-garage-world-tour-piano-violin\/#primaryimage"},"image":{"@id":"https:\/\/www.alteacultural.com\/es\/events\/ara-malikian-royal-garage-world-tour-piano-violin\/#primaryimage"},"thumbnailUrl":"https:\/\/www.alteacultural.com\/wp-content\/uploads\/2020\/12\/MALIKIAN-PALAU-ALTEA-r.jpg","datePublished":"2020-12-25T12:43:58+00:00","dateModified":"2021-01-28T16:37:18+00:00","breadcrumb":{"@id":"https:\/\/www.alteacultural.com\/es\/events\/ara-malikian-royal-garage-world-tour-piano-violin\/#breadcrumb"},"inLanguage":"es","potentialAction":[{"@type":"ReadAction","target":["https:\/\/www.alteacultural.com\/es\/events\/ara-malikian-royal-garage-world-tour-piano-violin\/"]}]},{"@type":"ImageObject","inLanguage":"es","@id":"https:\/\/www.alteacultural.com\/es\/events\/ara-malikian-royal-garage-world-tour-piano-violin\/#primaryimage","url":"https:\/\/www.alteacultural.com\/wp-content\/uploads\/2020\/12\/MALIKIAN-PALAU-ALTEA-r.jpg","contentUrl":"https:\/\/www.alteacultural.com\/wp-content\/uploads\/2020\/12\/MALIKIAN-PALAU-ALTEA-r.jpg","width":1348,"height":649},{"@type":"BreadcrumbList","@id":"https:\/\/www.alteacultural.com\/es\/events\/ara-malikian-royal-garage-world-tour-piano-violin\/#breadcrumb","itemListElement":[{"@type":"ListItem","position":1,"name":"Inici","item":"https:\/\/www.alteacultural.com\/es\/"},{"@type":"ListItem","position":2,"name":"Eventos","item":"https:\/\/www.alteacultural.com\/es\/events\/"},{"@type":"ListItem","position":3,"name":"[\u274cAPLAZADO] Ara Malikian | Royal Garage World Tour Piano &#038; Violin"}]},{"@type":"WebSite","@id":"https:\/\/www.alteacultural.com\/es\/#website","url":"https:\/\/www.alteacultural.com\/es\/","name":"Altea Cultural","description":"Regidoria de Cultura de l&#039;Ajuntament d&#039;Altea","potentialAction":[{"@type":"SearchAction","target":{"@type":"EntryPoint","urlTemplate":"https:\/\/www.alteacultural.com\/es\/?s={search_term_string}"},"query-input":"required name=search_term_string"}],"inLanguage":"es"}]}},"mec_cost":"41-46 \u20ac (precio general)","mec_date":{"start":{"date":"2021-02-06","hour":"8","minutes":"0","ampm":"AM"},"end":{"date":"2021-02-06","hour":6,"minutes":"0","ampm":"PM"},"allday":"1","comment":"","repeat":{"type":"daily","interval":"1","advanced":"","end":"never","end_at_date":"","end_at_occurrences":"10"}},"_links":{"self":[{"href":"https:\/\/www.alteacultural.com\/es\/wp-json\/wp\/v2\/mec-events\/2388"}],"collection":[{"href":"https:\/\/www.alteacultural.com\/es\/wp-json\/wp\/v2\/mec-events"}],"about":[{"href":"https:\/\/www.alteacultural.com\/es\/wp-json\/wp\/v2\/types\/mec-events"}],"author":[{"embeddable":true,"href":"https:\/\/www.alteacultural.com\/es\/wp-json\/wp\/v2\/users\/1"}],"replies":[{"embeddable":true,"href":"https:\/\/www.alteacultural.com\/es\/wp-json\/wp\/v2\/comments?post=2388"}],"wp:featuredmedia":[{"embeddable":true,"href":"https:\/\/www.alteacultural.com\/es\/wp-json\/wp\/v2\/media\/2387"}],"wp:attachment":[{"href":"https:\/\/www.alteacultural.com\/es\/wp-json\/wp\/v2\/media?parent=2388"}],"curies":[{"name":"wp","href":"https:\/\/api.w.org\/{rel}","templated":true}]}}