{"id":24637,"date":"2023-04-03T19:05:13","date_gmt":"2023-04-03T17:05:13","guid":{"rendered":"https:\/\/www.alteacultural.com\/events\/expo-come-y-calla-que-estas-en-los-huesos\/"},"modified":"2023-04-11T08:18:04","modified_gmt":"2023-04-11T06:18:04","slug":"expo-come-y-calla-que-estas-en-los-huesos","status":"publish","type":"mec-events","link":"https:\/\/www.alteacultural.com\/es\/events\/expo-come-y-calla-que-estas-en-los-huesos\/","title":{"rendered":"Expo: Come y calla&#8230; que est\u00e1s en los huesos"},"content":{"rendered":"<p><strong>6abr-6mai\u00a0 I\u00a0 Casa Toni El Fuster-Fundaci\u00f3n Schlotter (Altea)<\/strong><\/p>\n<p><em>Expo. Como y calla que est\u00e1s en los huesos.<\/em><\/p>\n<p>M\u00e1s que una exposici\u00f3n, la artista Imma Mengual [D\u00e9nia, 1962] lo define como un <strong>fest\u00edn<\/strong> que supone una mirada retrospectiva y una vuelta de tuerca m\u00e1s a la evoluci\u00f3n creativa y la labor de <em>storyteller<\/em> escult\u00f3rico en la que anda embarcada esta artista, dise\u00f1adora, investigadora y docente, cuya obra acaba ha sido expuesta en Leipzig (Alemania), La Habana (Cuba), Roma (Italia), Or\u00e1n (Argelia), Valencia, Barcelona, Gerona, etc.<\/p>\n<p>En esta ocasi\u00f3n, Imma Mengual se sirve de la analog\u00eda del hecho nutritivo para deconstruir el microcosmos de la familia social donde se dan, entre otros, los rituales y modelos que, bajo la apariencia est\u00e9tica inmaculada, perpet\u00faan modelos, reproducen esquemas y estereotipos m\u00e1s o menos camuflados. Piezas que cuentan historias que giran en torno al deseo de recordar y olvidar a un tiempo desde una mesa en una comida familiar. Historias en forma de cronolog\u00eda, como si fueran palabras en una frase que compone una historia m\u00e1s grande. Como nos comenta la artista&#8230; \u201cEn mi casa como todas, lo bueno y lo malo, acontece alrededor de una mesa\u2026 o debajo\u201d.<\/p>\n<p>Y as\u00ed, la artista se sumerge en una lucha interior que supone la l\u00ednea f\u00edsica entre el espacio p\u00fablico y el privado cuyo resultado son creaciones en constante evoluci\u00f3n y sobre diversos soportes como los huesos producto de comidas familiares que Imma convierte en artefactos escult\u00f3ricos que comienza en una digesti\u00f3n y acaba en la callada y curiosa mirada del espectador. Unos huesos que la artista resignifica, despoj\u00e1ndolos de toda carga negativa y magnific\u00e1ndolos hasta convertirlos en objetos sacralizados de signo contemplativo.<\/p>\n<p>Imma muestra su atlas personal, sus mitolog\u00edas individuales e, incluso, vuelve para conversar con \u201cla sombra\u201d, ese concepto arquet\u00edpico junguiano tan denso de contenido que nos relaciona con el inconsciente y los instintos, el lado oscuro, los impulsos creadores. Da comienzo el juego de las apariencias cuando Mengual construye artefactos a los que les incorpora una sombra artificial dibujada en l\u00e1piz de grafito sobre el lienzo que ahora sirve de mero soporte\/peana, que se proyecta tanto hacia el pasado, como hacia el futuro y que se suma a la sombra que la propia iluminaci\u00f3n de la sala aporta.<\/p>\n<p>En el <em>fest\u00edn expositivo<\/em> encontramos vigilantes, peque\u00f1as piezas de malla met\u00e1lica, contenedoras de huesos que en su blancura inmaculada, son retenidos en esas cajitas fr\u00e1giles y cerradas que, poco a poco, se van abriendo y descomponiendo, articulando escenas concretas que conversan, que nos hablan de l\u00edmite, de espacios dom\u00e9sticos que caminan entre lo \u00edntimo y privado, y lo p\u00fablico, que pretenden repensar los l\u00edmites de las normas que nos acotan, condicionan y clasifican aquello que no queremos.<\/p>\n<p>Se trata de una propuesta comisariada por <u>Lourdes Santamar\u00eda Blasco<\/u>, cr\u00edtica de arte, experta en la obra escult\u00f3rica de Imma Mengual y docente en la Facultad de Bellas Artes Universidad Miguel Hern\u00e1ndez de Elche.<\/p>\n<p><strong>La artista ofrecer\u00e1 un <u>recorrido guiado por la exposici\u00f3n el d\u00eda 18 de abril a las 19 h.<\/u><\/strong><\/p>\n<p>Horario de visitas: Martes a s\u00e1bado 10.30-13.30 h y 17.00-20.00 h.<\/p>\n<p>Entrada libre y gratuita.<\/p>\n<p><img fetchpriority=\"high\" decoding=\"async\" class=\"aligncenter wp-image-24631\" src=\"https:\/\/www.alteacultural.com\/wp-content\/uploads\/2023\/04\/2023-05-06-Cartel-A3-_-COME-Y-CALLA.-Altea.jpg\" alt=\"\" width=\"750\" height=\"536\" srcset=\"https:\/\/www.alteacultural.com\/wp-content\/uploads\/2023\/04\/2023-05-06-Cartel-A3-_-COME-Y-CALLA.-Altea.jpg 2539w, https:\/\/www.alteacultural.com\/wp-content\/uploads\/2023\/04\/2023-05-06-Cartel-A3-_-COME-Y-CALLA.-Altea-768x548.jpg 768w, https:\/\/www.alteacultural.com\/wp-content\/uploads\/2023\/04\/2023-05-06-Cartel-A3-_-COME-Y-CALLA.-Altea-1536x1097.jpg 1536w, https:\/\/www.alteacultural.com\/wp-content\/uploads\/2023\/04\/2023-05-06-Cartel-A3-_-COME-Y-CALLA.-Altea-2048x1462.jpg 2048w\" sizes=\"(max-width: 750px) 100vw, 750px\" \/><\/p>\n","protected":false},"excerpt":{"rendered":"<p>6abr-6mai\u00a0 I\u00a0 Casa Toni El Fuster-Fundaci\u00f3n Schlotter (Altea) Expo. Como y calla que est\u00e1s en los huesos. M\u00e1s que [&hellip;]<\/p>\n","protected":false},"author":1,"featured_media":24636,"comment_status":"open","ping_status":"closed","template":"","meta":{"_expiration-date-status":"","_expiration-date":0,"_expiration-date-type":"","_expiration-date-categories":[],"_expiration-date-options":[]},"yoast_head":"<!-- This site is optimized with the Yoast SEO plugin v22.8 - https:\/\/yoast.com\/wordpress\/plugins\/seo\/ -->\n<title>Expo: Come y calla... que est\u00e1s en los huesos - Altea Cultural<\/title>\n<meta name=\"robots\" content=\"index, follow, max-snippet:-1, max-image-preview:large, max-video-preview:-1\" \/>\n<link rel=\"canonical\" href=\"https:\/\/www.alteacultural.com\/es\/events\/expo-come-y-calla-que-estas-en-los-huesos\/\" \/>\n<meta property=\"og:locale\" content=\"es_ES\" \/>\n<meta property=\"og:type\" content=\"article\" \/>\n<meta property=\"og:title\" content=\"Expo: Come y calla... que est\u00e1s en los huesos - Altea Cultural\" \/>\n<meta property=\"og:description\" content=\"6abr-6mai\u00a0 I\u00a0 Casa Toni El Fuster-Fundaci\u00f3n Schlotter (Altea) Expo. Como y calla que est\u00e1s en los huesos. M\u00e1s que [&hellip;]\" \/>\n<meta property=\"og:url\" content=\"https:\/\/www.alteacultural.com\/es\/events\/expo-come-y-calla-que-estas-en-los-huesos\/\" \/>\n<meta property=\"og:site_name\" content=\"Altea Cultural\" \/>\n<meta property=\"article:modified_time\" content=\"2023-04-11T06:18:04+00:00\" \/>\n<meta property=\"og:image\" content=\"https:\/\/www.alteacultural.com\/wp-content\/uploads\/2023\/04\/2023-05-06-Cartel-A3-_-COME-Y-CALLA.-Altea-banner-2.jpg\" \/>\n\t<meta property=\"og:image:width\" content=\"2412\" \/>\n\t<meta property=\"og:image:height\" content=\"832\" \/>\n\t<meta property=\"og:image:type\" content=\"image\/jpeg\" \/>\n<meta name=\"twitter:card\" content=\"summary_large_image\" \/>\n<meta name=\"twitter:label1\" content=\"Tiempo de lectura\" \/>\n\t<meta name=\"twitter:data1\" content=\"3 minutos\" \/>\n<script type=\"application\/ld+json\" class=\"yoast-schema-graph\">{\"@context\":\"https:\/\/schema.org\",\"@graph\":[{\"@type\":\"WebPage\",\"@id\":\"https:\/\/www.alteacultural.com\/es\/events\/expo-come-y-calla-que-estas-en-los-huesos\/\",\"url\":\"https:\/\/www.alteacultural.com\/es\/events\/expo-come-y-calla-que-estas-en-los-huesos\/\",\"name\":\"Expo: Come y calla... que est\u00e1s en los huesos - Altea Cultural\",\"isPartOf\":{\"@id\":\"https:\/\/www.alteacultural.com\/es\/#website\"},\"primaryImageOfPage\":{\"@id\":\"https:\/\/www.alteacultural.com\/es\/events\/expo-come-y-calla-que-estas-en-los-huesos\/#primaryimage\"},\"image\":{\"@id\":\"https:\/\/www.alteacultural.com\/es\/events\/expo-come-y-calla-que-estas-en-los-huesos\/#primaryimage\"},\"thumbnailUrl\":\"https:\/\/www.alteacultural.com\/wp-content\/uploads\/2023\/04\/2023-05-06-Cartel-A3-_-COME-Y-CALLA.-Altea-banner-2.jpg\",\"datePublished\":\"2023-04-03T17:05:13+00:00\",\"dateModified\":\"2023-04-11T06:18:04+00:00\",\"breadcrumb\":{\"@id\":\"https:\/\/www.alteacultural.com\/es\/events\/expo-come-y-calla-que-estas-en-los-huesos\/#breadcrumb\"},\"inLanguage\":\"es\",\"potentialAction\":[{\"@type\":\"ReadAction\",\"target\":[\"https:\/\/www.alteacultural.com\/es\/events\/expo-come-y-calla-que-estas-en-los-huesos\/\"]}]},{\"@type\":\"ImageObject\",\"inLanguage\":\"es\",\"@id\":\"https:\/\/www.alteacultural.com\/es\/events\/expo-come-y-calla-que-estas-en-los-huesos\/#primaryimage\",\"url\":\"https:\/\/www.alteacultural.com\/wp-content\/uploads\/2023\/04\/2023-05-06-Cartel-A3-_-COME-Y-CALLA.-Altea-banner-2.jpg\",\"contentUrl\":\"https:\/\/www.alteacultural.com\/wp-content\/uploads\/2023\/04\/2023-05-06-Cartel-A3-_-COME-Y-CALLA.-Altea-banner-2.jpg\",\"width\":2412,\"height\":832},{\"@type\":\"BreadcrumbList\",\"@id\":\"https:\/\/www.alteacultural.com\/es\/events\/expo-come-y-calla-que-estas-en-los-huesos\/#breadcrumb\",\"itemListElement\":[{\"@type\":\"ListItem\",\"position\":1,\"name\":\"Inici\",\"item\":\"https:\/\/www.alteacultural.com\/es\/\"},{\"@type\":\"ListItem\",\"position\":2,\"name\":\"Eventos\",\"item\":\"https:\/\/www.alteacultural.com\/es\/events\/\"},{\"@type\":\"ListItem\",\"position\":3,\"name\":\"Expo: Come y calla&#8230; que est\u00e1s en los huesos\"}]},{\"@type\":\"WebSite\",\"@id\":\"https:\/\/www.alteacultural.com\/es\/#website\",\"url\":\"https:\/\/www.alteacultural.com\/es\/\",\"name\":\"Altea Cultural\",\"description\":\"Regidoria de Cultura de l&#039;Ajuntament d&#039;Altea\",\"potentialAction\":[{\"@type\":\"SearchAction\",\"target\":{\"@type\":\"EntryPoint\",\"urlTemplate\":\"https:\/\/www.alteacultural.com\/es\/?s={search_term_string}\"},\"query-input\":\"required name=search_term_string\"}],\"inLanguage\":\"es\"}]}<\/script>\n<!-- \/ Yoast SEO plugin. -->","yoast_head_json":{"title":"Expo: Come y calla... que est\u00e1s en los huesos - Altea Cultural","robots":{"index":"index","follow":"follow","max-snippet":"max-snippet:-1","max-image-preview":"max-image-preview:large","max-video-preview":"max-video-preview:-1"},"canonical":"https:\/\/www.alteacultural.com\/es\/events\/expo-come-y-calla-que-estas-en-los-huesos\/","og_locale":"es_ES","og_type":"article","og_title":"Expo: Come y calla... que est\u00e1s en los huesos - Altea Cultural","og_description":"6abr-6mai\u00a0 I\u00a0 Casa Toni El Fuster-Fundaci\u00f3n Schlotter (Altea) Expo. Como y calla que est\u00e1s en los huesos. M\u00e1s que [&hellip;]","og_url":"https:\/\/www.alteacultural.com\/es\/events\/expo-come-y-calla-que-estas-en-los-huesos\/","og_site_name":"Altea Cultural","article_modified_time":"2023-04-11T06:18:04+00:00","og_image":[{"width":2412,"height":832,"url":"https:\/\/www.alteacultural.com\/wp-content\/uploads\/2023\/04\/2023-05-06-Cartel-A3-_-COME-Y-CALLA.-Altea-banner-2.jpg","type":"image\/jpeg"}],"twitter_card":"summary_large_image","twitter_misc":{"Tiempo de lectura":"3 minutos"},"schema":{"@context":"https:\/\/schema.org","@graph":[{"@type":"WebPage","@id":"https:\/\/www.alteacultural.com\/es\/events\/expo-come-y-calla-que-estas-en-los-huesos\/","url":"https:\/\/www.alteacultural.com\/es\/events\/expo-come-y-calla-que-estas-en-los-huesos\/","name":"Expo: Come y calla... que est\u00e1s en los huesos - Altea Cultural","isPartOf":{"@id":"https:\/\/www.alteacultural.com\/es\/#website"},"primaryImageOfPage":{"@id":"https:\/\/www.alteacultural.com\/es\/events\/expo-come-y-calla-que-estas-en-los-huesos\/#primaryimage"},"image":{"@id":"https:\/\/www.alteacultural.com\/es\/events\/expo-come-y-calla-que-estas-en-los-huesos\/#primaryimage"},"thumbnailUrl":"https:\/\/www.alteacultural.com\/wp-content\/uploads\/2023\/04\/2023-05-06-Cartel-A3-_-COME-Y-CALLA.-Altea-banner-2.jpg","datePublished":"2023-04-03T17:05:13+00:00","dateModified":"2023-04-11T06:18:04+00:00","breadcrumb":{"@id":"https:\/\/www.alteacultural.com\/es\/events\/expo-come-y-calla-que-estas-en-los-huesos\/#breadcrumb"},"inLanguage":"es","potentialAction":[{"@type":"ReadAction","target":["https:\/\/www.alteacultural.com\/es\/events\/expo-come-y-calla-que-estas-en-los-huesos\/"]}]},{"@type":"ImageObject","inLanguage":"es","@id":"https:\/\/www.alteacultural.com\/es\/events\/expo-come-y-calla-que-estas-en-los-huesos\/#primaryimage","url":"https:\/\/www.alteacultural.com\/wp-content\/uploads\/2023\/04\/2023-05-06-Cartel-A3-_-COME-Y-CALLA.-Altea-banner-2.jpg","contentUrl":"https:\/\/www.alteacultural.com\/wp-content\/uploads\/2023\/04\/2023-05-06-Cartel-A3-_-COME-Y-CALLA.-Altea-banner-2.jpg","width":2412,"height":832},{"@type":"BreadcrumbList","@id":"https:\/\/www.alteacultural.com\/es\/events\/expo-come-y-calla-que-estas-en-los-huesos\/#breadcrumb","itemListElement":[{"@type":"ListItem","position":1,"name":"Inici","item":"https:\/\/www.alteacultural.com\/es\/"},{"@type":"ListItem","position":2,"name":"Eventos","item":"https:\/\/www.alteacultural.com\/es\/events\/"},{"@type":"ListItem","position":3,"name":"Expo: Come y calla&#8230; que est\u00e1s en los huesos"}]},{"@type":"WebSite","@id":"https:\/\/www.alteacultural.com\/es\/#website","url":"https:\/\/www.alteacultural.com\/es\/","name":"Altea Cultural","description":"Regidoria de Cultura de l&#039;Ajuntament d&#039;Altea","potentialAction":[{"@type":"SearchAction","target":{"@type":"EntryPoint","urlTemplate":"https:\/\/www.alteacultural.com\/es\/?s={search_term_string}"},"query-input":"required name=search_term_string"}],"inLanguage":"es"}]}},"mec_cost":"Entrada libre y gratuita","mec_date":{"start":{"date":"2023-04-06","hour":"10","minutes":"30","ampm":"AM"},"end":{"date":"2023-05-06","hour":8,"minutes":"0","ampm":"PM"},"comment":"","repeat":{"type":"daily","interval":"1","advanced":"","end":"never","end_at_date":"","end_at_occurrences":"10"}},"_links":{"self":[{"href":"https:\/\/www.alteacultural.com\/es\/wp-json\/wp\/v2\/mec-events\/24637"}],"collection":[{"href":"https:\/\/www.alteacultural.com\/es\/wp-json\/wp\/v2\/mec-events"}],"about":[{"href":"https:\/\/www.alteacultural.com\/es\/wp-json\/wp\/v2\/types\/mec-events"}],"author":[{"embeddable":true,"href":"https:\/\/www.alteacultural.com\/es\/wp-json\/wp\/v2\/users\/1"}],"replies":[{"embeddable":true,"href":"https:\/\/www.alteacultural.com\/es\/wp-json\/wp\/v2\/comments?post=24637"}],"wp:featuredmedia":[{"embeddable":true,"href":"https:\/\/www.alteacultural.com\/es\/wp-json\/wp\/v2\/media\/24636"}],"wp:attachment":[{"href":"https:\/\/www.alteacultural.com\/es\/wp-json\/wp\/v2\/media?parent=24637"}],"curies":[{"name":"wp","href":"https:\/\/api.w.org\/{rel}","templated":true}]}}