{"id":25188,"date":"2023-05-18T12:28:34","date_gmt":"2023-05-18T10:28:34","guid":{"rendered":"https:\/\/www.alteacultural.com\/events\/johnny-bigstone-sweet-marta-altea-blues-festival-2023\/"},"modified":"2025-06-29T11:51:11","modified_gmt":"2025-06-29T09:51:11","slug":"johnny-bigstone-sweet-marta-altea-blues-festival-2023","status":"publish","type":"mec-events","link":"https:\/\/www.alteacultural.com\/es\/events\/johnny-bigstone-sweet-marta-altea-blues-festival-2023\/","title":{"rendered":"Johnny BigStone &#038; Sweet Marta (Altea Blues Festival &#8211; 2023)"},"content":{"rendered":"<p><strong>16-jun | 21:00 | Auditorio Pla\u00e7a de l&#8217;Aigua<\/strong><\/p>\n<p><strong>Concierto: Johnny BigStone &amp; Sweet Marta<\/strong><\/p>\n<p>Entrada 6\u20ac (en compra on-line 4\u20ac)<br \/>\nAbono 4 conciertos 15\u20ac (en compra on-line 10\u20ac)<br \/>\nVenta de entradas: alteacultural.com y Casa de Cultura Altea<\/p>\n<p>Altea Blues Festival &#8211; 9, 16, 23 y 30 de junio de 2023<\/p>\n<p>Johnny BigStone &amp; Sweet Marta son considerados de los pocos d\u00faos ac\u00fasticos que hay en Espa\u00f1a haciendo \u00abOld Blues\u00bb y representando as\u00ed la esencia sonora de la \u00e9poca. Han recorrido numerosos festivales de blues en Francia y en Espa\u00f1a, y siguen sin parar de recorrer caminos por aqu\u00ed y por all\u00e1 siempre dejando huella all\u00ed donde van&#8230;<\/p>\n<p>Johnny BigStone &amp; Sweet Marta te trasladar\u00e1n a principios del siglo XX representando canciones de los esclavos afroamericanos que se caracterizan por su aire melanc\u00f3lico con letras sobre problemas sociales y personales.<\/p>\n<h2><span style=\"color: #00ccff;\">Comprar entradas \/ abono<br \/>\n<\/span><\/h2>\n<p><a href=\"https:\/\/www.alteacultural.com\/es\/alteabluesfestival\/\"><strong>Clic aqu\u00ed<\/strong><\/a><\/p>\n<p>&nbsp;<\/p>\n<p><img fetchpriority=\"high\" decoding=\"async\" class=\"aligncenter wp-image-25182\" src=\"https:\/\/www.alteacultural.com\/wp-content\/uploads\/2023\/05\/Johnny-BigStone-Sweet-Marta-1.jpeg\" alt=\"\" width=\"750\" height=\"750\" srcset=\"https:\/\/www.alteacultural.com\/wp-content\/uploads\/2023\/05\/Johnny-BigStone-Sweet-Marta-1.jpeg 2048w, https:\/\/www.alteacultural.com\/wp-content\/uploads\/2023\/05\/Johnny-BigStone-Sweet-Marta-1-768x768.jpeg 768w, https:\/\/www.alteacultural.com\/wp-content\/uploads\/2023\/05\/Johnny-BigStone-Sweet-Marta-1-300x300.jpeg 300w, https:\/\/www.alteacultural.com\/wp-content\/uploads\/2023\/05\/Johnny-BigStone-Sweet-Marta-1-1536x1536.jpeg 1536w\" sizes=\"(max-width: 750px) 100vw, 750px\" \/><\/p>\n<h2><span style=\"color: #00ccff;\"><br \/>\nCartel<\/span><\/h2>\n<p><img decoding=\"async\" class=\"aligncenter wp-image-25184 lazyload\" data-src=\"https:\/\/www.alteacultural.com\/wp-content\/uploads\/2023\/05\/AlteaBluesFestival2023_Cartell-01-1.jpg\" alt=\"\" width=\"750\" height=\"1060\" data-srcset=\"https:\/\/www.alteacultural.com\/wp-content\/uploads\/2023\/05\/AlteaBluesFestival2023_Cartell-01-1.jpg 1754w, https:\/\/www.alteacultural.com\/wp-content\/uploads\/2023\/05\/AlteaBluesFestival2023_Cartell-01-1-768x1086.jpg 768w, https:\/\/www.alteacultural.com\/wp-content\/uploads\/2023\/05\/AlteaBluesFestival2023_Cartell-01-1-1086x1536.jpg 1086w, https:\/\/www.alteacultural.com\/wp-content\/uploads\/2023\/05\/AlteaBluesFestival2023_Cartell-01-1-1448x2048.jpg 1448w\" data-sizes=\"(max-width: 750px) 100vw, 750px\" src=\"data:image\/gif;base64,R0lGODlhAQABAAAAACH5BAEKAAEALAAAAAABAAEAAAICTAEAOw==\" style=\"--smush-placeholder-width: 750px; --smush-placeholder-aspect-ratio: 750\/1060;\" \/><\/p>\n","protected":false},"excerpt":{"rendered":"<p>16-jun | 21:00 | Auditorio Pla\u00e7a de l&#8217;Aigua Concierto: Johnny BigStone &amp; Sweet Marta Entrada 6\u20ac (en compra on-line [&hellip;]<\/p>\n","protected":false},"author":1,"featured_media":25187,"comment_status":"open","ping_status":"closed","template":"","meta":{"_expiration-date-status":"","_expiration-date":0,"_expiration-date-type":"","_expiration-date-categories":[],"_expiration-date-options":[]},"yoast_head":"<!-- This site is optimized with the Yoast SEO plugin v22.8 - https:\/\/yoast.com\/wordpress\/plugins\/seo\/ -->\n<title>Johnny BigStone &amp; Sweet Marta (Altea Blues Festival - 2023) - Altea Cultural<\/title>\n<meta name=\"robots\" content=\"index, follow, max-snippet:-1, max-image-preview:large, max-video-preview:-1\" \/>\n<link rel=\"canonical\" href=\"https:\/\/www.alteacultural.com\/es\/events\/johnny-bigstone-sweet-marta-altea-blues-festival-2023\/\" \/>\n<meta property=\"og:locale\" content=\"es_ES\" \/>\n<meta property=\"og:type\" content=\"article\" \/>\n<meta property=\"og:title\" content=\"Johnny BigStone &amp; Sweet Marta (Altea Blues Festival - 2023) - Altea Cultural\" \/>\n<meta property=\"og:description\" content=\"16-jun | 21:00 | Auditorio Pla\u00e7a de l&#8217;Aigua Concierto: Johnny BigStone &amp; Sweet Marta Entrada 6\u20ac (en compra on-line [&hellip;]\" \/>\n<meta property=\"og:url\" content=\"https:\/\/www.alteacultural.com\/es\/events\/johnny-bigstone-sweet-marta-altea-blues-festival-2023\/\" \/>\n<meta property=\"og:site_name\" content=\"Altea Cultural\" \/>\n<meta property=\"article:modified_time\" content=\"2025-06-29T09:51:11+00:00\" \/>\n<meta property=\"og:image\" content=\"https:\/\/www.alteacultural.com\/wp-content\/uploads\/2023\/05\/AlteaBluesFestival2023_Banner2-01-scaled.jpg\" \/>\n\t<meta property=\"og:image:width\" content=\"2560\" \/>\n\t<meta property=\"og:image:height\" content=\"948\" \/>\n\t<meta property=\"og:image:type\" content=\"image\/jpeg\" \/>\n<meta name=\"twitter:card\" content=\"summary_large_image\" \/>\n<meta name=\"twitter:label1\" content=\"Tiempo de lectura\" \/>\n\t<meta name=\"twitter:data1\" content=\"2 minutos\" \/>\n<script type=\"application\/ld+json\" class=\"yoast-schema-graph\">{\"@context\":\"https:\/\/schema.org\",\"@graph\":[{\"@type\":\"WebPage\",\"@id\":\"https:\/\/www.alteacultural.com\/es\/events\/johnny-bigstone-sweet-marta-altea-blues-festival-2023\/\",\"url\":\"https:\/\/www.alteacultural.com\/es\/events\/johnny-bigstone-sweet-marta-altea-blues-festival-2023\/\",\"name\":\"Johnny BigStone & Sweet Marta (Altea Blues Festival - 2023) - Altea Cultural\",\"isPartOf\":{\"@id\":\"https:\/\/www.alteacultural.com\/es\/#website\"},\"primaryImageOfPage\":{\"@id\":\"https:\/\/www.alteacultural.com\/es\/events\/johnny-bigstone-sweet-marta-altea-blues-festival-2023\/#primaryimage\"},\"image\":{\"@id\":\"https:\/\/www.alteacultural.com\/es\/events\/johnny-bigstone-sweet-marta-altea-blues-festival-2023\/#primaryimage\"},\"thumbnailUrl\":\"https:\/\/www.alteacultural.com\/wp-content\/uploads\/2023\/05\/AlteaBluesFestival2023_Banner2-01-scaled.jpg\",\"datePublished\":\"2023-05-18T10:28:34+00:00\",\"dateModified\":\"2025-06-29T09:51:11+00:00\",\"breadcrumb\":{\"@id\":\"https:\/\/www.alteacultural.com\/es\/events\/johnny-bigstone-sweet-marta-altea-blues-festival-2023\/#breadcrumb\"},\"inLanguage\":\"es\",\"potentialAction\":[{\"@type\":\"ReadAction\",\"target\":[\"https:\/\/www.alteacultural.com\/es\/events\/johnny-bigstone-sweet-marta-altea-blues-festival-2023\/\"]}]},{\"@type\":\"ImageObject\",\"inLanguage\":\"es\",\"@id\":\"https:\/\/www.alteacultural.com\/es\/events\/johnny-bigstone-sweet-marta-altea-blues-festival-2023\/#primaryimage\",\"url\":\"https:\/\/www.alteacultural.com\/wp-content\/uploads\/2023\/05\/AlteaBluesFestival2023_Banner2-01-scaled.jpg\",\"contentUrl\":\"https:\/\/www.alteacultural.com\/wp-content\/uploads\/2023\/05\/AlteaBluesFestival2023_Banner2-01-scaled.jpg\",\"width\":2560,\"height\":948},{\"@type\":\"BreadcrumbList\",\"@id\":\"https:\/\/www.alteacultural.com\/es\/events\/johnny-bigstone-sweet-marta-altea-blues-festival-2023\/#breadcrumb\",\"itemListElement\":[{\"@type\":\"ListItem\",\"position\":1,\"name\":\"Inici\",\"item\":\"https:\/\/www.alteacultural.com\/es\/\"},{\"@type\":\"ListItem\",\"position\":2,\"name\":\"Eventos\",\"item\":\"https:\/\/www.alteacultural.com\/es\/events\/\"},{\"@type\":\"ListItem\",\"position\":3,\"name\":\"Johnny BigStone &#038; Sweet Marta (Altea Blues Festival &#8211; 2023)\"}]},{\"@type\":\"WebSite\",\"@id\":\"https:\/\/www.alteacultural.com\/es\/#website\",\"url\":\"https:\/\/www.alteacultural.com\/es\/\",\"name\":\"Altea Cultural\",\"description\":\"Regidoria de Cultura de l&#039;Ajuntament d&#039;Altea\",\"potentialAction\":[{\"@type\":\"SearchAction\",\"target\":{\"@type\":\"EntryPoint\",\"urlTemplate\":\"https:\/\/www.alteacultural.com\/es\/?s={search_term_string}\"},\"query-input\":\"required name=search_term_string\"}],\"inLanguage\":\"es\"}]}<\/script>\n<!-- \/ Yoast SEO plugin. -->","yoast_head_json":{"title":"Johnny BigStone & Sweet Marta (Altea Blues Festival - 2023) - Altea Cultural","robots":{"index":"index","follow":"follow","max-snippet":"max-snippet:-1","max-image-preview":"max-image-preview:large","max-video-preview":"max-video-preview:-1"},"canonical":"https:\/\/www.alteacultural.com\/es\/events\/johnny-bigstone-sweet-marta-altea-blues-festival-2023\/","og_locale":"es_ES","og_type":"article","og_title":"Johnny BigStone & Sweet Marta (Altea Blues Festival - 2023) - Altea Cultural","og_description":"16-jun | 21:00 | Auditorio Pla\u00e7a de l&#8217;Aigua Concierto: Johnny BigStone &amp; Sweet Marta Entrada 6\u20ac (en compra on-line [&hellip;]","og_url":"https:\/\/www.alteacultural.com\/es\/events\/johnny-bigstone-sweet-marta-altea-blues-festival-2023\/","og_site_name":"Altea Cultural","article_modified_time":"2025-06-29T09:51:11+00:00","og_image":[{"width":2560,"height":948,"url":"https:\/\/www.alteacultural.com\/wp-content\/uploads\/2023\/05\/AlteaBluesFestival2023_Banner2-01-scaled.jpg","type":"image\/jpeg"}],"twitter_card":"summary_large_image","twitter_misc":{"Tiempo de lectura":"2 minutos"},"schema":{"@context":"https:\/\/schema.org","@graph":[{"@type":"WebPage","@id":"https:\/\/www.alteacultural.com\/es\/events\/johnny-bigstone-sweet-marta-altea-blues-festival-2023\/","url":"https:\/\/www.alteacultural.com\/es\/events\/johnny-bigstone-sweet-marta-altea-blues-festival-2023\/","name":"Johnny BigStone & Sweet Marta (Altea Blues Festival - 2023) - Altea Cultural","isPartOf":{"@id":"https:\/\/www.alteacultural.com\/es\/#website"},"primaryImageOfPage":{"@id":"https:\/\/www.alteacultural.com\/es\/events\/johnny-bigstone-sweet-marta-altea-blues-festival-2023\/#primaryimage"},"image":{"@id":"https:\/\/www.alteacultural.com\/es\/events\/johnny-bigstone-sweet-marta-altea-blues-festival-2023\/#primaryimage"},"thumbnailUrl":"https:\/\/www.alteacultural.com\/wp-content\/uploads\/2023\/05\/AlteaBluesFestival2023_Banner2-01-scaled.jpg","datePublished":"2023-05-18T10:28:34+00:00","dateModified":"2025-06-29T09:51:11+00:00","breadcrumb":{"@id":"https:\/\/www.alteacultural.com\/es\/events\/johnny-bigstone-sweet-marta-altea-blues-festival-2023\/#breadcrumb"},"inLanguage":"es","potentialAction":[{"@type":"ReadAction","target":["https:\/\/www.alteacultural.com\/es\/events\/johnny-bigstone-sweet-marta-altea-blues-festival-2023\/"]}]},{"@type":"ImageObject","inLanguage":"es","@id":"https:\/\/www.alteacultural.com\/es\/events\/johnny-bigstone-sweet-marta-altea-blues-festival-2023\/#primaryimage","url":"https:\/\/www.alteacultural.com\/wp-content\/uploads\/2023\/05\/AlteaBluesFestival2023_Banner2-01-scaled.jpg","contentUrl":"https:\/\/www.alteacultural.com\/wp-content\/uploads\/2023\/05\/AlteaBluesFestival2023_Banner2-01-scaled.jpg","width":2560,"height":948},{"@type":"BreadcrumbList","@id":"https:\/\/www.alteacultural.com\/es\/events\/johnny-bigstone-sweet-marta-altea-blues-festival-2023\/#breadcrumb","itemListElement":[{"@type":"ListItem","position":1,"name":"Inici","item":"https:\/\/www.alteacultural.com\/es\/"},{"@type":"ListItem","position":2,"name":"Eventos","item":"https:\/\/www.alteacultural.com\/es\/events\/"},{"@type":"ListItem","position":3,"name":"Johnny BigStone &#038; Sweet Marta (Altea Blues Festival &#8211; 2023)"}]},{"@type":"WebSite","@id":"https:\/\/www.alteacultural.com\/es\/#website","url":"https:\/\/www.alteacultural.com\/es\/","name":"Altea Cultural","description":"Regidoria de Cultura de l&#039;Ajuntament d&#039;Altea","potentialAction":[{"@type":"SearchAction","target":{"@type":"EntryPoint","urlTemplate":"https:\/\/www.alteacultural.com\/es\/?s={search_term_string}"},"query-input":"required name=search_term_string"}],"inLanguage":"es"}]}},"mec_cost":"6\u20ac (en compra on-line 4\u20ac)\u00a0","mec_date":{"start":{"date":"2023-06-16","hour":9,"minutes":"0","ampm":"PM"},"end":{"date":"2023-06-16","hour":10,"minutes":"30","ampm":"PM"},"comment":"","repeat":{"type":"daily","interval":"1","advanced":"","end":"never","end_at_date":"","end_at_occurrences":"10"}},"_links":{"self":[{"href":"https:\/\/www.alteacultural.com\/es\/wp-json\/wp\/v2\/mec-events\/25188"}],"collection":[{"href":"https:\/\/www.alteacultural.com\/es\/wp-json\/wp\/v2\/mec-events"}],"about":[{"href":"https:\/\/www.alteacultural.com\/es\/wp-json\/wp\/v2\/types\/mec-events"}],"author":[{"embeddable":true,"href":"https:\/\/www.alteacultural.com\/es\/wp-json\/wp\/v2\/users\/1"}],"replies":[{"embeddable":true,"href":"https:\/\/www.alteacultural.com\/es\/wp-json\/wp\/v2\/comments?post=25188"}],"wp:featuredmedia":[{"embeddable":true,"href":"https:\/\/www.alteacultural.com\/es\/wp-json\/wp\/v2\/media\/25187"}],"wp:attachment":[{"href":"https:\/\/www.alteacultural.com\/es\/wp-json\/wp\/v2\/media?parent=25188"}],"curies":[{"name":"wp","href":"https:\/\/api.w.org\/{rel}","templated":true}]}}