{"id":2590,"date":"2021-02-24T13:53:51","date_gmt":"2021-02-24T12:53:51","guid":{"rendered":"https:\/\/www.alteacultural.com\/?post_type=mec-events&#038;p=2590"},"modified":"2021-04-26T08:30:00","modified_gmt":"2021-04-26T06:30:00","slug":"el-mundo-de-fantasia","status":"publish","type":"mec-events","link":"https:\/\/www.alteacultural.com\/es\/events\/el-mundo-de-fantasia\/","title":{"rendered":"El mundo de fantas\u00eda"},"content":{"rendered":"<p><strong>30 de mayo | 17h | Palau Altea<\/strong><\/p>\n<p><span data-sheets-value=\"{&quot;1&quot;:2,&quot;2&quot;:&quot;El mundo de Fantas\u00eda' es un musical con voces en directo y 10 bailarines en escena, donde ni\u00f1os y adultos de todas las edades disfrutar\u00e1n durante m\u00e1s de 60 minutos con nuestros personajes preferidos, recre\u00e1ndose en ese mundo de fantas\u00eda que todos tenemos dentro. Una ni\u00f1a risue\u00f1a llamada Alice espera cada noche con ilusi\u00f3n para ir a dormir, ya que solo en sue\u00f1os puede hacer realidad todo lo que ella imagina. Lo que Alice no pod\u00eda llegar a imaginar es que, una de esas noches de sue\u00f1os extraordinarios, su amigo imaginario Bob cobrar\u00eda vida y le ayudar\u00eda a entrar en El Mundo de Fantas\u00eda, donde todos los sue\u00f1os se hacen realidad. \u00bfPorque, quien no ha so\u00f1ado con vivir en un mundo de fantas\u00eda junto a sus personajes favoritos? R\u00ede, canta, baila y disfruta junto a nosotros. Tan solo hay que so\u00f1ar, dejarse llevar y sacar ese ni\u00f1o que llevamos dentro. \u00bfQuieres viajar con nosotros?&quot;,&quot;6&quot;:1}\" data-sheets-userformat=\"{&quot;2&quot;:10753,&quot;3&quot;:{&quot;1&quot;:0},&quot;12&quot;:0,&quot;14&quot;:{&quot;1&quot;:2,&quot;2&quot;:4884200},&quot;16&quot;:10}\">El mundo de Fantas\u00eda&#8217; es un musical con voces en directo y 10 bailarines en escena, donde ni\u00f1os y adultos de todas las edades disfrutar\u00e1n durante m\u00e1s de 60 minutos con nuestros personajes preferidos, recre\u00e1ndose en ese mundo de fantas\u00eda que todos tenemos dentro. Una ni\u00f1a risue\u00f1a llamada Alice espera cada noche con ilusi\u00f3n para ir a dormir, ya que solo en sue\u00f1os puede hacer realidad todo lo que ella imagina. Lo que Alice no pod\u00eda llegar a imaginar es que, una de esas noches de sue\u00f1os extraordinarios, su amigo imaginario Bob cobrar\u00eda vida y le ayudar\u00eda a entrar en El Mundo de Fantas\u00eda, donde todos los sue\u00f1os se hacen realidad. \u00bfPorque, quien no ha so\u00f1ado con vivir en un mundo de fantas\u00eda junto a sus personajes favoritos? R\u00ede, canta, baila y disfruta junto a nosotros. Tan solo hay que so\u00f1ar, dejarse llevar y sacar ese ni\u00f1o que llevamos dentro. \u00bfQuieres viajar con nosotros?<\/span><\/p>\n<p>Tr\u00e1iler:<\/p>\n<p><center><iframe data-src=\"https:\/\/www.youtube.com\/embed\/bEcTa816RUE\" width=\"560\" height=\"315\" frameborder=\"0\" allowfullscreen=\"allowfullscreen\" src=\"data:image\/gif;base64,R0lGODlhAQABAAAAACH5BAEKAAEALAAAAAABAAEAAAICTAEAOw==\" class=\"lazyload\" data-load-mode=\"1\"><\/iframe><\/center>&nbsp;<\/p>\n<p>M\u00e1s informaci\u00f3n: <a href=\"https:\/\/www.produccionesboulevard.com\/los-perros-del-boogie\">https:\/\/www.produccionesboulevard.com\/los-perros-del-boogie<\/a><\/p>\n","protected":false},"excerpt":{"rendered":"<p>30 de mayo | 17h | Palau Altea El mundo de Fantas\u00eda&#8217; es un musical con voces en directo [&hellip;]<\/p>\n","protected":false},"author":1,"featured_media":2591,"comment_status":"open","ping_status":"closed","template":"","meta":{"_expiration-date-status":"saved","_expiration-date":0,"_expiration-date-type":"","_expiration-date-categories":[],"_expiration-date-options":[]},"yoast_head":"<!-- This site is optimized with the Yoast SEO plugin v22.8 - https:\/\/yoast.com\/wordpress\/plugins\/seo\/ -->\n<title>El mundo de fantas\u00eda - Altea Cultural<\/title>\n<meta name=\"robots\" content=\"index, follow, max-snippet:-1, max-image-preview:large, max-video-preview:-1\" \/>\n<link rel=\"canonical\" href=\"https:\/\/www.alteacultural.com\/es\/events\/el-mundo-de-fantasia\/\" \/>\n<meta property=\"og:locale\" content=\"es_ES\" \/>\n<meta property=\"og:type\" content=\"article\" \/>\n<meta property=\"og:title\" content=\"El mundo de fantas\u00eda - Altea Cultural\" \/>\n<meta property=\"og:description\" content=\"30 de mayo | 17h | Palau Altea El mundo de Fantas\u00eda&#8217; es un musical con voces en directo [&hellip;]\" \/>\n<meta property=\"og:url\" content=\"https:\/\/www.alteacultural.com\/es\/events\/el-mundo-de-fantasia\/\" \/>\n<meta property=\"og:site_name\" content=\"Altea Cultural\" \/>\n<meta property=\"article:modified_time\" content=\"2021-04-26T06:30:00+00:00\" \/>\n<meta property=\"og:image\" content=\"https:\/\/www.alteacultural.com\/wp-content\/uploads\/2021\/02\/fantasia.jpg\" \/>\n\t<meta property=\"og:image:width\" content=\"543\" \/>\n\t<meta property=\"og:image:height\" content=\"314\" \/>\n\t<meta property=\"og:image:type\" content=\"image\/jpeg\" \/>\n<meta name=\"twitter:card\" content=\"summary_large_image\" \/>\n<meta name=\"twitter:label1\" content=\"Tiempo de lectura\" \/>\n\t<meta name=\"twitter:data1\" content=\"1 minuto\" \/>\n<script type=\"application\/ld+json\" class=\"yoast-schema-graph\">{\"@context\":\"https:\/\/schema.org\",\"@graph\":[{\"@type\":\"WebPage\",\"@id\":\"https:\/\/www.alteacultural.com\/es\/events\/el-mundo-de-fantasia\/\",\"url\":\"https:\/\/www.alteacultural.com\/es\/events\/el-mundo-de-fantasia\/\",\"name\":\"El mundo de fantas\u00eda - Altea Cultural\",\"isPartOf\":{\"@id\":\"https:\/\/www.alteacultural.com\/es\/#website\"},\"primaryImageOfPage\":{\"@id\":\"https:\/\/www.alteacultural.com\/es\/events\/el-mundo-de-fantasia\/#primaryimage\"},\"image\":{\"@id\":\"https:\/\/www.alteacultural.com\/es\/events\/el-mundo-de-fantasia\/#primaryimage\"},\"thumbnailUrl\":\"https:\/\/www.alteacultural.com\/wp-content\/uploads\/2021\/02\/fantasia.jpg\",\"datePublished\":\"2021-02-24T12:53:51+00:00\",\"dateModified\":\"2021-04-26T06:30:00+00:00\",\"breadcrumb\":{\"@id\":\"https:\/\/www.alteacultural.com\/es\/events\/el-mundo-de-fantasia\/#breadcrumb\"},\"inLanguage\":\"es\",\"potentialAction\":[{\"@type\":\"ReadAction\",\"target\":[\"https:\/\/www.alteacultural.com\/es\/events\/el-mundo-de-fantasia\/\"]}]},{\"@type\":\"ImageObject\",\"inLanguage\":\"es\",\"@id\":\"https:\/\/www.alteacultural.com\/es\/events\/el-mundo-de-fantasia\/#primaryimage\",\"url\":\"https:\/\/www.alteacultural.com\/wp-content\/uploads\/2021\/02\/fantasia.jpg\",\"contentUrl\":\"https:\/\/www.alteacultural.com\/wp-content\/uploads\/2021\/02\/fantasia.jpg\",\"width\":543,\"height\":314},{\"@type\":\"BreadcrumbList\",\"@id\":\"https:\/\/www.alteacultural.com\/es\/events\/el-mundo-de-fantasia\/#breadcrumb\",\"itemListElement\":[{\"@type\":\"ListItem\",\"position\":1,\"name\":\"Inici\",\"item\":\"https:\/\/www.alteacultural.com\/es\/\"},{\"@type\":\"ListItem\",\"position\":2,\"name\":\"Eventos\",\"item\":\"https:\/\/www.alteacultural.com\/es\/events\/\"},{\"@type\":\"ListItem\",\"position\":3,\"name\":\"El mundo de fantas\u00eda\"}]},{\"@type\":\"WebSite\",\"@id\":\"https:\/\/www.alteacultural.com\/es\/#website\",\"url\":\"https:\/\/www.alteacultural.com\/es\/\",\"name\":\"Altea Cultural\",\"description\":\"Regidoria de Cultura de l&#039;Ajuntament d&#039;Altea\",\"potentialAction\":[{\"@type\":\"SearchAction\",\"target\":{\"@type\":\"EntryPoint\",\"urlTemplate\":\"https:\/\/www.alteacultural.com\/es\/?s={search_term_string}\"},\"query-input\":\"required name=search_term_string\"}],\"inLanguage\":\"es\"}]}<\/script>\n<!-- \/ Yoast SEO plugin. -->","yoast_head_json":{"title":"El mundo de fantas\u00eda - Altea Cultural","robots":{"index":"index","follow":"follow","max-snippet":"max-snippet:-1","max-image-preview":"max-image-preview:large","max-video-preview":"max-video-preview:-1"},"canonical":"https:\/\/www.alteacultural.com\/es\/events\/el-mundo-de-fantasia\/","og_locale":"es_ES","og_type":"article","og_title":"El mundo de fantas\u00eda - Altea Cultural","og_description":"30 de mayo | 17h | Palau Altea El mundo de Fantas\u00eda&#8217; es un musical con voces en directo [&hellip;]","og_url":"https:\/\/www.alteacultural.com\/es\/events\/el-mundo-de-fantasia\/","og_site_name":"Altea Cultural","article_modified_time":"2021-04-26T06:30:00+00:00","og_image":[{"width":543,"height":314,"url":"https:\/\/www.alteacultural.com\/wp-content\/uploads\/2021\/02\/fantasia.jpg","type":"image\/jpeg"}],"twitter_card":"summary_large_image","twitter_misc":{"Tiempo de lectura":"1 minuto"},"schema":{"@context":"https:\/\/schema.org","@graph":[{"@type":"WebPage","@id":"https:\/\/www.alteacultural.com\/es\/events\/el-mundo-de-fantasia\/","url":"https:\/\/www.alteacultural.com\/es\/events\/el-mundo-de-fantasia\/","name":"El mundo de fantas\u00eda - Altea Cultural","isPartOf":{"@id":"https:\/\/www.alteacultural.com\/es\/#website"},"primaryImageOfPage":{"@id":"https:\/\/www.alteacultural.com\/es\/events\/el-mundo-de-fantasia\/#primaryimage"},"image":{"@id":"https:\/\/www.alteacultural.com\/es\/events\/el-mundo-de-fantasia\/#primaryimage"},"thumbnailUrl":"https:\/\/www.alteacultural.com\/wp-content\/uploads\/2021\/02\/fantasia.jpg","datePublished":"2021-02-24T12:53:51+00:00","dateModified":"2021-04-26T06:30:00+00:00","breadcrumb":{"@id":"https:\/\/www.alteacultural.com\/es\/events\/el-mundo-de-fantasia\/#breadcrumb"},"inLanguage":"es","potentialAction":[{"@type":"ReadAction","target":["https:\/\/www.alteacultural.com\/es\/events\/el-mundo-de-fantasia\/"]}]},{"@type":"ImageObject","inLanguage":"es","@id":"https:\/\/www.alteacultural.com\/es\/events\/el-mundo-de-fantasia\/#primaryimage","url":"https:\/\/www.alteacultural.com\/wp-content\/uploads\/2021\/02\/fantasia.jpg","contentUrl":"https:\/\/www.alteacultural.com\/wp-content\/uploads\/2021\/02\/fantasia.jpg","width":543,"height":314},{"@type":"BreadcrumbList","@id":"https:\/\/www.alteacultural.com\/es\/events\/el-mundo-de-fantasia\/#breadcrumb","itemListElement":[{"@type":"ListItem","position":1,"name":"Inici","item":"https:\/\/www.alteacultural.com\/es\/"},{"@type":"ListItem","position":2,"name":"Eventos","item":"https:\/\/www.alteacultural.com\/es\/events\/"},{"@type":"ListItem","position":3,"name":"El mundo de fantas\u00eda"}]},{"@type":"WebSite","@id":"https:\/\/www.alteacultural.com\/es\/#website","url":"https:\/\/www.alteacultural.com\/es\/","name":"Altea Cultural","description":"Regidoria de Cultura de l&#039;Ajuntament d&#039;Altea","potentialAction":[{"@type":"SearchAction","target":{"@type":"EntryPoint","urlTemplate":"https:\/\/www.alteacultural.com\/es\/?s={search_term_string}"},"query-input":"required name=search_term_string"}],"inLanguage":"es"}]}},"mec_cost":"16\u20ac (precio general)","mec_date":{"start":{"date":"2021-05-30","hour":5,"minutes":"0","ampm":"PM"},"end":{"date":"2021-05-30","hour":7,"minutes":"0","ampm":"PM"},"comment":"","repeat":{"type":"daily","interval":"1","advanced":"","end":"never","end_at_date":"","end_at_occurrences":"10"}},"_links":{"self":[{"href":"https:\/\/www.alteacultural.com\/es\/wp-json\/wp\/v2\/mec-events\/2590"}],"collection":[{"href":"https:\/\/www.alteacultural.com\/es\/wp-json\/wp\/v2\/mec-events"}],"about":[{"href":"https:\/\/www.alteacultural.com\/es\/wp-json\/wp\/v2\/types\/mec-events"}],"author":[{"embeddable":true,"href":"https:\/\/www.alteacultural.com\/es\/wp-json\/wp\/v2\/users\/1"}],"replies":[{"embeddable":true,"href":"https:\/\/www.alteacultural.com\/es\/wp-json\/wp\/v2\/comments?post=2590"}],"wp:featuredmedia":[{"embeddable":true,"href":"https:\/\/www.alteacultural.com\/es\/wp-json\/wp\/v2\/media\/2591"}],"wp:attachment":[{"href":"https:\/\/www.alteacultural.com\/es\/wp-json\/wp\/v2\/media?parent=2590"}],"curies":[{"name":"wp","href":"https:\/\/api.w.org\/{rel}","templated":true}]}}