{"id":26340,"date":"2023-06-27T10:31:32","date_gmt":"2023-06-27T08:31:32","guid":{"rendered":"https:\/\/www.alteacultural.com\/events\/connecta-percussio-musica-a-boqueta-nit-2023\/"},"modified":"2025-06-29T11:50:56","modified_gmt":"2025-06-29T09:50:56","slug":"connecta-percussio-musica-a-boqueta-nit-2023","status":"publish","type":"mec-events","link":"https:\/\/www.alteacultural.com\/es\/events\/connecta-percussio-musica-a-boqueta-nit-2023\/","title":{"rendered":"Connecta Percussi\u00f3 &#8211; M\u00fasica a Boqueta Nit 2023"},"content":{"rendered":"<p><strong>24-ago | 21:00 | Auditori Pla\u00e7a de l&#8217;Aigua<\/strong><\/p>\n<p><strong>Connecta Percussi\u00f3.<\/strong><br \/>\nEs un grupo de percusi\u00f3n con dos j\u00f3venes promesas, Adri\u00e0 Ribes y Carlos Mulet, que ya han ganado numerosos concursos y est\u00e1n becados en diferentes estudios.<\/p>\n<p>Entrada: 9 \u20ac (en compra on-line 6 \u20ac).<\/p>\n<p>Asientos no numerados. Se recuerda que no se permite la entrada de p\u00fablico una vez iniciado el espect\u00e1culo.<\/p>\n<p>&nbsp;<\/p>\n<h2><span style=\"color: #00ccff;\">Compra de entradas \/ abonos<\/span><\/h2>\n<p><a href=\"https:\/\/www.alteacultural.com\/es\/musicaaboquetanit\/\"><strong>Clic aqu\u00ed<\/strong><\/a><\/p>\n<p>&nbsp;<\/p>\n<p><img fetchpriority=\"high\" decoding=\"async\" class=\"aligncenter wp-image-26338\" src=\"https:\/\/www.alteacultural.com\/wp-content\/uploads\/2023\/06\/08-connecta-percussio.jpg\" alt=\"\" width=\"750\" height=\"500\" srcset=\"https:\/\/www.alteacultural.com\/wp-content\/uploads\/2023\/06\/08-connecta-percussio.jpg 960w, https:\/\/www.alteacultural.com\/wp-content\/uploads\/2023\/06\/08-connecta-percussio-768x512.jpg 768w, https:\/\/www.alteacultural.com\/wp-content\/uploads\/2023\/06\/08-connecta-percussio-391x260.jpg 391w\" sizes=\"(max-width: 750px) 100vw, 750px\" \/><\/p>\n<p>&nbsp;<\/p>\n<p><img decoding=\"async\" class=\"aligncenter wp-image-26216 lazyload\" data-src=\"https:\/\/www.alteacultural.com\/wp-content\/uploads\/2023\/06\/Musica_a_Boqueta_Nit_2023_Cartell-01.jpg\" alt=\"\" width=\"750\" height=\"1060\" data-srcset=\"https:\/\/www.alteacultural.com\/wp-content\/uploads\/2023\/06\/Musica_a_Boqueta_Nit_2023_Cartell-01.jpg 1754w, https:\/\/www.alteacultural.com\/wp-content\/uploads\/2023\/06\/Musica_a_Boqueta_Nit_2023_Cartell-01-768x1086.jpg 768w, https:\/\/www.alteacultural.com\/wp-content\/uploads\/2023\/06\/Musica_a_Boqueta_Nit_2023_Cartell-01-1086x1536.jpg 1086w, https:\/\/www.alteacultural.com\/wp-content\/uploads\/2023\/06\/Musica_a_Boqueta_Nit_2023_Cartell-01-1448x2048.jpg 1448w\" data-sizes=\"(max-width: 750px) 100vw, 750px\" src=\"data:image\/gif;base64,R0lGODlhAQABAAAAACH5BAEKAAEALAAAAAABAAEAAAICTAEAOw==\" style=\"--smush-placeholder-width: 750px; --smush-placeholder-aspect-ratio: 750\/1060;\" \/><\/p>\n","protected":false},"excerpt":{"rendered":"<p>24-ago | 21:00 | Auditori Pla\u00e7a de l&#8217;Aigua Connecta Percussi\u00f3. Es un grupo de percusi\u00f3n con dos j\u00f3venes promesas, [&hellip;]<\/p>\n","protected":false},"author":1,"featured_media":26229,"comment_status":"open","ping_status":"closed","template":"","meta":{"_expiration-date-status":"","_expiration-date":0,"_expiration-date-type":"","_expiration-date-categories":[],"_expiration-date-options":[]},"yoast_head":"<!-- This site is optimized with the Yoast SEO plugin v22.8 - https:\/\/yoast.com\/wordpress\/plugins\/seo\/ -->\n<title>Connecta Percussi\u00f3 - M\u00fasica a Boqueta Nit 2023 - Altea Cultural<\/title>\n<meta name=\"robots\" content=\"index, follow, max-snippet:-1, max-image-preview:large, max-video-preview:-1\" \/>\n<link rel=\"canonical\" href=\"https:\/\/www.alteacultural.com\/es\/events\/connecta-percussio-musica-a-boqueta-nit-2023\/\" \/>\n<meta property=\"og:locale\" content=\"es_ES\" \/>\n<meta property=\"og:type\" content=\"article\" \/>\n<meta property=\"og:title\" content=\"Connecta Percussi\u00f3 - M\u00fasica a Boqueta Nit 2023 - Altea Cultural\" \/>\n<meta property=\"og:description\" content=\"24-ago | 21:00 | Auditori Pla\u00e7a de l&#8217;Aigua Connecta Percussi\u00f3. Es un grupo de percusi\u00f3n con dos j\u00f3venes promesas, [&hellip;]\" \/>\n<meta property=\"og:url\" content=\"https:\/\/www.alteacultural.com\/es\/events\/connecta-percussio-musica-a-boqueta-nit-2023\/\" \/>\n<meta property=\"og:site_name\" content=\"Altea Cultural\" \/>\n<meta property=\"article:modified_time\" content=\"2025-06-29T09:50:56+00:00\" \/>\n<meta property=\"og:image\" content=\"https:\/\/www.alteacultural.com\/wp-content\/uploads\/2023\/06\/Musica_a_Boqueta_Nit_2023_Capcalera8-01-scaled.jpg\" \/>\n\t<meta property=\"og:image:width\" content=\"2560\" \/>\n\t<meta property=\"og:image:height\" content=\"947\" \/>\n\t<meta property=\"og:image:type\" content=\"image\/jpeg\" \/>\n<meta name=\"twitter:card\" content=\"summary_large_image\" \/>\n<meta name=\"twitter:label1\" content=\"Tiempo de lectura\" \/>\n\t<meta name=\"twitter:data1\" content=\"1 minuto\" \/>\n<script type=\"application\/ld+json\" class=\"yoast-schema-graph\">{\"@context\":\"https:\/\/schema.org\",\"@graph\":[{\"@type\":\"WebPage\",\"@id\":\"https:\/\/www.alteacultural.com\/es\/events\/connecta-percussio-musica-a-boqueta-nit-2023\/\",\"url\":\"https:\/\/www.alteacultural.com\/es\/events\/connecta-percussio-musica-a-boqueta-nit-2023\/\",\"name\":\"Connecta Percussi\u00f3 - M\u00fasica a Boqueta Nit 2023 - Altea Cultural\",\"isPartOf\":{\"@id\":\"https:\/\/www.alteacultural.com\/es\/#website\"},\"primaryImageOfPage\":{\"@id\":\"https:\/\/www.alteacultural.com\/es\/events\/connecta-percussio-musica-a-boqueta-nit-2023\/#primaryimage\"},\"image\":{\"@id\":\"https:\/\/www.alteacultural.com\/es\/events\/connecta-percussio-musica-a-boqueta-nit-2023\/#primaryimage\"},\"thumbnailUrl\":\"https:\/\/www.alteacultural.com\/wp-content\/uploads\/2023\/06\/Musica_a_Boqueta_Nit_2023_Capcalera8-01-scaled.jpg\",\"datePublished\":\"2023-06-27T08:31:32+00:00\",\"dateModified\":\"2025-06-29T09:50:56+00:00\",\"breadcrumb\":{\"@id\":\"https:\/\/www.alteacultural.com\/es\/events\/connecta-percussio-musica-a-boqueta-nit-2023\/#breadcrumb\"},\"inLanguage\":\"es\",\"potentialAction\":[{\"@type\":\"ReadAction\",\"target\":[\"https:\/\/www.alteacultural.com\/es\/events\/connecta-percussio-musica-a-boqueta-nit-2023\/\"]}]},{\"@type\":\"ImageObject\",\"inLanguage\":\"es\",\"@id\":\"https:\/\/www.alteacultural.com\/es\/events\/connecta-percussio-musica-a-boqueta-nit-2023\/#primaryimage\",\"url\":\"https:\/\/www.alteacultural.com\/wp-content\/uploads\/2023\/06\/Musica_a_Boqueta_Nit_2023_Capcalera8-01-scaled.jpg\",\"contentUrl\":\"https:\/\/www.alteacultural.com\/wp-content\/uploads\/2023\/06\/Musica_a_Boqueta_Nit_2023_Capcalera8-01-scaled.jpg\",\"width\":2560,\"height\":947},{\"@type\":\"BreadcrumbList\",\"@id\":\"https:\/\/www.alteacultural.com\/es\/events\/connecta-percussio-musica-a-boqueta-nit-2023\/#breadcrumb\",\"itemListElement\":[{\"@type\":\"ListItem\",\"position\":1,\"name\":\"Inici\",\"item\":\"https:\/\/www.alteacultural.com\/es\/\"},{\"@type\":\"ListItem\",\"position\":2,\"name\":\"Eventos\",\"item\":\"https:\/\/www.alteacultural.com\/es\/events\/\"},{\"@type\":\"ListItem\",\"position\":3,\"name\":\"Connecta Percussi\u00f3 &#8211; M\u00fasica a Boqueta Nit 2023\"}]},{\"@type\":\"WebSite\",\"@id\":\"https:\/\/www.alteacultural.com\/es\/#website\",\"url\":\"https:\/\/www.alteacultural.com\/es\/\",\"name\":\"Altea Cultural\",\"description\":\"Regidoria de Cultura de l&#039;Ajuntament d&#039;Altea\",\"potentialAction\":[{\"@type\":\"SearchAction\",\"target\":{\"@type\":\"EntryPoint\",\"urlTemplate\":\"https:\/\/www.alteacultural.com\/es\/?s={search_term_string}\"},\"query-input\":\"required name=search_term_string\"}],\"inLanguage\":\"es\"}]}<\/script>\n<!-- \/ Yoast SEO plugin. -->","yoast_head_json":{"title":"Connecta Percussi\u00f3 - M\u00fasica a Boqueta Nit 2023 - Altea Cultural","robots":{"index":"index","follow":"follow","max-snippet":"max-snippet:-1","max-image-preview":"max-image-preview:large","max-video-preview":"max-video-preview:-1"},"canonical":"https:\/\/www.alteacultural.com\/es\/events\/connecta-percussio-musica-a-boqueta-nit-2023\/","og_locale":"es_ES","og_type":"article","og_title":"Connecta Percussi\u00f3 - M\u00fasica a Boqueta Nit 2023 - Altea Cultural","og_description":"24-ago | 21:00 | Auditori Pla\u00e7a de l&#8217;Aigua Connecta Percussi\u00f3. Es un grupo de percusi\u00f3n con dos j\u00f3venes promesas, [&hellip;]","og_url":"https:\/\/www.alteacultural.com\/es\/events\/connecta-percussio-musica-a-boqueta-nit-2023\/","og_site_name":"Altea Cultural","article_modified_time":"2025-06-29T09:50:56+00:00","og_image":[{"width":2560,"height":947,"url":"https:\/\/www.alteacultural.com\/wp-content\/uploads\/2023\/06\/Musica_a_Boqueta_Nit_2023_Capcalera8-01-scaled.jpg","type":"image\/jpeg"}],"twitter_card":"summary_large_image","twitter_misc":{"Tiempo de lectura":"1 minuto"},"schema":{"@context":"https:\/\/schema.org","@graph":[{"@type":"WebPage","@id":"https:\/\/www.alteacultural.com\/es\/events\/connecta-percussio-musica-a-boqueta-nit-2023\/","url":"https:\/\/www.alteacultural.com\/es\/events\/connecta-percussio-musica-a-boqueta-nit-2023\/","name":"Connecta Percussi\u00f3 - M\u00fasica a Boqueta Nit 2023 - Altea Cultural","isPartOf":{"@id":"https:\/\/www.alteacultural.com\/es\/#website"},"primaryImageOfPage":{"@id":"https:\/\/www.alteacultural.com\/es\/events\/connecta-percussio-musica-a-boqueta-nit-2023\/#primaryimage"},"image":{"@id":"https:\/\/www.alteacultural.com\/es\/events\/connecta-percussio-musica-a-boqueta-nit-2023\/#primaryimage"},"thumbnailUrl":"https:\/\/www.alteacultural.com\/wp-content\/uploads\/2023\/06\/Musica_a_Boqueta_Nit_2023_Capcalera8-01-scaled.jpg","datePublished":"2023-06-27T08:31:32+00:00","dateModified":"2025-06-29T09:50:56+00:00","breadcrumb":{"@id":"https:\/\/www.alteacultural.com\/es\/events\/connecta-percussio-musica-a-boqueta-nit-2023\/#breadcrumb"},"inLanguage":"es","potentialAction":[{"@type":"ReadAction","target":["https:\/\/www.alteacultural.com\/es\/events\/connecta-percussio-musica-a-boqueta-nit-2023\/"]}]},{"@type":"ImageObject","inLanguage":"es","@id":"https:\/\/www.alteacultural.com\/es\/events\/connecta-percussio-musica-a-boqueta-nit-2023\/#primaryimage","url":"https:\/\/www.alteacultural.com\/wp-content\/uploads\/2023\/06\/Musica_a_Boqueta_Nit_2023_Capcalera8-01-scaled.jpg","contentUrl":"https:\/\/www.alteacultural.com\/wp-content\/uploads\/2023\/06\/Musica_a_Boqueta_Nit_2023_Capcalera8-01-scaled.jpg","width":2560,"height":947},{"@type":"BreadcrumbList","@id":"https:\/\/www.alteacultural.com\/es\/events\/connecta-percussio-musica-a-boqueta-nit-2023\/#breadcrumb","itemListElement":[{"@type":"ListItem","position":1,"name":"Inici","item":"https:\/\/www.alteacultural.com\/es\/"},{"@type":"ListItem","position":2,"name":"Eventos","item":"https:\/\/www.alteacultural.com\/es\/events\/"},{"@type":"ListItem","position":3,"name":"Connecta Percussi\u00f3 &#8211; M\u00fasica a Boqueta Nit 2023"}]},{"@type":"WebSite","@id":"https:\/\/www.alteacultural.com\/es\/#website","url":"https:\/\/www.alteacultural.com\/es\/","name":"Altea Cultural","description":"Regidoria de Cultura de l&#039;Ajuntament d&#039;Altea","potentialAction":[{"@type":"SearchAction","target":{"@type":"EntryPoint","urlTemplate":"https:\/\/www.alteacultural.com\/es\/?s={search_term_string}"},"query-input":"required name=search_term_string"}],"inLanguage":"es"}]}},"mec_cost":"9 \u20ac (en compra on-line 6 \u20ac)","mec_date":{"start":{"date":"2023-08-24","hour":9,"minutes":"0","ampm":"PM"},"end":{"date":"2023-08-24","hour":6,"minutes":"0","ampm":"PM"},"hide_end_time":"1","comment":"","repeat":{"type":"daily","interval":"1","advanced":"","end":"never","end_at_date":"","end_at_occurrences":"10"}},"_links":{"self":[{"href":"https:\/\/www.alteacultural.com\/es\/wp-json\/wp\/v2\/mec-events\/26340"}],"collection":[{"href":"https:\/\/www.alteacultural.com\/es\/wp-json\/wp\/v2\/mec-events"}],"about":[{"href":"https:\/\/www.alteacultural.com\/es\/wp-json\/wp\/v2\/types\/mec-events"}],"author":[{"embeddable":true,"href":"https:\/\/www.alteacultural.com\/es\/wp-json\/wp\/v2\/users\/1"}],"replies":[{"embeddable":true,"href":"https:\/\/www.alteacultural.com\/es\/wp-json\/wp\/v2\/comments?post=26340"}],"wp:featuredmedia":[{"embeddable":true,"href":"https:\/\/www.alteacultural.com\/es\/wp-json\/wp\/v2\/media\/26229"}],"wp:attachment":[{"href":"https:\/\/www.alteacultural.com\/es\/wp-json\/wp\/v2\/media?parent=26340"}],"curies":[{"name":"wp","href":"https:\/\/api.w.org\/{rel}","templated":true}]}}