{"id":27002,"date":"2023-07-26T10:02:41","date_gmt":"2023-07-26T08:02:41","guid":{"rendered":"https:\/\/www.alteacultural.com\/events\/teatre-los-desiertos-crecen-de-noche\/"},"modified":"2023-08-27T10:21:35","modified_gmt":"2023-08-27T08:21:35","slug":"teatre-los-desiertos-crecen-de-noche","status":"publish","type":"mec-events","link":"https:\/\/www.alteacultural.com\/es\/events\/teatre-los-desiertos-crecen-de-noche\/","title":{"rendered":"[\u274cCANCELADO] Teatro: \u00abLos desiertos crecen de noche\u00bb"},"content":{"rendered":"<p><span style=\"color: #ff0000;\"><strong>EVENTO CANCELADO<\/strong><\/span><\/p>\n<p><strong>30 sep | 19:30 | Palau Altea<\/strong><\/p>\n<p>Una banda de m\u00fasica se pierde en su propia m\u00fasica. Rodolfo y Ludovina nunca llegan a besarse. Un director de teatro lucha con el tigre que lleva dentro. Una lectora descubre sus sue\u00f1os m\u00e1s \u00edntimos en la novela de un autor desconocido\u2026 Cuando las palabras nos abandonan, \u00bfel vac\u00edo podr\u00eda devorarnos? Los personajes viajan en un laberinto de historias, que recorre la tem\u00e1tica m\u00e1s pura del teatro breve de Jos\u00e9 Sanchis Sinisterra. En la jungla del lenguaje acechan mil peligros. Nada es lo que parece. Ya somos muchos. El tiempo se desmelena. La necesidad del otro. La soledad. El Juego. Y el espectador\u2026 un jugador m\u00e1s. Ah\u00ed est\u00e1, vac\u00edo, cerrar los ojos, instrucciones, presencia, carta, de tigres, espejismos y abandonos son las diez piezas breves que componen el espect\u00e1culo.<\/p>\n<p>&nbsp;<\/p>\n<p>FICHA ART\u00cdSTICA:<\/p>\n<p>Autor Jos\u00e9 Sanch\u00eds Sinisterra<\/p>\n<p>Direcci\u00f3n Clara Sanch\u00eds y David Lorente<\/p>\n<p>REPARTO:<\/p>\n<p>David Lorente<\/p>\n<p>Clara Sanch\u00eds<\/p>\n<p>Jos\u00e9 Luis Pati\u00f1o<\/p>\n<p>Concha Delgado<\/p>\n<p>Producciones Art\u00edsticas Triana.<\/p>\n<p>Duraci\u00f3n: 95 min.<\/p>\n<p>Edad recomendada: A partir de 18 a\u00f1os.<\/p>\n<p>Entrada 17\u20ac \/ 19\u20ac.<\/p>\n<p>&nbsp;<\/p>\n<p><img fetchpriority=\"high\" decoding=\"async\" class=\"aligncenter wp-image-26998\" src=\"https:\/\/www.alteacultural.com\/wp-content\/uploads\/2023\/07\/Losdesiertoscrecendenoche.jpg\" alt=\"\" width=\"750\" height=\"750\" srcset=\"https:\/\/www.alteacultural.com\/wp-content\/uploads\/2023\/07\/Losdesiertoscrecendenoche.jpg 500w, https:\/\/www.alteacultural.com\/wp-content\/uploads\/2023\/07\/Losdesiertoscrecendenoche-300x300.jpg 300w\" sizes=\"(max-width: 750px) 100vw, 750px\" \/><\/p>\n","protected":false},"excerpt":{"rendered":"<p>EVENTO CANCELADO 30 sep | 19:30 | Palau Altea Una banda de m\u00fasica se pierde en su propia m\u00fasica. [&hellip;]<\/p>\n","protected":false},"author":1,"featured_media":27001,"comment_status":"open","ping_status":"closed","template":"","meta":{"_expiration-date-status":"","_expiration-date":0,"_expiration-date-type":"","_expiration-date-categories":[],"_expiration-date-options":[]},"yoast_head":"<!-- This site is optimized with the Yoast SEO plugin v22.8 - https:\/\/yoast.com\/wordpress\/plugins\/seo\/ -->\n<title>[\u274cCANCELADO] Teatro: &quot;Los desiertos crecen de noche&quot; - Altea Cultural<\/title>\n<meta name=\"robots\" content=\"index, follow, max-snippet:-1, max-image-preview:large, max-video-preview:-1\" \/>\n<link rel=\"canonical\" href=\"https:\/\/www.alteacultural.com\/es\/events\/teatre-los-desiertos-crecen-de-noche\/\" \/>\n<meta property=\"og:locale\" content=\"es_ES\" \/>\n<meta property=\"og:type\" content=\"article\" \/>\n<meta property=\"og:title\" content=\"[\u274cCANCELADO] Teatro: &quot;Los desiertos crecen de noche&quot; - Altea Cultural\" \/>\n<meta property=\"og:description\" content=\"EVENTO CANCELADO 30 sep | 19:30 | Palau Altea Una banda de m\u00fasica se pierde en su propia m\u00fasica. [&hellip;]\" \/>\n<meta property=\"og:url\" content=\"https:\/\/www.alteacultural.com\/es\/events\/teatre-los-desiertos-crecen-de-noche\/\" \/>\n<meta property=\"og:site_name\" content=\"Altea Cultural\" \/>\n<meta property=\"article:modified_time\" content=\"2023-08-27T08:21:35+00:00\" \/>\n<meta property=\"og:image\" content=\"https:\/\/www.alteacultural.com\/wp-content\/uploads\/2023\/07\/2023.09.30Losdesiertosbanne.jpg\" \/>\n\t<meta property=\"og:image:width\" content=\"484\" \/>\n\t<meta property=\"og:image:height\" content=\"212\" \/>\n\t<meta property=\"og:image:type\" content=\"image\/jpeg\" \/>\n<meta name=\"twitter:card\" content=\"summary_large_image\" \/>\n<meta name=\"twitter:label1\" content=\"Tiempo de lectura\" \/>\n\t<meta name=\"twitter:data1\" content=\"1 minuto\" \/>\n<script type=\"application\/ld+json\" class=\"yoast-schema-graph\">{\"@context\":\"https:\/\/schema.org\",\"@graph\":[{\"@type\":\"WebPage\",\"@id\":\"https:\/\/www.alteacultural.com\/es\/events\/teatre-los-desiertos-crecen-de-noche\/\",\"url\":\"https:\/\/www.alteacultural.com\/es\/events\/teatre-los-desiertos-crecen-de-noche\/\",\"name\":\"[\u274cCANCELADO] Teatro: \\\"Los desiertos crecen de noche\\\" - Altea Cultural\",\"isPartOf\":{\"@id\":\"https:\/\/www.alteacultural.com\/es\/#website\"},\"primaryImageOfPage\":{\"@id\":\"https:\/\/www.alteacultural.com\/es\/events\/teatre-los-desiertos-crecen-de-noche\/#primaryimage\"},\"image\":{\"@id\":\"https:\/\/www.alteacultural.com\/es\/events\/teatre-los-desiertos-crecen-de-noche\/#primaryimage\"},\"thumbnailUrl\":\"https:\/\/www.alteacultural.com\/wp-content\/uploads\/2023\/07\/2023.09.30Losdesiertosbanne.jpg\",\"datePublished\":\"2023-07-26T08:02:41+00:00\",\"dateModified\":\"2023-08-27T08:21:35+00:00\",\"breadcrumb\":{\"@id\":\"https:\/\/www.alteacultural.com\/es\/events\/teatre-los-desiertos-crecen-de-noche\/#breadcrumb\"},\"inLanguage\":\"es\",\"potentialAction\":[{\"@type\":\"ReadAction\",\"target\":[\"https:\/\/www.alteacultural.com\/es\/events\/teatre-los-desiertos-crecen-de-noche\/\"]}]},{\"@type\":\"ImageObject\",\"inLanguage\":\"es\",\"@id\":\"https:\/\/www.alteacultural.com\/es\/events\/teatre-los-desiertos-crecen-de-noche\/#primaryimage\",\"url\":\"https:\/\/www.alteacultural.com\/wp-content\/uploads\/2023\/07\/2023.09.30Losdesiertosbanne.jpg\",\"contentUrl\":\"https:\/\/www.alteacultural.com\/wp-content\/uploads\/2023\/07\/2023.09.30Losdesiertosbanne.jpg\",\"width\":484,\"height\":212},{\"@type\":\"BreadcrumbList\",\"@id\":\"https:\/\/www.alteacultural.com\/es\/events\/teatre-los-desiertos-crecen-de-noche\/#breadcrumb\",\"itemListElement\":[{\"@type\":\"ListItem\",\"position\":1,\"name\":\"Inici\",\"item\":\"https:\/\/www.alteacultural.com\/es\/\"},{\"@type\":\"ListItem\",\"position\":2,\"name\":\"Eventos\",\"item\":\"https:\/\/www.alteacultural.com\/es\/events\/\"},{\"@type\":\"ListItem\",\"position\":3,\"name\":\"[\u274cCANCELADO] Teatro: &#8220;Los desiertos crecen de noche&#8221;\"}]},{\"@type\":\"WebSite\",\"@id\":\"https:\/\/www.alteacultural.com\/es\/#website\",\"url\":\"https:\/\/www.alteacultural.com\/es\/\",\"name\":\"Altea Cultural\",\"description\":\"Regidoria de Cultura de l&#039;Ajuntament d&#039;Altea\",\"potentialAction\":[{\"@type\":\"SearchAction\",\"target\":{\"@type\":\"EntryPoint\",\"urlTemplate\":\"https:\/\/www.alteacultural.com\/es\/?s={search_term_string}\"},\"query-input\":\"required name=search_term_string\"}],\"inLanguage\":\"es\"}]}<\/script>\n<!-- \/ Yoast SEO plugin. -->","yoast_head_json":{"title":"[\u274cCANCELADO] Teatro: \"Los desiertos crecen de noche\" - Altea Cultural","robots":{"index":"index","follow":"follow","max-snippet":"max-snippet:-1","max-image-preview":"max-image-preview:large","max-video-preview":"max-video-preview:-1"},"canonical":"https:\/\/www.alteacultural.com\/es\/events\/teatre-los-desiertos-crecen-de-noche\/","og_locale":"es_ES","og_type":"article","og_title":"[\u274cCANCELADO] Teatro: \"Los desiertos crecen de noche\" - Altea Cultural","og_description":"EVENTO CANCELADO 30 sep | 19:30 | Palau Altea Una banda de m\u00fasica se pierde en su propia m\u00fasica. [&hellip;]","og_url":"https:\/\/www.alteacultural.com\/es\/events\/teatre-los-desiertos-crecen-de-noche\/","og_site_name":"Altea Cultural","article_modified_time":"2023-08-27T08:21:35+00:00","og_image":[{"width":484,"height":212,"url":"https:\/\/www.alteacultural.com\/wp-content\/uploads\/2023\/07\/2023.09.30Losdesiertosbanne.jpg","type":"image\/jpeg"}],"twitter_card":"summary_large_image","twitter_misc":{"Tiempo de lectura":"1 minuto"},"schema":{"@context":"https:\/\/schema.org","@graph":[{"@type":"WebPage","@id":"https:\/\/www.alteacultural.com\/es\/events\/teatre-los-desiertos-crecen-de-noche\/","url":"https:\/\/www.alteacultural.com\/es\/events\/teatre-los-desiertos-crecen-de-noche\/","name":"[\u274cCANCELADO] Teatro: \"Los desiertos crecen de noche\" - Altea Cultural","isPartOf":{"@id":"https:\/\/www.alteacultural.com\/es\/#website"},"primaryImageOfPage":{"@id":"https:\/\/www.alteacultural.com\/es\/events\/teatre-los-desiertos-crecen-de-noche\/#primaryimage"},"image":{"@id":"https:\/\/www.alteacultural.com\/es\/events\/teatre-los-desiertos-crecen-de-noche\/#primaryimage"},"thumbnailUrl":"https:\/\/www.alteacultural.com\/wp-content\/uploads\/2023\/07\/2023.09.30Losdesiertosbanne.jpg","datePublished":"2023-07-26T08:02:41+00:00","dateModified":"2023-08-27T08:21:35+00:00","breadcrumb":{"@id":"https:\/\/www.alteacultural.com\/es\/events\/teatre-los-desiertos-crecen-de-noche\/#breadcrumb"},"inLanguage":"es","potentialAction":[{"@type":"ReadAction","target":["https:\/\/www.alteacultural.com\/es\/events\/teatre-los-desiertos-crecen-de-noche\/"]}]},{"@type":"ImageObject","inLanguage":"es","@id":"https:\/\/www.alteacultural.com\/es\/events\/teatre-los-desiertos-crecen-de-noche\/#primaryimage","url":"https:\/\/www.alteacultural.com\/wp-content\/uploads\/2023\/07\/2023.09.30Losdesiertosbanne.jpg","contentUrl":"https:\/\/www.alteacultural.com\/wp-content\/uploads\/2023\/07\/2023.09.30Losdesiertosbanne.jpg","width":484,"height":212},{"@type":"BreadcrumbList","@id":"https:\/\/www.alteacultural.com\/es\/events\/teatre-los-desiertos-crecen-de-noche\/#breadcrumb","itemListElement":[{"@type":"ListItem","position":1,"name":"Inici","item":"https:\/\/www.alteacultural.com\/es\/"},{"@type":"ListItem","position":2,"name":"Eventos","item":"https:\/\/www.alteacultural.com\/es\/events\/"},{"@type":"ListItem","position":3,"name":"[\u274cCANCELADO] Teatro: &#8220;Los desiertos crecen de noche&#8221;"}]},{"@type":"WebSite","@id":"https:\/\/www.alteacultural.com\/es\/#website","url":"https:\/\/www.alteacultural.com\/es\/","name":"Altea Cultural","description":"Regidoria de Cultura de l&#039;Ajuntament d&#039;Altea","potentialAction":[{"@type":"SearchAction","target":{"@type":"EntryPoint","urlTemplate":"https:\/\/www.alteacultural.com\/es\/?s={search_term_string}"},"query-input":"required name=search_term_string"}],"inLanguage":"es"}]}},"mec_cost":"17\u20ac \/ 19\u20ac","mec_date":{"start":{"date":"2023-09-30","hour":7,"minutes":"30","ampm":"PM"},"end":{"date":"2023-09-30","hour":9,"minutes":"5","ampm":"PM"},"comment":"","repeat":{"type":"daily","interval":"1","advanced":"","end":"never","end_at_date":"","end_at_occurrences":"10"}},"_links":{"self":[{"href":"https:\/\/www.alteacultural.com\/es\/wp-json\/wp\/v2\/mec-events\/27002"}],"collection":[{"href":"https:\/\/www.alteacultural.com\/es\/wp-json\/wp\/v2\/mec-events"}],"about":[{"href":"https:\/\/www.alteacultural.com\/es\/wp-json\/wp\/v2\/types\/mec-events"}],"author":[{"embeddable":true,"href":"https:\/\/www.alteacultural.com\/es\/wp-json\/wp\/v2\/users\/1"}],"replies":[{"embeddable":true,"href":"https:\/\/www.alteacultural.com\/es\/wp-json\/wp\/v2\/comments?post=27002"}],"wp:featuredmedia":[{"embeddable":true,"href":"https:\/\/www.alteacultural.com\/es\/wp-json\/wp\/v2\/media\/27001"}],"wp:attachment":[{"href":"https:\/\/www.alteacultural.com\/es\/wp-json\/wp\/v2\/media?parent=27002"}],"curies":[{"name":"wp","href":"https:\/\/api.w.org\/{rel}","templated":true}]}}