{"id":27042,"date":"2023-07-28T12:24:47","date_gmt":"2023-07-28T10:24:47","guid":{"rendered":"https:\/\/www.alteacultural.com\/events\/encanto-tributo-musical\/"},"modified":"2023-11-01T21:44:08","modified_gmt":"2023-11-01T20:44:08","slug":"encanto-tributo-musical","status":"publish","type":"mec-events","link":"https:\/\/www.alteacultural.com\/es\/events\/encanto-tributo-musical\/","title":{"rendered":"\u00abEncanto\u00bb. Tributo musical"},"content":{"rendered":"<p><strong>05-nov | 12:30 | Palau Altea<\/strong><\/p>\n<p>En lo alto de las monta\u00f1as de Colombia, hay un lugar extraordiario llamado \u201cEncanto\u201d. Aqu\u00ed, en una casa m\u00e1gica, vive la extraordinaria familia Madrigal donde todos sus miembros tienen habilidades fant\u00e1sticas&#8230; excepto uno. Ella es una chica llamada Mirabel, que har\u00e1 todo lo que sea para enorgullecer y, sobre todo, salvar a su familia.<\/p>\n<p>Cia La Barbarie Teatro Musical.<\/p>\n<p>DURACI\u00d3N: 90 minutos.<\/p>\n<p>EDAD RECOMENDADA: Para todos los p\u00fablicos.<\/p>\n<p>Entrada: 17\/20 \u20ac<\/p>\n<p>&nbsp;<\/p>\n<p><img fetchpriority=\"high\" decoding=\"async\" class=\"aligncenter wp-image-27038\" src=\"https:\/\/www.alteacultural.com\/wp-content\/uploads\/2023\/07\/encanto-tributo-musical-cartel.jpg\" alt=\"\" width=\"750\" height=\"1061\" srcset=\"https:\/\/www.alteacultural.com\/wp-content\/uploads\/2023\/07\/encanto-tributo-musical-cartel.jpg 1240w, https:\/\/www.alteacultural.com\/wp-content\/uploads\/2023\/07\/encanto-tributo-musical-cartel-768x1086.jpg 768w, https:\/\/www.alteacultural.com\/wp-content\/uploads\/2023\/07\/encanto-tributo-musical-cartel-1086x1536.jpg 1086w\" sizes=\"(max-width: 750px) 100vw, 750px\" \/><\/p>\n","protected":false},"excerpt":{"rendered":"<p>05-nov | 12:30 | Palau Altea En lo alto de las monta\u00f1as de Colombia, hay un lugar extraordiario llamado [&hellip;]<\/p>\n","protected":false},"author":1,"featured_media":27041,"comment_status":"open","ping_status":"closed","template":"","meta":{"_expiration-date-status":"","_expiration-date":0,"_expiration-date-type":"","_expiration-date-categories":[],"_expiration-date-options":[]},"yoast_head":"<!-- This site is optimized with the Yoast SEO plugin v22.8 - https:\/\/yoast.com\/wordpress\/plugins\/seo\/ -->\n<title>&quot;Encanto&quot;. Tributo musical - Altea Cultural<\/title>\n<meta name=\"robots\" content=\"index, follow, max-snippet:-1, max-image-preview:large, max-video-preview:-1\" \/>\n<link rel=\"canonical\" href=\"https:\/\/www.alteacultural.com\/es\/events\/encanto-tributo-musical\/\" \/>\n<meta property=\"og:locale\" content=\"es_ES\" \/>\n<meta property=\"og:type\" content=\"article\" \/>\n<meta property=\"og:title\" content=\"&quot;Encanto&quot;. Tributo musical - Altea Cultural\" \/>\n<meta property=\"og:description\" content=\"05-nov | 12:30 | Palau Altea En lo alto de las monta\u00f1as de Colombia, hay un lugar extraordiario llamado [&hellip;]\" \/>\n<meta property=\"og:url\" content=\"https:\/\/www.alteacultural.com\/es\/events\/encanto-tributo-musical\/\" \/>\n<meta property=\"og:site_name\" content=\"Altea Cultural\" \/>\n<meta property=\"article:modified_time\" content=\"2023-11-01T20:44:08+00:00\" \/>\n<meta property=\"og:image\" content=\"https:\/\/www.alteacultural.com\/wp-content\/uploads\/2023\/07\/2023.11.05Encantobanner.jpg\" \/>\n\t<meta property=\"og:image:width\" content=\"1200\" \/>\n\t<meta property=\"og:image:height\" content=\"319\" \/>\n\t<meta property=\"og:image:type\" content=\"image\/jpeg\" \/>\n<meta name=\"twitter:card\" content=\"summary_large_image\" \/>\n<meta name=\"twitter:label1\" content=\"Tiempo de lectura\" \/>\n\t<meta name=\"twitter:data1\" content=\"1 minuto\" \/>\n<script type=\"application\/ld+json\" class=\"yoast-schema-graph\">{\"@context\":\"https:\/\/schema.org\",\"@graph\":[{\"@type\":\"WebPage\",\"@id\":\"https:\/\/www.alteacultural.com\/es\/events\/encanto-tributo-musical\/\",\"url\":\"https:\/\/www.alteacultural.com\/es\/events\/encanto-tributo-musical\/\",\"name\":\"\\\"Encanto\\\". Tributo musical - Altea Cultural\",\"isPartOf\":{\"@id\":\"https:\/\/www.alteacultural.com\/es\/#website\"},\"primaryImageOfPage\":{\"@id\":\"https:\/\/www.alteacultural.com\/es\/events\/encanto-tributo-musical\/#primaryimage\"},\"image\":{\"@id\":\"https:\/\/www.alteacultural.com\/es\/events\/encanto-tributo-musical\/#primaryimage\"},\"thumbnailUrl\":\"https:\/\/www.alteacultural.com\/wp-content\/uploads\/2023\/07\/2023.11.05Encantobanner.jpg\",\"datePublished\":\"2023-07-28T10:24:47+00:00\",\"dateModified\":\"2023-11-01T20:44:08+00:00\",\"breadcrumb\":{\"@id\":\"https:\/\/www.alteacultural.com\/es\/events\/encanto-tributo-musical\/#breadcrumb\"},\"inLanguage\":\"es\",\"potentialAction\":[{\"@type\":\"ReadAction\",\"target\":[\"https:\/\/www.alteacultural.com\/es\/events\/encanto-tributo-musical\/\"]}]},{\"@type\":\"ImageObject\",\"inLanguage\":\"es\",\"@id\":\"https:\/\/www.alteacultural.com\/es\/events\/encanto-tributo-musical\/#primaryimage\",\"url\":\"https:\/\/www.alteacultural.com\/wp-content\/uploads\/2023\/07\/2023.11.05Encantobanner.jpg\",\"contentUrl\":\"https:\/\/www.alteacultural.com\/wp-content\/uploads\/2023\/07\/2023.11.05Encantobanner.jpg\",\"width\":1200,\"height\":319},{\"@type\":\"BreadcrumbList\",\"@id\":\"https:\/\/www.alteacultural.com\/es\/events\/encanto-tributo-musical\/#breadcrumb\",\"itemListElement\":[{\"@type\":\"ListItem\",\"position\":1,\"name\":\"Inici\",\"item\":\"https:\/\/www.alteacultural.com\/es\/\"},{\"@type\":\"ListItem\",\"position\":2,\"name\":\"Eventos\",\"item\":\"https:\/\/www.alteacultural.com\/es\/events\/\"},{\"@type\":\"ListItem\",\"position\":3,\"name\":\"&#8220;Encanto&#8221;. Tributo musical\"}]},{\"@type\":\"WebSite\",\"@id\":\"https:\/\/www.alteacultural.com\/es\/#website\",\"url\":\"https:\/\/www.alteacultural.com\/es\/\",\"name\":\"Altea Cultural\",\"description\":\"Regidoria de Cultura de l&#039;Ajuntament d&#039;Altea\",\"potentialAction\":[{\"@type\":\"SearchAction\",\"target\":{\"@type\":\"EntryPoint\",\"urlTemplate\":\"https:\/\/www.alteacultural.com\/es\/?s={search_term_string}\"},\"query-input\":\"required name=search_term_string\"}],\"inLanguage\":\"es\"}]}<\/script>\n<!-- \/ Yoast SEO plugin. -->","yoast_head_json":{"title":"\"Encanto\". Tributo musical - Altea Cultural","robots":{"index":"index","follow":"follow","max-snippet":"max-snippet:-1","max-image-preview":"max-image-preview:large","max-video-preview":"max-video-preview:-1"},"canonical":"https:\/\/www.alteacultural.com\/es\/events\/encanto-tributo-musical\/","og_locale":"es_ES","og_type":"article","og_title":"\"Encanto\". Tributo musical - Altea Cultural","og_description":"05-nov | 12:30 | Palau Altea En lo alto de las monta\u00f1as de Colombia, hay un lugar extraordiario llamado [&hellip;]","og_url":"https:\/\/www.alteacultural.com\/es\/events\/encanto-tributo-musical\/","og_site_name":"Altea Cultural","article_modified_time":"2023-11-01T20:44:08+00:00","og_image":[{"width":1200,"height":319,"url":"https:\/\/www.alteacultural.com\/wp-content\/uploads\/2023\/07\/2023.11.05Encantobanner.jpg","type":"image\/jpeg"}],"twitter_card":"summary_large_image","twitter_misc":{"Tiempo de lectura":"1 minuto"},"schema":{"@context":"https:\/\/schema.org","@graph":[{"@type":"WebPage","@id":"https:\/\/www.alteacultural.com\/es\/events\/encanto-tributo-musical\/","url":"https:\/\/www.alteacultural.com\/es\/events\/encanto-tributo-musical\/","name":"\"Encanto\". Tributo musical - Altea Cultural","isPartOf":{"@id":"https:\/\/www.alteacultural.com\/es\/#website"},"primaryImageOfPage":{"@id":"https:\/\/www.alteacultural.com\/es\/events\/encanto-tributo-musical\/#primaryimage"},"image":{"@id":"https:\/\/www.alteacultural.com\/es\/events\/encanto-tributo-musical\/#primaryimage"},"thumbnailUrl":"https:\/\/www.alteacultural.com\/wp-content\/uploads\/2023\/07\/2023.11.05Encantobanner.jpg","datePublished":"2023-07-28T10:24:47+00:00","dateModified":"2023-11-01T20:44:08+00:00","breadcrumb":{"@id":"https:\/\/www.alteacultural.com\/es\/events\/encanto-tributo-musical\/#breadcrumb"},"inLanguage":"es","potentialAction":[{"@type":"ReadAction","target":["https:\/\/www.alteacultural.com\/es\/events\/encanto-tributo-musical\/"]}]},{"@type":"ImageObject","inLanguage":"es","@id":"https:\/\/www.alteacultural.com\/es\/events\/encanto-tributo-musical\/#primaryimage","url":"https:\/\/www.alteacultural.com\/wp-content\/uploads\/2023\/07\/2023.11.05Encantobanner.jpg","contentUrl":"https:\/\/www.alteacultural.com\/wp-content\/uploads\/2023\/07\/2023.11.05Encantobanner.jpg","width":1200,"height":319},{"@type":"BreadcrumbList","@id":"https:\/\/www.alteacultural.com\/es\/events\/encanto-tributo-musical\/#breadcrumb","itemListElement":[{"@type":"ListItem","position":1,"name":"Inici","item":"https:\/\/www.alteacultural.com\/es\/"},{"@type":"ListItem","position":2,"name":"Eventos","item":"https:\/\/www.alteacultural.com\/es\/events\/"},{"@type":"ListItem","position":3,"name":"&#8220;Encanto&#8221;. Tributo musical"}]},{"@type":"WebSite","@id":"https:\/\/www.alteacultural.com\/es\/#website","url":"https:\/\/www.alteacultural.com\/es\/","name":"Altea Cultural","description":"Regidoria de Cultura de l&#039;Ajuntament d&#039;Altea","potentialAction":[{"@type":"SearchAction","target":{"@type":"EntryPoint","urlTemplate":"https:\/\/www.alteacultural.com\/es\/?s={search_term_string}"},"query-input":"required name=search_term_string"}],"inLanguage":"es"}]}},"mec_cost":"17\/20 \u20ac","mec_date":{"start":{"date":"2023-11-05","hour":"12","minutes":"30","ampm":"PM"},"end":{"date":"2023-11-05","hour":2,"minutes":"0","ampm":"PM"},"comment":"","repeat":{"type":"daily","interval":"1","advanced":"","end":"never","end_at_date":"","end_at_occurrences":"10"}},"_links":{"self":[{"href":"https:\/\/www.alteacultural.com\/es\/wp-json\/wp\/v2\/mec-events\/27042"}],"collection":[{"href":"https:\/\/www.alteacultural.com\/es\/wp-json\/wp\/v2\/mec-events"}],"about":[{"href":"https:\/\/www.alteacultural.com\/es\/wp-json\/wp\/v2\/types\/mec-events"}],"author":[{"embeddable":true,"href":"https:\/\/www.alteacultural.com\/es\/wp-json\/wp\/v2\/users\/1"}],"replies":[{"embeddable":true,"href":"https:\/\/www.alteacultural.com\/es\/wp-json\/wp\/v2\/comments?post=27042"}],"wp:featuredmedia":[{"embeddable":true,"href":"https:\/\/www.alteacultural.com\/es\/wp-json\/wp\/v2\/media\/27041"}],"wp:attachment":[{"href":"https:\/\/www.alteacultural.com\/es\/wp-json\/wp\/v2\/media?parent=27042"}],"curies":[{"name":"wp","href":"https:\/\/api.w.org\/{rel}","templated":true}]}}