{"id":27062,"date":"2023-07-31T08:58:20","date_gmt":"2023-07-31T06:58:20","guid":{"rendered":"https:\/\/www.alteacultural.com\/events\/teatre-musical-viento-del-este-tributo-a-mary-poppins\/"},"modified":"2023-11-08T12:58:13","modified_gmt":"2023-11-08T11:58:13","slug":"teatre-musical-viento-del-este-tributo-a-mary-poppins","status":"publish","type":"mec-events","link":"https:\/\/www.alteacultural.com\/es\/events\/teatre-musical-viento-del-este-tributo-a-mary-poppins\/","title":{"rendered":"Teatro musical: \u00abViento del este\u00bb &#8211; Tributo a Mary Poppins"},"content":{"rendered":"<p><strong>11-nov | 18:00 | Palau Altea<\/strong><\/p>\n<p>LA MAGIA Y LA DIVERSI\u00d3N LLEGAN A ALTEA DE LA MANO DE MARY POPPINS.<\/p>\n<p>Una puesta en escena espectacular, con un amplio reparto de 17 actores, podr\u00e1s cantar, o por lo menos tararear las canciones que nos han acompa\u00f1ado siempre como \u201cSupercalifragilisticoexpialidoso\u201d, \u201cUn poco de az\u00facar\u201d, \u201cPr\u00e1cticamente perfecta\u201d,\u2026 todo con voces en directo.<\/p>\n<p>VIENTO DEL ESTE es un espect\u00e1culo encantador que har\u00e1 las delicias de peque\u00f1os y mayores.<\/p>\n<p>Cia. Espect\u00e1culos 360.<\/p>\n<p>DURACI\u00d3N: 80 minutos.<\/p>\n<p>EDAD RECOMENDADA: Para todos los p\u00fablicos.<\/p>\n<p>Entrada: 13\/15 \u20ac<\/p>\n<p>&nbsp;<\/p>\n<p><img fetchpriority=\"high\" decoding=\"async\" class=\"aligncenter wp-image-27058\" src=\"https:\/\/www.alteacultural.com\/wp-content\/uploads\/2023\/07\/Vientodeleste-Cartel.jpg\" alt=\"\" width=\"750\" height=\"1011\" srcset=\"https:\/\/www.alteacultural.com\/wp-content\/uploads\/2023\/07\/Vientodeleste-Cartel.jpg 1078w, https:\/\/www.alteacultural.com\/wp-content\/uploads\/2023\/07\/Vientodeleste-Cartel-768x1035.jpg 768w\" sizes=\"(max-width: 750px) 100vw, 750px\" \/><\/p>\n","protected":false},"excerpt":{"rendered":"<p>11-nov | 18:00 | Palau Altea LA MAGIA Y LA DIVERSI\u00d3N LLEGAN A ALTEA DE LA MANO DE MARY [&hellip;]<\/p>\n","protected":false},"author":1,"featured_media":27061,"comment_status":"open","ping_status":"closed","template":"","meta":{"_expiration-date-status":"","_expiration-date":0,"_expiration-date-type":"","_expiration-date-categories":[],"_expiration-date-options":[]},"yoast_head":"<!-- This site is optimized with the Yoast SEO plugin v22.8 - https:\/\/yoast.com\/wordpress\/plugins\/seo\/ -->\n<title>Teatro musical: &quot;Viento del este&quot; - Tributo a Mary Poppins - Altea Cultural<\/title>\n<meta name=\"robots\" content=\"index, follow, max-snippet:-1, max-image-preview:large, max-video-preview:-1\" \/>\n<link rel=\"canonical\" href=\"https:\/\/www.alteacultural.com\/es\/events\/teatre-musical-viento-del-este-tributo-a-mary-poppins\/\" \/>\n<meta property=\"og:locale\" content=\"es_ES\" \/>\n<meta property=\"og:type\" content=\"article\" \/>\n<meta property=\"og:title\" content=\"Teatro musical: &quot;Viento del este&quot; - Tributo a Mary Poppins - Altea Cultural\" \/>\n<meta property=\"og:description\" content=\"11-nov | 18:00 | Palau Altea LA MAGIA Y LA DIVERSI\u00d3N LLEGAN A ALTEA DE LA MANO DE MARY [&hellip;]\" \/>\n<meta property=\"og:url\" content=\"https:\/\/www.alteacultural.com\/es\/events\/teatre-musical-viento-del-este-tributo-a-mary-poppins\/\" \/>\n<meta property=\"og:site_name\" content=\"Altea Cultural\" \/>\n<meta property=\"article:modified_time\" content=\"2023-11-08T11:58:13+00:00\" \/>\n<meta property=\"og:image\" content=\"https:\/\/www.alteacultural.com\/wp-content\/uploads\/2023\/07\/2023.11.11-Vientodeleste-ba.jpg\" \/>\n\t<meta property=\"og:image:width\" content=\"1034\" \/>\n\t<meta property=\"og:image:height\" content=\"429\" \/>\n\t<meta property=\"og:image:type\" content=\"image\/jpeg\" \/>\n<meta name=\"twitter:card\" content=\"summary_large_image\" \/>\n<meta name=\"twitter:label1\" content=\"Tiempo de lectura\" \/>\n\t<meta name=\"twitter:data1\" content=\"1 minuto\" \/>\n<script type=\"application\/ld+json\" class=\"yoast-schema-graph\">{\"@context\":\"https:\/\/schema.org\",\"@graph\":[{\"@type\":\"WebPage\",\"@id\":\"https:\/\/www.alteacultural.com\/es\/events\/teatre-musical-viento-del-este-tributo-a-mary-poppins\/\",\"url\":\"https:\/\/www.alteacultural.com\/es\/events\/teatre-musical-viento-del-este-tributo-a-mary-poppins\/\",\"name\":\"Teatro musical: \\\"Viento del este\\\" - Tributo a Mary Poppins - Altea Cultural\",\"isPartOf\":{\"@id\":\"https:\/\/www.alteacultural.com\/es\/#website\"},\"primaryImageOfPage\":{\"@id\":\"https:\/\/www.alteacultural.com\/es\/events\/teatre-musical-viento-del-este-tributo-a-mary-poppins\/#primaryimage\"},\"image\":{\"@id\":\"https:\/\/www.alteacultural.com\/es\/events\/teatre-musical-viento-del-este-tributo-a-mary-poppins\/#primaryimage\"},\"thumbnailUrl\":\"https:\/\/www.alteacultural.com\/wp-content\/uploads\/2023\/07\/2023.11.11-Vientodeleste-ba.jpg\",\"datePublished\":\"2023-07-31T06:58:20+00:00\",\"dateModified\":\"2023-11-08T11:58:13+00:00\",\"breadcrumb\":{\"@id\":\"https:\/\/www.alteacultural.com\/es\/events\/teatre-musical-viento-del-este-tributo-a-mary-poppins\/#breadcrumb\"},\"inLanguage\":\"es\",\"potentialAction\":[{\"@type\":\"ReadAction\",\"target\":[\"https:\/\/www.alteacultural.com\/es\/events\/teatre-musical-viento-del-este-tributo-a-mary-poppins\/\"]}]},{\"@type\":\"ImageObject\",\"inLanguage\":\"es\",\"@id\":\"https:\/\/www.alteacultural.com\/es\/events\/teatre-musical-viento-del-este-tributo-a-mary-poppins\/#primaryimage\",\"url\":\"https:\/\/www.alteacultural.com\/wp-content\/uploads\/2023\/07\/2023.11.11-Vientodeleste-ba.jpg\",\"contentUrl\":\"https:\/\/www.alteacultural.com\/wp-content\/uploads\/2023\/07\/2023.11.11-Vientodeleste-ba.jpg\",\"width\":1034,\"height\":429},{\"@type\":\"BreadcrumbList\",\"@id\":\"https:\/\/www.alteacultural.com\/es\/events\/teatre-musical-viento-del-este-tributo-a-mary-poppins\/#breadcrumb\",\"itemListElement\":[{\"@type\":\"ListItem\",\"position\":1,\"name\":\"Inici\",\"item\":\"https:\/\/www.alteacultural.com\/es\/\"},{\"@type\":\"ListItem\",\"position\":2,\"name\":\"Eventos\",\"item\":\"https:\/\/www.alteacultural.com\/es\/events\/\"},{\"@type\":\"ListItem\",\"position\":3,\"name\":\"Teatro musical: &#8220;Viento del este&#8221; &#8211; Tributo a Mary Poppins\"}]},{\"@type\":\"WebSite\",\"@id\":\"https:\/\/www.alteacultural.com\/es\/#website\",\"url\":\"https:\/\/www.alteacultural.com\/es\/\",\"name\":\"Altea Cultural\",\"description\":\"Regidoria de Cultura de l&#039;Ajuntament d&#039;Altea\",\"potentialAction\":[{\"@type\":\"SearchAction\",\"target\":{\"@type\":\"EntryPoint\",\"urlTemplate\":\"https:\/\/www.alteacultural.com\/es\/?s={search_term_string}\"},\"query-input\":\"required name=search_term_string\"}],\"inLanguage\":\"es\"}]}<\/script>\n<!-- \/ Yoast SEO plugin. -->","yoast_head_json":{"title":"Teatro musical: \"Viento del este\" - Tributo a Mary Poppins - Altea Cultural","robots":{"index":"index","follow":"follow","max-snippet":"max-snippet:-1","max-image-preview":"max-image-preview:large","max-video-preview":"max-video-preview:-1"},"canonical":"https:\/\/www.alteacultural.com\/es\/events\/teatre-musical-viento-del-este-tributo-a-mary-poppins\/","og_locale":"es_ES","og_type":"article","og_title":"Teatro musical: \"Viento del este\" - Tributo a Mary Poppins - Altea Cultural","og_description":"11-nov | 18:00 | Palau Altea LA MAGIA Y LA DIVERSI\u00d3N LLEGAN A ALTEA DE LA MANO DE MARY [&hellip;]","og_url":"https:\/\/www.alteacultural.com\/es\/events\/teatre-musical-viento-del-este-tributo-a-mary-poppins\/","og_site_name":"Altea Cultural","article_modified_time":"2023-11-08T11:58:13+00:00","og_image":[{"width":1034,"height":429,"url":"https:\/\/www.alteacultural.com\/wp-content\/uploads\/2023\/07\/2023.11.11-Vientodeleste-ba.jpg","type":"image\/jpeg"}],"twitter_card":"summary_large_image","twitter_misc":{"Tiempo de lectura":"1 minuto"},"schema":{"@context":"https:\/\/schema.org","@graph":[{"@type":"WebPage","@id":"https:\/\/www.alteacultural.com\/es\/events\/teatre-musical-viento-del-este-tributo-a-mary-poppins\/","url":"https:\/\/www.alteacultural.com\/es\/events\/teatre-musical-viento-del-este-tributo-a-mary-poppins\/","name":"Teatro musical: \"Viento del este\" - Tributo a Mary Poppins - Altea Cultural","isPartOf":{"@id":"https:\/\/www.alteacultural.com\/es\/#website"},"primaryImageOfPage":{"@id":"https:\/\/www.alteacultural.com\/es\/events\/teatre-musical-viento-del-este-tributo-a-mary-poppins\/#primaryimage"},"image":{"@id":"https:\/\/www.alteacultural.com\/es\/events\/teatre-musical-viento-del-este-tributo-a-mary-poppins\/#primaryimage"},"thumbnailUrl":"https:\/\/www.alteacultural.com\/wp-content\/uploads\/2023\/07\/2023.11.11-Vientodeleste-ba.jpg","datePublished":"2023-07-31T06:58:20+00:00","dateModified":"2023-11-08T11:58:13+00:00","breadcrumb":{"@id":"https:\/\/www.alteacultural.com\/es\/events\/teatre-musical-viento-del-este-tributo-a-mary-poppins\/#breadcrumb"},"inLanguage":"es","potentialAction":[{"@type":"ReadAction","target":["https:\/\/www.alteacultural.com\/es\/events\/teatre-musical-viento-del-este-tributo-a-mary-poppins\/"]}]},{"@type":"ImageObject","inLanguage":"es","@id":"https:\/\/www.alteacultural.com\/es\/events\/teatre-musical-viento-del-este-tributo-a-mary-poppins\/#primaryimage","url":"https:\/\/www.alteacultural.com\/wp-content\/uploads\/2023\/07\/2023.11.11-Vientodeleste-ba.jpg","contentUrl":"https:\/\/www.alteacultural.com\/wp-content\/uploads\/2023\/07\/2023.11.11-Vientodeleste-ba.jpg","width":1034,"height":429},{"@type":"BreadcrumbList","@id":"https:\/\/www.alteacultural.com\/es\/events\/teatre-musical-viento-del-este-tributo-a-mary-poppins\/#breadcrumb","itemListElement":[{"@type":"ListItem","position":1,"name":"Inici","item":"https:\/\/www.alteacultural.com\/es\/"},{"@type":"ListItem","position":2,"name":"Eventos","item":"https:\/\/www.alteacultural.com\/es\/events\/"},{"@type":"ListItem","position":3,"name":"Teatro musical: &#8220;Viento del este&#8221; &#8211; Tributo a Mary Poppins"}]},{"@type":"WebSite","@id":"https:\/\/www.alteacultural.com\/es\/#website","url":"https:\/\/www.alteacultural.com\/es\/","name":"Altea Cultural","description":"Regidoria de Cultura de l&#039;Ajuntament d&#039;Altea","potentialAction":[{"@type":"SearchAction","target":{"@type":"EntryPoint","urlTemplate":"https:\/\/www.alteacultural.com\/es\/?s={search_term_string}"},"query-input":"required name=search_term_string"}],"inLanguage":"es"}]}},"mec_cost":"13\/15 \u20ac","mec_date":{"start":{"date":"2023-11-11","hour":6,"minutes":"0","ampm":"PM"},"end":{"date":"2023-11-11","hour":7,"minutes":"20","ampm":"PM"},"comment":"","repeat":{"type":"daily","interval":"1","advanced":"","end":"never","end_at_date":"","end_at_occurrences":"10"}},"_links":{"self":[{"href":"https:\/\/www.alteacultural.com\/es\/wp-json\/wp\/v2\/mec-events\/27062"}],"collection":[{"href":"https:\/\/www.alteacultural.com\/es\/wp-json\/wp\/v2\/mec-events"}],"about":[{"href":"https:\/\/www.alteacultural.com\/es\/wp-json\/wp\/v2\/types\/mec-events"}],"author":[{"embeddable":true,"href":"https:\/\/www.alteacultural.com\/es\/wp-json\/wp\/v2\/users\/1"}],"replies":[{"embeddable":true,"href":"https:\/\/www.alteacultural.com\/es\/wp-json\/wp\/v2\/comments?post=27062"}],"wp:featuredmedia":[{"embeddable":true,"href":"https:\/\/www.alteacultural.com\/es\/wp-json\/wp\/v2\/media\/27061"}],"wp:attachment":[{"href":"https:\/\/www.alteacultural.com\/es\/wp-json\/wp\/v2\/media?parent=27062"}],"curies":[{"name":"wp","href":"https:\/\/api.w.org\/{rel}","templated":true}]}}