{"id":27123,"date":"2023-08-02T18:07:45","date_gmt":"2023-08-02T16:07:45","guid":{"rendered":"https:\/\/www.alteacultural.com\/events\/castell-de-lolla-altea-2023\/"},"modified":"2023-08-08T12:03:54","modified_gmt":"2023-08-08T10:03:54","slug":"castell-de-lolla-altea-2023","status":"publish","type":"mec-events","link":"https:\/\/www.alteacultural.com\/es\/events\/castell-de-lolla-altea-2023\/","title":{"rendered":"Castell de l&#8217;Olla &#8211; Altea 2023"},"content":{"rendered":"<p><em><strong>Castell de l&#8217;Olla &#8211; Altea 2023<\/strong><\/em><br \/>\nESPECT\u00c1CULO PIROT\u00c9CNICO<br \/>\nS\u00e1bado, 12 de agosto de 2023, 23.59 h<br \/>\nVilla Gadea Altea \/ Playa de la Olla (Altea)<\/p>\n<p>\ud83d\udccd <a href=\"https:\/\/bit.ly\/castelolla23\" target=\"_blank\" rel=\"noopener noreferrer\"><strong>Mapa informativo<\/strong> (estacionamientos, tr\u00e1nsito, etc.)<\/a> [<a href=\"https:\/\/bit.ly\/castelolla23\" target=\"_blank\" rel=\"noopener noreferrer\">bit.ly\/castelolla23]<\/a><br \/>\n\ud83d\ude8a <strong><a href=\"https:\/\/alteadigital.es\/wp-content\/uploads\/2023\/08\/Horarios-del-TRAM-Castell-de-l-Olla-2023-web.jpg\" target=\"_blank\" rel=\"noopener noreferrer\">Horarios TRAM<\/a><\/strong><\/p>\n<p>&nbsp;<\/p>\n<p><a href=\"https:\/\/www.alteacultural.com\/wp-content\/uploads\/2023\/08\/Castell-de-l-olla-altea-scaled.jpg\" target=\"_blank\" rel=\"noopener noreferrer\"><img fetchpriority=\"high\" decoding=\"async\" class=\"alignleft wp-image-27130\" src=\"https:\/\/www.alteacultural.com\/wp-content\/uploads\/2023\/08\/Castell-de-l-olla-altea-scaled.jpg\" alt=\"\" width=\"300\" height=\"200\" srcset=\"https:\/\/www.alteacultural.com\/wp-content\/uploads\/2023\/08\/Castell-de-l-olla-altea-scaled.jpg 2560w, https:\/\/www.alteacultural.com\/wp-content\/uploads\/2023\/08\/Castell-de-l-olla-altea-768x512.jpg 768w, https:\/\/www.alteacultural.com\/wp-content\/uploads\/2023\/08\/Castell-de-l-olla-altea-391x260.jpg 391w, https:\/\/www.alteacultural.com\/wp-content\/uploads\/2023\/08\/Castell-de-l-olla-altea-1536x1024.jpg 1536w, https:\/\/www.alteacultural.com\/wp-content\/uploads\/2023\/08\/Castell-de-l-olla-altea-2048x1365.jpg 2048w\" sizes=\"(max-width: 300px) 100vw, 300px\" \/><\/a>El Castell de l\u2019Olla, que se celebra el s\u00e1bado m\u00e1s cercano a la festividad de San Lorenzo, se ha convertido a lo largo de los a\u00f1os en un espect\u00e1culo muy reconocido y alabado. Consigue citar a m\u00e1s de 50.000 personas, a las que deleitar con un estallido de luz y p\u00f3lvora.<\/p>\n<p>Esta fiesta, que es mucho m\u00e1s que unos fuegos artificiales, tiene lugar en el mar Mediterr\u00e1neo que ba\u00f1a Altea. Desde una plataforma se lanza el Castell de l\u2019Olla, y esto hace que nazca del mar mismo, reflej\u00e1ndolo en el agua y aumentando su magia.<\/p>\n<p>Esta maravilla alteana cuenta con m\u00e1s de 30 a\u00f1os de historia, y cada vez m\u00e1s, a\u00fana diferentes embarcaciones en la bah\u00eda de Altea para poder contemplar el espect\u00e1culo en todo su esplendor.<\/p>\n<p><a href=\"https:\/\/www.alteacultural.com\/wp-content\/uploads\/2023\/08\/Castell-de-l-olla-altea_E1A4161-scaled.jpg\" target=\"_blank\" rel=\"noopener noreferrer\"><img decoding=\"async\" class=\"alignright wp-image-27132 lazyload\" data-src=\"https:\/\/www.alteacultural.com\/wp-content\/uploads\/2023\/08\/Castell-de-l-olla-altea_E1A4161-scaled.jpg\" alt=\"\" width=\"300\" height=\"200\" data-srcset=\"https:\/\/www.alteacultural.com\/wp-content\/uploads\/2023\/08\/Castell-de-l-olla-altea_E1A4161-scaled.jpg 2560w, https:\/\/www.alteacultural.com\/wp-content\/uploads\/2023\/08\/Castell-de-l-olla-altea_E1A4161-768x512.jpg 768w, https:\/\/www.alteacultural.com\/wp-content\/uploads\/2023\/08\/Castell-de-l-olla-altea_E1A4161-391x260.jpg 391w, https:\/\/www.alteacultural.com\/wp-content\/uploads\/2023\/08\/Castell-de-l-olla-altea_E1A4161-1536x1024.jpg 1536w, https:\/\/www.alteacultural.com\/wp-content\/uploads\/2023\/08\/Castell-de-l-olla-altea_E1A4161-2048x1365.jpg 2048w\" data-sizes=\"(max-width: 300px) 100vw, 300px\" src=\"data:image\/gif;base64,R0lGODlhAQABAAAAACH5BAEKAAEALAAAAAABAAEAAAICTAEAOw==\" style=\"--smush-placeholder-width: 300px; --smush-placeholder-aspect-ratio: 300\/200;\" \/><\/a>El evento, que ha ido creciendo a lo largo de los a\u00f1os, nace de un homenaje al pirot\u00e9cnico local Blas Aznar, \u201cel tio Blai, el coheter\u201d, fallecido hace a\u00f1os. Fue lanzado un castillo de fuegos artificiales especial en su honor y desde entonces, el Castell de l\u2019Olla ha ido madurando hasta llegar a lo que es hoy en d\u00eda.<\/p>\n<p>El Castell de l\u2019Olla est\u00e1 reconocido con la distinci\u00f3n del premio al M\u00e9rito Tur\u00edstico, en la categor\u00eda de oro de la edici\u00f3n de 1999, otorgado por el Patronato Provincial de Turismo de la Costa Blanca y en 2007, declarado Fiesta de Inter\u00e9s Tur\u00edstico de la Comunitat por la Generalitat Valenciana.<\/p>\n<p>&nbsp;<\/p>\n<p><a href=\"https:\/\/www.alteacultural.com\/wp-content\/uploads\/2023\/08\/CastellDeLOlla_Altea2023_fullet.pdf\">VER FOLLETO<\/a><\/p>\n<p><a href=\"https:\/\/www.alteacultural.com\/wp-content\/uploads\/2023\/08\/CastellDeLOlla_Altea2023_fullet.pdf\" target=\"_blank\" rel=\"noopener noreferrer\"><img decoding=\"async\" class=\"aligncenter wp-image-27119 lazyload\" data-src=\"https:\/\/www.alteacultural.com\/wp-content\/uploads\/2023\/08\/CastellDeLOlla_Altea2023_cartell.jpg\" alt=\"\" width=\"750\" height=\"1064\" data-srcset=\"https:\/\/www.alteacultural.com\/wp-content\/uploads\/2023\/08\/CastellDeLOlla_Altea2023_cartell.jpg 1724w, https:\/\/www.alteacultural.com\/wp-content\/uploads\/2023\/08\/CastellDeLOlla_Altea2023_cartell-768x1089.jpg 768w, https:\/\/www.alteacultural.com\/wp-content\/uploads\/2023\/08\/CastellDeLOlla_Altea2023_cartell-1083x1536.jpg 1083w, https:\/\/www.alteacultural.com\/wp-content\/uploads\/2023\/08\/CastellDeLOlla_Altea2023_cartell-1444x2048.jpg 1444w\" data-sizes=\"(max-width: 750px) 100vw, 750px\" src=\"data:image\/gif;base64,R0lGODlhAQABAAAAACH5BAEKAAEALAAAAAABAAEAAAICTAEAOw==\" style=\"--smush-placeholder-width: 750px; --smush-placeholder-aspect-ratio: 750\/1064;\" \/><\/a><\/p>\n<p>&nbsp;<\/p>\n<p><a href=\"https:\/\/alteadigital.es\/es\/2023\/08\/08\/trafico-y-seguridad-ciudadana-recomienda-hacer-uso-del-transporte-publico-en-la-noche-del-castell-de-lolla-y-da-a-conocer-los-aparcamientos-habilitados\/\" target=\"_blank\" rel=\"noopener noreferrer\">\u2139\ufe0f +info<\/a><\/p>\n<p>&nbsp;<\/p>\n<p><a href=\"https:\/\/www.alteacultural.com\/es\/events\/concurs-de-fotografia-castell-de-lolla-altea-2023\/\"><img decoding=\"async\" class=\"alignleft wp-image-27092 lazyload\" data-src=\"https:\/\/www.alteacultural.com\/wp-content\/uploads\/2023\/07\/ConcursFotografiaCastellOlla2023_banner.jpg\" alt=\"\" width=\"300\" height=\"109\" data-srcset=\"https:\/\/www.alteacultural.com\/wp-content\/uploads\/2023\/07\/ConcursFotografiaCastellOlla2023_banner.jpg 1753w, https:\/\/www.alteacultural.com\/wp-content\/uploads\/2023\/07\/ConcursFotografiaCastellOlla2023_banner-768x279.jpg 768w, https:\/\/www.alteacultural.com\/wp-content\/uploads\/2023\/07\/ConcursFotografiaCastellOlla2023_banner-1536x558.jpg 1536w\" data-sizes=\"(max-width: 300px) 100vw, 300px\" src=\"data:image\/gif;base64,R0lGODlhAQABAAAAACH5BAEKAAEALAAAAAABAAEAAAICTAEAOw==\" style=\"--smush-placeholder-width: 300px; --smush-placeholder-aspect-ratio: 300\/109;\" \/><\/a><\/p>\n<p>&nbsp;<\/p>\n<p>&nbsp;<\/p>\n<p>&nbsp;<\/p>\n","protected":false},"excerpt":{"rendered":"<p>Castell de l&#8217;Olla &#8211; Altea 2023 ESPECT\u00c1CULO PIROT\u00c9CNICO S\u00e1bado, 12 de agosto de 2023, 23.59 h Villa Gadea Altea [&hellip;]<\/p>\n","protected":false},"author":1,"featured_media":27125,"comment_status":"open","ping_status":"closed","template":"","meta":{"_expiration-date-status":"","_expiration-date":0,"_expiration-date-type":"","_expiration-date-categories":[],"_expiration-date-options":[]},"yoast_head":"<!-- This site is optimized with the Yoast SEO plugin v22.8 - https:\/\/yoast.com\/wordpress\/plugins\/seo\/ -->\n<title>Castell de l&#039;Olla - Altea 2023 - Altea Cultural<\/title>\n<meta name=\"robots\" content=\"index, follow, max-snippet:-1, max-image-preview:large, max-video-preview:-1\" \/>\n<link rel=\"canonical\" href=\"https:\/\/www.alteacultural.com\/es\/events\/castell-de-lolla-altea-2023\/\" \/>\n<meta property=\"og:locale\" content=\"es_ES\" \/>\n<meta property=\"og:type\" content=\"article\" \/>\n<meta property=\"og:title\" content=\"Castell de l&#039;Olla - Altea 2023 - Altea Cultural\" \/>\n<meta property=\"og:description\" content=\"Castell de l&#8217;Olla &#8211; Altea 2023 ESPECT\u00c1CULO PIROT\u00c9CNICO S\u00e1bado, 12 de agosto de 2023, 23.59 h Villa Gadea Altea [&hellip;]\" \/>\n<meta property=\"og:url\" content=\"https:\/\/www.alteacultural.com\/es\/events\/castell-de-lolla-altea-2023\/\" \/>\n<meta property=\"og:site_name\" content=\"Altea Cultural\" \/>\n<meta property=\"article:modified_time\" content=\"2023-08-08T10:03:54+00:00\" \/>\n<meta property=\"og:image\" content=\"https:\/\/www.alteacultural.com\/wp-content\/uploads\/2023\/08\/CastellDeLOlla_Altea2023_banner.jpg\" \/>\n\t<meta property=\"og:image:width\" content=\"1724\" \/>\n\t<meta property=\"og:image:height\" content=\"618\" \/>\n\t<meta property=\"og:image:type\" content=\"image\/jpeg\" \/>\n<meta name=\"twitter:card\" content=\"summary_large_image\" \/>\n<meta name=\"twitter:label1\" content=\"Tiempo de lectura\" \/>\n\t<meta name=\"twitter:data1\" content=\"3 minutos\" \/>\n<script type=\"application\/ld+json\" class=\"yoast-schema-graph\">{\"@context\":\"https:\/\/schema.org\",\"@graph\":[{\"@type\":\"WebPage\",\"@id\":\"https:\/\/www.alteacultural.com\/es\/events\/castell-de-lolla-altea-2023\/\",\"url\":\"https:\/\/www.alteacultural.com\/es\/events\/castell-de-lolla-altea-2023\/\",\"name\":\"Castell de l'Olla - Altea 2023 - Altea Cultural\",\"isPartOf\":{\"@id\":\"https:\/\/www.alteacultural.com\/es\/#website\"},\"primaryImageOfPage\":{\"@id\":\"https:\/\/www.alteacultural.com\/es\/events\/castell-de-lolla-altea-2023\/#primaryimage\"},\"image\":{\"@id\":\"https:\/\/www.alteacultural.com\/es\/events\/castell-de-lolla-altea-2023\/#primaryimage\"},\"thumbnailUrl\":\"https:\/\/www.alteacultural.com\/wp-content\/uploads\/2023\/08\/CastellDeLOlla_Altea2023_banner.jpg\",\"datePublished\":\"2023-08-02T16:07:45+00:00\",\"dateModified\":\"2023-08-08T10:03:54+00:00\",\"breadcrumb\":{\"@id\":\"https:\/\/www.alteacultural.com\/es\/events\/castell-de-lolla-altea-2023\/#breadcrumb\"},\"inLanguage\":\"es\",\"potentialAction\":[{\"@type\":\"ReadAction\",\"target\":[\"https:\/\/www.alteacultural.com\/es\/events\/castell-de-lolla-altea-2023\/\"]}]},{\"@type\":\"ImageObject\",\"inLanguage\":\"es\",\"@id\":\"https:\/\/www.alteacultural.com\/es\/events\/castell-de-lolla-altea-2023\/#primaryimage\",\"url\":\"https:\/\/www.alteacultural.com\/wp-content\/uploads\/2023\/08\/CastellDeLOlla_Altea2023_banner.jpg\",\"contentUrl\":\"https:\/\/www.alteacultural.com\/wp-content\/uploads\/2023\/08\/CastellDeLOlla_Altea2023_banner.jpg\",\"width\":1724,\"height\":618},{\"@type\":\"BreadcrumbList\",\"@id\":\"https:\/\/www.alteacultural.com\/es\/events\/castell-de-lolla-altea-2023\/#breadcrumb\",\"itemListElement\":[{\"@type\":\"ListItem\",\"position\":1,\"name\":\"Inici\",\"item\":\"https:\/\/www.alteacultural.com\/es\/\"},{\"@type\":\"ListItem\",\"position\":2,\"name\":\"Eventos\",\"item\":\"https:\/\/www.alteacultural.com\/es\/events\/\"},{\"@type\":\"ListItem\",\"position\":3,\"name\":\"Castell de l&#8217;Olla &#8211; Altea 2023\"}]},{\"@type\":\"WebSite\",\"@id\":\"https:\/\/www.alteacultural.com\/es\/#website\",\"url\":\"https:\/\/www.alteacultural.com\/es\/\",\"name\":\"Altea Cultural\",\"description\":\"Regidoria de Cultura de l&#039;Ajuntament d&#039;Altea\",\"potentialAction\":[{\"@type\":\"SearchAction\",\"target\":{\"@type\":\"EntryPoint\",\"urlTemplate\":\"https:\/\/www.alteacultural.com\/es\/?s={search_term_string}\"},\"query-input\":\"required name=search_term_string\"}],\"inLanguage\":\"es\"}]}<\/script>\n<!-- \/ Yoast SEO plugin. -->","yoast_head_json":{"title":"Castell de l'Olla - Altea 2023 - Altea Cultural","robots":{"index":"index","follow":"follow","max-snippet":"max-snippet:-1","max-image-preview":"max-image-preview:large","max-video-preview":"max-video-preview:-1"},"canonical":"https:\/\/www.alteacultural.com\/es\/events\/castell-de-lolla-altea-2023\/","og_locale":"es_ES","og_type":"article","og_title":"Castell de l'Olla - Altea 2023 - Altea Cultural","og_description":"Castell de l&#8217;Olla &#8211; Altea 2023 ESPECT\u00c1CULO PIROT\u00c9CNICO S\u00e1bado, 12 de agosto de 2023, 23.59 h Villa Gadea Altea [&hellip;]","og_url":"https:\/\/www.alteacultural.com\/es\/events\/castell-de-lolla-altea-2023\/","og_site_name":"Altea Cultural","article_modified_time":"2023-08-08T10:03:54+00:00","og_image":[{"width":1724,"height":618,"url":"https:\/\/www.alteacultural.com\/wp-content\/uploads\/2023\/08\/CastellDeLOlla_Altea2023_banner.jpg","type":"image\/jpeg"}],"twitter_card":"summary_large_image","twitter_misc":{"Tiempo de lectura":"3 minutos"},"schema":{"@context":"https:\/\/schema.org","@graph":[{"@type":"WebPage","@id":"https:\/\/www.alteacultural.com\/es\/events\/castell-de-lolla-altea-2023\/","url":"https:\/\/www.alteacultural.com\/es\/events\/castell-de-lolla-altea-2023\/","name":"Castell de l'Olla - Altea 2023 - Altea Cultural","isPartOf":{"@id":"https:\/\/www.alteacultural.com\/es\/#website"},"primaryImageOfPage":{"@id":"https:\/\/www.alteacultural.com\/es\/events\/castell-de-lolla-altea-2023\/#primaryimage"},"image":{"@id":"https:\/\/www.alteacultural.com\/es\/events\/castell-de-lolla-altea-2023\/#primaryimage"},"thumbnailUrl":"https:\/\/www.alteacultural.com\/wp-content\/uploads\/2023\/08\/CastellDeLOlla_Altea2023_banner.jpg","datePublished":"2023-08-02T16:07:45+00:00","dateModified":"2023-08-08T10:03:54+00:00","breadcrumb":{"@id":"https:\/\/www.alteacultural.com\/es\/events\/castell-de-lolla-altea-2023\/#breadcrumb"},"inLanguage":"es","potentialAction":[{"@type":"ReadAction","target":["https:\/\/www.alteacultural.com\/es\/events\/castell-de-lolla-altea-2023\/"]}]},{"@type":"ImageObject","inLanguage":"es","@id":"https:\/\/www.alteacultural.com\/es\/events\/castell-de-lolla-altea-2023\/#primaryimage","url":"https:\/\/www.alteacultural.com\/wp-content\/uploads\/2023\/08\/CastellDeLOlla_Altea2023_banner.jpg","contentUrl":"https:\/\/www.alteacultural.com\/wp-content\/uploads\/2023\/08\/CastellDeLOlla_Altea2023_banner.jpg","width":1724,"height":618},{"@type":"BreadcrumbList","@id":"https:\/\/www.alteacultural.com\/es\/events\/castell-de-lolla-altea-2023\/#breadcrumb","itemListElement":[{"@type":"ListItem","position":1,"name":"Inici","item":"https:\/\/www.alteacultural.com\/es\/"},{"@type":"ListItem","position":2,"name":"Eventos","item":"https:\/\/www.alteacultural.com\/es\/events\/"},{"@type":"ListItem","position":3,"name":"Castell de l&#8217;Olla &#8211; Altea 2023"}]},{"@type":"WebSite","@id":"https:\/\/www.alteacultural.com\/es\/#website","url":"https:\/\/www.alteacultural.com\/es\/","name":"Altea Cultural","description":"Regidoria de Cultura de l&#039;Ajuntament d&#039;Altea","potentialAction":[{"@type":"SearchAction","target":{"@type":"EntryPoint","urlTemplate":"https:\/\/www.alteacultural.com\/es\/?s={search_term_string}"},"query-input":"required name=search_term_string"}],"inLanguage":"es"}]}},"mec_cost":"Acceso libre","mec_date":{"start":{"date":"2023-08-12","hour":11,"minutes":"55","ampm":"PM"},"end":{"date":"2023-08-13","hour":"0","minutes":"25","ampm":"AM"},"comment":"","repeat":{"type":"daily","interval":"1","advanced":"","end":"never","end_at_date":"","end_at_occurrences":"10"}},"_links":{"self":[{"href":"https:\/\/www.alteacultural.com\/es\/wp-json\/wp\/v2\/mec-events\/27123"}],"collection":[{"href":"https:\/\/www.alteacultural.com\/es\/wp-json\/wp\/v2\/mec-events"}],"about":[{"href":"https:\/\/www.alteacultural.com\/es\/wp-json\/wp\/v2\/types\/mec-events"}],"author":[{"embeddable":true,"href":"https:\/\/www.alteacultural.com\/es\/wp-json\/wp\/v2\/users\/1"}],"replies":[{"embeddable":true,"href":"https:\/\/www.alteacultural.com\/es\/wp-json\/wp\/v2\/comments?post=27123"}],"wp:featuredmedia":[{"embeddable":true,"href":"https:\/\/www.alteacultural.com\/es\/wp-json\/wp\/v2\/media\/27125"}],"wp:attachment":[{"href":"https:\/\/www.alteacultural.com\/es\/wp-json\/wp\/v2\/media?parent=27123"}],"curies":[{"name":"wp","href":"https:\/\/api.w.org\/{rel}","templated":true}]}}