{"id":27194,"date":"2023-08-04T09:30:40","date_gmt":"2023-08-04T07:30:40","guid":{"rendered":"https:\/\/www.alteacultural.com\/events\/teatre-musical-maestrissimo-yllana\/"},"modified":"2023-11-29T08:36:10","modified_gmt":"2023-11-29T07:36:10","slug":"teatre-musical-maestrissimo-yllana","status":"publish","type":"mec-events","link":"https:\/\/www.alteacultural.com\/es\/events\/teatre-musical-maestrissimo-yllana\/","title":{"rendered":"Teatro musical: \u00abMaestrissimo\u00bb &#8211; Yllana"},"content":{"rendered":"<p><strong>17-dic | 18:00 | Palau Altea\u00a0<\/strong><\/p>\n<p>Maestrissimo es un espect\u00e1culo \u00aballegro e molto vivace\u00bb a mitad de camino entre el concierto de c\u00e1mara, la comedia sat\u00edrica y el retrato de \u00e9poca, en el que se muestran, al m\u00e1s puro estilo Yllana, las aventuras y desventuras de un cuarteto de cuerdas en un per\u00edodo indeterminado entre los siglos XVII y XVIII (Barroco y Neoclasicismo). Un m\u00fasico de relleno, un segund\u00f3n sin apellidos pero con un talento descomunal, intentar\u00e1 progresar en el escalaf\u00f3n y alcanzar el t\u00edtulo de maestrissimo. \u00bfSer\u00e1n su talento y su genialidad suficientes como para hacerse un hueco en un mundo tan jerarquizado? \u00bfConseguir\u00e1 el prestigio que por derecho se merece? En la misma l\u00ednea que Pagagnini, pero con una entidad propia, Maestrissimo deleitar\u00e1 a los espectadores con una cuidad\u00edsima est\u00e9tica y unos personajes divertid\u00edsimos, abordando temas como la \u00e9tica, la creaci\u00f3n, la originalidad y el valor del arte en la sociedad, al mismo tiempo que repasa momentos cumbre de la m\u00fasica cl\u00e1sica.<\/p>\n<p>Idea original, creaci\u00f3n y direcci\u00f3n: Yllana<\/p>\n<p>Direcci\u00f3n art\u00edstica: Juan Ramos y David Ottone<\/p>\n<p>Int\u00e9rpretes: Eduardo Ortega, Jorge Fournadjiev, Isaac M. Pulet y Jorge Guill\u00e9n \u201cStrad\u201d.<\/p>\n<p>DURACI\u00d3N: 75 minutos.<\/p>\n<p>EDAD RECOMENDADA: Para todos los p\u00fablicos.<\/p>\n<p>Entrada 15,40\/19 \u20ac<\/p>\n<p>&nbsp;<\/p>\n<p><img fetchpriority=\"high\" decoding=\"async\" class=\"aligncenter wp-image-27190\" src=\"https:\/\/www.alteacultural.com\/wp-content\/uploads\/2023\/08\/maestrissimo-cartel.jpg\" alt=\"\" width=\"750\" height=\"1066\" srcset=\"https:\/\/www.alteacultural.com\/wp-content\/uploads\/2023\/08\/maestrissimo-cartel.jpg 844w, https:\/\/www.alteacultural.com\/wp-content\/uploads\/2023\/08\/maestrissimo-cartel-768x1092.jpg 768w\" sizes=\"(max-width: 750px) 100vw, 750px\" \/><\/p>\n","protected":false},"excerpt":{"rendered":"<p>17-dic | 18:00 | Palau Altea\u00a0 Maestrissimo es un espect\u00e1culo \u00aballegro e molto vivace\u00bb a mitad de camino entre [&hellip;]<\/p>\n","protected":false},"author":1,"featured_media":27193,"comment_status":"open","ping_status":"closed","template":"","meta":{"_expiration-date-status":"","_expiration-date":0,"_expiration-date-type":"","_expiration-date-categories":[],"_expiration-date-options":[]},"yoast_head":"<!-- This site is optimized with the Yoast SEO plugin v22.8 - https:\/\/yoast.com\/wordpress\/plugins\/seo\/ -->\n<title>Teatro musical: &quot;Maestrissimo&quot; - Yllana - Altea Cultural<\/title>\n<meta name=\"robots\" content=\"index, follow, max-snippet:-1, max-image-preview:large, max-video-preview:-1\" \/>\n<link rel=\"canonical\" href=\"https:\/\/www.alteacultural.com\/es\/events\/teatre-musical-maestrissimo-yllana\/\" \/>\n<meta property=\"og:locale\" content=\"es_ES\" \/>\n<meta property=\"og:type\" content=\"article\" \/>\n<meta property=\"og:title\" content=\"Teatro musical: &quot;Maestrissimo&quot; - Yllana - Altea Cultural\" \/>\n<meta property=\"og:description\" content=\"17-dic | 18:00 | Palau Altea\u00a0 Maestrissimo es un espect\u00e1culo \u00aballegro e molto vivace\u00bb a mitad de camino entre [&hellip;]\" \/>\n<meta property=\"og:url\" content=\"https:\/\/www.alteacultural.com\/es\/events\/teatre-musical-maestrissimo-yllana\/\" \/>\n<meta property=\"og:site_name\" content=\"Altea Cultural\" \/>\n<meta property=\"article:modified_time\" content=\"2023-11-29T07:36:10+00:00\" \/>\n<meta property=\"og:image\" content=\"https:\/\/www.alteacultural.com\/wp-content\/uploads\/2023\/08\/2023.12.17-Maestrissimo-ban.jpg\" \/>\n\t<meta property=\"og:image:width\" content=\"795\" \/>\n\t<meta property=\"og:image:height\" content=\"252\" \/>\n\t<meta property=\"og:image:type\" content=\"image\/jpeg\" \/>\n<meta name=\"twitter:card\" content=\"summary_large_image\" \/>\n<meta name=\"twitter:label1\" content=\"Tiempo de lectura\" \/>\n\t<meta name=\"twitter:data1\" content=\"2 minutos\" \/>\n<script type=\"application\/ld+json\" class=\"yoast-schema-graph\">{\"@context\":\"https:\/\/schema.org\",\"@graph\":[{\"@type\":\"WebPage\",\"@id\":\"https:\/\/www.alteacultural.com\/es\/events\/teatre-musical-maestrissimo-yllana\/\",\"url\":\"https:\/\/www.alteacultural.com\/es\/events\/teatre-musical-maestrissimo-yllana\/\",\"name\":\"Teatro musical: \\\"Maestrissimo\\\" - Yllana - Altea Cultural\",\"isPartOf\":{\"@id\":\"https:\/\/www.alteacultural.com\/es\/#website\"},\"primaryImageOfPage\":{\"@id\":\"https:\/\/www.alteacultural.com\/es\/events\/teatre-musical-maestrissimo-yllana\/#primaryimage\"},\"image\":{\"@id\":\"https:\/\/www.alteacultural.com\/es\/events\/teatre-musical-maestrissimo-yllana\/#primaryimage\"},\"thumbnailUrl\":\"https:\/\/www.alteacultural.com\/wp-content\/uploads\/2023\/08\/2023.12.17-Maestrissimo-ban.jpg\",\"datePublished\":\"2023-08-04T07:30:40+00:00\",\"dateModified\":\"2023-11-29T07:36:10+00:00\",\"breadcrumb\":{\"@id\":\"https:\/\/www.alteacultural.com\/es\/events\/teatre-musical-maestrissimo-yllana\/#breadcrumb\"},\"inLanguage\":\"es\",\"potentialAction\":[{\"@type\":\"ReadAction\",\"target\":[\"https:\/\/www.alteacultural.com\/es\/events\/teatre-musical-maestrissimo-yllana\/\"]}]},{\"@type\":\"ImageObject\",\"inLanguage\":\"es\",\"@id\":\"https:\/\/www.alteacultural.com\/es\/events\/teatre-musical-maestrissimo-yllana\/#primaryimage\",\"url\":\"https:\/\/www.alteacultural.com\/wp-content\/uploads\/2023\/08\/2023.12.17-Maestrissimo-ban.jpg\",\"contentUrl\":\"https:\/\/www.alteacultural.com\/wp-content\/uploads\/2023\/08\/2023.12.17-Maestrissimo-ban.jpg\",\"width\":795,\"height\":252},{\"@type\":\"BreadcrumbList\",\"@id\":\"https:\/\/www.alteacultural.com\/es\/events\/teatre-musical-maestrissimo-yllana\/#breadcrumb\",\"itemListElement\":[{\"@type\":\"ListItem\",\"position\":1,\"name\":\"Inici\",\"item\":\"https:\/\/www.alteacultural.com\/es\/\"},{\"@type\":\"ListItem\",\"position\":2,\"name\":\"Eventos\",\"item\":\"https:\/\/www.alteacultural.com\/es\/events\/\"},{\"@type\":\"ListItem\",\"position\":3,\"name\":\"Teatro musical: &#8220;Maestrissimo&#8221; &#8211; Yllana\"}]},{\"@type\":\"WebSite\",\"@id\":\"https:\/\/www.alteacultural.com\/es\/#website\",\"url\":\"https:\/\/www.alteacultural.com\/es\/\",\"name\":\"Altea Cultural\",\"description\":\"Regidoria de Cultura de l&#039;Ajuntament d&#039;Altea\",\"potentialAction\":[{\"@type\":\"SearchAction\",\"target\":{\"@type\":\"EntryPoint\",\"urlTemplate\":\"https:\/\/www.alteacultural.com\/es\/?s={search_term_string}\"},\"query-input\":\"required name=search_term_string\"}],\"inLanguage\":\"es\"}]}<\/script>\n<!-- \/ Yoast SEO plugin. -->","yoast_head_json":{"title":"Teatro musical: \"Maestrissimo\" - Yllana - Altea Cultural","robots":{"index":"index","follow":"follow","max-snippet":"max-snippet:-1","max-image-preview":"max-image-preview:large","max-video-preview":"max-video-preview:-1"},"canonical":"https:\/\/www.alteacultural.com\/es\/events\/teatre-musical-maestrissimo-yllana\/","og_locale":"es_ES","og_type":"article","og_title":"Teatro musical: \"Maestrissimo\" - Yllana - Altea Cultural","og_description":"17-dic | 18:00 | Palau Altea\u00a0 Maestrissimo es un espect\u00e1culo \u00aballegro e molto vivace\u00bb a mitad de camino entre [&hellip;]","og_url":"https:\/\/www.alteacultural.com\/es\/events\/teatre-musical-maestrissimo-yllana\/","og_site_name":"Altea Cultural","article_modified_time":"2023-11-29T07:36:10+00:00","og_image":[{"width":795,"height":252,"url":"https:\/\/www.alteacultural.com\/wp-content\/uploads\/2023\/08\/2023.12.17-Maestrissimo-ban.jpg","type":"image\/jpeg"}],"twitter_card":"summary_large_image","twitter_misc":{"Tiempo de lectura":"2 minutos"},"schema":{"@context":"https:\/\/schema.org","@graph":[{"@type":"WebPage","@id":"https:\/\/www.alteacultural.com\/es\/events\/teatre-musical-maestrissimo-yllana\/","url":"https:\/\/www.alteacultural.com\/es\/events\/teatre-musical-maestrissimo-yllana\/","name":"Teatro musical: \"Maestrissimo\" - Yllana - Altea Cultural","isPartOf":{"@id":"https:\/\/www.alteacultural.com\/es\/#website"},"primaryImageOfPage":{"@id":"https:\/\/www.alteacultural.com\/es\/events\/teatre-musical-maestrissimo-yllana\/#primaryimage"},"image":{"@id":"https:\/\/www.alteacultural.com\/es\/events\/teatre-musical-maestrissimo-yllana\/#primaryimage"},"thumbnailUrl":"https:\/\/www.alteacultural.com\/wp-content\/uploads\/2023\/08\/2023.12.17-Maestrissimo-ban.jpg","datePublished":"2023-08-04T07:30:40+00:00","dateModified":"2023-11-29T07:36:10+00:00","breadcrumb":{"@id":"https:\/\/www.alteacultural.com\/es\/events\/teatre-musical-maestrissimo-yllana\/#breadcrumb"},"inLanguage":"es","potentialAction":[{"@type":"ReadAction","target":["https:\/\/www.alteacultural.com\/es\/events\/teatre-musical-maestrissimo-yllana\/"]}]},{"@type":"ImageObject","inLanguage":"es","@id":"https:\/\/www.alteacultural.com\/es\/events\/teatre-musical-maestrissimo-yllana\/#primaryimage","url":"https:\/\/www.alteacultural.com\/wp-content\/uploads\/2023\/08\/2023.12.17-Maestrissimo-ban.jpg","contentUrl":"https:\/\/www.alteacultural.com\/wp-content\/uploads\/2023\/08\/2023.12.17-Maestrissimo-ban.jpg","width":795,"height":252},{"@type":"BreadcrumbList","@id":"https:\/\/www.alteacultural.com\/es\/events\/teatre-musical-maestrissimo-yllana\/#breadcrumb","itemListElement":[{"@type":"ListItem","position":1,"name":"Inici","item":"https:\/\/www.alteacultural.com\/es\/"},{"@type":"ListItem","position":2,"name":"Eventos","item":"https:\/\/www.alteacultural.com\/es\/events\/"},{"@type":"ListItem","position":3,"name":"Teatro musical: &#8220;Maestrissimo&#8221; &#8211; Yllana"}]},{"@type":"WebSite","@id":"https:\/\/www.alteacultural.com\/es\/#website","url":"https:\/\/www.alteacultural.com\/es\/","name":"Altea Cultural","description":"Regidoria de Cultura de l&#039;Ajuntament d&#039;Altea","potentialAction":[{"@type":"SearchAction","target":{"@type":"EntryPoint","urlTemplate":"https:\/\/www.alteacultural.com\/es\/?s={search_term_string}"},"query-input":"required name=search_term_string"}],"inLanguage":"es"}]}},"mec_cost":"15,40 \/ 19 \u20ac","mec_date":{"start":{"date":"2023-12-17","hour":6,"minutes":"0","ampm":"PM"},"end":{"date":"2023-12-17","hour":7,"minutes":"15","ampm":"PM"},"comment":"","repeat":{"type":"daily","interval":"1","advanced":"","end":"never","end_at_date":"","end_at_occurrences":"10"}},"_links":{"self":[{"href":"https:\/\/www.alteacultural.com\/es\/wp-json\/wp\/v2\/mec-events\/27194"}],"collection":[{"href":"https:\/\/www.alteacultural.com\/es\/wp-json\/wp\/v2\/mec-events"}],"about":[{"href":"https:\/\/www.alteacultural.com\/es\/wp-json\/wp\/v2\/types\/mec-events"}],"author":[{"embeddable":true,"href":"https:\/\/www.alteacultural.com\/es\/wp-json\/wp\/v2\/users\/1"}],"replies":[{"embeddable":true,"href":"https:\/\/www.alteacultural.com\/es\/wp-json\/wp\/v2\/comments?post=27194"}],"wp:featuredmedia":[{"embeddable":true,"href":"https:\/\/www.alteacultural.com\/es\/wp-json\/wp\/v2\/media\/27193"}],"wp:attachment":[{"href":"https:\/\/www.alteacultural.com\/es\/wp-json\/wp\/v2\/media?parent=27194"}],"curies":[{"name":"wp","href":"https:\/\/api.w.org\/{rel}","templated":true}]}}