{"id":27667,"date":"2023-10-13T10:57:00","date_gmt":"2023-10-13T08:57:00","guid":{"rendered":"https:\/\/www.alteacultural.com\/events\/present-llibre-la-meva-cambra-mes-estimada-altea-llibres-a-la-tardor-2023\/"},"modified":"2024-06-12T21:09:41","modified_gmt":"2024-06-12T19:09:41","slug":"present-llibre-la-meva-cambra-mes-estimada-altea-llibres-a-la-tardor-2023","status":"publish","type":"mec-events","link":"https:\/\/www.alteacultural.com\/es\/events\/present-llibre-la-meva-cambra-mes-estimada-altea-llibres-a-la-tardor-2023\/","title":{"rendered":"Present. libro: \u00abLa meva cambra m\u00e9s estimada\u00bb &#8211; Altea, llibres a la tardor 2023"},"content":{"rendered":"<p><strong>16-nov | 19:00 | Casa Gadea Altea<\/strong><\/p>\n<p><em><strong>Acto en valenciano.<\/strong><\/em><\/p>\n<p>Presentaci\u00f3 llibre:\u00a0<em>La meva cambra m\u00e9s estimada<\/em> en el cicle \u00abAltea, llibres a la tardor 2023\u00bb.<\/p>\n<p>Autor: LLu\u00eds del Romero S\u00e1nchez-Cutillas.<\/p>\n<p>Segons Virginia Woolf, tot el que necessita una dona per a escriure novel.les \u00e9s una habitaci\u00f3 pr\u00f2pia. <em>La meva cambra m\u00e9s estimada<\/em> \u00e9s l&#8217;apassionada evocaci\u00f3, feta pel fill de l&#8217;autora, d&#8217;aquella cambra, d\u2019eixe \u201csancta sanctorum\u201d presidit per la calavera del trobador Guillem de Bergued\u00e0, on Carmelina S\u00e1nchez-Cutillas va escriure els seus poemes i la meravellosa <em>Mat\u00e8ria de Bretanya<\/em>.<\/p>\n<p><a href=\"https:\/\/www.alteacultural.com\/es\/tag\/presentacions-de-llibres\/\">VEURE CICLE COMPLET<\/a><\/p>\n<p>&nbsp;<\/p>\n<p><img fetchpriority=\"high\" decoding=\"async\" class=\"aligncenter wp-image-27636\" src=\"https:\/\/www.alteacultural.com\/wp-content\/uploads\/2023\/10\/LlibresTardor23_Cartell-02.jpg\" alt=\"\" width=\"750\" height=\"1060\" srcset=\"https:\/\/www.alteacultural.com\/wp-content\/uploads\/2023\/10\/LlibresTardor23_Cartell-02.jpg 1754w, https:\/\/www.alteacultural.com\/wp-content\/uploads\/2023\/10\/LlibresTardor23_Cartell-02-768x1086.jpg 768w, https:\/\/www.alteacultural.com\/wp-content\/uploads\/2023\/10\/LlibresTardor23_Cartell-02-1086x1536.jpg 1086w, https:\/\/www.alteacultural.com\/wp-content\/uploads\/2023\/10\/LlibresTardor23_Cartell-02-1448x2048.jpg 1448w\" sizes=\"(max-width: 750px) 100vw, 750px\" \/><\/p>\n","protected":false},"excerpt":{"rendered":"<p>16-nov | 19:00 | Casa Gadea Altea Acto en valenciano. Presentaci\u00f3 llibre:\u00a0La meva cambra m\u00e9s estimada en el cicle [&hellip;]<\/p>\n","protected":false},"author":1,"featured_media":27666,"comment_status":"open","ping_status":"closed","template":"","meta":{"_expiration-date-status":"","_expiration-date":0,"_expiration-date-type":"","_expiration-date-categories":[],"_expiration-date-options":[]},"yoast_head":"<!-- This site is optimized with the Yoast SEO plugin v22.8 - https:\/\/yoast.com\/wordpress\/plugins\/seo\/ -->\n<title>Present. libro: &quot;La meva cambra m\u00e9s estimada&quot; - Altea, llibres a la tardor 2023 - Altea Cultural<\/title>\n<meta name=\"robots\" content=\"index, follow, max-snippet:-1, max-image-preview:large, max-video-preview:-1\" \/>\n<link rel=\"canonical\" href=\"https:\/\/www.alteacultural.com\/es\/events\/present-llibre-la-meva-cambra-mes-estimada-altea-llibres-a-la-tardor-2023\/\" \/>\n<meta property=\"og:locale\" content=\"es_ES\" \/>\n<meta property=\"og:type\" content=\"article\" \/>\n<meta property=\"og:title\" content=\"Present. libro: &quot;La meva cambra m\u00e9s estimada&quot; - Altea, llibres a la tardor 2023 - Altea Cultural\" \/>\n<meta property=\"og:description\" content=\"16-nov | 19:00 | Casa Gadea Altea Acto en valenciano. Presentaci\u00f3 llibre:\u00a0La meva cambra m\u00e9s estimada en el cicle [&hellip;]\" \/>\n<meta property=\"og:url\" content=\"https:\/\/www.alteacultural.com\/es\/events\/present-llibre-la-meva-cambra-mes-estimada-altea-llibres-a-la-tardor-2023\/\" \/>\n<meta property=\"og:site_name\" content=\"Altea Cultural\" \/>\n<meta property=\"article:modified_time\" content=\"2024-06-12T19:09:41+00:00\" \/>\n<meta property=\"og:image\" content=\"https:\/\/www.alteacultural.com\/wp-content\/uploads\/2023\/10\/LlibresTardor23_Banner5-01-scaled.jpg\" \/>\n\t<meta property=\"og:image:width\" content=\"2560\" \/>\n\t<meta property=\"og:image:height\" content=\"947\" \/>\n\t<meta property=\"og:image:type\" content=\"image\/jpeg\" \/>\n<meta name=\"twitter:card\" content=\"summary_large_image\" \/>\n<meta name=\"twitter:label1\" content=\"Tiempo de lectura\" \/>\n\t<meta name=\"twitter:data1\" content=\"1 minuto\" \/>\n<script type=\"application\/ld+json\" class=\"yoast-schema-graph\">{\"@context\":\"https:\/\/schema.org\",\"@graph\":[{\"@type\":\"WebPage\",\"@id\":\"https:\/\/www.alteacultural.com\/es\/events\/present-llibre-la-meva-cambra-mes-estimada-altea-llibres-a-la-tardor-2023\/\",\"url\":\"https:\/\/www.alteacultural.com\/es\/events\/present-llibre-la-meva-cambra-mes-estimada-altea-llibres-a-la-tardor-2023\/\",\"name\":\"Present. libro: \\\"La meva cambra m\u00e9s estimada\\\" - Altea, llibres a la tardor 2023 - Altea Cultural\",\"isPartOf\":{\"@id\":\"https:\/\/www.alteacultural.com\/es\/#website\"},\"primaryImageOfPage\":{\"@id\":\"https:\/\/www.alteacultural.com\/es\/events\/present-llibre-la-meva-cambra-mes-estimada-altea-llibres-a-la-tardor-2023\/#primaryimage\"},\"image\":{\"@id\":\"https:\/\/www.alteacultural.com\/es\/events\/present-llibre-la-meva-cambra-mes-estimada-altea-llibres-a-la-tardor-2023\/#primaryimage\"},\"thumbnailUrl\":\"https:\/\/www.alteacultural.com\/wp-content\/uploads\/2023\/10\/LlibresTardor23_Banner5-01-scaled.jpg\",\"datePublished\":\"2023-10-13T08:57:00+00:00\",\"dateModified\":\"2024-06-12T19:09:41+00:00\",\"breadcrumb\":{\"@id\":\"https:\/\/www.alteacultural.com\/es\/events\/present-llibre-la-meva-cambra-mes-estimada-altea-llibres-a-la-tardor-2023\/#breadcrumb\"},\"inLanguage\":\"es\",\"potentialAction\":[{\"@type\":\"ReadAction\",\"target\":[\"https:\/\/www.alteacultural.com\/es\/events\/present-llibre-la-meva-cambra-mes-estimada-altea-llibres-a-la-tardor-2023\/\"]}]},{\"@type\":\"ImageObject\",\"inLanguage\":\"es\",\"@id\":\"https:\/\/www.alteacultural.com\/es\/events\/present-llibre-la-meva-cambra-mes-estimada-altea-llibres-a-la-tardor-2023\/#primaryimage\",\"url\":\"https:\/\/www.alteacultural.com\/wp-content\/uploads\/2023\/10\/LlibresTardor23_Banner5-01-scaled.jpg\",\"contentUrl\":\"https:\/\/www.alteacultural.com\/wp-content\/uploads\/2023\/10\/LlibresTardor23_Banner5-01-scaled.jpg\",\"width\":2560,\"height\":947},{\"@type\":\"BreadcrumbList\",\"@id\":\"https:\/\/www.alteacultural.com\/es\/events\/present-llibre-la-meva-cambra-mes-estimada-altea-llibres-a-la-tardor-2023\/#breadcrumb\",\"itemListElement\":[{\"@type\":\"ListItem\",\"position\":1,\"name\":\"Inici\",\"item\":\"https:\/\/www.alteacultural.com\/es\/\"},{\"@type\":\"ListItem\",\"position\":2,\"name\":\"Eventos\",\"item\":\"https:\/\/www.alteacultural.com\/es\/events\/\"},{\"@type\":\"ListItem\",\"position\":3,\"name\":\"Present. libro: &#8220;La meva cambra m\u00e9s estimada&#8221; &#8211; Altea, llibres a la tardor 2023\"}]},{\"@type\":\"WebSite\",\"@id\":\"https:\/\/www.alteacultural.com\/es\/#website\",\"url\":\"https:\/\/www.alteacultural.com\/es\/\",\"name\":\"Altea Cultural\",\"description\":\"Regidoria de Cultura de l&#039;Ajuntament d&#039;Altea\",\"potentialAction\":[{\"@type\":\"SearchAction\",\"target\":{\"@type\":\"EntryPoint\",\"urlTemplate\":\"https:\/\/www.alteacultural.com\/es\/?s={search_term_string}\"},\"query-input\":\"required name=search_term_string\"}],\"inLanguage\":\"es\"}]}<\/script>\n<!-- \/ Yoast SEO plugin. -->","yoast_head_json":{"title":"Present. libro: \"La meva cambra m\u00e9s estimada\" - Altea, llibres a la tardor 2023 - Altea Cultural","robots":{"index":"index","follow":"follow","max-snippet":"max-snippet:-1","max-image-preview":"max-image-preview:large","max-video-preview":"max-video-preview:-1"},"canonical":"https:\/\/www.alteacultural.com\/es\/events\/present-llibre-la-meva-cambra-mes-estimada-altea-llibres-a-la-tardor-2023\/","og_locale":"es_ES","og_type":"article","og_title":"Present. libro: \"La meva cambra m\u00e9s estimada\" - Altea, llibres a la tardor 2023 - Altea Cultural","og_description":"16-nov | 19:00 | Casa Gadea Altea Acto en valenciano. Presentaci\u00f3 llibre:\u00a0La meva cambra m\u00e9s estimada en el cicle [&hellip;]","og_url":"https:\/\/www.alteacultural.com\/es\/events\/present-llibre-la-meva-cambra-mes-estimada-altea-llibres-a-la-tardor-2023\/","og_site_name":"Altea Cultural","article_modified_time":"2024-06-12T19:09:41+00:00","og_image":[{"width":2560,"height":947,"url":"https:\/\/www.alteacultural.com\/wp-content\/uploads\/2023\/10\/LlibresTardor23_Banner5-01-scaled.jpg","type":"image\/jpeg"}],"twitter_card":"summary_large_image","twitter_misc":{"Tiempo de lectura":"1 minuto"},"schema":{"@context":"https:\/\/schema.org","@graph":[{"@type":"WebPage","@id":"https:\/\/www.alteacultural.com\/es\/events\/present-llibre-la-meva-cambra-mes-estimada-altea-llibres-a-la-tardor-2023\/","url":"https:\/\/www.alteacultural.com\/es\/events\/present-llibre-la-meva-cambra-mes-estimada-altea-llibres-a-la-tardor-2023\/","name":"Present. libro: \"La meva cambra m\u00e9s estimada\" - Altea, llibres a la tardor 2023 - Altea Cultural","isPartOf":{"@id":"https:\/\/www.alteacultural.com\/es\/#website"},"primaryImageOfPage":{"@id":"https:\/\/www.alteacultural.com\/es\/events\/present-llibre-la-meva-cambra-mes-estimada-altea-llibres-a-la-tardor-2023\/#primaryimage"},"image":{"@id":"https:\/\/www.alteacultural.com\/es\/events\/present-llibre-la-meva-cambra-mes-estimada-altea-llibres-a-la-tardor-2023\/#primaryimage"},"thumbnailUrl":"https:\/\/www.alteacultural.com\/wp-content\/uploads\/2023\/10\/LlibresTardor23_Banner5-01-scaled.jpg","datePublished":"2023-10-13T08:57:00+00:00","dateModified":"2024-06-12T19:09:41+00:00","breadcrumb":{"@id":"https:\/\/www.alteacultural.com\/es\/events\/present-llibre-la-meva-cambra-mes-estimada-altea-llibres-a-la-tardor-2023\/#breadcrumb"},"inLanguage":"es","potentialAction":[{"@type":"ReadAction","target":["https:\/\/www.alteacultural.com\/es\/events\/present-llibre-la-meva-cambra-mes-estimada-altea-llibres-a-la-tardor-2023\/"]}]},{"@type":"ImageObject","inLanguage":"es","@id":"https:\/\/www.alteacultural.com\/es\/events\/present-llibre-la-meva-cambra-mes-estimada-altea-llibres-a-la-tardor-2023\/#primaryimage","url":"https:\/\/www.alteacultural.com\/wp-content\/uploads\/2023\/10\/LlibresTardor23_Banner5-01-scaled.jpg","contentUrl":"https:\/\/www.alteacultural.com\/wp-content\/uploads\/2023\/10\/LlibresTardor23_Banner5-01-scaled.jpg","width":2560,"height":947},{"@type":"BreadcrumbList","@id":"https:\/\/www.alteacultural.com\/es\/events\/present-llibre-la-meva-cambra-mes-estimada-altea-llibres-a-la-tardor-2023\/#breadcrumb","itemListElement":[{"@type":"ListItem","position":1,"name":"Inici","item":"https:\/\/www.alteacultural.com\/es\/"},{"@type":"ListItem","position":2,"name":"Eventos","item":"https:\/\/www.alteacultural.com\/es\/events\/"},{"@type":"ListItem","position":3,"name":"Present. libro: &#8220;La meva cambra m\u00e9s estimada&#8221; &#8211; Altea, llibres a la tardor 2023"}]},{"@type":"WebSite","@id":"https:\/\/www.alteacultural.com\/es\/#website","url":"https:\/\/www.alteacultural.com\/es\/","name":"Altea Cultural","description":"Regidoria de Cultura de l&#039;Ajuntament d&#039;Altea","potentialAction":[{"@type":"SearchAction","target":{"@type":"EntryPoint","urlTemplate":"https:\/\/www.alteacultural.com\/es\/?s={search_term_string}"},"query-input":"required name=search_term_string"}],"inLanguage":"es"}]}},"mec_cost":"Entrada libre y gratuita","mec_date":{"start":{"date":"2023-11-16","hour":7,"minutes":"0","ampm":"PM"},"end":{"date":"2023-11-16","hour":8,"minutes":"0","ampm":"PM"},"comment":"","repeat":{"type":"daily","interval":"1","advanced":"","end":"never","end_at_date":"","end_at_occurrences":"10"}},"_links":{"self":[{"href":"https:\/\/www.alteacultural.com\/es\/wp-json\/wp\/v2\/mec-events\/27667"}],"collection":[{"href":"https:\/\/www.alteacultural.com\/es\/wp-json\/wp\/v2\/mec-events"}],"about":[{"href":"https:\/\/www.alteacultural.com\/es\/wp-json\/wp\/v2\/types\/mec-events"}],"author":[{"embeddable":true,"href":"https:\/\/www.alteacultural.com\/es\/wp-json\/wp\/v2\/users\/1"}],"replies":[{"embeddable":true,"href":"https:\/\/www.alteacultural.com\/es\/wp-json\/wp\/v2\/comments?post=27667"}],"wp:featuredmedia":[{"embeddable":true,"href":"https:\/\/www.alteacultural.com\/es\/wp-json\/wp\/v2\/media\/27666"}],"wp:attachment":[{"href":"https:\/\/www.alteacultural.com\/es\/wp-json\/wp\/v2\/media?parent=27667"}],"curies":[{"name":"wp","href":"https:\/\/api.w.org\/{rel}","templated":true}]}}