{"id":27672,"date":"2023-10-13T13:10:15","date_gmt":"2023-10-13T11:10:15","guid":{"rendered":"https:\/\/www.alteacultural.com\/events\/present-llibres-solsmarina-i-lultim-ngaranna-altea-llibres-a-la-tardor-2023\/"},"modified":"2024-06-12T21:09:41","modified_gmt":"2024-06-12T19:09:41","slug":"present-llibres-solsmarina-i-lultim-ngaranna-altea-llibres-a-la-tardor-2023","status":"publish","type":"mec-events","link":"https:\/\/www.alteacultural.com\/es\/events\/present-llibres-solsmarina-i-lultim-ngaranna-altea-llibres-a-la-tardor-2023\/","title":{"rendered":"Present. libros: \u00abSolsmarina\u00bb y  \u00abL&#8217;\u00faltim Ngaranna\u00bb &#8211; Altea, llibres a la tardor 2023"},"content":{"rendered":"<p><strong>23-nov | 19:00 | Biblioteca P\u00fablica Municipal Altea<\/strong><\/p>\n<p><em><strong>Acto en valenciano.<\/strong><\/em><\/p>\n<p>Presentaci\u00f3 llibres de les obres guanyadores dels Premis Altea de Literatura i Investigaci\u00f3 2023 en el cicle \u00abAltea, llibres a la tardor 2023\u00bb.<\/p>\n<ul>\n<li><em>Solsmarina. <\/em>Autor: Xavier M\u00ednguez L\u00f3pez.<\/li>\n<\/ul>\n<p style=\"padding-left: 40px;\">Marina decideix deixar la seua Roma natal i mudar-se a Pentidattilo, un burg medieval habitat oficialment per dotze persones al mateix cor de la Cal\u00e0bria. Deixa enrere el seu amant, que ha decidit casar-se amb la seua n\u00f3via formal, i el seu gat, mort despr\u00e9s d\u2019una llarga malaltia. Aix\u00ed, s\u2019encamina a una nova vida per tal de retrobar-se amb si mateixa, tot i que comprovar\u00e0 que la soledat, de vegades, no \u00e9s tan senzilla d\u2019aconseguir. Encara m\u00e9s si s\u2019endinsa pels intricats camins d\u2019una plataforma digital de contactes per a trobar parelles espor\u00e0diques i si rep a casa visites de tota mena, incloent-hi un fantasma.<\/p>\n<ul>\n<li><em>L&#8217;\u00faltim Ngaranna.\u00a0<\/em>Autor: David Boteller Mas.<\/li>\n<\/ul>\n<p style=\"padding-left: 40px;\">Marina, una xiqueta de huit anys amb molt poca confian\u00e7a en ella mateixa, se sent frustrada per les dificultats que t\u00e9 a l&#8217;escola. Esta situaci\u00f3 canvia quan, de manera fortu\u00efta, cau a les seues mans un llibre molt estrany. En el llibre s&#8217;explica la hist\u00f2ria de Wangari, una xiqueta africana que \u00e9s triada pels avantpassats de la seua tribu per a trobar un arbre misteri\u00f3s denominat Ngaranna. L&#8217;arbre \u00e9s l&#8217;\u00faltim recurs de la gent de la Terra dels Turons per a evitar que la sequera els expulse de casa. Acompanyada pel seu amic Dinganii, un ratpenat de p\u00e8l daurat, Wangari viu una llarga aventura a trav\u00e9s de la qual apr\u00e9n a superar obstacles i a guanyar confian\u00e7a en ella mateixa.<\/p>\n<p><a href=\"https:\/\/www.alteacultural.com\/tag\/presentacions-de-llibres\/\">VEURE CICLE COMPLET<\/a><\/p>\n<p>&nbsp;<\/p>\n<p><img fetchpriority=\"high\" decoding=\"async\" class=\"aligncenter wp-image-28059\" src=\"https:\/\/www.alteacultural.com\/wp-content\/uploads\/2023\/10\/2023-11-23-Presentacio-Llibres-Premis-Altea-2023.jpg\" alt=\"\" width=\"700\" height=\"918\" srcset=\"https:\/\/www.alteacultural.com\/wp-content\/uploads\/2023\/10\/2023-11-23-Presentacio-Llibres-Premis-Altea-2023.jpg 1562w, https:\/\/www.alteacultural.com\/wp-content\/uploads\/2023\/10\/2023-11-23-Presentacio-Llibres-Premis-Altea-2023-768x1007.jpg 768w, https:\/\/www.alteacultural.com\/wp-content\/uploads\/2023\/10\/2023-11-23-Presentacio-Llibres-Premis-Altea-2023-1172x1536.jpg 1172w\" sizes=\"(max-width: 700px) 100vw, 700px\" \/><\/p>\n<p>&nbsp;<\/p>\n<p><img decoding=\"async\" class=\"aligncenter wp-image-27636 lazyload\" data-src=\"https:\/\/www.alteacultural.com\/wp-content\/uploads\/2023\/10\/LlibresTardor23_Cartell-02.jpg\" alt=\"\" width=\"750\" height=\"1060\" data-srcset=\"https:\/\/www.alteacultural.com\/wp-content\/uploads\/2023\/10\/LlibresTardor23_Cartell-02.jpg 1754w, https:\/\/www.alteacultural.com\/wp-content\/uploads\/2023\/10\/LlibresTardor23_Cartell-02-768x1086.jpg 768w, https:\/\/www.alteacultural.com\/wp-content\/uploads\/2023\/10\/LlibresTardor23_Cartell-02-1086x1536.jpg 1086w, https:\/\/www.alteacultural.com\/wp-content\/uploads\/2023\/10\/LlibresTardor23_Cartell-02-1448x2048.jpg 1448w\" data-sizes=\"(max-width: 750px) 100vw, 750px\" src=\"data:image\/gif;base64,R0lGODlhAQABAAAAACH5BAEKAAEALAAAAAABAAEAAAICTAEAOw==\" style=\"--smush-placeholder-width: 750px; --smush-placeholder-aspect-ratio: 750\/1060;\" \/><\/p>\n","protected":false},"excerpt":{"rendered":"<p>23-nov | 19:00 | Biblioteca P\u00fablica Municipal Altea Acto en valenciano. Presentaci\u00f3 llibres de les obres guanyadores dels Premis [&hellip;]<\/p>\n","protected":false},"author":1,"featured_media":27671,"comment_status":"open","ping_status":"closed","template":"","meta":{"_expiration-date-status":"","_expiration-date":0,"_expiration-date-type":"","_expiration-date-categories":[],"_expiration-date-options":[]},"yoast_head":"<!-- This site is optimized with the Yoast SEO plugin v22.8 - https:\/\/yoast.com\/wordpress\/plugins\/seo\/ -->\n<title>Present. libros: &quot;Solsmarina&quot; y &quot;L&#039;\u00faltim Ngaranna&quot; - Altea, llibres a la tardor 2023 - Altea Cultural<\/title>\n<meta name=\"robots\" content=\"index, follow, max-snippet:-1, max-image-preview:large, max-video-preview:-1\" \/>\n<link rel=\"canonical\" href=\"https:\/\/www.alteacultural.com\/es\/events\/present-llibres-solsmarina-i-lultim-ngaranna-altea-llibres-a-la-tardor-2023\/\" \/>\n<meta property=\"og:locale\" content=\"es_ES\" \/>\n<meta property=\"og:type\" content=\"article\" \/>\n<meta property=\"og:title\" content=\"Present. libros: &quot;Solsmarina&quot; y &quot;L&#039;\u00faltim Ngaranna&quot; - Altea, llibres a la tardor 2023 - Altea Cultural\" \/>\n<meta property=\"og:description\" content=\"23-nov | 19:00 | Biblioteca P\u00fablica Municipal Altea Acto en valenciano. Presentaci\u00f3 llibres de les obres guanyadores dels Premis [&hellip;]\" \/>\n<meta property=\"og:url\" content=\"https:\/\/www.alteacultural.com\/es\/events\/present-llibres-solsmarina-i-lultim-ngaranna-altea-llibres-a-la-tardor-2023\/\" \/>\n<meta property=\"og:site_name\" content=\"Altea Cultural\" \/>\n<meta property=\"article:modified_time\" content=\"2024-06-12T19:09:41+00:00\" \/>\n<meta property=\"og:image\" content=\"https:\/\/www.alteacultural.com\/wp-content\/uploads\/2023\/10\/LlibresTardor23_Banner6-01-scaled.jpg\" \/>\n\t<meta property=\"og:image:width\" content=\"2560\" \/>\n\t<meta property=\"og:image:height\" content=\"947\" \/>\n\t<meta property=\"og:image:type\" content=\"image\/jpeg\" \/>\n<meta name=\"twitter:card\" content=\"summary_large_image\" \/>\n<meta name=\"twitter:label1\" content=\"Tiempo de lectura\" \/>\n\t<meta name=\"twitter:data1\" content=\"2 minutos\" \/>\n<script type=\"application\/ld+json\" class=\"yoast-schema-graph\">{\"@context\":\"https:\/\/schema.org\",\"@graph\":[{\"@type\":\"WebPage\",\"@id\":\"https:\/\/www.alteacultural.com\/es\/events\/present-llibres-solsmarina-i-lultim-ngaranna-altea-llibres-a-la-tardor-2023\/\",\"url\":\"https:\/\/www.alteacultural.com\/es\/events\/present-llibres-solsmarina-i-lultim-ngaranna-altea-llibres-a-la-tardor-2023\/\",\"name\":\"Present. libros: \\\"Solsmarina\\\" y \\\"L'\u00faltim Ngaranna\\\" - Altea, llibres a la tardor 2023 - Altea Cultural\",\"isPartOf\":{\"@id\":\"https:\/\/www.alteacultural.com\/es\/#website\"},\"primaryImageOfPage\":{\"@id\":\"https:\/\/www.alteacultural.com\/es\/events\/present-llibres-solsmarina-i-lultim-ngaranna-altea-llibres-a-la-tardor-2023\/#primaryimage\"},\"image\":{\"@id\":\"https:\/\/www.alteacultural.com\/es\/events\/present-llibres-solsmarina-i-lultim-ngaranna-altea-llibres-a-la-tardor-2023\/#primaryimage\"},\"thumbnailUrl\":\"https:\/\/www.alteacultural.com\/wp-content\/uploads\/2023\/10\/LlibresTardor23_Banner6-01-scaled.jpg\",\"datePublished\":\"2023-10-13T11:10:15+00:00\",\"dateModified\":\"2024-06-12T19:09:41+00:00\",\"breadcrumb\":{\"@id\":\"https:\/\/www.alteacultural.com\/es\/events\/present-llibres-solsmarina-i-lultim-ngaranna-altea-llibres-a-la-tardor-2023\/#breadcrumb\"},\"inLanguage\":\"es\",\"potentialAction\":[{\"@type\":\"ReadAction\",\"target\":[\"https:\/\/www.alteacultural.com\/es\/events\/present-llibres-solsmarina-i-lultim-ngaranna-altea-llibres-a-la-tardor-2023\/\"]}]},{\"@type\":\"ImageObject\",\"inLanguage\":\"es\",\"@id\":\"https:\/\/www.alteacultural.com\/es\/events\/present-llibres-solsmarina-i-lultim-ngaranna-altea-llibres-a-la-tardor-2023\/#primaryimage\",\"url\":\"https:\/\/www.alteacultural.com\/wp-content\/uploads\/2023\/10\/LlibresTardor23_Banner6-01-scaled.jpg\",\"contentUrl\":\"https:\/\/www.alteacultural.com\/wp-content\/uploads\/2023\/10\/LlibresTardor23_Banner6-01-scaled.jpg\",\"width\":2560,\"height\":947},{\"@type\":\"BreadcrumbList\",\"@id\":\"https:\/\/www.alteacultural.com\/es\/events\/present-llibres-solsmarina-i-lultim-ngaranna-altea-llibres-a-la-tardor-2023\/#breadcrumb\",\"itemListElement\":[{\"@type\":\"ListItem\",\"position\":1,\"name\":\"Inici\",\"item\":\"https:\/\/www.alteacultural.com\/es\/\"},{\"@type\":\"ListItem\",\"position\":2,\"name\":\"Eventos\",\"item\":\"https:\/\/www.alteacultural.com\/es\/events\/\"},{\"@type\":\"ListItem\",\"position\":3,\"name\":\"Present. libros: &#8220;Solsmarina&#8221; y &#8220;L&#8217;\u00faltim Ngaranna&#8221; &#8211; Altea, llibres a la tardor 2023\"}]},{\"@type\":\"WebSite\",\"@id\":\"https:\/\/www.alteacultural.com\/es\/#website\",\"url\":\"https:\/\/www.alteacultural.com\/es\/\",\"name\":\"Altea Cultural\",\"description\":\"Regidoria de Cultura de l&#039;Ajuntament d&#039;Altea\",\"potentialAction\":[{\"@type\":\"SearchAction\",\"target\":{\"@type\":\"EntryPoint\",\"urlTemplate\":\"https:\/\/www.alteacultural.com\/es\/?s={search_term_string}\"},\"query-input\":\"required name=search_term_string\"}],\"inLanguage\":\"es\"}]}<\/script>\n<!-- \/ Yoast SEO plugin. -->","yoast_head_json":{"title":"Present. libros: \"Solsmarina\" y \"L'\u00faltim Ngaranna\" - Altea, llibres a la tardor 2023 - Altea Cultural","robots":{"index":"index","follow":"follow","max-snippet":"max-snippet:-1","max-image-preview":"max-image-preview:large","max-video-preview":"max-video-preview:-1"},"canonical":"https:\/\/www.alteacultural.com\/es\/events\/present-llibres-solsmarina-i-lultim-ngaranna-altea-llibres-a-la-tardor-2023\/","og_locale":"es_ES","og_type":"article","og_title":"Present. libros: \"Solsmarina\" y \"L'\u00faltim Ngaranna\" - Altea, llibres a la tardor 2023 - Altea Cultural","og_description":"23-nov | 19:00 | Biblioteca P\u00fablica Municipal Altea Acto en valenciano. Presentaci\u00f3 llibres de les obres guanyadores dels Premis [&hellip;]","og_url":"https:\/\/www.alteacultural.com\/es\/events\/present-llibres-solsmarina-i-lultim-ngaranna-altea-llibres-a-la-tardor-2023\/","og_site_name":"Altea Cultural","article_modified_time":"2024-06-12T19:09:41+00:00","og_image":[{"width":2560,"height":947,"url":"https:\/\/www.alteacultural.com\/wp-content\/uploads\/2023\/10\/LlibresTardor23_Banner6-01-scaled.jpg","type":"image\/jpeg"}],"twitter_card":"summary_large_image","twitter_misc":{"Tiempo de lectura":"2 minutos"},"schema":{"@context":"https:\/\/schema.org","@graph":[{"@type":"WebPage","@id":"https:\/\/www.alteacultural.com\/es\/events\/present-llibres-solsmarina-i-lultim-ngaranna-altea-llibres-a-la-tardor-2023\/","url":"https:\/\/www.alteacultural.com\/es\/events\/present-llibres-solsmarina-i-lultim-ngaranna-altea-llibres-a-la-tardor-2023\/","name":"Present. libros: \"Solsmarina\" y \"L'\u00faltim Ngaranna\" - Altea, llibres a la tardor 2023 - Altea Cultural","isPartOf":{"@id":"https:\/\/www.alteacultural.com\/es\/#website"},"primaryImageOfPage":{"@id":"https:\/\/www.alteacultural.com\/es\/events\/present-llibres-solsmarina-i-lultim-ngaranna-altea-llibres-a-la-tardor-2023\/#primaryimage"},"image":{"@id":"https:\/\/www.alteacultural.com\/es\/events\/present-llibres-solsmarina-i-lultim-ngaranna-altea-llibres-a-la-tardor-2023\/#primaryimage"},"thumbnailUrl":"https:\/\/www.alteacultural.com\/wp-content\/uploads\/2023\/10\/LlibresTardor23_Banner6-01-scaled.jpg","datePublished":"2023-10-13T11:10:15+00:00","dateModified":"2024-06-12T19:09:41+00:00","breadcrumb":{"@id":"https:\/\/www.alteacultural.com\/es\/events\/present-llibres-solsmarina-i-lultim-ngaranna-altea-llibres-a-la-tardor-2023\/#breadcrumb"},"inLanguage":"es","potentialAction":[{"@type":"ReadAction","target":["https:\/\/www.alteacultural.com\/es\/events\/present-llibres-solsmarina-i-lultim-ngaranna-altea-llibres-a-la-tardor-2023\/"]}]},{"@type":"ImageObject","inLanguage":"es","@id":"https:\/\/www.alteacultural.com\/es\/events\/present-llibres-solsmarina-i-lultim-ngaranna-altea-llibres-a-la-tardor-2023\/#primaryimage","url":"https:\/\/www.alteacultural.com\/wp-content\/uploads\/2023\/10\/LlibresTardor23_Banner6-01-scaled.jpg","contentUrl":"https:\/\/www.alteacultural.com\/wp-content\/uploads\/2023\/10\/LlibresTardor23_Banner6-01-scaled.jpg","width":2560,"height":947},{"@type":"BreadcrumbList","@id":"https:\/\/www.alteacultural.com\/es\/events\/present-llibres-solsmarina-i-lultim-ngaranna-altea-llibres-a-la-tardor-2023\/#breadcrumb","itemListElement":[{"@type":"ListItem","position":1,"name":"Inici","item":"https:\/\/www.alteacultural.com\/es\/"},{"@type":"ListItem","position":2,"name":"Eventos","item":"https:\/\/www.alteacultural.com\/es\/events\/"},{"@type":"ListItem","position":3,"name":"Present. libros: &#8220;Solsmarina&#8221; y &#8220;L&#8217;\u00faltim Ngaranna&#8221; &#8211; Altea, llibres a la tardor 2023"}]},{"@type":"WebSite","@id":"https:\/\/www.alteacultural.com\/es\/#website","url":"https:\/\/www.alteacultural.com\/es\/","name":"Altea Cultural","description":"Regidoria de Cultura de l&#039;Ajuntament d&#039;Altea","potentialAction":[{"@type":"SearchAction","target":{"@type":"EntryPoint","urlTemplate":"https:\/\/www.alteacultural.com\/es\/?s={search_term_string}"},"query-input":"required name=search_term_string"}],"inLanguage":"es"}]}},"mec_cost":"Entrada libre y gratuita","mec_date":{"start":{"date":"2023-11-23","hour":7,"minutes":"0","ampm":"PM"},"end":{"date":"2023-11-23","hour":8,"minutes":"0","ampm":"PM"},"comment":"","repeat":{"type":"daily","interval":"1","advanced":"","end":"never","end_at_date":"","end_at_occurrences":"10"}},"_links":{"self":[{"href":"https:\/\/www.alteacultural.com\/es\/wp-json\/wp\/v2\/mec-events\/27672"}],"collection":[{"href":"https:\/\/www.alteacultural.com\/es\/wp-json\/wp\/v2\/mec-events"}],"about":[{"href":"https:\/\/www.alteacultural.com\/es\/wp-json\/wp\/v2\/types\/mec-events"}],"author":[{"embeddable":true,"href":"https:\/\/www.alteacultural.com\/es\/wp-json\/wp\/v2\/users\/1"}],"replies":[{"embeddable":true,"href":"https:\/\/www.alteacultural.com\/es\/wp-json\/wp\/v2\/comments?post=27672"}],"wp:featuredmedia":[{"embeddable":true,"href":"https:\/\/www.alteacultural.com\/es\/wp-json\/wp\/v2\/media\/27671"}],"wp:attachment":[{"href":"https:\/\/www.alteacultural.com\/es\/wp-json\/wp\/v2\/media?parent=27672"}],"curies":[{"name":"wp","href":"https:\/\/api.w.org\/{rel}","templated":true}]}}