{"id":28239,"date":"2023-11-27T13:10:43","date_gmt":"2023-11-27T12:10:43","guid":{"rendered":"https:\/\/www.alteacultural.com\/events\/infantil-cinema-en-valencia-nimona\/"},"modified":"2024-08-08T10:09:03","modified_gmt":"2024-08-08T08:09:03","slug":"infantil-cinema-en-valencia-nimona","status":"publish","type":"mec-events","link":"https:\/\/www.alteacultural.com\/es\/events\/infantil-cinema-en-valencia-nimona\/","title":{"rendered":"Infantil: Cinema en valenci\u00e0: \u00abNimona\u00bb"},"content":{"rendered":"<p><strong>3-dic | 17:00 | Casa Cultura Altea<\/strong><\/p>\n<p><em><strong>Acto en valenciano<\/strong><\/em><\/p>\n<p>Infantil: Cinema en valenci\u00e0: \u00abNimona\u00bb.<\/p>\n<p>En un m\u00f3n medieval futurista, el cavaller Ballister Boldheart \u00e9s acusat d&#8217;un crim que no ha com\u00e9s, i l&#8217;\u00fanica persona que pot ajudar-lo a demostrar la seua innoc\u00e8ncia \u00e9s Nimona, una entremaliada adolescent amb inclinaci\u00f3 pel caos\u2026 que a m\u00e9s resulta ser el ser metam\u00f2rfic al qual ha de destruir. Per\u00f2, at\u00e9s que ho persegueix tot el regne, Nimona \u00e9s el millor aliat (o m\u00e9s aviat l&#8217;\u00fanic) al qual Ballister pot aspirar. De manera que, mentre es difumina la l\u00ednia entre herois, vilans i monstres, la parella causa estralls a tort i a dret perqu\u00e8 Ballister puga llavar el seu nom.<\/p>\n<p>DURACI\u00d3: 102 min.<\/p>\n<p>EDAT RECOMANADA: +7 anys.<\/p>\n<p>Entrada lliure i gratu\u00efta fins a completar l&#8217;aforament.<\/p>\n<p>&nbsp;<\/p>\n<p>&nbsp;<\/p>\n<p>&nbsp;<\/p>\n<p><img fetchpriority=\"high\" decoding=\"async\" class=\"aligncenter wp-image-28235\" src=\"https:\/\/www.alteacultural.com\/wp-content\/uploads\/2023\/11\/2024-01-21-Cinema-en-valencia-scaled.jpg\" alt=\"\" width=\"750\" height=\"1061\" srcset=\"https:\/\/www.alteacultural.com\/wp-content\/uploads\/2023\/11\/2024-01-21-Cinema-en-valencia-scaled.jpg 1809w, https:\/\/www.alteacultural.com\/wp-content\/uploads\/2023\/11\/2024-01-21-Cinema-en-valencia-768x1087.jpg 768w, https:\/\/www.alteacultural.com\/wp-content\/uploads\/2023\/11\/2024-01-21-Cinema-en-valencia-1085x1536.jpg 1085w, https:\/\/www.alteacultural.com\/wp-content\/uploads\/2023\/11\/2024-01-21-Cinema-en-valencia-1447x2048.jpg 1447w\" sizes=\"(max-width: 750px) 100vw, 750px\" \/><\/p>\n","protected":false},"excerpt":{"rendered":"<p>3-dic | 17:00 | Casa Cultura Altea Acto en valenciano Infantil: Cinema en valenci\u00e0: \u00abNimona\u00bb. En un m\u00f3n medieval [&hellip;]<\/p>\n","protected":false},"author":1,"featured_media":28238,"comment_status":"open","ping_status":"closed","template":"","meta":{"_expiration-date-status":"","_expiration-date":0,"_expiration-date-type":"","_expiration-date-categories":[],"_expiration-date-options":[]},"yoast_head":"<!-- This site is optimized with the Yoast SEO plugin v22.8 - https:\/\/yoast.com\/wordpress\/plugins\/seo\/ -->\n<title>Infantil: Cinema en valenci\u00e0: &quot;Nimona&quot; - Altea Cultural<\/title>\n<meta name=\"robots\" content=\"index, follow, max-snippet:-1, max-image-preview:large, max-video-preview:-1\" \/>\n<link rel=\"canonical\" href=\"https:\/\/www.alteacultural.com\/es\/events\/infantil-cinema-en-valencia-nimona\/\" \/>\n<meta property=\"og:locale\" content=\"es_ES\" \/>\n<meta property=\"og:type\" content=\"article\" \/>\n<meta property=\"og:title\" content=\"Infantil: Cinema en valenci\u00e0: &quot;Nimona&quot; - Altea Cultural\" \/>\n<meta property=\"og:description\" content=\"3-dic | 17:00 | Casa Cultura Altea Acto en valenciano Infantil: Cinema en valenci\u00e0: \u00abNimona\u00bb. En un m\u00f3n medieval [&hellip;]\" \/>\n<meta property=\"og:url\" content=\"https:\/\/www.alteacultural.com\/es\/events\/infantil-cinema-en-valencia-nimona\/\" \/>\n<meta property=\"og:site_name\" content=\"Altea Cultural\" \/>\n<meta property=\"article:modified_time\" content=\"2024-08-08T08:09:03+00:00\" \/>\n<meta property=\"og:image\" content=\"https:\/\/www.alteacultural.com\/wp-content\/uploads\/2023\/11\/2023-12-03_Nimona_banner.jpg\" \/>\n\t<meta property=\"og:image:width\" content=\"830\" \/>\n\t<meta property=\"og:image:height\" content=\"320\" \/>\n\t<meta property=\"og:image:type\" content=\"image\/jpeg\" \/>\n<meta name=\"twitter:card\" content=\"summary_large_image\" \/>\n<meta name=\"twitter:label1\" content=\"Tiempo de lectura\" \/>\n\t<meta name=\"twitter:data1\" content=\"1 minuto\" \/>\n<script type=\"application\/ld+json\" class=\"yoast-schema-graph\">{\"@context\":\"https:\/\/schema.org\",\"@graph\":[{\"@type\":\"WebPage\",\"@id\":\"https:\/\/www.alteacultural.com\/es\/events\/infantil-cinema-en-valencia-nimona\/\",\"url\":\"https:\/\/www.alteacultural.com\/es\/events\/infantil-cinema-en-valencia-nimona\/\",\"name\":\"Infantil: Cinema en valenci\u00e0: \\\"Nimona\\\" - Altea Cultural\",\"isPartOf\":{\"@id\":\"https:\/\/www.alteacultural.com\/es\/#website\"},\"primaryImageOfPage\":{\"@id\":\"https:\/\/www.alteacultural.com\/es\/events\/infantil-cinema-en-valencia-nimona\/#primaryimage\"},\"image\":{\"@id\":\"https:\/\/www.alteacultural.com\/es\/events\/infantil-cinema-en-valencia-nimona\/#primaryimage\"},\"thumbnailUrl\":\"https:\/\/www.alteacultural.com\/wp-content\/uploads\/2023\/11\/2023-12-03_Nimona_banner.jpg\",\"datePublished\":\"2023-11-27T12:10:43+00:00\",\"dateModified\":\"2024-08-08T08:09:03+00:00\",\"breadcrumb\":{\"@id\":\"https:\/\/www.alteacultural.com\/es\/events\/infantil-cinema-en-valencia-nimona\/#breadcrumb\"},\"inLanguage\":\"es\",\"potentialAction\":[{\"@type\":\"ReadAction\",\"target\":[\"https:\/\/www.alteacultural.com\/es\/events\/infantil-cinema-en-valencia-nimona\/\"]}]},{\"@type\":\"ImageObject\",\"inLanguage\":\"es\",\"@id\":\"https:\/\/www.alteacultural.com\/es\/events\/infantil-cinema-en-valencia-nimona\/#primaryimage\",\"url\":\"https:\/\/www.alteacultural.com\/wp-content\/uploads\/2023\/11\/2023-12-03_Nimona_banner.jpg\",\"contentUrl\":\"https:\/\/www.alteacultural.com\/wp-content\/uploads\/2023\/11\/2023-12-03_Nimona_banner.jpg\",\"width\":830,\"height\":320},{\"@type\":\"BreadcrumbList\",\"@id\":\"https:\/\/www.alteacultural.com\/es\/events\/infantil-cinema-en-valencia-nimona\/#breadcrumb\",\"itemListElement\":[{\"@type\":\"ListItem\",\"position\":1,\"name\":\"Inici\",\"item\":\"https:\/\/www.alteacultural.com\/es\/\"},{\"@type\":\"ListItem\",\"position\":2,\"name\":\"Eventos\",\"item\":\"https:\/\/www.alteacultural.com\/es\/events\/\"},{\"@type\":\"ListItem\",\"position\":3,\"name\":\"Infantil: Cinema en valenci\u00e0: &#8220;Nimona&#8221;\"}]},{\"@type\":\"WebSite\",\"@id\":\"https:\/\/www.alteacultural.com\/es\/#website\",\"url\":\"https:\/\/www.alteacultural.com\/es\/\",\"name\":\"Altea Cultural\",\"description\":\"Regidoria de Cultura de l&#039;Ajuntament d&#039;Altea\",\"potentialAction\":[{\"@type\":\"SearchAction\",\"target\":{\"@type\":\"EntryPoint\",\"urlTemplate\":\"https:\/\/www.alteacultural.com\/es\/?s={search_term_string}\"},\"query-input\":\"required name=search_term_string\"}],\"inLanguage\":\"es\"}]}<\/script>\n<!-- \/ Yoast SEO plugin. -->","yoast_head_json":{"title":"Infantil: Cinema en valenci\u00e0: \"Nimona\" - Altea Cultural","robots":{"index":"index","follow":"follow","max-snippet":"max-snippet:-1","max-image-preview":"max-image-preview:large","max-video-preview":"max-video-preview:-1"},"canonical":"https:\/\/www.alteacultural.com\/es\/events\/infantil-cinema-en-valencia-nimona\/","og_locale":"es_ES","og_type":"article","og_title":"Infantil: Cinema en valenci\u00e0: \"Nimona\" - Altea Cultural","og_description":"3-dic | 17:00 | Casa Cultura Altea Acto en valenciano Infantil: Cinema en valenci\u00e0: \u00abNimona\u00bb. En un m\u00f3n medieval [&hellip;]","og_url":"https:\/\/www.alteacultural.com\/es\/events\/infantil-cinema-en-valencia-nimona\/","og_site_name":"Altea Cultural","article_modified_time":"2024-08-08T08:09:03+00:00","og_image":[{"width":830,"height":320,"url":"https:\/\/www.alteacultural.com\/wp-content\/uploads\/2023\/11\/2023-12-03_Nimona_banner.jpg","type":"image\/jpeg"}],"twitter_card":"summary_large_image","twitter_misc":{"Tiempo de lectura":"1 minuto"},"schema":{"@context":"https:\/\/schema.org","@graph":[{"@type":"WebPage","@id":"https:\/\/www.alteacultural.com\/es\/events\/infantil-cinema-en-valencia-nimona\/","url":"https:\/\/www.alteacultural.com\/es\/events\/infantil-cinema-en-valencia-nimona\/","name":"Infantil: Cinema en valenci\u00e0: \"Nimona\" - Altea Cultural","isPartOf":{"@id":"https:\/\/www.alteacultural.com\/es\/#website"},"primaryImageOfPage":{"@id":"https:\/\/www.alteacultural.com\/es\/events\/infantil-cinema-en-valencia-nimona\/#primaryimage"},"image":{"@id":"https:\/\/www.alteacultural.com\/es\/events\/infantil-cinema-en-valencia-nimona\/#primaryimage"},"thumbnailUrl":"https:\/\/www.alteacultural.com\/wp-content\/uploads\/2023\/11\/2023-12-03_Nimona_banner.jpg","datePublished":"2023-11-27T12:10:43+00:00","dateModified":"2024-08-08T08:09:03+00:00","breadcrumb":{"@id":"https:\/\/www.alteacultural.com\/es\/events\/infantil-cinema-en-valencia-nimona\/#breadcrumb"},"inLanguage":"es","potentialAction":[{"@type":"ReadAction","target":["https:\/\/www.alteacultural.com\/es\/events\/infantil-cinema-en-valencia-nimona\/"]}]},{"@type":"ImageObject","inLanguage":"es","@id":"https:\/\/www.alteacultural.com\/es\/events\/infantil-cinema-en-valencia-nimona\/#primaryimage","url":"https:\/\/www.alteacultural.com\/wp-content\/uploads\/2023\/11\/2023-12-03_Nimona_banner.jpg","contentUrl":"https:\/\/www.alteacultural.com\/wp-content\/uploads\/2023\/11\/2023-12-03_Nimona_banner.jpg","width":830,"height":320},{"@type":"BreadcrumbList","@id":"https:\/\/www.alteacultural.com\/es\/events\/infantil-cinema-en-valencia-nimona\/#breadcrumb","itemListElement":[{"@type":"ListItem","position":1,"name":"Inici","item":"https:\/\/www.alteacultural.com\/es\/"},{"@type":"ListItem","position":2,"name":"Eventos","item":"https:\/\/www.alteacultural.com\/es\/events\/"},{"@type":"ListItem","position":3,"name":"Infantil: Cinema en valenci\u00e0: &#8220;Nimona&#8221;"}]},{"@type":"WebSite","@id":"https:\/\/www.alteacultural.com\/es\/#website","url":"https:\/\/www.alteacultural.com\/es\/","name":"Altea Cultural","description":"Regidoria de Cultura de l&#039;Ajuntament d&#039;Altea","potentialAction":[{"@type":"SearchAction","target":{"@type":"EntryPoint","urlTemplate":"https:\/\/www.alteacultural.com\/es\/?s={search_term_string}"},"query-input":"required name=search_term_string"}],"inLanguage":"es"}]}},"mec_cost":"Entrada libre y gratuita","mec_date":{"start":{"date":"2023-12-03","hour":5,"minutes":"0","ampm":"PM"},"end":{"date":"2023-12-03","hour":6,"minutes":"45","ampm":"PM"},"comment":"","repeat":{"type":"daily","interval":"1","advanced":"","end":"never","end_at_date":"","end_at_occurrences":"10"}},"_links":{"self":[{"href":"https:\/\/www.alteacultural.com\/es\/wp-json\/wp\/v2\/mec-events\/28239"}],"collection":[{"href":"https:\/\/www.alteacultural.com\/es\/wp-json\/wp\/v2\/mec-events"}],"about":[{"href":"https:\/\/www.alteacultural.com\/es\/wp-json\/wp\/v2\/types\/mec-events"}],"author":[{"embeddable":true,"href":"https:\/\/www.alteacultural.com\/es\/wp-json\/wp\/v2\/users\/1"}],"replies":[{"embeddable":true,"href":"https:\/\/www.alteacultural.com\/es\/wp-json\/wp\/v2\/comments?post=28239"}],"wp:featuredmedia":[{"embeddable":true,"href":"https:\/\/www.alteacultural.com\/es\/wp-json\/wp\/v2\/media\/28238"}],"wp:attachment":[{"href":"https:\/\/www.alteacultural.com\/es\/wp-json\/wp\/v2\/media?parent=28239"}],"curies":[{"name":"wp","href":"https:\/\/api.w.org\/{rel}","templated":true}]}}