{"id":28987,"date":"2024-02-21T08:00:49","date_gmt":"2024-02-21T07:00:49","guid":{"rendered":"https:\/\/www.alteacultural.com\/events\/present-llibre-la-marina-en-caiac-cronica-duna-travessia-anticiclonica-altea-llibres-a-la-primavera-2024\/"},"modified":"2024-06-12T21:09:28","modified_gmt":"2024-06-12T19:09:28","slug":"present-llibre-la-marina-en-caiac-cronica-duna-travessia-anticiclonica-altea-llibres-a-la-primavera-2024","status":"publish","type":"mec-events","link":"https:\/\/www.alteacultural.com\/es\/events\/present-llibre-la-marina-en-caiac-cronica-duna-travessia-anticiclonica-altea-llibres-a-la-primavera-2024\/","title":{"rendered":"Present. libro: \u00abLa Marina en caiac. Cr\u00f2nica d&#8217;una travessia anticicl\u00f2nica\u00bb &#8211; Altea, llibres a la primavera 2024"},"content":{"rendered":"<p><strong>29-feb | 19:30 | Biblioteca P\u00fablica Municipal Altea<\/strong><\/p>\n<p><strong><em>Acto en valenciano<\/em><\/strong><\/p>\n<p>Presentaci\u00f3 llibre:\u00a0<em>La Marina en caiac. Cr\u00f2nica d&#8217;una travessia anticicl\u00f2nica.\u00a0<\/em>\u00abAltea, llibres a la primavera 2024\u00bb.<\/p>\n<p>Autor: Just I. Sell\u00e9s.<\/p>\n<p><em>La Marina en caiac<\/em> conta les viv\u00e8ncies d\u2019un viatge excepcional: una travessia hivernal en caiac per la costa de la Marina, aprofitant les encalmades de gener. Deu jornades de navegaci\u00f3 assossegada, amb la mar silent i plana, deserta de gent, una oportunitat \u00fanica per a escorcollar els nombrosos indrets, coves i amagatalls que ens eixiran al pas al llarg de la singladura. Palejarem al capdavall dels estimballs de la m\u00e0 dels protagonistes, tocarem els gegants de pedra que amollonen la costa, dormirem a recer de cales ind\u00f2mites, coberts d\u2019estreles, descobrirem els caus dels pirates i les torres que guaiten al capdamunt dels penyasegats, navegarem escortats de posid\u00f2nia, nereides i dofins&#8230; Certament, una travessia inoblidable per un territori amb un enc\u00eds natural extraordinari que, no obstant, es troba malm\u00e9s i en perill d\u2019extinci\u00f3.<\/p>\n<p><a href=\"https:\/\/www.alteacultural.com\/tag\/presentacions-de-llibres\/\">VER CICLO COMPLETO<\/a><\/p>\n<p>&nbsp;<\/p>\n<p><img fetchpriority=\"high\" decoding=\"async\" class=\"aligncenter wp-image-29038\" src=\"https:\/\/www.alteacultural.com\/wp-content\/uploads\/2024\/02\/2024-04-18-z_LlibresPrimavera24Cartell-01.jpg\" alt=\"\" width=\"750\" height=\"1060\" srcset=\"https:\/\/www.alteacultural.com\/wp-content\/uploads\/2024\/02\/2024-04-18-z_LlibresPrimavera24Cartell-01.jpg 1754w, https:\/\/www.alteacultural.com\/wp-content\/uploads\/2024\/02\/2024-04-18-z_LlibresPrimavera24Cartell-01-768x1086.jpg 768w, https:\/\/www.alteacultural.com\/wp-content\/uploads\/2024\/02\/2024-04-18-z_LlibresPrimavera24Cartell-01-1086x1536.jpg 1086w, https:\/\/www.alteacultural.com\/wp-content\/uploads\/2024\/02\/2024-04-18-z_LlibresPrimavera24Cartell-01-1448x2048.jpg 1448w\" sizes=\"(max-width: 750px) 100vw, 750px\" \/><\/p>\n<p>&nbsp;<\/p>\n<p>&nbsp;<\/p>\n<p>&nbsp;<\/p>\n<p>&nbsp;<\/p>\n","protected":false},"excerpt":{"rendered":"<p>29-feb | 19:30 | Biblioteca P\u00fablica Municipal Altea Acto en valenciano Presentaci\u00f3 llibre:\u00a0La Marina en caiac. Cr\u00f2nica d&#8217;una travessia [&hellip;]<\/p>\n","protected":false},"author":1,"featured_media":28986,"comment_status":"open","ping_status":"closed","template":"","meta":{"_expiration-date-status":"","_expiration-date":0,"_expiration-date-type":"","_expiration-date-categories":[],"_expiration-date-options":[]},"yoast_head":"<!-- This site is optimized with the Yoast SEO plugin v22.8 - https:\/\/yoast.com\/wordpress\/plugins\/seo\/ -->\n<title>Present. libro: &quot;La Marina en caiac. Cr\u00f2nica d&#039;una travessia anticicl\u00f2nica&quot; - Altea, llibres a la primavera 2024 - Altea Cultural<\/title>\n<meta name=\"robots\" content=\"index, follow, max-snippet:-1, max-image-preview:large, max-video-preview:-1\" \/>\n<link rel=\"canonical\" href=\"https:\/\/www.alteacultural.com\/es\/events\/present-llibre-la-marina-en-caiac-cronica-duna-travessia-anticiclonica-altea-llibres-a-la-primavera-2024\/\" \/>\n<meta property=\"og:locale\" content=\"es_ES\" \/>\n<meta property=\"og:type\" content=\"article\" \/>\n<meta property=\"og:title\" content=\"Present. libro: &quot;La Marina en caiac. Cr\u00f2nica d&#039;una travessia anticicl\u00f2nica&quot; - Altea, llibres a la primavera 2024 - Altea Cultural\" \/>\n<meta property=\"og:description\" content=\"29-feb | 19:30 | Biblioteca P\u00fablica Municipal Altea Acto en valenciano Presentaci\u00f3 llibre:\u00a0La Marina en caiac. Cr\u00f2nica d&#8217;una travessia [&hellip;]\" \/>\n<meta property=\"og:url\" content=\"https:\/\/www.alteacultural.com\/es\/events\/present-llibre-la-marina-en-caiac-cronica-duna-travessia-anticiclonica-altea-llibres-a-la-primavera-2024\/\" \/>\n<meta property=\"og:site_name\" content=\"Altea Cultural\" \/>\n<meta property=\"article:modified_time\" content=\"2024-06-12T19:09:28+00:00\" \/>\n<meta property=\"og:image\" content=\"https:\/\/www.alteacultural.com\/wp-content\/uploads\/2024\/02\/LlibresPrimavera24Banner1-01-scaled.jpg\" \/>\n\t<meta property=\"og:image:width\" content=\"2560\" \/>\n\t<meta property=\"og:image:height\" content=\"947\" \/>\n\t<meta property=\"og:image:type\" content=\"image\/jpeg\" \/>\n<meta name=\"twitter:card\" content=\"summary_large_image\" \/>\n<meta name=\"twitter:label1\" content=\"Tiempo de lectura\" \/>\n\t<meta name=\"twitter:data1\" content=\"1 minuto\" \/>\n<script type=\"application\/ld+json\" class=\"yoast-schema-graph\">{\"@context\":\"https:\/\/schema.org\",\"@graph\":[{\"@type\":\"WebPage\",\"@id\":\"https:\/\/www.alteacultural.com\/es\/events\/present-llibre-la-marina-en-caiac-cronica-duna-travessia-anticiclonica-altea-llibres-a-la-primavera-2024\/\",\"url\":\"https:\/\/www.alteacultural.com\/es\/events\/present-llibre-la-marina-en-caiac-cronica-duna-travessia-anticiclonica-altea-llibres-a-la-primavera-2024\/\",\"name\":\"Present. libro: \\\"La Marina en caiac. Cr\u00f2nica d'una travessia anticicl\u00f2nica\\\" - Altea, llibres a la primavera 2024 - Altea Cultural\",\"isPartOf\":{\"@id\":\"https:\/\/www.alteacultural.com\/es\/#website\"},\"primaryImageOfPage\":{\"@id\":\"https:\/\/www.alteacultural.com\/es\/events\/present-llibre-la-marina-en-caiac-cronica-duna-travessia-anticiclonica-altea-llibres-a-la-primavera-2024\/#primaryimage\"},\"image\":{\"@id\":\"https:\/\/www.alteacultural.com\/es\/events\/present-llibre-la-marina-en-caiac-cronica-duna-travessia-anticiclonica-altea-llibres-a-la-primavera-2024\/#primaryimage\"},\"thumbnailUrl\":\"https:\/\/www.alteacultural.com\/wp-content\/uploads\/2024\/02\/LlibresPrimavera24Banner1-01-scaled.jpg\",\"datePublished\":\"2024-02-21T07:00:49+00:00\",\"dateModified\":\"2024-06-12T19:09:28+00:00\",\"breadcrumb\":{\"@id\":\"https:\/\/www.alteacultural.com\/es\/events\/present-llibre-la-marina-en-caiac-cronica-duna-travessia-anticiclonica-altea-llibres-a-la-primavera-2024\/#breadcrumb\"},\"inLanguage\":\"es\",\"potentialAction\":[{\"@type\":\"ReadAction\",\"target\":[\"https:\/\/www.alteacultural.com\/es\/events\/present-llibre-la-marina-en-caiac-cronica-duna-travessia-anticiclonica-altea-llibres-a-la-primavera-2024\/\"]}]},{\"@type\":\"ImageObject\",\"inLanguage\":\"es\",\"@id\":\"https:\/\/www.alteacultural.com\/es\/events\/present-llibre-la-marina-en-caiac-cronica-duna-travessia-anticiclonica-altea-llibres-a-la-primavera-2024\/#primaryimage\",\"url\":\"https:\/\/www.alteacultural.com\/wp-content\/uploads\/2024\/02\/LlibresPrimavera24Banner1-01-scaled.jpg\",\"contentUrl\":\"https:\/\/www.alteacultural.com\/wp-content\/uploads\/2024\/02\/LlibresPrimavera24Banner1-01-scaled.jpg\",\"width\":2560,\"height\":947},{\"@type\":\"BreadcrumbList\",\"@id\":\"https:\/\/www.alteacultural.com\/es\/events\/present-llibre-la-marina-en-caiac-cronica-duna-travessia-anticiclonica-altea-llibres-a-la-primavera-2024\/#breadcrumb\",\"itemListElement\":[{\"@type\":\"ListItem\",\"position\":1,\"name\":\"Inici\",\"item\":\"https:\/\/www.alteacultural.com\/es\/\"},{\"@type\":\"ListItem\",\"position\":2,\"name\":\"Eventos\",\"item\":\"https:\/\/www.alteacultural.com\/es\/events\/\"},{\"@type\":\"ListItem\",\"position\":3,\"name\":\"Present. libro: &#8220;La Marina en caiac. Cr\u00f2nica d&#8217;una travessia anticicl\u00f2nica&#8221; &#8211; Altea, llibres a la primavera 2024\"}]},{\"@type\":\"WebSite\",\"@id\":\"https:\/\/www.alteacultural.com\/es\/#website\",\"url\":\"https:\/\/www.alteacultural.com\/es\/\",\"name\":\"Altea Cultural\",\"description\":\"Regidoria de Cultura de l&#039;Ajuntament d&#039;Altea\",\"potentialAction\":[{\"@type\":\"SearchAction\",\"target\":{\"@type\":\"EntryPoint\",\"urlTemplate\":\"https:\/\/www.alteacultural.com\/es\/?s={search_term_string}\"},\"query-input\":\"required name=search_term_string\"}],\"inLanguage\":\"es\"}]}<\/script>\n<!-- \/ Yoast SEO plugin. -->","yoast_head_json":{"title":"Present. libro: \"La Marina en caiac. Cr\u00f2nica d'una travessia anticicl\u00f2nica\" - Altea, llibres a la primavera 2024 - Altea Cultural","robots":{"index":"index","follow":"follow","max-snippet":"max-snippet:-1","max-image-preview":"max-image-preview:large","max-video-preview":"max-video-preview:-1"},"canonical":"https:\/\/www.alteacultural.com\/es\/events\/present-llibre-la-marina-en-caiac-cronica-duna-travessia-anticiclonica-altea-llibres-a-la-primavera-2024\/","og_locale":"es_ES","og_type":"article","og_title":"Present. libro: \"La Marina en caiac. Cr\u00f2nica d'una travessia anticicl\u00f2nica\" - Altea, llibres a la primavera 2024 - Altea Cultural","og_description":"29-feb | 19:30 | Biblioteca P\u00fablica Municipal Altea Acto en valenciano Presentaci\u00f3 llibre:\u00a0La Marina en caiac. Cr\u00f2nica d&#8217;una travessia [&hellip;]","og_url":"https:\/\/www.alteacultural.com\/es\/events\/present-llibre-la-marina-en-caiac-cronica-duna-travessia-anticiclonica-altea-llibres-a-la-primavera-2024\/","og_site_name":"Altea Cultural","article_modified_time":"2024-06-12T19:09:28+00:00","og_image":[{"width":2560,"height":947,"url":"https:\/\/www.alteacultural.com\/wp-content\/uploads\/2024\/02\/LlibresPrimavera24Banner1-01-scaled.jpg","type":"image\/jpeg"}],"twitter_card":"summary_large_image","twitter_misc":{"Tiempo de lectura":"1 minuto"},"schema":{"@context":"https:\/\/schema.org","@graph":[{"@type":"WebPage","@id":"https:\/\/www.alteacultural.com\/es\/events\/present-llibre-la-marina-en-caiac-cronica-duna-travessia-anticiclonica-altea-llibres-a-la-primavera-2024\/","url":"https:\/\/www.alteacultural.com\/es\/events\/present-llibre-la-marina-en-caiac-cronica-duna-travessia-anticiclonica-altea-llibres-a-la-primavera-2024\/","name":"Present. libro: \"La Marina en caiac. Cr\u00f2nica d'una travessia anticicl\u00f2nica\" - Altea, llibres a la primavera 2024 - Altea Cultural","isPartOf":{"@id":"https:\/\/www.alteacultural.com\/es\/#website"},"primaryImageOfPage":{"@id":"https:\/\/www.alteacultural.com\/es\/events\/present-llibre-la-marina-en-caiac-cronica-duna-travessia-anticiclonica-altea-llibres-a-la-primavera-2024\/#primaryimage"},"image":{"@id":"https:\/\/www.alteacultural.com\/es\/events\/present-llibre-la-marina-en-caiac-cronica-duna-travessia-anticiclonica-altea-llibres-a-la-primavera-2024\/#primaryimage"},"thumbnailUrl":"https:\/\/www.alteacultural.com\/wp-content\/uploads\/2024\/02\/LlibresPrimavera24Banner1-01-scaled.jpg","datePublished":"2024-02-21T07:00:49+00:00","dateModified":"2024-06-12T19:09:28+00:00","breadcrumb":{"@id":"https:\/\/www.alteacultural.com\/es\/events\/present-llibre-la-marina-en-caiac-cronica-duna-travessia-anticiclonica-altea-llibres-a-la-primavera-2024\/#breadcrumb"},"inLanguage":"es","potentialAction":[{"@type":"ReadAction","target":["https:\/\/www.alteacultural.com\/es\/events\/present-llibre-la-marina-en-caiac-cronica-duna-travessia-anticiclonica-altea-llibres-a-la-primavera-2024\/"]}]},{"@type":"ImageObject","inLanguage":"es","@id":"https:\/\/www.alteacultural.com\/es\/events\/present-llibre-la-marina-en-caiac-cronica-duna-travessia-anticiclonica-altea-llibres-a-la-primavera-2024\/#primaryimage","url":"https:\/\/www.alteacultural.com\/wp-content\/uploads\/2024\/02\/LlibresPrimavera24Banner1-01-scaled.jpg","contentUrl":"https:\/\/www.alteacultural.com\/wp-content\/uploads\/2024\/02\/LlibresPrimavera24Banner1-01-scaled.jpg","width":2560,"height":947},{"@type":"BreadcrumbList","@id":"https:\/\/www.alteacultural.com\/es\/events\/present-llibre-la-marina-en-caiac-cronica-duna-travessia-anticiclonica-altea-llibres-a-la-primavera-2024\/#breadcrumb","itemListElement":[{"@type":"ListItem","position":1,"name":"Inici","item":"https:\/\/www.alteacultural.com\/es\/"},{"@type":"ListItem","position":2,"name":"Eventos","item":"https:\/\/www.alteacultural.com\/es\/events\/"},{"@type":"ListItem","position":3,"name":"Present. libro: &#8220;La Marina en caiac. Cr\u00f2nica d&#8217;una travessia anticicl\u00f2nica&#8221; &#8211; Altea, llibres a la primavera 2024"}]},{"@type":"WebSite","@id":"https:\/\/www.alteacultural.com\/es\/#website","url":"https:\/\/www.alteacultural.com\/es\/","name":"Altea Cultural","description":"Regidoria de Cultura de l&#039;Ajuntament d&#039;Altea","potentialAction":[{"@type":"SearchAction","target":{"@type":"EntryPoint","urlTemplate":"https:\/\/www.alteacultural.com\/es\/?s={search_term_string}"},"query-input":"required name=search_term_string"}],"inLanguage":"es"}]}},"mec_cost":"Entrada libre y gratuita","mec_date":{"start":{"date":"2024-02-29","hour":7,"minutes":"30","ampm":"PM"},"end":{"date":"2024-02-29","hour":8,"minutes":"30","ampm":"PM"},"comment":"","repeat":{"type":"daily","interval":"1","advanced":"","end":"never","end_at_date":"","end_at_occurrences":"10"}},"_links":{"self":[{"href":"https:\/\/www.alteacultural.com\/es\/wp-json\/wp\/v2\/mec-events\/28987"}],"collection":[{"href":"https:\/\/www.alteacultural.com\/es\/wp-json\/wp\/v2\/mec-events"}],"about":[{"href":"https:\/\/www.alteacultural.com\/es\/wp-json\/wp\/v2\/types\/mec-events"}],"author":[{"embeddable":true,"href":"https:\/\/www.alteacultural.com\/es\/wp-json\/wp\/v2\/users\/1"}],"replies":[{"embeddable":true,"href":"https:\/\/www.alteacultural.com\/es\/wp-json\/wp\/v2\/comments?post=28987"}],"wp:featuredmedia":[{"embeddable":true,"href":"https:\/\/www.alteacultural.com\/es\/wp-json\/wp\/v2\/media\/28986"}],"wp:attachment":[{"href":"https:\/\/www.alteacultural.com\/es\/wp-json\/wp\/v2\/media?parent=28987"}],"curies":[{"name":"wp","href":"https:\/\/api.w.org\/{rel}","templated":true}]}}