{"id":30332,"date":"2024-04-03T08:44:12","date_gmt":"2024-04-03T06:44:12","guid":{"rendered":"https:\/\/www.alteacultural.com\/events\/festes-de-sant-vicent-del-captivador-2024\/"},"modified":"2024-04-03T12:25:33","modified_gmt":"2024-04-03T10:25:33","slug":"festes-de-sant-vicent-del-captivador-2024","status":"publish","type":"mec-events","link":"https:\/\/www.alteacultural.com\/es\/events\/festes-de-sant-vicent-del-captivador-2024\/","title":{"rendered":"Fiestas de Sant Vicent del Captivador 2024"},"content":{"rendered":"<p><strong>Del 5 al 8 de abril | Ermita del Captivador de La Nuc\u00eda<\/strong><\/p>\n<p>Este fin de semana, del 5 al 8 de abril se celebra las fiestas en honor a San Vicente Ferrer en la ermita del Captivador de La Nuc\u00eda.<\/p>\n<p>Habr\u00e1 actos de todo tipo: danzas, conciertos, <em>albaes<\/em>, presentaci\u00f3n de libro, talleres en el CEM, romer\u00eda, carrera pedestre, pelota valenciana y misa. Todas las actividades programadas son <strong>libres y gratuitas<\/strong>.<\/p>\n<p>Las fiestas de Sant Vicent del Captivador de La Nucia se celebran en la ermita del Captivador, situada en un cruce de caminos entre Alfaz del Pi, Altea y La Nuc\u00eda, por eso re\u00fane vecinos y vecinas de las tres localidades.<\/p>\n<p>Esta festividad var\u00eda cada a\u00f1o en el calendario ya que se celebra siempre el fin de semana posterior al de Pascua. La programaci\u00f3n de actos de las fiestas ha estado organizada por lasconcejal\u00edas de Fiestas y Cultura del Ayuntamiento de Alfaz del Pi, Altea y La Nuc\u00eda; Asociaci\u00f3n 2\u00ba Centenario de la Ermita de San Vicente, Parroquia de La Nuc\u00eda y Mayorales 2024 de la Pe\u00f1a Els Penjats.<\/p>\n<p>La programaci\u00f3n de las Fiestas de Sant Vicent 2024 ha contado con la presencia de:<\/p>\n<ul>\n<li>Gregorio Cort\u00e9s, presidente Asociaci\u00f3n 2\u00ba Centenario de la Ermita de San Vicente.<\/li>\n<li>Quico P\u00e9rez, presidente Mayorales 2024.<\/li>\n<li>Joaquim Devesa, concejal de Fiestas de Altea.<\/li>\n<li>Sandra G\u00f3mez, concejala de Fiestas de Alfaz del Pi.<\/li>\n<li>Crist\u00f3bal Llorens, concejal de Fiestas de La Nuc\u00eda.<\/li>\n<li>Pedro Lloret, primer teniente alcalde de La Nuc\u00eda.<\/li>\n<\/ul>\n<p>&nbsp;<\/p>\n<h3><strong>Programa de Fiestas de Sant Vicent de Captivador 2024<\/strong><\/h3>\n<p><strong>&#8211; Mayorales 2024<\/strong><\/p>\n<p><strong>El viernes 5 de abril<\/strong> por la noche abrir\u00e1 la carpa de los Mayorales, con\u00a0 servicio de barra y comida 24 horas durante los cuatro d\u00edas, para recaudar dinero para las fiestas de agosto 2024. Habr\u00e1 platos aut\u00f3ctonos para comer cada d\u00eda en la carpa de los Mayorales: <strong>s\u00e1bado fideua, domingo puchero con pelotas y lunes paella.<\/strong><\/p>\n<p>&#8211;<strong> Conciertos y <em>tardeos<\/em> de Sant Vicent<\/strong><\/p>\n<p>En la parte musical, habr\u00e1 diferentes actuaciones en la carpa festera, a partir de las 20 horas se abrir\u00e1 el servicio de barra y <strong>el viernes 5 de abril<\/strong> actuar\u00e1 <strong>Ska-Pa<\/strong> y\u00a0<strong>Dj Manu<\/strong>. <strong>El s\u00e1bado 6 de abril<\/strong> habr\u00e1 <strong><em>t<strong>a<\/strong>rdeo\u00a0<\/em><\/strong>amenizado por la <strong>bandeta La Bona y por la noche actuar\u00e1 Suite Rumba, The Jack (Tribut a AC\/DC) y Dj Properet. El domingo 7 de abril <\/strong>con <strong>el grupo nuciero \u00abThe Boliquets\u00bb<\/strong> y por la noche ser\u00e1 el turno de <strong>Fireball<\/strong> (Pop y Rock de los 80-90).<\/p>\n<p><strong>&#8211; Danzas y Albaes y CEM<\/strong><\/p>\n<p><strong>El s\u00e1bado 6 de abril<\/strong> a las 19 horas se realizar\u00e1n<strong><em> las Albaes<\/em> con diversos int\u00e9rpretes y el dulzainero El Bess\u00f3. El domingo 7 de <\/strong><strong>abril por la tarde<\/strong>, a las 18:30, en la plaza de la Ermita actuaciones del <strong>Grupo de Danses d&#8217;Altea Bellaguarda Tradicions y el grupo de dansa de l&#8217;Escola de Danses Tradicionals de La Nuc\u00eda<\/strong> con la colaboraci\u00f3n del <strong>Grupo de Danses l&#8217;Almadrava.\u00a0<\/strong><\/p>\n<p><strong>Los d\u00edas 6,7 y 8 de abril<\/strong> el Centro Educativo Medioambiental, <strong>CEM Captivador<\/strong>, estar\u00e1 abierto al p\u00fablico de 11 a 14 horas y se podr\u00e1n hacer <strong>visitas guiadas, actividades y talleres<\/strong>.<\/p>\n<p>&#8211; <strong>Pelota valenciana y carrera pedestre<\/strong><\/p>\n<p><strong>El s\u00e1bado 6 de abril por la ma\u00f1ana<\/strong> se realizar\u00e1 <em><strong>Jocs de Raspall<\/strong> <\/em>con las diferentes categor\u00edas de la Escuela de Pelota Valenciana de La Nuc\u00eda. Por<strong> la tarde a las 17:00<\/strong>, <strong>partida de exhibici\u00f3n de <em>llargues<\/em><\/strong> entre los equipos del Club de Pelota Valenciana de La Nuc\u00eda, amenizada por el grupo de dulzaineros de Altea.<\/p>\n<p><strong>El domingo 7 de abril<\/strong> se celebrar\u00e1 la <strong>XIX Carrera Pedestre de La Nuc\u00eda<\/strong>, con Vuelta a Pie y Marcha N\u00f3rdica. La salida ser\u00e1 desde el Estadio Ol\u00edmpico a las 10 horas y la meta estar\u00e1 en la ermita de San Vicente, donde se har\u00e1n las carreras infantiles a partir de las 11:30.<\/p>\n<p><strong>&#8211; Romer\u00eda de San Vicente y presentaci\u00f3n de libro<\/strong><\/p>\n<p><strong>El lunes 8 de abril<\/strong>, d\u00eda de San Vicente, a las 10 horas se realizar\u00e1 la presentaci\u00f3n del libro <strong><em>Contes i narracions &#8211; Sant Vicent Ferrer<\/em><\/strong>, con la presencia del autor Ferran Garcia-Oliver y despu\u00e9s tendr\u00e1 lugar una visita a la Colecci\u00f3n Bibliogr\u00e1fica de San Vicente ubicada en el CEM Captivador. A las 11:45 horas comenzar\u00e1<strong> la romer\u00eda de la imagen del santo<\/strong> que saldr\u00e1 desde el CEM del Captivador.<\/p>\n<p>A continuaci\u00f3n, se celebrar\u00e1<strong> la misa en honor al santo<\/strong> en la plaza de la Ermita de San Vicente, que reunir\u00e1 a las autoridades locales de Altea, Alfaz del Pi y La Nuc\u00eda. En la misa participar\u00e1 la <strong>Coral L&#8217;Alf\u00e0s Canta<\/strong>. Despu\u00e9s de la misa actuar\u00e1 el <strong>grupo de Danses de Pedreguer<\/strong>.<\/p>\n<p>&nbsp;<\/p>\n<p><img fetchpriority=\"high\" decoding=\"async\" class=\"aligncenter wp-image-30328\" src=\"https:\/\/www.alteacultural.com\/wp-content\/uploads\/2024\/04\/Fiestas-Cartel-Festes-Sant-Vicent-Captivador-2024-laNucia-Altea-lAlfas.jpg\" alt=\"\" width=\"750\" height=\"1061\" srcset=\"https:\/\/www.alteacultural.com\/wp-content\/uploads\/2024\/04\/Fiestas-Cartel-Festes-Sant-Vicent-Captivador-2024-laNucia-Altea-lAlfas.jpg 842w, https:\/\/www.alteacultural.com\/wp-content\/uploads\/2024\/04\/Fiestas-Cartel-Festes-Sant-Vicent-Captivador-2024-laNucia-Altea-lAlfas-768x1086.jpg 768w\" sizes=\"(max-width: 750px) 100vw, 750px\" \/><\/p>\n<p>&nbsp;<\/p>\n","protected":false},"excerpt":{"rendered":"<p>Del 5 al 8 de abril | Ermita del Captivador de La Nuc\u00eda Este fin de semana, del 5 [&hellip;]<\/p>\n","protected":false},"author":1,"featured_media":30331,"comment_status":"open","ping_status":"closed","template":"","meta":{"_expiration-date-status":"","_expiration-date":0,"_expiration-date-type":"","_expiration-date-categories":[],"_expiration-date-options":[]},"yoast_head":"<!-- This site is optimized with the Yoast SEO plugin v22.8 - https:\/\/yoast.com\/wordpress\/plugins\/seo\/ -->\n<title>Fiestas de Sant Vicent del Captivador 2024 - Altea Cultural<\/title>\n<meta name=\"robots\" content=\"index, follow, max-snippet:-1, max-image-preview:large, max-video-preview:-1\" \/>\n<link rel=\"canonical\" href=\"https:\/\/www.alteacultural.com\/es\/events\/festes-de-sant-vicent-del-captivador-2024\/\" \/>\n<meta property=\"og:locale\" content=\"es_ES\" \/>\n<meta property=\"og:type\" content=\"article\" \/>\n<meta property=\"og:title\" content=\"Fiestas de Sant Vicent del Captivador 2024 - Altea Cultural\" \/>\n<meta property=\"og:description\" content=\"Del 5 al 8 de abril | Ermita del Captivador de La Nuc\u00eda Este fin de semana, del 5 [&hellip;]\" \/>\n<meta property=\"og:url\" content=\"https:\/\/www.alteacultural.com\/es\/events\/festes-de-sant-vicent-del-captivador-2024\/\" \/>\n<meta property=\"og:site_name\" content=\"Altea Cultural\" \/>\n<meta property=\"article:modified_time\" content=\"2024-04-03T10:25:33+00:00\" \/>\n<meta property=\"og:image\" content=\"https:\/\/www.alteacultural.com\/wp-content\/uploads\/2024\/04\/2024-04-5-al-8_captivador_b.jpg\" \/>\n\t<meta property=\"og:image:width\" content=\"823\" \/>\n\t<meta property=\"og:image:height\" content=\"485\" \/>\n\t<meta property=\"og:image:type\" content=\"image\/jpeg\" \/>\n<meta name=\"twitter:card\" content=\"summary_large_image\" \/>\n<meta name=\"twitter:label1\" content=\"Tiempo de lectura\" \/>\n\t<meta name=\"twitter:data1\" content=\"4 minutos\" \/>\n<script type=\"application\/ld+json\" class=\"yoast-schema-graph\">{\"@context\":\"https:\/\/schema.org\",\"@graph\":[{\"@type\":\"WebPage\",\"@id\":\"https:\/\/www.alteacultural.com\/es\/events\/festes-de-sant-vicent-del-captivador-2024\/\",\"url\":\"https:\/\/www.alteacultural.com\/es\/events\/festes-de-sant-vicent-del-captivador-2024\/\",\"name\":\"Fiestas de Sant Vicent del Captivador 2024 - Altea Cultural\",\"isPartOf\":{\"@id\":\"https:\/\/www.alteacultural.com\/es\/#website\"},\"primaryImageOfPage\":{\"@id\":\"https:\/\/www.alteacultural.com\/es\/events\/festes-de-sant-vicent-del-captivador-2024\/#primaryimage\"},\"image\":{\"@id\":\"https:\/\/www.alteacultural.com\/es\/events\/festes-de-sant-vicent-del-captivador-2024\/#primaryimage\"},\"thumbnailUrl\":\"https:\/\/www.alteacultural.com\/wp-content\/uploads\/2024\/04\/2024-04-5-al-8_captivador_b.jpg\",\"datePublished\":\"2024-04-03T06:44:12+00:00\",\"dateModified\":\"2024-04-03T10:25:33+00:00\",\"breadcrumb\":{\"@id\":\"https:\/\/www.alteacultural.com\/es\/events\/festes-de-sant-vicent-del-captivador-2024\/#breadcrumb\"},\"inLanguage\":\"es\",\"potentialAction\":[{\"@type\":\"ReadAction\",\"target\":[\"https:\/\/www.alteacultural.com\/es\/events\/festes-de-sant-vicent-del-captivador-2024\/\"]}]},{\"@type\":\"ImageObject\",\"inLanguage\":\"es\",\"@id\":\"https:\/\/www.alteacultural.com\/es\/events\/festes-de-sant-vicent-del-captivador-2024\/#primaryimage\",\"url\":\"https:\/\/www.alteacultural.com\/wp-content\/uploads\/2024\/04\/2024-04-5-al-8_captivador_b.jpg\",\"contentUrl\":\"https:\/\/www.alteacultural.com\/wp-content\/uploads\/2024\/04\/2024-04-5-al-8_captivador_b.jpg\",\"width\":823,\"height\":485},{\"@type\":\"BreadcrumbList\",\"@id\":\"https:\/\/www.alteacultural.com\/es\/events\/festes-de-sant-vicent-del-captivador-2024\/#breadcrumb\",\"itemListElement\":[{\"@type\":\"ListItem\",\"position\":1,\"name\":\"Inici\",\"item\":\"https:\/\/www.alteacultural.com\/es\/\"},{\"@type\":\"ListItem\",\"position\":2,\"name\":\"Eventos\",\"item\":\"https:\/\/www.alteacultural.com\/es\/events\/\"},{\"@type\":\"ListItem\",\"position\":3,\"name\":\"Fiestas de Sant Vicent del Captivador 2024\"}]},{\"@type\":\"WebSite\",\"@id\":\"https:\/\/www.alteacultural.com\/es\/#website\",\"url\":\"https:\/\/www.alteacultural.com\/es\/\",\"name\":\"Altea Cultural\",\"description\":\"Regidoria de Cultura de l&#039;Ajuntament d&#039;Altea\",\"potentialAction\":[{\"@type\":\"SearchAction\",\"target\":{\"@type\":\"EntryPoint\",\"urlTemplate\":\"https:\/\/www.alteacultural.com\/es\/?s={search_term_string}\"},\"query-input\":\"required name=search_term_string\"}],\"inLanguage\":\"es\"}]}<\/script>\n<!-- \/ Yoast SEO plugin. -->","yoast_head_json":{"title":"Fiestas de Sant Vicent del Captivador 2024 - Altea Cultural","robots":{"index":"index","follow":"follow","max-snippet":"max-snippet:-1","max-image-preview":"max-image-preview:large","max-video-preview":"max-video-preview:-1"},"canonical":"https:\/\/www.alteacultural.com\/es\/events\/festes-de-sant-vicent-del-captivador-2024\/","og_locale":"es_ES","og_type":"article","og_title":"Fiestas de Sant Vicent del Captivador 2024 - Altea Cultural","og_description":"Del 5 al 8 de abril | Ermita del Captivador de La Nuc\u00eda Este fin de semana, del 5 [&hellip;]","og_url":"https:\/\/www.alteacultural.com\/es\/events\/festes-de-sant-vicent-del-captivador-2024\/","og_site_name":"Altea Cultural","article_modified_time":"2024-04-03T10:25:33+00:00","og_image":[{"width":823,"height":485,"url":"https:\/\/www.alteacultural.com\/wp-content\/uploads\/2024\/04\/2024-04-5-al-8_captivador_b.jpg","type":"image\/jpeg"}],"twitter_card":"summary_large_image","twitter_misc":{"Tiempo de lectura":"4 minutos"},"schema":{"@context":"https:\/\/schema.org","@graph":[{"@type":"WebPage","@id":"https:\/\/www.alteacultural.com\/es\/events\/festes-de-sant-vicent-del-captivador-2024\/","url":"https:\/\/www.alteacultural.com\/es\/events\/festes-de-sant-vicent-del-captivador-2024\/","name":"Fiestas de Sant Vicent del Captivador 2024 - Altea Cultural","isPartOf":{"@id":"https:\/\/www.alteacultural.com\/es\/#website"},"primaryImageOfPage":{"@id":"https:\/\/www.alteacultural.com\/es\/events\/festes-de-sant-vicent-del-captivador-2024\/#primaryimage"},"image":{"@id":"https:\/\/www.alteacultural.com\/es\/events\/festes-de-sant-vicent-del-captivador-2024\/#primaryimage"},"thumbnailUrl":"https:\/\/www.alteacultural.com\/wp-content\/uploads\/2024\/04\/2024-04-5-al-8_captivador_b.jpg","datePublished":"2024-04-03T06:44:12+00:00","dateModified":"2024-04-03T10:25:33+00:00","breadcrumb":{"@id":"https:\/\/www.alteacultural.com\/es\/events\/festes-de-sant-vicent-del-captivador-2024\/#breadcrumb"},"inLanguage":"es","potentialAction":[{"@type":"ReadAction","target":["https:\/\/www.alteacultural.com\/es\/events\/festes-de-sant-vicent-del-captivador-2024\/"]}]},{"@type":"ImageObject","inLanguage":"es","@id":"https:\/\/www.alteacultural.com\/es\/events\/festes-de-sant-vicent-del-captivador-2024\/#primaryimage","url":"https:\/\/www.alteacultural.com\/wp-content\/uploads\/2024\/04\/2024-04-5-al-8_captivador_b.jpg","contentUrl":"https:\/\/www.alteacultural.com\/wp-content\/uploads\/2024\/04\/2024-04-5-al-8_captivador_b.jpg","width":823,"height":485},{"@type":"BreadcrumbList","@id":"https:\/\/www.alteacultural.com\/es\/events\/festes-de-sant-vicent-del-captivador-2024\/#breadcrumb","itemListElement":[{"@type":"ListItem","position":1,"name":"Inici","item":"https:\/\/www.alteacultural.com\/es\/"},{"@type":"ListItem","position":2,"name":"Eventos","item":"https:\/\/www.alteacultural.com\/es\/events\/"},{"@type":"ListItem","position":3,"name":"Fiestas de Sant Vicent del Captivador 2024"}]},{"@type":"WebSite","@id":"https:\/\/www.alteacultural.com\/es\/#website","url":"https:\/\/www.alteacultural.com\/es\/","name":"Altea Cultural","description":"Regidoria de Cultura de l&#039;Ajuntament d&#039;Altea","potentialAction":[{"@type":"SearchAction","target":{"@type":"EntryPoint","urlTemplate":"https:\/\/www.alteacultural.com\/es\/?s={search_term_string}"},"query-input":"required name=search_term_string"}],"inLanguage":"es"}]}},"mec_cost":"","mec_date":{"start":{"date":"2024-04-05","hour":"8","minutes":"0","ampm":"AM"},"end":{"date":"2024-04-08","hour":6,"minutes":"0","ampm":"PM"},"allday":"1","comment":"","repeat":{"type":"daily","interval":"1","advanced":"","end":"never","end_at_date":"","end_at_occurrences":"10"}},"_links":{"self":[{"href":"https:\/\/www.alteacultural.com\/es\/wp-json\/wp\/v2\/mec-events\/30332"}],"collection":[{"href":"https:\/\/www.alteacultural.com\/es\/wp-json\/wp\/v2\/mec-events"}],"about":[{"href":"https:\/\/www.alteacultural.com\/es\/wp-json\/wp\/v2\/types\/mec-events"}],"author":[{"embeddable":true,"href":"https:\/\/www.alteacultural.com\/es\/wp-json\/wp\/v2\/users\/1"}],"replies":[{"embeddable":true,"href":"https:\/\/www.alteacultural.com\/es\/wp-json\/wp\/v2\/comments?post=30332"}],"wp:featuredmedia":[{"embeddable":true,"href":"https:\/\/www.alteacultural.com\/es\/wp-json\/wp\/v2\/media\/30331"}],"wp:attachment":[{"href":"https:\/\/www.alteacultural.com\/es\/wp-json\/wp\/v2\/media?parent=30332"}],"curies":[{"name":"wp","href":"https:\/\/api.w.org\/{rel}","templated":true}]}}