{"id":30518,"date":"2024-04-29T12:17:54","date_gmt":"2024-04-29T10:17:54","guid":{"rendered":"https:\/\/www.alteacultural.com\/events\/recital-de-poesia-y-guitarra\/"},"modified":"2024-06-12T21:09:28","modified_gmt":"2024-06-12T19:09:28","slug":"recital-de-poesia-y-guitarra","status":"publish","type":"mec-events","link":"https:\/\/www.alteacultural.com\/es\/events\/recital-de-poesia-y-guitarra\/","title":{"rendered":"Recital de poes\u00eda y guitarra"},"content":{"rendered":"<p><strong>16-may | 19:00 | Casa Cultura Altea<\/strong><\/p>\n<p><strong>Recital de poes\u00eda y guitarra.\u00a0<\/strong>A cargo de Germain Droogenbroodt (poes\u00eda) Premio Internacional de Poes\u00eda Federico Garc\u00eda Lorca de Fuente Vaqueros y Vicent Ballester (guitarra).<\/p>\n<p><span data-sheets-root=\"1\" data-sheets-value=\"{&quot;1&quot;:2,&quot;2&quot;:&quot;Poes\u00eda de y por Germain Droogenbroodt Poemarios: \\&quot;El Camino del Ser\\&quot; y presentaci\u00f3n de \\&quot;Reflexiones Po\u00e9ticas\\&quot;. M\u00faisca de J.S. Bach, A. Barrios, H. Villa-lobos, Vi. Bielsa, F. T\u00e1rrega...&quot;}\" data-sheets-userformat=\"{&quot;2&quot;:2561,&quot;3&quot;:{&quot;1&quot;:0},&quot;12&quot;:0,&quot;14&quot;:{&quot;1&quot;:2,&quot;2&quot;:4884200}}\">Poes\u00eda de y por Germain Droogenbroodt Poemarios: \u00abEl Camino del Ser\u00bb y presentaci\u00f3n de \u00abReflexiones Po\u00e9ticas\u00bb.<br \/>\nLectura en espa\u00f1ol, ingl\u00e9s, alem\u00e1n y neerland\u00e9s.<br \/>\n<\/span><span data-sheets-root=\"1\" data-sheets-value=\"{&quot;1&quot;:2,&quot;2&quot;:&quot;Poes\u00eda de y por Germain Droogenbroodt Poemarios: \\&quot;El Camino del Ser\\&quot; y presentaci\u00f3n de \\&quot;Reflexiones Po\u00e9ticas\\&quot;. M\u00faisca de J.S. Bach, A. Barrios, H. Villa-lobos, Vi. Bielsa, F. T\u00e1rrega...&quot;}\" data-sheets-userformat=\"{&quot;2&quot;:2561,&quot;3&quot;:{&quot;1&quot;:0},&quot;12&quot;:0,&quot;14&quot;:{&quot;1&quot;:2,&quot;2&quot;:4884200}}\">M\u00fasica de J.S. Bach, A. Barrios, H. Villa-lobos, Vi. Bielsa, F. T\u00e1rrega&#8230;<\/span><\/p>\n<p>Entrada libre.<\/p>\n<p>&nbsp;<\/p>\n<p><img fetchpriority=\"high\" decoding=\"async\" class=\"aligncenter wp-image-30514\" src=\"https:\/\/www.alteacultural.com\/wp-content\/uploads\/2024\/04\/2024-05-16-Cartel-Recital-de-poesia-y-guitarra-lAltea-16.5.2024.jpg\" alt=\"\" width=\"750\" height=\"1061\" srcset=\"https:\/\/www.alteacultural.com\/wp-content\/uploads\/2024\/04\/2024-05-16-Cartel-Recital-de-poesia-y-guitarra-lAltea-16.5.2024.jpg 1240w, https:\/\/www.alteacultural.com\/wp-content\/uploads\/2024\/04\/2024-05-16-Cartel-Recital-de-poesia-y-guitarra-lAltea-16.5.2024-768x1086.jpg 768w, https:\/\/www.alteacultural.com\/wp-content\/uploads\/2024\/04\/2024-05-16-Cartel-Recital-de-poesia-y-guitarra-lAltea-16.5.2024-1086x1536.jpg 1086w\" sizes=\"(max-width: 750px) 100vw, 750px\" \/><\/p>\n","protected":false},"excerpt":{"rendered":"<p>16-may | 19:00 | Casa Cultura Altea Recital de poes\u00eda y guitarra.\u00a0A cargo de Germain Droogenbroodt (poes\u00eda) Premio Internacional [&hellip;]<\/p>\n","protected":false},"author":1,"featured_media":30517,"comment_status":"open","ping_status":"closed","template":"","meta":{"_expiration-date-status":"","_expiration-date":0,"_expiration-date-type":"","_expiration-date-categories":[],"_expiration-date-options":[]},"yoast_head":"<!-- This site is optimized with the Yoast SEO plugin v22.8 - https:\/\/yoast.com\/wordpress\/plugins\/seo\/ -->\n<title>Recital de poes\u00eda y guitarra - Altea Cultural<\/title>\n<meta name=\"robots\" content=\"index, follow, max-snippet:-1, max-image-preview:large, max-video-preview:-1\" \/>\n<link rel=\"canonical\" href=\"https:\/\/www.alteacultural.com\/es\/events\/recital-de-poesia-y-guitarra\/\" \/>\n<meta property=\"og:locale\" content=\"es_ES\" \/>\n<meta property=\"og:type\" content=\"article\" \/>\n<meta property=\"og:title\" content=\"Recital de poes\u00eda y guitarra - Altea Cultural\" \/>\n<meta property=\"og:description\" content=\"16-may | 19:00 | Casa Cultura Altea Recital de poes\u00eda y guitarra.\u00a0A cargo de Germain Droogenbroodt (poes\u00eda) Premio Internacional [&hellip;]\" \/>\n<meta property=\"og:url\" content=\"https:\/\/www.alteacultural.com\/es\/events\/recital-de-poesia-y-guitarra\/\" \/>\n<meta property=\"og:site_name\" content=\"Altea Cultural\" \/>\n<meta property=\"article:modified_time\" content=\"2024-06-12T19:09:28+00:00\" \/>\n<meta property=\"og:image\" content=\"https:\/\/www.alteacultural.com\/wp-content\/uploads\/2024\/04\/2024-05-16_recital_poesia_y.jpg\" \/>\n\t<meta property=\"og:image:width\" content=\"1206\" \/>\n\t<meta property=\"og:image:height\" content=\"769\" \/>\n\t<meta property=\"og:image:type\" content=\"image\/jpeg\" \/>\n<meta name=\"twitter:card\" content=\"summary_large_image\" \/>\n<meta name=\"twitter:label1\" content=\"Tiempo de lectura\" \/>\n\t<meta name=\"twitter:data1\" content=\"1 minuto\" \/>\n<script type=\"application\/ld+json\" class=\"yoast-schema-graph\">{\"@context\":\"https:\/\/schema.org\",\"@graph\":[{\"@type\":\"WebPage\",\"@id\":\"https:\/\/www.alteacultural.com\/es\/events\/recital-de-poesia-y-guitarra\/\",\"url\":\"https:\/\/www.alteacultural.com\/es\/events\/recital-de-poesia-y-guitarra\/\",\"name\":\"Recital de poes\u00eda y guitarra - Altea Cultural\",\"isPartOf\":{\"@id\":\"https:\/\/www.alteacultural.com\/es\/#website\"},\"primaryImageOfPage\":{\"@id\":\"https:\/\/www.alteacultural.com\/es\/events\/recital-de-poesia-y-guitarra\/#primaryimage\"},\"image\":{\"@id\":\"https:\/\/www.alteacultural.com\/es\/events\/recital-de-poesia-y-guitarra\/#primaryimage\"},\"thumbnailUrl\":\"https:\/\/www.alteacultural.com\/wp-content\/uploads\/2024\/04\/2024-05-16_recital_poesia_y.jpg\",\"datePublished\":\"2024-04-29T10:17:54+00:00\",\"dateModified\":\"2024-06-12T19:09:28+00:00\",\"breadcrumb\":{\"@id\":\"https:\/\/www.alteacultural.com\/es\/events\/recital-de-poesia-y-guitarra\/#breadcrumb\"},\"inLanguage\":\"es\",\"potentialAction\":[{\"@type\":\"ReadAction\",\"target\":[\"https:\/\/www.alteacultural.com\/es\/events\/recital-de-poesia-y-guitarra\/\"]}]},{\"@type\":\"ImageObject\",\"inLanguage\":\"es\",\"@id\":\"https:\/\/www.alteacultural.com\/es\/events\/recital-de-poesia-y-guitarra\/#primaryimage\",\"url\":\"https:\/\/www.alteacultural.com\/wp-content\/uploads\/2024\/04\/2024-05-16_recital_poesia_y.jpg\",\"contentUrl\":\"https:\/\/www.alteacultural.com\/wp-content\/uploads\/2024\/04\/2024-05-16_recital_poesia_y.jpg\",\"width\":1206,\"height\":769},{\"@type\":\"BreadcrumbList\",\"@id\":\"https:\/\/www.alteacultural.com\/es\/events\/recital-de-poesia-y-guitarra\/#breadcrumb\",\"itemListElement\":[{\"@type\":\"ListItem\",\"position\":1,\"name\":\"Inici\",\"item\":\"https:\/\/www.alteacultural.com\/es\/\"},{\"@type\":\"ListItem\",\"position\":2,\"name\":\"Eventos\",\"item\":\"https:\/\/www.alteacultural.com\/es\/events\/\"},{\"@type\":\"ListItem\",\"position\":3,\"name\":\"Recital de poes\u00eda y guitarra\"}]},{\"@type\":\"WebSite\",\"@id\":\"https:\/\/www.alteacultural.com\/es\/#website\",\"url\":\"https:\/\/www.alteacultural.com\/es\/\",\"name\":\"Altea Cultural\",\"description\":\"Regidoria de Cultura de l&#039;Ajuntament d&#039;Altea\",\"potentialAction\":[{\"@type\":\"SearchAction\",\"target\":{\"@type\":\"EntryPoint\",\"urlTemplate\":\"https:\/\/www.alteacultural.com\/es\/?s={search_term_string}\"},\"query-input\":\"required name=search_term_string\"}],\"inLanguage\":\"es\"}]}<\/script>\n<!-- \/ Yoast SEO plugin. -->","yoast_head_json":{"title":"Recital de poes\u00eda y guitarra - Altea Cultural","robots":{"index":"index","follow":"follow","max-snippet":"max-snippet:-1","max-image-preview":"max-image-preview:large","max-video-preview":"max-video-preview:-1"},"canonical":"https:\/\/www.alteacultural.com\/es\/events\/recital-de-poesia-y-guitarra\/","og_locale":"es_ES","og_type":"article","og_title":"Recital de poes\u00eda y guitarra - Altea Cultural","og_description":"16-may | 19:00 | Casa Cultura Altea Recital de poes\u00eda y guitarra.\u00a0A cargo de Germain Droogenbroodt (poes\u00eda) Premio Internacional [&hellip;]","og_url":"https:\/\/www.alteacultural.com\/es\/events\/recital-de-poesia-y-guitarra\/","og_site_name":"Altea Cultural","article_modified_time":"2024-06-12T19:09:28+00:00","og_image":[{"width":1206,"height":769,"url":"https:\/\/www.alteacultural.com\/wp-content\/uploads\/2024\/04\/2024-05-16_recital_poesia_y.jpg","type":"image\/jpeg"}],"twitter_card":"summary_large_image","twitter_misc":{"Tiempo de lectura":"1 minuto"},"schema":{"@context":"https:\/\/schema.org","@graph":[{"@type":"WebPage","@id":"https:\/\/www.alteacultural.com\/es\/events\/recital-de-poesia-y-guitarra\/","url":"https:\/\/www.alteacultural.com\/es\/events\/recital-de-poesia-y-guitarra\/","name":"Recital de poes\u00eda y guitarra - Altea Cultural","isPartOf":{"@id":"https:\/\/www.alteacultural.com\/es\/#website"},"primaryImageOfPage":{"@id":"https:\/\/www.alteacultural.com\/es\/events\/recital-de-poesia-y-guitarra\/#primaryimage"},"image":{"@id":"https:\/\/www.alteacultural.com\/es\/events\/recital-de-poesia-y-guitarra\/#primaryimage"},"thumbnailUrl":"https:\/\/www.alteacultural.com\/wp-content\/uploads\/2024\/04\/2024-05-16_recital_poesia_y.jpg","datePublished":"2024-04-29T10:17:54+00:00","dateModified":"2024-06-12T19:09:28+00:00","breadcrumb":{"@id":"https:\/\/www.alteacultural.com\/es\/events\/recital-de-poesia-y-guitarra\/#breadcrumb"},"inLanguage":"es","potentialAction":[{"@type":"ReadAction","target":["https:\/\/www.alteacultural.com\/es\/events\/recital-de-poesia-y-guitarra\/"]}]},{"@type":"ImageObject","inLanguage":"es","@id":"https:\/\/www.alteacultural.com\/es\/events\/recital-de-poesia-y-guitarra\/#primaryimage","url":"https:\/\/www.alteacultural.com\/wp-content\/uploads\/2024\/04\/2024-05-16_recital_poesia_y.jpg","contentUrl":"https:\/\/www.alteacultural.com\/wp-content\/uploads\/2024\/04\/2024-05-16_recital_poesia_y.jpg","width":1206,"height":769},{"@type":"BreadcrumbList","@id":"https:\/\/www.alteacultural.com\/es\/events\/recital-de-poesia-y-guitarra\/#breadcrumb","itemListElement":[{"@type":"ListItem","position":1,"name":"Inici","item":"https:\/\/www.alteacultural.com\/es\/"},{"@type":"ListItem","position":2,"name":"Eventos","item":"https:\/\/www.alteacultural.com\/es\/events\/"},{"@type":"ListItem","position":3,"name":"Recital de poes\u00eda y guitarra"}]},{"@type":"WebSite","@id":"https:\/\/www.alteacultural.com\/es\/#website","url":"https:\/\/www.alteacultural.com\/es\/","name":"Altea Cultural","description":"Regidoria de Cultura de l&#039;Ajuntament d&#039;Altea","potentialAction":[{"@type":"SearchAction","target":{"@type":"EntryPoint","urlTemplate":"https:\/\/www.alteacultural.com\/es\/?s={search_term_string}"},"query-input":"required name=search_term_string"}],"inLanguage":"es"}]}},"mec_cost":"Entrada libre","mec_date":{"start":{"date":"2024-05-16","hour":7,"minutes":"0","ampm":"PM"},"end":{"date":"2024-05-16","hour":8,"minutes":"30","ampm":"PM"},"comment":"","repeat":{"type":"daily","interval":"1","advanced":"","end":"never","end_at_date":"","end_at_occurrences":"10"}},"_links":{"self":[{"href":"https:\/\/www.alteacultural.com\/es\/wp-json\/wp\/v2\/mec-events\/30518"}],"collection":[{"href":"https:\/\/www.alteacultural.com\/es\/wp-json\/wp\/v2\/mec-events"}],"about":[{"href":"https:\/\/www.alteacultural.com\/es\/wp-json\/wp\/v2\/types\/mec-events"}],"author":[{"embeddable":true,"href":"https:\/\/www.alteacultural.com\/es\/wp-json\/wp\/v2\/users\/1"}],"replies":[{"embeddable":true,"href":"https:\/\/www.alteacultural.com\/es\/wp-json\/wp\/v2\/comments?post=30518"}],"wp:featuredmedia":[{"embeddable":true,"href":"https:\/\/www.alteacultural.com\/es\/wp-json\/wp\/v2\/media\/30517"}],"wp:attachment":[{"href":"https:\/\/www.alteacultural.com\/es\/wp-json\/wp\/v2\/media?parent=30518"}],"curies":[{"name":"wp","href":"https:\/\/api.w.org\/{rel}","templated":true}]}}