{"id":30717,"date":"2024-05-11T23:57:50","date_gmt":"2024-05-11T21:57:50","guid":{"rendered":"https:\/\/www.alteacultural.com\/events\/visita-guiada-a-lexpo-j-navarro-ramon-mirada-a-la-colleccio\/"},"modified":"2024-05-12T12:42:15","modified_gmt":"2024-05-12T10:42:15","slug":"visita-guiada-a-lexpo-j-navarro-ramon-mirada-a-la-colleccio","status":"publish","type":"mec-events","link":"https:\/\/www.alteacultural.com\/es\/events\/visita-guiada-a-lexpo-j-navarro-ramon-mirada-a-la-colleccio\/","title":{"rendered":"Visita guiada a la expo de J. Navarro Ram\u00f3n: Mirada a la Colecci\u00f3n"},"content":{"rendered":"<p>17-mayo | Paseo Mar\u00edtimo a la altura de la Playa el Bol (frente al Rte. Caliu) Altea<\/p>\n<p><strong>Visita guiada a la exposici\u00f3n de J. Navarro Ram\u00f3n: Mirada a la Colecci\u00f3n<\/strong><\/p>\n<p>\u00b7 10.00 AM Castellano<br \/>\n\u00b7 11.00 AM Valenci\u00e0<br \/>\n\u00b7 12.00 PM English<\/p>\n<p>Inscripci\u00f3n \/ Registration: <a href=\"https:\/\/bit.ly\/17may\">clic aqu\u00ed<\/a><\/p>\n<p>Gratis \/ Free.<\/p>\n<p>Salida\/Leaving from: Casa de Cultura Altea<\/p>\n<p>&nbsp;<\/p>\n<p><img fetchpriority=\"high\" decoding=\"async\" class=\"aligncenter wp-image-30720\" src=\"https:\/\/www.alteacultural.com\/wp-content\/uploads\/2024\/05\/VisitaGuiadaExpo_JuanNavarroRamon_17may2024_cartell-02.jpg\" alt=\"\" width=\"700\" height=\"990\" srcset=\"https:\/\/www.alteacultural.com\/wp-content\/uploads\/2024\/05\/VisitaGuiadaExpo_JuanNavarroRamon_17may2024_cartell-02.jpg 1754w, https:\/\/www.alteacultural.com\/wp-content\/uploads\/2024\/05\/VisitaGuiadaExpo_JuanNavarroRamon_17may2024_cartell-02-768x1086.jpg 768w, https:\/\/www.alteacultural.com\/wp-content\/uploads\/2024\/05\/VisitaGuiadaExpo_JuanNavarroRamon_17may2024_cartell-02-1086x1536.jpg 1086w, https:\/\/www.alteacultural.com\/wp-content\/uploads\/2024\/05\/VisitaGuiadaExpo_JuanNavarroRamon_17may2024_cartell-02-1448x2048.jpg 1448w\" sizes=\"(max-width: 700px) 100vw, 700px\" \/><\/p>\n<p>&nbsp;<\/p>\n","protected":false},"excerpt":{"rendered":"<p>17-mayo | Paseo Mar\u00edtimo a la altura de la Playa el Bol (frente al Rte. Caliu) Altea Visita guiada [&hellip;]<\/p>\n","protected":false},"author":1,"featured_media":30715,"comment_status":"open","ping_status":"closed","template":"","meta":{"_expiration-date-status":"","_expiration-date":0,"_expiration-date-type":"","_expiration-date-categories":[],"_expiration-date-options":[]},"yoast_head":"<!-- This site is optimized with the Yoast SEO plugin v22.8 - https:\/\/yoast.com\/wordpress\/plugins\/seo\/ -->\n<title>Visita guiada a la expo de J. Navarro Ram\u00f3n: Mirada a la Colecci\u00f3n - Altea Cultural<\/title>\n<meta name=\"robots\" content=\"index, follow, max-snippet:-1, max-image-preview:large, max-video-preview:-1\" \/>\n<link rel=\"canonical\" href=\"https:\/\/www.alteacultural.com\/es\/events\/visita-guiada-a-lexpo-j-navarro-ramon-mirada-a-la-colleccio\/\" \/>\n<meta property=\"og:locale\" content=\"es_ES\" \/>\n<meta property=\"og:type\" content=\"article\" \/>\n<meta property=\"og:title\" content=\"Visita guiada a la expo de J. Navarro Ram\u00f3n: Mirada a la Colecci\u00f3n - Altea Cultural\" \/>\n<meta property=\"og:description\" content=\"17-mayo | Paseo Mar\u00edtimo a la altura de la Playa el Bol (frente al Rte. Caliu) Altea Visita guiada [&hellip;]\" \/>\n<meta property=\"og:url\" content=\"https:\/\/www.alteacultural.com\/es\/events\/visita-guiada-a-lexpo-j-navarro-ramon-mirada-a-la-colleccio\/\" \/>\n<meta property=\"og:site_name\" content=\"Altea Cultural\" \/>\n<meta property=\"article:modified_time\" content=\"2024-05-12T10:42:15+00:00\" \/>\n<meta property=\"og:image\" content=\"https:\/\/www.alteacultural.com\/wp-content\/uploads\/2024\/05\/VisitaGuiadaExpo_JuanNavarroRamon_17may2024_banner-01.jpg\" \/>\n\t<meta property=\"og:image:width\" content=\"1754\" \/>\n\t<meta property=\"og:image:height\" content=\"592\" \/>\n\t<meta property=\"og:image:type\" content=\"image\/jpeg\" \/>\n<meta name=\"twitter:card\" content=\"summary_large_image\" \/>\n<meta name=\"twitter:label1\" content=\"Tiempo de lectura\" \/>\n\t<meta name=\"twitter:data1\" content=\"1 minuto\" \/>\n<script type=\"application\/ld+json\" class=\"yoast-schema-graph\">{\"@context\":\"https:\/\/schema.org\",\"@graph\":[{\"@type\":\"WebPage\",\"@id\":\"https:\/\/www.alteacultural.com\/es\/events\/visita-guiada-a-lexpo-j-navarro-ramon-mirada-a-la-colleccio\/\",\"url\":\"https:\/\/www.alteacultural.com\/es\/events\/visita-guiada-a-lexpo-j-navarro-ramon-mirada-a-la-colleccio\/\",\"name\":\"Visita guiada a la expo de J. Navarro Ram\u00f3n: Mirada a la Colecci\u00f3n - Altea Cultural\",\"isPartOf\":{\"@id\":\"https:\/\/www.alteacultural.com\/es\/#website\"},\"primaryImageOfPage\":{\"@id\":\"https:\/\/www.alteacultural.com\/es\/events\/visita-guiada-a-lexpo-j-navarro-ramon-mirada-a-la-colleccio\/#primaryimage\"},\"image\":{\"@id\":\"https:\/\/www.alteacultural.com\/es\/events\/visita-guiada-a-lexpo-j-navarro-ramon-mirada-a-la-colleccio\/#primaryimage\"},\"thumbnailUrl\":\"https:\/\/www.alteacultural.com\/wp-content\/uploads\/2024\/05\/VisitaGuiadaExpo_JuanNavarroRamon_17may2024_banner-01.jpg\",\"datePublished\":\"2024-05-11T21:57:50+00:00\",\"dateModified\":\"2024-05-12T10:42:15+00:00\",\"breadcrumb\":{\"@id\":\"https:\/\/www.alteacultural.com\/es\/events\/visita-guiada-a-lexpo-j-navarro-ramon-mirada-a-la-colleccio\/#breadcrumb\"},\"inLanguage\":\"es\",\"potentialAction\":[{\"@type\":\"ReadAction\",\"target\":[\"https:\/\/www.alteacultural.com\/es\/events\/visita-guiada-a-lexpo-j-navarro-ramon-mirada-a-la-colleccio\/\"]}]},{\"@type\":\"ImageObject\",\"inLanguage\":\"es\",\"@id\":\"https:\/\/www.alteacultural.com\/es\/events\/visita-guiada-a-lexpo-j-navarro-ramon-mirada-a-la-colleccio\/#primaryimage\",\"url\":\"https:\/\/www.alteacultural.com\/wp-content\/uploads\/2024\/05\/VisitaGuiadaExpo_JuanNavarroRamon_17may2024_banner-01.jpg\",\"contentUrl\":\"https:\/\/www.alteacultural.com\/wp-content\/uploads\/2024\/05\/VisitaGuiadaExpo_JuanNavarroRamon_17may2024_banner-01.jpg\",\"width\":1754,\"height\":592},{\"@type\":\"BreadcrumbList\",\"@id\":\"https:\/\/www.alteacultural.com\/es\/events\/visita-guiada-a-lexpo-j-navarro-ramon-mirada-a-la-colleccio\/#breadcrumb\",\"itemListElement\":[{\"@type\":\"ListItem\",\"position\":1,\"name\":\"Inici\",\"item\":\"https:\/\/www.alteacultural.com\/es\/\"},{\"@type\":\"ListItem\",\"position\":2,\"name\":\"Eventos\",\"item\":\"https:\/\/www.alteacultural.com\/es\/events\/\"},{\"@type\":\"ListItem\",\"position\":3,\"name\":\"Visita guiada a la expo de J. Navarro Ram\u00f3n: Mirada a la Colecci\u00f3n\"}]},{\"@type\":\"WebSite\",\"@id\":\"https:\/\/www.alteacultural.com\/es\/#website\",\"url\":\"https:\/\/www.alteacultural.com\/es\/\",\"name\":\"Altea Cultural\",\"description\":\"Regidoria de Cultura de l&#039;Ajuntament d&#039;Altea\",\"potentialAction\":[{\"@type\":\"SearchAction\",\"target\":{\"@type\":\"EntryPoint\",\"urlTemplate\":\"https:\/\/www.alteacultural.com\/es\/?s={search_term_string}\"},\"query-input\":\"required name=search_term_string\"}],\"inLanguage\":\"es\"}]}<\/script>\n<!-- \/ Yoast SEO plugin. -->","yoast_head_json":{"title":"Visita guiada a la expo de J. Navarro Ram\u00f3n: Mirada a la Colecci\u00f3n - Altea Cultural","robots":{"index":"index","follow":"follow","max-snippet":"max-snippet:-1","max-image-preview":"max-image-preview:large","max-video-preview":"max-video-preview:-1"},"canonical":"https:\/\/www.alteacultural.com\/es\/events\/visita-guiada-a-lexpo-j-navarro-ramon-mirada-a-la-colleccio\/","og_locale":"es_ES","og_type":"article","og_title":"Visita guiada a la expo de J. Navarro Ram\u00f3n: Mirada a la Colecci\u00f3n - Altea Cultural","og_description":"17-mayo | Paseo Mar\u00edtimo a la altura de la Playa el Bol (frente al Rte. Caliu) Altea Visita guiada [&hellip;]","og_url":"https:\/\/www.alteacultural.com\/es\/events\/visita-guiada-a-lexpo-j-navarro-ramon-mirada-a-la-colleccio\/","og_site_name":"Altea Cultural","article_modified_time":"2024-05-12T10:42:15+00:00","og_image":[{"width":1754,"height":592,"url":"https:\/\/www.alteacultural.com\/wp-content\/uploads\/2024\/05\/VisitaGuiadaExpo_JuanNavarroRamon_17may2024_banner-01.jpg","type":"image\/jpeg"}],"twitter_card":"summary_large_image","twitter_misc":{"Tiempo de lectura":"1 minuto"},"schema":{"@context":"https:\/\/schema.org","@graph":[{"@type":"WebPage","@id":"https:\/\/www.alteacultural.com\/es\/events\/visita-guiada-a-lexpo-j-navarro-ramon-mirada-a-la-colleccio\/","url":"https:\/\/www.alteacultural.com\/es\/events\/visita-guiada-a-lexpo-j-navarro-ramon-mirada-a-la-colleccio\/","name":"Visita guiada a la expo de J. Navarro Ram\u00f3n: Mirada a la Colecci\u00f3n - Altea Cultural","isPartOf":{"@id":"https:\/\/www.alteacultural.com\/es\/#website"},"primaryImageOfPage":{"@id":"https:\/\/www.alteacultural.com\/es\/events\/visita-guiada-a-lexpo-j-navarro-ramon-mirada-a-la-colleccio\/#primaryimage"},"image":{"@id":"https:\/\/www.alteacultural.com\/es\/events\/visita-guiada-a-lexpo-j-navarro-ramon-mirada-a-la-colleccio\/#primaryimage"},"thumbnailUrl":"https:\/\/www.alteacultural.com\/wp-content\/uploads\/2024\/05\/VisitaGuiadaExpo_JuanNavarroRamon_17may2024_banner-01.jpg","datePublished":"2024-05-11T21:57:50+00:00","dateModified":"2024-05-12T10:42:15+00:00","breadcrumb":{"@id":"https:\/\/www.alteacultural.com\/es\/events\/visita-guiada-a-lexpo-j-navarro-ramon-mirada-a-la-colleccio\/#breadcrumb"},"inLanguage":"es","potentialAction":[{"@type":"ReadAction","target":["https:\/\/www.alteacultural.com\/es\/events\/visita-guiada-a-lexpo-j-navarro-ramon-mirada-a-la-colleccio\/"]}]},{"@type":"ImageObject","inLanguage":"es","@id":"https:\/\/www.alteacultural.com\/es\/events\/visita-guiada-a-lexpo-j-navarro-ramon-mirada-a-la-colleccio\/#primaryimage","url":"https:\/\/www.alteacultural.com\/wp-content\/uploads\/2024\/05\/VisitaGuiadaExpo_JuanNavarroRamon_17may2024_banner-01.jpg","contentUrl":"https:\/\/www.alteacultural.com\/wp-content\/uploads\/2024\/05\/VisitaGuiadaExpo_JuanNavarroRamon_17may2024_banner-01.jpg","width":1754,"height":592},{"@type":"BreadcrumbList","@id":"https:\/\/www.alteacultural.com\/es\/events\/visita-guiada-a-lexpo-j-navarro-ramon-mirada-a-la-colleccio\/#breadcrumb","itemListElement":[{"@type":"ListItem","position":1,"name":"Inici","item":"https:\/\/www.alteacultural.com\/es\/"},{"@type":"ListItem","position":2,"name":"Eventos","item":"https:\/\/www.alteacultural.com\/es\/events\/"},{"@type":"ListItem","position":3,"name":"Visita guiada a la expo de J. Navarro Ram\u00f3n: Mirada a la Colecci\u00f3n"}]},{"@type":"WebSite","@id":"https:\/\/www.alteacultural.com\/es\/#website","url":"https:\/\/www.alteacultural.com\/es\/","name":"Altea Cultural","description":"Regidoria de Cultura de l&#039;Ajuntament d&#039;Altea","potentialAction":[{"@type":"SearchAction","target":{"@type":"EntryPoint","urlTemplate":"https:\/\/www.alteacultural.com\/es\/?s={search_term_string}"},"query-input":"required name=search_term_string"}],"inLanguage":"es"}]}},"mec_cost":"Gratuito \/ Se requiere inscripci\u00f3n","mec_date":{"start":{"date":"2024-05-17","hour":"10","minutes":"0","ampm":"AM"},"end":{"date":"2024-05-17","hour":1,"minutes":"0","ampm":"PM"},"comment":"","repeat":{"type":"daily","interval":"1","advanced":"","end":"never","end_at_date":"","end_at_occurrences":"10"}},"_links":{"self":[{"href":"https:\/\/www.alteacultural.com\/es\/wp-json\/wp\/v2\/mec-events\/30717"}],"collection":[{"href":"https:\/\/www.alteacultural.com\/es\/wp-json\/wp\/v2\/mec-events"}],"about":[{"href":"https:\/\/www.alteacultural.com\/es\/wp-json\/wp\/v2\/types\/mec-events"}],"author":[{"embeddable":true,"href":"https:\/\/www.alteacultural.com\/es\/wp-json\/wp\/v2\/users\/1"}],"replies":[{"embeddable":true,"href":"https:\/\/www.alteacultural.com\/es\/wp-json\/wp\/v2\/comments?post=30717"}],"wp:featuredmedia":[{"embeddable":true,"href":"https:\/\/www.alteacultural.com\/es\/wp-json\/wp\/v2\/media\/30715"}],"wp:attachment":[{"href":"https:\/\/www.alteacultural.com\/es\/wp-json\/wp\/v2\/media?parent=30717"}],"curies":[{"name":"wp","href":"https:\/\/api.w.org\/{rel}","templated":true}]}}