{"id":34154,"date":"2024-12-24T14:03:46","date_gmt":"2024-12-24T13:03:46","guid":{"rendered":"https:\/\/www.alteacultural.com\/events\/cinema-en-valencia-chicken-run-2\/"},"modified":"2024-12-24T14:46:07","modified_gmt":"2024-12-24T13:46:07","slug":"cinema-en-valencia-un-mon-estrany","status":"publish","type":"mec-events","link":"https:\/\/www.alteacultural.com\/es\/events\/cinema-en-valencia-un-mon-estrany\/","title":{"rendered":"Cinema en valenci\u00e0: Un m\u00f3n estrany"},"content":{"rendered":"<p><em>Acto en valenciano<\/em><\/p>\n<p>&nbsp;<\/p>\n<p><strong>11-gen | 18:00 | Casa Cultura Altea<\/strong><\/p>\n<p>Cinema en valenci\u00e0: \u00abUn m\u00f3n estrany\u00bb<\/p>\n<p>Els Clade s\u00f3n una fam\u00edlia d\u2019exploradors que viu a Aval\u00f2nia. Quan una misteriosa plaga comen\u00e7a a infectar els cultius de pando, la planta d\u2019on s\u2019extreu l\u2019energia que mou el seu m\u00f3n, tres generacions de Clades es llancen a una aventura que els canviar\u00e0 per sempre. Per descobrir la causa de la plaga que est\u00e0 amena\u00e7ant la seva llar s\u2019endinsaran en les profunditats d\u2019un m\u00f3n subterrani ple de perills, per\u00f2 tamb\u00e9 d\u2019aliats.<\/p>\n<p>Entrada lliure i gratu\u00efta fins a completa l&#8217;aforament.<\/p>\n<p>&nbsp;<\/p>\n<p>&nbsp;<\/p>\n<p><img fetchpriority=\"high\" decoding=\"async\" class=\"aligncenter wp-image-34138\" src=\"https:\/\/www.alteacultural.com\/wp-content\/uploads\/2024\/12\/2025-01-11-Cinema-Nadal-1.jpg\" alt=\"\" width=\"700\" height=\"990\" srcset=\"https:\/\/www.alteacultural.com\/wp-content\/uploads\/2024\/12\/2025-01-11-Cinema-Nadal-1.jpg 1414w, https:\/\/www.alteacultural.com\/wp-content\/uploads\/2024\/12\/2025-01-11-Cinema-Nadal-1-768x1086.jpg 768w, https:\/\/www.alteacultural.com\/wp-content\/uploads\/2024\/12\/2025-01-11-Cinema-Nadal-1-1086x1536.jpg 1086w\" sizes=\"(max-width: 700px) 100vw, 700px\" \/><\/p>\n","protected":false},"excerpt":{"rendered":"<p>Acto en valenciano &nbsp; 11-gen | 18:00 | Casa Cultura Altea Cinema en valenci\u00e0: \u00abUn m\u00f3n estrany\u00bb Els Clade [&hellip;]<\/p>\n","protected":false},"author":1,"featured_media":34153,"comment_status":"open","ping_status":"closed","template":"","meta":{"_expiration-date-status":"","_expiration-date":0,"_expiration-date-type":"","_expiration-date-categories":[],"_expiration-date-options":[]},"yoast_head":"<!-- This site is optimized with the Yoast SEO plugin v22.8 - https:\/\/yoast.com\/wordpress\/plugins\/seo\/ -->\n<title>Cinema en valenci\u00e0: Un m\u00f3n estrany - Altea Cultural<\/title>\n<meta name=\"robots\" content=\"index, follow, max-snippet:-1, max-image-preview:large, max-video-preview:-1\" \/>\n<link rel=\"canonical\" href=\"https:\/\/www.alteacultural.com\/es\/events\/cinema-en-valencia-un-mon-estrany\/\" \/>\n<meta property=\"og:locale\" content=\"es_ES\" \/>\n<meta property=\"og:type\" content=\"article\" \/>\n<meta property=\"og:title\" content=\"Cinema en valenci\u00e0: Un m\u00f3n estrany - Altea Cultural\" \/>\n<meta property=\"og:description\" content=\"Acto en valenciano &nbsp; 11-gen | 18:00 | Casa Cultura Altea Cinema en valenci\u00e0: \u00abUn m\u00f3n estrany\u00bb Els Clade [&hellip;]\" \/>\n<meta property=\"og:url\" content=\"https:\/\/www.alteacultural.com\/es\/events\/cinema-en-valencia-un-mon-estrany\/\" \/>\n<meta property=\"og:site_name\" content=\"Altea Cultural\" \/>\n<meta property=\"article:modified_time\" content=\"2024-12-24T13:46:07+00:00\" \/>\n<meta property=\"og:image\" content=\"https:\/\/www.alteacultural.com\/wp-content\/uploads\/2024\/12\/un-mon-estrany-banner.jpg\" \/>\n\t<meta property=\"og:image:width\" content=\"1240\" \/>\n\t<meta property=\"og:image:height\" content=\"260\" \/>\n\t<meta property=\"og:image:type\" content=\"image\/jpeg\" \/>\n<meta name=\"twitter:card\" content=\"summary_large_image\" \/>\n<meta name=\"twitter:label1\" content=\"Tiempo de lectura\" \/>\n\t<meta name=\"twitter:data1\" content=\"1 minuto\" \/>\n<script type=\"application\/ld+json\" class=\"yoast-schema-graph\">{\"@context\":\"https:\/\/schema.org\",\"@graph\":[{\"@type\":\"WebPage\",\"@id\":\"https:\/\/www.alteacultural.com\/es\/events\/cinema-en-valencia-un-mon-estrany\/\",\"url\":\"https:\/\/www.alteacultural.com\/es\/events\/cinema-en-valencia-un-mon-estrany\/\",\"name\":\"Cinema en valenci\u00e0: Un m\u00f3n estrany - Altea Cultural\",\"isPartOf\":{\"@id\":\"https:\/\/www.alteacultural.com\/es\/#website\"},\"primaryImageOfPage\":{\"@id\":\"https:\/\/www.alteacultural.com\/es\/events\/cinema-en-valencia-un-mon-estrany\/#primaryimage\"},\"image\":{\"@id\":\"https:\/\/www.alteacultural.com\/es\/events\/cinema-en-valencia-un-mon-estrany\/#primaryimage\"},\"thumbnailUrl\":\"https:\/\/www.alteacultural.com\/wp-content\/uploads\/2024\/12\/un-mon-estrany-banner.jpg\",\"datePublished\":\"2024-12-24T13:03:46+00:00\",\"dateModified\":\"2024-12-24T13:46:07+00:00\",\"breadcrumb\":{\"@id\":\"https:\/\/www.alteacultural.com\/es\/events\/cinema-en-valencia-un-mon-estrany\/#breadcrumb\"},\"inLanguage\":\"es\",\"potentialAction\":[{\"@type\":\"ReadAction\",\"target\":[\"https:\/\/www.alteacultural.com\/es\/events\/cinema-en-valencia-un-mon-estrany\/\"]}]},{\"@type\":\"ImageObject\",\"inLanguage\":\"es\",\"@id\":\"https:\/\/www.alteacultural.com\/es\/events\/cinema-en-valencia-un-mon-estrany\/#primaryimage\",\"url\":\"https:\/\/www.alteacultural.com\/wp-content\/uploads\/2024\/12\/un-mon-estrany-banner.jpg\",\"contentUrl\":\"https:\/\/www.alteacultural.com\/wp-content\/uploads\/2024\/12\/un-mon-estrany-banner.jpg\",\"width\":1240,\"height\":260},{\"@type\":\"BreadcrumbList\",\"@id\":\"https:\/\/www.alteacultural.com\/es\/events\/cinema-en-valencia-un-mon-estrany\/#breadcrumb\",\"itemListElement\":[{\"@type\":\"ListItem\",\"position\":1,\"name\":\"Inici\",\"item\":\"https:\/\/www.alteacultural.com\/es\/\"},{\"@type\":\"ListItem\",\"position\":2,\"name\":\"Eventos\",\"item\":\"https:\/\/www.alteacultural.com\/es\/events\/\"},{\"@type\":\"ListItem\",\"position\":3,\"name\":\"Cinema en valenci\u00e0: Un m\u00f3n estrany\"}]},{\"@type\":\"WebSite\",\"@id\":\"https:\/\/www.alteacultural.com\/es\/#website\",\"url\":\"https:\/\/www.alteacultural.com\/es\/\",\"name\":\"Altea Cultural\",\"description\":\"Regidoria de Cultura de l&#039;Ajuntament d&#039;Altea\",\"potentialAction\":[{\"@type\":\"SearchAction\",\"target\":{\"@type\":\"EntryPoint\",\"urlTemplate\":\"https:\/\/www.alteacultural.com\/es\/?s={search_term_string}\"},\"query-input\":\"required name=search_term_string\"}],\"inLanguage\":\"es\"}]}<\/script>\n<!-- \/ Yoast SEO plugin. -->","yoast_head_json":{"title":"Cinema en valenci\u00e0: Un m\u00f3n estrany - Altea Cultural","robots":{"index":"index","follow":"follow","max-snippet":"max-snippet:-1","max-image-preview":"max-image-preview:large","max-video-preview":"max-video-preview:-1"},"canonical":"https:\/\/www.alteacultural.com\/es\/events\/cinema-en-valencia-un-mon-estrany\/","og_locale":"es_ES","og_type":"article","og_title":"Cinema en valenci\u00e0: Un m\u00f3n estrany - Altea Cultural","og_description":"Acto en valenciano &nbsp; 11-gen | 18:00 | Casa Cultura Altea Cinema en valenci\u00e0: \u00abUn m\u00f3n estrany\u00bb Els Clade [&hellip;]","og_url":"https:\/\/www.alteacultural.com\/es\/events\/cinema-en-valencia-un-mon-estrany\/","og_site_name":"Altea Cultural","article_modified_time":"2024-12-24T13:46:07+00:00","og_image":[{"width":1240,"height":260,"url":"https:\/\/www.alteacultural.com\/wp-content\/uploads\/2024\/12\/un-mon-estrany-banner.jpg","type":"image\/jpeg"}],"twitter_card":"summary_large_image","twitter_misc":{"Tiempo de lectura":"1 minuto"},"schema":{"@context":"https:\/\/schema.org","@graph":[{"@type":"WebPage","@id":"https:\/\/www.alteacultural.com\/es\/events\/cinema-en-valencia-un-mon-estrany\/","url":"https:\/\/www.alteacultural.com\/es\/events\/cinema-en-valencia-un-mon-estrany\/","name":"Cinema en valenci\u00e0: Un m\u00f3n estrany - Altea Cultural","isPartOf":{"@id":"https:\/\/www.alteacultural.com\/es\/#website"},"primaryImageOfPage":{"@id":"https:\/\/www.alteacultural.com\/es\/events\/cinema-en-valencia-un-mon-estrany\/#primaryimage"},"image":{"@id":"https:\/\/www.alteacultural.com\/es\/events\/cinema-en-valencia-un-mon-estrany\/#primaryimage"},"thumbnailUrl":"https:\/\/www.alteacultural.com\/wp-content\/uploads\/2024\/12\/un-mon-estrany-banner.jpg","datePublished":"2024-12-24T13:03:46+00:00","dateModified":"2024-12-24T13:46:07+00:00","breadcrumb":{"@id":"https:\/\/www.alteacultural.com\/es\/events\/cinema-en-valencia-un-mon-estrany\/#breadcrumb"},"inLanguage":"es","potentialAction":[{"@type":"ReadAction","target":["https:\/\/www.alteacultural.com\/es\/events\/cinema-en-valencia-un-mon-estrany\/"]}]},{"@type":"ImageObject","inLanguage":"es","@id":"https:\/\/www.alteacultural.com\/es\/events\/cinema-en-valencia-un-mon-estrany\/#primaryimage","url":"https:\/\/www.alteacultural.com\/wp-content\/uploads\/2024\/12\/un-mon-estrany-banner.jpg","contentUrl":"https:\/\/www.alteacultural.com\/wp-content\/uploads\/2024\/12\/un-mon-estrany-banner.jpg","width":1240,"height":260},{"@type":"BreadcrumbList","@id":"https:\/\/www.alteacultural.com\/es\/events\/cinema-en-valencia-un-mon-estrany\/#breadcrumb","itemListElement":[{"@type":"ListItem","position":1,"name":"Inici","item":"https:\/\/www.alteacultural.com\/es\/"},{"@type":"ListItem","position":2,"name":"Eventos","item":"https:\/\/www.alteacultural.com\/es\/events\/"},{"@type":"ListItem","position":3,"name":"Cinema en valenci\u00e0: Un m\u00f3n estrany"}]},{"@type":"WebSite","@id":"https:\/\/www.alteacultural.com\/es\/#website","url":"https:\/\/www.alteacultural.com\/es\/","name":"Altea Cultural","description":"Regidoria de Cultura de l&#039;Ajuntament d&#039;Altea","potentialAction":[{"@type":"SearchAction","target":{"@type":"EntryPoint","urlTemplate":"https:\/\/www.alteacultural.com\/es\/?s={search_term_string}"},"query-input":"required name=search_term_string"}],"inLanguage":"es"}]}},"mec_cost":"Entrada lliure i gratu\u00efta","mec_date":{"start":{"date":"2025-01-11","hour":6,"minutes":"0","ampm":"PM"},"end":{"date":"2025-01-11","hour":7,"minutes":"45","ampm":"PM"},"comment":"","repeat":{"type":"daily","interval":"1","advanced":"","end":"never","end_at_date":"","end_at_occurrences":"10"}},"_links":{"self":[{"href":"https:\/\/www.alteacultural.com\/es\/wp-json\/wp\/v2\/mec-events\/34154"}],"collection":[{"href":"https:\/\/www.alteacultural.com\/es\/wp-json\/wp\/v2\/mec-events"}],"about":[{"href":"https:\/\/www.alteacultural.com\/es\/wp-json\/wp\/v2\/types\/mec-events"}],"author":[{"embeddable":true,"href":"https:\/\/www.alteacultural.com\/es\/wp-json\/wp\/v2\/users\/1"}],"replies":[{"embeddable":true,"href":"https:\/\/www.alteacultural.com\/es\/wp-json\/wp\/v2\/comments?post=34154"}],"wp:featuredmedia":[{"embeddable":true,"href":"https:\/\/www.alteacultural.com\/es\/wp-json\/wp\/v2\/media\/34153"}],"wp:attachment":[{"href":"https:\/\/www.alteacultural.com\/es\/wp-json\/wp\/v2\/media?parent=34154"}],"curies":[{"name":"wp","href":"https:\/\/api.w.org\/{rel}","templated":true}]}}