{"id":34789,"date":"2025-02-10T09:30:17","date_gmt":"2025-02-10T08:30:17","guid":{"rendered":"https:\/\/www.alteacultural.com\/events\/presentacion-del-libro-my-atlantis-la-creacion-de-tu-propio-imperio-altea-llibres-a-la-primavera-2025\/"},"modified":"2025-02-10T09:31:43","modified_gmt":"2025-02-10T08:31:43","slug":"presentacion-del-libro-my-atlantis-la-creacion-de-tu-propio-imperio-altea-llibres-a-la-primavera-2025","status":"publish","type":"mec-events","link":"https:\/\/www.alteacultural.com\/es\/events\/presentacion-del-libro-my-atlantis-la-creacion-de-tu-propio-imperio-altea-llibres-a-la-primavera-2025\/","title":{"rendered":"Presentaci\u00f3n del libro: \u00abMy Atlantis. La creaci\u00f3n de tu propio imperio\u00bb &#8211; Altea, llibres a la primavera 2025"},"content":{"rendered":"<p><strong>10-abr | 19:30 h | Biblioteca P\u00fablica Altea\/Casa de Cultura de Altea<\/strong><\/p>\n<p><strong>Presentaci\u00f3n del libro: \u00abMy Atlantis. La creaci\u00f3n de tu propio imperio\u00bb.<\/strong><\/p>\n<p><strong>Autor:<\/strong> Miguel Sanchis Gregori.<\/p>\n<p><strong>Sinopsis:<\/strong> Crear un Imperio de la nada no es tarea f\u00e1cil\u2026 \u00bfo s\u00ed? Las personas tenemos un potencial ilimitado pero muchas veces no somos conscientes de ello y vivimos una vida sistem\u00e1tica guiada por nuestros patrones, nuestros h\u00e1bitos y nuestras creencias limitantes.<\/p>\n<p>En este libro descubrir\u00e1s todos los principios que te ayudar\u00e1n a crear tu propio Imperio; tu propio \u201cMy Atlantis\u201d y llevar una vida plena con unos resultados extraordinarios. Todo ello basado en la experiencia compartida junto a mi amigo y mentor Alfredo J. D\u00edez; sin duda, el mejor ejemplo a seguir para alcanzar tus sue\u00f1os.<\/p>\n<p>Entrada libre y gratuita.<\/p>\n<p><a href=\"https:\/\/www.alteacultural.com\/es\/tag\/presentacions-de-llibres-es\/\">VER CICLO COMPLETO<\/a><\/p>\n<p><img fetchpriority=\"high\" decoding=\"async\" class=\"aligncenter wp-image-34731\" src=\"https:\/\/www.alteacultural.com\/wp-content\/uploads\/2025\/02\/2024-04-10-LlibresPrimavera25Cartell-01.jpg\" alt=\"\" width=\"750\" height=\"1060\" srcset=\"https:\/\/www.alteacultural.com\/wp-content\/uploads\/2025\/02\/2024-04-10-LlibresPrimavera25Cartell-01.jpg 1754w, https:\/\/www.alteacultural.com\/wp-content\/uploads\/2025\/02\/2024-04-10-LlibresPrimavera25Cartell-01-768x1086.jpg 768w, https:\/\/www.alteacultural.com\/wp-content\/uploads\/2025\/02\/2024-04-10-LlibresPrimavera25Cartell-01-1086x1536.jpg 1086w, https:\/\/www.alteacultural.com\/wp-content\/uploads\/2025\/02\/2024-04-10-LlibresPrimavera25Cartell-01-1448x2048.jpg 1448w\" sizes=\"(max-width: 750px) 100vw, 750px\" \/><\/p>\n","protected":false},"excerpt":{"rendered":"<p>10-abr | 19:30 h | Biblioteca P\u00fablica Altea\/Casa de Cultura de Altea Presentaci\u00f3n del libro: \u00abMy Atlantis. La creaci\u00f3n [&hellip;]<\/p>\n","protected":false},"author":1,"featured_media":34788,"comment_status":"open","ping_status":"closed","template":"","meta":{"_expiration-date-status":"","_expiration-date":0,"_expiration-date-type":"","_expiration-date-categories":[],"_expiration-date-options":[]},"yoast_head":"<!-- This site is optimized with the Yoast SEO plugin v22.8 - https:\/\/yoast.com\/wordpress\/plugins\/seo\/ -->\n<title>Presentaci\u00f3n del libro: &quot;My Atlantis. La creaci\u00f3n de tu propio imperio&quot; - Altea, llibres a la primavera 2025 - Altea Cultural<\/title>\n<meta name=\"robots\" content=\"index, follow, max-snippet:-1, max-image-preview:large, max-video-preview:-1\" \/>\n<link rel=\"canonical\" href=\"https:\/\/www.alteacultural.com\/es\/events\/presentacion-del-libro-my-atlantis-la-creacion-de-tu-propio-imperio-altea-llibres-a-la-primavera-2025\/\" \/>\n<meta property=\"og:locale\" content=\"es_ES\" \/>\n<meta property=\"og:type\" content=\"article\" \/>\n<meta property=\"og:title\" content=\"Presentaci\u00f3n del libro: &quot;My Atlantis. La creaci\u00f3n de tu propio imperio&quot; - Altea, llibres a la primavera 2025 - Altea Cultural\" \/>\n<meta property=\"og:description\" content=\"10-abr | 19:30 h | Biblioteca P\u00fablica Altea\/Casa de Cultura de Altea Presentaci\u00f3n del libro: \u00abMy Atlantis. La creaci\u00f3n [&hellip;]\" \/>\n<meta property=\"og:url\" content=\"https:\/\/www.alteacultural.com\/es\/events\/presentacion-del-libro-my-atlantis-la-creacion-de-tu-propio-imperio-altea-llibres-a-la-primavera-2025\/\" \/>\n<meta property=\"og:site_name\" content=\"Altea Cultural\" \/>\n<meta property=\"article:modified_time\" content=\"2025-02-10T08:31:43+00:00\" \/>\n<meta property=\"og:image\" content=\"https:\/\/www.alteacultural.com\/wp-content\/uploads\/2025\/02\/LlibresPrimavera25Banner9-01-scaled.jpg\" \/>\n\t<meta property=\"og:image:width\" content=\"2560\" \/>\n\t<meta property=\"og:image:height\" content=\"947\" \/>\n\t<meta property=\"og:image:type\" content=\"image\/jpeg\" \/>\n<meta name=\"twitter:card\" content=\"summary_large_image\" \/>\n<meta name=\"twitter:label1\" content=\"Tiempo de lectura\" \/>\n\t<meta name=\"twitter:data1\" content=\"2 minutos\" \/>\n<script type=\"application\/ld+json\" class=\"yoast-schema-graph\">{\"@context\":\"https:\/\/schema.org\",\"@graph\":[{\"@type\":\"WebPage\",\"@id\":\"https:\/\/www.alteacultural.com\/es\/events\/presentacion-del-libro-my-atlantis-la-creacion-de-tu-propio-imperio-altea-llibres-a-la-primavera-2025\/\",\"url\":\"https:\/\/www.alteacultural.com\/es\/events\/presentacion-del-libro-my-atlantis-la-creacion-de-tu-propio-imperio-altea-llibres-a-la-primavera-2025\/\",\"name\":\"Presentaci\u00f3n del libro: \\\"My Atlantis. La creaci\u00f3n de tu propio imperio\\\" - Altea, llibres a la primavera 2025 - Altea Cultural\",\"isPartOf\":{\"@id\":\"https:\/\/www.alteacultural.com\/es\/#website\"},\"primaryImageOfPage\":{\"@id\":\"https:\/\/www.alteacultural.com\/es\/events\/presentacion-del-libro-my-atlantis-la-creacion-de-tu-propio-imperio-altea-llibres-a-la-primavera-2025\/#primaryimage\"},\"image\":{\"@id\":\"https:\/\/www.alteacultural.com\/es\/events\/presentacion-del-libro-my-atlantis-la-creacion-de-tu-propio-imperio-altea-llibres-a-la-primavera-2025\/#primaryimage\"},\"thumbnailUrl\":\"https:\/\/www.alteacultural.com\/wp-content\/uploads\/2025\/02\/LlibresPrimavera25Banner9-01-scaled.jpg\",\"datePublished\":\"2025-02-10T08:30:17+00:00\",\"dateModified\":\"2025-02-10T08:31:43+00:00\",\"breadcrumb\":{\"@id\":\"https:\/\/www.alteacultural.com\/es\/events\/presentacion-del-libro-my-atlantis-la-creacion-de-tu-propio-imperio-altea-llibres-a-la-primavera-2025\/#breadcrumb\"},\"inLanguage\":\"es\",\"potentialAction\":[{\"@type\":\"ReadAction\",\"target\":[\"https:\/\/www.alteacultural.com\/es\/events\/presentacion-del-libro-my-atlantis-la-creacion-de-tu-propio-imperio-altea-llibres-a-la-primavera-2025\/\"]}]},{\"@type\":\"ImageObject\",\"inLanguage\":\"es\",\"@id\":\"https:\/\/www.alteacultural.com\/es\/events\/presentacion-del-libro-my-atlantis-la-creacion-de-tu-propio-imperio-altea-llibres-a-la-primavera-2025\/#primaryimage\",\"url\":\"https:\/\/www.alteacultural.com\/wp-content\/uploads\/2025\/02\/LlibresPrimavera25Banner9-01-scaled.jpg\",\"contentUrl\":\"https:\/\/www.alteacultural.com\/wp-content\/uploads\/2025\/02\/LlibresPrimavera25Banner9-01-scaled.jpg\",\"width\":2560,\"height\":947},{\"@type\":\"BreadcrumbList\",\"@id\":\"https:\/\/www.alteacultural.com\/es\/events\/presentacion-del-libro-my-atlantis-la-creacion-de-tu-propio-imperio-altea-llibres-a-la-primavera-2025\/#breadcrumb\",\"itemListElement\":[{\"@type\":\"ListItem\",\"position\":1,\"name\":\"Inici\",\"item\":\"https:\/\/www.alteacultural.com\/es\/\"},{\"@type\":\"ListItem\",\"position\":2,\"name\":\"Eventos\",\"item\":\"https:\/\/www.alteacultural.com\/es\/events\/\"},{\"@type\":\"ListItem\",\"position\":3,\"name\":\"Presentaci\u00f3n del libro: &#8220;My Atlantis. La creaci\u00f3n de tu propio imperio&#8221; &#8211; Altea, llibres a la primavera 2025\"}]},{\"@type\":\"WebSite\",\"@id\":\"https:\/\/www.alteacultural.com\/es\/#website\",\"url\":\"https:\/\/www.alteacultural.com\/es\/\",\"name\":\"Altea Cultural\",\"description\":\"Regidoria de Cultura de l&#039;Ajuntament d&#039;Altea\",\"potentialAction\":[{\"@type\":\"SearchAction\",\"target\":{\"@type\":\"EntryPoint\",\"urlTemplate\":\"https:\/\/www.alteacultural.com\/es\/?s={search_term_string}\"},\"query-input\":\"required name=search_term_string\"}],\"inLanguage\":\"es\"}]}<\/script>\n<!-- \/ Yoast SEO plugin. -->","yoast_head_json":{"title":"Presentaci\u00f3n del libro: \"My Atlantis. La creaci\u00f3n de tu propio imperio\" - Altea, llibres a la primavera 2025 - Altea Cultural","robots":{"index":"index","follow":"follow","max-snippet":"max-snippet:-1","max-image-preview":"max-image-preview:large","max-video-preview":"max-video-preview:-1"},"canonical":"https:\/\/www.alteacultural.com\/es\/events\/presentacion-del-libro-my-atlantis-la-creacion-de-tu-propio-imperio-altea-llibres-a-la-primavera-2025\/","og_locale":"es_ES","og_type":"article","og_title":"Presentaci\u00f3n del libro: \"My Atlantis. La creaci\u00f3n de tu propio imperio\" - Altea, llibres a la primavera 2025 - Altea Cultural","og_description":"10-abr | 19:30 h | Biblioteca P\u00fablica Altea\/Casa de Cultura de Altea Presentaci\u00f3n del libro: \u00abMy Atlantis. La creaci\u00f3n [&hellip;]","og_url":"https:\/\/www.alteacultural.com\/es\/events\/presentacion-del-libro-my-atlantis-la-creacion-de-tu-propio-imperio-altea-llibres-a-la-primavera-2025\/","og_site_name":"Altea Cultural","article_modified_time":"2025-02-10T08:31:43+00:00","og_image":[{"width":2560,"height":947,"url":"https:\/\/www.alteacultural.com\/wp-content\/uploads\/2025\/02\/LlibresPrimavera25Banner9-01-scaled.jpg","type":"image\/jpeg"}],"twitter_card":"summary_large_image","twitter_misc":{"Tiempo de lectura":"2 minutos"},"schema":{"@context":"https:\/\/schema.org","@graph":[{"@type":"WebPage","@id":"https:\/\/www.alteacultural.com\/es\/events\/presentacion-del-libro-my-atlantis-la-creacion-de-tu-propio-imperio-altea-llibres-a-la-primavera-2025\/","url":"https:\/\/www.alteacultural.com\/es\/events\/presentacion-del-libro-my-atlantis-la-creacion-de-tu-propio-imperio-altea-llibres-a-la-primavera-2025\/","name":"Presentaci\u00f3n del libro: \"My Atlantis. La creaci\u00f3n de tu propio imperio\" - Altea, llibres a la primavera 2025 - Altea Cultural","isPartOf":{"@id":"https:\/\/www.alteacultural.com\/es\/#website"},"primaryImageOfPage":{"@id":"https:\/\/www.alteacultural.com\/es\/events\/presentacion-del-libro-my-atlantis-la-creacion-de-tu-propio-imperio-altea-llibres-a-la-primavera-2025\/#primaryimage"},"image":{"@id":"https:\/\/www.alteacultural.com\/es\/events\/presentacion-del-libro-my-atlantis-la-creacion-de-tu-propio-imperio-altea-llibres-a-la-primavera-2025\/#primaryimage"},"thumbnailUrl":"https:\/\/www.alteacultural.com\/wp-content\/uploads\/2025\/02\/LlibresPrimavera25Banner9-01-scaled.jpg","datePublished":"2025-02-10T08:30:17+00:00","dateModified":"2025-02-10T08:31:43+00:00","breadcrumb":{"@id":"https:\/\/www.alteacultural.com\/es\/events\/presentacion-del-libro-my-atlantis-la-creacion-de-tu-propio-imperio-altea-llibres-a-la-primavera-2025\/#breadcrumb"},"inLanguage":"es","potentialAction":[{"@type":"ReadAction","target":["https:\/\/www.alteacultural.com\/es\/events\/presentacion-del-libro-my-atlantis-la-creacion-de-tu-propio-imperio-altea-llibres-a-la-primavera-2025\/"]}]},{"@type":"ImageObject","inLanguage":"es","@id":"https:\/\/www.alteacultural.com\/es\/events\/presentacion-del-libro-my-atlantis-la-creacion-de-tu-propio-imperio-altea-llibres-a-la-primavera-2025\/#primaryimage","url":"https:\/\/www.alteacultural.com\/wp-content\/uploads\/2025\/02\/LlibresPrimavera25Banner9-01-scaled.jpg","contentUrl":"https:\/\/www.alteacultural.com\/wp-content\/uploads\/2025\/02\/LlibresPrimavera25Banner9-01-scaled.jpg","width":2560,"height":947},{"@type":"BreadcrumbList","@id":"https:\/\/www.alteacultural.com\/es\/events\/presentacion-del-libro-my-atlantis-la-creacion-de-tu-propio-imperio-altea-llibres-a-la-primavera-2025\/#breadcrumb","itemListElement":[{"@type":"ListItem","position":1,"name":"Inici","item":"https:\/\/www.alteacultural.com\/es\/"},{"@type":"ListItem","position":2,"name":"Eventos","item":"https:\/\/www.alteacultural.com\/es\/events\/"},{"@type":"ListItem","position":3,"name":"Presentaci\u00f3n del libro: &#8220;My Atlantis. La creaci\u00f3n de tu propio imperio&#8221; &#8211; Altea, llibres a la primavera 2025"}]},{"@type":"WebSite","@id":"https:\/\/www.alteacultural.com\/es\/#website","url":"https:\/\/www.alteacultural.com\/es\/","name":"Altea Cultural","description":"Regidoria de Cultura de l&#039;Ajuntament d&#039;Altea","potentialAction":[{"@type":"SearchAction","target":{"@type":"EntryPoint","urlTemplate":"https:\/\/www.alteacultural.com\/es\/?s={search_term_string}"},"query-input":"required name=search_term_string"}],"inLanguage":"es"}]}},"mec_cost":"Entrada libre y gratuita","mec_date":{"start":{"date":"2025-04-10","hour":7,"minutes":"30","ampm":"PM"},"end":{"date":"2025-04-10","hour":8,"minutes":"30","ampm":"PM"},"comment":"","repeat":{"type":"daily","interval":"1","advanced":"","end":"never","end_at_date":"","end_at_occurrences":"10"}},"_links":{"self":[{"href":"https:\/\/www.alteacultural.com\/es\/wp-json\/wp\/v2\/mec-events\/34789"}],"collection":[{"href":"https:\/\/www.alteacultural.com\/es\/wp-json\/wp\/v2\/mec-events"}],"about":[{"href":"https:\/\/www.alteacultural.com\/es\/wp-json\/wp\/v2\/types\/mec-events"}],"author":[{"embeddable":true,"href":"https:\/\/www.alteacultural.com\/es\/wp-json\/wp\/v2\/users\/1"}],"replies":[{"embeddable":true,"href":"https:\/\/www.alteacultural.com\/es\/wp-json\/wp\/v2\/comments?post=34789"}],"wp:featuredmedia":[{"embeddable":true,"href":"https:\/\/www.alteacultural.com\/es\/wp-json\/wp\/v2\/media\/34788"}],"wp:attachment":[{"href":"https:\/\/www.alteacultural.com\/es\/wp-json\/wp\/v2\/media?parent=34789"}],"curies":[{"name":"wp","href":"https:\/\/api.w.org\/{rel}","templated":true}]}}