{"id":35953,"date":"2025-05-05T09:45:16","date_gmt":"2025-05-05T07:45:16","guid":{"rendered":"https:\/\/www.alteacultural.com\/events\/narracio-de-diversos-contes-22-maig-encontes-2025\/"},"modified":"2025-06-29T11:49:41","modified_gmt":"2025-06-29T09:49:41","slug":"narracio-de-diversos-contes-22-maig-encontes-2025","status":"publish","type":"mec-events","link":"https:\/\/www.alteacultural.com\/es\/events\/narracio-de-diversos-contes-22-maig-encontes-2025\/","title":{"rendered":"Narraci\u00f3n de diversos cuentos 22 mayo &#8211; Encontes 2025"},"content":{"rendered":"<p><strong>22-may | Pla\u00e7a de l&#8217;Aigua<\/strong><\/p>\n<p><strong>Encontes, 22 Festival de Narraci\u00f3 Oral d&#8217;Altea 2025.<\/strong><\/p>\n<p><strong>18:00 h. \u00abAbeceando\u00bb.<\/strong> Nos hemos propuesto ir a la base de las historias y \u00ababecear\u00bb juntos en una sesi\u00f3n dominada por el abecedario. \u00bfQu\u00e9 es \u00ababecear\u00bb? Expresi\u00f3n usada por Borr\u00f3n y cuento nuevo para sumergirse en el abecesario. Juego en grupo con las letras, tanto en su forma como en su contenido. Cuentos que no empiezan por la A ni terminan por la Z.<\/p>\n<p>\u00bfAbeceamos? Abeceemos.<\/p>\n<p>A cargo de Borr\u00f3n y cuento nuevo (Nieves y Dani).<\/p>\n<p>Para p\u00fablico joven y adultos.<\/p>\n<p>Narraci\u00f3n en castellano.<\/p>\n<p><strong>21:00 h. \u00abValor de rap\u00bb.<\/strong> In-fusi\u00f3 de Rap a ritme de Contes.<\/p>\n<p>A cargo de Centvi dg y Blai Senabre.<\/p>\n<p>Para p\u00fablico joven y adultos.<\/p>\n<p>Canciones y narraci\u00f3n en valenciano.<\/p>\n<p>&nbsp;<\/p>\n<p><a href=\"https:\/\/www.alteacultural.com\/es\/encontes\/\">Tota la programaci\u00f3 ac\u00ed \/ Toda la programaci\u00f3n aqu\u00ed<\/a><\/p>\n<p>&nbsp;<\/p>\n<p>17\u00ba Mercado de Intercambio de Libros de Cuentos. \u201cCuentos que alimentan\u201d. Intercambio de libros de cuentos por alimentos. Lleva un kg de alimentos que no sean frescos ni refrigerados y ll\u00e9vate un libro.<\/p>\n<p>Casa de Cultura.<\/p>\n<p>Todos los d\u00edas en el horario habitual.<\/p>\n<p><img fetchpriority=\"high\" decoding=\"async\" class=\"aligncenter wp-image-35853\" src=\"https:\/\/www.alteacultural.com\/wp-content\/uploads\/2025\/05\/2025-05-25-Encontes-Altea-2025-Cartell.jpg\" alt=\"\" width=\"750\" height=\"1061\" srcset=\"https:\/\/www.alteacultural.com\/wp-content\/uploads\/2025\/05\/2025-05-25-Encontes-Altea-2025-Cartell.jpg 1131w, https:\/\/www.alteacultural.com\/wp-content\/uploads\/2025\/05\/2025-05-25-Encontes-Altea-2025-Cartell-768x1086.jpg 768w, https:\/\/www.alteacultural.com\/wp-content\/uploads\/2025\/05\/2025-05-25-Encontes-Altea-2025-Cartell-1086x1536.jpg 1086w\" sizes=\"(max-width: 750px) 100vw, 750px\" \/><\/p>\n","protected":false},"excerpt":{"rendered":"<p>22-may | Pla\u00e7a de l&#8217;Aigua Encontes, 22 Festival de Narraci\u00f3 Oral d&#8217;Altea 2025. 18:00 h. \u00abAbeceando\u00bb. Nos hemos propuesto [&hellip;]<\/p>\n","protected":false},"author":1,"featured_media":35948,"comment_status":"open","ping_status":"closed","template":"","meta":{"_expiration-date-status":"","_expiration-date":0,"_expiration-date-type":"","_expiration-date-categories":[],"_expiration-date-options":[]},"yoast_head":"<!-- This site is optimized with the Yoast SEO plugin v22.8 - https:\/\/yoast.com\/wordpress\/plugins\/seo\/ -->\n<title>Narraci\u00f3n de diversos cuentos 22 mayo - Encontes 2025 - Altea Cultural<\/title>\n<meta name=\"robots\" content=\"index, follow, max-snippet:-1, max-image-preview:large, max-video-preview:-1\" \/>\n<link rel=\"canonical\" href=\"https:\/\/www.alteacultural.com\/es\/events\/narracio-de-diversos-contes-22-maig-encontes-2025\/\" \/>\n<meta property=\"og:locale\" content=\"es_ES\" \/>\n<meta property=\"og:type\" content=\"article\" \/>\n<meta property=\"og:title\" content=\"Narraci\u00f3n de diversos cuentos 22 mayo - Encontes 2025 - Altea Cultural\" \/>\n<meta property=\"og:description\" content=\"22-may | Pla\u00e7a de l&#8217;Aigua Encontes, 22 Festival de Narraci\u00f3 Oral d&#8217;Altea 2025. 18:00 h. \u00abAbeceando\u00bb. Nos hemos propuesto [&hellip;]\" \/>\n<meta property=\"og:url\" content=\"https:\/\/www.alteacultural.com\/es\/events\/narracio-de-diversos-contes-22-maig-encontes-2025\/\" \/>\n<meta property=\"og:site_name\" content=\"Altea Cultural\" \/>\n<meta property=\"article:modified_time\" content=\"2025-06-29T09:49:41+00:00\" \/>\n<meta property=\"og:image\" content=\"https:\/\/www.alteacultural.com\/wp-content\/uploads\/2025\/05\/2025-05-25_Encontes-Banner.jpg\" \/>\n\t<meta property=\"og:image:width\" content=\"799\" \/>\n\t<meta property=\"og:image:height\" content=\"371\" \/>\n\t<meta property=\"og:image:type\" content=\"image\/jpeg\" \/>\n<meta name=\"twitter:card\" content=\"summary_large_image\" \/>\n<meta name=\"twitter:label1\" content=\"Tiempo de lectura\" \/>\n\t<meta name=\"twitter:data1\" content=\"2 minutos\" \/>\n<script type=\"application\/ld+json\" class=\"yoast-schema-graph\">{\"@context\":\"https:\/\/schema.org\",\"@graph\":[{\"@type\":\"WebPage\",\"@id\":\"https:\/\/www.alteacultural.com\/es\/events\/narracio-de-diversos-contes-22-maig-encontes-2025\/\",\"url\":\"https:\/\/www.alteacultural.com\/es\/events\/narracio-de-diversos-contes-22-maig-encontes-2025\/\",\"name\":\"Narraci\u00f3n de diversos cuentos 22 mayo - Encontes 2025 - Altea Cultural\",\"isPartOf\":{\"@id\":\"https:\/\/www.alteacultural.com\/es\/#website\"},\"primaryImageOfPage\":{\"@id\":\"https:\/\/www.alteacultural.com\/es\/events\/narracio-de-diversos-contes-22-maig-encontes-2025\/#primaryimage\"},\"image\":{\"@id\":\"https:\/\/www.alteacultural.com\/es\/events\/narracio-de-diversos-contes-22-maig-encontes-2025\/#primaryimage\"},\"thumbnailUrl\":\"https:\/\/www.alteacultural.com\/wp-content\/uploads\/2025\/05\/2025-05-25_Encontes-Banner.jpg\",\"datePublished\":\"2025-05-05T07:45:16+00:00\",\"dateModified\":\"2025-06-29T09:49:41+00:00\",\"breadcrumb\":{\"@id\":\"https:\/\/www.alteacultural.com\/es\/events\/narracio-de-diversos-contes-22-maig-encontes-2025\/#breadcrumb\"},\"inLanguage\":\"es\",\"potentialAction\":[{\"@type\":\"ReadAction\",\"target\":[\"https:\/\/www.alteacultural.com\/es\/events\/narracio-de-diversos-contes-22-maig-encontes-2025\/\"]}]},{\"@type\":\"ImageObject\",\"inLanguage\":\"es\",\"@id\":\"https:\/\/www.alteacultural.com\/es\/events\/narracio-de-diversos-contes-22-maig-encontes-2025\/#primaryimage\",\"url\":\"https:\/\/www.alteacultural.com\/wp-content\/uploads\/2025\/05\/2025-05-25_Encontes-Banner.jpg\",\"contentUrl\":\"https:\/\/www.alteacultural.com\/wp-content\/uploads\/2025\/05\/2025-05-25_Encontes-Banner.jpg\",\"width\":799,\"height\":371},{\"@type\":\"BreadcrumbList\",\"@id\":\"https:\/\/www.alteacultural.com\/es\/events\/narracio-de-diversos-contes-22-maig-encontes-2025\/#breadcrumb\",\"itemListElement\":[{\"@type\":\"ListItem\",\"position\":1,\"name\":\"Inici\",\"item\":\"https:\/\/www.alteacultural.com\/es\/\"},{\"@type\":\"ListItem\",\"position\":2,\"name\":\"Eventos\",\"item\":\"https:\/\/www.alteacultural.com\/es\/events\/\"},{\"@type\":\"ListItem\",\"position\":3,\"name\":\"Narraci\u00f3n de diversos cuentos 22 mayo &#8211; Encontes 2025\"}]},{\"@type\":\"WebSite\",\"@id\":\"https:\/\/www.alteacultural.com\/es\/#website\",\"url\":\"https:\/\/www.alteacultural.com\/es\/\",\"name\":\"Altea Cultural\",\"description\":\"Regidoria de Cultura de l&#039;Ajuntament d&#039;Altea\",\"potentialAction\":[{\"@type\":\"SearchAction\",\"target\":{\"@type\":\"EntryPoint\",\"urlTemplate\":\"https:\/\/www.alteacultural.com\/es\/?s={search_term_string}\"},\"query-input\":\"required name=search_term_string\"}],\"inLanguage\":\"es\"}]}<\/script>\n<!-- \/ Yoast SEO plugin. -->","yoast_head_json":{"title":"Narraci\u00f3n de diversos cuentos 22 mayo - Encontes 2025 - Altea Cultural","robots":{"index":"index","follow":"follow","max-snippet":"max-snippet:-1","max-image-preview":"max-image-preview:large","max-video-preview":"max-video-preview:-1"},"canonical":"https:\/\/www.alteacultural.com\/es\/events\/narracio-de-diversos-contes-22-maig-encontes-2025\/","og_locale":"es_ES","og_type":"article","og_title":"Narraci\u00f3n de diversos cuentos 22 mayo - Encontes 2025 - Altea Cultural","og_description":"22-may | Pla\u00e7a de l&#8217;Aigua Encontes, 22 Festival de Narraci\u00f3 Oral d&#8217;Altea 2025. 18:00 h. \u00abAbeceando\u00bb. Nos hemos propuesto [&hellip;]","og_url":"https:\/\/www.alteacultural.com\/es\/events\/narracio-de-diversos-contes-22-maig-encontes-2025\/","og_site_name":"Altea Cultural","article_modified_time":"2025-06-29T09:49:41+00:00","og_image":[{"width":799,"height":371,"url":"https:\/\/www.alteacultural.com\/wp-content\/uploads\/2025\/05\/2025-05-25_Encontes-Banner.jpg","type":"image\/jpeg"}],"twitter_card":"summary_large_image","twitter_misc":{"Tiempo de lectura":"2 minutos"},"schema":{"@context":"https:\/\/schema.org","@graph":[{"@type":"WebPage","@id":"https:\/\/www.alteacultural.com\/es\/events\/narracio-de-diversos-contes-22-maig-encontes-2025\/","url":"https:\/\/www.alteacultural.com\/es\/events\/narracio-de-diversos-contes-22-maig-encontes-2025\/","name":"Narraci\u00f3n de diversos cuentos 22 mayo - Encontes 2025 - Altea Cultural","isPartOf":{"@id":"https:\/\/www.alteacultural.com\/es\/#website"},"primaryImageOfPage":{"@id":"https:\/\/www.alteacultural.com\/es\/events\/narracio-de-diversos-contes-22-maig-encontes-2025\/#primaryimage"},"image":{"@id":"https:\/\/www.alteacultural.com\/es\/events\/narracio-de-diversos-contes-22-maig-encontes-2025\/#primaryimage"},"thumbnailUrl":"https:\/\/www.alteacultural.com\/wp-content\/uploads\/2025\/05\/2025-05-25_Encontes-Banner.jpg","datePublished":"2025-05-05T07:45:16+00:00","dateModified":"2025-06-29T09:49:41+00:00","breadcrumb":{"@id":"https:\/\/www.alteacultural.com\/es\/events\/narracio-de-diversos-contes-22-maig-encontes-2025\/#breadcrumb"},"inLanguage":"es","potentialAction":[{"@type":"ReadAction","target":["https:\/\/www.alteacultural.com\/es\/events\/narracio-de-diversos-contes-22-maig-encontes-2025\/"]}]},{"@type":"ImageObject","inLanguage":"es","@id":"https:\/\/www.alteacultural.com\/es\/events\/narracio-de-diversos-contes-22-maig-encontes-2025\/#primaryimage","url":"https:\/\/www.alteacultural.com\/wp-content\/uploads\/2025\/05\/2025-05-25_Encontes-Banner.jpg","contentUrl":"https:\/\/www.alteacultural.com\/wp-content\/uploads\/2025\/05\/2025-05-25_Encontes-Banner.jpg","width":799,"height":371},{"@type":"BreadcrumbList","@id":"https:\/\/www.alteacultural.com\/es\/events\/narracio-de-diversos-contes-22-maig-encontes-2025\/#breadcrumb","itemListElement":[{"@type":"ListItem","position":1,"name":"Inici","item":"https:\/\/www.alteacultural.com\/es\/"},{"@type":"ListItem","position":2,"name":"Eventos","item":"https:\/\/www.alteacultural.com\/es\/events\/"},{"@type":"ListItem","position":3,"name":"Narraci\u00f3n de diversos cuentos 22 mayo &#8211; Encontes 2025"}]},{"@type":"WebSite","@id":"https:\/\/www.alteacultural.com\/es\/#website","url":"https:\/\/www.alteacultural.com\/es\/","name":"Altea Cultural","description":"Regidoria de Cultura de l&#039;Ajuntament d&#039;Altea","potentialAction":[{"@type":"SearchAction","target":{"@type":"EntryPoint","urlTemplate":"https:\/\/www.alteacultural.com\/es\/?s={search_term_string}"},"query-input":"required name=search_term_string"}],"inLanguage":"es"}]}},"mec_cost":"Entrada libre y gratuita","mec_date":{"start":{"date":"2025-05-22","hour":6,"minutes":"0","ampm":"PM"},"end":{"date":"2025-05-22","hour":10,"minutes":"0","ampm":"PM"},"hide_time":"1","hide_end_time":"1","comment":"","repeat":{"type":"daily","interval":"1","advanced":"","end":"never","end_at_date":"","end_at_occurrences":"10"}},"_links":{"self":[{"href":"https:\/\/www.alteacultural.com\/es\/wp-json\/wp\/v2\/mec-events\/35953"}],"collection":[{"href":"https:\/\/www.alteacultural.com\/es\/wp-json\/wp\/v2\/mec-events"}],"about":[{"href":"https:\/\/www.alteacultural.com\/es\/wp-json\/wp\/v2\/types\/mec-events"}],"author":[{"embeddable":true,"href":"https:\/\/www.alteacultural.com\/es\/wp-json\/wp\/v2\/users\/1"}],"replies":[{"embeddable":true,"href":"https:\/\/www.alteacultural.com\/es\/wp-json\/wp\/v2\/comments?post=35953"}],"wp:featuredmedia":[{"embeddable":true,"href":"https:\/\/www.alteacultural.com\/es\/wp-json\/wp\/v2\/media\/35948"}],"wp:attachment":[{"href":"https:\/\/www.alteacultural.com\/es\/wp-json\/wp\/v2\/media?parent=35953"}],"curies":[{"name":"wp","href":"https:\/\/api.w.org\/{rel}","templated":true}]}}