{"id":38040,"date":"2025-09-17T08:58:03","date_gmt":"2025-09-17T06:58:03","guid":{"rendered":"https:\/\/www.alteacultural.com\/events\/20-aniversari-del-parc-natural-de-la-serra-gelada-i-el-seu-entorn-litoral\/"},"modified":"2025-09-17T09:02:53","modified_gmt":"2025-09-17T07:02:53","slug":"20-aniversari-del-parc-natural-de-la-serra-gelada-i-el-seu-entorn-litoral","status":"publish","type":"mec-events","link":"https:\/\/www.alteacultural.com\/es\/events\/20-aniversari-del-parc-natural-de-la-serra-gelada-i-el-seu-entorn-litoral\/","title":{"rendered":"20 Aniversari del Parc Natural de la Serra Gelada i el Seu Entorn Litoral"},"content":{"rendered":"<p><strong> 24 y 27 septiembre | Altea<\/strong><\/p>\n<p>ACTO EN VALENCIANO.<\/p>\n<p><strong>Confer\u00e8ncies: 20 Aniversari del Parc Natural de la Serra Gelada i el Seu Entorn Litoral.<\/strong><\/p>\n<p>Dimecres 24 de setembre a Vil\u00b7la Gadea<\/p>\n<p><strong>17:00 h.<\/strong> \u00abEl Parc Natural de Serra Gelada: 225 milions d&#8217;anys d&#8217;hist\u00f2ria geol\u00f3gica\u00bb.\u00a0Ponent: Alfonso Y\u00e9benes.<\/p>\n<p><strong>18:20 h.<\/strong> \u00abEl jard\u00ed de Posid\u00f3 a la badia d&#8217;Altea\u00bb. Ponent: Joan Piera.<\/p>\n<p><strong>19:30 h.<\/strong> \u00abActuacions de restauraci\u00f3n i recuperaci\u00f3n d&#8217;h\u00e0bitats i especies marines\u00bb. Ponent: Vicent Casta\u00f1er.<\/p>\n<p>&nbsp;<\/p>\n<p>Dissabte 27 setembre<\/p>\n<p><strong>10:00 h<\/strong>. Visita per l&#8217;entorn litoral en catamar\u00e0.<\/p>\n<p>Actividad de pagament.<\/p>\n<p>Lloc: Club N\u00e0utic Altea.<\/p>\n<p>Col\u00b7labora: Mundomarino.<\/p>\n<p><img fetchpriority=\"high\" decoding=\"async\" class=\"aligncenter wp-image-38036\" src=\"https:\/\/www.alteacultural.com\/wp-content\/uploads\/2025\/09\/2025-09-27-20-aniversari-parc-natura-serra-gelada.jpeg\" alt=\"\" width=\"750\" height=\"1061\" srcset=\"https:\/\/www.alteacultural.com\/wp-content\/uploads\/2025\/09\/2025-09-27-20-aniversari-parc-natura-serra-gelada.jpeg 1131w, https:\/\/www.alteacultural.com\/wp-content\/uploads\/2025\/09\/2025-09-27-20-aniversari-parc-natura-serra-gelada-768x1086.jpeg 768w, https:\/\/www.alteacultural.com\/wp-content\/uploads\/2025\/09\/2025-09-27-20-aniversari-parc-natura-serra-gelada-1086x1536.jpeg 1086w\" sizes=\"(max-width: 750px) 100vw, 750px\" \/><\/p>\n<p>&nbsp;<\/p>\n<p>&nbsp;<\/p>\n<p>&nbsp;<\/p>\n<p>&nbsp;<\/p>\n","protected":false},"excerpt":{"rendered":"<p>24 y 27 septiembre | Altea ACTO EN VALENCIANO. Confer\u00e8ncies: 20 Aniversari del Parc Natural de la Serra Gelada [&hellip;]<\/p>\n","protected":false},"author":1,"featured_media":38039,"comment_status":"open","ping_status":"closed","template":"","meta":{"_expiration-date-status":"","_expiration-date":0,"_expiration-date-type":"","_expiration-date-categories":[],"_expiration-date-options":[]},"yoast_head":"<!-- This site is optimized with the Yoast SEO plugin v22.8 - https:\/\/yoast.com\/wordpress\/plugins\/seo\/ -->\n<title>20 Aniversari del Parc Natural de la Serra Gelada i el Seu Entorn Litoral - Altea Cultural<\/title>\n<meta name=\"robots\" content=\"index, follow, max-snippet:-1, max-image-preview:large, max-video-preview:-1\" \/>\n<link rel=\"canonical\" href=\"https:\/\/www.alteacultural.com\/es\/events\/20-aniversari-del-parc-natural-de-la-serra-gelada-i-el-seu-entorn-litoral\/\" \/>\n<meta property=\"og:locale\" content=\"es_ES\" \/>\n<meta property=\"og:type\" content=\"article\" \/>\n<meta property=\"og:title\" content=\"20 Aniversari del Parc Natural de la Serra Gelada i el Seu Entorn Litoral - Altea Cultural\" \/>\n<meta property=\"og:description\" content=\"24 y 27 septiembre | Altea ACTO EN VALENCIANO. Confer\u00e8ncies: 20 Aniversari del Parc Natural de la Serra Gelada [&hellip;]\" \/>\n<meta property=\"og:url\" content=\"https:\/\/www.alteacultural.com\/es\/events\/20-aniversari-del-parc-natural-de-la-serra-gelada-i-el-seu-entorn-litoral\/\" \/>\n<meta property=\"og:site_name\" content=\"Altea Cultural\" \/>\n<meta property=\"article:modified_time\" content=\"2025-09-17T07:02:53+00:00\" \/>\n<meta property=\"og:image\" content=\"https:\/\/www.alteacultural.com\/wp-content\/uploads\/2025\/09\/2025-09-24-i-27_AniversariSerraGelada_banner.jpg\" \/>\n\t<meta property=\"og:image:width\" content=\"1131\" \/>\n\t<meta property=\"og:image:height\" content=\"266\" \/>\n\t<meta property=\"og:image:type\" content=\"image\/jpeg\" \/>\n<meta name=\"twitter:card\" content=\"summary_large_image\" \/>\n<meta name=\"twitter:label1\" content=\"Tiempo de lectura\" \/>\n\t<meta name=\"twitter:data1\" content=\"1 minuto\" \/>\n<script type=\"application\/ld+json\" class=\"yoast-schema-graph\">{\"@context\":\"https:\/\/schema.org\",\"@graph\":[{\"@type\":\"WebPage\",\"@id\":\"https:\/\/www.alteacultural.com\/es\/events\/20-aniversari-del-parc-natural-de-la-serra-gelada-i-el-seu-entorn-litoral\/\",\"url\":\"https:\/\/www.alteacultural.com\/es\/events\/20-aniversari-del-parc-natural-de-la-serra-gelada-i-el-seu-entorn-litoral\/\",\"name\":\"20 Aniversari del Parc Natural de la Serra Gelada i el Seu Entorn Litoral - Altea Cultural\",\"isPartOf\":{\"@id\":\"https:\/\/www.alteacultural.com\/es\/#website\"},\"primaryImageOfPage\":{\"@id\":\"https:\/\/www.alteacultural.com\/es\/events\/20-aniversari-del-parc-natural-de-la-serra-gelada-i-el-seu-entorn-litoral\/#primaryimage\"},\"image\":{\"@id\":\"https:\/\/www.alteacultural.com\/es\/events\/20-aniversari-del-parc-natural-de-la-serra-gelada-i-el-seu-entorn-litoral\/#primaryimage\"},\"thumbnailUrl\":\"https:\/\/www.alteacultural.com\/wp-content\/uploads\/2025\/09\/2025-09-24-i-27_AniversariSerraGelada_banner.jpg\",\"datePublished\":\"2025-09-17T06:58:03+00:00\",\"dateModified\":\"2025-09-17T07:02:53+00:00\",\"breadcrumb\":{\"@id\":\"https:\/\/www.alteacultural.com\/es\/events\/20-aniversari-del-parc-natural-de-la-serra-gelada-i-el-seu-entorn-litoral\/#breadcrumb\"},\"inLanguage\":\"es\",\"potentialAction\":[{\"@type\":\"ReadAction\",\"target\":[\"https:\/\/www.alteacultural.com\/es\/events\/20-aniversari-del-parc-natural-de-la-serra-gelada-i-el-seu-entorn-litoral\/\"]}]},{\"@type\":\"ImageObject\",\"inLanguage\":\"es\",\"@id\":\"https:\/\/www.alteacultural.com\/es\/events\/20-aniversari-del-parc-natural-de-la-serra-gelada-i-el-seu-entorn-litoral\/#primaryimage\",\"url\":\"https:\/\/www.alteacultural.com\/wp-content\/uploads\/2025\/09\/2025-09-24-i-27_AniversariSerraGelada_banner.jpg\",\"contentUrl\":\"https:\/\/www.alteacultural.com\/wp-content\/uploads\/2025\/09\/2025-09-24-i-27_AniversariSerraGelada_banner.jpg\",\"width\":1131,\"height\":266},{\"@type\":\"BreadcrumbList\",\"@id\":\"https:\/\/www.alteacultural.com\/es\/events\/20-aniversari-del-parc-natural-de-la-serra-gelada-i-el-seu-entorn-litoral\/#breadcrumb\",\"itemListElement\":[{\"@type\":\"ListItem\",\"position\":1,\"name\":\"Inici\",\"item\":\"https:\/\/www.alteacultural.com\/es\/\"},{\"@type\":\"ListItem\",\"position\":2,\"name\":\"Eventos\",\"item\":\"https:\/\/www.alteacultural.com\/es\/events\/\"},{\"@type\":\"ListItem\",\"position\":3,\"name\":\"20 Aniversari del Parc Natural de la Serra Gelada i el Seu Entorn Litoral\"}]},{\"@type\":\"WebSite\",\"@id\":\"https:\/\/www.alteacultural.com\/es\/#website\",\"url\":\"https:\/\/www.alteacultural.com\/es\/\",\"name\":\"Altea Cultural\",\"description\":\"Regidoria de Cultura de l&#039;Ajuntament d&#039;Altea\",\"potentialAction\":[{\"@type\":\"SearchAction\",\"target\":{\"@type\":\"EntryPoint\",\"urlTemplate\":\"https:\/\/www.alteacultural.com\/es\/?s={search_term_string}\"},\"query-input\":\"required name=search_term_string\"}],\"inLanguage\":\"es\"}]}<\/script>\n<!-- \/ Yoast SEO plugin. -->","yoast_head_json":{"title":"20 Aniversari del Parc Natural de la Serra Gelada i el Seu Entorn Litoral - Altea Cultural","robots":{"index":"index","follow":"follow","max-snippet":"max-snippet:-1","max-image-preview":"max-image-preview:large","max-video-preview":"max-video-preview:-1"},"canonical":"https:\/\/www.alteacultural.com\/es\/events\/20-aniversari-del-parc-natural-de-la-serra-gelada-i-el-seu-entorn-litoral\/","og_locale":"es_ES","og_type":"article","og_title":"20 Aniversari del Parc Natural de la Serra Gelada i el Seu Entorn Litoral - Altea Cultural","og_description":"24 y 27 septiembre | Altea ACTO EN VALENCIANO. Confer\u00e8ncies: 20 Aniversari del Parc Natural de la Serra Gelada [&hellip;]","og_url":"https:\/\/www.alteacultural.com\/es\/events\/20-aniversari-del-parc-natural-de-la-serra-gelada-i-el-seu-entorn-litoral\/","og_site_name":"Altea Cultural","article_modified_time":"2025-09-17T07:02:53+00:00","og_image":[{"width":1131,"height":266,"url":"https:\/\/www.alteacultural.com\/wp-content\/uploads\/2025\/09\/2025-09-24-i-27_AniversariSerraGelada_banner.jpg","type":"image\/jpeg"}],"twitter_card":"summary_large_image","twitter_misc":{"Tiempo de lectura":"1 minuto"},"schema":{"@context":"https:\/\/schema.org","@graph":[{"@type":"WebPage","@id":"https:\/\/www.alteacultural.com\/es\/events\/20-aniversari-del-parc-natural-de-la-serra-gelada-i-el-seu-entorn-litoral\/","url":"https:\/\/www.alteacultural.com\/es\/events\/20-aniversari-del-parc-natural-de-la-serra-gelada-i-el-seu-entorn-litoral\/","name":"20 Aniversari del Parc Natural de la Serra Gelada i el Seu Entorn Litoral - Altea Cultural","isPartOf":{"@id":"https:\/\/www.alteacultural.com\/es\/#website"},"primaryImageOfPage":{"@id":"https:\/\/www.alteacultural.com\/es\/events\/20-aniversari-del-parc-natural-de-la-serra-gelada-i-el-seu-entorn-litoral\/#primaryimage"},"image":{"@id":"https:\/\/www.alteacultural.com\/es\/events\/20-aniversari-del-parc-natural-de-la-serra-gelada-i-el-seu-entorn-litoral\/#primaryimage"},"thumbnailUrl":"https:\/\/www.alteacultural.com\/wp-content\/uploads\/2025\/09\/2025-09-24-i-27_AniversariSerraGelada_banner.jpg","datePublished":"2025-09-17T06:58:03+00:00","dateModified":"2025-09-17T07:02:53+00:00","breadcrumb":{"@id":"https:\/\/www.alteacultural.com\/es\/events\/20-aniversari-del-parc-natural-de-la-serra-gelada-i-el-seu-entorn-litoral\/#breadcrumb"},"inLanguage":"es","potentialAction":[{"@type":"ReadAction","target":["https:\/\/www.alteacultural.com\/es\/events\/20-aniversari-del-parc-natural-de-la-serra-gelada-i-el-seu-entorn-litoral\/"]}]},{"@type":"ImageObject","inLanguage":"es","@id":"https:\/\/www.alteacultural.com\/es\/events\/20-aniversari-del-parc-natural-de-la-serra-gelada-i-el-seu-entorn-litoral\/#primaryimage","url":"https:\/\/www.alteacultural.com\/wp-content\/uploads\/2025\/09\/2025-09-24-i-27_AniversariSerraGelada_banner.jpg","contentUrl":"https:\/\/www.alteacultural.com\/wp-content\/uploads\/2025\/09\/2025-09-24-i-27_AniversariSerraGelada_banner.jpg","width":1131,"height":266},{"@type":"BreadcrumbList","@id":"https:\/\/www.alteacultural.com\/es\/events\/20-aniversari-del-parc-natural-de-la-serra-gelada-i-el-seu-entorn-litoral\/#breadcrumb","itemListElement":[{"@type":"ListItem","position":1,"name":"Inici","item":"https:\/\/www.alteacultural.com\/es\/"},{"@type":"ListItem","position":2,"name":"Eventos","item":"https:\/\/www.alteacultural.com\/es\/events\/"},{"@type":"ListItem","position":3,"name":"20 Aniversari del Parc Natural de la Serra Gelada i el Seu Entorn Litoral"}]},{"@type":"WebSite","@id":"https:\/\/www.alteacultural.com\/es\/#website","url":"https:\/\/www.alteacultural.com\/es\/","name":"Altea Cultural","description":"Regidoria de Cultura de l&#039;Ajuntament d&#039;Altea","potentialAction":[{"@type":"SearchAction","target":{"@type":"EntryPoint","urlTemplate":"https:\/\/www.alteacultural.com\/es\/?s={search_term_string}"},"query-input":"required name=search_term_string"}],"inLanguage":"es"}]}},"mec_cost":"","mec_date":{"start":{"date":"2025-09-24","hour":5,"minutes":"0","ampm":"PM"},"end":{"date":"2025-09-27","hour":"11","minutes":"0","ampm":"AM"},"hide_time":"1","hide_end_time":"1","comment":"","repeat":{"type":"daily","interval":"1","advanced":"","end":"never","end_at_date":"","end_at_occurrences":"10"}},"_links":{"self":[{"href":"https:\/\/www.alteacultural.com\/es\/wp-json\/wp\/v2\/mec-events\/38040"}],"collection":[{"href":"https:\/\/www.alteacultural.com\/es\/wp-json\/wp\/v2\/mec-events"}],"about":[{"href":"https:\/\/www.alteacultural.com\/es\/wp-json\/wp\/v2\/types\/mec-events"}],"author":[{"embeddable":true,"href":"https:\/\/www.alteacultural.com\/es\/wp-json\/wp\/v2\/users\/1"}],"replies":[{"embeddable":true,"href":"https:\/\/www.alteacultural.com\/es\/wp-json\/wp\/v2\/comments?post=38040"}],"wp:featuredmedia":[{"embeddable":true,"href":"https:\/\/www.alteacultural.com\/es\/wp-json\/wp\/v2\/media\/38039"}],"wp:attachment":[{"href":"https:\/\/www.alteacultural.com\/es\/wp-json\/wp\/v2\/media?parent=38040"}],"curies":[{"name":"wp","href":"https:\/\/api.w.org\/{rel}","templated":true}]}}