{"id":38299,"date":"2025-10-20T14:11:42","date_gmt":"2025-10-20T12:11:42","guid":{"rendered":"https:\/\/www.alteacultural.com\/events\/presentacion-del-llibro-por-que-los-refranes-siempre-tienen-razon-altea-libres-a-la-tardor-2025\/"},"modified":"2025-10-22T15:05:27","modified_gmt":"2025-10-22T13:05:27","slug":"presentacion-del-llibro-por-que-los-refranes-siempre-tienen-razon-altea-libres-a-la-tardor-2025","status":"publish","type":"mec-events","link":"https:\/\/www.alteacultural.com\/es\/events\/presentacion-del-llibro-por-que-los-refranes-siempre-tienen-razon-altea-libres-a-la-tardor-2025\/","title":{"rendered":"Presentaci\u00f3n del libro: \u00abPor qu\u00e9 los refranes siempre tienen raz\u00f3n\u00bb &#8211; Altea, llibres a la tardor &#8211; 2025"},"content":{"rendered":"<p>18-dic | 19:30 h | Biblioteca P\u00fablica Altea\/Casa de Cultura de Altea<\/p>\n<p>Presentaci\u00f3n del libro: \u00abPor qu\u00e9 los refranes siempre tienen raz\u00f3n\u00bb en el ciclo \u00abAltea, llibres a la tardor &#8211; 2025\u00bb.<\/p>\n<p>Autora: Sonia G\u00f3mez-Jordana Ferary.<\/p>\n<p>Los proverbios o refranes han sido relegados por acad\u00e9micos y gram\u00e1ticos a ba\u00fales polvorientos. Y sin embargo, se trata de f\u00f3rmulas cargadas de una gran fuerza argumentativa que han estado y siguen presentes en los discursos de la sociedad. A trav\u00e9s del estudio de 25 refranes, el lector recorre la historia del refr\u00e1n y de nuestra manera de discutir y de argumentar. Ejemplos sacados de distintos contextos \u2013redes, prensa, textos literarios, series y pel\u00edculas o nuestras propias conversaciones\u2013 mostrar\u00e1n al lector c\u00f3mo se ha empleado, desde la Edad Media hasta hoy en d\u00eda, un arma dial\u00e9ctica que jam\u00e1s muri\u00f3.<\/p>\n<p><a href=\"https:\/\/www.alteacultural.com\/es\/tag\/presentacions-de-llibres\/\">VER CICLO COMPLETO<\/a><\/p>\n<p><img fetchpriority=\"high\" decoding=\"async\" class=\"aligncenter wp-image-38237\" src=\"https:\/\/www.alteacultural.com\/wp-content\/uploads\/2025\/10\/2025-12-18-LlibresTardor25_Cartell-01-scaled.jpg\" alt=\"\" width=\"750\" height=\"1061\" srcset=\"https:\/\/www.alteacultural.com\/wp-content\/uploads\/2025\/10\/2025-12-18-LlibresTardor25_Cartell-01-scaled.jpg 1810w, https:\/\/www.alteacultural.com\/wp-content\/uploads\/2025\/10\/2025-12-18-LlibresTardor25_Cartell-01-768x1086.jpg 768w, https:\/\/www.alteacultural.com\/wp-content\/uploads\/2025\/10\/2025-12-18-LlibresTardor25_Cartell-01-1086x1536.jpg 1086w, https:\/\/www.alteacultural.com\/wp-content\/uploads\/2025\/10\/2025-12-18-LlibresTardor25_Cartell-01-1448x2048.jpg 1448w\" sizes=\"(max-width: 750px) 100vw, 750px\" \/><\/p>\n","protected":false},"excerpt":{"rendered":"<p>18-dic | 19:30 h | Biblioteca P\u00fablica Altea\/Casa de Cultura de Altea Presentaci\u00f3n del libro: \u00abPor qu\u00e9 los refranes [&hellip;]<\/p>\n","protected":false},"author":1,"featured_media":38298,"comment_status":"open","ping_status":"closed","template":"","meta":{"_expiration-date-status":"","_expiration-date":0,"_expiration-date-type":"","_expiration-date-categories":[],"_expiration-date-options":[]},"yoast_head":"<!-- This site is optimized with the Yoast SEO plugin v22.8 - https:\/\/yoast.com\/wordpress\/plugins\/seo\/ -->\n<title>Presentaci\u00f3n del libro: &quot;Por qu\u00e9 los refranes siempre tienen raz\u00f3n&quot; - Altea, llibres a la tardor - 2025 - Altea Cultural<\/title>\n<meta name=\"robots\" content=\"index, follow, max-snippet:-1, max-image-preview:large, max-video-preview:-1\" \/>\n<link rel=\"canonical\" href=\"https:\/\/www.alteacultural.com\/es\/events\/presentacion-del-llibro-por-que-los-refranes-siempre-tienen-razon-altea-libres-a-la-tardor-2025\/\" \/>\n<meta property=\"og:locale\" content=\"es_ES\" \/>\n<meta property=\"og:type\" content=\"article\" \/>\n<meta property=\"og:title\" content=\"Presentaci\u00f3n del libro: &quot;Por qu\u00e9 los refranes siempre tienen raz\u00f3n&quot; - Altea, llibres a la tardor - 2025 - Altea Cultural\" \/>\n<meta property=\"og:description\" content=\"18-dic | 19:30 h | Biblioteca P\u00fablica Altea\/Casa de Cultura de Altea Presentaci\u00f3n del libro: \u00abPor qu\u00e9 los refranes [&hellip;]\" \/>\n<meta property=\"og:url\" content=\"https:\/\/www.alteacultural.com\/es\/events\/presentacion-del-llibro-por-que-los-refranes-siempre-tienen-razon-altea-libres-a-la-tardor-2025\/\" \/>\n<meta property=\"og:site_name\" content=\"Altea Cultural\" \/>\n<meta property=\"article:modified_time\" content=\"2025-10-22T13:05:27+00:00\" \/>\n<meta property=\"og:image\" content=\"https:\/\/www.alteacultural.com\/wp-content\/uploads\/2025\/10\/LlibresTardor25_Banner9-01-scaled.jpg\" \/>\n\t<meta property=\"og:image:width\" content=\"2560\" \/>\n\t<meta property=\"og:image:height\" content=\"948\" \/>\n\t<meta property=\"og:image:type\" content=\"image\/jpeg\" \/>\n<meta name=\"twitter:card\" content=\"summary_large_image\" \/>\n<meta name=\"twitter:label1\" content=\"Tiempo de lectura\" \/>\n\t<meta name=\"twitter:data1\" content=\"2 minutos\" \/>\n<script type=\"application\/ld+json\" class=\"yoast-schema-graph\">{\"@context\":\"https:\/\/schema.org\",\"@graph\":[{\"@type\":\"WebPage\",\"@id\":\"https:\/\/www.alteacultural.com\/es\/events\/presentacion-del-llibro-por-que-los-refranes-siempre-tienen-razon-altea-libres-a-la-tardor-2025\/\",\"url\":\"https:\/\/www.alteacultural.com\/es\/events\/presentacion-del-llibro-por-que-los-refranes-siempre-tienen-razon-altea-libres-a-la-tardor-2025\/\",\"name\":\"Presentaci\u00f3n del libro: \\\"Por qu\u00e9 los refranes siempre tienen raz\u00f3n\\\" - Altea, llibres a la tardor - 2025 - Altea Cultural\",\"isPartOf\":{\"@id\":\"https:\/\/www.alteacultural.com\/es\/#website\"},\"primaryImageOfPage\":{\"@id\":\"https:\/\/www.alteacultural.com\/es\/events\/presentacion-del-llibro-por-que-los-refranes-siempre-tienen-razon-altea-libres-a-la-tardor-2025\/#primaryimage\"},\"image\":{\"@id\":\"https:\/\/www.alteacultural.com\/es\/events\/presentacion-del-llibro-por-que-los-refranes-siempre-tienen-razon-altea-libres-a-la-tardor-2025\/#primaryimage\"},\"thumbnailUrl\":\"https:\/\/www.alteacultural.com\/wp-content\/uploads\/2025\/10\/LlibresTardor25_Banner9-01-scaled.jpg\",\"datePublished\":\"2025-10-20T12:11:42+00:00\",\"dateModified\":\"2025-10-22T13:05:27+00:00\",\"breadcrumb\":{\"@id\":\"https:\/\/www.alteacultural.com\/es\/events\/presentacion-del-llibro-por-que-los-refranes-siempre-tienen-razon-altea-libres-a-la-tardor-2025\/#breadcrumb\"},\"inLanguage\":\"es\",\"potentialAction\":[{\"@type\":\"ReadAction\",\"target\":[\"https:\/\/www.alteacultural.com\/es\/events\/presentacion-del-llibro-por-que-los-refranes-siempre-tienen-razon-altea-libres-a-la-tardor-2025\/\"]}]},{\"@type\":\"ImageObject\",\"inLanguage\":\"es\",\"@id\":\"https:\/\/www.alteacultural.com\/es\/events\/presentacion-del-llibro-por-que-los-refranes-siempre-tienen-razon-altea-libres-a-la-tardor-2025\/#primaryimage\",\"url\":\"https:\/\/www.alteacultural.com\/wp-content\/uploads\/2025\/10\/LlibresTardor25_Banner9-01-scaled.jpg\",\"contentUrl\":\"https:\/\/www.alteacultural.com\/wp-content\/uploads\/2025\/10\/LlibresTardor25_Banner9-01-scaled.jpg\",\"width\":2560,\"height\":948},{\"@type\":\"BreadcrumbList\",\"@id\":\"https:\/\/www.alteacultural.com\/es\/events\/presentacion-del-llibro-por-que-los-refranes-siempre-tienen-razon-altea-libres-a-la-tardor-2025\/#breadcrumb\",\"itemListElement\":[{\"@type\":\"ListItem\",\"position\":1,\"name\":\"Inici\",\"item\":\"https:\/\/www.alteacultural.com\/es\/\"},{\"@type\":\"ListItem\",\"position\":2,\"name\":\"Eventos\",\"item\":\"https:\/\/www.alteacultural.com\/es\/events\/\"},{\"@type\":\"ListItem\",\"position\":3,\"name\":\"Presentaci\u00f3n del libro: &#8220;Por qu\u00e9 los refranes siempre tienen raz\u00f3n&#8221; &#8211; Altea, llibres a la tardor &#8211; 2025\"}]},{\"@type\":\"WebSite\",\"@id\":\"https:\/\/www.alteacultural.com\/es\/#website\",\"url\":\"https:\/\/www.alteacultural.com\/es\/\",\"name\":\"Altea Cultural\",\"description\":\"Regidoria de Cultura de l&#039;Ajuntament d&#039;Altea\",\"potentialAction\":[{\"@type\":\"SearchAction\",\"target\":{\"@type\":\"EntryPoint\",\"urlTemplate\":\"https:\/\/www.alteacultural.com\/es\/?s={search_term_string}\"},\"query-input\":\"required name=search_term_string\"}],\"inLanguage\":\"es\"}]}<\/script>\n<!-- \/ Yoast SEO plugin. -->","yoast_head_json":{"title":"Presentaci\u00f3n del libro: \"Por qu\u00e9 los refranes siempre tienen raz\u00f3n\" - Altea, llibres a la tardor - 2025 - Altea Cultural","robots":{"index":"index","follow":"follow","max-snippet":"max-snippet:-1","max-image-preview":"max-image-preview:large","max-video-preview":"max-video-preview:-1"},"canonical":"https:\/\/www.alteacultural.com\/es\/events\/presentacion-del-llibro-por-que-los-refranes-siempre-tienen-razon-altea-libres-a-la-tardor-2025\/","og_locale":"es_ES","og_type":"article","og_title":"Presentaci\u00f3n del libro: \"Por qu\u00e9 los refranes siempre tienen raz\u00f3n\" - Altea, llibres a la tardor - 2025 - Altea Cultural","og_description":"18-dic | 19:30 h | Biblioteca P\u00fablica Altea\/Casa de Cultura de Altea Presentaci\u00f3n del libro: \u00abPor qu\u00e9 los refranes [&hellip;]","og_url":"https:\/\/www.alteacultural.com\/es\/events\/presentacion-del-llibro-por-que-los-refranes-siempre-tienen-razon-altea-libres-a-la-tardor-2025\/","og_site_name":"Altea Cultural","article_modified_time":"2025-10-22T13:05:27+00:00","og_image":[{"width":2560,"height":948,"url":"https:\/\/www.alteacultural.com\/wp-content\/uploads\/2025\/10\/LlibresTardor25_Banner9-01-scaled.jpg","type":"image\/jpeg"}],"twitter_card":"summary_large_image","twitter_misc":{"Tiempo de lectura":"2 minutos"},"schema":{"@context":"https:\/\/schema.org","@graph":[{"@type":"WebPage","@id":"https:\/\/www.alteacultural.com\/es\/events\/presentacion-del-llibro-por-que-los-refranes-siempre-tienen-razon-altea-libres-a-la-tardor-2025\/","url":"https:\/\/www.alteacultural.com\/es\/events\/presentacion-del-llibro-por-que-los-refranes-siempre-tienen-razon-altea-libres-a-la-tardor-2025\/","name":"Presentaci\u00f3n del libro: \"Por qu\u00e9 los refranes siempre tienen raz\u00f3n\" - Altea, llibres a la tardor - 2025 - Altea Cultural","isPartOf":{"@id":"https:\/\/www.alteacultural.com\/es\/#website"},"primaryImageOfPage":{"@id":"https:\/\/www.alteacultural.com\/es\/events\/presentacion-del-llibro-por-que-los-refranes-siempre-tienen-razon-altea-libres-a-la-tardor-2025\/#primaryimage"},"image":{"@id":"https:\/\/www.alteacultural.com\/es\/events\/presentacion-del-llibro-por-que-los-refranes-siempre-tienen-razon-altea-libres-a-la-tardor-2025\/#primaryimage"},"thumbnailUrl":"https:\/\/www.alteacultural.com\/wp-content\/uploads\/2025\/10\/LlibresTardor25_Banner9-01-scaled.jpg","datePublished":"2025-10-20T12:11:42+00:00","dateModified":"2025-10-22T13:05:27+00:00","breadcrumb":{"@id":"https:\/\/www.alteacultural.com\/es\/events\/presentacion-del-llibro-por-que-los-refranes-siempre-tienen-razon-altea-libres-a-la-tardor-2025\/#breadcrumb"},"inLanguage":"es","potentialAction":[{"@type":"ReadAction","target":["https:\/\/www.alteacultural.com\/es\/events\/presentacion-del-llibro-por-que-los-refranes-siempre-tienen-razon-altea-libres-a-la-tardor-2025\/"]}]},{"@type":"ImageObject","inLanguage":"es","@id":"https:\/\/www.alteacultural.com\/es\/events\/presentacion-del-llibro-por-que-los-refranes-siempre-tienen-razon-altea-libres-a-la-tardor-2025\/#primaryimage","url":"https:\/\/www.alteacultural.com\/wp-content\/uploads\/2025\/10\/LlibresTardor25_Banner9-01-scaled.jpg","contentUrl":"https:\/\/www.alteacultural.com\/wp-content\/uploads\/2025\/10\/LlibresTardor25_Banner9-01-scaled.jpg","width":2560,"height":948},{"@type":"BreadcrumbList","@id":"https:\/\/www.alteacultural.com\/es\/events\/presentacion-del-llibro-por-que-los-refranes-siempre-tienen-razon-altea-libres-a-la-tardor-2025\/#breadcrumb","itemListElement":[{"@type":"ListItem","position":1,"name":"Inici","item":"https:\/\/www.alteacultural.com\/es\/"},{"@type":"ListItem","position":2,"name":"Eventos","item":"https:\/\/www.alteacultural.com\/es\/events\/"},{"@type":"ListItem","position":3,"name":"Presentaci\u00f3n del libro: &#8220;Por qu\u00e9 los refranes siempre tienen raz\u00f3n&#8221; &#8211; Altea, llibres a la tardor &#8211; 2025"}]},{"@type":"WebSite","@id":"https:\/\/www.alteacultural.com\/es\/#website","url":"https:\/\/www.alteacultural.com\/es\/","name":"Altea Cultural","description":"Regidoria de Cultura de l&#039;Ajuntament d&#039;Altea","potentialAction":[{"@type":"SearchAction","target":{"@type":"EntryPoint","urlTemplate":"https:\/\/www.alteacultural.com\/es\/?s={search_term_string}"},"query-input":"required name=search_term_string"}],"inLanguage":"es"}]}},"mec_cost":"Entrada libre y gratuita","mec_date":{"start":{"date":"2025-12-18","hour":7,"minutes":"30","ampm":"PM"},"end":{"date":"2025-12-18","hour":8,"minutes":"30","ampm":"PM"},"hide_end_time":"1","comment":"","repeat":{"type":"daily","interval":"1","advanced":"","end":"never","end_at_date":"","end_at_occurrences":"10"}},"_links":{"self":[{"href":"https:\/\/www.alteacultural.com\/es\/wp-json\/wp\/v2\/mec-events\/38299"}],"collection":[{"href":"https:\/\/www.alteacultural.com\/es\/wp-json\/wp\/v2\/mec-events"}],"about":[{"href":"https:\/\/www.alteacultural.com\/es\/wp-json\/wp\/v2\/types\/mec-events"}],"author":[{"embeddable":true,"href":"https:\/\/www.alteacultural.com\/es\/wp-json\/wp\/v2\/users\/1"}],"replies":[{"embeddable":true,"href":"https:\/\/www.alteacultural.com\/es\/wp-json\/wp\/v2\/comments?post=38299"}],"wp:featuredmedia":[{"embeddable":true,"href":"https:\/\/www.alteacultural.com\/es\/wp-json\/wp\/v2\/media\/38298"}],"wp:attachment":[{"href":"https:\/\/www.alteacultural.com\/es\/wp-json\/wp\/v2\/media?parent=38299"}],"curies":[{"name":"wp","href":"https:\/\/api.w.org\/{rel}","templated":true}]}}