{"id":39167,"date":"2026-01-22T15:00:07","date_gmt":"2026-01-22T14:00:07","guid":{"rendered":"https:\/\/www.alteacultural.com\/events\/antonio-serrano-kaele-jimenez-jazz-calo\/"},"modified":"2026-02-09T17:18:28","modified_gmt":"2026-02-09T16:18:28","slug":"antonio-serrano-kaele-jimenez-jazz-calo","status":"publish","type":"mec-events","link":"https:\/\/www.alteacultural.com\/es\/events\/antonio-serrano-kaele-jimenez-jazz-calo\/","title":{"rendered":"Antonio Serrano &#038; Kaele Jim\u00e9nez: Jazz Cal\u00f3"},"content":{"rendered":"<p><strong>21-mar | 20:00 h | Palau Altea<\/strong><\/p>\n<p><strong>Antonio Serrano &amp; Kaele Jim\u00e9nez: Jazz Cal\u00f3<\/strong><br \/>\nCuando el duende se encuentra con el swing \/ The soul of Flaenco, the freedom of Jazz<\/p>\n<p>Entrada 10\u20ac.<\/p>\n<p>&nbsp;<\/p>\n<p>El virtuoso de la arm\u00f3nica\u00a0<strong>Antonio Serrano<\/strong>, referencia mundial y continuador del legado de Paco de Luc\u00eda, se une al joven pianista\u00a0<strong>Kaele Jim\u00e9nez<\/strong>, uno de los talentos m\u00e1s prometedores del panorama musical actual, para dar vida a\u00a0<strong>Jazz Cal\u00f3<\/strong>, un proyecto que reinterpreta la tradici\u00f3n flamenca desde la libertad creativa del jazz.<\/p>\n<p>Inspirado en los hist\u00f3ricos encuentros entre Paco de Luc\u00eda &amp; Chick Corea, Tomatito &amp; Michel Camilo o Chano Dom\u00ednguez &amp; Javier Colina, este d\u00fao propone un di\u00e1logo fresco y vibrante donde la arm\u00f3nica y el piano se transforman en lenguajes universales.<\/p>\n<p>El proyecto se presenta en directo tanto en formato d\u00fao como cuarteto, con dos invitados de excepci\u00f3n: Israel Su\u00e1rez \u201cPira\u00f1a\u201d a la percusi\u00f3n y Josu\u00e9 Ronkio al bajo, aportando solidez r\u00edtmica y profundidad sonora que enriquecen y expanden la propuesta.<\/p>\n<p>&nbsp;<\/p>\n<h3><span style=\"color: #00ccff;\"> Entradas<\/span><\/h3>\n<p><iframe id=\"etktfrm53564\" data-src=\"https:\/\/venta.atenea360.es\/buy\/?id=53564\" width=\"100%\" frameborder=\"0\" allowfullscreen=\"allowfullscreen\" data-consent-target=\"\" src=\"data:image\/gif;base64,R0lGODlhAQABAAAAACH5BAEKAAEALAAAAAABAAEAAAICTAEAOw==\" class=\"lazyload\" data-load-mode=\"1\"><\/iframe><script type=\"text\/javascript\" src=\"https:\/\/d31tcnbxvxtafg.cloudfront.net\/js\/libraries\/buy.js\"><\/script><\/p>\n<p>&nbsp;<\/p>\n<h3><span style=\"color: #00ccff;\">Cartel<\/span><\/h3>\n<p><img fetchpriority=\"high\" decoding=\"async\" class=\"aligncenter wp-image-39163\" src=\"https:\/\/www.alteacultural.com\/wp-content\/uploads\/2026\/01\/Concierto-Antonio-Serrano-Jazz-Calo-21-03-2026_cartel-01.jpg\" alt=\"\" width=\"750\" height=\"1060\" srcset=\"https:\/\/www.alteacultural.com\/wp-content\/uploads\/2026\/01\/Concierto-Antonio-Serrano-Jazz-Calo-21-03-2026_cartel-01.jpg 1754w, https:\/\/www.alteacultural.com\/wp-content\/uploads\/2026\/01\/Concierto-Antonio-Serrano-Jazz-Calo-21-03-2026_cartel-01-768x1086.jpg 768w, https:\/\/www.alteacultural.com\/wp-content\/uploads\/2026\/01\/Concierto-Antonio-Serrano-Jazz-Calo-21-03-2026_cartel-01-1086x1536.jpg 1086w, https:\/\/www.alteacultural.com\/wp-content\/uploads\/2026\/01\/Concierto-Antonio-Serrano-Jazz-Calo-21-03-2026_cartel-01-1448x2048.jpg 1448w\" sizes=\"(max-width: 750px) 100vw, 750px\" \/><\/p>\n","protected":false},"excerpt":{"rendered":"<p>21-mar | 20:00 h | Palau Altea Antonio Serrano &amp; Kaele Jim\u00e9nez: Jazz Cal\u00f3 Cuando el duende se encuentra [&hellip;]<\/p>\n","protected":false},"author":1,"featured_media":39166,"comment_status":"open","ping_status":"closed","template":"","meta":{"_expiration-date-status":"","_expiration-date":0,"_expiration-date-type":"","_expiration-date-categories":[],"_expiration-date-options":[]},"yoast_head":"<!-- This site is optimized with the Yoast SEO plugin v22.8 - https:\/\/yoast.com\/wordpress\/plugins\/seo\/ -->\n<title>Antonio Serrano &amp; Kaele Jim\u00e9nez: Jazz Cal\u00f3 - Altea Cultural<\/title>\n<meta name=\"robots\" content=\"index, follow, max-snippet:-1, max-image-preview:large, max-video-preview:-1\" \/>\n<link rel=\"canonical\" href=\"https:\/\/www.alteacultural.com\/es\/events\/antonio-serrano-kaele-jimenez-jazz-calo\/\" \/>\n<meta property=\"og:locale\" content=\"es_ES\" \/>\n<meta property=\"og:type\" content=\"article\" \/>\n<meta property=\"og:title\" content=\"Antonio Serrano &amp; Kaele Jim\u00e9nez: Jazz Cal\u00f3 - Altea Cultural\" \/>\n<meta property=\"og:description\" content=\"21-mar | 20:00 h | Palau Altea Antonio Serrano &amp; Kaele Jim\u00e9nez: Jazz Cal\u00f3 Cuando el duende se encuentra [&hellip;]\" \/>\n<meta property=\"og:url\" content=\"https:\/\/www.alteacultural.com\/es\/events\/antonio-serrano-kaele-jimenez-jazz-calo\/\" \/>\n<meta property=\"og:site_name\" content=\"Altea Cultural\" \/>\n<meta property=\"article:modified_time\" content=\"2026-02-09T16:18:28+00:00\" \/>\n<meta property=\"og:image\" content=\"https:\/\/www.alteacultural.com\/wp-content\/uploads\/2026\/01\/Concierto-Antonio-Serrano-Jazz-Calo-21-03-2026_banner-mejorado.jpg\" \/>\n\t<meta property=\"og:image:width\" content=\"2010\" \/>\n\t<meta property=\"og:image:height\" content=\"744\" \/>\n\t<meta property=\"og:image:type\" content=\"image\/jpeg\" \/>\n<meta name=\"twitter:card\" content=\"summary_large_image\" \/>\n<meta name=\"twitter:label1\" content=\"Tiempo de lectura\" \/>\n\t<meta name=\"twitter:data1\" content=\"1 minuto\" \/>\n<script type=\"application\/ld+json\" class=\"yoast-schema-graph\">{\"@context\":\"https:\/\/schema.org\",\"@graph\":[{\"@type\":\"WebPage\",\"@id\":\"https:\/\/www.alteacultural.com\/es\/events\/antonio-serrano-kaele-jimenez-jazz-calo\/\",\"url\":\"https:\/\/www.alteacultural.com\/es\/events\/antonio-serrano-kaele-jimenez-jazz-calo\/\",\"name\":\"Antonio Serrano & Kaele Jim\u00e9nez: Jazz Cal\u00f3 - Altea Cultural\",\"isPartOf\":{\"@id\":\"https:\/\/www.alteacultural.com\/es\/#website\"},\"primaryImageOfPage\":{\"@id\":\"https:\/\/www.alteacultural.com\/es\/events\/antonio-serrano-kaele-jimenez-jazz-calo\/#primaryimage\"},\"image\":{\"@id\":\"https:\/\/www.alteacultural.com\/es\/events\/antonio-serrano-kaele-jimenez-jazz-calo\/#primaryimage\"},\"thumbnailUrl\":\"https:\/\/www.alteacultural.com\/wp-content\/uploads\/2026\/01\/Concierto-Antonio-Serrano-Jazz-Calo-21-03-2026_banner-mejorado.jpg\",\"datePublished\":\"2026-01-22T14:00:07+00:00\",\"dateModified\":\"2026-02-09T16:18:28+00:00\",\"breadcrumb\":{\"@id\":\"https:\/\/www.alteacultural.com\/es\/events\/antonio-serrano-kaele-jimenez-jazz-calo\/#breadcrumb\"},\"inLanguage\":\"es\",\"potentialAction\":[{\"@type\":\"ReadAction\",\"target\":[\"https:\/\/www.alteacultural.com\/es\/events\/antonio-serrano-kaele-jimenez-jazz-calo\/\"]}]},{\"@type\":\"ImageObject\",\"inLanguage\":\"es\",\"@id\":\"https:\/\/www.alteacultural.com\/es\/events\/antonio-serrano-kaele-jimenez-jazz-calo\/#primaryimage\",\"url\":\"https:\/\/www.alteacultural.com\/wp-content\/uploads\/2026\/01\/Concierto-Antonio-Serrano-Jazz-Calo-21-03-2026_banner-mejorado.jpg\",\"contentUrl\":\"https:\/\/www.alteacultural.com\/wp-content\/uploads\/2026\/01\/Concierto-Antonio-Serrano-Jazz-Calo-21-03-2026_banner-mejorado.jpg\",\"width\":2010,\"height\":744},{\"@type\":\"BreadcrumbList\",\"@id\":\"https:\/\/www.alteacultural.com\/es\/events\/antonio-serrano-kaele-jimenez-jazz-calo\/#breadcrumb\",\"itemListElement\":[{\"@type\":\"ListItem\",\"position\":1,\"name\":\"Inici\",\"item\":\"https:\/\/www.alteacultural.com\/es\/\"},{\"@type\":\"ListItem\",\"position\":2,\"name\":\"Eventos\",\"item\":\"https:\/\/www.alteacultural.com\/es\/events\/\"},{\"@type\":\"ListItem\",\"position\":3,\"name\":\"Antonio Serrano &#038; Kaele Jim\u00e9nez: Jazz Cal\u00f3\"}]},{\"@type\":\"WebSite\",\"@id\":\"https:\/\/www.alteacultural.com\/es\/#website\",\"url\":\"https:\/\/www.alteacultural.com\/es\/\",\"name\":\"Altea Cultural\",\"description\":\"Regidoria de Cultura de l&#039;Ajuntament d&#039;Altea\",\"potentialAction\":[{\"@type\":\"SearchAction\",\"target\":{\"@type\":\"EntryPoint\",\"urlTemplate\":\"https:\/\/www.alteacultural.com\/es\/?s={search_term_string}\"},\"query-input\":\"required name=search_term_string\"}],\"inLanguage\":\"es\"}]}<\/script>\n<!-- \/ Yoast SEO plugin. -->","yoast_head_json":{"title":"Antonio Serrano & Kaele Jim\u00e9nez: Jazz Cal\u00f3 - Altea Cultural","robots":{"index":"index","follow":"follow","max-snippet":"max-snippet:-1","max-image-preview":"max-image-preview:large","max-video-preview":"max-video-preview:-1"},"canonical":"https:\/\/www.alteacultural.com\/es\/events\/antonio-serrano-kaele-jimenez-jazz-calo\/","og_locale":"es_ES","og_type":"article","og_title":"Antonio Serrano & Kaele Jim\u00e9nez: Jazz Cal\u00f3 - Altea Cultural","og_description":"21-mar | 20:00 h | Palau Altea Antonio Serrano &amp; Kaele Jim\u00e9nez: Jazz Cal\u00f3 Cuando el duende se encuentra [&hellip;]","og_url":"https:\/\/www.alteacultural.com\/es\/events\/antonio-serrano-kaele-jimenez-jazz-calo\/","og_site_name":"Altea Cultural","article_modified_time":"2026-02-09T16:18:28+00:00","og_image":[{"width":2010,"height":744,"url":"https:\/\/www.alteacultural.com\/wp-content\/uploads\/2026\/01\/Concierto-Antonio-Serrano-Jazz-Calo-21-03-2026_banner-mejorado.jpg","type":"image\/jpeg"}],"twitter_card":"summary_large_image","twitter_misc":{"Tiempo de lectura":"1 minuto"},"schema":{"@context":"https:\/\/schema.org","@graph":[{"@type":"WebPage","@id":"https:\/\/www.alteacultural.com\/es\/events\/antonio-serrano-kaele-jimenez-jazz-calo\/","url":"https:\/\/www.alteacultural.com\/es\/events\/antonio-serrano-kaele-jimenez-jazz-calo\/","name":"Antonio Serrano & Kaele Jim\u00e9nez: Jazz Cal\u00f3 - Altea Cultural","isPartOf":{"@id":"https:\/\/www.alteacultural.com\/es\/#website"},"primaryImageOfPage":{"@id":"https:\/\/www.alteacultural.com\/es\/events\/antonio-serrano-kaele-jimenez-jazz-calo\/#primaryimage"},"image":{"@id":"https:\/\/www.alteacultural.com\/es\/events\/antonio-serrano-kaele-jimenez-jazz-calo\/#primaryimage"},"thumbnailUrl":"https:\/\/www.alteacultural.com\/wp-content\/uploads\/2026\/01\/Concierto-Antonio-Serrano-Jazz-Calo-21-03-2026_banner-mejorado.jpg","datePublished":"2026-01-22T14:00:07+00:00","dateModified":"2026-02-09T16:18:28+00:00","breadcrumb":{"@id":"https:\/\/www.alteacultural.com\/es\/events\/antonio-serrano-kaele-jimenez-jazz-calo\/#breadcrumb"},"inLanguage":"es","potentialAction":[{"@type":"ReadAction","target":["https:\/\/www.alteacultural.com\/es\/events\/antonio-serrano-kaele-jimenez-jazz-calo\/"]}]},{"@type":"ImageObject","inLanguage":"es","@id":"https:\/\/www.alteacultural.com\/es\/events\/antonio-serrano-kaele-jimenez-jazz-calo\/#primaryimage","url":"https:\/\/www.alteacultural.com\/wp-content\/uploads\/2026\/01\/Concierto-Antonio-Serrano-Jazz-Calo-21-03-2026_banner-mejorado.jpg","contentUrl":"https:\/\/www.alteacultural.com\/wp-content\/uploads\/2026\/01\/Concierto-Antonio-Serrano-Jazz-Calo-21-03-2026_banner-mejorado.jpg","width":2010,"height":744},{"@type":"BreadcrumbList","@id":"https:\/\/www.alteacultural.com\/es\/events\/antonio-serrano-kaele-jimenez-jazz-calo\/#breadcrumb","itemListElement":[{"@type":"ListItem","position":1,"name":"Inici","item":"https:\/\/www.alteacultural.com\/es\/"},{"@type":"ListItem","position":2,"name":"Eventos","item":"https:\/\/www.alteacultural.com\/es\/events\/"},{"@type":"ListItem","position":3,"name":"Antonio Serrano &#038; Kaele Jim\u00e9nez: Jazz Cal\u00f3"}]},{"@type":"WebSite","@id":"https:\/\/www.alteacultural.com\/es\/#website","url":"https:\/\/www.alteacultural.com\/es\/","name":"Altea Cultural","description":"Regidoria de Cultura de l&#039;Ajuntament d&#039;Altea","potentialAction":[{"@type":"SearchAction","target":{"@type":"EntryPoint","urlTemplate":"https:\/\/www.alteacultural.com\/es\/?s={search_term_string}"},"query-input":"required name=search_term_string"}],"inLanguage":"es"}]}},"mec_cost":"10\u20ac","mec_date":{"start":{"date":"2026-03-21","hour":8,"minutes":"0","ampm":"PM"},"end":{"date":"2026-03-21","hour":9,"minutes":"15","ampm":"PM"},"comment":"","repeat":{"type":"daily","interval":"1","advanced":"","end":"never","end_at_date":"","end_at_occurrences":"10"}},"_links":{"self":[{"href":"https:\/\/www.alteacultural.com\/es\/wp-json\/wp\/v2\/mec-events\/39167"}],"collection":[{"href":"https:\/\/www.alteacultural.com\/es\/wp-json\/wp\/v2\/mec-events"}],"about":[{"href":"https:\/\/www.alteacultural.com\/es\/wp-json\/wp\/v2\/types\/mec-events"}],"author":[{"embeddable":true,"href":"https:\/\/www.alteacultural.com\/es\/wp-json\/wp\/v2\/users\/1"}],"replies":[{"embeddable":true,"href":"https:\/\/www.alteacultural.com\/es\/wp-json\/wp\/v2\/comments?post=39167"}],"wp:featuredmedia":[{"embeddable":true,"href":"https:\/\/www.alteacultural.com\/es\/wp-json\/wp\/v2\/media\/39166"}],"wp:attachment":[{"href":"https:\/\/www.alteacultural.com\/es\/wp-json\/wp\/v2\/media?parent=39167"}],"curies":[{"name":"wp","href":"https:\/\/api.w.org\/{rel}","templated":true}]}}