{"id":40300,"date":"2026-04-25T12:57:50","date_gmt":"2026-04-25T10:57:50","guid":{"rendered":"https:\/\/www.alteacultural.com\/events\/vivo-vivaldi\/"},"modified":"2026-04-25T13:05:17","modified_gmt":"2026-04-25T11:05:17","slug":"vivo-vivaldi","status":"publish","type":"mec-events","link":"https:\/\/www.alteacultural.com\/es\/events\/vivo-vivaldi\/","title":{"rendered":"VIVO VIVALDI"},"content":{"rendered":"<p><strong>2-may | 18:00 | Palau Altea<\/strong><\/p>\n<p><strong>VIVO VIVALDI <\/strong><\/p>\n<p>Entrada: 13 \u20ac.<\/p>\n<p>M\u00fasica para la infancia y la juventud. CIA. TEATRO ESPA\u00d1OL Y 10&amp;10 CREA<\/p>\n<p>Vivo Vivaldi, creaci\u00f3n de 10\u00d710\u2013Narv\u00e1ez, Runde, Sanz, constituye una inmersi\u00f3n contempor\u00e1nea en el mundo del compositor italiano barroco Antonio Vivaldi, en su m\u00fasica y su vida, en los lugares que inspiraron su obra. Las tres core\u00f3grafas han concebido un emocional viaje esc\u00e9nico a trav\u00e9s de las cuatro estaciones, protagonizado por 9 personajes. Del ingente fondo musical compuesto por Vivaldi (865obras), las creadoras se han centrado en la idea de viaje para seleccionar aquellas que mejor las trasladen a las emociones que acompa\u00f1an las im\u00e1genes.\/\/ Acto esc\u00e9nico en 4 estaciones que lleva de la mano al espectador a trav\u00e9s de un viaje que comienza en la oscuridad, all\u00ed donde habitan los monstruos, hasta la luz llena de vida, alegr\u00eda, juego, baile y compa\u00f1er@s de viaje. Vivo Vivaldi es un Acto esc\u00e9nico creado para todos los p\u00fablicos que nos sumerge en el mundo de Vivaldi desde una perspectiva contempor\u00e1nea y una creaci\u00f3n esc\u00e9nica multidisciplinar. Vivir a Vivaldi desde las emociones y lugares que inspiraron su obra. Los cambios de estaciones a trav\u00e9s de su m\u00fasica (del invierno a la primavera en un juego de inversi\u00f3n de las estaciones), el movimiento y las acciones pl\u00e1stico-esc\u00e9nicas.<\/p>\n<p>&nbsp;<\/p>\n<p><img fetchpriority=\"high\" decoding=\"async\" class=\"size-full wp-image-40296 aligncenter\" src=\"https:\/\/www.alteacultural.com\/wp-content\/uploads\/2026\/04\/pa_vivovivaldi.webp\" alt=\"\" width=\"1100\" height=\"733\" srcset=\"https:\/\/www.alteacultural.com\/wp-content\/uploads\/2026\/04\/pa_vivovivaldi.webp 1100w, https:\/\/www.alteacultural.com\/wp-content\/uploads\/2026\/04\/pa_vivovivaldi-768x512.webp 768w, https:\/\/www.alteacultural.com\/wp-content\/uploads\/2026\/04\/pa_vivovivaldi-391x260.webp 391w\" sizes=\"(max-width: 1100px) 100vw, 1100px\" \/><\/p>\n","protected":false},"excerpt":{"rendered":"<p>2-may | 18:00 | Palau Altea VIVO VIVALDI Entrada: 13 \u20ac. M\u00fasica para la infancia y la juventud. CIA. [&hellip;]<\/p>\n","protected":false},"author":1,"featured_media":40299,"comment_status":"open","ping_status":"closed","template":"","meta":{"_expiration-date-status":"","_expiration-date":0,"_expiration-date-type":"","_expiration-date-categories":[],"_expiration-date-options":[]},"yoast_head":"<!-- This site is optimized with the Yoast SEO plugin v22.8 - https:\/\/yoast.com\/wordpress\/plugins\/seo\/ -->\n<title>VIVO VIVALDI - Altea Cultural<\/title>\n<meta name=\"robots\" content=\"index, follow, max-snippet:-1, max-image-preview:large, max-video-preview:-1\" \/>\n<link rel=\"canonical\" href=\"https:\/\/www.alteacultural.com\/es\/events\/vivo-vivaldi\/\" \/>\n<meta property=\"og:locale\" content=\"es_ES\" \/>\n<meta property=\"og:type\" content=\"article\" \/>\n<meta property=\"og:title\" content=\"VIVO VIVALDI - Altea Cultural\" \/>\n<meta property=\"og:description\" content=\"2-may | 18:00 | Palau Altea VIVO VIVALDI Entrada: 13 \u20ac. M\u00fasica para la infancia y la juventud. CIA. [&hellip;]\" \/>\n<meta property=\"og:url\" content=\"https:\/\/www.alteacultural.com\/es\/events\/vivo-vivaldi\/\" \/>\n<meta property=\"og:site_name\" content=\"Altea Cultural\" \/>\n<meta property=\"article:modified_time\" content=\"2026-04-25T11:05:17+00:00\" \/>\n<meta property=\"og:image\" content=\"https:\/\/www.alteacultural.com\/wp-content\/uploads\/2026\/04\/pa_vivovivaldi_banner.jpg\" \/>\n\t<meta property=\"og:image:width\" content=\"1096\" \/>\n\t<meta property=\"og:image:height\" content=\"403\" \/>\n\t<meta property=\"og:image:type\" content=\"image\/jpeg\" \/>\n<meta name=\"twitter:card\" content=\"summary_large_image\" \/>\n<meta name=\"twitter:label1\" content=\"Tiempo de lectura\" \/>\n\t<meta name=\"twitter:data1\" content=\"2 minutos\" \/>\n<script type=\"application\/ld+json\" class=\"yoast-schema-graph\">{\"@context\":\"https:\/\/schema.org\",\"@graph\":[{\"@type\":\"WebPage\",\"@id\":\"https:\/\/www.alteacultural.com\/es\/events\/vivo-vivaldi\/\",\"url\":\"https:\/\/www.alteacultural.com\/es\/events\/vivo-vivaldi\/\",\"name\":\"VIVO VIVALDI - Altea Cultural\",\"isPartOf\":{\"@id\":\"https:\/\/www.alteacultural.com\/es\/#website\"},\"primaryImageOfPage\":{\"@id\":\"https:\/\/www.alteacultural.com\/es\/events\/vivo-vivaldi\/#primaryimage\"},\"image\":{\"@id\":\"https:\/\/www.alteacultural.com\/es\/events\/vivo-vivaldi\/#primaryimage\"},\"thumbnailUrl\":\"https:\/\/www.alteacultural.com\/wp-content\/uploads\/2026\/04\/pa_vivovivaldi_banner.jpg\",\"datePublished\":\"2026-04-25T10:57:50+00:00\",\"dateModified\":\"2026-04-25T11:05:17+00:00\",\"breadcrumb\":{\"@id\":\"https:\/\/www.alteacultural.com\/es\/events\/vivo-vivaldi\/#breadcrumb\"},\"inLanguage\":\"es\",\"potentialAction\":[{\"@type\":\"ReadAction\",\"target\":[\"https:\/\/www.alteacultural.com\/es\/events\/vivo-vivaldi\/\"]}]},{\"@type\":\"ImageObject\",\"inLanguage\":\"es\",\"@id\":\"https:\/\/www.alteacultural.com\/es\/events\/vivo-vivaldi\/#primaryimage\",\"url\":\"https:\/\/www.alteacultural.com\/wp-content\/uploads\/2026\/04\/pa_vivovivaldi_banner.jpg\",\"contentUrl\":\"https:\/\/www.alteacultural.com\/wp-content\/uploads\/2026\/04\/pa_vivovivaldi_banner.jpg\",\"width\":1096,\"height\":403},{\"@type\":\"BreadcrumbList\",\"@id\":\"https:\/\/www.alteacultural.com\/es\/events\/vivo-vivaldi\/#breadcrumb\",\"itemListElement\":[{\"@type\":\"ListItem\",\"position\":1,\"name\":\"Inici\",\"item\":\"https:\/\/www.alteacultural.com\/es\/\"},{\"@type\":\"ListItem\",\"position\":2,\"name\":\"Eventos\",\"item\":\"https:\/\/www.alteacultural.com\/es\/events\/\"},{\"@type\":\"ListItem\",\"position\":3,\"name\":\"VIVO VIVALDI\"}]},{\"@type\":\"WebSite\",\"@id\":\"https:\/\/www.alteacultural.com\/es\/#website\",\"url\":\"https:\/\/www.alteacultural.com\/es\/\",\"name\":\"Altea Cultural\",\"description\":\"Regidoria de Cultura de l&#039;Ajuntament d&#039;Altea\",\"potentialAction\":[{\"@type\":\"SearchAction\",\"target\":{\"@type\":\"EntryPoint\",\"urlTemplate\":\"https:\/\/www.alteacultural.com\/es\/?s={search_term_string}\"},\"query-input\":\"required name=search_term_string\"}],\"inLanguage\":\"es\"}]}<\/script>\n<!-- \/ Yoast SEO plugin. -->","yoast_head_json":{"title":"VIVO VIVALDI - Altea Cultural","robots":{"index":"index","follow":"follow","max-snippet":"max-snippet:-1","max-image-preview":"max-image-preview:large","max-video-preview":"max-video-preview:-1"},"canonical":"https:\/\/www.alteacultural.com\/es\/events\/vivo-vivaldi\/","og_locale":"es_ES","og_type":"article","og_title":"VIVO VIVALDI - Altea Cultural","og_description":"2-may | 18:00 | Palau Altea VIVO VIVALDI Entrada: 13 \u20ac. M\u00fasica para la infancia y la juventud. CIA. [&hellip;]","og_url":"https:\/\/www.alteacultural.com\/es\/events\/vivo-vivaldi\/","og_site_name":"Altea Cultural","article_modified_time":"2026-04-25T11:05:17+00:00","og_image":[{"width":1096,"height":403,"url":"https:\/\/www.alteacultural.com\/wp-content\/uploads\/2026\/04\/pa_vivovivaldi_banner.jpg","type":"image\/jpeg"}],"twitter_card":"summary_large_image","twitter_misc":{"Tiempo de lectura":"2 minutos"},"schema":{"@context":"https:\/\/schema.org","@graph":[{"@type":"WebPage","@id":"https:\/\/www.alteacultural.com\/es\/events\/vivo-vivaldi\/","url":"https:\/\/www.alteacultural.com\/es\/events\/vivo-vivaldi\/","name":"VIVO VIVALDI - Altea Cultural","isPartOf":{"@id":"https:\/\/www.alteacultural.com\/es\/#website"},"primaryImageOfPage":{"@id":"https:\/\/www.alteacultural.com\/es\/events\/vivo-vivaldi\/#primaryimage"},"image":{"@id":"https:\/\/www.alteacultural.com\/es\/events\/vivo-vivaldi\/#primaryimage"},"thumbnailUrl":"https:\/\/www.alteacultural.com\/wp-content\/uploads\/2026\/04\/pa_vivovivaldi_banner.jpg","datePublished":"2026-04-25T10:57:50+00:00","dateModified":"2026-04-25T11:05:17+00:00","breadcrumb":{"@id":"https:\/\/www.alteacultural.com\/es\/events\/vivo-vivaldi\/#breadcrumb"},"inLanguage":"es","potentialAction":[{"@type":"ReadAction","target":["https:\/\/www.alteacultural.com\/es\/events\/vivo-vivaldi\/"]}]},{"@type":"ImageObject","inLanguage":"es","@id":"https:\/\/www.alteacultural.com\/es\/events\/vivo-vivaldi\/#primaryimage","url":"https:\/\/www.alteacultural.com\/wp-content\/uploads\/2026\/04\/pa_vivovivaldi_banner.jpg","contentUrl":"https:\/\/www.alteacultural.com\/wp-content\/uploads\/2026\/04\/pa_vivovivaldi_banner.jpg","width":1096,"height":403},{"@type":"BreadcrumbList","@id":"https:\/\/www.alteacultural.com\/es\/events\/vivo-vivaldi\/#breadcrumb","itemListElement":[{"@type":"ListItem","position":1,"name":"Inici","item":"https:\/\/www.alteacultural.com\/es\/"},{"@type":"ListItem","position":2,"name":"Eventos","item":"https:\/\/www.alteacultural.com\/es\/events\/"},{"@type":"ListItem","position":3,"name":"VIVO VIVALDI"}]},{"@type":"WebSite","@id":"https:\/\/www.alteacultural.com\/es\/#website","url":"https:\/\/www.alteacultural.com\/es\/","name":"Altea Cultural","description":"Regidoria de Cultura de l&#039;Ajuntament d&#039;Altea","potentialAction":[{"@type":"SearchAction","target":{"@type":"EntryPoint","urlTemplate":"https:\/\/www.alteacultural.com\/es\/?s={search_term_string}"},"query-input":"required name=search_term_string"}],"inLanguage":"es"}]}},"mec_cost":"13 \u20ac","mec_date":{"start":{"date":"2026-05-02","hour":6,"minutes":"0","ampm":"PM"},"end":{"date":"2026-05-02","hour":7,"minutes":"30","ampm":"PM"},"comment":"","repeat":{"type":"daily","interval":"1","advanced":"","end":"never","end_at_date":"","end_at_occurrences":"10"}},"_links":{"self":[{"href":"https:\/\/www.alteacultural.com\/es\/wp-json\/wp\/v2\/mec-events\/40300"}],"collection":[{"href":"https:\/\/www.alteacultural.com\/es\/wp-json\/wp\/v2\/mec-events"}],"about":[{"href":"https:\/\/www.alteacultural.com\/es\/wp-json\/wp\/v2\/types\/mec-events"}],"author":[{"embeddable":true,"href":"https:\/\/www.alteacultural.com\/es\/wp-json\/wp\/v2\/users\/1"}],"replies":[{"embeddable":true,"href":"https:\/\/www.alteacultural.com\/es\/wp-json\/wp\/v2\/comments?post=40300"}],"wp:featuredmedia":[{"embeddable":true,"href":"https:\/\/www.alteacultural.com\/es\/wp-json\/wp\/v2\/media\/40299"}],"wp:attachment":[{"href":"https:\/\/www.alteacultural.com\/es\/wp-json\/wp\/v2\/media?parent=40300"}],"curies":[{"name":"wp","href":"https:\/\/api.w.org\/{rel}","templated":true}]}}