{"id":41507,"date":"2026-09-02T20:17:30","date_gmt":"2026-09-02T18:17:30","guid":{"rendered":"https:\/\/www.alteacultural.com\/events\/jornada-de-divulgacio-ruta-en-caiac\/"},"modified":"2026-09-02T20:19:16","modified_gmt":"2026-09-02T18:19:16","slug":"jornada-de-divulgacio-ruta-en-caiac","status":"publish","type":"mec-events","link":"https:\/\/www.alteacultural.com\/es\/events\/jornada-de-divulgacio-ruta-en-caiac\/","title":{"rendered":"Jornada de divulgaci\u00f3n Ruta en kayak"},"content":{"rendered":"<p><strong>12-sep | 10:30 h | Puerto Deportivo Marina Greenwich<\/strong><\/p>\n<p>Ruta al Monumento Natural del Afloramiento Volc\u00e1nico y la Playa F\u00f3sil de Cap Negret. En horario de 10:30 a 13:00 horas (acudir 15 minutos antas). Equipamiento necesario: traje de ba\u00f1o, escarpines, gorra, protecci\u00f3n solar y agua. Entrada libre y gratuita.<\/p>\n<p><em>*Actividad dirigida a mayores de 18 a\u00f1os.<\/em><br \/>\n<em>**Reservas: altea@touristinfo.net | 965 844 114 | Tourist Info Altea (C\/ Sant Pere, 14)<\/em><\/p>\n<p><img fetchpriority=\"high\" decoding=\"async\" class=\"aligncenter wp-image-41503\" src=\"https:\/\/www.alteacultural.com\/wp-content\/uploads\/2026\/09\/2026-09-12-Ruta-Kayak.-12-septiembre.jpg\" alt=\"\" width=\"750\" height=\"1061\" srcset=\"https:\/\/www.alteacultural.com\/wp-content\/uploads\/2026\/09\/2026-09-12-Ruta-Kayak.-12-septiembre.jpg 1241w, https:\/\/www.alteacultural.com\/wp-content\/uploads\/2026\/09\/2026-09-12-Ruta-Kayak.-12-septiembre-768x1086.jpg 768w, https:\/\/www.alteacultural.com\/wp-content\/uploads\/2026\/09\/2026-09-12-Ruta-Kayak.-12-septiembre-1086x1536.jpg 1086w\" sizes=\"(max-width: 750px) 100vw, 750px\" \/><\/p>\n","protected":false},"excerpt":{"rendered":"<p>12-sep | 10:30 h | Puerto Deportivo Marina Greenwich Ruta al Monumento Natural del Afloramiento Volc\u00e1nico y la Playa [&hellip;]<\/p>\n","protected":false},"author":1,"featured_media":41506,"comment_status":"open","ping_status":"closed","template":"","meta":{"_expiration-date-status":"","_expiration-date":0,"_expiration-date-type":"","_expiration-date-categories":[],"_expiration-date-options":[]},"yoast_head":"<!-- This site is optimized with the Yoast SEO plugin v22.8 - https:\/\/yoast.com\/wordpress\/plugins\/seo\/ -->\n<title>Jornada de divulgaci\u00f3n Ruta en kayak - Altea Cultural<\/title>\n<meta name=\"robots\" content=\"index, follow, max-snippet:-1, max-image-preview:large, max-video-preview:-1\" \/>\n<link rel=\"canonical\" href=\"https:\/\/www.alteacultural.com\/es\/events\/jornada-de-divulgacio-ruta-en-caiac\/\" \/>\n<meta property=\"og:locale\" content=\"es_ES\" \/>\n<meta property=\"og:type\" content=\"article\" \/>\n<meta property=\"og:title\" content=\"Jornada de divulgaci\u00f3n Ruta en kayak - Altea Cultural\" \/>\n<meta property=\"og:description\" content=\"12-sep | 10:30 h | Puerto Deportivo Marina Greenwich Ruta al Monumento Natural del Afloramiento Volc\u00e1nico y la Playa [&hellip;]\" \/>\n<meta property=\"og:url\" content=\"https:\/\/www.alteacultural.com\/es\/events\/jornada-de-divulgacio-ruta-en-caiac\/\" \/>\n<meta property=\"og:site_name\" content=\"Altea Cultural\" \/>\n<meta property=\"article:modified_time\" content=\"2026-09-02T18:19:16+00:00\" \/>\n<meta property=\"og:image\" content=\"https:\/\/www.alteacultural.com\/wp-content\/uploads\/2026\/09\/2026-09-12-Ruta-Kayak.-12-septiembre_banner.jpg\" \/>\n\t<meta property=\"og:image:width\" content=\"1241\" \/>\n\t<meta property=\"og:image:height\" content=\"450\" \/>\n\t<meta property=\"og:image:type\" content=\"image\/jpeg\" \/>\n<meta name=\"twitter:card\" content=\"summary_large_image\" \/>\n<meta name=\"twitter:label1\" content=\"Tiempo de lectura\" \/>\n\t<meta name=\"twitter:data1\" content=\"1 minuto\" \/>\n<script type=\"application\/ld+json\" class=\"yoast-schema-graph\">{\"@context\":\"https:\/\/schema.org\",\"@graph\":[{\"@type\":\"WebPage\",\"@id\":\"https:\/\/www.alteacultural.com\/es\/events\/jornada-de-divulgacio-ruta-en-caiac\/\",\"url\":\"https:\/\/www.alteacultural.com\/es\/events\/jornada-de-divulgacio-ruta-en-caiac\/\",\"name\":\"Jornada de divulgaci\u00f3n Ruta en kayak - Altea Cultural\",\"isPartOf\":{\"@id\":\"https:\/\/www.alteacultural.com\/es\/#website\"},\"primaryImageOfPage\":{\"@id\":\"https:\/\/www.alteacultural.com\/es\/events\/jornada-de-divulgacio-ruta-en-caiac\/#primaryimage\"},\"image\":{\"@id\":\"https:\/\/www.alteacultural.com\/es\/events\/jornada-de-divulgacio-ruta-en-caiac\/#primaryimage\"},\"thumbnailUrl\":\"https:\/\/www.alteacultural.com\/wp-content\/uploads\/2026\/09\/2026-09-12-Ruta-Kayak.-12-septiembre_banner.jpg\",\"datePublished\":\"2026-09-02T18:17:30+00:00\",\"dateModified\":\"2026-09-02T18:19:16+00:00\",\"breadcrumb\":{\"@id\":\"https:\/\/www.alteacultural.com\/es\/events\/jornada-de-divulgacio-ruta-en-caiac\/#breadcrumb\"},\"inLanguage\":\"es\",\"potentialAction\":[{\"@type\":\"ReadAction\",\"target\":[\"https:\/\/www.alteacultural.com\/es\/events\/jornada-de-divulgacio-ruta-en-caiac\/\"]}]},{\"@type\":\"ImageObject\",\"inLanguage\":\"es\",\"@id\":\"https:\/\/www.alteacultural.com\/es\/events\/jornada-de-divulgacio-ruta-en-caiac\/#primaryimage\",\"url\":\"https:\/\/www.alteacultural.com\/wp-content\/uploads\/2026\/09\/2026-09-12-Ruta-Kayak.-12-septiembre_banner.jpg\",\"contentUrl\":\"https:\/\/www.alteacultural.com\/wp-content\/uploads\/2026\/09\/2026-09-12-Ruta-Kayak.-12-septiembre_banner.jpg\",\"width\":1241,\"height\":450},{\"@type\":\"BreadcrumbList\",\"@id\":\"https:\/\/www.alteacultural.com\/es\/events\/jornada-de-divulgacio-ruta-en-caiac\/#breadcrumb\",\"itemListElement\":[{\"@type\":\"ListItem\",\"position\":1,\"name\":\"Inici\",\"item\":\"https:\/\/www.alteacultural.com\/es\/\"},{\"@type\":\"ListItem\",\"position\":2,\"name\":\"Eventos\",\"item\":\"https:\/\/www.alteacultural.com\/es\/events\/\"},{\"@type\":\"ListItem\",\"position\":3,\"name\":\"Jornada de divulgaci\u00f3n Ruta en kayak\"}]},{\"@type\":\"WebSite\",\"@id\":\"https:\/\/www.alteacultural.com\/es\/#website\",\"url\":\"https:\/\/www.alteacultural.com\/es\/\",\"name\":\"Altea Cultural\",\"description\":\"Regidoria de Cultura de l&#039;Ajuntament d&#039;Altea\",\"potentialAction\":[{\"@type\":\"SearchAction\",\"target\":{\"@type\":\"EntryPoint\",\"urlTemplate\":\"https:\/\/www.alteacultural.com\/es\/?s={search_term_string}\"},\"query-input\":\"required name=search_term_string\"}],\"inLanguage\":\"es\"}]}<\/script>\n<!-- \/ Yoast SEO plugin. -->","yoast_head_json":{"title":"Jornada de divulgaci\u00f3n Ruta en kayak - Altea Cultural","robots":{"index":"index","follow":"follow","max-snippet":"max-snippet:-1","max-image-preview":"max-image-preview:large","max-video-preview":"max-video-preview:-1"},"canonical":"https:\/\/www.alteacultural.com\/es\/events\/jornada-de-divulgacio-ruta-en-caiac\/","og_locale":"es_ES","og_type":"article","og_title":"Jornada de divulgaci\u00f3n Ruta en kayak - Altea Cultural","og_description":"12-sep | 10:30 h | Puerto Deportivo Marina Greenwich Ruta al Monumento Natural del Afloramiento Volc\u00e1nico y la Playa [&hellip;]","og_url":"https:\/\/www.alteacultural.com\/es\/events\/jornada-de-divulgacio-ruta-en-caiac\/","og_site_name":"Altea Cultural","article_modified_time":"2026-09-02T18:19:16+00:00","og_image":[{"width":1241,"height":450,"url":"https:\/\/www.alteacultural.com\/wp-content\/uploads\/2026\/09\/2026-09-12-Ruta-Kayak.-12-septiembre_banner.jpg","type":"image\/jpeg"}],"twitter_card":"summary_large_image","twitter_misc":{"Tiempo de lectura":"1 minuto"},"schema":{"@context":"https:\/\/schema.org","@graph":[{"@type":"WebPage","@id":"https:\/\/www.alteacultural.com\/es\/events\/jornada-de-divulgacio-ruta-en-caiac\/","url":"https:\/\/www.alteacultural.com\/es\/events\/jornada-de-divulgacio-ruta-en-caiac\/","name":"Jornada de divulgaci\u00f3n Ruta en kayak - Altea Cultural","isPartOf":{"@id":"https:\/\/www.alteacultural.com\/es\/#website"},"primaryImageOfPage":{"@id":"https:\/\/www.alteacultural.com\/es\/events\/jornada-de-divulgacio-ruta-en-caiac\/#primaryimage"},"image":{"@id":"https:\/\/www.alteacultural.com\/es\/events\/jornada-de-divulgacio-ruta-en-caiac\/#primaryimage"},"thumbnailUrl":"https:\/\/www.alteacultural.com\/wp-content\/uploads\/2026\/09\/2026-09-12-Ruta-Kayak.-12-septiembre_banner.jpg","datePublished":"2026-09-02T18:17:30+00:00","dateModified":"2026-09-02T18:19:16+00:00","breadcrumb":{"@id":"https:\/\/www.alteacultural.com\/es\/events\/jornada-de-divulgacio-ruta-en-caiac\/#breadcrumb"},"inLanguage":"es","potentialAction":[{"@type":"ReadAction","target":["https:\/\/www.alteacultural.com\/es\/events\/jornada-de-divulgacio-ruta-en-caiac\/"]}]},{"@type":"ImageObject","inLanguage":"es","@id":"https:\/\/www.alteacultural.com\/es\/events\/jornada-de-divulgacio-ruta-en-caiac\/#primaryimage","url":"https:\/\/www.alteacultural.com\/wp-content\/uploads\/2026\/09\/2026-09-12-Ruta-Kayak.-12-septiembre_banner.jpg","contentUrl":"https:\/\/www.alteacultural.com\/wp-content\/uploads\/2026\/09\/2026-09-12-Ruta-Kayak.-12-septiembre_banner.jpg","width":1241,"height":450},{"@type":"BreadcrumbList","@id":"https:\/\/www.alteacultural.com\/es\/events\/jornada-de-divulgacio-ruta-en-caiac\/#breadcrumb","itemListElement":[{"@type":"ListItem","position":1,"name":"Inici","item":"https:\/\/www.alteacultural.com\/es\/"},{"@type":"ListItem","position":2,"name":"Eventos","item":"https:\/\/www.alteacultural.com\/es\/events\/"},{"@type":"ListItem","position":3,"name":"Jornada de divulgaci\u00f3n Ruta en kayak"}]},{"@type":"WebSite","@id":"https:\/\/www.alteacultural.com\/es\/#website","url":"https:\/\/www.alteacultural.com\/es\/","name":"Altea Cultural","description":"Regidoria de Cultura de l&#039;Ajuntament d&#039;Altea","potentialAction":[{"@type":"SearchAction","target":{"@type":"EntryPoint","urlTemplate":"https:\/\/www.alteacultural.com\/es\/?s={search_term_string}"},"query-input":"required name=search_term_string"}],"inLanguage":"es"}]}},"mec_cost":"Entrada libre y gratuita.","mec_date":{"start":{"date":"2026-09-12","hour":"10","minutes":"30","ampm":"AM"},"end":{"date":"2026-09-12","hour":1,"minutes":"0","ampm":"PM"},"comment":"","repeat":{"type":"daily","interval":"1","advanced":"","end":"never","end_at_date":"","end_at_occurrences":"10"}},"_links":{"self":[{"href":"https:\/\/www.alteacultural.com\/es\/wp-json\/wp\/v2\/mec-events\/41507"}],"collection":[{"href":"https:\/\/www.alteacultural.com\/es\/wp-json\/wp\/v2\/mec-events"}],"about":[{"href":"https:\/\/www.alteacultural.com\/es\/wp-json\/wp\/v2\/types\/mec-events"}],"author":[{"embeddable":true,"href":"https:\/\/www.alteacultural.com\/es\/wp-json\/wp\/v2\/users\/1"}],"replies":[{"embeddable":true,"href":"https:\/\/www.alteacultural.com\/es\/wp-json\/wp\/v2\/comments?post=41507"}],"wp:featuredmedia":[{"embeddable":true,"href":"https:\/\/www.alteacultural.com\/es\/wp-json\/wp\/v2\/media\/41506"}],"wp:attachment":[{"href":"https:\/\/www.alteacultural.com\/es\/wp-json\/wp\/v2\/media?parent=41507"}],"curies":[{"name":"wp","href":"https:\/\/api.w.org\/{rel}","templated":true}]}}