{"id":6151,"date":"2021-04-30T13:48:51","date_gmt":"2021-04-30T11:48:51","guid":{"rendered":"https:\/\/www.alteacultural.com\/events\/magia-en-familia-mago-dalux\/"},"modified":"2021-04-30T13:57:11","modified_gmt":"2021-04-30T11:57:11","slug":"magia-en-familia-mago-dalux","status":"publish","type":"mec-events","link":"https:\/\/www.alteacultural.com\/es\/events\/magia-en-familia-mago-dalux\/","title":{"rendered":"Magia en familia &#8211; Mago D\u00e1lux"},"content":{"rendered":"<p>13 de junio | 17:00 h | Calle Cura Llinares, 2 (Altea la Vieja)<\/p>\n<p>&nbsp;<\/p>\n<p>Magia en Familia es un espect\u00e1culo para todos los p\u00fablicos que se abre con m\u00fasica y mucha magia de todo tipo.<\/p>\n<p>Nada m\u00e1s comenzar el mago ayud\u00e1ndose de fuego creara belleza, har\u00e1 desaparecer objetos cotidianos de considerable tama\u00f1o y har\u00e1 aparecer infinidad de pa\u00f1uelos de seda y luces sacadas del aire o incluso de los propios espectadores. Y por \u00faltimo con simples pa\u00f1uelos de papel ocurrir\u00e1n cosas que jam\u00e1s creer\u00edas capaz ni de imaginar. Llegando a aparecer hasta una paloma de verdad.<\/p>\n<p>Y con esto el mago nos hace una muestra de la variedad del espect\u00e1culo, pero cuidado que todav\u00eda hay m\u00e1s. Nos ense\u00f1ar\u00e1 la diferencia entre pollo y paloma. Quiz\u00e1s tambi\u00e9n nos explique alg\u00fan juego de la forma m\u00e1s lenta y clara posible. Tambi\u00e9n participaran muchos de los espectadores en la actuaci\u00f3n siendo ellos mismos los realizadores de la magia. Cuerdas que se recomponen, cartas que son predichas antes de ser nombradas y botellas que desaparecen son otros de los momentos m\u00e1gicos que vivir\u00e1n.<\/p>\n<p>Algunos espectadores ser\u00e1n hipnotizados y sugestionados para ver cosas que est\u00e1n donde no hay nada y ver algo que resulta ser de otro modo, terminando todo el mundo por probar esta sensaci\u00f3n. Tambi\u00e9n gracias a la imaginaci\u00f3n de los espectadores se producir\u00e1n viajes y sorpresas. Adem\u00e1s habr\u00e1 momentos de tensi\u00f3n y por supuesto de humor. Cerrando el espect\u00e1culo con uno de los cl\u00e1sicos entre los cl\u00e1sicos acompa\u00f1ado de una m\u00fasica escogida especialmente para que si todav\u00eda alguno tiene alguna duda sobre si la magia existe, borre de su cabeza estas dudas dej\u00e1ndose llevar por la magia.<\/p>\n<p><img fetchpriority=\"high\" decoding=\"async\" class=\"alignnone size-full wp-image-6149\" src=\"https:\/\/www.alteacultural.com\/wp-content\/uploads\/2021\/04\/cartel-MAGIA-EN-FAMILIA-ALTEA-13-JUNIO-2021-scaled.jpg\" alt=\"\" width=\"1810\" height=\"2560\" srcset=\"https:\/\/www.alteacultural.com\/wp-content\/uploads\/2021\/04\/cartel-MAGIA-EN-FAMILIA-ALTEA-13-JUNIO-2021-scaled.jpg 1810w, https:\/\/www.alteacultural.com\/wp-content\/uploads\/2021\/04\/cartel-MAGIA-EN-FAMILIA-ALTEA-13-JUNIO-2021-768x1086.jpg 768w, https:\/\/www.alteacultural.com\/wp-content\/uploads\/2021\/04\/cartel-MAGIA-EN-FAMILIA-ALTEA-13-JUNIO-2021-1086x1536.jpg 1086w, https:\/\/www.alteacultural.com\/wp-content\/uploads\/2021\/04\/cartel-MAGIA-EN-FAMILIA-ALTEA-13-JUNIO-2021-1448x2048.jpg 1448w\" sizes=\"(max-width: 1810px) 100vw, 1810px\" \/><\/p>\n<p>&nbsp;<\/p>\n","protected":false},"excerpt":{"rendered":"<p>13 de junio | 17:00 h | Calle Cura Llinares, 2 (Altea la Vieja) &nbsp; Magia en Familia es [&hellip;]<\/p>\n","protected":false},"author":1,"featured_media":6148,"comment_status":"open","ping_status":"closed","template":"","meta":{"_expiration-date-status":"saved","_expiration-date":0,"_expiration-date-type":"","_expiration-date-categories":[],"_expiration-date-options":[]},"yoast_head":"<!-- This site is optimized with the Yoast SEO plugin v22.8 - https:\/\/yoast.com\/wordpress\/plugins\/seo\/ -->\n<title>Magia en familia - Mago D\u00e1lux - Altea Cultural<\/title>\n<meta name=\"robots\" content=\"index, follow, max-snippet:-1, max-image-preview:large, max-video-preview:-1\" \/>\n<link rel=\"canonical\" href=\"https:\/\/www.alteacultural.com\/es\/events\/magia-en-familia-mago-dalux\/\" \/>\n<meta property=\"og:locale\" content=\"es_ES\" \/>\n<meta property=\"og:type\" content=\"article\" \/>\n<meta property=\"og:title\" content=\"Magia en familia - Mago D\u00e1lux - Altea Cultural\" \/>\n<meta property=\"og:description\" content=\"13 de junio | 17:00 h | Calle Cura Llinares, 2 (Altea la Vieja) &nbsp; Magia en Familia es [&hellip;]\" \/>\n<meta property=\"og:url\" content=\"https:\/\/www.alteacultural.com\/es\/events\/magia-en-familia-mago-dalux\/\" \/>\n<meta property=\"og:site_name\" content=\"Altea Cultural\" \/>\n<meta property=\"article:modified_time\" content=\"2021-04-30T11:57:11+00:00\" \/>\n<meta property=\"og:image\" content=\"https:\/\/www.alteacultural.com\/wp-content\/uploads\/2021\/04\/magodalux.jpg\" \/>\n\t<meta property=\"og:image:width\" content=\"1080\" \/>\n\t<meta property=\"og:image:height\" content=\"500\" \/>\n\t<meta property=\"og:image:type\" content=\"image\/jpeg\" \/>\n<meta name=\"twitter:card\" content=\"summary_large_image\" \/>\n<meta name=\"twitter:label1\" content=\"Tiempo de lectura\" \/>\n\t<meta name=\"twitter:data1\" content=\"2 minutos\" \/>\n<script type=\"application\/ld+json\" class=\"yoast-schema-graph\">{\"@context\":\"https:\/\/schema.org\",\"@graph\":[{\"@type\":\"WebPage\",\"@id\":\"https:\/\/www.alteacultural.com\/es\/events\/magia-en-familia-mago-dalux\/\",\"url\":\"https:\/\/www.alteacultural.com\/es\/events\/magia-en-familia-mago-dalux\/\",\"name\":\"Magia en familia - Mago D\u00e1lux - Altea Cultural\",\"isPartOf\":{\"@id\":\"https:\/\/www.alteacultural.com\/es\/#website\"},\"primaryImageOfPage\":{\"@id\":\"https:\/\/www.alteacultural.com\/es\/events\/magia-en-familia-mago-dalux\/#primaryimage\"},\"image\":{\"@id\":\"https:\/\/www.alteacultural.com\/es\/events\/magia-en-familia-mago-dalux\/#primaryimage\"},\"thumbnailUrl\":\"https:\/\/www.alteacultural.com\/wp-content\/uploads\/2021\/04\/magodalux.jpg\",\"datePublished\":\"2021-04-30T11:48:51+00:00\",\"dateModified\":\"2021-04-30T11:57:11+00:00\",\"breadcrumb\":{\"@id\":\"https:\/\/www.alteacultural.com\/es\/events\/magia-en-familia-mago-dalux\/#breadcrumb\"},\"inLanguage\":\"es\",\"potentialAction\":[{\"@type\":\"ReadAction\",\"target\":[\"https:\/\/www.alteacultural.com\/es\/events\/magia-en-familia-mago-dalux\/\"]}]},{\"@type\":\"ImageObject\",\"inLanguage\":\"es\",\"@id\":\"https:\/\/www.alteacultural.com\/es\/events\/magia-en-familia-mago-dalux\/#primaryimage\",\"url\":\"https:\/\/www.alteacultural.com\/wp-content\/uploads\/2021\/04\/magodalux.jpg\",\"contentUrl\":\"https:\/\/www.alteacultural.com\/wp-content\/uploads\/2021\/04\/magodalux.jpg\",\"width\":1080,\"height\":500},{\"@type\":\"BreadcrumbList\",\"@id\":\"https:\/\/www.alteacultural.com\/es\/events\/magia-en-familia-mago-dalux\/#breadcrumb\",\"itemListElement\":[{\"@type\":\"ListItem\",\"position\":1,\"name\":\"Inici\",\"item\":\"https:\/\/www.alteacultural.com\/es\/\"},{\"@type\":\"ListItem\",\"position\":2,\"name\":\"Eventos\",\"item\":\"https:\/\/www.alteacultural.com\/es\/events\/\"},{\"@type\":\"ListItem\",\"position\":3,\"name\":\"Magia en familia &#8211; Mago D\u00e1lux\"}]},{\"@type\":\"WebSite\",\"@id\":\"https:\/\/www.alteacultural.com\/es\/#website\",\"url\":\"https:\/\/www.alteacultural.com\/es\/\",\"name\":\"Altea Cultural\",\"description\":\"Regidoria de Cultura de l&#039;Ajuntament d&#039;Altea\",\"potentialAction\":[{\"@type\":\"SearchAction\",\"target\":{\"@type\":\"EntryPoint\",\"urlTemplate\":\"https:\/\/www.alteacultural.com\/es\/?s={search_term_string}\"},\"query-input\":\"required name=search_term_string\"}],\"inLanguage\":\"es\"}]}<\/script>\n<!-- \/ Yoast SEO plugin. -->","yoast_head_json":{"title":"Magia en familia - Mago D\u00e1lux - Altea Cultural","robots":{"index":"index","follow":"follow","max-snippet":"max-snippet:-1","max-image-preview":"max-image-preview:large","max-video-preview":"max-video-preview:-1"},"canonical":"https:\/\/www.alteacultural.com\/es\/events\/magia-en-familia-mago-dalux\/","og_locale":"es_ES","og_type":"article","og_title":"Magia en familia - Mago D\u00e1lux - Altea Cultural","og_description":"13 de junio | 17:00 h | Calle Cura Llinares, 2 (Altea la Vieja) &nbsp; Magia en Familia es [&hellip;]","og_url":"https:\/\/www.alteacultural.com\/es\/events\/magia-en-familia-mago-dalux\/","og_site_name":"Altea Cultural","article_modified_time":"2021-04-30T11:57:11+00:00","og_image":[{"width":1080,"height":500,"url":"https:\/\/www.alteacultural.com\/wp-content\/uploads\/2021\/04\/magodalux.jpg","type":"image\/jpeg"}],"twitter_card":"summary_large_image","twitter_misc":{"Tiempo de lectura":"2 minutos"},"schema":{"@context":"https:\/\/schema.org","@graph":[{"@type":"WebPage","@id":"https:\/\/www.alteacultural.com\/es\/events\/magia-en-familia-mago-dalux\/","url":"https:\/\/www.alteacultural.com\/es\/events\/magia-en-familia-mago-dalux\/","name":"Magia en familia - Mago D\u00e1lux - Altea Cultural","isPartOf":{"@id":"https:\/\/www.alteacultural.com\/es\/#website"},"primaryImageOfPage":{"@id":"https:\/\/www.alteacultural.com\/es\/events\/magia-en-familia-mago-dalux\/#primaryimage"},"image":{"@id":"https:\/\/www.alteacultural.com\/es\/events\/magia-en-familia-mago-dalux\/#primaryimage"},"thumbnailUrl":"https:\/\/www.alteacultural.com\/wp-content\/uploads\/2021\/04\/magodalux.jpg","datePublished":"2021-04-30T11:48:51+00:00","dateModified":"2021-04-30T11:57:11+00:00","breadcrumb":{"@id":"https:\/\/www.alteacultural.com\/es\/events\/magia-en-familia-mago-dalux\/#breadcrumb"},"inLanguage":"es","potentialAction":[{"@type":"ReadAction","target":["https:\/\/www.alteacultural.com\/es\/events\/magia-en-familia-mago-dalux\/"]}]},{"@type":"ImageObject","inLanguage":"es","@id":"https:\/\/www.alteacultural.com\/es\/events\/magia-en-familia-mago-dalux\/#primaryimage","url":"https:\/\/www.alteacultural.com\/wp-content\/uploads\/2021\/04\/magodalux.jpg","contentUrl":"https:\/\/www.alteacultural.com\/wp-content\/uploads\/2021\/04\/magodalux.jpg","width":1080,"height":500},{"@type":"BreadcrumbList","@id":"https:\/\/www.alteacultural.com\/es\/events\/magia-en-familia-mago-dalux\/#breadcrumb","itemListElement":[{"@type":"ListItem","position":1,"name":"Inici","item":"https:\/\/www.alteacultural.com\/es\/"},{"@type":"ListItem","position":2,"name":"Eventos","item":"https:\/\/www.alteacultural.com\/es\/events\/"},{"@type":"ListItem","position":3,"name":"Magia en familia &#8211; Mago D\u00e1lux"}]},{"@type":"WebSite","@id":"https:\/\/www.alteacultural.com\/es\/#website","url":"https:\/\/www.alteacultural.com\/es\/","name":"Altea Cultural","description":"Regidoria de Cultura de l&#039;Ajuntament d&#039;Altea","potentialAction":[{"@type":"SearchAction","target":{"@type":"EntryPoint","urlTemplate":"https:\/\/www.alteacultural.com\/es\/?s={search_term_string}"},"query-input":"required name=search_term_string"}],"inLanguage":"es"}]}},"mec_cost":"Entrada Libre","mec_date":{"start":{"date":"2021-06-13","hour":5,"minutes":"0","ampm":"PM"},"end":{"date":"2021-06-13","hour":6,"minutes":"0","ampm":"PM"},"comment":"","repeat":{"type":"daily","interval":"1","advanced":"","end":"never","end_at_date":"","end_at_occurrences":"10"}},"_links":{"self":[{"href":"https:\/\/www.alteacultural.com\/es\/wp-json\/wp\/v2\/mec-events\/6151"}],"collection":[{"href":"https:\/\/www.alteacultural.com\/es\/wp-json\/wp\/v2\/mec-events"}],"about":[{"href":"https:\/\/www.alteacultural.com\/es\/wp-json\/wp\/v2\/types\/mec-events"}],"author":[{"embeddable":true,"href":"https:\/\/www.alteacultural.com\/es\/wp-json\/wp\/v2\/users\/1"}],"replies":[{"embeddable":true,"href":"https:\/\/www.alteacultural.com\/es\/wp-json\/wp\/v2\/comments?post=6151"}],"wp:featuredmedia":[{"embeddable":true,"href":"https:\/\/www.alteacultural.com\/es\/wp-json\/wp\/v2\/media\/6148"}],"wp:attachment":[{"href":"https:\/\/www.alteacultural.com\/es\/wp-json\/wp\/v2\/media?parent=6151"}],"curies":[{"name":"wp","href":"https:\/\/api.w.org\/{rel}","templated":true}]}}