{"id":766,"date":"2020-09-20T11:31:29","date_gmt":"2020-09-20T09:31:29","guid":{"rendered":"https:\/\/www.alteacultural.com\/events\/encontes-festival-de-narracio-oral-altea-2020\/"},"modified":"2024-06-12T21:11:46","modified_gmt":"2024-06-12T19:11:46","slug":"encontes-festival-de-narracio-oral-altea-2020","status":"publish","type":"mec-events","link":"https:\/\/www.alteacultural.com\/es\/events\/encontes-festival-de-narracio-oral-altea-2020\/","title":{"rendered":"Encontes &#8211; Festival de Narraci\u00f3 Oral &#8211; Altea 2020"},"content":{"rendered":"<p><a href=\"https:\/\/www.alteacultural.com\/events\/contem-cantem-o-que-fem-encontes-altea-2020\/\">JUEVES 22 DE OCTUBRE<\/a><br \/>\n<a href=\"https:\/\/www.alteacultural.com\/events\/contem-cantem-o-que-fem-encontes-altea-2020\/\">18 h. <strong>\u00abContem, cantem&#8230;o que fem?\u00bb.<\/strong><\/a><br \/>\n<a href=\"https:\/\/www.alteacultural.com\/events\/contem-cantem-o-que-fem-encontes-altea-2020\/\">Cuentacuentos, cuentos y canciones a cargo de Carles Llinares. Para p\u00fablico familiar.<\/a><br \/>\n<a href=\"https:\/\/www.alteacultural.com\/events\/contem-cantem-o-que-fem-encontes-altea-2020\/\">Narraci\u00f3n en valenciano.<\/a><br \/>\n<a href=\"https:\/\/www.alteacultural.com\/events\/contem-cantem-o-que-fem-encontes-altea-2020\/\">Plaza del Agua &#8211; Altea<\/a><\/p>\n<p><a href=\"https:\/\/www.alteacultural.com\/events\/palabras-de-miguel-encontes-altea-2020\/\">VIERNES 23 DE OCTUBRE<\/a><br \/>\n<a href=\"https:\/\/www.alteacultural.com\/events\/palabras-de-miguel-encontes-altea-2020\/\">21.30 h.<strong>\u00abPalabras de Miguel\u00bb.<\/strong><\/a><br \/>\n<a href=\"https:\/\/www.alteacultural.com\/events\/palabras-de-miguel-encontes-altea-2020\/\">Espect\u00e1culo po\u00e9tico musical en homenaje al poeta Miguel Hern\u00e1ndez, para adultos, con Jos\u00e9 Manuel Garz\u00f3n (narrador) y Jos\u00e9 Galiana (piano)<\/a><br \/>\n<a href=\"https:\/\/www.alteacultural.com\/events\/palabras-de-miguel-encontes-altea-2020\/\">Narraciones en castellano.<\/a><br \/>\n<a href=\"https:\/\/www.alteacultural.com\/events\/palabras-de-miguel-encontes-altea-2020\/\">Plaza del agua.<\/a><\/p>\n<p><a href=\"https:\/\/www.alteacultural.com\/events\/luna-llena-encontes-altea-2020\/\">S\u00c1BADO 24 DE OCTUBRE<\/a><br \/>\n<a href=\"https:\/\/www.alteacultural.com\/events\/luna-llena-encontes-altea-2020\/\">21.30 h. <strong>\u00abLuna llena en Santiago de Cuba\u00bb.<\/strong><\/a><br \/>\n<a href=\"https:\/\/www.alteacultural.com\/events\/luna-llena-encontes-altea-2020\/\">Narraci\u00f3n de cuentos, canciones y poemas para adultos. Con Coralia Rodr\u00edguez (narradora), Ernesto Pita (guitarra y voz) y Michel Kun (percusi\u00f3n).<\/a><br \/>\n<a href=\"https:\/\/www.alteacultural.com\/events\/luna-llena-encontes-altea-2020\/\">Narraciones en castellano<\/a><br \/>\n<a href=\"https:\/\/www.alteacultural.com\/events\/luna-llena-encontes-altea-2020\/\">Plaza del Agua &#8211; Altea<\/a><\/p>\n<p><a href=\"https:\/\/www.alteacultural.com\/events\/contes-que-porta-el-vent-encontes-altea-2020\/\">DOMINGO 25 DE OCTUBRE<\/a><br \/>\n<a href=\"https:\/\/www.alteacultural.com\/events\/contes-que-porta-el-vent-encontes-altea-2020\/\">18. h. <strong>\u00abContes que porta el vent\u00bb.<\/strong><\/a><br \/>\n<a href=\"https:\/\/www.alteacultural.com\/events\/contes-que-porta-el-vent-encontes-altea-2020\/\">Cuentacuentos para p\u00fablico familiar a cargo de Silvia Colomer.<\/a><br \/>\n<a href=\"https:\/\/www.alteacultural.com\/events\/contes-que-porta-el-vent-encontes-altea-2020\/\">Narraci\u00f3n en valenciano.<\/a><br \/>\n<a href=\"https:\/\/www.alteacultural.com\/events\/contes-que-porta-el-vent-encontes-altea-2020\/\">Plaza del Agua &#8211; Altea<\/a><\/p>\n<p>COLEGIOS<br \/>\n<strong>\u00abPoetes i pirates\u00bb.<\/strong><br \/>\nDurante toda la semana se realizar\u00e1n cuentacuentos en los colegios de Altea, Altea la Vieja y la Olla a cargo de Trobaversos y Blai senabre y con la colaboraci\u00f3n de la Fundaci\u00f3n Bromera para el Fomento de la Lectura.<br \/>\nNarraci\u00f3n en valenciano.<\/p>\n<p>NARRADORES y NARRADORAS PARTICIPANTES<br \/>\n&#8211; Carles Llinares. (Comunidad Valenciana)<br \/>\n&#8211; Coralia Rodriguez, Ernesto Pita y Michel Kun. (Cuba)<br \/>\n&#8211; La Nona Teatro: Jose M. Garz\u00f3n y Jos\u00e9 Galiana. (Catalu\u00f1a y C. Valenciana))<br \/>\n&#8211; Silvia Colomer. (Comunidad Valenciana)<br \/>\n&#8211; Trobaversos.: Rub\u00e9n Su\u00e0rez (Chile y Comunidad Valenciana)<\/p>\n<p>DIRECCI\u00d3N y COORDINACI\u00d3N: Blai Senabre i Ribes (Aktes Teatro)<br \/>\nEspect\u00e1culos con aforo limitado y medidas especiales Covid19.<\/p>\n<p>&nbsp;<\/p>\n<p>&nbsp;<\/p>\n<p><img fetchpriority=\"high\" decoding=\"async\" class=\"aligncenter wp-image-896 size-large\" src=\"https:\/\/www.alteacultural.com\/wp-content\/uploads\/2020\/09\/Encontes-2020-xarxes-socials-724x1024.jpg\" alt=\"\" width=\"640\" height=\"905\" srcset=\"https:\/\/www.alteacultural.com\/wp-content\/uploads\/2020\/09\/Encontes-2020-xarxes-socials-724x1024.jpg 724w, https:\/\/www.alteacultural.com\/wp-content\/uploads\/2020\/09\/Encontes-2020-xarxes-socials-212x300.jpg 212w, https:\/\/www.alteacultural.com\/wp-content\/uploads\/2020\/09\/Encontes-2020-xarxes-socials-768x1086.jpg 768w, https:\/\/www.alteacultural.com\/wp-content\/uploads\/2020\/09\/Encontes-2020-xarxes-socials-1086x1536.jpg 1086w, https:\/\/www.alteacultural.com\/wp-content\/uploads\/2020\/09\/Encontes-2020-xarxes-socials-1448x2048.jpg 1448w, https:\/\/www.alteacultural.com\/wp-content\/uploads\/2020\/09\/Encontes-2020-xarxes-socials-scaled.jpg 1810w\" sizes=\"(max-width: 640px) 100vw, 640px\" \/><\/p>\n","protected":false},"excerpt":{"rendered":"<p>JUEVES 22 DE OCTUBRE 18 h. \u00abContem, cantem&#8230;o que fem?\u00bb. Cuentacuentos, cuentos y canciones a cargo de Carles Llinares. [&hellip;]<\/p>\n","protected":false},"author":1,"featured_media":893,"comment_status":"open","ping_status":"closed","template":"","meta":{"_expiration-date-status":"saved","_expiration-date":0,"_expiration-date-type":"","_expiration-date-categories":[],"_expiration-date-options":[]},"yoast_head":"<!-- This site is optimized with the Yoast SEO plugin v22.8 - https:\/\/yoast.com\/wordpress\/plugins\/seo\/ -->\n<title>Encontes - Festival de Narraci\u00f3 Oral - Altea 2020 - Altea Cultural<\/title>\n<meta name=\"robots\" content=\"index, follow, max-snippet:-1, max-image-preview:large, max-video-preview:-1\" \/>\n<link rel=\"canonical\" href=\"https:\/\/www.alteacultural.com\/es\/events\/encontes-festival-de-narracio-oral-altea-2020\/\" \/>\n<meta property=\"og:locale\" content=\"es_ES\" \/>\n<meta property=\"og:type\" content=\"article\" \/>\n<meta property=\"og:title\" content=\"Encontes - Festival de Narraci\u00f3 Oral - Altea 2020 - Altea Cultural\" \/>\n<meta property=\"og:description\" content=\"JUEVES 22 DE OCTUBRE 18 h. \u00abContem, cantem&#8230;o que fem?\u00bb. Cuentacuentos, cuentos y canciones a cargo de Carles Llinares. [&hellip;]\" \/>\n<meta property=\"og:url\" content=\"https:\/\/www.alteacultural.com\/es\/events\/encontes-festival-de-narracio-oral-altea-2020\/\" \/>\n<meta property=\"og:site_name\" content=\"Altea Cultural\" \/>\n<meta property=\"article:modified_time\" content=\"2024-06-12T19:11:46+00:00\" \/>\n<meta property=\"og:image\" content=\"https:\/\/www.alteacultural.com\/wp-content\/uploads\/2020\/09\/Encontes2020_Cabecera-01-scaled.jpg\" \/>\n\t<meta property=\"og:image:width\" content=\"2560\" \/>\n\t<meta property=\"og:image:height\" content=\"947\" \/>\n\t<meta property=\"og:image:type\" content=\"image\/jpeg\" \/>\n<meta name=\"twitter:card\" content=\"summary_large_image\" \/>\n<meta name=\"twitter:label1\" content=\"Tiempo de lectura\" \/>\n\t<meta name=\"twitter:data1\" content=\"1 minuto\" \/>\n<script type=\"application\/ld+json\" class=\"yoast-schema-graph\">{\"@context\":\"https:\/\/schema.org\",\"@graph\":[{\"@type\":\"WebPage\",\"@id\":\"https:\/\/www.alteacultural.com\/es\/events\/encontes-festival-de-narracio-oral-altea-2020\/\",\"url\":\"https:\/\/www.alteacultural.com\/es\/events\/encontes-festival-de-narracio-oral-altea-2020\/\",\"name\":\"Encontes - Festival de Narraci\u00f3 Oral - Altea 2020 - Altea Cultural\",\"isPartOf\":{\"@id\":\"https:\/\/www.alteacultural.com\/es\/#website\"},\"primaryImageOfPage\":{\"@id\":\"https:\/\/www.alteacultural.com\/es\/events\/encontes-festival-de-narracio-oral-altea-2020\/#primaryimage\"},\"image\":{\"@id\":\"https:\/\/www.alteacultural.com\/es\/events\/encontes-festival-de-narracio-oral-altea-2020\/#primaryimage\"},\"thumbnailUrl\":\"https:\/\/www.alteacultural.com\/wp-content\/uploads\/2020\/09\/Encontes2020_Cabecera-01-scaled.jpg\",\"datePublished\":\"2020-09-20T09:31:29+00:00\",\"dateModified\":\"2024-06-12T19:11:46+00:00\",\"breadcrumb\":{\"@id\":\"https:\/\/www.alteacultural.com\/es\/events\/encontes-festival-de-narracio-oral-altea-2020\/#breadcrumb\"},\"inLanguage\":\"es\",\"potentialAction\":[{\"@type\":\"ReadAction\",\"target\":[\"https:\/\/www.alteacultural.com\/es\/events\/encontes-festival-de-narracio-oral-altea-2020\/\"]}]},{\"@type\":\"ImageObject\",\"inLanguage\":\"es\",\"@id\":\"https:\/\/www.alteacultural.com\/es\/events\/encontes-festival-de-narracio-oral-altea-2020\/#primaryimage\",\"url\":\"https:\/\/www.alteacultural.com\/wp-content\/uploads\/2020\/09\/Encontes2020_Cabecera-01-scaled.jpg\",\"contentUrl\":\"https:\/\/www.alteacultural.com\/wp-content\/uploads\/2020\/09\/Encontes2020_Cabecera-01-scaled.jpg\",\"width\":2560,\"height\":947},{\"@type\":\"BreadcrumbList\",\"@id\":\"https:\/\/www.alteacultural.com\/es\/events\/encontes-festival-de-narracio-oral-altea-2020\/#breadcrumb\",\"itemListElement\":[{\"@type\":\"ListItem\",\"position\":1,\"name\":\"Inici\",\"item\":\"https:\/\/www.alteacultural.com\/es\/\"},{\"@type\":\"ListItem\",\"position\":2,\"name\":\"Eventos\",\"item\":\"https:\/\/www.alteacultural.com\/es\/events\/\"},{\"@type\":\"ListItem\",\"position\":3,\"name\":\"Encontes &#8211; Festival de Narraci\u00f3 Oral &#8211; Altea 2020\"}]},{\"@type\":\"WebSite\",\"@id\":\"https:\/\/www.alteacultural.com\/es\/#website\",\"url\":\"https:\/\/www.alteacultural.com\/es\/\",\"name\":\"Altea Cultural\",\"description\":\"Regidoria de Cultura de l&#039;Ajuntament d&#039;Altea\",\"potentialAction\":[{\"@type\":\"SearchAction\",\"target\":{\"@type\":\"EntryPoint\",\"urlTemplate\":\"https:\/\/www.alteacultural.com\/es\/?s={search_term_string}\"},\"query-input\":\"required name=search_term_string\"}],\"inLanguage\":\"es\"}]}<\/script>\n<!-- \/ Yoast SEO plugin. -->","yoast_head_json":{"title":"Encontes - Festival de Narraci\u00f3 Oral - Altea 2020 - Altea Cultural","robots":{"index":"index","follow":"follow","max-snippet":"max-snippet:-1","max-image-preview":"max-image-preview:large","max-video-preview":"max-video-preview:-1"},"canonical":"https:\/\/www.alteacultural.com\/es\/events\/encontes-festival-de-narracio-oral-altea-2020\/","og_locale":"es_ES","og_type":"article","og_title":"Encontes - Festival de Narraci\u00f3 Oral - Altea 2020 - Altea Cultural","og_description":"JUEVES 22 DE OCTUBRE 18 h. \u00abContem, cantem&#8230;o que fem?\u00bb. Cuentacuentos, cuentos y canciones a cargo de Carles Llinares. [&hellip;]","og_url":"https:\/\/www.alteacultural.com\/es\/events\/encontes-festival-de-narracio-oral-altea-2020\/","og_site_name":"Altea Cultural","article_modified_time":"2024-06-12T19:11:46+00:00","og_image":[{"width":2560,"height":947,"url":"https:\/\/www.alteacultural.com\/wp-content\/uploads\/2020\/09\/Encontes2020_Cabecera-01-scaled.jpg","type":"image\/jpeg"}],"twitter_card":"summary_large_image","twitter_misc":{"Tiempo de lectura":"1 minuto"},"schema":{"@context":"https:\/\/schema.org","@graph":[{"@type":"WebPage","@id":"https:\/\/www.alteacultural.com\/es\/events\/encontes-festival-de-narracio-oral-altea-2020\/","url":"https:\/\/www.alteacultural.com\/es\/events\/encontes-festival-de-narracio-oral-altea-2020\/","name":"Encontes - Festival de Narraci\u00f3 Oral - Altea 2020 - Altea Cultural","isPartOf":{"@id":"https:\/\/www.alteacultural.com\/es\/#website"},"primaryImageOfPage":{"@id":"https:\/\/www.alteacultural.com\/es\/events\/encontes-festival-de-narracio-oral-altea-2020\/#primaryimage"},"image":{"@id":"https:\/\/www.alteacultural.com\/es\/events\/encontes-festival-de-narracio-oral-altea-2020\/#primaryimage"},"thumbnailUrl":"https:\/\/www.alteacultural.com\/wp-content\/uploads\/2020\/09\/Encontes2020_Cabecera-01-scaled.jpg","datePublished":"2020-09-20T09:31:29+00:00","dateModified":"2024-06-12T19:11:46+00:00","breadcrumb":{"@id":"https:\/\/www.alteacultural.com\/es\/events\/encontes-festival-de-narracio-oral-altea-2020\/#breadcrumb"},"inLanguage":"es","potentialAction":[{"@type":"ReadAction","target":["https:\/\/www.alteacultural.com\/es\/events\/encontes-festival-de-narracio-oral-altea-2020\/"]}]},{"@type":"ImageObject","inLanguage":"es","@id":"https:\/\/www.alteacultural.com\/es\/events\/encontes-festival-de-narracio-oral-altea-2020\/#primaryimage","url":"https:\/\/www.alteacultural.com\/wp-content\/uploads\/2020\/09\/Encontes2020_Cabecera-01-scaled.jpg","contentUrl":"https:\/\/www.alteacultural.com\/wp-content\/uploads\/2020\/09\/Encontes2020_Cabecera-01-scaled.jpg","width":2560,"height":947},{"@type":"BreadcrumbList","@id":"https:\/\/www.alteacultural.com\/es\/events\/encontes-festival-de-narracio-oral-altea-2020\/#breadcrumb","itemListElement":[{"@type":"ListItem","position":1,"name":"Inici","item":"https:\/\/www.alteacultural.com\/es\/"},{"@type":"ListItem","position":2,"name":"Eventos","item":"https:\/\/www.alteacultural.com\/es\/events\/"},{"@type":"ListItem","position":3,"name":"Encontes &#8211; Festival de Narraci\u00f3 Oral &#8211; Altea 2020"}]},{"@type":"WebSite","@id":"https:\/\/www.alteacultural.com\/es\/#website","url":"https:\/\/www.alteacultural.com\/es\/","name":"Altea Cultural","description":"Regidoria de Cultura de l&#039;Ajuntament d&#039;Altea","potentialAction":[{"@type":"SearchAction","target":{"@type":"EntryPoint","urlTemplate":"https:\/\/www.alteacultural.com\/es\/?s={search_term_string}"},"query-input":"required name=search_term_string"}],"inLanguage":"es"}]}},"mec_cost":"","mec_date":{"start":{"date":"2020-10-22","hour":"8","minutes":"0","ampm":"AM"},"end":{"date":"2020-10-25","hour":6,"minutes":"0","ampm":"PM"},"allday":"1","comment":"","repeat":{"type":"daily","interval":"1","advanced":"","end":"never","end_at_date":"","end_at_occurrences":"10"}},"_links":{"self":[{"href":"https:\/\/www.alteacultural.com\/es\/wp-json\/wp\/v2\/mec-events\/766"}],"collection":[{"href":"https:\/\/www.alteacultural.com\/es\/wp-json\/wp\/v2\/mec-events"}],"about":[{"href":"https:\/\/www.alteacultural.com\/es\/wp-json\/wp\/v2\/types\/mec-events"}],"author":[{"embeddable":true,"href":"https:\/\/www.alteacultural.com\/es\/wp-json\/wp\/v2\/users\/1"}],"replies":[{"embeddable":true,"href":"https:\/\/www.alteacultural.com\/es\/wp-json\/wp\/v2\/comments?post=766"}],"wp:featuredmedia":[{"embeddable":true,"href":"https:\/\/www.alteacultural.com\/es\/wp-json\/wp\/v2\/media\/893"}],"wp:attachment":[{"href":"https:\/\/www.alteacultural.com\/es\/wp-json\/wp\/v2\/media?parent=766"}],"curies":[{"name":"wp","href":"https:\/\/api.w.org\/{rel}","templated":true}]}}