{"id":8396,"date":"2021-06-26T20:52:10","date_gmt":"2021-06-26T18:52:10","guid":{"rendered":"https:\/\/www.alteacultural.com\/events\/inma-mira-i-julio-awad-musica-a-boqueta-nit-2021\/"},"modified":"2025-06-29T11:51:45","modified_gmt":"2025-06-29T09:51:45","slug":"inma-mira-i-julio-awad-musica-a-boqueta-nit-2021","status":"publish","type":"mec-events","link":"https:\/\/www.alteacultural.com\/es\/events\/inma-mira-i-julio-awad-musica-a-boqueta-nit-2021\/","title":{"rendered":"Inma Mira i Julio Awad &#8211; M\u00fasica a Boqueta Nit 2021"},"content":{"rendered":"<div class=\"gs\">\n<div class=\"\">\n<div id=\":ue\" class=\"ii gt\">\n<div id=\":ud\" class=\"a3s aiL \">\n<div dir=\"ltr\"><strong>Viernes<\/strong> 13 de agosto \u00b7 21:00 h<br \/>\nInma Mira y Julio Awad<br \/>\n\u201cEntre t\u00fa y yo\u201d<\/div>\n<div dir=\"ltr\">\n<div id=\":ud\" class=\"a3s aiL \">\n<div dir=\"ltr\">\nInma Mira posee una extensa trayectoria en teatro musical, habiendo protagonizado obras como Te quiero, Eres perfecto \u00a1Ya te cambiar\u00e9!, Avenue Q y Nine, y ha formado parte del elenco de Sonrisas y L\u00e1grimas y Mamma Mia, entre otras. Pero sin duda lo m\u00e1s destacado de su carrera es haber sido la quinta Evita mundial en la obra hom\u00f3nima, dirigida por Jaime Azpilicueta. Adem\u00e1s, ha sido coprotagonista, junto a Paloma San Basilio, en Sunset Boulevard, dirigida nuevamente por Azpilicueta. La artista alteana posee una amplia formaci\u00f3n en m\u00fasica, danza e interpretaci\u00f3n en prestigiosos centros como la escuela \u201cCircle in the Square\u201d de Nueva York.<\/div>\n<\/div>\n<div dir=\"ltr\">\n<p>Julio Awad es director musical y arreglador de La Bella y la Bestia, Annie, My Fair Lady, El Fantasma de la \u00d3pera, Grease, Sonrisas y L\u00e1grimas y Priscilla, Reina del Desierto, entre otros espect\u00e1culos. Tambi\u00e9n es arreglador de numerosos artistas, entre los que destacan Paloma San Basilio, La Guardia, John Cameron y John Patittucci. Tiene m\u00e1s de 30 discos grabados como cesionista y arreglador para diferentes artistas y compa\u00f1\u00edas discogr\u00e1ficas. Ha recibido numerosos premios a la Mejor Direcci\u00f3n Musical por su trabajo en Sonrisas y L\u00e1grimas, Iba en Serio y Priscilla, Reina del Desierto.<\/p>\n<p>&nbsp;<\/p>\n<\/div>\n<\/div>\n<\/div>\n<div dir=\"ltr\">\n<p style=\"text-align: center;\"><iframe title=\"YouTube video player\" data-src=\"https:\/\/www.youtube.com\/embed\/nhtHg1QgmNc\" width=\"560\" height=\"315\" frameborder=\"0\" allowfullscreen=\"allowfullscreen\" src=\"data:image\/gif;base64,R0lGODlhAQABAAAAACH5BAEKAAEALAAAAAABAAEAAAICTAEAOw==\" class=\"lazyload\" data-load-mode=\"1\"><\/iframe><\/p>\n<\/div>\n<\/div>\n<\/div>\n<\/div>\n<h2><span style=\"color: #00ccff;\">Entrades \/ <em>Entradas<\/em><\/span><\/h2>\n<p><iframe id=\"etktfrm11017\" data-src=\"https:\/\/venta.atenea360.es\/buy\/?id=11017\" width=\"100%\" frameborder=\"0\" src=\"data:image\/gif;base64,R0lGODlhAQABAAAAACH5BAEKAAEALAAAAAABAAEAAAICTAEAOw==\" class=\"lazyload\" data-load-mode=\"1\"><\/iframe><script type=\"text\/javascript\" src=\"https:\/\/d31tcnbxvxtafg.cloudfront.net\/js\/libraries\/buy.js\"><\/script><\/p>\n<p>&nbsp;<\/p>\n<h2><span style=\"color: #00ccff;\">Abonaments \/ <em>Abonos<\/em><\/span><\/h2>\n<p>\u00b7 <a href=\"https:\/\/www.enterticket.es\/eventos\/musica-a-boqueta-nit-altea-2021-abono-hasta-22jul-4-a-607860\" target=\"_blank\" rel=\"noopener noreferrer\">ABON. FINS\/<em>HASTA<\/em> 22\/jul<\/a><br \/>\n\u00b7 <a href=\"https:\/\/www.enterticket.es\/eventos\/musica-a-boqueta-nit-altea-2021-abono-desde-29jul-5-actuaciones-725226\" target=\"_blank\" rel=\"noopener noreferrer\">ABON. DES DEL\/<em>DESDE EL<\/em> 29\/JUL<\/a><\/p>\n<p>&nbsp;<\/p>\n<p><strong>M\u00daSICA A BOQUETA NIT &#8211; 2021<br \/>\n<\/strong>Altea, de l&#8217;1\/jul al 26\/ago<br \/>\n+info <a href=\"http:\/\/www.alteacultural.com\/musicaaboquetanit\" target=\"_blank\" rel=\"noopener noreferrer\" data-saferedirecturl=\"https:\/\/www.google.com\/url?q=http:\/\/www.alteacultural.com\/musicaaboquetanit&amp;source=gmail&amp;ust=1624815370493000&amp;usg=AFQjCNFY_X4xhvCedYaPRU3iPTEAMuWaUw\" data-mt-detrack-inspected=\"true\">www.alteacultural.com\/<wbr \/>musicaaboquetanit<\/a><\/p>\n<p>&nbsp;<\/p>\n<p><a href=\"http:\/\/www.alteacultural.com\/musicaaboquetanit\"><img fetchpriority=\"high\" decoding=\"async\" class=\"aligncenter wp-image-8200\" src=\"https:\/\/www.alteacultural.com\/wp-content\/uploads\/2021\/05\/Musica_a_Boqueta_Nit_2021_Cartell-01.jpg\" alt=\"\" width=\"750\" height=\"1060\" srcset=\"https:\/\/www.alteacultural.com\/wp-content\/uploads\/2021\/05\/Musica_a_Boqueta_Nit_2021_Cartell-01.jpg 1754w, https:\/\/www.alteacultural.com\/wp-content\/uploads\/2021\/05\/Musica_a_Boqueta_Nit_2021_Cartell-01-768x1086.jpg 768w, https:\/\/www.alteacultural.com\/wp-content\/uploads\/2021\/05\/Musica_a_Boqueta_Nit_2021_Cartell-01-1086x1536.jpg 1086w, https:\/\/www.alteacultural.com\/wp-content\/uploads\/2021\/05\/Musica_a_Boqueta_Nit_2021_Cartell-01-1448x2048.jpg 1448w\" sizes=\"(max-width: 750px) 100vw, 750px\" \/><\/a><\/p>\n","protected":false},"excerpt":{"rendered":"<p>Viernes 13 de agosto \u00b7 21:00 h Inma Mira y Julio Awad \u201cEntre t\u00fa y yo\u201d Inma Mira posee [&hellip;]<\/p>\n","protected":false},"author":1,"featured_media":8395,"comment_status":"open","ping_status":"closed","template":"","meta":{"_expiration-date-status":"saved","_expiration-date":0,"_expiration-date-type":"","_expiration-date-categories":[],"_expiration-date-options":[]},"yoast_head":"<!-- This site is optimized with the Yoast SEO plugin v22.8 - https:\/\/yoast.com\/wordpress\/plugins\/seo\/ -->\n<title>Inma Mira i Julio Awad - M\u00fasica a Boqueta Nit 2021 - Altea Cultural<\/title>\n<meta name=\"robots\" content=\"index, follow, max-snippet:-1, max-image-preview:large, max-video-preview:-1\" \/>\n<link rel=\"canonical\" href=\"https:\/\/www.alteacultural.com\/es\/events\/inma-mira-i-julio-awad-musica-a-boqueta-nit-2021\/\" \/>\n<meta property=\"og:locale\" content=\"es_ES\" \/>\n<meta property=\"og:type\" content=\"article\" \/>\n<meta property=\"og:title\" content=\"Inma Mira i Julio Awad - M\u00fasica a Boqueta Nit 2021 - Altea Cultural\" \/>\n<meta property=\"og:description\" content=\"Viernes 13 de agosto \u00b7 21:00 h Inma Mira y Julio Awad \u201cEntre t\u00fa y yo\u201d Inma Mira posee [&hellip;]\" \/>\n<meta property=\"og:url\" content=\"https:\/\/www.alteacultural.com\/es\/events\/inma-mira-i-julio-awad-musica-a-boqueta-nit-2021\/\" \/>\n<meta property=\"og:site_name\" content=\"Altea Cultural\" \/>\n<meta property=\"article:modified_time\" content=\"2025-06-29T09:51:45+00:00\" \/>\n<meta property=\"og:image\" content=\"https:\/\/www.alteacultural.com\/wp-content\/uploads\/2021\/06\/Musica_a_Boqueta_Nit_2021_Capcalera7-01-scaled.jpg\" \/>\n\t<meta property=\"og:image:width\" content=\"2560\" \/>\n\t<meta property=\"og:image:height\" content=\"947\" \/>\n\t<meta property=\"og:image:type\" content=\"image\/jpeg\" \/>\n<meta name=\"twitter:card\" content=\"summary_large_image\" \/>\n<meta name=\"twitter:label1\" content=\"Tiempo de lectura\" \/>\n\t<meta name=\"twitter:data1\" content=\"2 minutos\" \/>\n<script type=\"application\/ld+json\" class=\"yoast-schema-graph\">{\"@context\":\"https:\/\/schema.org\",\"@graph\":[{\"@type\":\"WebPage\",\"@id\":\"https:\/\/www.alteacultural.com\/es\/events\/inma-mira-i-julio-awad-musica-a-boqueta-nit-2021\/\",\"url\":\"https:\/\/www.alteacultural.com\/es\/events\/inma-mira-i-julio-awad-musica-a-boqueta-nit-2021\/\",\"name\":\"Inma Mira i Julio Awad - M\u00fasica a Boqueta Nit 2021 - Altea Cultural\",\"isPartOf\":{\"@id\":\"https:\/\/www.alteacultural.com\/es\/#website\"},\"primaryImageOfPage\":{\"@id\":\"https:\/\/www.alteacultural.com\/es\/events\/inma-mira-i-julio-awad-musica-a-boqueta-nit-2021\/#primaryimage\"},\"image\":{\"@id\":\"https:\/\/www.alteacultural.com\/es\/events\/inma-mira-i-julio-awad-musica-a-boqueta-nit-2021\/#primaryimage\"},\"thumbnailUrl\":\"https:\/\/www.alteacultural.com\/wp-content\/uploads\/2021\/06\/Musica_a_Boqueta_Nit_2021_Capcalera7-01-scaled.jpg\",\"datePublished\":\"2021-06-26T18:52:10+00:00\",\"dateModified\":\"2025-06-29T09:51:45+00:00\",\"breadcrumb\":{\"@id\":\"https:\/\/www.alteacultural.com\/es\/events\/inma-mira-i-julio-awad-musica-a-boqueta-nit-2021\/#breadcrumb\"},\"inLanguage\":\"es\",\"potentialAction\":[{\"@type\":\"ReadAction\",\"target\":[\"https:\/\/www.alteacultural.com\/es\/events\/inma-mira-i-julio-awad-musica-a-boqueta-nit-2021\/\"]}]},{\"@type\":\"ImageObject\",\"inLanguage\":\"es\",\"@id\":\"https:\/\/www.alteacultural.com\/es\/events\/inma-mira-i-julio-awad-musica-a-boqueta-nit-2021\/#primaryimage\",\"url\":\"https:\/\/www.alteacultural.com\/wp-content\/uploads\/2021\/06\/Musica_a_Boqueta_Nit_2021_Capcalera7-01-scaled.jpg\",\"contentUrl\":\"https:\/\/www.alteacultural.com\/wp-content\/uploads\/2021\/06\/Musica_a_Boqueta_Nit_2021_Capcalera7-01-scaled.jpg\",\"width\":2560,\"height\":947},{\"@type\":\"BreadcrumbList\",\"@id\":\"https:\/\/www.alteacultural.com\/es\/events\/inma-mira-i-julio-awad-musica-a-boqueta-nit-2021\/#breadcrumb\",\"itemListElement\":[{\"@type\":\"ListItem\",\"position\":1,\"name\":\"Inici\",\"item\":\"https:\/\/www.alteacultural.com\/es\/\"},{\"@type\":\"ListItem\",\"position\":2,\"name\":\"Eventos\",\"item\":\"https:\/\/www.alteacultural.com\/es\/events\/\"},{\"@type\":\"ListItem\",\"position\":3,\"name\":\"Inma Mira i Julio Awad &#8211; M\u00fasica a Boqueta Nit 2021\"}]},{\"@type\":\"WebSite\",\"@id\":\"https:\/\/www.alteacultural.com\/es\/#website\",\"url\":\"https:\/\/www.alteacultural.com\/es\/\",\"name\":\"Altea Cultural\",\"description\":\"Regidoria de Cultura de l&#039;Ajuntament d&#039;Altea\",\"potentialAction\":[{\"@type\":\"SearchAction\",\"target\":{\"@type\":\"EntryPoint\",\"urlTemplate\":\"https:\/\/www.alteacultural.com\/es\/?s={search_term_string}\"},\"query-input\":\"required name=search_term_string\"}],\"inLanguage\":\"es\"}]}<\/script>\n<!-- \/ Yoast SEO plugin. -->","yoast_head_json":{"title":"Inma Mira i Julio Awad - M\u00fasica a Boqueta Nit 2021 - Altea Cultural","robots":{"index":"index","follow":"follow","max-snippet":"max-snippet:-1","max-image-preview":"max-image-preview:large","max-video-preview":"max-video-preview:-1"},"canonical":"https:\/\/www.alteacultural.com\/es\/events\/inma-mira-i-julio-awad-musica-a-boqueta-nit-2021\/","og_locale":"es_ES","og_type":"article","og_title":"Inma Mira i Julio Awad - M\u00fasica a Boqueta Nit 2021 - Altea Cultural","og_description":"Viernes 13 de agosto \u00b7 21:00 h Inma Mira y Julio Awad \u201cEntre t\u00fa y yo\u201d Inma Mira posee [&hellip;]","og_url":"https:\/\/www.alteacultural.com\/es\/events\/inma-mira-i-julio-awad-musica-a-boqueta-nit-2021\/","og_site_name":"Altea Cultural","article_modified_time":"2025-06-29T09:51:45+00:00","og_image":[{"width":2560,"height":947,"url":"https:\/\/www.alteacultural.com\/wp-content\/uploads\/2021\/06\/Musica_a_Boqueta_Nit_2021_Capcalera7-01-scaled.jpg","type":"image\/jpeg"}],"twitter_card":"summary_large_image","twitter_misc":{"Tiempo de lectura":"2 minutos"},"schema":{"@context":"https:\/\/schema.org","@graph":[{"@type":"WebPage","@id":"https:\/\/www.alteacultural.com\/es\/events\/inma-mira-i-julio-awad-musica-a-boqueta-nit-2021\/","url":"https:\/\/www.alteacultural.com\/es\/events\/inma-mira-i-julio-awad-musica-a-boqueta-nit-2021\/","name":"Inma Mira i Julio Awad - M\u00fasica a Boqueta Nit 2021 - Altea Cultural","isPartOf":{"@id":"https:\/\/www.alteacultural.com\/es\/#website"},"primaryImageOfPage":{"@id":"https:\/\/www.alteacultural.com\/es\/events\/inma-mira-i-julio-awad-musica-a-boqueta-nit-2021\/#primaryimage"},"image":{"@id":"https:\/\/www.alteacultural.com\/es\/events\/inma-mira-i-julio-awad-musica-a-boqueta-nit-2021\/#primaryimage"},"thumbnailUrl":"https:\/\/www.alteacultural.com\/wp-content\/uploads\/2021\/06\/Musica_a_Boqueta_Nit_2021_Capcalera7-01-scaled.jpg","datePublished":"2021-06-26T18:52:10+00:00","dateModified":"2025-06-29T09:51:45+00:00","breadcrumb":{"@id":"https:\/\/www.alteacultural.com\/es\/events\/inma-mira-i-julio-awad-musica-a-boqueta-nit-2021\/#breadcrumb"},"inLanguage":"es","potentialAction":[{"@type":"ReadAction","target":["https:\/\/www.alteacultural.com\/es\/events\/inma-mira-i-julio-awad-musica-a-boqueta-nit-2021\/"]}]},{"@type":"ImageObject","inLanguage":"es","@id":"https:\/\/www.alteacultural.com\/es\/events\/inma-mira-i-julio-awad-musica-a-boqueta-nit-2021\/#primaryimage","url":"https:\/\/www.alteacultural.com\/wp-content\/uploads\/2021\/06\/Musica_a_Boqueta_Nit_2021_Capcalera7-01-scaled.jpg","contentUrl":"https:\/\/www.alteacultural.com\/wp-content\/uploads\/2021\/06\/Musica_a_Boqueta_Nit_2021_Capcalera7-01-scaled.jpg","width":2560,"height":947},{"@type":"BreadcrumbList","@id":"https:\/\/www.alteacultural.com\/es\/events\/inma-mira-i-julio-awad-musica-a-boqueta-nit-2021\/#breadcrumb","itemListElement":[{"@type":"ListItem","position":1,"name":"Inici","item":"https:\/\/www.alteacultural.com\/es\/"},{"@type":"ListItem","position":2,"name":"Eventos","item":"https:\/\/www.alteacultural.com\/es\/events\/"},{"@type":"ListItem","position":3,"name":"Inma Mira i Julio Awad &#8211; M\u00fasica a Boqueta Nit 2021"}]},{"@type":"WebSite","@id":"https:\/\/www.alteacultural.com\/es\/#website","url":"https:\/\/www.alteacultural.com\/es\/","name":"Altea Cultural","description":"Regidoria de Cultura de l&#039;Ajuntament d&#039;Altea","potentialAction":[{"@type":"SearchAction","target":{"@type":"EntryPoint","urlTemplate":"https:\/\/www.alteacultural.com\/es\/?s={search_term_string}"},"query-input":"required name=search_term_string"}],"inLanguage":"es"}]}},"mec_cost":"6\u20ac (compra on-line 5\u20ac)","mec_date":{"start":{"date":"2021-08-13","hour":9,"minutes":"0","ampm":"PM"},"end":{"date":"2021-08-13","hour":10,"minutes":"0","ampm":"PM"},"comment":"","repeat":{"type":"daily","interval":"1","advanced":"","end":"never","end_at_date":"","end_at_occurrences":"10"}},"_links":{"self":[{"href":"https:\/\/www.alteacultural.com\/es\/wp-json\/wp\/v2\/mec-events\/8396"}],"collection":[{"href":"https:\/\/www.alteacultural.com\/es\/wp-json\/wp\/v2\/mec-events"}],"about":[{"href":"https:\/\/www.alteacultural.com\/es\/wp-json\/wp\/v2\/types\/mec-events"}],"author":[{"embeddable":true,"href":"https:\/\/www.alteacultural.com\/es\/wp-json\/wp\/v2\/users\/1"}],"replies":[{"embeddable":true,"href":"https:\/\/www.alteacultural.com\/es\/wp-json\/wp\/v2\/comments?post=8396"}],"wp:featuredmedia":[{"embeddable":true,"href":"https:\/\/www.alteacultural.com\/es\/wp-json\/wp\/v2\/media\/8395"}],"wp:attachment":[{"href":"https:\/\/www.alteacultural.com\/es\/wp-json\/wp\/v2\/media?parent=8396"}],"curies":[{"name":"wp","href":"https:\/\/api.w.org\/{rel}","templated":true}]}}