{"id":11935,"date":"2021-09-02T12:17:47","date_gmt":"2021-09-02T10:17:47","guid":{"rendered":"https:\/\/www.alteacultural.com\/?page_id=11935"},"modified":"2025-10-14T12:00:15","modified_gmt":"2025-10-14T10:00:15","slug":"festivalmusicaantiga","status":"publish","type":"page","link":"https:\/\/www.alteacultural.com\/es\/festivalmusicaantiga\/","title":{"rendered":"Festival de M\u00fasica Antiga i Barroca"},"content":{"rendered":"\t\t<div data-elementor-type=\"wp-page\" data-elementor-id=\"11935\" class=\"elementor elementor-11935\">\n\t\t\t\t\t\t<section class=\"elementor-section elementor-top-section elementor-element elementor-element-33cfe1b elementor-section-boxed elementor-section-height-default elementor-section-height-default exad-glass-effect-no exad-sticky-section-no\" data-id=\"33cfe1b\" data-element_type=\"section\">\n\t\t\t\t\t\t<div class=\"elementor-container elementor-column-gap-default\">\n\t\t\t\t\t<div class=\"elementor-column elementor-col-100 elementor-top-column elementor-element elementor-element-b6d98c6 exad-glass-effect-no exad-sticky-section-no\" data-id=\"b6d98c6\" data-element_type=\"column\">\n\t\t\t<div class=\"elementor-widget-wrap elementor-element-populated\">\n\t\t\t\t\t\t<div class=\"elementor-element elementor-element-95e8ea2 exad-sticky-section-no exad-glass-effect-no elementor-widget elementor-widget-image\" data-id=\"95e8ea2\" data-element_type=\"widget\" data-widget_type=\"image.default\">\n\t\t\t\t<div class=\"elementor-widget-container\">\n\t\t\t\t\t\t\t\t\t\t\t\t\t<img fetchpriority=\"high\" decoding=\"async\" width=\"640\" height=\"360\" src=\"https:\/\/www.alteacultural.com\/wp-content\/uploads\/2020\/09\/logo-musica_barroca-768x432.png\" class=\"attachment-medium_large size-medium_large wp-image-761\" alt=\"\" srcset=\"https:\/\/www.alteacultural.com\/wp-content\/uploads\/2020\/09\/logo-musica_barroca-768x432.png 768w, https:\/\/www.alteacultural.com\/wp-content\/uploads\/2020\/09\/logo-musica_barroca-300x169.png 300w, https:\/\/www.alteacultural.com\/wp-content\/uploads\/2020\/09\/logo-musica_barroca-1024x576.png 1024w, https:\/\/www.alteacultural.com\/wp-content\/uploads\/2020\/09\/logo-musica_barroca-1536x864.png 1536w, https:\/\/www.alteacultural.com\/wp-content\/uploads\/2020\/09\/logo-musica_barroca-2048x1152.png 2048w\" sizes=\"(max-width: 640px) 100vw, 640px\" \/>\t\t\t\t\t\t\t\t\t\t\t\t\t<\/div>\n\t\t\t\t<\/div>\n\t\t\t\t\t<\/div>\n\t\t<\/div>\n\t\t\t\t\t<\/div>\n\t\t<\/section>\n\t\t<!-- dce invisible element 690febd -->\t\t<section class=\"elementor-section elementor-top-section elementor-element elementor-element-08badc0 elementor-section-boxed elementor-section-height-default elementor-section-height-default exad-glass-effect-no exad-sticky-section-no\" data-id=\"08badc0\" data-element_type=\"section\">\n\t\t\t\t\t\t<div class=\"elementor-container elementor-column-gap-default\">\n\t\t\t\t\t<div class=\"elementor-column elementor-col-100 elementor-top-column elementor-element elementor-element-6846d7b exad-glass-effect-no exad-sticky-section-no\" data-id=\"6846d7b\" data-element_type=\"column\">\n\t\t\t<div class=\"elementor-widget-wrap elementor-element-populated\">\n\t\t\t\t\t\t<div class=\"elementor-element elementor-element-ac0d819 exad-sticky-section-no exad-glass-effect-no elementor-widget elementor-widget-image\" data-id=\"ac0d819\" data-element_type=\"widget\" data-widget_type=\"image.default\">\n\t\t\t\t<div class=\"elementor-widget-container\">\n\t\t\t\t\t\t\t\t\t\t\t\t\t<img decoding=\"async\" width=\"1200\" height=\"230\" data-src=\"https:\/\/www.alteacultural.com\/wp-content\/uploads\/2021\/09\/barrocontra.jpg\" class=\"attachment-medium size-medium wp-image-12148 lazyload\" alt=\"\" data-srcset=\"https:\/\/www.alteacultural.com\/wp-content\/uploads\/2021\/09\/barrocontra.jpg 1200w, https:\/\/www.alteacultural.com\/wp-content\/uploads\/2021\/09\/barrocontra-768x147.jpg 768w\" data-sizes=\"(max-width: 1200px) 100vw, 1200px\" src=\"data:image\/gif;base64,R0lGODlhAQABAAAAACH5BAEKAAEALAAAAAABAAEAAAICTAEAOw==\" style=\"--smush-placeholder-width: 1200px; --smush-placeholder-aspect-ratio: 1200\/230;\" \/>\t\t\t\t\t\t\t\t\t\t\t\t\t<\/div>\n\t\t\t\t<\/div>\n\t\t\t\t\t<\/div>\n\t\t<\/div>\n\t\t\t\t\t<\/div>\n\t\t<\/section>\n\t\t\t\t<section class=\"elementor-section elementor-top-section elementor-element elementor-element-470380c elementor-section-boxed elementor-section-height-default elementor-section-height-default exad-glass-effect-no exad-sticky-section-no\" data-id=\"470380c\" data-element_type=\"section\">\n\t\t\t\t\t\t<div class=\"elementor-container elementor-column-gap-default\">\n\t\t\t\t\t<div class=\"elementor-column elementor-col-100 elementor-top-column elementor-element elementor-element-8845f34 exad-glass-effect-no exad-sticky-section-no\" data-id=\"8845f34\" data-element_type=\"column\">\n\t\t\t<div class=\"elementor-widget-wrap elementor-element-populated\">\n\t\t\t\t\t\t<div class=\"elementor-element elementor-element-27fd560 exad-sticky-section-no exad-glass-effect-no elementor-widget elementor-widget-heading\" data-id=\"27fd560\" data-element_type=\"widget\" data-widget_type=\"heading.default\">\n\t\t\t\t<div class=\"elementor-widget-container\">\n\t\t\t<h3 class=\"elementor-heading-title elementor-size-default\">edici\u00f3n 2025<\/h3>\t\t<\/div>\n\t\t\t\t<\/div>\n\t\t\t\t\t<\/div>\n\t\t<\/div>\n\t\t\t\t\t<\/div>\n\t\t<\/section>\n\t\t\t\t<section class=\"elementor-section elementor-top-section elementor-element elementor-element-be6dfe5 elementor-section-boxed elementor-section-height-default elementor-section-height-default exad-glass-effect-no exad-sticky-section-no\" data-id=\"be6dfe5\" data-element_type=\"section\">\n\t\t\t\t\t\t<div class=\"elementor-container elementor-column-gap-default\">\n\t\t\t\t\t<div class=\"elementor-column elementor-col-100 elementor-top-column elementor-element elementor-element-fefb21c exad-glass-effect-no exad-sticky-section-no\" data-id=\"fefb21c\" data-element_type=\"column\">\n\t\t\t<div class=\"elementor-widget-wrap elementor-element-populated\">\n\t\t\t\t<!-- dce invisible element 16aabbc --><!-- dce invisible element 4d5e300 -->\t\t\t<\/div>\n\t\t<\/div>\n\t\t\t\t\t<\/div>\n\t\t<\/section>\n\t\t<!-- dce invisible element 82297a9 -->\t\t<section class=\"elementor-section elementor-top-section elementor-element elementor-element-38cc5de elementor-section-boxed elementor-section-height-default elementor-section-height-default exad-glass-effect-no exad-sticky-section-no\" data-id=\"38cc5de\" data-element_type=\"section\">\n\t\t\t\t\t\t<div class=\"elementor-container elementor-column-gap-default\">\n\t\t\t\t\t<div class=\"elementor-column elementor-col-50 elementor-top-column elementor-element elementor-element-2cc042f exad-glass-effect-no exad-sticky-section-no\" data-id=\"2cc042f\" data-element_type=\"column\">\n\t\t\t<div class=\"elementor-widget-wrap elementor-element-populated\">\n\t\t\t\t\t\t<div class=\"elementor-element elementor-element-4a50c4b exad-sticky-section-no exad-glass-effect-no elementor-widget elementor-widget-image\" data-id=\"4a50c4b\" data-element_type=\"widget\" data-widget_type=\"image.default\">\n\t\t\t\t<div class=\"elementor-widget-container\">\n\t\t\t\t\t\t\t\t\t\t\t\t\t\t<a href=\"https:\/\/www.alteacultural.com\/es\/events\/orquestra-academica-altea-concert-solistes-festival-de-musica-antiga-i-barroca-altea-2023\/\">\n\t\t\t\t\t\t\t<img decoding=\"async\" data-src=\"https:\/\/www.alteacultural.com\/wp-content\/uploads\/elementor\/thumbs\/BarrocProject1-rcybf9kgiqe0tgyzyihgs0jdqblyhuhxd4qxek929k.jpg\" title=\"BarrocProject1\" alt=\"BarrocProject1\" src=\"data:image\/gif;base64,R0lGODlhAQABAAAAACH5BAEKAAEALAAAAAABAAEAAAICTAEAOw==\" class=\"lazyload\" style=\"--smush-placeholder-width: 400px; --smush-placeholder-aspect-ratio: 400\/300;\" \/>\t\t\t\t\t\t\t\t<\/a>\n\t\t\t\t\t\t\t\t\t\t\t\t\t<\/div>\n\t\t\t\t<\/div>\n\t\t\t\t<div class=\"elementor-element elementor-element-7ebaa83 exad-sticky-section-no exad-glass-effect-no elementor-widget elementor-widget-heading\" data-id=\"7ebaa83\" data-element_type=\"widget\" data-widget_type=\"heading.default\">\n\t\t\t\t<div class=\"elementor-widget-container\">\n\t\t\t<h3 class=\"elementor-heading-title elementor-size-default\">10 de octubre 2025\n<\/h3>\t\t<\/div>\n\t\t\t\t<\/div>\n\t\t\t\t<div class=\"elementor-element elementor-element-48e256f exad-sticky-section-no exad-glass-effect-no elementor-widget elementor-widget-heading\" data-id=\"48e256f\" data-element_type=\"widget\" data-widget_type=\"heading.default\">\n\t\t\t\t<div class=\"elementor-widget-container\">\n\t\t\t<h3 class=\"elementor-heading-title elementor-size-default\"><h3 data-elementor-setting-key=\"title\" data-pen-placeholder=\"Escriviu aqu\u00ed...\"><span style=\"color: rgb(65, 67, 68); font-family: Calligraffitti, sans-serif;\">Barroc Project &amp;<\/span><\/h3>Saray Garc\u00eda - Jos\u00e9 Duce - Pedro Vicente<\/h3>\t\t<\/div>\n\t\t\t\t<\/div>\n\t\t\t\t<div class=\"elementor-element elementor-element-fea72f9 premium-modal-dismissible-yes exad-sticky-section-no exad-glass-effect-no elementor-widget elementor-widget-premium-addon-modal-box\" data-id=\"fea72f9\" data-element_type=\"widget\" data-settings=\"{&quot;premium_modal_box_animation&quot;:&quot;fadeInDown&quot;}\" data-widget_type=\"premium-addon-modal-box.default\">\n\t\t\t\t<div class=\"elementor-widget-container\">\n\t\t\t\n\t\t<div class=\"premium-modal-box-container\" data-settings=\"{&quot;trigger&quot;:&quot;button&quot;}\">\n\t\t\t<div class=\"premium-modal-trigger-container\">\n\t\t\t\t\t\t\t\t\t<button data-toggle=\"premium-modal\" data-target=\"#premium-modal-fea72f9\" type=\"button\" class=\"premium-modal-trigger-btn premium-btn-lg premium-button-none \" data-text=\"Programa\">\n\n\t\t\t\t\t\t\n\t\t\t\t\t\t<div class=\"premium-button-text-icon-wrapper\">\n\t\t\t\t\t\t\t<span>Programa<\/span>\n\t\t\t\t\t\t<\/div>\n\n\t\t\t\t\t\t\n\t\t\t\t\t\t\n\t\t\t\t\t\t\n\t\t\t\t\t<\/button>\n\t\t\t\t\t\t\t<\/div>\n\n\t\t\t<div id=\"premium-modal-fea72f9\" class=\"premium-modal-box-modal\"\n\t\t\trole=\"dialog\"\n\t\t\tstyle=\"display: none\"\n\t\t\t>\n\t\t\t\t<div class=\"premium-modal-box-modal-dialog\" data-delay-animation=\"\" data-modal-animation=\"fadeInDown animated-fast\">\n\t\t\t\t\t\t\t\t\t\t\t<div class=\"premium-modal-box-modal-header\">\n\t\t\t\t\t\t\t\t\t\t\t\t\t\t\t<h3 class=\"premium-modal-box-modal-title\">\n\t\t\t\t\t\t\t\t\tPrograna\t\t\t\t\t\t\t\t<\/h3>\n\t\t\t\t\t\t\t\t\t\t\t\t\t\t\t\t\t\t\t\t\t\t<div class=\"premium-modal-box-close-button-container\">\n\t\t\t\t\t\t\t\t\t<button type=\"button\" class=\"premium-modal-box-modal-close\" data-dismiss=\"premium-modal\">&times;<\/button>\n\t\t\t\t\t\t\t\t<\/div>\n\t\t\t\t\t\t\t\t\t\t\t\t\t<\/div>\n\t\t\t\t\t\t\t\t\t\t<div class=\"premium-modal-box-modal-body\">\n\t\t\t\t\t\t<p>BARROC PROJECT<br \/>10\/10\/2025 \u00b7 Iglesia S. Francisco Altea<\/p><p>\u00a0<\/p><p><span style=\"text-decoration: underline;\"><em><strong>PROGRAMA<\/strong><\/em><\/span><\/p><p>Pr\u00f3logo de la m\u00fasica Claudio Monteverdi<\/p><p>Caro mio Ben Giussepe Giornado<\/p><p>Stabat Mater Giovanni Battista Pergolesi<\/p><p>Vidit suum Giovanni Battista Pergolesi<\/p><p>Concertino para clarinete Giussepe Tartini<br \/>I. Grave \u00b7 II. Allegro molto \u00b7 III. Adagio \u00b7 IV. Allegro Risoluto<\/p><p>How beautiful are the feet Georg Friedrich Ha\u00ebndel<\/p><p>Ave Mar\u00eda Giulio Caccini<\/p><p>Lamento de Dido Henry. Purcell<\/p><p>Lascia ch`io pianga Georg Friedrich Ha\u00ebndel<\/p><p>Jes\u00fas bleibet meine Freude Johann Sebastian Bach<\/p><p>\u00a0<\/p><p><span style=\"text-decoration: underline;\"><em><strong>M\u00daSICOS<\/strong><\/em><\/span><\/p><p>Saray Garc\u00eda, soprano<br \/>Pedro Vicente, clarinete<br \/>Jos\u00e9 Duce, clavec\u00edn<\/p>\t\t\t\t\t<\/div>\n\t\t\t\t\t\t\t\t\t\t\t<div class=\"premium-modal-box-modal-footer\">\n\t\t\t\t\t\t\t<button type=\"button\" class=\"premium-modal-box-modal-lower-close\" data-dismiss=\"premium-modal\">\n\t\t\t\t\t\t\t\tCerrar\t\t\t\t\t\t\t<\/button>\n\t\t\t\t\t\t<\/div>\n\t\t\t\t\t\t\t\t\t<\/div>\n\t\t\t<\/div>\n\t\t<\/div>\n\n\t\t\t\t<\/div>\n\t\t\t\t<\/div>\n\t\t\t\t\t<\/div>\n\t\t<\/div>\n\t\t\t\t<div class=\"elementor-column elementor-col-50 elementor-top-column elementor-element elementor-element-4562747 exad-glass-effect-no exad-sticky-section-no\" data-id=\"4562747\" data-element_type=\"column\">\n\t\t\t<div class=\"elementor-widget-wrap elementor-element-populated\">\n\t\t\t\t\t\t<div class=\"elementor-element elementor-element-f2e95db exad-sticky-section-no exad-glass-effect-no elementor-widget elementor-widget-image\" data-id=\"f2e95db\" data-element_type=\"widget\" data-widget_type=\"image.default\">\n\t\t\t\t<div class=\"elementor-widget-container\">\n\t\t\t\t\t\t\t\t\t\t\t\t\t\t<a href=\"https:\/\/www.alteacultural.com\/es\/events\/la-llum-del-metall-festival-de-musica-antiga-i-barroca-altea-2023\/\">\n\t\t\t\t\t\t\t<img decoding=\"async\" data-src=\"https:\/\/www.alteacultural.com\/wp-content\/uploads\/elementor\/thumbs\/Camerata_Aitana-rcunff6wj7h1s9age03p6mjj8uucqt09posofnuvug.jpg\" title=\"Camerata_Aitana\" alt=\"Camerata_Aitana\" src=\"data:image\/gif;base64,R0lGODlhAQABAAAAACH5BAEKAAEALAAAAAABAAEAAAICTAEAOw==\" class=\"lazyload\" style=\"--smush-placeholder-width: 400px; --smush-placeholder-aspect-ratio: 400\/300;\" \/>\t\t\t\t\t\t\t\t<\/a>\n\t\t\t\t\t\t\t\t\t\t\t\t\t<\/div>\n\t\t\t\t<\/div>\n\t\t\t\t<div class=\"elementor-element elementor-element-63a687a exad-sticky-section-no exad-glass-effect-no elementor-widget elementor-widget-heading\" data-id=\"63a687a\" data-element_type=\"widget\" data-widget_type=\"heading.default\">\n\t\t\t\t<div class=\"elementor-widget-container\">\n\t\t\t<h3 class=\"elementor-heading-title elementor-size-default\">18 de octubre 2025<\/h3>\t\t<\/div>\n\t\t\t\t<\/div>\n\t\t\t\t<div class=\"elementor-element elementor-element-2962bb7 exad-sticky-section-no exad-glass-effect-no elementor-widget elementor-widget-heading\" data-id=\"2962bb7\" data-element_type=\"widget\" data-widget_type=\"heading.default\">\n\t\t\t\t<div class=\"elementor-widget-container\">\n\t\t\t<h3 class=\"elementor-heading-title elementor-size-default\"><h3 data-elementor-setting-key=\"title\" data-pen-placeholder=\"Escriviu aqu\u00ed...\"><span style=\"color: rgb(65, 67, 68); font-family: Calligraffitti, sans-serif;\">Camerata Aitana<\/span><\/h3>\"Sacro\"<\/h3>\t\t<\/div>\n\t\t\t\t<\/div>\n\t\t\t\t<div class=\"elementor-element elementor-element-0eaabe8 premium-modal-dismissible-yes exad-sticky-section-no exad-glass-effect-no elementor-widget elementor-widget-premium-addon-modal-box\" data-id=\"0eaabe8\" data-element_type=\"widget\" data-settings=\"{&quot;premium_modal_box_animation&quot;:&quot;fadeInDown&quot;}\" data-widget_type=\"premium-addon-modal-box.default\">\n\t\t\t\t<div class=\"elementor-widget-container\">\n\t\t\t\n\t\t<div class=\"premium-modal-box-container\" data-settings=\"{&quot;trigger&quot;:&quot;button&quot;}\">\n\t\t\t<div class=\"premium-modal-trigger-container\">\n\t\t\t\t\t\t\t\t\t<button data-toggle=\"premium-modal\" data-target=\"#premium-modal-0eaabe8\" type=\"button\" class=\"premium-modal-trigger-btn premium-btn-lg premium-button-none \" data-text=\"Programa\">\n\n\t\t\t\t\t\t\n\t\t\t\t\t\t<div class=\"premium-button-text-icon-wrapper\">\n\t\t\t\t\t\t\t<span>Programa<\/span>\n\t\t\t\t\t\t<\/div>\n\n\t\t\t\t\t\t\n\t\t\t\t\t\t\n\t\t\t\t\t\t\n\t\t\t\t\t<\/button>\n\t\t\t\t\t\t\t<\/div>\n\n\t\t\t<div id=\"premium-modal-0eaabe8\" class=\"premium-modal-box-modal\"\n\t\t\trole=\"dialog\"\n\t\t\tstyle=\"display: none\"\n\t\t\t>\n\t\t\t\t<div class=\"premium-modal-box-modal-dialog\" data-delay-animation=\"\" data-modal-animation=\"fadeInDown animated-fast\">\n\t\t\t\t\t\t\t\t\t\t\t<div class=\"premium-modal-box-modal-header\">\n\t\t\t\t\t\t\t\t\t\t\t\t\t\t\t<h3 class=\"premium-modal-box-modal-title\">\n\t\t\t\t\t\t\t\t\tPrograna\t\t\t\t\t\t\t\t<\/h3>\n\t\t\t\t\t\t\t\t\t\t\t\t\t\t\t\t\t\t\t\t\t\t<div class=\"premium-modal-box-close-button-container\">\n\t\t\t\t\t\t\t\t\t<button type=\"button\" class=\"premium-modal-box-modal-close\" data-dismiss=\"premium-modal\">&times;<\/button>\n\t\t\t\t\t\t\t\t<\/div>\n\t\t\t\t\t\t\t\t\t\t\t\t\t<\/div>\n\t\t\t\t\t\t\t\t\t\t<div class=\"premium-modal-box-modal-body\">\n\t\t\t\t\t\t<p><strong>CAMERATA AITANA<\/strong><\/p><p>CONCIERTO &#8216;SACRO&#8217;<br \/>18\/10\/2025<br \/><br \/><\/p><p><em><strong>Componentes<\/strong><\/em><\/p><p>Soprano: Pepi Lloret.<br \/>Tenor: Pablo Mart\u00ednez<br \/>Violines: Vicente Ant\u00f3n, Mar\u00eda Asensi. <br \/>Violoncelo: Francisco Pastor.<br \/>Piano\/\u00d3rgano: To\u00f1i Llinares<\/p><p><br \/><em><strong>Programa<\/strong><\/em><\/p><p><strong>I<\/strong><\/p><p><em>Laudamus Te (Gloria RV 589)<\/em> &#8211; A. Vivaldi<\/p><p><em>Singe, Seele, Gott zum Preise HWV 206<\/em> &#8211; G. F. H\u00e4ndel<\/p><p><em>Come, ever smiling Liberty<\/em> (Judas Maccabaeus HWV 63)<\/p><p><em>Vergn\u00fcgen und Lust<\/em> (Cantata Gott ist unsre Zuversicht BWV 197) &#8211; J. S. Bach<\/p><p><em>Mit W\u00fcrd\u00b4 und Hoheitangetan<\/em> (La Creaci\u00f3n Hob XXI: 2) &#8211; J. Haydn<\/p><p><em>Nun beut die Flur das frische Gr\u00fcn<\/em> (La Creaci\u00f3n Hob XXI: 2)<\/p><p><br \/><strong>II<\/strong><\/p><p><em>Trio Sonata en Sol M<\/em> &#8211;\u00a0 J. Stamitz<\/p><p><em>Sei getreu bis in den Tod<\/em> (Paulus opus 36) &#8211; F. Mendelssohn<\/p><p><em>Ave Mar\u00eda<\/em> &#8211; Gounod<\/p><p><em>Cujus animam gementem<\/em> (Stabat Mater) &#8211; G. Rossini<\/p><p><em>Oraci\u00f3n de las madres que tienen a sus hijos en brazos<\/em> &#8211; M. Falla<\/p><p><em>Panis Angelicus<\/em> &#8211; C Franck<\/p>\t\t\t\t\t<\/div>\n\t\t\t\t\t\t\t\t\t\t\t<div class=\"premium-modal-box-modal-footer\">\n\t\t\t\t\t\t\t<button type=\"button\" class=\"premium-modal-box-modal-lower-close\" data-dismiss=\"premium-modal\">\n\t\t\t\t\t\t\t\tCerrar\t\t\t\t\t\t\t<\/button>\n\t\t\t\t\t\t<\/div>\n\t\t\t\t\t\t\t\t\t<\/div>\n\t\t\t<\/div>\n\t\t<\/div>\n\n\t\t\t\t<\/div>\n\t\t\t\t<\/div>\n\t\t\t\t\t<\/div>\n\t\t<\/div>\n\t\t\t\t\t<\/div>\n\t\t<\/section>\n\t\t\t\t<section class=\"elementor-section elementor-top-section elementor-element elementor-element-4e8b56d elementor-section-boxed elementor-section-height-default elementor-section-height-default exad-glass-effect-no exad-sticky-section-no\" data-id=\"4e8b56d\" data-element_type=\"section\">\n\t\t\t\t\t\t<div class=\"elementor-container elementor-column-gap-default\">\n\t\t\t\t\t<div class=\"elementor-column elementor-col-100 elementor-top-column elementor-element elementor-element-7e0acb6 exad-glass-effect-no exad-sticky-section-no\" data-id=\"7e0acb6\" data-element_type=\"column\">\n\t\t\t<div class=\"elementor-widget-wrap elementor-element-populated\">\n\t\t\t\t\t\t<div class=\"elementor-element elementor-element-8b97614 exad-sticky-section-no exad-glass-effect-no elementor-widget elementor-widget-image\" data-id=\"8b97614\" data-element_type=\"widget\" data-widget_type=\"image.default\">\n\t\t\t\t<div class=\"elementor-widget-container\">\n\t\t\t\t\t\t\t\t\t\t\t\t\t<img decoding=\"async\" width=\"1200\" height=\"230\" data-src=\"https:\/\/www.alteacultural.com\/wp-content\/uploads\/2021\/09\/contrabajobarroco.jpg\" class=\"attachment-large size-large wp-image-12154 lazyload\" alt=\"\" data-srcset=\"https:\/\/www.alteacultural.com\/wp-content\/uploads\/2021\/09\/contrabajobarroco.jpg 1200w, https:\/\/www.alteacultural.com\/wp-content\/uploads\/2021\/09\/contrabajobarroco-768x147.jpg 768w\" data-sizes=\"(max-width: 1200px) 100vw, 1200px\" src=\"data:image\/gif;base64,R0lGODlhAQABAAAAACH5BAEKAAEALAAAAAABAAEAAAICTAEAOw==\" style=\"--smush-placeholder-width: 1200px; --smush-placeholder-aspect-ratio: 1200\/230;\" \/>\t\t\t\t\t\t\t\t\t\t\t\t\t<\/div>\n\t\t\t\t<\/div>\n\t\t\t\t\t<\/div>\n\t\t<\/div>\n\t\t\t\t\t<\/div>\n\t\t<\/section>\n\t\t\t\t<section class=\"elementor-section elementor-top-section elementor-element elementor-element-eada503 elementor-section-boxed elementor-section-height-default elementor-section-height-default exad-glass-effect-no exad-sticky-section-no\" data-id=\"eada503\" data-element_type=\"section\">\n\t\t\t\t\t\t<div class=\"elementor-container elementor-column-gap-default\">\n\t\t\t\t\t<div class=\"elementor-column elementor-col-50 elementor-top-column elementor-element elementor-element-7dc517c exad-glass-effect-no exad-sticky-section-no\" data-id=\"7dc517c\" data-element_type=\"column\">\n\t\t\t<div class=\"elementor-widget-wrap elementor-element-populated\">\n\t\t\t\t\t\t<div class=\"elementor-element elementor-element-55d6b46 exad-sticky-section-no exad-glass-effect-no elementor-widget elementor-widget-heading\" data-id=\"55d6b46\" data-element_type=\"widget\" data-widget_type=\"heading.default\">\n\t\t\t\t<div class=\"elementor-widget-container\">\n\t\t\t<h3 class=\"elementor-heading-title elementor-size-default\">Entradas<\/h3>\t\t<\/div>\n\t\t\t\t<\/div>\n\t\t\t\t<div class=\"elementor-element elementor-element-9183995 exad-sticky-section-no exad-glass-effect-no elementor-widget elementor-widget-text-editor\" data-id=\"9183995\" data-element_type=\"widget\" data-widget_type=\"text-editor.default\">\n\t\t\t\t<div class=\"elementor-widget-container\">\n\t\t\t\t\t\t\t<p style=\"text-align: center;\"><strong>Entrada libre y gratuita.<\/strong><\/p><p><img decoding=\"async\" class=\"wp-image-7352 aligncenter lazyload\" data-src=\"https:\/\/www.alteacultural.com\/wp-content\/uploads\/2021\/05\/ticketboqueta-1.png\" alt=\"\" width=\"300\" height=\"292\" data-srcset=\"https:\/\/www.alteacultural.com\/wp-content\/uploads\/2021\/05\/ticketboqueta-1.png 3504w, https:\/\/www.alteacultural.com\/wp-content\/uploads\/2021\/05\/ticketboqueta-1-768x749.png 768w, https:\/\/www.alteacultural.com\/wp-content\/uploads\/2021\/05\/ticketboqueta-1-1536x1497.png 1536w, https:\/\/www.alteacultural.com\/wp-content\/uploads\/2021\/05\/ticketboqueta-1-2048x1997.png 2048w\" data-sizes=\"(max-width: 300px) 100vw, 300px\" src=\"data:image\/gif;base64,R0lGODlhAQABAAAAACH5BAEKAAEALAAAAAABAAEAAAICTAEAOw==\" style=\"--smush-placeholder-width: 300px; --smush-placeholder-aspect-ratio: 300\/292;\" \/><\/p>\t\t\t\t\t\t<\/div>\n\t\t\t\t<\/div>\n\t\t\t\t\t<\/div>\n\t\t<\/div>\n\t\t\t\t<div class=\"elementor-column elementor-col-50 elementor-top-column elementor-element elementor-element-59071b9 exad-glass-effect-no exad-sticky-section-no\" data-id=\"59071b9\" data-element_type=\"column\">\n\t\t\t<div class=\"elementor-widget-wrap elementor-element-populated\">\n\t\t\t\t\t\t<div class=\"elementor-element elementor-element-0e1ac76 exad-sticky-section-no exad-glass-effect-no elementor-widget elementor-widget-heading\" data-id=\"0e1ac76\" data-element_type=\"widget\" data-widget_type=\"heading.default\">\n\t\t\t\t<div class=\"elementor-widget-container\">\n\t\t\t<h3 class=\"elementor-heading-title elementor-size-default\">Lugar<\/h3>\t\t<\/div>\n\t\t\t\t<\/div>\n\t\t\t\t<div class=\"elementor-element elementor-element-ba0e671 exad-sticky-section-no exad-glass-effect-no elementor-widget elementor-widget-google_maps\" data-id=\"ba0e671\" data-element_type=\"widget\" data-widget_type=\"google_maps.default\">\n\t\t\t\t<div class=\"elementor-widget-container\">\n\t\t\t\t\t<div class=\"elementor-custom-embed\">\n\t\t\t<iframe\n\t\t\t\t\tdata-src=\"https:\/\/maps.google.com\/maps?q=Iglesia%20San%20Francisco%20Altea&#038;t=m&#038;z=18&#038;output=embed&#038;iwloc=near\"\n\t\t\t\t\ttitle=\"Iglesia San Francisco Altea\"\n\t\t\t\t\taria-label=\"Iglesia San Francisco Altea\"\n\t\t\t src=\"data:image\/gif;base64,R0lGODlhAQABAAAAACH5BAEKAAEALAAAAAABAAEAAAICTAEAOw==\" class=\"lazyload\" data-load-mode=\"1\"><\/iframe>\n\t\t<\/div>\n\t\t\t\t<\/div>\n\t\t\t\t<\/div>\n\t\t\t\t\t<\/div>\n\t\t<\/div>\n\t\t\t\t\t<\/div>\n\t\t<\/section>\n\t\t\t\t<section class=\"elementor-section elementor-top-section elementor-element elementor-element-2beeb81 elementor-section-boxed elementor-section-height-default elementor-section-height-default exad-glass-effect-no exad-sticky-section-no\" data-id=\"2beeb81\" data-element_type=\"section\">\n\t\t\t\t\t\t<div class=\"elementor-container elementor-column-gap-default\">\n\t\t\t\t\t<div class=\"elementor-column elementor-col-100 elementor-top-column elementor-element elementor-element-e5acc32 exad-glass-effect-no exad-sticky-section-no\" data-id=\"e5acc32\" data-element_type=\"column\">\n\t\t\t<div class=\"elementor-widget-wrap elementor-element-populated\">\n\t\t\t\t\t\t<div class=\"elementor-element elementor-element-0ba4b18 exad-sticky-section-no exad-glass-effect-no elementor-widget elementor-widget-spacer\" data-id=\"0ba4b18\" data-element_type=\"widget\" data-widget_type=\"spacer.default\">\n\t\t\t\t<div class=\"elementor-widget-container\">\n\t\t\t\t\t<div class=\"elementor-spacer\">\n\t\t\t<div class=\"elementor-spacer-inner\"><\/div>\n\t\t<\/div>\n\t\t\t\t<\/div>\n\t\t\t\t<\/div>\n\t\t\t\t\t<\/div>\n\t\t<\/div>\n\t\t\t\t\t<\/div>\n\t\t<\/section>\n\t\t\t\t<section class=\"elementor-section elementor-top-section elementor-element elementor-element-6a370f0 elementor-section-boxed elementor-section-height-default elementor-section-height-default exad-glass-effect-no exad-sticky-section-no\" data-id=\"6a370f0\" data-element_type=\"section\">\n\t\t\t\t\t\t<div class=\"elementor-container elementor-column-gap-default\">\n\t\t\t\t\t<div class=\"elementor-column elementor-col-100 elementor-top-column elementor-element elementor-element-6d2a907 exad-glass-effect-no exad-sticky-section-no\" data-id=\"6d2a907\" data-element_type=\"column\">\n\t\t\t<div class=\"elementor-widget-wrap elementor-element-populated\">\n\t\t\t\t\t\t<div class=\"elementor-element elementor-element-917ecc3 exad-sticky-section-no exad-glass-effect-no elementor-widget elementor-widget-image\" data-id=\"917ecc3\" data-element_type=\"widget\" data-widget_type=\"image.default\">\n\t\t\t\t<div class=\"elementor-widget-container\">\n\t\t\t\t\t\t\t\t\t\t\t\t\t<img decoding=\"async\" width=\"1200\" height=\"200\" data-src=\"https:\/\/www.alteacultural.com\/wp-content\/uploads\/2021\/09\/organitzamaib.jpg\" class=\"attachment-large size-large wp-image-12214 lazyload\" alt=\"\" data-srcset=\"https:\/\/www.alteacultural.com\/wp-content\/uploads\/2021\/09\/organitzamaib.jpg 1200w, https:\/\/www.alteacultural.com\/wp-content\/uploads\/2021\/09\/organitzamaib-768x128.jpg 768w\" data-sizes=\"(max-width: 1200px) 100vw, 1200px\" src=\"data:image\/gif;base64,R0lGODlhAQABAAAAACH5BAEKAAEALAAAAAABAAEAAAICTAEAOw==\" style=\"--smush-placeholder-width: 1200px; --smush-placeholder-aspect-ratio: 1200\/200;\" \/>\t\t\t\t\t\t\t\t\t\t\t\t\t<\/div>\n\t\t\t\t<\/div>\n\t\t\t\t\t<\/div>\n\t\t<\/div>\n\t\t\t\t\t<\/div>\n\t\t<\/section>\n\t\t\t\t<\/div>\n\t\t","protected":false},"excerpt":{"rendered":"<p>edici\u00f3n 2025 FESTIVAL DE M\u00daSICA ANTIGA I BARROCA &#8211; Dissabte 14 octubre 19:30h en l&#8217;Esgl\u00e9sia Parroquial Nostra Senyora del [&hellip;]<\/p>\n","protected":false},"author":1,"featured_media":0,"parent":0,"menu_order":0,"comment_status":"closed","ping_status":"closed","template":"template-fullwide.php","meta":{"_expiration-date-status":"","_expiration-date":0,"_expiration-date-type":"","_expiration-date-categories":[],"_expiration-date-options":[],"footnotes":""},"yoast_head":"<!-- This site is optimized with the Yoast SEO plugin v22.8 - https:\/\/yoast.com\/wordpress\/plugins\/seo\/ -->\n<title>Festival de M\u00fasica Antiga i Barroca - Altea Cultural<\/title>\n<meta name=\"robots\" content=\"index, follow, max-snippet:-1, max-image-preview:large, max-video-preview:-1\" \/>\n<link rel=\"canonical\" href=\"https:\/\/www.alteacultural.com\/es\/festivalmusicaantiga\/\" \/>\n<meta property=\"og:locale\" content=\"es_ES\" \/>\n<meta property=\"og:type\" content=\"article\" \/>\n<meta property=\"og:title\" content=\"Festival de M\u00fasica Antiga i Barroca - Altea Cultural\" \/>\n<meta property=\"og:description\" content=\"edici\u00f3n 2025 FESTIVAL DE M\u00daSICA ANTIGA I BARROCA &#8211; Dissabte 14 octubre 19:30h en l&#8217;Esgl\u00e9sia Parroquial Nostra Senyora del [&hellip;]\" \/>\n<meta property=\"og:url\" content=\"https:\/\/www.alteacultural.com\/es\/festivalmusicaantiga\/\" \/>\n<meta property=\"og:site_name\" content=\"Altea Cultural\" \/>\n<meta property=\"article:modified_time\" content=\"2025-10-14T10:00:15+00:00\" \/>\n<meta property=\"og:image\" content=\"https:\/\/www.alteacultural.com\/wp-content\/uploads\/2020\/09\/logo-musica_barroca-768x432.png\" \/>\n<meta name=\"twitter:card\" content=\"summary_large_image\" \/>\n<meta name=\"twitter:label1\" content=\"Tiempo de lectura\" \/>\n\t<meta name=\"twitter:data1\" content=\"7 minutos\" \/>\n<script type=\"application\/ld+json\" class=\"yoast-schema-graph\">{\"@context\":\"https:\/\/schema.org\",\"@graph\":[{\"@type\":\"WebPage\",\"@id\":\"https:\/\/www.alteacultural.com\/es\/festivalmusicaantiga\/\",\"url\":\"https:\/\/www.alteacultural.com\/es\/festivalmusicaantiga\/\",\"name\":\"Festival de M\u00fasica Antiga i Barroca - Altea Cultural\",\"isPartOf\":{\"@id\":\"https:\/\/www.alteacultural.com\/es\/#website\"},\"primaryImageOfPage\":{\"@id\":\"https:\/\/www.alteacultural.com\/es\/festivalmusicaantiga\/#primaryimage\"},\"image\":{\"@id\":\"https:\/\/www.alteacultural.com\/es\/festivalmusicaantiga\/#primaryimage\"},\"thumbnailUrl\":\"https:\/\/www.alteacultural.com\/wp-content\/uploads\/2020\/09\/logo-musica_barroca-768x432.png\",\"datePublished\":\"2021-09-02T10:17:47+00:00\",\"dateModified\":\"2025-10-14T10:00:15+00:00\",\"breadcrumb\":{\"@id\":\"https:\/\/www.alteacultural.com\/es\/festivalmusicaantiga\/#breadcrumb\"},\"inLanguage\":\"es\",\"potentialAction\":[{\"@type\":\"ReadAction\",\"target\":[\"https:\/\/www.alteacultural.com\/es\/festivalmusicaantiga\/\"]}]},{\"@type\":\"ImageObject\",\"inLanguage\":\"es\",\"@id\":\"https:\/\/www.alteacultural.com\/es\/festivalmusicaantiga\/#primaryimage\",\"url\":\"https:\/\/www.alteacultural.com\/wp-content\/uploads\/2020\/09\/logo-musica_barroca-768x432.png\",\"contentUrl\":\"https:\/\/www.alteacultural.com\/wp-content\/uploads\/2020\/09\/logo-musica_barroca-768x432.png\"},{\"@type\":\"BreadcrumbList\",\"@id\":\"https:\/\/www.alteacultural.com\/es\/festivalmusicaantiga\/#breadcrumb\",\"itemListElement\":[{\"@type\":\"ListItem\",\"position\":1,\"name\":\"Inici\",\"item\":\"https:\/\/www.alteacultural.com\/es\/\"},{\"@type\":\"ListItem\",\"position\":2,\"name\":\"Festival de M\u00fasica Antiga i Barroca\"}]},{\"@type\":\"WebSite\",\"@id\":\"https:\/\/www.alteacultural.com\/es\/#website\",\"url\":\"https:\/\/www.alteacultural.com\/es\/\",\"name\":\"Altea Cultural\",\"description\":\"Regidoria de Cultura de l&#039;Ajuntament d&#039;Altea\",\"potentialAction\":[{\"@type\":\"SearchAction\",\"target\":{\"@type\":\"EntryPoint\",\"urlTemplate\":\"https:\/\/www.alteacultural.com\/es\/?s={search_term_string}\"},\"query-input\":\"required name=search_term_string\"}],\"inLanguage\":\"es\"}]}<\/script>\n<!-- \/ Yoast SEO plugin. -->","yoast_head_json":{"title":"Festival de M\u00fasica Antiga i Barroca - Altea Cultural","robots":{"index":"index","follow":"follow","max-snippet":"max-snippet:-1","max-image-preview":"max-image-preview:large","max-video-preview":"max-video-preview:-1"},"canonical":"https:\/\/www.alteacultural.com\/es\/festivalmusicaantiga\/","og_locale":"es_ES","og_type":"article","og_title":"Festival de M\u00fasica Antiga i Barroca - Altea Cultural","og_description":"edici\u00f3n 2025 FESTIVAL DE M\u00daSICA ANTIGA I BARROCA &#8211; Dissabte 14 octubre 19:30h en l&#8217;Esgl\u00e9sia Parroquial Nostra Senyora del [&hellip;]","og_url":"https:\/\/www.alteacultural.com\/es\/festivalmusicaantiga\/","og_site_name":"Altea Cultural","article_modified_time":"2025-10-14T10:00:15+00:00","og_image":[{"url":"https:\/\/www.alteacultural.com\/wp-content\/uploads\/2020\/09\/logo-musica_barroca-768x432.png"}],"twitter_card":"summary_large_image","twitter_misc":{"Tiempo de lectura":"7 minutos"},"schema":{"@context":"https:\/\/schema.org","@graph":[{"@type":"WebPage","@id":"https:\/\/www.alteacultural.com\/es\/festivalmusicaantiga\/","url":"https:\/\/www.alteacultural.com\/es\/festivalmusicaantiga\/","name":"Festival de M\u00fasica Antiga i Barroca - Altea Cultural","isPartOf":{"@id":"https:\/\/www.alteacultural.com\/es\/#website"},"primaryImageOfPage":{"@id":"https:\/\/www.alteacultural.com\/es\/festivalmusicaantiga\/#primaryimage"},"image":{"@id":"https:\/\/www.alteacultural.com\/es\/festivalmusicaantiga\/#primaryimage"},"thumbnailUrl":"https:\/\/www.alteacultural.com\/wp-content\/uploads\/2020\/09\/logo-musica_barroca-768x432.png","datePublished":"2021-09-02T10:17:47+00:00","dateModified":"2025-10-14T10:00:15+00:00","breadcrumb":{"@id":"https:\/\/www.alteacultural.com\/es\/festivalmusicaantiga\/#breadcrumb"},"inLanguage":"es","potentialAction":[{"@type":"ReadAction","target":["https:\/\/www.alteacultural.com\/es\/festivalmusicaantiga\/"]}]},{"@type":"ImageObject","inLanguage":"es","@id":"https:\/\/www.alteacultural.com\/es\/festivalmusicaantiga\/#primaryimage","url":"https:\/\/www.alteacultural.com\/wp-content\/uploads\/2020\/09\/logo-musica_barroca-768x432.png","contentUrl":"https:\/\/www.alteacultural.com\/wp-content\/uploads\/2020\/09\/logo-musica_barroca-768x432.png"},{"@type":"BreadcrumbList","@id":"https:\/\/www.alteacultural.com\/es\/festivalmusicaantiga\/#breadcrumb","itemListElement":[{"@type":"ListItem","position":1,"name":"Inici","item":"https:\/\/www.alteacultural.com\/es\/"},{"@type":"ListItem","position":2,"name":"Festival de M\u00fasica Antiga i Barroca"}]},{"@type":"WebSite","@id":"https:\/\/www.alteacultural.com\/es\/#website","url":"https:\/\/www.alteacultural.com\/es\/","name":"Altea Cultural","description":"Regidoria de Cultura de l&#039;Ajuntament d&#039;Altea","potentialAction":[{"@type":"SearchAction","target":{"@type":"EntryPoint","urlTemplate":"https:\/\/www.alteacultural.com\/es\/?s={search_term_string}"},"query-input":"required name=search_term_string"}],"inLanguage":"es"}]}},"_links":{"self":[{"href":"https:\/\/www.alteacultural.com\/es\/wp-json\/wp\/v2\/pages\/11935"}],"collection":[{"href":"https:\/\/www.alteacultural.com\/es\/wp-json\/wp\/v2\/pages"}],"about":[{"href":"https:\/\/www.alteacultural.com\/es\/wp-json\/wp\/v2\/types\/page"}],"author":[{"embeddable":true,"href":"https:\/\/www.alteacultural.com\/es\/wp-json\/wp\/v2\/users\/1"}],"replies":[{"embeddable":true,"href":"https:\/\/www.alteacultural.com\/es\/wp-json\/wp\/v2\/comments?post=11935"}],"version-history":[{"count":227,"href":"https:\/\/www.alteacultural.com\/es\/wp-json\/wp\/v2\/pages\/11935\/revisions"}],"predecessor-version":[{"id":38256,"href":"https:\/\/www.alteacultural.com\/es\/wp-json\/wp\/v2\/pages\/11935\/revisions\/38256"}],"wp:attachment":[{"href":"https:\/\/www.alteacultural.com\/es\/wp-json\/wp\/v2\/media?parent=11935"}],"curies":[{"name":"wp","href":"https:\/\/api.w.org\/{rel}","templated":true}]}}