{"id":12795,"date":"2021-12-06T22:47:08","date_gmt":"2021-12-06T21:47:08","guid":{"rendered":"https:\/\/www.alteacultural.com\/nadal\/"},"modified":"2021-12-06T23:11:03","modified_gmt":"2021-12-06T22:11:03","slug":"nadal","status":"publish","type":"page","link":"https:\/\/www.alteacultural.com\/es\/nadal\/","title":{"rendered":"Navidad en Altea"},"content":{"rendered":"<div class=\"mec-wrap mec-skin-grid-container \" id=\"mec_skin_12797\">\r\n    \r\n    <div id=\"mec_search_form_12797\" class=\"mec-search-form mec-totalcal-box\"><div class=\"mec-dropdown-wrap\" ><div class=\"mec-dropdown-search\">\r\n                    <i class=\"mec-sl-folder\"><\/i><select  name=' ' id='mec_sf_category_12797' class='postform'>\n\t<option value='' selected='selected'>Categor\u00eda<\/option>\n\t<option class=\"level-0\" value=\"10\">Altea la Vella<\/option>\n\t<option class=\"level-0\" value=\"25\">Arte<\/option>\n\t<option class=\"level-0\" value=\"210\">Cine<\/option>\n\t<option class=\"level-0\" value=\"8\">Conferencias \/ cursos<\/option>\n\t<option class=\"level-0\" value=\"6\">Danza<\/option>\n\t<option class=\"level-0\" value=\"98\">Exposiciones<\/option>\n\t<option class=\"level-0\" value=\"9\">Fotograf\u00eda<\/option>\n\t<option class=\"level-0\" value=\"37\">Infantil<\/option>\n\t<option class=\"level-0\" value=\"7\">Literatura<\/option>\n\t<option class=\"level-0\" value=\"5\">M\u00fasica<\/option>\n\t<option class=\"level-0\" value=\"218\">Otros<\/option>\n\t<option class=\"level-0\" value=\"40\">Portada<\/option>\n\t<option class=\"level-0\" value=\"30\">Teatro<\/option>\n<\/select>\n<\/div><\/div><\/div>    \r\n            <div class=\"mec-skin-grid-events-container\" id=\"mec_skin_events_12797\">\r\n        <div class=\"mec-wrap \">\r\n    <div class=\"mec-event-grid-clean\">\r\n        <div class=\"row\"><div class=\"col-md-6 col-sm-6\">        <script type=\"application\/ld+json\">\r\n        {\r\n            \"@context\" \t\t: \"http:\/\/schema.org\",\r\n            \"@type\" \t\t: \"Event\",\r\n            \"startDate\" \t: \"2025-12-01\",\r\n            \"endDate\" \t\t: \"2026-01-10\",\r\n            \"location\" \t\t:\r\n            {\r\n                \"@type\" \t\t: \"Place\",\r\n                \"name\" \t\t\t: \"Altea\",\r\n                \"image\"\t\t\t: \"\",\r\n                \"address\"\t\t: \"Altea, Espa\u00f1a\"\r\n            },\r\n            \"offers\": {\r\n                \"url\": \"https:\/\/www.alteacultural.com\/es\/events\/nadal-a-altea-2025\/\",\r\n                \"price\": \"\",\r\n                \"priceCurrency\" : \"\u20ac\"\r\n            },\r\n            \"performer\": \"\",\r\n            \"description\" \t: \"&lt;img class=&quot;aligncenter wp-image-38745&quot; src=&quot;https:\/\/www.alteacultural.com\/wp-content\/uploads\/2025\/11\/Nadal-a-Altea_2025_diptic-8pags-V2_Pagina_1.jpg&quot; alt=&quot;&quot; width=&quot;746&quot; height=&quot;1058&quot; \/&gt;\r\n\r\n&nbsp;\r\n&lt;p style=&quot;text-align: center;&quot;&gt;&lt;img class=&quot;size-full wp-image-38748 aligncenter&quot; src=&quot;https:\/\/www.alteacultural.com\/wp-content\/uploads\/2025\/11\/Nadal-a-Altea_2025_diptic-8pags-V2_Pagina_2.jpg&quot; alt=&quot;&quot; width=&quot;746&quot; height=&quot;1059&quot; \/&gt;&lt;\/p&gt;\r\n&lt;p style=&quot;text-align: center;&quot;&gt;&lt;img class=&quot;alignnone size-full wp-image-38750&quot; src=&quot;https:\/\/www.alteacultural.com\/wp-content\/uploads\/2025\/11\/Nadal-a-Altea_2025_diptic-8pags-V2_Pagina_3.jpg&quot; alt=&quot;&quot; width=&quot;746&quot; height=&quot;1059&quot; \/&gt;&lt;\/p&gt;\r\n&lt;p style=&quot;text-align: center;&quot;&gt;&lt;img class=&quot;alignnone size-full wp-image-38752&quot; src=&quot;https:\/\/www.alteacultural.com\/wp-content\/uploads\/2025\/11\/Nadal-a-Altea_2025_diptic-8pags-V2_Pagina_4.jpg&quot; alt=&quot;&quot; width=&quot;746&quot; height=&quot;1051&quot; \/&gt;&lt;\/p&gt;\r\n&lt;img class=&quot;alignnone size-full wp-image-38754 aligncenter&quot; src=&quot;https:\/\/www.alteacultural.com\/wp-content\/uploads\/2025\/11\/Nadal-a-Altea_2025_diptic-8pags-V2_Pagina_5.jpg&quot; alt=&quot;&quot; width=&quot;741&quot; height=&quot;1051&quot; \/&gt;\r\n\r\n&nbsp;\r\n\r\n&nbsp;\r\n\r\n&lt;a href=&quot;https:\/\/www.alteacultural.com\/wp-content\/uploads\/2025\/12\/Nadal-a-Altea_2025_diptic-8pags-V2.pdf&quot; target=&quot;_blank&quot; rel=&quot;noopener&quot;&gt;DESCARGAR PROGRAMA EN PDF ( &lt;\/a&gt;VALENCI\u00c0 \/ CASTELLANO \/ ENGLISH&lt;a href=&quot;https:\/\/www.alteacultural.com\/wp-content\/uploads\/2025\/12\/Nadal-a-Altea_2025_diptic-8pags-V2.pdf&quot; target=&quot;_blank&quot; rel=&quot;noopener&quot;&gt;\u00a0)&lt;\/a&gt;\r\n&lt;p style=&quot;text-align: center;&quot;&gt;&lt;a href=&quot;http:\/\/www.alteacultural.com\/es\/nadal&quot;&gt;M\u00c1S PROGRAMACI\u00d3N DE &lt;strong&gt;NAVIDAD&lt;\/strong&gt;:\r\n&lt;\/a&gt;&lt;a href=&quot;http:\/\/www.alteacultural.com\/es\/nadal&quot;&gt;&lt;img class=&quot;aligncenter wp-image-12759&quot; src=&quot;https:\/\/www.alteacultural.com\/wp-content\/uploads\/2021\/12\/ElNadalAAltea-01.jpg&quot; alt=&quot;&quot; width=&quot;300&quot; height=&quot;100&quot; \/&gt;&lt;\/a&gt;&lt;\/p&gt;\r\n&lt;p style=&quot;text-align: center;&quot;&gt;&lt;\/p&gt;\",\r\n            \"image\" \t\t: \"https:\/\/www.alteacultural.com\/wp-content\/uploads\/2021\/12\/web-Nadal-a-Altea_2021_banner.jpg\",\r\n            \"name\" \t\t\t: \"Nadal a Altea &#8211; 2025\",\r\n            \"url\"\t\t\t: \"https:\/\/www.alteacultural.com\/es\/events\/nadal-a-altea-2025\/\"\r\n        }\r\n        <\/script>\r\n        <article data-style=\"\" class=\"mec-past-event mec-event-article mec-clear \" itemscope>                    <div class=\"event-grid-t2-head mec-bg-color clearfix\">\r\n                                    <div class=\"mec-event-month\"><span class=\"mec-start-date-label\" itemprop=\"startDate\">01 diciembre<\/span><span class=\"mec-end-date-label\" itemprop=\"endDate\"> - 10 enero<\/span><\/div>\r\n                                                    <div class=\"mec-event-detail\">Altea<\/div>\r\n            <\/div>\r\n            <div class=\"mec-event-image\"><a data-event-id=\"38695\" href=\"https:\/\/www.alteacultural.com\/es\/events\/nadal-a-altea-2025\/\"><img decoding=\"async\" width=\"800\" height=\"283\" data-src=\"https:\/\/www.alteacultural.com\/wp-content\/uploads\/2021\/12\/web-Nadal-a-Altea_2021_banner.jpg\" class=\"attachment-medium size-medium wp-post-image lazyload\" alt=\"\" data-mec-postid=\"38695\" data-srcset=\"https:\/\/www.alteacultural.com\/wp-content\/uploads\/2021\/12\/web-Nadal-a-Altea_2021_banner.jpg 800w, https:\/\/www.alteacultural.com\/wp-content\/uploads\/2021\/12\/web-Nadal-a-Altea_2021_banner-768x272.jpg 768w\" data-sizes=\"(max-width: 800px) 100vw, 800px\" src=\"data:image\/gif;base64,R0lGODlhAQABAAAAACH5BAEKAAEALAAAAAABAAEAAAICTAEAOw==\" style=\"--smush-placeholder-width: 800px; --smush-placeholder-aspect-ratio: 800\/283;\" \/><\/a><\/div>\r\n            <div class=\"mec-event-content\">\r\n                                                <h4 class=\"mec-event-title\"><a class=\"mec-color-hover\" data-event-id=\"38695\" href=\"https:\/\/www.alteacultural.com\/es\/events\/nadal-a-altea-2025\/\">Nadal a Altea &#8211; 2025<\/a><span class=\"event-color\" style=\"background: #fdd700\"><\/span><\/h4>\r\n                <p>Altea, Espa\u00f1a<\/p>\r\n            <\/div>\r\n            <div class=\"mec-event-footer mec-color\">\r\n                                <ul class=\"mec-event-sharing-wrap\">\r\n                    <li class=\"mec-event-share\">\r\n                        <a href=\"#\" class=\"mec-event-share-icon\">\r\n                            <i class=\"mec-sl-share\"><\/i>\r\n                        <\/a>\r\n                    <\/li>\r\n                    <li>\r\n                        <ul class=\"mec-event-sharing\">\r\n                            <li class=\"mec-event-social-icon\"><a class=\"facebook\" href=\"https:\/\/www.facebook.com\/sharer\/sharer.php?u=https%3A%2F%2Fwww.alteacultural.com%2Fes%2Fevents%2Fnadal-a-altea-2025%2F\" onclick=\"javascript:window.open(this.href, '', 'menubar=no,toolbar=no,resizable=yes,scrollbars=yes,height=500,width=600'); return false;\" title=\"Compartir en Facebook\"><i class=\"mec-fa-facebook\"><\/i><\/a><\/li><li class=\"mec-event-social-icon\"><a class=\"twitter\" href=\"https:\/\/twitter.com\/share?url=https%3A%2F%2Fwww.alteacultural.com%2Fes%2Fevents%2Fnadal-a-altea-2025%2F\" onclick=\"javascript:window.open(this.href, '', 'menubar=no,toolbar=no,resizable=yes,scrollbars=yes,height=600,width=500'); return false;\" target=\"_blank\" title=\"Tweet\"><i class=\"mec-fa-twitter\"><\/i><\/a><\/li><li class=\"mec-event-social-icon\"><a class=\"linkedin\" href=\"https:\/\/www.linkedin.com\/shareArticle?mini=true&url=https%3A%2F%2Fwww.alteacultural.com%2Fes%2Fevents%2Fnadal-a-altea-2025%2F\" onclick=\"javascript:window.open(this.href, '', 'menubar=no,toolbar=no,resizable=yes,scrollbars=yes,height=600,width=500'); return false;\" target=\"_blank\" title=\"LinkedIn\"><i class=\"mec-fa-linkedin\"><\/i><\/a><\/li><li class=\"mec-event-social-icon\"><a class=\"vk\" href=\" http:\/\/vk.com\/share.php?url=https%3A%2F%2Fwww.alteacultural.com%2Fes%2Fevents%2Fnadal-a-altea-2025%2F\" title=\"VK\" target=\"_blank\"><i class=\"mec-fa-vk\"><\/i><\/a><\/li><li class=\"mec-event-social-icon\"><a class=\"email\" href=\"mailto:?subject=Nadal a Altea - 2025&body=https%3A%2F%2Fwww.alteacultural.com%2Fes%2Fevents%2Fnadal-a-altea-2025%2F\" title=\"Correo electr\u00f3nico\"><i class=\"mec-fa-envelope\"><\/i><\/a><\/li>                        <\/ul>\r\n                    <\/li>\r\n                <\/ul>\r\n                                                <a class=\"mec-booking-button\" data-event-id=\"38695\" href=\"https:\/\/www.alteacultural.com\/es\/events\/nadal-a-altea-2025\/\" target=\"_self\">Ver detalle<\/a>\r\n            <\/div>\r\n        <\/article><\/div>                <div class=\"col-md-6 col-sm-6\">        <script type=\"application\/ld+json\">\r\n        {\r\n            \"@context\" \t\t: \"http:\/\/schema.org\",\r\n            \"@type\" \t\t: \"Event\",\r\n            \"startDate\" \t: \"2025-12-04\",\r\n            \"endDate\" \t\t: \"2025-12-04\",\r\n            \"location\" \t\t:\r\n            {\r\n                \"@type\" \t\t: \"Place\",\r\n                \"name\" \t\t\t: \"Casa de Cultura Altea\",\r\n                \"image\"\t\t\t: \"\",\r\n                \"address\"\t\t: \"Pont de Moncau, 14, 03590 Altea\"\r\n            },\r\n            \"offers\": {\r\n                \"url\": \"https:\/\/www.alteacultural.com\/es\/events\/presentacio-dels-libres-premis-altea-totes-les-llums-del-temps-i-la-cuinera-de-noticies-altea-libres-a-la-tardor-2025\/\",\r\n                \"price\": \"Entrada libre y gratuita\",\r\n                \"priceCurrency\" : \"\u20ac\"\r\n            },\r\n            \"performer\": \"\",\r\n            \"description\" \t: \"4-dic | 19:30 h | Biblioteca P\u00fablica Altea\/Casa de Cultura de Altea\r\n\r\nACTO EN VALENCIANO.\r\n\r\nPresentaci\u00f3 dels llibres Premis Altea: &quot;Totes les llums del temps&quot; i &quot;La cuinera de not\u00edcies&quot; en el cicle &quot;Altea, llibres a la tardor - 2025&quot;.\r\n\r\n&lt;strong&gt;&quot;Totes les llums del temps&quot;&lt;\/strong&gt;.\r\n\r\nAutor: Marc Pallar\u00e8s Piquer.\r\n\r\nJordi s\u2019acaba de separar de Fabiola. La frustraci\u00f3 i el des\u00e0nim l\u2019ofeguen. Per\u00f2 un fet extraordinari trastoca la rutina de la resid\u00e8ncia de gent major on treballa. I la vida, inopinadament, li oferir\u00e0 la possibilitat de viure noves ombres i noves clarors en la confusa i complexa geografia dels seus sentiments: en l\u2019odi i en l\u2019amistat, en la desolaci\u00f3 i en l\u2019esperan\u00e7a, en el desamor i en l\u2019amor.\r\n\r\n&lt;strong&gt;&quot;La cuinera de not\u00edcies&quot;&lt;\/strong&gt;.\r\n\r\nAutora: Nina Busquet i Figueras.\r\n\r\nLa Loretta Prim\u00edcia ha obert un negoci molt particular: La Parada de Not\u00edcies. Amb l\u2019ajuda del seu lloro Ric, es dedica a cuinar i vendre not\u00edcies... Fins que un dia descobreix que el forn m\u00e0gic on cuina les not\u00edcies t\u00e9 la capacitat de predir el futur i de concedir desitjos.! Quines seran les primeres peticions que formular\u00e0? Quines conseq\u00fc\u00e8ncies tindran? Quins embolics comportaran?\r\n\r\n&lt;a href=&quot;https:\/\/www.alteacultural.com\/es\/tag\/presentacions-de-llibres\/&quot;&gt;VER CICLO COMPLETO&lt;\/a&gt;\r\n\r\n&nbsp;\r\n\r\n&lt;img class=&quot;aligncenter wp-image-38734&quot; src=&quot;https:\/\/www.alteacultural.com\/wp-content\/uploads\/2025\/10\/2025-12-04-Premis-Altea.jpeg&quot; alt=&quot;&quot; width=&quot;750&quot; height=&quot;984&quot; \/&gt;\r\n\r\n&nbsp;\r\n\r\n&nbsp;\r\n\r\n&lt;img class=&quot;aligncenter wp-image-38237&quot; src=&quot;https:\/\/www.alteacultural.com\/wp-content\/uploads\/2025\/10\/2025-12-18-LlibresTardor25_Cartell-01-scaled.jpg&quot; alt=&quot;&quot; width=&quot;750&quot; height=&quot;1061&quot; \/&gt;\",\r\n            \"image\" \t\t: \"https:\/\/www.alteacultural.com\/wp-content\/uploads\/2025\/10\/LlibresTardor25_Banner7-01-scaled.jpg\",\r\n            \"name\" \t\t\t: \"Presentaci\u00f3 dels llibres Premis Altea: \u00abTotes les llums del temps\u00bb i \u00abLa cuinera de not\u00edcies\u00bb &#8211; Altea, llibres a la tardor &#8211; 2025\",\r\n            \"url\"\t\t\t: \"https:\/\/www.alteacultural.com\/es\/events\/presentacio-dels-libres-premis-altea-totes-les-llums-del-temps-i-la-cuinera-de-noticies-altea-libres-a-la-tardor-2025\/\"\r\n        }\r\n        <\/script>\r\n        <article data-style=\"\" class=\"mec-past-event mec-event-article mec-clear \" itemscope>                    <div class=\"event-grid-t2-head mec-bg-color clearfix\">\r\n                                    <div class=\"mec-event-month\"><span class=\"mec-start-date-label\" itemprop=\"startDate\">04 diciembre<\/span><\/div>\r\n                                                    <div class=\"mec-event-detail\">Casa de Cultura Altea<\/div>\r\n            <\/div>\r\n            <div class=\"mec-event-image\"><a data-event-id=\"38289\" href=\"https:\/\/www.alteacultural.com\/es\/events\/presentacio-dels-libres-premis-altea-totes-les-llums-del-temps-i-la-cuinera-de-noticies-altea-libres-a-la-tardor-2025\/\"><img decoding=\"async\" width=\"2560\" height=\"948\" data-src=\"https:\/\/www.alteacultural.com\/wp-content\/uploads\/2025\/10\/LlibresTardor25_Banner7-01-scaled.jpg\" class=\"attachment-medium size-medium wp-post-image lazyload\" alt=\"\" data-mec-postid=\"38289\" data-srcset=\"https:\/\/www.alteacultural.com\/wp-content\/uploads\/2025\/10\/LlibresTardor25_Banner7-01-scaled.jpg 2560w, https:\/\/www.alteacultural.com\/wp-content\/uploads\/2025\/10\/LlibresTardor25_Banner7-01-768x284.jpg 768w, https:\/\/www.alteacultural.com\/wp-content\/uploads\/2025\/10\/LlibresTardor25_Banner7-01-1536x569.jpg 1536w, https:\/\/www.alteacultural.com\/wp-content\/uploads\/2025\/10\/LlibresTardor25_Banner7-01-2048x758.jpg 2048w\" data-sizes=\"(max-width: 2560px) 100vw, 2560px\" src=\"data:image\/gif;base64,R0lGODlhAQABAAAAACH5BAEKAAEALAAAAAABAAEAAAICTAEAOw==\" style=\"--smush-placeholder-width: 2560px; --smush-placeholder-aspect-ratio: 2560\/948;\" \/><\/a><\/div>\r\n            <div class=\"mec-event-content\">\r\n                                                <h4 class=\"mec-event-title\"><a class=\"mec-color-hover\" data-event-id=\"38289\" href=\"https:\/\/www.alteacultural.com\/es\/events\/presentacio-dels-libres-premis-altea-totes-les-llums-del-temps-i-la-cuinera-de-noticies-altea-libres-a-la-tardor-2025\/\">Presentaci\u00f3 dels llibres Premis Altea: \u00abTotes les llums del temps\u00bb i \u00abLa cuinera de not\u00edcies\u00bb &#8211; Altea, llibres a la tardor &#8211; 2025<\/a><span class=\"event-color\" style=\"background: #fdd700\"><\/span><\/h4>\r\n                <p>Pont de Moncau, 14, 03590 Altea<\/p>\r\n            <\/div>\r\n            <div class=\"mec-event-footer mec-color\">\r\n                                <ul class=\"mec-event-sharing-wrap\">\r\n                    <li class=\"mec-event-share\">\r\n                        <a href=\"#\" class=\"mec-event-share-icon\">\r\n                            <i class=\"mec-sl-share\"><\/i>\r\n                        <\/a>\r\n                    <\/li>\r\n                    <li>\r\n                        <ul class=\"mec-event-sharing\">\r\n                            <li class=\"mec-event-social-icon\"><a class=\"facebook\" href=\"https:\/\/www.facebook.com\/sharer\/sharer.php?u=https%3A%2F%2Fwww.alteacultural.com%2Fes%2Fevents%2Fpresentacio-dels-libres-premis-altea-totes-les-llums-del-temps-i-la-cuinera-de-noticies-altea-libres-a-la-tardor-2025%2F\" onclick=\"javascript:window.open(this.href, '', 'menubar=no,toolbar=no,resizable=yes,scrollbars=yes,height=500,width=600'); return false;\" title=\"Compartir en Facebook\"><i class=\"mec-fa-facebook\"><\/i><\/a><\/li><li class=\"mec-event-social-icon\"><a class=\"twitter\" href=\"https:\/\/twitter.com\/share?url=https%3A%2F%2Fwww.alteacultural.com%2Fes%2Fevents%2Fpresentacio-dels-libres-premis-altea-totes-les-llums-del-temps-i-la-cuinera-de-noticies-altea-libres-a-la-tardor-2025%2F\" onclick=\"javascript:window.open(this.href, '', 'menubar=no,toolbar=no,resizable=yes,scrollbars=yes,height=600,width=500'); return false;\" target=\"_blank\" title=\"Tweet\"><i class=\"mec-fa-twitter\"><\/i><\/a><\/li><li class=\"mec-event-social-icon\"><a class=\"linkedin\" href=\"https:\/\/www.linkedin.com\/shareArticle?mini=true&url=https%3A%2F%2Fwww.alteacultural.com%2Fes%2Fevents%2Fpresentacio-dels-libres-premis-altea-totes-les-llums-del-temps-i-la-cuinera-de-noticies-altea-libres-a-la-tardor-2025%2F\" onclick=\"javascript:window.open(this.href, '', 'menubar=no,toolbar=no,resizable=yes,scrollbars=yes,height=600,width=500'); return false;\" target=\"_blank\" title=\"LinkedIn\"><i class=\"mec-fa-linkedin\"><\/i><\/a><\/li><li class=\"mec-event-social-icon\"><a class=\"vk\" href=\" http:\/\/vk.com\/share.php?url=https%3A%2F%2Fwww.alteacultural.com%2Fes%2Fevents%2Fpresentacio-dels-libres-premis-altea-totes-les-llums-del-temps-i-la-cuinera-de-noticies-altea-libres-a-la-tardor-2025%2F\" title=\"VK\" target=\"_blank\"><i class=\"mec-fa-vk\"><\/i><\/a><\/li><li class=\"mec-event-social-icon\"><a class=\"email\" href=\"mailto:?subject=Presentaci\u00f3 dels llibres Premis Altea: \u00abTotes les llums del temps\u00bb i \u00abLa cuinera de not\u00edcies\u00bb - Altea, llibres a la tardor - 2025&body=https%3A%2F%2Fwww.alteacultural.com%2Fes%2Fevents%2Fpresentacio-dels-libres-premis-altea-totes-les-llums-del-temps-i-la-cuinera-de-noticies-altea-libres-a-la-tardor-2025%2F\" title=\"Correo electr\u00f3nico\"><i class=\"mec-fa-envelope\"><\/i><\/a><\/li>                        <\/ul>\r\n                    <\/li>\r\n                <\/ul>\r\n                                                <a class=\"mec-booking-button\" data-event-id=\"38289\" href=\"https:\/\/www.alteacultural.com\/es\/events\/presentacio-dels-libres-premis-altea-totes-les-llums-del-temps-i-la-cuinera-de-noticies-altea-libres-a-la-tardor-2025\/\" target=\"_self\">Ver detalle<\/a>\r\n            <\/div>\r\n        <\/article><\/div><\/div>                <div class=\"row\"><div class=\"col-md-6 col-sm-6\">        <script type=\"application\/ld+json\">\r\n        {\r\n            \"@context\" \t\t: \"http:\/\/schema.org\",\r\n            \"@type\" \t\t: \"Event\",\r\n            \"startDate\" \t: \"2025-12-06\",\r\n            \"endDate\" \t\t: \"2025-12-06\",\r\n            \"location\" \t\t:\r\n            {\r\n                \"@type\" \t\t: \"Place\",\r\n                \"name\" \t\t\t: \"Altea\",\r\n                \"image\"\t\t\t: \"\",\r\n                \"address\"\t\t: \"Altea, Espa\u00f1a\"\r\n            },\r\n            \"offers\": {\r\n                \"url\": \"https:\/\/www.alteacultural.com\/es\/events\/batucada-amb-instruments-reciclats\/\",\r\n                \"price\": \"\",\r\n                \"priceCurrency\" : \"\u20ac\"\r\n            },\r\n            \"performer\": \"\",\r\n            \"description\" \t: \"6-dic | 11:00 h | Local Ensayos SFA\r\n\r\nTaller de batucada con instrumentos fabricados con instrumentos reciclados.\r\n\r\nSi quieres participar, contacta en el correo &lt;a href=&quot;mailto:gestion@sfaltea.com&quot;&gt;gestion@sfaltea.com&lt;\/a&gt;.\r\n\r\nPatrocinado por la Fundaci\u00f3n Sanganxa.\r\n\r\n&lt;img class=&quot;aligncenter wp-image-38664&quot; src=&quot;https:\/\/www.alteacultural.com\/wp-content\/uploads\/2025\/11\/Programacio-Sta-Cecilia-SFA-2025-1-scaled.jpg&quot; alt=&quot;&quot; width=&quot;750&quot; height=&quot;1061&quot; \/&gt;\",\r\n            \"image\" \t\t: \"https:\/\/www.alteacultural.com\/wp-content\/uploads\/2025\/11\/2025-12-06-al-voltant-del-50-cimaltea-scaled.jpg\",\r\n            \"name\" \t\t\t: \"Batucada con instrumentos reciclados\",\r\n            \"url\"\t\t\t: \"https:\/\/www.alteacultural.com\/es\/events\/batucada-amb-instruments-reciclats\/\"\r\n        }\r\n        <\/script>\r\n        <article data-style=\"\" class=\"mec-past-event mec-event-article mec-clear \" itemscope>                    <div class=\"event-grid-t2-head mec-bg-color clearfix\">\r\n                                    <div class=\"mec-event-month\"><span class=\"mec-start-date-label\" itemprop=\"startDate\">06 diciembre<\/span><\/div>\r\n                                                    <div class=\"mec-event-detail\">Altea<\/div>\r\n            <\/div>\r\n            <div class=\"mec-event-image\"><a data-event-id=\"38658\" href=\"https:\/\/www.alteacultural.com\/es\/events\/batucada-amb-instruments-reciclats\/\"><img decoding=\"async\" width=\"2560\" height=\"1067\" data-src=\"https:\/\/www.alteacultural.com\/wp-content\/uploads\/2025\/11\/2025-12-06-al-voltant-del-50-cimaltea-scaled.jpg\" class=\"attachment-medium size-medium wp-post-image lazyload\" alt=\"\" data-mec-postid=\"38658\" data-srcset=\"https:\/\/www.alteacultural.com\/wp-content\/uploads\/2025\/11\/2025-12-06-al-voltant-del-50-cimaltea-scaled.jpg 2560w, https:\/\/www.alteacultural.com\/wp-content\/uploads\/2025\/11\/2025-12-06-al-voltant-del-50-cimaltea-768x320.jpg 768w, https:\/\/www.alteacultural.com\/wp-content\/uploads\/2025\/11\/2025-12-06-al-voltant-del-50-cimaltea-1536x640.jpg 1536w, https:\/\/www.alteacultural.com\/wp-content\/uploads\/2025\/11\/2025-12-06-al-voltant-del-50-cimaltea-2048x853.jpg 2048w\" data-sizes=\"(max-width: 2560px) 100vw, 2560px\" src=\"data:image\/gif;base64,R0lGODlhAQABAAAAACH5BAEKAAEALAAAAAABAAEAAAICTAEAOw==\" style=\"--smush-placeholder-width: 2560px; --smush-placeholder-aspect-ratio: 2560\/1067;\" \/><\/a><\/div>\r\n            <div class=\"mec-event-content\">\r\n                                                <h4 class=\"mec-event-title\"><a class=\"mec-color-hover\" data-event-id=\"38658\" href=\"https:\/\/www.alteacultural.com\/es\/events\/batucada-amb-instruments-reciclats\/\">Batucada con instrumentos reciclados<\/a><span class=\"event-color\" style=\"background: #fdd700\"><\/span><\/h4>\r\n                <p>Altea, Espa\u00f1a<\/p>\r\n            <\/div>\r\n            <div class=\"mec-event-footer mec-color\">\r\n                                <ul class=\"mec-event-sharing-wrap\">\r\n                    <li class=\"mec-event-share\">\r\n                        <a href=\"#\" class=\"mec-event-share-icon\">\r\n                            <i class=\"mec-sl-share\"><\/i>\r\n                        <\/a>\r\n                    <\/li>\r\n                    <li>\r\n                        <ul class=\"mec-event-sharing\">\r\n                            <li class=\"mec-event-social-icon\"><a class=\"facebook\" href=\"https:\/\/www.facebook.com\/sharer\/sharer.php?u=https%3A%2F%2Fwww.alteacultural.com%2Fes%2Fevents%2Fbatucada-amb-instruments-reciclats%2F\" onclick=\"javascript:window.open(this.href, '', 'menubar=no,toolbar=no,resizable=yes,scrollbars=yes,height=500,width=600'); return false;\" title=\"Compartir en Facebook\"><i class=\"mec-fa-facebook\"><\/i><\/a><\/li><li class=\"mec-event-social-icon\"><a class=\"twitter\" href=\"https:\/\/twitter.com\/share?url=https%3A%2F%2Fwww.alteacultural.com%2Fes%2Fevents%2Fbatucada-amb-instruments-reciclats%2F\" onclick=\"javascript:window.open(this.href, '', 'menubar=no,toolbar=no,resizable=yes,scrollbars=yes,height=600,width=500'); return false;\" target=\"_blank\" title=\"Tweet\"><i class=\"mec-fa-twitter\"><\/i><\/a><\/li><li class=\"mec-event-social-icon\"><a class=\"linkedin\" href=\"https:\/\/www.linkedin.com\/shareArticle?mini=true&url=https%3A%2F%2Fwww.alteacultural.com%2Fes%2Fevents%2Fbatucada-amb-instruments-reciclats%2F\" onclick=\"javascript:window.open(this.href, '', 'menubar=no,toolbar=no,resizable=yes,scrollbars=yes,height=600,width=500'); return false;\" target=\"_blank\" title=\"LinkedIn\"><i class=\"mec-fa-linkedin\"><\/i><\/a><\/li><li class=\"mec-event-social-icon\"><a class=\"vk\" href=\" http:\/\/vk.com\/share.php?url=https%3A%2F%2Fwww.alteacultural.com%2Fes%2Fevents%2Fbatucada-amb-instruments-reciclats%2F\" title=\"VK\" target=\"_blank\"><i class=\"mec-fa-vk\"><\/i><\/a><\/li><li class=\"mec-event-social-icon\"><a class=\"email\" href=\"mailto:?subject=Batucada con instrumentos reciclados&body=https%3A%2F%2Fwww.alteacultural.com%2Fes%2Fevents%2Fbatucada-amb-instruments-reciclats%2F\" title=\"Correo electr\u00f3nico\"><i class=\"mec-fa-envelope\"><\/i><\/a><\/li>                        <\/ul>\r\n                    <\/li>\r\n                <\/ul>\r\n                                                <a class=\"mec-booking-button\" data-event-id=\"38658\" href=\"https:\/\/www.alteacultural.com\/es\/events\/batucada-amb-instruments-reciclats\/\" target=\"_self\">Ver detalle<\/a>\r\n            <\/div>\r\n        <\/article><\/div>                <div class=\"col-md-6 col-sm-6\">        <script type=\"application\/ld+json\">\r\n        {\r\n            \"@context\" \t\t: \"http:\/\/schema.org\",\r\n            \"@type\" \t\t: \"Event\",\r\n            \"startDate\" \t: \"2025-12-09\",\r\n            \"endDate\" \t\t: \"2026-01-05\",\r\n            \"location\" \t\t:\r\n            {\r\n                \"@type\" \t\t: \"Place\",\r\n                \"name\" \t\t\t: \"Casa de Cultura Altea\",\r\n                \"image\"\t\t\t: \"\",\r\n                \"address\"\t\t: \"Pont de Moncau, 14, 03590 Altea\"\r\n            },\r\n            \"offers\": {\r\n                \"url\": \"https:\/\/www.alteacultural.com\/es\/events\/el-betlem-de-la-casa-de-cultura-2025\/\",\r\n                \"price\": \"Entrada libre y gratuita\",\r\n                \"priceCurrency\" : \"\u20ac\"\r\n            },\r\n            \"performer\": \"\",\r\n            \"description\" \t: \"&lt;strong&gt;9-dic a 5-ene | Biblioteca P\u00fablica Municipal Altea&lt;\/strong&gt;\r\n\r\n\u00a1Visita nuestro Bel\u00e9n! Colabora Assoc. Amics del Betlem de la Marina Baixa.\r\n\r\nHorario de visitas: Lunes a Viernes de 9:00 - 14:00 y 17:00 - 20:00 h.\r\n\r\n&nbsp;\r\n\r\n&nbsp;\",\r\n            \"image\" \t\t: \"https:\/\/www.alteacultural.com\/wp-content\/uploads\/2020\/12\/belenalt.jpg\",\r\n            \"name\" \t\t\t: \"El Bel\u00e9n de la Casa de Cultura\",\r\n            \"url\"\t\t\t: \"https:\/\/www.alteacultural.com\/es\/events\/el-betlem-de-la-casa-de-cultura-2025\/\"\r\n        }\r\n        <\/script>\r\n        <article data-style=\"\" class=\"mec-past-event mec-event-article mec-clear \" itemscope>                    <div class=\"event-grid-t2-head mec-bg-color clearfix\">\r\n                                    <div class=\"mec-event-month\"><span class=\"mec-start-date-label\" itemprop=\"startDate\">09 diciembre<\/span><span class=\"mec-end-date-label\" itemprop=\"endDate\"> - 05 enero<\/span><\/div>\r\n                                                    <div class=\"mec-event-detail\">Casa de Cultura Altea<\/div>\r\n            <\/div>\r\n            <div class=\"mec-event-image\"><a data-event-id=\"38835\" href=\"https:\/\/www.alteacultural.com\/es\/events\/el-betlem-de-la-casa-de-cultura-2025\/\"><img decoding=\"async\" width=\"300\" height=\"113\" data-src=\"https:\/\/www.alteacultural.com\/wp-content\/uploads\/2020\/12\/belenalt-300x113.jpg\" class=\"attachment-medium size-medium wp-post-image lazyload\" alt=\"\" data-mec-postid=\"38835\" data-srcset=\"https:\/\/www.alteacultural.com\/wp-content\/uploads\/2020\/12\/belenalt-300x113.jpg 300w, https:\/\/www.alteacultural.com\/wp-content\/uploads\/2020\/12\/belenalt-1024x387.jpg 1024w, https:\/\/www.alteacultural.com\/wp-content\/uploads\/2020\/12\/belenalt-768x290.jpg 768w, https:\/\/www.alteacultural.com\/wp-content\/uploads\/2020\/12\/belenalt.jpg 1500w\" data-sizes=\"(max-width: 300px) 100vw, 300px\" src=\"data:image\/gif;base64,R0lGODlhAQABAAAAACH5BAEKAAEALAAAAAABAAEAAAICTAEAOw==\" style=\"--smush-placeholder-width: 300px; --smush-placeholder-aspect-ratio: 300\/113;\" \/><\/a><\/div>\r\n            <div class=\"mec-event-content\">\r\n                                                <h4 class=\"mec-event-title\"><a class=\"mec-color-hover\" data-event-id=\"38835\" href=\"https:\/\/www.alteacultural.com\/es\/events\/el-betlem-de-la-casa-de-cultura-2025\/\">El Bel\u00e9n de la Casa de Cultura<\/a><span class=\"event-color\" style=\"background: #fdd700\"><\/span><\/h4>\r\n                <p>Pont de Moncau, 14, 03590 Altea<\/p>\r\n            <\/div>\r\n            <div class=\"mec-event-footer mec-color\">\r\n                                <ul class=\"mec-event-sharing-wrap\">\r\n                    <li class=\"mec-event-share\">\r\n                        <a href=\"#\" class=\"mec-event-share-icon\">\r\n                            <i class=\"mec-sl-share\"><\/i>\r\n                        <\/a>\r\n                    <\/li>\r\n                    <li>\r\n                        <ul class=\"mec-event-sharing\">\r\n                            <li class=\"mec-event-social-icon\"><a class=\"facebook\" href=\"https:\/\/www.facebook.com\/sharer\/sharer.php?u=https%3A%2F%2Fwww.alteacultural.com%2Fes%2Fevents%2Fel-betlem-de-la-casa-de-cultura-2025%2F\" onclick=\"javascript:window.open(this.href, '', 'menubar=no,toolbar=no,resizable=yes,scrollbars=yes,height=500,width=600'); return false;\" title=\"Compartir en Facebook\"><i class=\"mec-fa-facebook\"><\/i><\/a><\/li><li class=\"mec-event-social-icon\"><a class=\"twitter\" href=\"https:\/\/twitter.com\/share?url=https%3A%2F%2Fwww.alteacultural.com%2Fes%2Fevents%2Fel-betlem-de-la-casa-de-cultura-2025%2F\" onclick=\"javascript:window.open(this.href, '', 'menubar=no,toolbar=no,resizable=yes,scrollbars=yes,height=600,width=500'); return false;\" target=\"_blank\" title=\"Tweet\"><i class=\"mec-fa-twitter\"><\/i><\/a><\/li><li class=\"mec-event-social-icon\"><a class=\"linkedin\" href=\"https:\/\/www.linkedin.com\/shareArticle?mini=true&url=https%3A%2F%2Fwww.alteacultural.com%2Fes%2Fevents%2Fel-betlem-de-la-casa-de-cultura-2025%2F\" onclick=\"javascript:window.open(this.href, '', 'menubar=no,toolbar=no,resizable=yes,scrollbars=yes,height=600,width=500'); return false;\" target=\"_blank\" title=\"LinkedIn\"><i class=\"mec-fa-linkedin\"><\/i><\/a><\/li><li class=\"mec-event-social-icon\"><a class=\"vk\" href=\" http:\/\/vk.com\/share.php?url=https%3A%2F%2Fwww.alteacultural.com%2Fes%2Fevents%2Fel-betlem-de-la-casa-de-cultura-2025%2F\" title=\"VK\" target=\"_blank\"><i class=\"mec-fa-vk\"><\/i><\/a><\/li><li class=\"mec-event-social-icon\"><a class=\"email\" href=\"mailto:?subject=El Bel\u00e9n de la Casa de Cultura&body=https%3A%2F%2Fwww.alteacultural.com%2Fes%2Fevents%2Fel-betlem-de-la-casa-de-cultura-2025%2F\" title=\"Correo electr\u00f3nico\"><i class=\"mec-fa-envelope\"><\/i><\/a><\/li>                        <\/ul>\r\n                    <\/li>\r\n                <\/ul>\r\n                                                <a class=\"mec-booking-button\" data-event-id=\"38835\" href=\"https:\/\/www.alteacultural.com\/es\/events\/el-betlem-de-la-casa-de-cultura-2025\/\" target=\"_self\">Ver detalle<\/a>\r\n            <\/div>\r\n        <\/article><\/div><\/div>                <div class=\"row\"><div class=\"col-md-6 col-sm-6\">        <script type=\"application\/ld+json\">\r\n        {\r\n            \"@context\" \t\t: \"http:\/\/schema.org\",\r\n            \"@type\" \t\t: \"Event\",\r\n            \"startDate\" \t: \"2025-12-13\",\r\n            \"endDate\" \t\t: \"2025-12-13\",\r\n            \"location\" \t\t:\r\n            {\r\n                \"@type\" \t\t: \"Place\",\r\n                \"name\" \t\t\t: \"Auditorio Plaza del Agua Altea\",\r\n                \"image\"\t\t\t: \"\",\r\n                \"address\"\t\t: \"C\/ Pont de Moncau, 29 - Altea\"\r\n            },\r\n            \"offers\": {\r\n                \"url\": \"https:\/\/www.alteacultural.com\/es\/events\/festival-de-jardi-musical-de-nadal-2\/\",\r\n                \"price\": \"Entrada libre y gratuita\",\r\n                \"priceCurrency\" : \"\u20ac\"\r\n            },\r\n            \"performer\": \"\",\r\n            \"description\" \t: \"13-dic | 11:00 h | Pl. del Agua (Altea)\r\n\r\nFestival de Alumnos de la Escuela de M\u00fasica y Danza de Altea: Jard\u00edn Musical (3-5 a\u00f1os), Musibeb\u00e9s (2 a\u00f1os) y grupos instrumentales.\r\n\r\nEntrada libre y gratuita.\r\n\r\n&lt;img class=&quot;aligncenter wp-image-38761&quot; src=&quot;https:\/\/www.alteacultural.com\/wp-content\/uploads\/2025\/12\/CONCERTS-SFA-NADAL-2025-CARTELL.jpg&quot; alt=&quot;&quot; width=&quot;750&quot; height=&quot;1060&quot; \/&gt;\",\r\n            \"image\" \t\t: \"https:\/\/www.alteacultural.com\/wp-content\/uploads\/2025\/12\/CONCERT-SFA-NADAL-2025-CABECERA-13des-11h-01-scaled.jpg\",\r\n            \"name\" \t\t\t: \"Festival de Jard\u00edn Musical de Navidad\",\r\n            \"url\"\t\t\t: \"https:\/\/www.alteacultural.com\/es\/events\/festival-de-jardi-musical-de-nadal-2\/\"\r\n        }\r\n        <\/script>\r\n        <article data-style=\"\" class=\"mec-past-event mec-event-article mec-clear \" itemscope>                    <div class=\"event-grid-t2-head mec-bg-color clearfix\">\r\n                                    <div class=\"mec-event-month\"><span class=\"mec-start-date-label\" itemprop=\"startDate\">13 diciembre<\/span><\/div>\r\n                                                    <div class=\"mec-event-detail\">Auditorio Plaza del Agua Altea<\/div>\r\n            <\/div>\r\n            <div class=\"mec-event-image\"><a data-event-id=\"38886\" href=\"https:\/\/www.alteacultural.com\/es\/events\/festival-de-jardi-musical-de-nadal-2\/\"><img decoding=\"async\" width=\"2560\" height=\"947\" data-src=\"https:\/\/www.alteacultural.com\/wp-content\/uploads\/2025\/12\/CONCERT-SFA-NADAL-2025-CABECERA-13des-11h-01-scaled.jpg\" class=\"attachment-medium size-medium wp-post-image lazyload\" alt=\"\" data-mec-postid=\"38886\" data-srcset=\"https:\/\/www.alteacultural.com\/wp-content\/uploads\/2025\/12\/CONCERT-SFA-NADAL-2025-CABECERA-13des-11h-01-scaled.jpg 2560w, https:\/\/www.alteacultural.com\/wp-content\/uploads\/2025\/12\/CONCERT-SFA-NADAL-2025-CABECERA-13des-11h-01-768x284.jpg 768w, https:\/\/www.alteacultural.com\/wp-content\/uploads\/2025\/12\/CONCERT-SFA-NADAL-2025-CABECERA-13des-11h-01-1536x568.jpg 1536w, https:\/\/www.alteacultural.com\/wp-content\/uploads\/2025\/12\/CONCERT-SFA-NADAL-2025-CABECERA-13des-11h-01-2048x758.jpg 2048w\" data-sizes=\"(max-width: 2560px) 100vw, 2560px\" src=\"data:image\/gif;base64,R0lGODlhAQABAAAAACH5BAEKAAEALAAAAAABAAEAAAICTAEAOw==\" style=\"--smush-placeholder-width: 2560px; --smush-placeholder-aspect-ratio: 2560\/947;\" \/><\/a><\/div>\r\n            <div class=\"mec-event-content\">\r\n                                                <h4 class=\"mec-event-title\"><a class=\"mec-color-hover\" data-event-id=\"38886\" href=\"https:\/\/www.alteacultural.com\/es\/events\/festival-de-jardi-musical-de-nadal-2\/\">Festival de Jard\u00edn Musical de Navidad<\/a><span class=\"event-color\" style=\"background: #fdd700\"><\/span><\/h4>\r\n                <p>C\/ Pont de Moncau, 29 - Altea<\/p>\r\n            <\/div>\r\n            <div class=\"mec-event-footer mec-color\">\r\n                                <ul class=\"mec-event-sharing-wrap\">\r\n                    <li class=\"mec-event-share\">\r\n                        <a href=\"#\" class=\"mec-event-share-icon\">\r\n                            <i class=\"mec-sl-share\"><\/i>\r\n                        <\/a>\r\n                    <\/li>\r\n                    <li>\r\n                        <ul class=\"mec-event-sharing\">\r\n                            <li class=\"mec-event-social-icon\"><a class=\"facebook\" href=\"https:\/\/www.facebook.com\/sharer\/sharer.php?u=https%3A%2F%2Fwww.alteacultural.com%2Fes%2Fevents%2Ffestival-de-jardi-musical-de-nadal-2%2F\" onclick=\"javascript:window.open(this.href, '', 'menubar=no,toolbar=no,resizable=yes,scrollbars=yes,height=500,width=600'); return false;\" title=\"Compartir en Facebook\"><i class=\"mec-fa-facebook\"><\/i><\/a><\/li><li class=\"mec-event-social-icon\"><a class=\"twitter\" href=\"https:\/\/twitter.com\/share?url=https%3A%2F%2Fwww.alteacultural.com%2Fes%2Fevents%2Ffestival-de-jardi-musical-de-nadal-2%2F\" onclick=\"javascript:window.open(this.href, '', 'menubar=no,toolbar=no,resizable=yes,scrollbars=yes,height=600,width=500'); return false;\" target=\"_blank\" title=\"Tweet\"><i class=\"mec-fa-twitter\"><\/i><\/a><\/li><li class=\"mec-event-social-icon\"><a class=\"linkedin\" href=\"https:\/\/www.linkedin.com\/shareArticle?mini=true&url=https%3A%2F%2Fwww.alteacultural.com%2Fes%2Fevents%2Ffestival-de-jardi-musical-de-nadal-2%2F\" onclick=\"javascript:window.open(this.href, '', 'menubar=no,toolbar=no,resizable=yes,scrollbars=yes,height=600,width=500'); return false;\" target=\"_blank\" title=\"LinkedIn\"><i class=\"mec-fa-linkedin\"><\/i><\/a><\/li><li class=\"mec-event-social-icon\"><a class=\"vk\" href=\" http:\/\/vk.com\/share.php?url=https%3A%2F%2Fwww.alteacultural.com%2Fes%2Fevents%2Ffestival-de-jardi-musical-de-nadal-2%2F\" title=\"VK\" target=\"_blank\"><i class=\"mec-fa-vk\"><\/i><\/a><\/li><li class=\"mec-event-social-icon\"><a class=\"email\" href=\"mailto:?subject=Festival de Jard\u00edn Musical de Navidad&body=https%3A%2F%2Fwww.alteacultural.com%2Fes%2Fevents%2Ffestival-de-jardi-musical-de-nadal-2%2F\" title=\"Correo electr\u00f3nico\"><i class=\"mec-fa-envelope\"><\/i><\/a><\/li>                        <\/ul>\r\n                    <\/li>\r\n                <\/ul>\r\n                                                <a class=\"mec-booking-button\" data-event-id=\"38886\" href=\"https:\/\/www.alteacultural.com\/es\/events\/festival-de-jardi-musical-de-nadal-2\/\" target=\"_self\">Ver detalle<\/a>\r\n            <\/div>\r\n        <\/article><\/div>        <div class=\"col-md-6 col-sm-6\">        <script type=\"application\/ld+json\">\r\n        {\r\n            \"@context\" \t\t: \"http:\/\/schema.org\",\r\n            \"@type\" \t\t: \"Event\",\r\n            \"startDate\" \t: \"2025-12-13\",\r\n            \"endDate\" \t\t: \"2025-12-13\",\r\n            \"location\" \t\t:\r\n            {\r\n                \"@type\" \t\t: \"Place\",\r\n                \"name\" \t\t\t: \"Esgl\u00e9sia de Sant Francesc\",\r\n                \"image\"\t\t\t: \"\",\r\n                \"address\"\t\t: \"\"\r\n            },\r\n            \"offers\": {\r\n                \"url\": \"https:\/\/www.alteacultural.com\/es\/events\/concert-de-nadal-4\/\",\r\n                \"price\": \"Entrada libre y gratuita\",\r\n                \"priceCurrency\" : \"\u20ac\"\r\n            },\r\n            \"performer\": \"\",\r\n            \"description\" \t: \"13-dic | 20:00 h | Iglesia S. Francisco (Altea)\r\n\r\nConcierto de Navidad.\r\n\r\nCoral y Orquesta de Pulso y P\u00faa de la SFA.\r\n\r\nEntrada libre y gratuita.\r\n\r\n&lt;a href=&quot;https:\/\/www.alteacultural.com\/wp-content\/uploads\/2025\/12\/Programa-Concert-Nadal-Cor-i-OPP-SFA-13-12-2025.pdf&quot; target=&quot;_blank&quot; rel=&quot;noopener&quot;&gt;Programa de mano&lt;\/a&gt;\r\n\r\n&nbsp;\r\n\r\n&lt;img class=&quot;aligncenter wp-image-38761&quot; src=&quot;https:\/\/www.alteacultural.com\/wp-content\/uploads\/2025\/12\/CONCERTS-SFA-NADAL-2025-CARTELL.jpg&quot; alt=&quot;&quot; width=&quot;750&quot; height=&quot;1060&quot; \/&gt;\",\r\n            \"image\" \t\t: \"https:\/\/www.alteacultural.com\/wp-content\/uploads\/2025\/12\/CONCERT-SFA-NADAL-2025-CABECERA-13des-20h-01-scaled.jpg\",\r\n            \"name\" \t\t\t: \"Concierto de Navidad\",\r\n            \"url\"\t\t\t: \"https:\/\/www.alteacultural.com\/es\/events\/concert-de-nadal-4\/\"\r\n        }\r\n        <\/script>\r\n        <article data-style=\"\" class=\"mec-past-event mec-event-article mec-clear \" itemscope>                    <div class=\"event-grid-t2-head mec-bg-color clearfix\">\r\n                                    <div class=\"mec-event-month\"><span class=\"mec-start-date-label\" itemprop=\"startDate\">13 diciembre<\/span><\/div>\r\n                                                    <div class=\"mec-event-detail\">Esgl\u00e9sia de Sant Francesc<\/div>\r\n            <\/div>\r\n            <div class=\"mec-event-image\"><a data-event-id=\"38891\" href=\"https:\/\/www.alteacultural.com\/es\/events\/concert-de-nadal-4\/\"><img decoding=\"async\" width=\"2560\" height=\"947\" data-src=\"https:\/\/www.alteacultural.com\/wp-content\/uploads\/2025\/12\/CONCERT-SFA-NADAL-2025-CABECERA-13des-20h-01-scaled.jpg\" class=\"attachment-medium size-medium wp-post-image lazyload\" alt=\"\" data-mec-postid=\"38891\" data-srcset=\"https:\/\/www.alteacultural.com\/wp-content\/uploads\/2025\/12\/CONCERT-SFA-NADAL-2025-CABECERA-13des-20h-01-scaled.jpg 2560w, https:\/\/www.alteacultural.com\/wp-content\/uploads\/2025\/12\/CONCERT-SFA-NADAL-2025-CABECERA-13des-20h-01-768x284.jpg 768w, https:\/\/www.alteacultural.com\/wp-content\/uploads\/2025\/12\/CONCERT-SFA-NADAL-2025-CABECERA-13des-20h-01-1536x568.jpg 1536w, https:\/\/www.alteacultural.com\/wp-content\/uploads\/2025\/12\/CONCERT-SFA-NADAL-2025-CABECERA-13des-20h-01-2048x758.jpg 2048w\" data-sizes=\"(max-width: 2560px) 100vw, 2560px\" src=\"data:image\/gif;base64,R0lGODlhAQABAAAAACH5BAEKAAEALAAAAAABAAEAAAICTAEAOw==\" style=\"--smush-placeholder-width: 2560px; --smush-placeholder-aspect-ratio: 2560\/947;\" \/><\/a><\/div>\r\n            <div class=\"mec-event-content\">\r\n                                                <h4 class=\"mec-event-title\"><a class=\"mec-color-hover\" data-event-id=\"38891\" href=\"https:\/\/www.alteacultural.com\/es\/events\/concert-de-nadal-4\/\">Concierto de Navidad<\/a><span class=\"event-color\" style=\"background: #fdd700\"><\/span><\/h4>\r\n                <p><\/p>\r\n            <\/div>\r\n            <div class=\"mec-event-footer mec-color\">\r\n                                <ul class=\"mec-event-sharing-wrap\">\r\n                    <li class=\"mec-event-share\">\r\n                        <a href=\"#\" class=\"mec-event-share-icon\">\r\n                            <i class=\"mec-sl-share\"><\/i>\r\n                        <\/a>\r\n                    <\/li>\r\n                    <li>\r\n                        <ul class=\"mec-event-sharing\">\r\n                            <li class=\"mec-event-social-icon\"><a class=\"facebook\" href=\"https:\/\/www.facebook.com\/sharer\/sharer.php?u=https%3A%2F%2Fwww.alteacultural.com%2Fes%2Fevents%2Fconcert-de-nadal-4%2F\" onclick=\"javascript:window.open(this.href, '', 'menubar=no,toolbar=no,resizable=yes,scrollbars=yes,height=500,width=600'); return false;\" title=\"Compartir en Facebook\"><i class=\"mec-fa-facebook\"><\/i><\/a><\/li><li class=\"mec-event-social-icon\"><a class=\"twitter\" href=\"https:\/\/twitter.com\/share?url=https%3A%2F%2Fwww.alteacultural.com%2Fes%2Fevents%2Fconcert-de-nadal-4%2F\" onclick=\"javascript:window.open(this.href, '', 'menubar=no,toolbar=no,resizable=yes,scrollbars=yes,height=600,width=500'); return false;\" target=\"_blank\" title=\"Tweet\"><i class=\"mec-fa-twitter\"><\/i><\/a><\/li><li class=\"mec-event-social-icon\"><a class=\"linkedin\" href=\"https:\/\/www.linkedin.com\/shareArticle?mini=true&url=https%3A%2F%2Fwww.alteacultural.com%2Fes%2Fevents%2Fconcert-de-nadal-4%2F\" onclick=\"javascript:window.open(this.href, '', 'menubar=no,toolbar=no,resizable=yes,scrollbars=yes,height=600,width=500'); return false;\" target=\"_blank\" title=\"LinkedIn\"><i class=\"mec-fa-linkedin\"><\/i><\/a><\/li><li class=\"mec-event-social-icon\"><a class=\"vk\" href=\" http:\/\/vk.com\/share.php?url=https%3A%2F%2Fwww.alteacultural.com%2Fes%2Fevents%2Fconcert-de-nadal-4%2F\" title=\"VK\" target=\"_blank\"><i class=\"mec-fa-vk\"><\/i><\/a><\/li><li class=\"mec-event-social-icon\"><a class=\"email\" href=\"mailto:?subject=Concierto de Navidad&body=https%3A%2F%2Fwww.alteacultural.com%2Fes%2Fevents%2Fconcert-de-nadal-4%2F\" title=\"Correo electr\u00f3nico\"><i class=\"mec-fa-envelope\"><\/i><\/a><\/li>                        <\/ul>\r\n                    <\/li>\r\n                <\/ul>\r\n                                                <a class=\"mec-booking-button\" data-event-id=\"38891\" href=\"https:\/\/www.alteacultural.com\/es\/events\/concert-de-nadal-4\/\" target=\"_self\">Ver detalle<\/a>\r\n            <\/div>\r\n        <\/article><\/div><\/div>                <div class=\"row\"><div class=\"col-md-6 col-sm-6\">        <script type=\"application\/ld+json\">\r\n        {\r\n            \"@context\" \t\t: \"http:\/\/schema.org\",\r\n            \"@type\" \t\t: \"Event\",\r\n            \"startDate\" \t: \"2025-12-17\",\r\n            \"endDate\" \t\t: \"2025-12-17\",\r\n            \"location\" \t\t:\r\n            {\r\n                \"@type\" \t\t: \"Place\",\r\n                \"name\" \t\t\t: \"Centro Cultural Altea la Vella\",\r\n                \"image\"\t\t\t: \"\",\r\n                \"address\"\t\t: \"Ctra. de Callosa, 37B, 03599 Altea la Vella, Alicante\"\r\n            },\r\n            \"offers\": {\r\n                \"url\": \"https:\/\/www.alteacultural.com\/es\/events\/concert-de-nadal-del-conservatori-professional-daltea-2\/\",\r\n                \"price\": \"Entrada libre y gratuita\",\r\n                \"priceCurrency\" : \"\u20ac\"\r\n            },\r\n            \"performer\": \"\",\r\n            \"description\" \t: \"&lt;strong&gt;17-dic | 19:30 h | Centro Cultural Altea la Vella&lt;\/strong&gt;\r\n\r\n&lt;strong&gt;Concierto de Navidad del Conservatorio Profesional de Altea.&lt;\/strong&gt;\r\n\r\nBanda y Orquesta de Cuerda del Conservatorio.\r\n\r\nEntrada libre y gratuita.\r\n\r\n&lt;img class=&quot;aligncenter wp-image-38936&quot; src=&quot;https:\/\/www.alteacultural.com\/wp-content\/uploads\/2025\/12\/Audicions-Conservatori-Altea-Nadal-2025.jpeg&quot; alt=&quot;&quot; width=&quot;700&quot; height=&quot;990&quot; \/&gt;\r\n\r\n&nbsp;\",\r\n            \"image\" \t\t: \"https:\/\/www.alteacultural.com\/wp-content\/uploads\/2024\/11\/banda_elemental_conservatori_altea_2018.webp\",\r\n            \"name\" \t\t\t: \"Concierto de Navidad del Conservatorio Profesional de Altea\",\r\n            \"url\"\t\t\t: \"https:\/\/www.alteacultural.com\/es\/events\/concert-de-nadal-del-conservatori-professional-daltea-2\/\"\r\n        }\r\n        <\/script>\r\n        <article data-style=\"\" class=\"mec-past-event mec-event-article mec-clear \" itemscope>                    <div class=\"event-grid-t2-head mec-bg-color clearfix\">\r\n                                    <div class=\"mec-event-month\"><span class=\"mec-start-date-label\" itemprop=\"startDate\">17 diciembre<\/span><\/div>\r\n                                                    <div class=\"mec-event-detail\">Centro Cultural Altea la Vella<\/div>\r\n            <\/div>\r\n            <div class=\"mec-event-image\"><a data-event-id=\"38938\" href=\"https:\/\/www.alteacultural.com\/es\/events\/concert-de-nadal-del-conservatori-professional-daltea-2\/\"><img decoding=\"async\" width=\"1600\" height=\"498\" data-src=\"https:\/\/www.alteacultural.com\/wp-content\/uploads\/2024\/11\/banda_elemental_conservatori_altea_2018.webp\" class=\"attachment-medium size-medium wp-post-image lazyload\" alt=\"\" data-mec-postid=\"38938\" data-srcset=\"https:\/\/www.alteacultural.com\/wp-content\/uploads\/2024\/11\/banda_elemental_conservatori_altea_2018.webp 1600w, https:\/\/www.alteacultural.com\/wp-content\/uploads\/2024\/11\/banda_elemental_conservatori_altea_2018-768x239.webp 768w, https:\/\/www.alteacultural.com\/wp-content\/uploads\/2024\/11\/banda_elemental_conservatori_altea_2018-1536x478.webp 1536w\" data-sizes=\"(max-width: 1600px) 100vw, 1600px\" src=\"data:image\/gif;base64,R0lGODlhAQABAAAAACH5BAEKAAEALAAAAAABAAEAAAICTAEAOw==\" style=\"--smush-placeholder-width: 1600px; --smush-placeholder-aspect-ratio: 1600\/498;\" \/><\/a><\/div>\r\n            <div class=\"mec-event-content\">\r\n                                                <h4 class=\"mec-event-title\"><a class=\"mec-color-hover\" data-event-id=\"38938\" href=\"https:\/\/www.alteacultural.com\/es\/events\/concert-de-nadal-del-conservatori-professional-daltea-2\/\">Concierto de Navidad del Conservatorio Profesional de Altea<\/a><span class=\"event-color\" style=\"background: #fdd700\"><\/span><\/h4>\r\n                <p>Ctra. de Callosa, 37B, 03599 Altea la Vella, Alicante<\/p>\r\n            <\/div>\r\n            <div class=\"mec-event-footer mec-color\">\r\n                                <ul class=\"mec-event-sharing-wrap\">\r\n                    <li class=\"mec-event-share\">\r\n                        <a href=\"#\" class=\"mec-event-share-icon\">\r\n                            <i class=\"mec-sl-share\"><\/i>\r\n                        <\/a>\r\n                    <\/li>\r\n                    <li>\r\n                        <ul class=\"mec-event-sharing\">\r\n                            <li class=\"mec-event-social-icon\"><a class=\"facebook\" href=\"https:\/\/www.facebook.com\/sharer\/sharer.php?u=https%3A%2F%2Fwww.alteacultural.com%2Fes%2Fevents%2Fconcert-de-nadal-del-conservatori-professional-daltea-2%2F\" onclick=\"javascript:window.open(this.href, '', 'menubar=no,toolbar=no,resizable=yes,scrollbars=yes,height=500,width=600'); return false;\" title=\"Compartir en Facebook\"><i class=\"mec-fa-facebook\"><\/i><\/a><\/li><li class=\"mec-event-social-icon\"><a class=\"twitter\" href=\"https:\/\/twitter.com\/share?url=https%3A%2F%2Fwww.alteacultural.com%2Fes%2Fevents%2Fconcert-de-nadal-del-conservatori-professional-daltea-2%2F\" onclick=\"javascript:window.open(this.href, '', 'menubar=no,toolbar=no,resizable=yes,scrollbars=yes,height=600,width=500'); return false;\" target=\"_blank\" title=\"Tweet\"><i class=\"mec-fa-twitter\"><\/i><\/a><\/li><li class=\"mec-event-social-icon\"><a class=\"linkedin\" href=\"https:\/\/www.linkedin.com\/shareArticle?mini=true&url=https%3A%2F%2Fwww.alteacultural.com%2Fes%2Fevents%2Fconcert-de-nadal-del-conservatori-professional-daltea-2%2F\" onclick=\"javascript:window.open(this.href, '', 'menubar=no,toolbar=no,resizable=yes,scrollbars=yes,height=600,width=500'); return false;\" target=\"_blank\" title=\"LinkedIn\"><i class=\"mec-fa-linkedin\"><\/i><\/a><\/li><li class=\"mec-event-social-icon\"><a class=\"vk\" href=\" http:\/\/vk.com\/share.php?url=https%3A%2F%2Fwww.alteacultural.com%2Fes%2Fevents%2Fconcert-de-nadal-del-conservatori-professional-daltea-2%2F\" title=\"VK\" target=\"_blank\"><i class=\"mec-fa-vk\"><\/i><\/a><\/li><li class=\"mec-event-social-icon\"><a class=\"email\" href=\"mailto:?subject=Concierto de Navidad del Conservatorio Profesional de Altea&body=https%3A%2F%2Fwww.alteacultural.com%2Fes%2Fevents%2Fconcert-de-nadal-del-conservatori-professional-daltea-2%2F\" title=\"Correo electr\u00f3nico\"><i class=\"mec-fa-envelope\"><\/i><\/a><\/li>                        <\/ul>\r\n                    <\/li>\r\n                <\/ul>\r\n                                                <a class=\"mec-booking-button\" data-event-id=\"38938\" href=\"https:\/\/www.alteacultural.com\/es\/events\/concert-de-nadal-del-conservatori-professional-daltea-2\/\" target=\"_self\">Ver detalle<\/a>\r\n            <\/div>\r\n        <\/article><\/div>                <div class=\"col-md-6 col-sm-6\">        <script type=\"application\/ld+json\">\r\n        {\r\n            \"@context\" \t\t: \"http:\/\/schema.org\",\r\n            \"@type\" \t\t: \"Event\",\r\n            \"startDate\" \t: \"2025-12-18\",\r\n            \"endDate\" \t\t: \"2025-12-18\",\r\n            \"location\" \t\t:\r\n            {\r\n                \"@type\" \t\t: \"Place\",\r\n                \"name\" \t\t\t: \"Palau Altea\",\r\n                \"image\"\t\t\t: \"\",\r\n                \"address\"\t\t: \"Carrer d'Alcoi, 18, 03590 Altea, Alicante\"\r\n            },\r\n            \"offers\": {\r\n                \"url\": \"https:\/\/www.alteacultural.com\/es\/events\/gala-de-nadal-desmualtea-2\/\",\r\n                \"price\": \"Entrada libre y gratuita\",\r\n                \"priceCurrency\" : \"\u20ac\"\r\n            },\r\n            \"performer\": \"\",\r\n            \"description\" \t: \"18-dic | 19:30 h | Palau Altea\r\n\r\nFestival de Alumnos de la Escuela de M\u00fasica y Danza de Altea: Jard\u00edn Musical, coro, banda EsMuAltea y grupos instrumentales.\r\n\r\nEntrada libre y gratuita.\r\n&lt;img class=&quot;aligncenter wp-image-38761&quot; src=&quot;https:\/\/www.alteacultural.com\/wp-content\/uploads\/2025\/12\/CONCERTS-SFA-NADAL-2025-CARTELL.jpg&quot; alt=&quot;&quot; width=&quot;750&quot; height=&quot;1060&quot; \/&gt;\",\r\n            \"image\" \t\t: \"https:\/\/www.alteacultural.com\/wp-content\/uploads\/2025\/12\/CONCERT-SFA-NADAL-2025-CABECERA-18des-01-scaled.jpg\",\r\n            \"name\" \t\t\t: \"Gala de Navidad de EsMuAltea\",\r\n            \"url\"\t\t\t: \"https:\/\/www.alteacultural.com\/es\/events\/gala-de-nadal-desmualtea-2\/\"\r\n        }\r\n        <\/script>\r\n        <article data-style=\"\" class=\"mec-past-event mec-event-article mec-clear \" itemscope>                    <div class=\"event-grid-t2-head mec-bg-color clearfix\">\r\n                                    <div class=\"mec-event-month\"><span class=\"mec-start-date-label\" itemprop=\"startDate\">18 diciembre<\/span><\/div>\r\n                                                    <div class=\"mec-event-detail\">Palau Altea<\/div>\r\n            <\/div>\r\n            <div class=\"mec-event-image\"><a data-event-id=\"38896\" href=\"https:\/\/www.alteacultural.com\/es\/events\/gala-de-nadal-desmualtea-2\/\"><img decoding=\"async\" width=\"2560\" height=\"947\" data-src=\"https:\/\/www.alteacultural.com\/wp-content\/uploads\/2025\/12\/CONCERT-SFA-NADAL-2025-CABECERA-18des-01-scaled.jpg\" class=\"attachment-medium size-medium wp-post-image lazyload\" alt=\"\" data-mec-postid=\"38896\" data-srcset=\"https:\/\/www.alteacultural.com\/wp-content\/uploads\/2025\/12\/CONCERT-SFA-NADAL-2025-CABECERA-18des-01-scaled.jpg 2560w, https:\/\/www.alteacultural.com\/wp-content\/uploads\/2025\/12\/CONCERT-SFA-NADAL-2025-CABECERA-18des-01-768x284.jpg 768w, https:\/\/www.alteacultural.com\/wp-content\/uploads\/2025\/12\/CONCERT-SFA-NADAL-2025-CABECERA-18des-01-1536x568.jpg 1536w, https:\/\/www.alteacultural.com\/wp-content\/uploads\/2025\/12\/CONCERT-SFA-NADAL-2025-CABECERA-18des-01-2048x758.jpg 2048w\" data-sizes=\"(max-width: 2560px) 100vw, 2560px\" src=\"data:image\/gif;base64,R0lGODlhAQABAAAAACH5BAEKAAEALAAAAAABAAEAAAICTAEAOw==\" style=\"--smush-placeholder-width: 2560px; --smush-placeholder-aspect-ratio: 2560\/947;\" \/><\/a><\/div>\r\n            <div class=\"mec-event-content\">\r\n                                                <h4 class=\"mec-event-title\"><a class=\"mec-color-hover\" data-event-id=\"38896\" href=\"https:\/\/www.alteacultural.com\/es\/events\/gala-de-nadal-desmualtea-2\/\">Gala de Navidad de EsMuAltea<\/a><span class=\"event-color\" style=\"background: #fdd700\"><\/span><\/h4>\r\n                <p>Carrer d'Alcoi, 18, 03590 Altea, Alicante<\/p>\r\n            <\/div>\r\n            <div class=\"mec-event-footer mec-color\">\r\n                                <ul class=\"mec-event-sharing-wrap\">\r\n                    <li class=\"mec-event-share\">\r\n                        <a href=\"#\" class=\"mec-event-share-icon\">\r\n                            <i class=\"mec-sl-share\"><\/i>\r\n                        <\/a>\r\n                    <\/li>\r\n                    <li>\r\n                        <ul class=\"mec-event-sharing\">\r\n                            <li class=\"mec-event-social-icon\"><a class=\"facebook\" href=\"https:\/\/www.facebook.com\/sharer\/sharer.php?u=https%3A%2F%2Fwww.alteacultural.com%2Fes%2Fevents%2Fgala-de-nadal-desmualtea-2%2F\" onclick=\"javascript:window.open(this.href, '', 'menubar=no,toolbar=no,resizable=yes,scrollbars=yes,height=500,width=600'); return false;\" title=\"Compartir en Facebook\"><i class=\"mec-fa-facebook\"><\/i><\/a><\/li><li class=\"mec-event-social-icon\"><a class=\"twitter\" href=\"https:\/\/twitter.com\/share?url=https%3A%2F%2Fwww.alteacultural.com%2Fes%2Fevents%2Fgala-de-nadal-desmualtea-2%2F\" onclick=\"javascript:window.open(this.href, '', 'menubar=no,toolbar=no,resizable=yes,scrollbars=yes,height=600,width=500'); return false;\" target=\"_blank\" title=\"Tweet\"><i class=\"mec-fa-twitter\"><\/i><\/a><\/li><li class=\"mec-event-social-icon\"><a class=\"linkedin\" href=\"https:\/\/www.linkedin.com\/shareArticle?mini=true&url=https%3A%2F%2Fwww.alteacultural.com%2Fes%2Fevents%2Fgala-de-nadal-desmualtea-2%2F\" onclick=\"javascript:window.open(this.href, '', 'menubar=no,toolbar=no,resizable=yes,scrollbars=yes,height=600,width=500'); return false;\" target=\"_blank\" title=\"LinkedIn\"><i class=\"mec-fa-linkedin\"><\/i><\/a><\/li><li class=\"mec-event-social-icon\"><a class=\"vk\" href=\" http:\/\/vk.com\/share.php?url=https%3A%2F%2Fwww.alteacultural.com%2Fes%2Fevents%2Fgala-de-nadal-desmualtea-2%2F\" title=\"VK\" target=\"_blank\"><i class=\"mec-fa-vk\"><\/i><\/a><\/li><li class=\"mec-event-social-icon\"><a class=\"email\" href=\"mailto:?subject=Gala de Navidad de EsMuAltea&body=https%3A%2F%2Fwww.alteacultural.com%2Fes%2Fevents%2Fgala-de-nadal-desmualtea-2%2F\" title=\"Correo electr\u00f3nico\"><i class=\"mec-fa-envelope\"><\/i><\/a><\/li>                        <\/ul>\r\n                    <\/li>\r\n                <\/ul>\r\n                                                <a class=\"mec-booking-button\" data-event-id=\"38896\" href=\"https:\/\/www.alteacultural.com\/es\/events\/gala-de-nadal-desmualtea-2\/\" target=\"_self\">Ver detalle<\/a>\r\n            <\/div>\r\n        <\/article><\/div><\/div>                <div class=\"row\"><div class=\"col-md-6 col-sm-6\">        <script type=\"application\/ld+json\">\r\n        {\r\n            \"@context\" \t\t: \"http:\/\/schema.org\",\r\n            \"@type\" \t\t: \"Event\",\r\n            \"startDate\" \t: \"2025-12-19\",\r\n            \"endDate\" \t\t: \"2025-12-19\",\r\n            \"location\" \t\t:\r\n            {\r\n                \"@type\" \t\t: \"Place\",\r\n                \"name\" \t\t\t: \"Casa de Cultura Altea\",\r\n                \"image\"\t\t\t: \"\",\r\n                \"address\"\t\t: \"Pont de Moncau, 14, 03590 Altea\"\r\n            },\r\n            \"offers\": {\r\n                \"url\": \"https:\/\/www.alteacultural.com\/es\/events\/anzu-gat-fantasma-cinema-en-valencia\/\",\r\n                \"price\": \"Entrada libre hasta completar aforo\",\r\n                \"priceCurrency\" : \"\u20ac\"\r\n            },\r\n            \"performer\": \"\",\r\n            \"description\" \t: \"19-des | 18:30 h | Casa de Cultura\r\n\r\nACTO EN VALENCIANO.\r\n\r\nAnzu, gat fantasma - Cinema en valenci\u00e0.\r\n\r\nSinopsi: Enmig d&#039;una forta tempesta, un monjo troba a un gatet al qual bateja com Anzu i el cria amb cura. No obstant aix\u00f2, 30 anys despr\u00e9s, el gatet no sols no ha mort, sin\u00f3 que s&#039;ha convertit en un &quot;gat fantasma&quot; que parla i viu com un \u00e9sser hum\u00e0. Un d\u00eda, l&#039;anci\u00e0 monjo li demana a Anzu que cuide Karin, la seua neta d&#039;11 anys que ha sigut abandonada pel seu pare. Al principi, les seues personalitats en\u00e8rgiques xoquen, per\u00f2 a poc a poc comencen a entendre&#039;s.\r\n\r\nEntrada lliure i gratu\u00efta, aforament limitat.\r\n\r\n&lt;img class=&quot;aligncenter wp-image-38925&quot; src=&quot;https:\/\/www.alteacultural.com\/wp-content\/uploads\/2025\/12\/2026-01-02-Cinema-Nadal-scaled.jpg&quot; alt=&quot;&quot; width=&quot;750&quot; height=&quot;1061&quot; \/&gt;\r\n\r\n&nbsp;\",\r\n            \"image\" \t\t: \"https:\/\/www.alteacultural.com\/wp-content\/uploads\/2025\/12\/2025-12-19_AnzuGatFantasma_banner.jpg\",\r\n            \"name\" \t\t\t: \"Anzu, gat fantasma &#8211; Cinema en valenci\u00e0.\",\r\n            \"url\"\t\t\t: \"https:\/\/www.alteacultural.com\/es\/events\/anzu-gat-fantasma-cinema-en-valencia\/\"\r\n        }\r\n        <\/script>\r\n        <article data-style=\"\" class=\"mec-past-event mec-event-article mec-clear \" itemscope>                    <div class=\"event-grid-t2-head mec-bg-color clearfix\">\r\n                                    <div class=\"mec-event-month\"><span class=\"mec-start-date-label\" itemprop=\"startDate\">19 diciembre<\/span><\/div>\r\n                                                    <div class=\"mec-event-detail\">Casa de Cultura Altea<\/div>\r\n            <\/div>\r\n            <div class=\"mec-event-image\"><a data-event-id=\"38921\" href=\"https:\/\/www.alteacultural.com\/es\/events\/anzu-gat-fantasma-cinema-en-valencia\/\"><img decoding=\"async\" width=\"2475\" height=\"757\" data-src=\"https:\/\/www.alteacultural.com\/wp-content\/uploads\/2025\/12\/2025-12-19_AnzuGatFantasma_banner.jpg\" class=\"attachment-medium size-medium wp-post-image lazyload\" alt=\"\" data-mec-postid=\"38921\" data-srcset=\"https:\/\/www.alteacultural.com\/wp-content\/uploads\/2025\/12\/2025-12-19_AnzuGatFantasma_banner.jpg 2475w, https:\/\/www.alteacultural.com\/wp-content\/uploads\/2025\/12\/2025-12-19_AnzuGatFantasma_banner-768x235.jpg 768w, https:\/\/www.alteacultural.com\/wp-content\/uploads\/2025\/12\/2025-12-19_AnzuGatFantasma_banner-1536x470.jpg 1536w, https:\/\/www.alteacultural.com\/wp-content\/uploads\/2025\/12\/2025-12-19_AnzuGatFantasma_banner-2048x626.jpg 2048w\" data-sizes=\"(max-width: 2475px) 100vw, 2475px\" src=\"data:image\/gif;base64,R0lGODlhAQABAAAAACH5BAEKAAEALAAAAAABAAEAAAICTAEAOw==\" style=\"--smush-placeholder-width: 2475px; --smush-placeholder-aspect-ratio: 2475\/757;\" \/><\/a><\/div>\r\n            <div class=\"mec-event-content\">\r\n                                                <h4 class=\"mec-event-title\"><a class=\"mec-color-hover\" data-event-id=\"38921\" href=\"https:\/\/www.alteacultural.com\/es\/events\/anzu-gat-fantasma-cinema-en-valencia\/\">Anzu, gat fantasma &#8211; Cinema en valenci\u00e0.<\/a><span class=\"event-color\" style=\"background: #fdd700\"><\/span><\/h4>\r\n                <p>Pont de Moncau, 14, 03590 Altea<\/p>\r\n            <\/div>\r\n            <div class=\"mec-event-footer mec-color\">\r\n                                <ul class=\"mec-event-sharing-wrap\">\r\n                    <li class=\"mec-event-share\">\r\n                        <a href=\"#\" class=\"mec-event-share-icon\">\r\n                            <i class=\"mec-sl-share\"><\/i>\r\n                        <\/a>\r\n                    <\/li>\r\n                    <li>\r\n                        <ul class=\"mec-event-sharing\">\r\n                            <li class=\"mec-event-social-icon\"><a class=\"facebook\" href=\"https:\/\/www.facebook.com\/sharer\/sharer.php?u=https%3A%2F%2Fwww.alteacultural.com%2Fes%2Fevents%2Fanzu-gat-fantasma-cinema-en-valencia%2F\" onclick=\"javascript:window.open(this.href, '', 'menubar=no,toolbar=no,resizable=yes,scrollbars=yes,height=500,width=600'); return false;\" title=\"Compartir en Facebook\"><i class=\"mec-fa-facebook\"><\/i><\/a><\/li><li class=\"mec-event-social-icon\"><a class=\"twitter\" href=\"https:\/\/twitter.com\/share?url=https%3A%2F%2Fwww.alteacultural.com%2Fes%2Fevents%2Fanzu-gat-fantasma-cinema-en-valencia%2F\" onclick=\"javascript:window.open(this.href, '', 'menubar=no,toolbar=no,resizable=yes,scrollbars=yes,height=600,width=500'); return false;\" target=\"_blank\" title=\"Tweet\"><i class=\"mec-fa-twitter\"><\/i><\/a><\/li><li class=\"mec-event-social-icon\"><a class=\"linkedin\" href=\"https:\/\/www.linkedin.com\/shareArticle?mini=true&url=https%3A%2F%2Fwww.alteacultural.com%2Fes%2Fevents%2Fanzu-gat-fantasma-cinema-en-valencia%2F\" onclick=\"javascript:window.open(this.href, '', 'menubar=no,toolbar=no,resizable=yes,scrollbars=yes,height=600,width=500'); return false;\" target=\"_blank\" title=\"LinkedIn\"><i class=\"mec-fa-linkedin\"><\/i><\/a><\/li><li class=\"mec-event-social-icon\"><a class=\"vk\" href=\" http:\/\/vk.com\/share.php?url=https%3A%2F%2Fwww.alteacultural.com%2Fes%2Fevents%2Fanzu-gat-fantasma-cinema-en-valencia%2F\" title=\"VK\" target=\"_blank\"><i class=\"mec-fa-vk\"><\/i><\/a><\/li><li class=\"mec-event-social-icon\"><a class=\"email\" href=\"mailto:?subject=Anzu, gat fantasma - Cinema en valenci\u00e0.&body=https%3A%2F%2Fwww.alteacultural.com%2Fes%2Fevents%2Fanzu-gat-fantasma-cinema-en-valencia%2F\" title=\"Correo electr\u00f3nico\"><i class=\"mec-fa-envelope\"><\/i><\/a><\/li>                        <\/ul>\r\n                    <\/li>\r\n                <\/ul>\r\n                                                <a class=\"mec-booking-button\" data-event-id=\"38921\" href=\"https:\/\/www.alteacultural.com\/es\/events\/anzu-gat-fantasma-cinema-en-valencia\/\" target=\"_self\">Ver detalle<\/a>\r\n            <\/div>\r\n        <\/article><\/div>                <div class=\"col-md-6 col-sm-6\">        <script type=\"application\/ld+json\">\r\n        {\r\n            \"@context\" \t\t: \"http:\/\/schema.org\",\r\n            \"@type\" \t\t: \"Event\",\r\n            \"startDate\" \t: \"2025-12-20\",\r\n            \"endDate\" \t\t: \"2025-12-20\",\r\n            \"location\" \t\t:\r\n            {\r\n                \"@type\" \t\t: \"Place\",\r\n                \"name\" \t\t\t: \"Casa de Cultura Altea\",\r\n                \"image\"\t\t\t: \"\",\r\n                \"address\"\t\t: \"Pont de Moncau, 14, 03590 Altea\"\r\n            },\r\n            \"offers\": {\r\n                \"url\": \"https:\/\/www.alteacultural.com\/es\/events\/cau-de-contes-magrada\/\",\r\n                \"price\": \"Entrada libre y gratuita\",\r\n                \"priceCurrency\" : \"\u20ac\"\r\n            },\r\n            \"performer\": \"\",\r\n            \"description\" \t: \"20-dic | 12:00 h | Casa de Cultura\r\n\r\nACTO EN VALENCIANO.\r\n\r\nCau de contes: &quot;M&#039;agrada&quot;.\r\n\r\nContacontes a c\u00e0rrec de Silvia Colomer.\r\n\r\nRecomanat per a xiquets a partir de 4 anys.\r\n\r\nEntrada lliure i gratu\u00efta.\r\n\r\n&lt;img class=&quot;aligncenter wp-image-38303&quot; src=&quot;https:\/\/www.alteacultural.com\/wp-content\/uploads\/2025\/10\/2025-12-20-CauDeContes_OctDes2025_Cartell-01-scaled.jpg&quot; alt=&quot;&quot; width=&quot;750&quot; height=&quot;1061&quot; \/&gt;\",\r\n            \"image\" \t\t: \"https:\/\/www.alteacultural.com\/wp-content\/uploads\/2025\/03\/CAU-DE-CONTES-BANNER.jpg\",\r\n            \"name\" \t\t\t: \"Cau de contes: M&#8217;agrada\",\r\n            \"url\"\t\t\t: \"https:\/\/www.alteacultural.com\/es\/events\/cau-de-contes-magrada\/\"\r\n        }\r\n        <\/script>\r\n        <article data-style=\"\" class=\"mec-past-event mec-event-article mec-clear \" itemscope>                    <div class=\"event-grid-t2-head mec-bg-color clearfix\">\r\n                                    <div class=\"mec-event-month\"><span class=\"mec-start-date-label\" itemprop=\"startDate\">20 diciembre<\/span><\/div>\r\n                                                    <div class=\"mec-event-detail\">Casa de Cultura Altea<\/div>\r\n            <\/div>\r\n            <div class=\"mec-event-image\"><a data-event-id=\"38368\" href=\"https:\/\/www.alteacultural.com\/es\/events\/cau-de-contes-magrada\/\"><img decoding=\"async\" width=\"798\" height=\"333\" data-src=\"https:\/\/www.alteacultural.com\/wp-content\/uploads\/2025\/03\/CAU-DE-CONTES-BANNER.jpg\" class=\"attachment-medium size-medium wp-post-image lazyload\" alt=\"\" data-mec-postid=\"38368\" data-srcset=\"https:\/\/www.alteacultural.com\/wp-content\/uploads\/2025\/03\/CAU-DE-CONTES-BANNER.jpg 798w, https:\/\/www.alteacultural.com\/wp-content\/uploads\/2025\/03\/CAU-DE-CONTES-BANNER-768x320.jpg 768w\" data-sizes=\"(max-width: 798px) 100vw, 798px\" src=\"data:image\/gif;base64,R0lGODlhAQABAAAAACH5BAEKAAEALAAAAAABAAEAAAICTAEAOw==\" style=\"--smush-placeholder-width: 798px; --smush-placeholder-aspect-ratio: 798\/333;\" \/><\/a><\/div>\r\n            <div class=\"mec-event-content\">\r\n                                                <h4 class=\"mec-event-title\"><a class=\"mec-color-hover\" data-event-id=\"38368\" href=\"https:\/\/www.alteacultural.com\/es\/events\/cau-de-contes-magrada\/\">Cau de contes: M&#8217;agrada<\/a><span class=\"event-color\" style=\"background: #fdd700\"><\/span><\/h4>\r\n                <p>Pont de Moncau, 14, 03590 Altea<\/p>\r\n            <\/div>\r\n            <div class=\"mec-event-footer mec-color\">\r\n                                <ul class=\"mec-event-sharing-wrap\">\r\n                    <li class=\"mec-event-share\">\r\n                        <a href=\"#\" class=\"mec-event-share-icon\">\r\n                            <i class=\"mec-sl-share\"><\/i>\r\n                        <\/a>\r\n                    <\/li>\r\n                    <li>\r\n                        <ul class=\"mec-event-sharing\">\r\n                            <li class=\"mec-event-social-icon\"><a class=\"facebook\" href=\"https:\/\/www.facebook.com\/sharer\/sharer.php?u=https%3A%2F%2Fwww.alteacultural.com%2Fes%2Fevents%2Fcau-de-contes-magrada%2F\" onclick=\"javascript:window.open(this.href, '', 'menubar=no,toolbar=no,resizable=yes,scrollbars=yes,height=500,width=600'); return false;\" title=\"Compartir en Facebook\"><i class=\"mec-fa-facebook\"><\/i><\/a><\/li><li class=\"mec-event-social-icon\"><a class=\"twitter\" href=\"https:\/\/twitter.com\/share?url=https%3A%2F%2Fwww.alteacultural.com%2Fes%2Fevents%2Fcau-de-contes-magrada%2F\" onclick=\"javascript:window.open(this.href, '', 'menubar=no,toolbar=no,resizable=yes,scrollbars=yes,height=600,width=500'); return false;\" target=\"_blank\" title=\"Tweet\"><i class=\"mec-fa-twitter\"><\/i><\/a><\/li><li class=\"mec-event-social-icon\"><a class=\"linkedin\" href=\"https:\/\/www.linkedin.com\/shareArticle?mini=true&url=https%3A%2F%2Fwww.alteacultural.com%2Fes%2Fevents%2Fcau-de-contes-magrada%2F\" onclick=\"javascript:window.open(this.href, '', 'menubar=no,toolbar=no,resizable=yes,scrollbars=yes,height=600,width=500'); return false;\" target=\"_blank\" title=\"LinkedIn\"><i class=\"mec-fa-linkedin\"><\/i><\/a><\/li><li class=\"mec-event-social-icon\"><a class=\"vk\" href=\" http:\/\/vk.com\/share.php?url=https%3A%2F%2Fwww.alteacultural.com%2Fes%2Fevents%2Fcau-de-contes-magrada%2F\" title=\"VK\" target=\"_blank\"><i class=\"mec-fa-vk\"><\/i><\/a><\/li><li class=\"mec-event-social-icon\"><a class=\"email\" href=\"mailto:?subject=Cau de contes: M\u2019agrada&body=https%3A%2F%2Fwww.alteacultural.com%2Fes%2Fevents%2Fcau-de-contes-magrada%2F\" title=\"Correo electr\u00f3nico\"><i class=\"mec-fa-envelope\"><\/i><\/a><\/li>                        <\/ul>\r\n                    <\/li>\r\n                <\/ul>\r\n                                                <a class=\"mec-booking-button\" data-event-id=\"38368\" href=\"https:\/\/www.alteacultural.com\/es\/events\/cau-de-contes-magrada\/\" target=\"_self\">Ver detalle<\/a>\r\n            <\/div>\r\n        <\/article><\/div><\/div>                \t<\/div>\r\n<\/div>\r\n\r\n    <\/div>\r\n    <div class=\"mec-skin-grid-no-events-container mec-util-hidden\" id=\"mec_skin_no_events_12797\">\r\n        \u00a1No hay eventos!    <\/div>\r\n        \r\n        <div class=\"mec-load-more-wrap\"><div class=\"mec-load-more-button\" onclick=\"\">Cargar m\u00e1s<\/div><\/div>\r\n        \r\n<\/div>\n","protected":false},"excerpt":{"rendered":"","protected":false},"author":1,"featured_media":0,"parent":0,"menu_order":0,"comment_status":"closed","ping_status":"closed","template":"","meta":{"_expiration-date-status":"saved","_expiration-date":0,"_expiration-date-type":"","_expiration-date-categories":[],"_expiration-date-options":[],"footnotes":""},"yoast_head":"<!-- This site is optimized with the Yoast SEO plugin v22.8 - https:\/\/yoast.com\/wordpress\/plugins\/seo\/ -->\n<title>Navidad en Altea - Altea Cultural<\/title>\n<meta name=\"robots\" content=\"index, follow, max-snippet:-1, max-image-preview:large, max-video-preview:-1\" \/>\n<link rel=\"canonical\" href=\"https:\/\/www.alteacultural.com\/es\/nadal\/\" \/>\n<meta property=\"og:locale\" content=\"es_ES\" \/>\n<meta property=\"og:type\" content=\"article\" \/>\n<meta property=\"og:title\" content=\"Navidad en Altea - Altea Cultural\" \/>\n<meta property=\"og:url\" content=\"https:\/\/www.alteacultural.com\/es\/nadal\/\" \/>\n<meta property=\"og:site_name\" content=\"Altea Cultural\" \/>\n<meta property=\"article:modified_time\" content=\"2021-12-06T22:11:03+00:00\" \/>\n<meta name=\"twitter:card\" content=\"summary_large_image\" \/>\n<meta name=\"twitter:label1\" content=\"Tiempo de lectura\" \/>\n\t<meta name=\"twitter:data1\" content=\"1 minuto\" \/>\n<script type=\"application\/ld+json\" class=\"yoast-schema-graph\">{\"@context\":\"https:\/\/schema.org\",\"@graph\":[{\"@type\":\"WebPage\",\"@id\":\"https:\/\/www.alteacultural.com\/es\/nadal\/\",\"url\":\"https:\/\/www.alteacultural.com\/es\/nadal\/\",\"name\":\"Navidad en Altea - Altea Cultural\",\"isPartOf\":{\"@id\":\"https:\/\/www.alteacultural.com\/es\/#website\"},\"datePublished\":\"2021-12-06T21:47:08+00:00\",\"dateModified\":\"2021-12-06T22:11:03+00:00\",\"breadcrumb\":{\"@id\":\"https:\/\/www.alteacultural.com\/es\/nadal\/#breadcrumb\"},\"inLanguage\":\"es\",\"potentialAction\":[{\"@type\":\"ReadAction\",\"target\":[\"https:\/\/www.alteacultural.com\/es\/nadal\/\"]}]},{\"@type\":\"BreadcrumbList\",\"@id\":\"https:\/\/www.alteacultural.com\/es\/nadal\/#breadcrumb\",\"itemListElement\":[{\"@type\":\"ListItem\",\"position\":1,\"name\":\"Inici\",\"item\":\"https:\/\/www.alteacultural.com\/es\/\"},{\"@type\":\"ListItem\",\"position\":2,\"name\":\"Navidad en Altea\"}]},{\"@type\":\"WebSite\",\"@id\":\"https:\/\/www.alteacultural.com\/es\/#website\",\"url\":\"https:\/\/www.alteacultural.com\/es\/\",\"name\":\"Altea Cultural\",\"description\":\"Regidoria de Cultura de l&#039;Ajuntament d&#039;Altea\",\"potentialAction\":[{\"@type\":\"SearchAction\",\"target\":{\"@type\":\"EntryPoint\",\"urlTemplate\":\"https:\/\/www.alteacultural.com\/es\/?s={search_term_string}\"},\"query-input\":\"required name=search_term_string\"}],\"inLanguage\":\"es\"}]}<\/script>\n<!-- \/ Yoast SEO plugin. -->","yoast_head_json":{"title":"Navidad en Altea - Altea Cultural","robots":{"index":"index","follow":"follow","max-snippet":"max-snippet:-1","max-image-preview":"max-image-preview:large","max-video-preview":"max-video-preview:-1"},"canonical":"https:\/\/www.alteacultural.com\/es\/nadal\/","og_locale":"es_ES","og_type":"article","og_title":"Navidad en Altea - Altea Cultural","og_url":"https:\/\/www.alteacultural.com\/es\/nadal\/","og_site_name":"Altea Cultural","article_modified_time":"2021-12-06T22:11:03+00:00","twitter_card":"summary_large_image","twitter_misc":{"Tiempo de lectura":"1 minuto"},"schema":{"@context":"https:\/\/schema.org","@graph":[{"@type":"WebPage","@id":"https:\/\/www.alteacultural.com\/es\/nadal\/","url":"https:\/\/www.alteacultural.com\/es\/nadal\/","name":"Navidad en Altea - Altea Cultural","isPartOf":{"@id":"https:\/\/www.alteacultural.com\/es\/#website"},"datePublished":"2021-12-06T21:47:08+00:00","dateModified":"2021-12-06T22:11:03+00:00","breadcrumb":{"@id":"https:\/\/www.alteacultural.com\/es\/nadal\/#breadcrumb"},"inLanguage":"es","potentialAction":[{"@type":"ReadAction","target":["https:\/\/www.alteacultural.com\/es\/nadal\/"]}]},{"@type":"BreadcrumbList","@id":"https:\/\/www.alteacultural.com\/es\/nadal\/#breadcrumb","itemListElement":[{"@type":"ListItem","position":1,"name":"Inici","item":"https:\/\/www.alteacultural.com\/es\/"},{"@type":"ListItem","position":2,"name":"Navidad en Altea"}]},{"@type":"WebSite","@id":"https:\/\/www.alteacultural.com\/es\/#website","url":"https:\/\/www.alteacultural.com\/es\/","name":"Altea Cultural","description":"Regidoria de Cultura de l&#039;Ajuntament d&#039;Altea","potentialAction":[{"@type":"SearchAction","target":{"@type":"EntryPoint","urlTemplate":"https:\/\/www.alteacultural.com\/es\/?s={search_term_string}"},"query-input":"required name=search_term_string"}],"inLanguage":"es"}]}},"_links":{"self":[{"href":"https:\/\/www.alteacultural.com\/es\/wp-json\/wp\/v2\/pages\/12795"}],"collection":[{"href":"https:\/\/www.alteacultural.com\/es\/wp-json\/wp\/v2\/pages"}],"about":[{"href":"https:\/\/www.alteacultural.com\/es\/wp-json\/wp\/v2\/types\/page"}],"author":[{"embeddable":true,"href":"https:\/\/www.alteacultural.com\/es\/wp-json\/wp\/v2\/users\/1"}],"replies":[{"embeddable":true,"href":"https:\/\/www.alteacultural.com\/es\/wp-json\/wp\/v2\/comments?post=12795"}],"version-history":[{"count":2,"href":"https:\/\/www.alteacultural.com\/es\/wp-json\/wp\/v2\/pages\/12795\/revisions"}],"predecessor-version":[{"id":12803,"href":"https:\/\/www.alteacultural.com\/es\/wp-json\/wp\/v2\/pages\/12795\/revisions\/12803"}],"wp:attachment":[{"href":"https:\/\/www.alteacultural.com\/es\/wp-json\/wp\/v2\/media?parent=12795"}],"curies":[{"name":"wp","href":"https:\/\/api.w.org\/{rel}","templated":true}]}}