{"id":19753,"date":"2022-05-05T12:33:45","date_gmt":"2022-05-05T10:33:45","guid":{"rendered":"https:\/\/www.alteacultural.com\/esdeveniments-anteriors-casa-de-laigua\/"},"modified":"2022-05-05T12:37:38","modified_gmt":"2022-05-05T10:37:38","slug":"esdeveniments-anteriors-casa-de-laigua","status":"publish","type":"page","link":"https:\/\/www.alteacultural.com\/es\/esdeveniments-anteriors-casa-de-laigua\/","title":{"rendered":"Eventos anteriores Casa del Agua"},"content":{"rendered":"\n<div class=\"mec-wrap mec-skin-grid-container \" id=\"mec_skin_17667\">\r\n    \r\n        \r\n            <div class=\"mec-skin-grid-events-container\" id=\"mec_skin_events_17667\">\r\n        <div class=\"mec-wrap \">\r\n    <div class=\"mec-event-grid-classic\">\r\n        <div class=\"row\"><div class=\"col-md-4 col-sm-4\">        <script type=\"application\/ld+json\">\r\n        {\r\n            \"@context\" \t\t: \"http:\/\/schema.org\",\r\n            \"@type\" \t\t: \"Event\",\r\n            \"startDate\" \t: \"2025-12-13\",\r\n            \"endDate\" \t\t: \"2025-12-13\",\r\n            \"location\" \t\t:\r\n            {\r\n                \"@type\" \t\t: \"Place\",\r\n                \"name\" \t\t\t: \"Auditorio Plaza del Agua Altea\",\r\n                \"image\"\t\t\t: \"\",\r\n                \"address\"\t\t: \"C\/ Pont de Moncau, 29 - Altea\"\r\n            },\r\n            \"offers\": {\r\n                \"url\": \"https:\/\/www.alteacultural.com\/es\/events\/festival-de-jardi-musical-de-nadal-2\/\",\r\n                \"price\": \"Entrada libre y gratuita\",\r\n                \"priceCurrency\" : \"\u20ac\"\r\n            },\r\n            \"performer\": \"\",\r\n            \"description\" \t: \"13-dic | 11:00 h | Pl. del Agua (Altea)\r\n\r\nFestival de Alumnos de la Escuela de M\u00fasica y Danza de Altea: Jard\u00edn Musical (3-5 a\u00f1os), Musibeb\u00e9s (2 a\u00f1os) y grupos instrumentales.\r\n\r\nEntrada libre y gratuita.\r\n\r\n&lt;img class=&quot;aligncenter wp-image-38761&quot; src=&quot;https:\/\/www.alteacultural.com\/wp-content\/uploads\/2025\/12\/CONCERTS-SFA-NADAL-2025-CARTELL.jpg&quot; alt=&quot;&quot; width=&quot;750&quot; height=&quot;1060&quot; \/&gt;\",\r\n            \"image\" \t\t: \"https:\/\/www.alteacultural.com\/wp-content\/uploads\/2025\/12\/CONCERT-SFA-NADAL-2025-CABECERA-13des-11h-01-scaled.jpg\",\r\n            \"name\" \t\t\t: \"Festival de Jard\u00edn Musical de Navidad\",\r\n            \"url\"\t\t\t: \"https:\/\/www.alteacultural.com\/es\/events\/festival-de-jardi-musical-de-nadal-2\/\"\r\n        }\r\n        <\/script>\r\n        <article data-style=\"\" class=\"mec-past-event mec-event-article mec-clear \" itemscope>                    <div class=\"mec-event-image\"><a data-event-id=\"38886\" href=\"https:\/\/www.alteacultural.com\/es\/events\/festival-de-jardi-musical-de-nadal-2\/\"><img decoding=\"async\" width=\"2560\" height=\"947\" data-src=\"https:\/\/www.alteacultural.com\/wp-content\/uploads\/2025\/12\/CONCERT-SFA-NADAL-2025-CABECERA-13des-11h-01-scaled.jpg\" class=\"attachment-medium size-medium wp-post-image lazyload\" alt=\"\" data-mec-postid=\"38886\" data-srcset=\"https:\/\/www.alteacultural.com\/wp-content\/uploads\/2025\/12\/CONCERT-SFA-NADAL-2025-CABECERA-13des-11h-01-scaled.jpg 2560w, https:\/\/www.alteacultural.com\/wp-content\/uploads\/2025\/12\/CONCERT-SFA-NADAL-2025-CABECERA-13des-11h-01-768x284.jpg 768w, https:\/\/www.alteacultural.com\/wp-content\/uploads\/2025\/12\/CONCERT-SFA-NADAL-2025-CABECERA-13des-11h-01-1536x568.jpg 1536w, https:\/\/www.alteacultural.com\/wp-content\/uploads\/2025\/12\/CONCERT-SFA-NADAL-2025-CABECERA-13des-11h-01-2048x758.jpg 2048w\" data-sizes=\"(max-width: 2560px) 100vw, 2560px\" src=\"data:image\/gif;base64,R0lGODlhAQABAAAAACH5BAEKAAEALAAAAAABAAEAAAICTAEAOw==\" style=\"--smush-placeholder-width: 2560px; --smush-placeholder-aspect-ratio: 2560\/947;\" \/><\/a><\/div>\r\n                        <div class=\"mec-event-content\">\r\n                                    <div class=\"mec-event-date mec-bg-color\"><span class=\"mec-start-date-label\" itemprop=\"startDate\">13 diciembre 2025<\/span><\/div>\r\n                                                <h4 class=\"mec-event-title\"><a class=\"mec-color-hover\" data-event-id=\"38886\" href=\"https:\/\/www.alteacultural.com\/es\/events\/festival-de-jardi-musical-de-nadal-2\/\">Festival de Jard\u00edn Musical de Navidad<\/a><span class=\"event-color\" style=\"background: #fdd700\"><\/span><\/h4>\r\n                                <p>Auditorio Plaza del Agua Altea, C\/ Pont de Moncau, 29 - Altea<\/p>\r\n                            <\/div>\r\n            <div class=\"mec-event-footer\">\r\n                                <ul class=\"mec-event-sharing-wrap\">\r\n                    <li class=\"mec-event-share\">\r\n                        <a href=\"#\" class=\"mec-event-share-icon\">\r\n                            <i class=\"mec-sl-share\"><\/i>\r\n                        <\/a>\r\n                    <\/li>\r\n                    <li>\r\n                        <ul class=\"mec-event-sharing\">\r\n                            <li class=\"mec-event-social-icon\"><a class=\"facebook\" href=\"https:\/\/www.facebook.com\/sharer\/sharer.php?u=https%3A%2F%2Fwww.alteacultural.com%2Fes%2Fevents%2Ffestival-de-jardi-musical-de-nadal-2%2F\" onclick=\"javascript:window.open(this.href, '', 'menubar=no,toolbar=no,resizable=yes,scrollbars=yes,height=500,width=600'); return false;\" title=\"Compartir en Facebook\"><i class=\"mec-fa-facebook\"><\/i><\/a><\/li><li class=\"mec-event-social-icon\"><a class=\"twitter\" href=\"https:\/\/twitter.com\/share?url=https%3A%2F%2Fwww.alteacultural.com%2Fes%2Fevents%2Ffestival-de-jardi-musical-de-nadal-2%2F\" onclick=\"javascript:window.open(this.href, '', 'menubar=no,toolbar=no,resizable=yes,scrollbars=yes,height=600,width=500'); return false;\" target=\"_blank\" title=\"Tweet\"><i class=\"mec-fa-twitter\"><\/i><\/a><\/li><li class=\"mec-event-social-icon\"><a class=\"linkedin\" href=\"https:\/\/www.linkedin.com\/shareArticle?mini=true&url=https%3A%2F%2Fwww.alteacultural.com%2Fes%2Fevents%2Ffestival-de-jardi-musical-de-nadal-2%2F\" onclick=\"javascript:window.open(this.href, '', 'menubar=no,toolbar=no,resizable=yes,scrollbars=yes,height=600,width=500'); return false;\" target=\"_blank\" title=\"LinkedIn\"><i class=\"mec-fa-linkedin\"><\/i><\/a><\/li><li class=\"mec-event-social-icon\"><a class=\"vk\" href=\" http:\/\/vk.com\/share.php?url=https%3A%2F%2Fwww.alteacultural.com%2Fes%2Fevents%2Ffestival-de-jardi-musical-de-nadal-2%2F\" title=\"VK\" target=\"_blank\"><i class=\"mec-fa-vk\"><\/i><\/a><\/li><li class=\"mec-event-social-icon\"><a class=\"email\" href=\"mailto:?subject=Festival de Jard\u00edn Musical de Navidad&body=https%3A%2F%2Fwww.alteacultural.com%2Fes%2Fevents%2Ffestival-de-jardi-musical-de-nadal-2%2F\" title=\"Correo electr\u00f3nico\"><i class=\"mec-fa-envelope\"><\/i><\/a><\/li>                        <\/ul>\r\n                    <\/li>\r\n                <\/ul>\r\n                                <a class=\"mec-booking-button\" data-event-id=\"38886\" href=\"https:\/\/www.alteacultural.com\/es\/events\/festival-de-jardi-musical-de-nadal-2\/\" target=\"_self\">Ver detalle<\/a>\r\n            <\/div>\r\n        <\/article><\/div>                <div class=\"col-md-4 col-sm-4\">        <script type=\"application\/ld+json\">\r\n        {\r\n            \"@context\" \t\t: \"http:\/\/schema.org\",\r\n            \"@type\" \t\t: \"Event\",\r\n            \"startDate\" \t: \"2025-08-28\",\r\n            \"endDate\" \t\t: \"2025-08-28\",\r\n            \"location\" \t\t:\r\n            {\r\n                \"@type\" \t\t: \"Place\",\r\n                \"name\" \t\t\t: \"Auditorio Plaza del Agua Altea\",\r\n                \"image\"\t\t\t: \"\",\r\n                \"address\"\t\t: \"C\/ Pont de Moncau, 29 - Altea\"\r\n            },\r\n            \"offers\": {\r\n                \"url\": \"https:\/\/www.alteacultural.com\/es\/events\/felipe-zaragozi-jazz-ensemble-musica-a-boqueta-nit-2025\/\",\r\n                \"price\": \"10 \u20ac (on-line 8 \u20ac)\",\r\n                \"priceCurrency\" : \"\u20ac\"\r\n            },\r\n            \"performer\": \"\",\r\n            \"description\" \t: \"&lt;strong&gt;28 ago | 21:00 h | Auditorio Plaza del Agua&lt;\/strong&gt;\r\n\r\n&lt;strong&gt;Felipe Zaragoz\u00ed Jazz Ensemble.&lt;\/strong&gt;\r\n\r\n\u201cLa luna\u201d - Canciones que nos hacen viajar tan lejos que no querr\u00edamos volver.\r\n\r\nEntrada: 10 \u20ac (compra on-line 8 \u20ac). Abono hasta 24\/jul: 27\u20ac (compra on-line 22\u20ac), Abono desde el 31\/jul: 35\u20ac (compra on-line 30\u20ac).\r\n\r\nVenta: &lt;a href=&quot;https:\/\/www.alteacultural.com\/es\/&quot; target=&quot;_blank&quot; rel=&quot;noopener&quot;&gt;alteacultural.com&lt;\/a&gt; y en taquilla desde 1 h antes de cada actuaci\u00f3n (solo si quedan).\r\n\r\nAsientos no numerados. Se recuerda que no se permite la entrada de p\u00fablico una vez iniciado el espect\u00e1culo.\r\n&lt;h3&gt;&lt;span style=&quot;color: #00ffff;&quot;&gt;Compra de entradas \/ abono&lt;\/span&gt;&lt;\/h3&gt;\r\n&lt;a href=&quot;https:\/\/www.alteacultural.com\/es\/musicaaboquetanit\/&quot; target=&quot;_blank&quot; rel=&quot;noopener&quot;&gt;Clic aqu\u00ed&lt;\/a&gt;\r\n\r\n&lt;img class=&quot;aligncenter wp-image-36909&quot; src=&quot;https:\/\/www.alteacultural.com\/wp-content\/uploads\/2025\/06\/Musica_a_Boqueta_Nit_2025_Cartell-01.jpg&quot; alt=&quot;&quot; width=&quot;750&quot; height=&quot;1060&quot; \/&gt;\",\r\n            \"image\" \t\t: \"https:\/\/www.alteacultural.com\/wp-content\/uploads\/2025\/06\/Musica_a_Boqueta_Nit_2025_Capcalera9-01-scaled.jpg\",\r\n            \"name\" \t\t\t: \"Felipe Zaragoz\u00ed Jazz Ensemble &#8211; M\u00fasica a Boqueta Nit 2025\",\r\n            \"url\"\t\t\t: \"https:\/\/www.alteacultural.com\/es\/events\/felipe-zaragozi-jazz-ensemble-musica-a-boqueta-nit-2025\/\"\r\n        }\r\n        <\/script>\r\n        <article data-style=\"\" class=\"mec-past-event mec-event-article mec-clear \" itemscope>                    <div class=\"mec-event-image\"><a data-event-id=\"37120\" href=\"https:\/\/www.alteacultural.com\/es\/events\/felipe-zaragozi-jazz-ensemble-musica-a-boqueta-nit-2025\/\"><img decoding=\"async\" width=\"2560\" height=\"947\" data-src=\"https:\/\/www.alteacultural.com\/wp-content\/uploads\/2025\/06\/Musica_a_Boqueta_Nit_2025_Capcalera9-01-scaled.jpg\" class=\"attachment-medium size-medium wp-post-image lazyload\" alt=\"\" data-mec-postid=\"37120\" data-srcset=\"https:\/\/www.alteacultural.com\/wp-content\/uploads\/2025\/06\/Musica_a_Boqueta_Nit_2025_Capcalera9-01-scaled.jpg 2560w, https:\/\/www.alteacultural.com\/wp-content\/uploads\/2025\/06\/Musica_a_Boqueta_Nit_2025_Capcalera9-01-768x284.jpg 768w, https:\/\/www.alteacultural.com\/wp-content\/uploads\/2025\/06\/Musica_a_Boqueta_Nit_2025_Capcalera9-01-1536x568.jpg 1536w, https:\/\/www.alteacultural.com\/wp-content\/uploads\/2025\/06\/Musica_a_Boqueta_Nit_2025_Capcalera9-01-2048x758.jpg 2048w\" data-sizes=\"(max-width: 2560px) 100vw, 2560px\" src=\"data:image\/gif;base64,R0lGODlhAQABAAAAACH5BAEKAAEALAAAAAABAAEAAAICTAEAOw==\" style=\"--smush-placeholder-width: 2560px; --smush-placeholder-aspect-ratio: 2560\/947;\" \/><\/a><\/div>\r\n                        <div class=\"mec-event-content\">\r\n                                    <div class=\"mec-event-date mec-bg-color\"><span class=\"mec-start-date-label\" itemprop=\"startDate\">28 agosto 2025<\/span><\/div>\r\n                                                <h4 class=\"mec-event-title\"><a class=\"mec-color-hover\" data-event-id=\"37120\" href=\"https:\/\/www.alteacultural.com\/es\/events\/felipe-zaragozi-jazz-ensemble-musica-a-boqueta-nit-2025\/\">Felipe Zaragoz\u00ed Jazz Ensemble &#8211; M\u00fasica a Boqueta Nit 2025<\/a><span class=\"event-color\" style=\"background: #fdd700\"><\/span><\/h4>\r\n                                <p>Auditorio Plaza del Agua Altea, C\/ Pont de Moncau, 29 - Altea<\/p>\r\n                            <\/div>\r\n            <div class=\"mec-event-footer\">\r\n                                <ul class=\"mec-event-sharing-wrap\">\r\n                    <li class=\"mec-event-share\">\r\n                        <a href=\"#\" class=\"mec-event-share-icon\">\r\n                            <i class=\"mec-sl-share\"><\/i>\r\n                        <\/a>\r\n                    <\/li>\r\n                    <li>\r\n                        <ul class=\"mec-event-sharing\">\r\n                            <li class=\"mec-event-social-icon\"><a class=\"facebook\" href=\"https:\/\/www.facebook.com\/sharer\/sharer.php?u=https%3A%2F%2Fwww.alteacultural.com%2Fes%2Fevents%2Ffelipe-zaragozi-jazz-ensemble-musica-a-boqueta-nit-2025%2F\" onclick=\"javascript:window.open(this.href, '', 'menubar=no,toolbar=no,resizable=yes,scrollbars=yes,height=500,width=600'); return false;\" title=\"Compartir en Facebook\"><i class=\"mec-fa-facebook\"><\/i><\/a><\/li><li class=\"mec-event-social-icon\"><a class=\"twitter\" href=\"https:\/\/twitter.com\/share?url=https%3A%2F%2Fwww.alteacultural.com%2Fes%2Fevents%2Ffelipe-zaragozi-jazz-ensemble-musica-a-boqueta-nit-2025%2F\" onclick=\"javascript:window.open(this.href, '', 'menubar=no,toolbar=no,resizable=yes,scrollbars=yes,height=600,width=500'); return false;\" target=\"_blank\" title=\"Tweet\"><i class=\"mec-fa-twitter\"><\/i><\/a><\/li><li class=\"mec-event-social-icon\"><a class=\"linkedin\" href=\"https:\/\/www.linkedin.com\/shareArticle?mini=true&url=https%3A%2F%2Fwww.alteacultural.com%2Fes%2Fevents%2Ffelipe-zaragozi-jazz-ensemble-musica-a-boqueta-nit-2025%2F\" onclick=\"javascript:window.open(this.href, '', 'menubar=no,toolbar=no,resizable=yes,scrollbars=yes,height=600,width=500'); return false;\" target=\"_blank\" title=\"LinkedIn\"><i class=\"mec-fa-linkedin\"><\/i><\/a><\/li><li class=\"mec-event-social-icon\"><a class=\"vk\" href=\" http:\/\/vk.com\/share.php?url=https%3A%2F%2Fwww.alteacultural.com%2Fes%2Fevents%2Ffelipe-zaragozi-jazz-ensemble-musica-a-boqueta-nit-2025%2F\" title=\"VK\" target=\"_blank\"><i class=\"mec-fa-vk\"><\/i><\/a><\/li><li class=\"mec-event-social-icon\"><a class=\"email\" href=\"mailto:?subject=Felipe Zaragoz\u00ed Jazz Ensemble - M\u00fasica a Boqueta Nit 2025&body=https%3A%2F%2Fwww.alteacultural.com%2Fes%2Fevents%2Ffelipe-zaragozi-jazz-ensemble-musica-a-boqueta-nit-2025%2F\" title=\"Correo electr\u00f3nico\"><i class=\"mec-fa-envelope\"><\/i><\/a><\/li>                        <\/ul>\r\n                    <\/li>\r\n                <\/ul>\r\n                                <a class=\"mec-booking-button\" data-event-id=\"37120\" href=\"https:\/\/www.alteacultural.com\/es\/events\/felipe-zaragozi-jazz-ensemble-musica-a-boqueta-nit-2025\/\" target=\"_self\">Ver detalle<\/a>\r\n            <\/div>\r\n        <\/article><\/div>                <div class=\"col-md-4 col-sm-4\">        <script type=\"application\/ld+json\">\r\n        {\r\n            \"@context\" \t\t: \"http:\/\/schema.org\",\r\n            \"@type\" \t\t: \"Event\",\r\n            \"startDate\" \t: \"2025-08-21\",\r\n            \"endDate\" \t\t: \"2025-08-21\",\r\n            \"location\" \t\t:\r\n            {\r\n                \"@type\" \t\t: \"Place\",\r\n                \"name\" \t\t\t: \"Auditorio Plaza del Agua Altea\",\r\n                \"image\"\t\t\t: \"\",\r\n                \"address\"\t\t: \"C\/ Pont de Moncau, 29 - Altea\"\r\n            },\r\n            \"offers\": {\r\n                \"url\": \"https:\/\/www.alteacultural.com\/es\/events\/fun-jazz-project-steve-wonder-collection-musica-a-boqueta-nit-2025\/\",\r\n                \"price\": \"10 \u20ac (on-line 8 \u20ac)\",\r\n                \"priceCurrency\" : \"\u20ac\"\r\n            },\r\n            \"performer\": \"\",\r\n            \"description\" \t: \"&lt;strong&gt;21-ago | 21:00 h | Auditorio Plaza del Agua&lt;\/strong&gt;\r\n\r\n&lt;strong&gt;Fun Jazz Project (Steve Wonder Collection).&lt;\/strong&gt;\r\n\r\n&lt;a href=&quot;https:\/\/www.alteacultural.com\/wp-content\/uploads\/2025\/06\/STEVIE-WONDER-COLLECTION.pdf&quot; target=&quot;_blank&quot; rel=&quot;noopener&quot;&gt;PROGRAMA DE MANO&lt;\/a&gt;\r\n\r\nEntrada: 10 \u20ac (compra on-line 8 \u20ac). Abono hasta 24\/jul: 27\u20ac (compra on-line 22\u20ac), Abono desde el 31\/jul: 35\u20ac (compra on-line 30\u20ac).\r\n\r\nVenta: &lt;a href=&quot;https:\/\/www.alteacultural.com\/es\/&quot; target=&quot;_blank&quot; rel=&quot;noopener&quot;&gt;alteacultural.com&lt;\/a&gt; y en taquilla desde 1 h antes de cada actuaci\u00f3n (solo si quedan).\r\n\r\nAsientos no numerados. Se recuerda que no se permite la entrada de p\u00fablico una vez iniciado el espect\u00e1culo.\r\n&lt;h3&gt;&lt;span style=&quot;color: #00ffff;&quot;&gt;Compra de entradas \/ abono&lt;\/span&gt;&lt;\/h3&gt;\r\n&lt;a href=&quot;https:\/\/www.alteacultural.com\/es\/musicaaboquetanit\/&quot; target=&quot;_blank&quot; rel=&quot;noopener&quot;&gt;Clic aqu\u00ed&lt;\/a&gt;\r\n\r\n&lt;img class=&quot;aligncenter wp-image-36909&quot; src=&quot;https:\/\/www.alteacultural.com\/wp-content\/uploads\/2025\/06\/Musica_a_Boqueta_Nit_2025_Cartell-01.jpg&quot; alt=&quot;&quot; width=&quot;750&quot; height=&quot;1060&quot; \/&gt;\",\r\n            \"image\" \t\t: \"https:\/\/www.alteacultural.com\/wp-content\/uploads\/2025\/06\/Musica_a_Boqueta_Nit_2025_Capcalera8-01-scaled.jpg\",\r\n            \"name\" \t\t\t: \"Fun Jazz Project (Steve Wonder Collection) &#8211; M\u00fasica a Boqueta Nit 2025\",\r\n            \"url\"\t\t\t: \"https:\/\/www.alteacultural.com\/es\/events\/fun-jazz-project-steve-wonder-collection-musica-a-boqueta-nit-2025\/\"\r\n        }\r\n        <\/script>\r\n        <article data-style=\"\" class=\"mec-past-event mec-event-article mec-clear \" itemscope>                    <div class=\"mec-event-image\"><a data-event-id=\"37109\" href=\"https:\/\/www.alteacultural.com\/es\/events\/fun-jazz-project-steve-wonder-collection-musica-a-boqueta-nit-2025\/\"><img decoding=\"async\" width=\"2560\" height=\"947\" data-src=\"https:\/\/www.alteacultural.com\/wp-content\/uploads\/2025\/06\/Musica_a_Boqueta_Nit_2025_Capcalera8-01-scaled.jpg\" class=\"attachment-medium size-medium wp-post-image lazyload\" alt=\"\" data-mec-postid=\"37109\" data-srcset=\"https:\/\/www.alteacultural.com\/wp-content\/uploads\/2025\/06\/Musica_a_Boqueta_Nit_2025_Capcalera8-01-scaled.jpg 2560w, https:\/\/www.alteacultural.com\/wp-content\/uploads\/2025\/06\/Musica_a_Boqueta_Nit_2025_Capcalera8-01-768x284.jpg 768w, https:\/\/www.alteacultural.com\/wp-content\/uploads\/2025\/06\/Musica_a_Boqueta_Nit_2025_Capcalera8-01-1536x568.jpg 1536w, https:\/\/www.alteacultural.com\/wp-content\/uploads\/2025\/06\/Musica_a_Boqueta_Nit_2025_Capcalera8-01-2048x758.jpg 2048w\" data-sizes=\"(max-width: 2560px) 100vw, 2560px\" src=\"data:image\/gif;base64,R0lGODlhAQABAAAAACH5BAEKAAEALAAAAAABAAEAAAICTAEAOw==\" style=\"--smush-placeholder-width: 2560px; --smush-placeholder-aspect-ratio: 2560\/947;\" \/><\/a><\/div>\r\n                        <div class=\"mec-event-content\">\r\n                                    <div class=\"mec-event-date mec-bg-color\"><span class=\"mec-start-date-label\" itemprop=\"startDate\">21 agosto 2025<\/span><\/div>\r\n                                                <h4 class=\"mec-event-title\"><a class=\"mec-color-hover\" data-event-id=\"37109\" href=\"https:\/\/www.alteacultural.com\/es\/events\/fun-jazz-project-steve-wonder-collection-musica-a-boqueta-nit-2025\/\">Fun Jazz Project (Steve Wonder Collection) &#8211; M\u00fasica a Boqueta Nit 2025<\/a><span class=\"event-color\" style=\"background: #fdd700\"><\/span><\/h4>\r\n                                <p>Auditorio Plaza del Agua Altea, C\/ Pont de Moncau, 29 - Altea<\/p>\r\n                            <\/div>\r\n            <div class=\"mec-event-footer\">\r\n                                <ul class=\"mec-event-sharing-wrap\">\r\n                    <li class=\"mec-event-share\">\r\n                        <a href=\"#\" class=\"mec-event-share-icon\">\r\n                            <i class=\"mec-sl-share\"><\/i>\r\n                        <\/a>\r\n                    <\/li>\r\n                    <li>\r\n                        <ul class=\"mec-event-sharing\">\r\n                            <li class=\"mec-event-social-icon\"><a class=\"facebook\" href=\"https:\/\/www.facebook.com\/sharer\/sharer.php?u=https%3A%2F%2Fwww.alteacultural.com%2Fes%2Fevents%2Ffun-jazz-project-steve-wonder-collection-musica-a-boqueta-nit-2025%2F\" onclick=\"javascript:window.open(this.href, '', 'menubar=no,toolbar=no,resizable=yes,scrollbars=yes,height=500,width=600'); return false;\" title=\"Compartir en Facebook\"><i class=\"mec-fa-facebook\"><\/i><\/a><\/li><li class=\"mec-event-social-icon\"><a class=\"twitter\" href=\"https:\/\/twitter.com\/share?url=https%3A%2F%2Fwww.alteacultural.com%2Fes%2Fevents%2Ffun-jazz-project-steve-wonder-collection-musica-a-boqueta-nit-2025%2F\" onclick=\"javascript:window.open(this.href, '', 'menubar=no,toolbar=no,resizable=yes,scrollbars=yes,height=600,width=500'); return false;\" target=\"_blank\" title=\"Tweet\"><i class=\"mec-fa-twitter\"><\/i><\/a><\/li><li class=\"mec-event-social-icon\"><a class=\"linkedin\" href=\"https:\/\/www.linkedin.com\/shareArticle?mini=true&url=https%3A%2F%2Fwww.alteacultural.com%2Fes%2Fevents%2Ffun-jazz-project-steve-wonder-collection-musica-a-boqueta-nit-2025%2F\" onclick=\"javascript:window.open(this.href, '', 'menubar=no,toolbar=no,resizable=yes,scrollbars=yes,height=600,width=500'); return false;\" target=\"_blank\" title=\"LinkedIn\"><i class=\"mec-fa-linkedin\"><\/i><\/a><\/li><li class=\"mec-event-social-icon\"><a class=\"vk\" href=\" http:\/\/vk.com\/share.php?url=https%3A%2F%2Fwww.alteacultural.com%2Fes%2Fevents%2Ffun-jazz-project-steve-wonder-collection-musica-a-boqueta-nit-2025%2F\" title=\"VK\" target=\"_blank\"><i class=\"mec-fa-vk\"><\/i><\/a><\/li><li class=\"mec-event-social-icon\"><a class=\"email\" href=\"mailto:?subject=Fun Jazz Project (Steve Wonder Collection) - M\u00fasica a Boqueta Nit 2025&body=https%3A%2F%2Fwww.alteacultural.com%2Fes%2Fevents%2Ffun-jazz-project-steve-wonder-collection-musica-a-boqueta-nit-2025%2F\" title=\"Correo electr\u00f3nico\"><i class=\"mec-fa-envelope\"><\/i><\/a><\/li>                        <\/ul>\r\n                    <\/li>\r\n                <\/ul>\r\n                                <a class=\"mec-booking-button\" data-event-id=\"37109\" href=\"https:\/\/www.alteacultural.com\/es\/events\/fun-jazz-project-steve-wonder-collection-musica-a-boqueta-nit-2025\/\" target=\"_self\">Ver detalle<\/a>\r\n            <\/div>\r\n        <\/article><\/div><\/div>                <div class=\"row\"><div class=\"col-md-4 col-sm-4\">        <script type=\"application\/ld+json\">\r\n        {\r\n            \"@context\" \t\t: \"http:\/\/schema.org\",\r\n            \"@type\" \t\t: \"Event\",\r\n            \"startDate\" \t: \"2025-08-14\",\r\n            \"endDate\" \t\t: \"2025-08-14\",\r\n            \"location\" \t\t:\r\n            {\r\n                \"@type\" \t\t: \"Place\",\r\n                \"name\" \t\t\t: \"Auditorio Plaza del Agua Altea\",\r\n                \"image\"\t\t\t: \"\",\r\n                \"address\"\t\t: \"C\/ Pont de Moncau, 29 - Altea\"\r\n            },\r\n            \"offers\": {\r\n                \"url\": \"https:\/\/www.alteacultural.com\/es\/events\/connecta-percussio-musica-a-boqueta-nit-2025\/\",\r\n                \"price\": \"10 \u20ac (on-line 8 \u20ac)\",\r\n                \"priceCurrency\" : \"\u20ac\"\r\n            },\r\n            \"performer\": \"\",\r\n            \"description\" \t: \"&lt;strong&gt;14-ago | 21:00 h | Auditorio Plaza del Agua&lt;\/strong&gt;\r\n\r\n&lt;strong&gt;Connecta Percussi\u00f3.&lt;\/strong&gt;\r\n\r\n&lt;a href=&quot;https:\/\/www.alteacultural.com\/wp-content\/uploads\/2025\/06\/Connecta-castellano.pdf&quot; target=&quot;_blank&quot; rel=&quot;noopener&quot;&gt;TRAYECTORIA&lt;\/a&gt;\r\n\r\nEntrada: 10 \u20ac (compra on-line 8 \u20ac). Abono hasta 24\/jul: 27\u20ac (compra on-line 22\u20ac), Abono desde el 31\/jul: 35\u20ac (compra on-line 30\u20ac).\r\n\r\nVenta: &lt;a href=&quot;https:\/\/www.alteacultural.com\/es\/&quot; target=&quot;_blank&quot; rel=&quot;noopener&quot;&gt;alteacultural.com&lt;\/a&gt; y en taquilla desde 1 h antes de cada actuaci\u00f3n (solo si quedan).\r\n\r\nAsientos no numerados. Se recuerda que no se permite la entrada de p\u00fablico una vez iniciado el espect\u00e1culo.\r\n&lt;h3&gt;&lt;span style=&quot;color: #00ffff;&quot;&gt;Compra de entradas \/ abono&lt;\/span&gt;&lt;\/h3&gt;\r\n&lt;a href=&quot;https:\/\/www.alteacultural.com\/es\/musicaaboquetanit\/&quot; target=&quot;_blank&quot; rel=&quot;noopener&quot;&gt;Clic aqu\u00ed&lt;\/a&gt;\r\n\r\n&nbsp;\r\n\r\n[video width=&quot;1920&quot; height=&quot;1080&quot; mp4=&quot;https:\/\/www.alteacultural.com\/wp-content\/uploads\/2025\/06\/Video-Alicante-Vibra-19-Maig-2025.mp4&quot;][\/video]\r\n\r\n&nbsp;\r\n&lt;h3&gt;&lt;span style=&quot;color: #00ffff;&quot;&gt;Cartel&lt;\/span&gt;&lt;\/h3&gt;\r\n&lt;img class=&quot;aligncenter wp-image-36909&quot; src=&quot;https:\/\/www.alteacultural.com\/wp-content\/uploads\/2025\/06\/Musica_a_Boqueta_Nit_2025_Cartell-01.jpg&quot; alt=&quot;&quot; width=&quot;750&quot; height=&quot;1060&quot; \/&gt;\",\r\n            \"image\" \t\t: \"https:\/\/www.alteacultural.com\/wp-content\/uploads\/2025\/06\/Musica_a_Boqueta_Nit_2025_Capcalera7-01-scaled.jpg\",\r\n            \"name\" \t\t\t: \"Connecta Percussi\u00f3 &#8211; M\u00fasica a Boqueta Nit 2025\",\r\n            \"url\"\t\t\t: \"https:\/\/www.alteacultural.com\/es\/events\/connecta-percussio-musica-a-boqueta-nit-2025\/\"\r\n        }\r\n        <\/script>\r\n        <article data-style=\"\" class=\"mec-past-event mec-event-article mec-clear \" itemscope>                    <div class=\"mec-event-image\"><a data-event-id=\"37098\" href=\"https:\/\/www.alteacultural.com\/es\/events\/connecta-percussio-musica-a-boqueta-nit-2025\/\"><img decoding=\"async\" width=\"2560\" height=\"947\" data-src=\"https:\/\/www.alteacultural.com\/wp-content\/uploads\/2025\/06\/Musica_a_Boqueta_Nit_2025_Capcalera7-01-scaled.jpg\" class=\"attachment-medium size-medium wp-post-image lazyload\" alt=\"\" data-mec-postid=\"37098\" data-srcset=\"https:\/\/www.alteacultural.com\/wp-content\/uploads\/2025\/06\/Musica_a_Boqueta_Nit_2025_Capcalera7-01-scaled.jpg 2560w, https:\/\/www.alteacultural.com\/wp-content\/uploads\/2025\/06\/Musica_a_Boqueta_Nit_2025_Capcalera7-01-768x284.jpg 768w, https:\/\/www.alteacultural.com\/wp-content\/uploads\/2025\/06\/Musica_a_Boqueta_Nit_2025_Capcalera7-01-1536x568.jpg 1536w, https:\/\/www.alteacultural.com\/wp-content\/uploads\/2025\/06\/Musica_a_Boqueta_Nit_2025_Capcalera7-01-2048x758.jpg 2048w\" data-sizes=\"(max-width: 2560px) 100vw, 2560px\" src=\"data:image\/gif;base64,R0lGODlhAQABAAAAACH5BAEKAAEALAAAAAABAAEAAAICTAEAOw==\" style=\"--smush-placeholder-width: 2560px; --smush-placeholder-aspect-ratio: 2560\/947;\" \/><\/a><\/div>\r\n                        <div class=\"mec-event-content\">\r\n                                    <div class=\"mec-event-date mec-bg-color\"><span class=\"mec-start-date-label\" itemprop=\"startDate\">14 agosto 2025<\/span><\/div>\r\n                                                <h4 class=\"mec-event-title\"><a class=\"mec-color-hover\" data-event-id=\"37098\" href=\"https:\/\/www.alteacultural.com\/es\/events\/connecta-percussio-musica-a-boqueta-nit-2025\/\">Connecta Percussi\u00f3 &#8211; M\u00fasica a Boqueta Nit 2025<\/a><span class=\"event-color\" style=\"background: #fdd700\"><\/span><\/h4>\r\n                                <p>Auditorio Plaza del Agua Altea, C\/ Pont de Moncau, 29 - Altea<\/p>\r\n                            <\/div>\r\n            <div class=\"mec-event-footer\">\r\n                                <ul class=\"mec-event-sharing-wrap\">\r\n                    <li class=\"mec-event-share\">\r\n                        <a href=\"#\" class=\"mec-event-share-icon\">\r\n                            <i class=\"mec-sl-share\"><\/i>\r\n                        <\/a>\r\n                    <\/li>\r\n                    <li>\r\n                        <ul class=\"mec-event-sharing\">\r\n                            <li class=\"mec-event-social-icon\"><a class=\"facebook\" href=\"https:\/\/www.facebook.com\/sharer\/sharer.php?u=https%3A%2F%2Fwww.alteacultural.com%2Fes%2Fevents%2Fconnecta-percussio-musica-a-boqueta-nit-2025%2F\" onclick=\"javascript:window.open(this.href, '', 'menubar=no,toolbar=no,resizable=yes,scrollbars=yes,height=500,width=600'); return false;\" title=\"Compartir en Facebook\"><i class=\"mec-fa-facebook\"><\/i><\/a><\/li><li class=\"mec-event-social-icon\"><a class=\"twitter\" href=\"https:\/\/twitter.com\/share?url=https%3A%2F%2Fwww.alteacultural.com%2Fes%2Fevents%2Fconnecta-percussio-musica-a-boqueta-nit-2025%2F\" onclick=\"javascript:window.open(this.href, '', 'menubar=no,toolbar=no,resizable=yes,scrollbars=yes,height=600,width=500'); return false;\" target=\"_blank\" title=\"Tweet\"><i class=\"mec-fa-twitter\"><\/i><\/a><\/li><li class=\"mec-event-social-icon\"><a class=\"linkedin\" href=\"https:\/\/www.linkedin.com\/shareArticle?mini=true&url=https%3A%2F%2Fwww.alteacultural.com%2Fes%2Fevents%2Fconnecta-percussio-musica-a-boqueta-nit-2025%2F\" onclick=\"javascript:window.open(this.href, '', 'menubar=no,toolbar=no,resizable=yes,scrollbars=yes,height=600,width=500'); return false;\" target=\"_blank\" title=\"LinkedIn\"><i class=\"mec-fa-linkedin\"><\/i><\/a><\/li><li class=\"mec-event-social-icon\"><a class=\"vk\" href=\" http:\/\/vk.com\/share.php?url=https%3A%2F%2Fwww.alteacultural.com%2Fes%2Fevents%2Fconnecta-percussio-musica-a-boqueta-nit-2025%2F\" title=\"VK\" target=\"_blank\"><i class=\"mec-fa-vk\"><\/i><\/a><\/li><li class=\"mec-event-social-icon\"><a class=\"email\" href=\"mailto:?subject=Connecta Percussi\u00f3 - M\u00fasica a Boqueta Nit 2025&body=https%3A%2F%2Fwww.alteacultural.com%2Fes%2Fevents%2Fconnecta-percussio-musica-a-boqueta-nit-2025%2F\" title=\"Correo electr\u00f3nico\"><i class=\"mec-fa-envelope\"><\/i><\/a><\/li>                        <\/ul>\r\n                    <\/li>\r\n                <\/ul>\r\n                                <a class=\"mec-booking-button\" data-event-id=\"37098\" href=\"https:\/\/www.alteacultural.com\/es\/events\/connecta-percussio-musica-a-boqueta-nit-2025\/\" target=\"_self\">Ver detalle<\/a>\r\n            <\/div>\r\n        <\/article><\/div>                <div class=\"col-md-4 col-sm-4\">        <script type=\"application\/ld+json\">\r\n        {\r\n            \"@context\" \t\t: \"http:\/\/schema.org\",\r\n            \"@type\" \t\t: \"Event\",\r\n            \"startDate\" \t: \"2025-08-10\",\r\n            \"endDate\" \t\t: \"2025-08-10\",\r\n            \"location\" \t\t:\r\n            {\r\n                \"@type\" \t\t: \"Place\",\r\n                \"name\" \t\t\t: \"Auditorio Plaza del Agua Altea\",\r\n                \"image\"\t\t\t: \"\",\r\n                \"address\"\t\t: \"C\/ Pont de Moncau, 29 - Altea\"\r\n            },\r\n            \"offers\": {\r\n                \"url\": \"https:\/\/www.alteacultural.com\/es\/events\/totus-plautus-suc-de-teatre-la-tarumba-alteatre-2025-2\/\",\r\n                \"price\": \"8 \u20ac (6 \u20ac on-line)\",\r\n                \"priceCurrency\" : \"\u20ac\"\r\n            },\r\n            \"performer\": \"\",\r\n            \"description\" \t: \"&lt;strong&gt;10-ago | 21:00 h | Auditori Pla\u00e7a de l&#039;Aigua&lt;\/strong&gt;\r\n\r\nACTO EN VALENCIANO\r\n\r\n&lt;strong&gt;Totus Plautus (Suc de teatre La Tarumba)&lt;\/strong&gt;\r\n[en valenci\u00e0]\r\n\r\nAlteatre - Mostra Nacional de Teatre Amateur Edici\u00f3 2025.\r\n\r\nEntrada 8 \u20ac (6 \u20ac en compra on-line) \/ Abonament 5 representacions 25 \u20ac (20 \u20ac en compra on-line).\r\n\r\nVenda de entrades: &lt;a href=&quot;https:\/\/www.alteacultural.com\/alteatre&quot;&gt;www.alteacultural.com\/alteatre&lt;\/a&gt; i en Taquilla des d&#039;1 h abans de cada actuaci\u00f3 (sols si en queden).\r\n\r\n&lt;strong&gt;Duraci\u00f3:&lt;\/strong&gt; 90 minuts\r\n\r\n&lt;strong&gt;Sinopsi:\u00a0&lt;\/strong&gt;El Vell avar Eucli\u00f3 t\u00e9 dos tresors: una olla plena d&#039;or (que li robaran) i la seua filla Sel\u00e8nia; est\u00e0 disposat a entregar-la a qui m\u00e9s licite per ella. La pret\u00e9n Alcesimarc, de bona fam\u00edlia, per\u00f2 pobra. La xica espera un fill d&#039;ell i Eucli\u00f3 no ho sap. Al seu costat viu el fam\u00f3s general Amfitri\u00f3. De la seua esposa, Alcmena, s&#039;ha encapritxat el d\u00e9u J\u00fapiter, que, ajudat pel seu fill Mercuri, es fa passar per Amfitri\u00f3 per a posseir-la. L&#039;endem\u00e0 arriba a casa l&#039;aut\u00e8ntic militar, conf\u00f3s perqu\u00e8 el seu criat S\u00f2sia afirma no haver-hi pogut entrar la passada nit, ja que un clon seu (el d\u00e9u Mercuri disfressat de S\u00f2sia) li ho ha impedit. L&#039;esc\u00e0ndol en les dues cases est\u00e0 servit.\r\n\r\n&lt;strong&gt;P\u00fablic recomanat:&lt;\/strong&gt; major de 12 anys.\r\n&lt;h3&gt;&lt;span style=&quot;color: #00ffff;&quot;&gt;Compra d&#039;entrades\/abonament&lt;\/span&gt;&lt;\/h3&gt;\r\n&lt;a href=&quot;https:\/\/www.alteacultural.com\/es\/alteatre\/&quot;&gt;Clic ac\u00ed&lt;\/a&gt;\r\n&lt;h3&gt;&lt;span style=&quot;color: #00ffff;&quot;&gt;Cartell&lt;\/span&gt;&lt;\/h3&gt;\r\n&lt;img class=&quot;aligncenter wp-image-37410&quot; src=&quot;https:\/\/www.alteacultural.com\/wp-content\/uploads\/2025\/07\/Alteatre2025_Cartell_Defin-01.jpg&quot; alt=&quot;&quot; width=&quot;700&quot; height=&quot;990&quot; \/&gt;\",\r\n            \"image\" \t\t: \"https:\/\/www.alteacultural.com\/wp-content\/uploads\/2025\/07\/Alteatre2025_Cabecera2_Defin-01-scaled.jpg\",\r\n            \"name\" \t\t\t: \"Totus Plautus (Suc de teatre La Tarumba) &#8211; Alteatre 2025\",\r\n            \"url\"\t\t\t: \"https:\/\/www.alteacultural.com\/es\/events\/totus-plautus-suc-de-teatre-la-tarumba-alteatre-2025-2\/\"\r\n        }\r\n        <\/script>\r\n        <article data-style=\"\" class=\"mec-past-event mec-event-article mec-clear \" itemscope>                    <div class=\"mec-event-image\"><a data-event-id=\"37404\" href=\"https:\/\/www.alteacultural.com\/es\/events\/totus-plautus-suc-de-teatre-la-tarumba-alteatre-2025-2\/\"><img decoding=\"async\" width=\"2560\" height=\"947\" data-src=\"https:\/\/www.alteacultural.com\/wp-content\/uploads\/2025\/07\/Alteatre2025_Cabecera2_Defin-01-scaled.jpg\" class=\"attachment-medium size-medium wp-post-image lazyload\" alt=\"\" data-mec-postid=\"37404\" data-srcset=\"https:\/\/www.alteacultural.com\/wp-content\/uploads\/2025\/07\/Alteatre2025_Cabecera2_Defin-01-scaled.jpg 2560w, https:\/\/www.alteacultural.com\/wp-content\/uploads\/2025\/07\/Alteatre2025_Cabecera2_Defin-01-768x284.jpg 768w, https:\/\/www.alteacultural.com\/wp-content\/uploads\/2025\/07\/Alteatre2025_Cabecera2_Defin-01-1536x568.jpg 1536w, https:\/\/www.alteacultural.com\/wp-content\/uploads\/2025\/07\/Alteatre2025_Cabecera2_Defin-01-2048x758.jpg 2048w\" data-sizes=\"(max-width: 2560px) 100vw, 2560px\" src=\"data:image\/gif;base64,R0lGODlhAQABAAAAACH5BAEKAAEALAAAAAABAAEAAAICTAEAOw==\" style=\"--smush-placeholder-width: 2560px; --smush-placeholder-aspect-ratio: 2560\/947;\" \/><\/a><\/div>\r\n                        <div class=\"mec-event-content\">\r\n                                    <div class=\"mec-event-date mec-bg-color\"><span class=\"mec-start-date-label\" itemprop=\"startDate\">10 agosto 2025<\/span><\/div>\r\n                                                <h4 class=\"mec-event-title\"><a class=\"mec-color-hover\" data-event-id=\"37404\" href=\"https:\/\/www.alteacultural.com\/es\/events\/totus-plautus-suc-de-teatre-la-tarumba-alteatre-2025-2\/\">Totus Plautus (Suc de teatre La Tarumba) &#8211; Alteatre 2025<\/a><span class=\"event-color\" style=\"background: #fdd700\"><\/span><\/h4>\r\n                                <p>Auditorio Plaza del Agua Altea, C\/ Pont de Moncau, 29 - Altea<\/p>\r\n                            <\/div>\r\n            <div class=\"mec-event-footer\">\r\n                                <ul class=\"mec-event-sharing-wrap\">\r\n                    <li class=\"mec-event-share\">\r\n                        <a href=\"#\" class=\"mec-event-share-icon\">\r\n                            <i class=\"mec-sl-share\"><\/i>\r\n                        <\/a>\r\n                    <\/li>\r\n                    <li>\r\n                        <ul class=\"mec-event-sharing\">\r\n                            <li class=\"mec-event-social-icon\"><a class=\"facebook\" href=\"https:\/\/www.facebook.com\/sharer\/sharer.php?u=https%3A%2F%2Fwww.alteacultural.com%2Fes%2Fevents%2Ftotus-plautus-suc-de-teatre-la-tarumba-alteatre-2025-2%2F\" onclick=\"javascript:window.open(this.href, '', 'menubar=no,toolbar=no,resizable=yes,scrollbars=yes,height=500,width=600'); return false;\" title=\"Compartir en Facebook\"><i class=\"mec-fa-facebook\"><\/i><\/a><\/li><li class=\"mec-event-social-icon\"><a class=\"twitter\" href=\"https:\/\/twitter.com\/share?url=https%3A%2F%2Fwww.alteacultural.com%2Fes%2Fevents%2Ftotus-plautus-suc-de-teatre-la-tarumba-alteatre-2025-2%2F\" onclick=\"javascript:window.open(this.href, '', 'menubar=no,toolbar=no,resizable=yes,scrollbars=yes,height=600,width=500'); return false;\" target=\"_blank\" title=\"Tweet\"><i class=\"mec-fa-twitter\"><\/i><\/a><\/li><li class=\"mec-event-social-icon\"><a class=\"linkedin\" href=\"https:\/\/www.linkedin.com\/shareArticle?mini=true&url=https%3A%2F%2Fwww.alteacultural.com%2Fes%2Fevents%2Ftotus-plautus-suc-de-teatre-la-tarumba-alteatre-2025-2%2F\" onclick=\"javascript:window.open(this.href, '', 'menubar=no,toolbar=no,resizable=yes,scrollbars=yes,height=600,width=500'); return false;\" target=\"_blank\" title=\"LinkedIn\"><i class=\"mec-fa-linkedin\"><\/i><\/a><\/li><li class=\"mec-event-social-icon\"><a class=\"vk\" href=\" http:\/\/vk.com\/share.php?url=https%3A%2F%2Fwww.alteacultural.com%2Fes%2Fevents%2Ftotus-plautus-suc-de-teatre-la-tarumba-alteatre-2025-2%2F\" title=\"VK\" target=\"_blank\"><i class=\"mec-fa-vk\"><\/i><\/a><\/li><li class=\"mec-event-social-icon\"><a class=\"email\" href=\"mailto:?subject=Totus Plautus (Suc de teatre La Tarumba) - Alteatre 2025&body=https%3A%2F%2Fwww.alteacultural.com%2Fes%2Fevents%2Ftotus-plautus-suc-de-teatre-la-tarumba-alteatre-2025-2%2F\" title=\"Correo electr\u00f3nico\"><i class=\"mec-fa-envelope\"><\/i><\/a><\/li>                        <\/ul>\r\n                    <\/li>\r\n                <\/ul>\r\n                                <a class=\"mec-booking-button\" data-event-id=\"37404\" href=\"https:\/\/www.alteacultural.com\/es\/events\/totus-plautus-suc-de-teatre-la-tarumba-alteatre-2025-2\/\" target=\"_self\">Ver detalle<\/a>\r\n            <\/div>\r\n        <\/article><\/div>                <div class=\"col-md-4 col-sm-4\">        <script type=\"application\/ld+json\">\r\n        {\r\n            \"@context\" \t\t: \"http:\/\/schema.org\",\r\n            \"@type\" \t\t: \"Event\",\r\n            \"startDate\" \t: \"2025-08-07\",\r\n            \"endDate\" \t\t: \"2025-08-07\",\r\n            \"location\" \t\t:\r\n            {\r\n                \"@type\" \t\t: \"Place\",\r\n                \"name\" \t\t\t: \"Auditorio Plaza del Agua Altea\",\r\n                \"image\"\t\t\t: \"\",\r\n                \"address\"\t\t: \"C\/ Pont de Moncau, 29 - Altea\"\r\n            },\r\n            \"offers\": {\r\n                \"url\": \"https:\/\/www.alteacultural.com\/es\/events\/levare-clarinet-quartet-musica-a-boqueta-nit-2025\/\",\r\n                \"price\": \"10 \u20ac (on-line 8 \u20ac)\",\r\n                \"priceCurrency\" : \"\u20ac\"\r\n            },\r\n            \"performer\": \"\",\r\n            \"description\" \t: \"&lt;strong&gt;7-ago | 21:00 h | Auditorio Plaza del Agua&lt;\/strong&gt;\r\n\r\n&lt;strong&gt;Levare Clarinet Quartet.&lt;\/strong&gt;\r\n\r\n&lt;a href=&quot;https:\/\/www.alteacultural.com\/es\/2025\/06\/27\/levare-clarinet-quartet-trajectoria\/&quot; target=&quot;_blank&quot; rel=&quot;noopener&quot;&gt;TRAYECTORIA&lt;\/a&gt;\r\n\r\nEntrada: 10 \u20ac (compra on-line 8 \u20ac). Abono hasta 24\/jul: 27\u20ac (compra on-line 22\u20ac), Abono desde el 31\/jul: 35\u20ac (compra on-line 30\u20ac).\r\n\r\nVenta: &lt;a href=&quot;https:\/\/www.alteacultural.com\/es\/&quot; target=&quot;_blank&quot; rel=&quot;noopener&quot;&gt;alteacultural.com&lt;\/a&gt; y en taquilla desde 1 h antes de cada actuaci\u00f3n (solo si quedan).\r\n\r\nAsientos no numerados. Se recuerda que no se permite la entrada de p\u00fablico una vez iniciado el espect\u00e1culo.\r\n\r\n&lt;a href=&quot;https:\/\/www.alteacultural.com\/wp-content\/uploads\/2025\/06\/Levare-CQ-Dossier-Programa-2025-08-07.pdf&quot; target=&quot;_blank&quot; rel=&quot;noopener&quot;&gt;Programa de mano&lt;\/a&gt;\r\n&lt;h2&gt;&lt;span style=&quot;color: #00ffff;&quot;&gt;Compra de entradas \/ abono&lt;\/span&gt;&lt;\/h2&gt;\r\n&lt;a href=&quot;https:\/\/www.alteacultural.com\/es\/musicaaboquetanit\/&quot; target=&quot;_blank&quot; rel=&quot;noopener&quot;&gt;Clic aqu\u00ed&lt;\/a&gt;\r\n\r\n&lt;img class=&quot;aligncenter wp-image-36909&quot; src=&quot;https:\/\/www.alteacultural.com\/wp-content\/uploads\/2025\/06\/Musica_a_Boqueta_Nit_2025_Cartell-01.jpg&quot; alt=&quot;&quot; width=&quot;750&quot; height=&quot;1060&quot; \/&gt;\",\r\n            \"image\" \t\t: \"https:\/\/www.alteacultural.com\/wp-content\/uploads\/2025\/06\/Musica_a_Boqueta_Nit_2025_Capcalera6-01-scaled.jpg\",\r\n            \"name\" \t\t\t: \"Levare Clarinet Quartet &#8211; M\u00fasica a Boqueta Nit 2025\",\r\n            \"url\"\t\t\t: \"https:\/\/www.alteacultural.com\/es\/events\/levare-clarinet-quartet-musica-a-boqueta-nit-2025\/\"\r\n        }\r\n        <\/script>\r\n        <article data-style=\"\" class=\"mec-past-event mec-event-article mec-clear \" itemscope>                    <div class=\"mec-event-image\"><a data-event-id=\"37072\" href=\"https:\/\/www.alteacultural.com\/es\/events\/levare-clarinet-quartet-musica-a-boqueta-nit-2025\/\"><img decoding=\"async\" width=\"2560\" height=\"947\" data-src=\"https:\/\/www.alteacultural.com\/wp-content\/uploads\/2025\/06\/Musica_a_Boqueta_Nit_2025_Capcalera6-01-scaled.jpg\" class=\"attachment-medium size-medium wp-post-image lazyload\" alt=\"\" data-mec-postid=\"37072\" data-srcset=\"https:\/\/www.alteacultural.com\/wp-content\/uploads\/2025\/06\/Musica_a_Boqueta_Nit_2025_Capcalera6-01-scaled.jpg 2560w, https:\/\/www.alteacultural.com\/wp-content\/uploads\/2025\/06\/Musica_a_Boqueta_Nit_2025_Capcalera6-01-768x284.jpg 768w, https:\/\/www.alteacultural.com\/wp-content\/uploads\/2025\/06\/Musica_a_Boqueta_Nit_2025_Capcalera6-01-1536x568.jpg 1536w, https:\/\/www.alteacultural.com\/wp-content\/uploads\/2025\/06\/Musica_a_Boqueta_Nit_2025_Capcalera6-01-2048x758.jpg 2048w\" data-sizes=\"(max-width: 2560px) 100vw, 2560px\" src=\"data:image\/gif;base64,R0lGODlhAQABAAAAACH5BAEKAAEALAAAAAABAAEAAAICTAEAOw==\" style=\"--smush-placeholder-width: 2560px; --smush-placeholder-aspect-ratio: 2560\/947;\" \/><\/a><\/div>\r\n                        <div class=\"mec-event-content\">\r\n                                    <div class=\"mec-event-date mec-bg-color\"><span class=\"mec-start-date-label\" itemprop=\"startDate\">07 agosto 2025<\/span><\/div>\r\n                                                <h4 class=\"mec-event-title\"><a class=\"mec-color-hover\" data-event-id=\"37072\" href=\"https:\/\/www.alteacultural.com\/es\/events\/levare-clarinet-quartet-musica-a-boqueta-nit-2025\/\">Levare Clarinet Quartet &#8211; M\u00fasica a Boqueta Nit 2025<\/a><span class=\"event-color\" style=\"background: #fdd700\"><\/span><\/h4>\r\n                                <p>Auditorio Plaza del Agua Altea, C\/ Pont de Moncau, 29 - Altea<\/p>\r\n                            <\/div>\r\n            <div class=\"mec-event-footer\">\r\n                                <ul class=\"mec-event-sharing-wrap\">\r\n                    <li class=\"mec-event-share\">\r\n                        <a href=\"#\" class=\"mec-event-share-icon\">\r\n                            <i class=\"mec-sl-share\"><\/i>\r\n                        <\/a>\r\n                    <\/li>\r\n                    <li>\r\n                        <ul class=\"mec-event-sharing\">\r\n                            <li class=\"mec-event-social-icon\"><a class=\"facebook\" href=\"https:\/\/www.facebook.com\/sharer\/sharer.php?u=https%3A%2F%2Fwww.alteacultural.com%2Fes%2Fevents%2Flevare-clarinet-quartet-musica-a-boqueta-nit-2025%2F\" onclick=\"javascript:window.open(this.href, '', 'menubar=no,toolbar=no,resizable=yes,scrollbars=yes,height=500,width=600'); return false;\" title=\"Compartir en Facebook\"><i class=\"mec-fa-facebook\"><\/i><\/a><\/li><li class=\"mec-event-social-icon\"><a class=\"twitter\" href=\"https:\/\/twitter.com\/share?url=https%3A%2F%2Fwww.alteacultural.com%2Fes%2Fevents%2Flevare-clarinet-quartet-musica-a-boqueta-nit-2025%2F\" onclick=\"javascript:window.open(this.href, '', 'menubar=no,toolbar=no,resizable=yes,scrollbars=yes,height=600,width=500'); return false;\" target=\"_blank\" title=\"Tweet\"><i class=\"mec-fa-twitter\"><\/i><\/a><\/li><li class=\"mec-event-social-icon\"><a class=\"linkedin\" href=\"https:\/\/www.linkedin.com\/shareArticle?mini=true&url=https%3A%2F%2Fwww.alteacultural.com%2Fes%2Fevents%2Flevare-clarinet-quartet-musica-a-boqueta-nit-2025%2F\" onclick=\"javascript:window.open(this.href, '', 'menubar=no,toolbar=no,resizable=yes,scrollbars=yes,height=600,width=500'); return false;\" target=\"_blank\" title=\"LinkedIn\"><i class=\"mec-fa-linkedin\"><\/i><\/a><\/li><li class=\"mec-event-social-icon\"><a class=\"vk\" href=\" http:\/\/vk.com\/share.php?url=https%3A%2F%2Fwww.alteacultural.com%2Fes%2Fevents%2Flevare-clarinet-quartet-musica-a-boqueta-nit-2025%2F\" title=\"VK\" target=\"_blank\"><i class=\"mec-fa-vk\"><\/i><\/a><\/li><li class=\"mec-event-social-icon\"><a class=\"email\" href=\"mailto:?subject=Levare Clarinet Quartet - M\u00fasica a Boqueta Nit 2025&body=https%3A%2F%2Fwww.alteacultural.com%2Fes%2Fevents%2Flevare-clarinet-quartet-musica-a-boqueta-nit-2025%2F\" title=\"Correo electr\u00f3nico\"><i class=\"mec-fa-envelope\"><\/i><\/a><\/li>                        <\/ul>\r\n                    <\/li>\r\n                <\/ul>\r\n                                <a class=\"mec-booking-button\" data-event-id=\"37072\" href=\"https:\/\/www.alteacultural.com\/es\/events\/levare-clarinet-quartet-musica-a-boqueta-nit-2025\/\" target=\"_self\">Ver detalle<\/a>\r\n            <\/div>\r\n        <\/article><\/div><\/div>                <div class=\"row\"><div class=\"col-md-4 col-sm-4\">        <script type=\"application\/ld+json\">\r\n        {\r\n            \"@context\" \t\t: \"http:\/\/schema.org\",\r\n            \"@type\" \t\t: \"Event\",\r\n            \"startDate\" \t: \"2025-08-02\",\r\n            \"endDate\" \t\t: \"2025-08-02\",\r\n            \"location\" \t\t:\r\n            {\r\n                \"@type\" \t\t: \"Place\",\r\n                \"name\" \t\t\t: \"Auditorio Plaza del Agua Altea\",\r\n                \"image\"\t\t\t: \"\",\r\n                \"address\"\t\t: \"C\/ Pont de Moncau, 29 - Altea\"\r\n            },\r\n            \"offers\": {\r\n                \"url\": \"https:\/\/www.alteacultural.com\/es\/events\/tanqueu-a-leixir-grup-de-teatre-pla-i-reves-alteatre-2025\/\",\r\n                \"price\": \"8 \u20ac (6 \u20ac on-line)\",\r\n                \"priceCurrency\" : \"\u20ac\"\r\n            },\r\n            \"performer\": \"\",\r\n            \"description\" \t: \"&lt;strong&gt;2-ago | 21:00 h | Auditori Pla\u00e7a de l&#039;Aigua&lt;\/strong&gt;\r\n\r\nACTO EN VALENCIANO\r\n\r\n&lt;strong&gt;Tanqueu a l&#039;eixir (Grup de Teatre Pla i Rev\u00e9s)&lt;\/strong&gt;\r\n[en valenci\u00e0]\r\n\r\nAlteatre - Mostra Nacional de Teatre Amateur Edici\u00f3 2025.\r\n\r\nEntrada 8 \u20ac (6 \u20ac en compra on-line) \/ Abonament 5 representacions 25 \u20ac (20 \u20ac en compra on-line).\r\n\r\nVenda de entrades: &lt;a href=&quot;http:\/\/www.alteacultural.com\/alteatre&quot;&gt;www.alteacultural.com\/alteatre&lt;\/a&gt; i en Taquilla des d&#039;1 h abans de cada actuaci\u00f3 (sols si en queden).\r\n\r\n&lt;strong&gt;G\u00e9nere:&lt;\/strong&gt; Com\u00e8dia\r\n&lt;strong&gt;Sinopsi:&lt;\/strong&gt; &quot;Tanqueu a l&#039;eixir&quot; reflexa quant pat\u00e8tics poden arribar a ser quatre homes, &quot;quatre mascles com D\u00e9u mana&quot;, per la necessitat de trovar una casa on viure passe el que passe.\r\n&lt;h3&gt;&lt;span style=&quot;color: #00ffff;&quot;&gt;Compra d&#039;entrades\/abonament&lt;\/span&gt;&lt;\/h3&gt;\r\n&lt;a href=&quot;https:\/\/www.alteacultural.com\/es\/alteatre\/&quot;&gt;Clic ac\u00ed&lt;\/a&gt;\r\n&lt;h3&gt;&lt;span style=&quot;color: #00ffff;&quot;&gt;Cartell&lt;\/span&gt;&lt;\/h3&gt;\r\n&lt;h3&gt;&lt;\/h3&gt;\r\n&lt;img class=&quot;aligncenter wp-image-37410&quot; src=&quot;https:\/\/www.alteacultural.com\/wp-content\/uploads\/2025\/07\/Alteatre2025_Cartell_Defin-01.jpg&quot; alt=&quot;&quot; width=&quot;700&quot; height=&quot;990&quot; \/&gt;\",\r\n            \"image\" \t\t: \"https:\/\/www.alteacultural.com\/wp-content\/uploads\/2025\/06\/Alteatre2025_Cabecera5-01-scaled.jpg\",\r\n            \"name\" \t\t\t: \"Tanqueu a l&#8217;eixir (Grup de Teatre Pla i Rev\u00e9s) &#8211; Alteatre 2025\",\r\n            \"url\"\t\t\t: \"https:\/\/www.alteacultural.com\/es\/events\/tanqueu-a-leixir-grup-de-teatre-pla-i-reves-alteatre-2025\/\"\r\n        }\r\n        <\/script>\r\n        <article data-style=\"\" class=\"mec-past-event mec-event-article mec-clear \" itemscope>                    <div class=\"mec-event-image\"><a data-event-id=\"36831\" href=\"https:\/\/www.alteacultural.com\/es\/events\/tanqueu-a-leixir-grup-de-teatre-pla-i-reves-alteatre-2025\/\"><img decoding=\"async\" width=\"2560\" height=\"947\" data-src=\"https:\/\/www.alteacultural.com\/wp-content\/uploads\/2025\/06\/Alteatre2025_Cabecera5-01-scaled.jpg\" class=\"attachment-medium size-medium wp-post-image lazyload\" alt=\"\" data-mec-postid=\"36831\" data-srcset=\"https:\/\/www.alteacultural.com\/wp-content\/uploads\/2025\/06\/Alteatre2025_Cabecera5-01-scaled.jpg 2560w, https:\/\/www.alteacultural.com\/wp-content\/uploads\/2025\/06\/Alteatre2025_Cabecera5-01-768x284.jpg 768w, https:\/\/www.alteacultural.com\/wp-content\/uploads\/2025\/06\/Alteatre2025_Cabecera5-01-1536x568.jpg 1536w, https:\/\/www.alteacultural.com\/wp-content\/uploads\/2025\/06\/Alteatre2025_Cabecera5-01-2048x758.jpg 2048w\" data-sizes=\"(max-width: 2560px) 100vw, 2560px\" src=\"data:image\/gif;base64,R0lGODlhAQABAAAAACH5BAEKAAEALAAAAAABAAEAAAICTAEAOw==\" style=\"--smush-placeholder-width: 2560px; --smush-placeholder-aspect-ratio: 2560\/947;\" \/><\/a><\/div>\r\n                        <div class=\"mec-event-content\">\r\n                                    <div class=\"mec-event-date mec-bg-color\"><span class=\"mec-start-date-label\" itemprop=\"startDate\">02 agosto 2025<\/span><\/div>\r\n                                                <h4 class=\"mec-event-title\"><a class=\"mec-color-hover\" data-event-id=\"36831\" href=\"https:\/\/www.alteacultural.com\/es\/events\/tanqueu-a-leixir-grup-de-teatre-pla-i-reves-alteatre-2025\/\">Tanqueu a l&#8217;eixir (Grup de Teatre Pla i Rev\u00e9s) &#8211; Alteatre 2025<\/a><span class=\"event-color\" style=\"background: #fdd700\"><\/span><\/h4>\r\n                                <p>Auditorio Plaza del Agua Altea, C\/ Pont de Moncau, 29 - Altea<\/p>\r\n                            <\/div>\r\n            <div class=\"mec-event-footer\">\r\n                                <ul class=\"mec-event-sharing-wrap\">\r\n                    <li class=\"mec-event-share\">\r\n                        <a href=\"#\" class=\"mec-event-share-icon\">\r\n                            <i class=\"mec-sl-share\"><\/i>\r\n                        <\/a>\r\n                    <\/li>\r\n                    <li>\r\n                        <ul class=\"mec-event-sharing\">\r\n                            <li class=\"mec-event-social-icon\"><a class=\"facebook\" href=\"https:\/\/www.facebook.com\/sharer\/sharer.php?u=https%3A%2F%2Fwww.alteacultural.com%2Fes%2Fevents%2Ftanqueu-a-leixir-grup-de-teatre-pla-i-reves-alteatre-2025%2F\" onclick=\"javascript:window.open(this.href, '', 'menubar=no,toolbar=no,resizable=yes,scrollbars=yes,height=500,width=600'); return false;\" title=\"Compartir en Facebook\"><i class=\"mec-fa-facebook\"><\/i><\/a><\/li><li class=\"mec-event-social-icon\"><a class=\"twitter\" href=\"https:\/\/twitter.com\/share?url=https%3A%2F%2Fwww.alteacultural.com%2Fes%2Fevents%2Ftanqueu-a-leixir-grup-de-teatre-pla-i-reves-alteatre-2025%2F\" onclick=\"javascript:window.open(this.href, '', 'menubar=no,toolbar=no,resizable=yes,scrollbars=yes,height=600,width=500'); return false;\" target=\"_blank\" title=\"Tweet\"><i class=\"mec-fa-twitter\"><\/i><\/a><\/li><li class=\"mec-event-social-icon\"><a class=\"linkedin\" href=\"https:\/\/www.linkedin.com\/shareArticle?mini=true&url=https%3A%2F%2Fwww.alteacultural.com%2Fes%2Fevents%2Ftanqueu-a-leixir-grup-de-teatre-pla-i-reves-alteatre-2025%2F\" onclick=\"javascript:window.open(this.href, '', 'menubar=no,toolbar=no,resizable=yes,scrollbars=yes,height=600,width=500'); return false;\" target=\"_blank\" title=\"LinkedIn\"><i class=\"mec-fa-linkedin\"><\/i><\/a><\/li><li class=\"mec-event-social-icon\"><a class=\"vk\" href=\" http:\/\/vk.com\/share.php?url=https%3A%2F%2Fwww.alteacultural.com%2Fes%2Fevents%2Ftanqueu-a-leixir-grup-de-teatre-pla-i-reves-alteatre-2025%2F\" title=\"VK\" target=\"_blank\"><i class=\"mec-fa-vk\"><\/i><\/a><\/li><li class=\"mec-event-social-icon\"><a class=\"email\" href=\"mailto:?subject=Tanqueu a l\u2019eixir (Grup de Teatre Pla i Rev\u00e9s) - Alteatre 2025&body=https%3A%2F%2Fwww.alteacultural.com%2Fes%2Fevents%2Ftanqueu-a-leixir-grup-de-teatre-pla-i-reves-alteatre-2025%2F\" title=\"Correo electr\u00f3nico\"><i class=\"mec-fa-envelope\"><\/i><\/a><\/li>                        <\/ul>\r\n                    <\/li>\r\n                <\/ul>\r\n                                <a class=\"mec-booking-button\" data-event-id=\"36831\" href=\"https:\/\/www.alteacultural.com\/es\/events\/tanqueu-a-leixir-grup-de-teatre-pla-i-reves-alteatre-2025\/\" target=\"_self\">Ver detalle<\/a>\r\n            <\/div>\r\n        <\/article><\/div>                <div class=\"col-md-4 col-sm-4\">        <script type=\"application\/ld+json\">\r\n        {\r\n            \"@context\" \t\t: \"http:\/\/schema.org\",\r\n            \"@type\" \t\t: \"Event\",\r\n            \"startDate\" \t: \"2025-07-31\",\r\n            \"endDate\" \t\t: \"2025-07-31\",\r\n            \"location\" \t\t:\r\n            {\r\n                \"@type\" \t\t: \"Place\",\r\n                \"name\" \t\t\t: \"Auditorio Plaza del Agua Altea\",\r\n                \"image\"\t\t\t: \"\",\r\n                \"address\"\t\t: \"C\/ Pont de Moncau, 29 - Altea\"\r\n            },\r\n            \"offers\": {\r\n                \"url\": \"https:\/\/www.alteacultural.com\/es\/events\/maria-rodes-canta-copla-musica-a-boqueta-nit-2025\/\",\r\n                \"price\": \"10 \u20ac (on-line 8 \u20ac)\",\r\n                \"priceCurrency\" : \"\u20ac\"\r\n            },\r\n            \"performer\": \"\",\r\n            \"description\" \t: \"&lt;strong&gt;31-jul | 21:00 h | Auditorio Plaza del Agua&lt;\/strong&gt;\r\n\r\n&lt;strong&gt;Maria Rod\u00e9s Canta Copla.&lt;\/strong&gt;\r\n\r\n&lt;a href=&quot;https:\/\/www.alteacultural.com\/wp-content\/uploads\/2025\/06\/Maria-Rodes-castellano.pdf&quot; target=&quot;_blank&quot; rel=&quot;noopener&quot;&gt;TRAYECTORIA&lt;\/a&gt;\r\n\r\nEntrada: 10 \u20ac (compra on-line 8 \u20ac). Abono hasta 24\/jul: 27\u20ac (compra on-line 22\u20ac), Abono desde el 31\/jul: 35\u20ac (compra on-line 30\u20ac).\r\n\r\nVenta: &lt;a href=&quot;https:\/\/www.alteacultural.com\/es\/&quot; target=&quot;_blank&quot; rel=&quot;noopener&quot;&gt;alteacultural.com&lt;\/a&gt; y en taquilla desde 1 h antes de cada actuaci\u00f3n (solo si quedan).\r\n\r\nAsientos no numerados. Se recuerda que no se permite la entrada de p\u00fablico una vez iniciado el espect\u00e1culo.\r\n&lt;h3&gt;&lt;span style=&quot;color: #00ffff;&quot;&gt;Compra de entradas \/ abono&lt;\/span&gt;&lt;\/h3&gt;\r\n&lt;a href=&quot;https:\/\/www.alteacultural.com\/es\/musicaaboquetanit\/&quot; target=&quot;_blank&quot; rel=&quot;noopener&quot;&gt;Clic aqu\u00ed&lt;\/a&gt;\r\n\r\n&lt;img class=&quot;aligncenter wp-image-36909&quot; src=&quot;https:\/\/www.alteacultural.com\/wp-content\/uploads\/2025\/06\/Musica_a_Boqueta_Nit_2025_Cartell-01.jpg&quot; alt=&quot;&quot; width=&quot;750&quot; height=&quot;1060&quot; \/&gt;\",\r\n            \"image\" \t\t: \"https:\/\/www.alteacultural.com\/wp-content\/uploads\/2025\/06\/Musica_a_Boqueta_Nit_2025_Capcalera5-01-scaled.jpg\",\r\n            \"name\" \t\t\t: \"Maria Rod\u00e9s Canta Copla &#8211; M\u00fasica a Boqueta Nit 2025\",\r\n            \"url\"\t\t\t: \"https:\/\/www.alteacultural.com\/es\/events\/maria-rodes-canta-copla-musica-a-boqueta-nit-2025\/\"\r\n        }\r\n        <\/script>\r\n        <article data-style=\"\" class=\"mec-past-event mec-event-article mec-clear \" itemscope>                    <div class=\"mec-event-image\"><a data-event-id=\"37026\" href=\"https:\/\/www.alteacultural.com\/es\/events\/maria-rodes-canta-copla-musica-a-boqueta-nit-2025\/\"><img decoding=\"async\" width=\"2560\" height=\"947\" data-src=\"https:\/\/www.alteacultural.com\/wp-content\/uploads\/2025\/06\/Musica_a_Boqueta_Nit_2025_Capcalera5-01-scaled.jpg\" class=\"attachment-medium size-medium wp-post-image lazyload\" alt=\"\" data-mec-postid=\"37026\" data-srcset=\"https:\/\/www.alteacultural.com\/wp-content\/uploads\/2025\/06\/Musica_a_Boqueta_Nit_2025_Capcalera5-01-scaled.jpg 2560w, https:\/\/www.alteacultural.com\/wp-content\/uploads\/2025\/06\/Musica_a_Boqueta_Nit_2025_Capcalera5-01-768x284.jpg 768w, https:\/\/www.alteacultural.com\/wp-content\/uploads\/2025\/06\/Musica_a_Boqueta_Nit_2025_Capcalera5-01-1536x568.jpg 1536w, https:\/\/www.alteacultural.com\/wp-content\/uploads\/2025\/06\/Musica_a_Boqueta_Nit_2025_Capcalera5-01-2048x758.jpg 2048w\" data-sizes=\"(max-width: 2560px) 100vw, 2560px\" src=\"data:image\/gif;base64,R0lGODlhAQABAAAAACH5BAEKAAEALAAAAAABAAEAAAICTAEAOw==\" style=\"--smush-placeholder-width: 2560px; --smush-placeholder-aspect-ratio: 2560\/947;\" \/><\/a><\/div>\r\n                        <div class=\"mec-event-content\">\r\n                                    <div class=\"mec-event-date mec-bg-color\"><span class=\"mec-start-date-label\" itemprop=\"startDate\">31 julio 2025<\/span><\/div>\r\n                                                <h4 class=\"mec-event-title\"><a class=\"mec-color-hover\" data-event-id=\"37026\" href=\"https:\/\/www.alteacultural.com\/es\/events\/maria-rodes-canta-copla-musica-a-boqueta-nit-2025\/\">Maria Rod\u00e9s Canta Copla &#8211; M\u00fasica a Boqueta Nit 2025<\/a><span class=\"event-color\" style=\"background: #fdd700\"><\/span><\/h4>\r\n                                <p>Auditorio Plaza del Agua Altea, C\/ Pont de Moncau, 29 - Altea<\/p>\r\n                            <\/div>\r\n            <div class=\"mec-event-footer\">\r\n                                <ul class=\"mec-event-sharing-wrap\">\r\n                    <li class=\"mec-event-share\">\r\n                        <a href=\"#\" class=\"mec-event-share-icon\">\r\n                            <i class=\"mec-sl-share\"><\/i>\r\n                        <\/a>\r\n                    <\/li>\r\n                    <li>\r\n                        <ul class=\"mec-event-sharing\">\r\n                            <li class=\"mec-event-social-icon\"><a class=\"facebook\" href=\"https:\/\/www.facebook.com\/sharer\/sharer.php?u=https%3A%2F%2Fwww.alteacultural.com%2Fes%2Fevents%2Fmaria-rodes-canta-copla-musica-a-boqueta-nit-2025%2F\" onclick=\"javascript:window.open(this.href, '', 'menubar=no,toolbar=no,resizable=yes,scrollbars=yes,height=500,width=600'); return false;\" title=\"Compartir en Facebook\"><i class=\"mec-fa-facebook\"><\/i><\/a><\/li><li class=\"mec-event-social-icon\"><a class=\"twitter\" href=\"https:\/\/twitter.com\/share?url=https%3A%2F%2Fwww.alteacultural.com%2Fes%2Fevents%2Fmaria-rodes-canta-copla-musica-a-boqueta-nit-2025%2F\" onclick=\"javascript:window.open(this.href, '', 'menubar=no,toolbar=no,resizable=yes,scrollbars=yes,height=600,width=500'); return false;\" target=\"_blank\" title=\"Tweet\"><i class=\"mec-fa-twitter\"><\/i><\/a><\/li><li class=\"mec-event-social-icon\"><a class=\"linkedin\" href=\"https:\/\/www.linkedin.com\/shareArticle?mini=true&url=https%3A%2F%2Fwww.alteacultural.com%2Fes%2Fevents%2Fmaria-rodes-canta-copla-musica-a-boqueta-nit-2025%2F\" onclick=\"javascript:window.open(this.href, '', 'menubar=no,toolbar=no,resizable=yes,scrollbars=yes,height=600,width=500'); return false;\" target=\"_blank\" title=\"LinkedIn\"><i class=\"mec-fa-linkedin\"><\/i><\/a><\/li><li class=\"mec-event-social-icon\"><a class=\"vk\" href=\" http:\/\/vk.com\/share.php?url=https%3A%2F%2Fwww.alteacultural.com%2Fes%2Fevents%2Fmaria-rodes-canta-copla-musica-a-boqueta-nit-2025%2F\" title=\"VK\" target=\"_blank\"><i class=\"mec-fa-vk\"><\/i><\/a><\/li><li class=\"mec-event-social-icon\"><a class=\"email\" href=\"mailto:?subject=Maria Rod\u00e9s Canta Copla - M\u00fasica a Boqueta Nit 2025&body=https%3A%2F%2Fwww.alteacultural.com%2Fes%2Fevents%2Fmaria-rodes-canta-copla-musica-a-boqueta-nit-2025%2F\" title=\"Correo electr\u00f3nico\"><i class=\"mec-fa-envelope\"><\/i><\/a><\/li>                        <\/ul>\r\n                    <\/li>\r\n                <\/ul>\r\n                                <a class=\"mec-booking-button\" data-event-id=\"37026\" href=\"https:\/\/www.alteacultural.com\/es\/events\/maria-rodes-canta-copla-musica-a-boqueta-nit-2025\/\" target=\"_self\">Ver detalle<\/a>\r\n            <\/div>\r\n        <\/article><\/div>                <div class=\"col-md-4 col-sm-4\">        <script type=\"application\/ld+json\">\r\n        {\r\n            \"@context\" \t\t: \"http:\/\/schema.org\",\r\n            \"@type\" \t\t: \"Event\",\r\n            \"startDate\" \t: \"2025-07-26\",\r\n            \"endDate\" \t\t: \"2025-07-26\",\r\n            \"location\" \t\t:\r\n            {\r\n                \"@type\" \t\t: \"Place\",\r\n                \"name\" \t\t\t: \"Auditorio Plaza del Agua Altea\",\r\n                \"image\"\t\t\t: \"\",\r\n                \"address\"\t\t: \"C\/ Pont de Moncau, 29 - Altea\"\r\n            },\r\n            \"offers\": {\r\n                \"url\": \"https:\/\/www.alteacultural.com\/es\/events\/capullo-quiero-un-hijo-tuyo-cinetika-asociacion-alteatre-2025\/\",\r\n                \"price\": \"8 \u20ac (6 \u20ac on-line)\",\r\n                \"priceCurrency\" : \"\u20ac\"\r\n            },\r\n            \"performer\": \"\",\r\n            \"description\" \t: \"&lt;strong&gt;26-jul | 21:00 h | Auditori Pla\u00e7a de l&#039;Aigua&lt;\/strong&gt;\r\n\r\n&lt;strong&gt;Capullo, quiero un hijo tuyo (Cin\u00e9tika Asociaci\u00f3n).&lt;\/strong&gt;\r\n[en castellano]\r\n\r\nAlteatre - Mostra Nacional de Teatre Amateur Edici\u00f3 2025.\r\n\r\nEntrada 8 \u20ac (6 \u20ac en compra on-line) \/ Abono 5 representaciones 25 \u20ac (20 \u20ac en compra on-line).\r\n\r\nVenta de entradas: &lt;a href=&quot;https:\/\/www.alteacultural.com\/alteatre&quot;&gt;www.alteacultural.com\/alteatre&lt;\/a&gt; y en Taquilla desde 1 h antes de cada actuaci\u00f3n (s\u00f3lo si quedan).\r\n\r\n&lt;strong&gt;G\u00e9nero:&lt;\/strong&gt; Comedia musical\r\n&lt;strong&gt;Duraci\u00f3n:&lt;\/strong&gt; 75 minutos\r\n\r\n&lt;strong&gt;Sinopsis:&lt;\/strong&gt; En los bares pueden surgir ideas extravagantes como la de Mamen y Diana, una pareja de mujeres que quieren ser madres.\/\/ Tomando una cerveza, estas imprudentes que no tienen dinero para una inseminaci\u00f3n privada, ni tiempo para esperar en la sanidad p\u00fablica, deciden disfrazarse y seducir a un hombre para quedarse embarazadas.\/\/El elegido es Lucas, un atractivo donju\u00e1n que no deber\u00eda dar problemas.\r\n\r\n&lt;strong&gt;P\u00fablico:&lt;\/strong&gt; Adulto\r\n&lt;h3&gt;&lt;span style=&quot;color: #00ffff;&quot;&gt;Compra de entradas\/Abono&lt;\/span&gt;&lt;\/h3&gt;\r\n&lt;a href=&quot;https:\/\/www.alteacultural.com\/es\/alteatre\/&quot;&gt;Clic aqu\u00ed&lt;\/a&gt;\r\n&lt;h3&gt;&lt;span style=&quot;color: #00ffff;&quot;&gt;Cartel&lt;\/span&gt;&lt;\/h3&gt;\r\n&lt;h3&gt;&lt;\/h3&gt;\r\n&lt;img class=&quot;aligncenter wp-image-37410&quot; src=&quot;https:\/\/www.alteacultural.com\/wp-content\/uploads\/2025\/07\/Alteatre2025_Cartell_Defin-01.jpg&quot; alt=&quot;&quot; width=&quot;700&quot; height=&quot;990&quot; \/&gt;\",\r\n            \"image\" \t\t: \"https:\/\/www.alteacultural.com\/wp-content\/uploads\/2025\/06\/Alteatre2025_Cabecera4-01-scaled.jpg\",\r\n            \"name\" \t\t\t: \"Capullo, quiero un hijo tuyo (Cin\u00e9tika Asociaci\u00f3n) &#8211; Alteatre 2025\",\r\n            \"url\"\t\t\t: \"https:\/\/www.alteacultural.com\/es\/events\/capullo-quiero-un-hijo-tuyo-cinetika-asociacion-alteatre-2025\/\"\r\n        }\r\n        <\/script>\r\n        <article data-style=\"\" class=\"mec-past-event mec-event-article mec-clear \" itemscope>                    <div class=\"mec-event-image\"><a data-event-id=\"36823\" href=\"https:\/\/www.alteacultural.com\/es\/events\/capullo-quiero-un-hijo-tuyo-cinetika-asociacion-alteatre-2025\/\"><img decoding=\"async\" width=\"2560\" height=\"947\" data-src=\"https:\/\/www.alteacultural.com\/wp-content\/uploads\/2025\/06\/Alteatre2025_Cabecera4-01-scaled.jpg\" class=\"attachment-medium size-medium wp-post-image lazyload\" alt=\"\" data-mec-postid=\"36823\" data-srcset=\"https:\/\/www.alteacultural.com\/wp-content\/uploads\/2025\/06\/Alteatre2025_Cabecera4-01-scaled.jpg 2560w, https:\/\/www.alteacultural.com\/wp-content\/uploads\/2025\/06\/Alteatre2025_Cabecera4-01-768x284.jpg 768w, https:\/\/www.alteacultural.com\/wp-content\/uploads\/2025\/06\/Alteatre2025_Cabecera4-01-1536x568.jpg 1536w, https:\/\/www.alteacultural.com\/wp-content\/uploads\/2025\/06\/Alteatre2025_Cabecera4-01-2048x758.jpg 2048w\" data-sizes=\"(max-width: 2560px) 100vw, 2560px\" src=\"data:image\/gif;base64,R0lGODlhAQABAAAAACH5BAEKAAEALAAAAAABAAEAAAICTAEAOw==\" style=\"--smush-placeholder-width: 2560px; --smush-placeholder-aspect-ratio: 2560\/947;\" \/><\/a><\/div>\r\n                        <div class=\"mec-event-content\">\r\n                                    <div class=\"mec-event-date mec-bg-color\"><span class=\"mec-start-date-label\" itemprop=\"startDate\">26 julio 2025<\/span><\/div>\r\n                                                <h4 class=\"mec-event-title\"><a class=\"mec-color-hover\" data-event-id=\"36823\" href=\"https:\/\/www.alteacultural.com\/es\/events\/capullo-quiero-un-hijo-tuyo-cinetika-asociacion-alteatre-2025\/\">Capullo, quiero un hijo tuyo (Cin\u00e9tika Asociaci\u00f3n) &#8211; Alteatre 2025<\/a><span class=\"event-color\" style=\"background: #fdd700\"><\/span><\/h4>\r\n                                <p>Auditorio Plaza del Agua Altea, C\/ Pont de Moncau, 29 - Altea<\/p>\r\n                            <\/div>\r\n            <div class=\"mec-event-footer\">\r\n                                <ul class=\"mec-event-sharing-wrap\">\r\n                    <li class=\"mec-event-share\">\r\n                        <a href=\"#\" class=\"mec-event-share-icon\">\r\n                            <i class=\"mec-sl-share\"><\/i>\r\n                        <\/a>\r\n                    <\/li>\r\n                    <li>\r\n                        <ul class=\"mec-event-sharing\">\r\n                            <li class=\"mec-event-social-icon\"><a class=\"facebook\" href=\"https:\/\/www.facebook.com\/sharer\/sharer.php?u=https%3A%2F%2Fwww.alteacultural.com%2Fes%2Fevents%2Fcapullo-quiero-un-hijo-tuyo-cinetika-asociacion-alteatre-2025%2F\" onclick=\"javascript:window.open(this.href, '', 'menubar=no,toolbar=no,resizable=yes,scrollbars=yes,height=500,width=600'); return false;\" title=\"Compartir en Facebook\"><i class=\"mec-fa-facebook\"><\/i><\/a><\/li><li class=\"mec-event-social-icon\"><a class=\"twitter\" href=\"https:\/\/twitter.com\/share?url=https%3A%2F%2Fwww.alteacultural.com%2Fes%2Fevents%2Fcapullo-quiero-un-hijo-tuyo-cinetika-asociacion-alteatre-2025%2F\" onclick=\"javascript:window.open(this.href, '', 'menubar=no,toolbar=no,resizable=yes,scrollbars=yes,height=600,width=500'); return false;\" target=\"_blank\" title=\"Tweet\"><i class=\"mec-fa-twitter\"><\/i><\/a><\/li><li class=\"mec-event-social-icon\"><a class=\"linkedin\" href=\"https:\/\/www.linkedin.com\/shareArticle?mini=true&url=https%3A%2F%2Fwww.alteacultural.com%2Fes%2Fevents%2Fcapullo-quiero-un-hijo-tuyo-cinetika-asociacion-alteatre-2025%2F\" onclick=\"javascript:window.open(this.href, '', 'menubar=no,toolbar=no,resizable=yes,scrollbars=yes,height=600,width=500'); return false;\" target=\"_blank\" title=\"LinkedIn\"><i class=\"mec-fa-linkedin\"><\/i><\/a><\/li><li class=\"mec-event-social-icon\"><a class=\"vk\" href=\" http:\/\/vk.com\/share.php?url=https%3A%2F%2Fwww.alteacultural.com%2Fes%2Fevents%2Fcapullo-quiero-un-hijo-tuyo-cinetika-asociacion-alteatre-2025%2F\" title=\"VK\" target=\"_blank\"><i class=\"mec-fa-vk\"><\/i><\/a><\/li><li class=\"mec-event-social-icon\"><a class=\"email\" href=\"mailto:?subject=Capullo, quiero un hijo tuyo (Cin\u00e9tika Asociaci\u00f3n) - Alteatre 2025&body=https%3A%2F%2Fwww.alteacultural.com%2Fes%2Fevents%2Fcapullo-quiero-un-hijo-tuyo-cinetika-asociacion-alteatre-2025%2F\" title=\"Correo electr\u00f3nico\"><i class=\"mec-fa-envelope\"><\/i><\/a><\/li>                        <\/ul>\r\n                    <\/li>\r\n                <\/ul>\r\n                                <a class=\"mec-booking-button\" data-event-id=\"36823\" href=\"https:\/\/www.alteacultural.com\/es\/events\/capullo-quiero-un-hijo-tuyo-cinetika-asociacion-alteatre-2025\/\" target=\"_self\">Ver detalle<\/a>\r\n            <\/div>\r\n        <\/article><\/div><\/div>                <div class=\"row\"><div class=\"col-md-4 col-sm-4\">        <script type=\"application\/ld+json\">\r\n        {\r\n            \"@context\" \t\t: \"http:\/\/schema.org\",\r\n            \"@type\" \t\t: \"Event\",\r\n            \"startDate\" \t: \"2025-07-24\",\r\n            \"endDate\" \t\t: \"2025-07-24\",\r\n            \"location\" \t\t:\r\n            {\r\n                \"@type\" \t\t: \"Place\",\r\n                \"name\" \t\t\t: \"Auditorio Plaza del Agua Altea\",\r\n                \"image\"\t\t\t: \"\",\r\n                \"address\"\t\t: \"C\/ Pont de Moncau, 29 - Altea\"\r\n            },\r\n            \"offers\": {\r\n                \"url\": \"https:\/\/www.alteacultural.com\/es\/events\/tubes-i-bombardins-ensemble-sfa-musica-a-boqueta-nit-2025\/\",\r\n                \"price\": \"10 \u20ac (on-line 8 \u20ac)\",\r\n                \"priceCurrency\" : \"\u20ac\"\r\n            },\r\n            \"performer\": \"\",\r\n            \"description\" \t: \"&lt;p class=&quot;selectable-text copyable-text x15bjb6t x1n2onr6&quot; dir=&quot;ltr&quot;&gt;&lt;span style=&quot;color: #ff0000;&quot;&gt;&lt;span class=&quot;x19la9d6 x1fc57z9 x6ikm8r x10wlt62 x19co3pv x1g5zs5t xfibh0p xiy17q3 x1xsqp64 x1lkfr7t xexx8yu xyri2b x18d9i69 x1c1uobl&quot;&gt;&lt;span class=&quot;xrtxmta x1bhl96m&quot;&gt;\u26a0\ufe0f&lt;\/span&gt;&lt;\/span&gt;&lt;span class=&quot;x19la9d6 x1fc57z9 x6ikm8r x10wlt62 x19co3pv x1g5zs5t xfibh0p xiy17q3 x1xsqp64 x1lkfr7t xexx8yu xyri2b x18d9i69 x1c1uobl&quot;&gt;&lt;span class=&quot;xrtxmta x1bhl96m&quot;&gt;\ud83c\udf27\ufe0f&lt;\/span&gt;&lt;\/span&gt;&lt;span class=&quot;selectable-text copyable-text xkrh14z&quot;&gt; L\u2019actuaci\u00f3 de hui \u2018Ensemble Tubes i Bombardins SFA\u2019, del cicle M\u00daSICA A BOQUETA NIT 2025, prevista per a hui dijous 24\/07\/2025, &lt;\/span&gt;&lt;span class=&quot;selectable-text copyable-text xkrh14z xdakrdy&quot;&gt;*&lt;\/span&gt;&lt;b&gt;&lt;strong class=&quot;selectable-text copyable-text xkrh14z x117nqv4&quot;&gt;ES TRASLLADA&lt;\/strong&gt;&lt;\/b&gt;&lt;span class=&quot;selectable-text copyable-text xkrh14z xdakrdy&quot;&gt;*&lt;\/span&gt;&lt;span class=&quot;selectable-text copyable-text xkrh14z&quot;&gt; al Sal\u00f3 d\u2019actes de la SFA (C\/ Filharm\u00f2nica 12) per motius meteorol\u00f2gics, a la mateixa hora. Preguem que disculpeu les mol\u00e8sties i moltes gr\u00e0cies per la vostra comprensi\u00f3.&lt;\/span&gt;&lt;\/span&gt;&lt;\/p&gt;\r\n&lt;p class=&quot;selectable-text copyable-text x15bjb6t x1n2onr6&quot; dir=&quot;ltr&quot;&gt;&lt;em&gt;&lt;span style=&quot;color: #ff0000;&quot;&gt;&lt;span class=&quot;x19la9d6 x1fc57z9 x6ikm8r x10wlt62 x19co3pv x1g5zs5t xfibh0p xiy17q3 x1xsqp64 x1lkfr7t xexx8yu xyri2b x18d9i69 x1c1uobl&quot;&gt;&lt;span class=&quot;xrtxmta x1bhl96m&quot;&gt;\u26a0\ufe0f&lt;\/span&gt;&lt;\/span&gt;&lt;span class=&quot;x19la9d6 x1fc57z9 x6ikm8r x10wlt62 x19co3pv x1g5zs5t xfibh0p xiy17q3 x1xsqp64 x1lkfr7t xexx8yu xyri2b x18d9i69 x1c1uobl&quot;&gt;&lt;span class=&quot;xrtxmta x1bhl96m&quot;&gt;\ud83c\udf27\ufe0f&lt;\/span&gt;&lt;\/span&gt;&lt;span class=&quot;selectable-text copyable-text xkrh14z&quot;&gt; La actuaci\u00f3n de hoy \u2018Ensemble Tubes i Bombardins SFA\u2019, del ciclo M\u00daSICA A BOQUETA NIT 2025, prevista para hoy jueves 24\/07\/2025, &lt;\/span&gt;&lt;span class=&quot;selectable-text copyable-text xkrh14z xdakrdy&quot;&gt;*&lt;\/span&gt;&lt;b&gt;&lt;strong class=&quot;selectable-text copyable-text xkrh14z x117nqv4&quot;&gt;SE TRASLADA&lt;\/strong&gt;&lt;\/b&gt;&lt;span class=&quot;selectable-text copyable-text xkrh14z xdakrdy&quot;&gt;*&lt;\/span&gt;&lt;span class=&quot;selectable-text copyable-text xkrh14z&quot;&gt; al Sal\u00f3n de actos de la SFA (C\/ Filarm\u00f3nica 12) por motivos meteorol\u00f3gicos, a la misma hora. Rogamos disculpen las molestias y muchas gracias por su comprensi\u00f3n.&lt;\/span&gt;&lt;\/span&gt;&lt;\/em&gt;&lt;\/p&gt;\r\n&nbsp;\r\n\r\n&nbsp;\r\n\r\n&lt;strong&gt;24-jul | 21:00 h | Auditorio Plaza del Agua&lt;\/strong&gt;\r\n\r\n&lt;strong&gt;Tubas y Bombardinos Ensemble SFA.&lt;\/strong&gt;\r\n\r\nEntrada: 10 \u20ac (compra on-line 8 \u20ac). Abono hasta 24\/jul: 27\u20ac (compra on-line 22\u20ac), Abono desde el 31\/jul: 35\u20ac (compra on-line 30\u20ac).\r\n\r\nVenta: &lt;a href=&quot;https:\/\/www.alteacultural.com\/es\/&quot; target=&quot;_blank&quot; rel=&quot;noopener&quot;&gt;alteacultural.com&lt;\/a&gt; y en taquilla desde 1 h antes de cada actuaci\u00f3n (solo si quedan).\r\n\r\nAsientos no numerados. Se recuerda que no se permite la entrada de p\u00fablico una vez iniciado el espect\u00e1culo.\r\n&lt;h3&gt;&lt;span style=&quot;color: #00ffff;&quot;&gt;Compra de entradas \/ abono&lt;\/span&gt;&lt;\/h3&gt;\r\n&lt;a href=&quot;https:\/\/www.alteacultural.com\/es\/musicaaboquetanit\/&quot; target=&quot;_blank&quot; rel=&quot;noopener&quot;&gt;Clic aqu\u00ed&lt;\/a&gt;\r\n\r\n&lt;img class=&quot;aligncenter wp-image-36909&quot; src=&quot;https:\/\/www.alteacultural.com\/wp-content\/uploads\/2025\/06\/Musica_a_Boqueta_Nit_2025_Cartell-01.jpg&quot; alt=&quot;&quot; width=&quot;750&quot; height=&quot;1060&quot; \/&gt;\",\r\n            \"image\" \t\t: \"https:\/\/www.alteacultural.com\/wp-content\/uploads\/2025\/06\/Musica_a_Boqueta_Nit_2025_Capcalera4-01-scaled.jpg\",\r\n            \"name\" \t\t\t: \"Tubas y Bombardinos Ensemble SFA &#8211; M\u00fasica a Boqueta Nit 2025\",\r\n            \"url\"\t\t\t: \"https:\/\/www.alteacultural.com\/es\/events\/tubes-i-bombardins-ensemble-sfa-musica-a-boqueta-nit-2025\/\"\r\n        }\r\n        <\/script>\r\n        <article data-style=\"\" class=\"mec-past-event mec-event-article mec-clear \" itemscope>                    <div class=\"mec-event-image\"><a data-event-id=\"37016\" href=\"https:\/\/www.alteacultural.com\/es\/events\/tubes-i-bombardins-ensemble-sfa-musica-a-boqueta-nit-2025\/\"><img decoding=\"async\" width=\"2560\" height=\"947\" data-src=\"https:\/\/www.alteacultural.com\/wp-content\/uploads\/2025\/06\/Musica_a_Boqueta_Nit_2025_Capcalera4-01-scaled.jpg\" class=\"attachment-medium size-medium wp-post-image lazyload\" alt=\"\" data-mec-postid=\"37016\" data-srcset=\"https:\/\/www.alteacultural.com\/wp-content\/uploads\/2025\/06\/Musica_a_Boqueta_Nit_2025_Capcalera4-01-scaled.jpg 2560w, https:\/\/www.alteacultural.com\/wp-content\/uploads\/2025\/06\/Musica_a_Boqueta_Nit_2025_Capcalera4-01-768x284.jpg 768w, https:\/\/www.alteacultural.com\/wp-content\/uploads\/2025\/06\/Musica_a_Boqueta_Nit_2025_Capcalera4-01-1536x568.jpg 1536w, https:\/\/www.alteacultural.com\/wp-content\/uploads\/2025\/06\/Musica_a_Boqueta_Nit_2025_Capcalera4-01-2048x758.jpg 2048w\" data-sizes=\"(max-width: 2560px) 100vw, 2560px\" src=\"data:image\/gif;base64,R0lGODlhAQABAAAAACH5BAEKAAEALAAAAAABAAEAAAICTAEAOw==\" style=\"--smush-placeholder-width: 2560px; --smush-placeholder-aspect-ratio: 2560\/947;\" \/><\/a><\/div>\r\n                        <div class=\"mec-event-content\">\r\n                                    <div class=\"mec-event-date mec-bg-color\"><span class=\"mec-start-date-label\" itemprop=\"startDate\">24 julio 2025<\/span><\/div>\r\n                                                <h4 class=\"mec-event-title\"><a class=\"mec-color-hover\" data-event-id=\"37016\" href=\"https:\/\/www.alteacultural.com\/es\/events\/tubes-i-bombardins-ensemble-sfa-musica-a-boqueta-nit-2025\/\">Tubas y Bombardinos Ensemble SFA &#8211; M\u00fasica a Boqueta Nit 2025<\/a><span class=\"event-color\" style=\"background: #fdd700\"><\/span><\/h4>\r\n                                <p>Auditorio Plaza del Agua Altea, C\/ Pont de Moncau, 29 - Altea<\/p>\r\n                            <\/div>\r\n            <div class=\"mec-event-footer\">\r\n                                <ul class=\"mec-event-sharing-wrap\">\r\n                    <li class=\"mec-event-share\">\r\n                        <a href=\"#\" class=\"mec-event-share-icon\">\r\n                            <i class=\"mec-sl-share\"><\/i>\r\n                        <\/a>\r\n                    <\/li>\r\n                    <li>\r\n                        <ul class=\"mec-event-sharing\">\r\n                            <li class=\"mec-event-social-icon\"><a class=\"facebook\" href=\"https:\/\/www.facebook.com\/sharer\/sharer.php?u=https%3A%2F%2Fwww.alteacultural.com%2Fes%2Fevents%2Ftubes-i-bombardins-ensemble-sfa-musica-a-boqueta-nit-2025%2F\" onclick=\"javascript:window.open(this.href, '', 'menubar=no,toolbar=no,resizable=yes,scrollbars=yes,height=500,width=600'); return false;\" title=\"Compartir en Facebook\"><i class=\"mec-fa-facebook\"><\/i><\/a><\/li><li class=\"mec-event-social-icon\"><a class=\"twitter\" href=\"https:\/\/twitter.com\/share?url=https%3A%2F%2Fwww.alteacultural.com%2Fes%2Fevents%2Ftubes-i-bombardins-ensemble-sfa-musica-a-boqueta-nit-2025%2F\" onclick=\"javascript:window.open(this.href, '', 'menubar=no,toolbar=no,resizable=yes,scrollbars=yes,height=600,width=500'); return false;\" target=\"_blank\" title=\"Tweet\"><i class=\"mec-fa-twitter\"><\/i><\/a><\/li><li class=\"mec-event-social-icon\"><a class=\"linkedin\" href=\"https:\/\/www.linkedin.com\/shareArticle?mini=true&url=https%3A%2F%2Fwww.alteacultural.com%2Fes%2Fevents%2Ftubes-i-bombardins-ensemble-sfa-musica-a-boqueta-nit-2025%2F\" onclick=\"javascript:window.open(this.href, '', 'menubar=no,toolbar=no,resizable=yes,scrollbars=yes,height=600,width=500'); return false;\" target=\"_blank\" title=\"LinkedIn\"><i class=\"mec-fa-linkedin\"><\/i><\/a><\/li><li class=\"mec-event-social-icon\"><a class=\"vk\" href=\" http:\/\/vk.com\/share.php?url=https%3A%2F%2Fwww.alteacultural.com%2Fes%2Fevents%2Ftubes-i-bombardins-ensemble-sfa-musica-a-boqueta-nit-2025%2F\" title=\"VK\" target=\"_blank\"><i class=\"mec-fa-vk\"><\/i><\/a><\/li><li class=\"mec-event-social-icon\"><a class=\"email\" href=\"mailto:?subject=Tubas y Bombardinos Ensemble SFA - M\u00fasica a Boqueta Nit 2025&body=https%3A%2F%2Fwww.alteacultural.com%2Fes%2Fevents%2Ftubes-i-bombardins-ensemble-sfa-musica-a-boqueta-nit-2025%2F\" title=\"Correo electr\u00f3nico\"><i class=\"mec-fa-envelope\"><\/i><\/a><\/li>                        <\/ul>\r\n                    <\/li>\r\n                <\/ul>\r\n                                <a class=\"mec-booking-button\" data-event-id=\"37016\" href=\"https:\/\/www.alteacultural.com\/es\/events\/tubes-i-bombardins-ensemble-sfa-musica-a-boqueta-nit-2025\/\" target=\"_self\">Ver detalle<\/a>\r\n            <\/div>\r\n        <\/article><\/div>                <div class=\"col-md-4 col-sm-4\">        <script type=\"application\/ld+json\">\r\n        {\r\n            \"@context\" \t\t: \"http:\/\/schema.org\",\r\n            \"@type\" \t\t: \"Event\",\r\n            \"startDate\" \t: \"2025-07-20\",\r\n            \"endDate\" \t\t: \"2025-07-20\",\r\n            \"location\" \t\t:\r\n            {\r\n                \"@type\" \t\t: \"Place\",\r\n                \"name\" \t\t\t: \"Auditorio Plaza del Agua Altea\",\r\n                \"image\"\t\t\t: \"\",\r\n                \"address\"\t\t: \"C\/ Pont de Moncau, 29 - Altea\"\r\n            },\r\n            \"offers\": {\r\n                \"url\": \"https:\/\/www.alteacultural.com\/es\/events\/conreu-de-dimonis-poesia-musica-i-dansa\/\",\r\n                \"price\": \"Entrada libre y gratuita\",\r\n                \"priceCurrency\" : \"\u20ac\"\r\n            },\r\n            \"performer\": \"\",\r\n            \"description\" \t: \"20-jul | 20:30 h | Auditorio Plaza del Agua\r\n\r\n&lt;strong&gt;&quot;Conreu de dimonis&quot; (poes\u00eda, m\u00fasica y danza)&lt;\/strong&gt;\r\n\r\nPoemas de M. Josepa Juan Mahiques.\r\n\r\nParticipan: Joan Mestre Forn\u00e9s, Xavi Coello, Elena BJuan, Owix, Batiste Xocolater, Gerad Terrafort, Pomero, Pepi Gomis, Colla de Xirimiters Montg\u00f3 Benimussa y Grupo de Danza Bellaguarda Tradiciones.\r\n\r\nEntrada libre y gratuita.\r\n\r\n&lt;a href=&quot;https:\/\/www.alteacultural.com\/wp-content\/uploads\/2025\/07\/programa-2025-07-20-josepa.pdf&quot; target=&quot;_blank&quot; rel=&quot;noopener&quot;&gt;PROGRAMA&lt;\/a&gt;\r\n\r\n&lt;img class=&quot;aligncenter wp-image-37338&quot; src=&quot;https:\/\/www.alteacultural.com\/wp-content\/uploads\/2025\/07\/2025-07-20-CONREU-DE-DIMONIS-POESIA-correcte-1.jpg&quot; alt=&quot;&quot; width=&quot;700&quot; height=&quot;933&quot; \/&gt;\r\n\r\n&nbsp;\r\n\r\n&nbsp;\",\r\n            \"image\" \t\t: \"https:\/\/www.alteacultural.com\/wp-content\/uploads\/2025\/07\/2025-07-20_ConreuDimonis_banner.jpg\",\r\n            \"name\" \t\t\t: \"Conreu de dimonis (poes\u00eda, m\u00fasica y danza)\",\r\n            \"url\"\t\t\t: \"https:\/\/www.alteacultural.com\/es\/events\/conreu-de-dimonis-poesia-musica-i-dansa\/\"\r\n        }\r\n        <\/script>\r\n        <article data-style=\"\" class=\"mec-past-event mec-event-article mec-clear \" itemscope>                    <div class=\"mec-event-image\"><a data-event-id=\"37204\" href=\"https:\/\/www.alteacultural.com\/es\/events\/conreu-de-dimonis-poesia-musica-i-dansa\/\"><img decoding=\"async\" width=\"840\" height=\"332\" data-src=\"https:\/\/www.alteacultural.com\/wp-content\/uploads\/2025\/07\/2025-07-20_ConreuDimonis_banner.jpg\" class=\"attachment-medium size-medium wp-post-image lazyload\" alt=\"\" data-mec-postid=\"37204\" data-srcset=\"https:\/\/www.alteacultural.com\/wp-content\/uploads\/2025\/07\/2025-07-20_ConreuDimonis_banner.jpg 840w, https:\/\/www.alteacultural.com\/wp-content\/uploads\/2025\/07\/2025-07-20_ConreuDimonis_banner-768x304.jpg 768w\" data-sizes=\"(max-width: 840px) 100vw, 840px\" src=\"data:image\/gif;base64,R0lGODlhAQABAAAAACH5BAEKAAEALAAAAAABAAEAAAICTAEAOw==\" style=\"--smush-placeholder-width: 840px; --smush-placeholder-aspect-ratio: 840\/332;\" \/><\/a><\/div>\r\n                        <div class=\"mec-event-content\">\r\n                                    <div class=\"mec-event-date mec-bg-color\"><span class=\"mec-start-date-label\" itemprop=\"startDate\">20 julio 2025<\/span><\/div>\r\n                                                <h4 class=\"mec-event-title\"><a class=\"mec-color-hover\" data-event-id=\"37204\" href=\"https:\/\/www.alteacultural.com\/es\/events\/conreu-de-dimonis-poesia-musica-i-dansa\/\">Conreu de dimonis (poes\u00eda, m\u00fasica y danza)<\/a><span class=\"event-color\" style=\"background: #fdd700\"><\/span><\/h4>\r\n                                <p>Auditorio Plaza del Agua Altea, C\/ Pont de Moncau, 29 - Altea<\/p>\r\n                            <\/div>\r\n            <div class=\"mec-event-footer\">\r\n                                <ul class=\"mec-event-sharing-wrap\">\r\n                    <li class=\"mec-event-share\">\r\n                        <a href=\"#\" class=\"mec-event-share-icon\">\r\n                            <i class=\"mec-sl-share\"><\/i>\r\n                        <\/a>\r\n                    <\/li>\r\n                    <li>\r\n                        <ul class=\"mec-event-sharing\">\r\n                            <li class=\"mec-event-social-icon\"><a class=\"facebook\" href=\"https:\/\/www.facebook.com\/sharer\/sharer.php?u=https%3A%2F%2Fwww.alteacultural.com%2Fes%2Fevents%2Fconreu-de-dimonis-poesia-musica-i-dansa%2F\" onclick=\"javascript:window.open(this.href, '', 'menubar=no,toolbar=no,resizable=yes,scrollbars=yes,height=500,width=600'); return false;\" title=\"Compartir en Facebook\"><i class=\"mec-fa-facebook\"><\/i><\/a><\/li><li class=\"mec-event-social-icon\"><a class=\"twitter\" href=\"https:\/\/twitter.com\/share?url=https%3A%2F%2Fwww.alteacultural.com%2Fes%2Fevents%2Fconreu-de-dimonis-poesia-musica-i-dansa%2F\" onclick=\"javascript:window.open(this.href, '', 'menubar=no,toolbar=no,resizable=yes,scrollbars=yes,height=600,width=500'); return false;\" target=\"_blank\" title=\"Tweet\"><i class=\"mec-fa-twitter\"><\/i><\/a><\/li><li class=\"mec-event-social-icon\"><a class=\"linkedin\" href=\"https:\/\/www.linkedin.com\/shareArticle?mini=true&url=https%3A%2F%2Fwww.alteacultural.com%2Fes%2Fevents%2Fconreu-de-dimonis-poesia-musica-i-dansa%2F\" onclick=\"javascript:window.open(this.href, '', 'menubar=no,toolbar=no,resizable=yes,scrollbars=yes,height=600,width=500'); return false;\" target=\"_blank\" title=\"LinkedIn\"><i class=\"mec-fa-linkedin\"><\/i><\/a><\/li><li class=\"mec-event-social-icon\"><a class=\"vk\" href=\" http:\/\/vk.com\/share.php?url=https%3A%2F%2Fwww.alteacultural.com%2Fes%2Fevents%2Fconreu-de-dimonis-poesia-musica-i-dansa%2F\" title=\"VK\" target=\"_blank\"><i class=\"mec-fa-vk\"><\/i><\/a><\/li><li class=\"mec-event-social-icon\"><a class=\"email\" href=\"mailto:?subject=Conreu de dimonis (poes\u00eda, m\u00fasica y danza)&body=https%3A%2F%2Fwww.alteacultural.com%2Fes%2Fevents%2Fconreu-de-dimonis-poesia-musica-i-dansa%2F\" title=\"Correo electr\u00f3nico\"><i class=\"mec-fa-envelope\"><\/i><\/a><\/li>                        <\/ul>\r\n                    <\/li>\r\n                <\/ul>\r\n                                <a class=\"mec-booking-button\" data-event-id=\"37204\" href=\"https:\/\/www.alteacultural.com\/es\/events\/conreu-de-dimonis-poesia-musica-i-dansa\/\" target=\"_self\">Ver detalle<\/a>\r\n            <\/div>\r\n        <\/article><\/div>                <div class=\"col-md-4 col-sm-4\">        <script type=\"application\/ld+json\">\r\n        {\r\n            \"@context\" \t\t: \"http:\/\/schema.org\",\r\n            \"@type\" \t\t: \"Event\",\r\n            \"startDate\" \t: \"2025-07-19\",\r\n            \"endDate\" \t\t: \"2025-07-19\",\r\n            \"location\" \t\t:\r\n            {\r\n                \"@type\" \t\t: \"Place\",\r\n                \"name\" \t\t\t: \"Auditorio Plaza del Agua Altea\",\r\n                \"image\"\t\t\t: \"\",\r\n                \"address\"\t\t: \"C\/ Pont de Moncau, 29 - Altea\"\r\n            },\r\n            \"offers\": {\r\n                \"url\": \"https:\/\/www.alteacultural.com\/es\/events\/un-malentendido-genesis-teatre-alteatre-2025\/\",\r\n                \"price\": \"8 \u20ac (6 \u20ac on-line)\",\r\n                \"priceCurrency\" : \"\u20ac\"\r\n            },\r\n            \"performer\": \"\",\r\n            \"description\" \t: \"&lt;strong&gt;19-jul | 21:00 h | Auditori Pla\u00e7a de l&#039;Aigua&lt;\/strong&gt;\r\n\r\n&lt;strong&gt;Un malentendido (G\u00e9nesis Teatre).&lt;\/strong&gt;\r\n[en castellano]\r\n\r\nAlteatre - Mostra Nacional de Teatre Amateur Edici\u00f3 2025.\r\n\r\nEntrada 8 \u20ac (6 \u20ac en compra on-line) \/ Abono 5 representaciones 25 \u20ac (20 \u20ac en compra on-line).\r\n\r\nVenta de entradas: &lt;a href=&quot;https:\/\/www.alteacultural.com\/alteatre&quot;&gt;www.alteacultural.com\/alteatre&lt;\/a&gt; y en Taquilla desde 1 h antes de cada actuaci\u00f3n (s\u00f3lo si quedan).\r\n\r\n&lt;strong&gt;G\u00e9nero:&lt;\/strong&gt; Comedia\r\n&lt;strong&gt;Duraci\u00f3n:&lt;\/strong&gt; 80 minutos\r\n\r\n&lt;strong&gt;Sinopsis:&lt;\/strong&gt; Cuenta los l\u00edos amorosos de una pareja en que marido y mujer se enga\u00f1an. Todo funciona hasta que un d\u00eda entra un ladr\u00f3n en su casa. La mujer del ladr\u00f3n, sola en casa, va llamando por tel\u00e9fono &quot;al trabajo&quot;, pero, coge la llamada el amo de la casa con su amante y se genera una serie de l\u00edos en el que los personajes se van culpando unos a otros por no ser descubiertos, y los interesados apuestan para jugar a la confusi\u00f3n como cortina de humo que a todos beneficia. As\u00ed el ladr\u00f3n resulta finalmente el m\u00e1s honesto de todos los participando en el juego.\r\n&lt;h3&gt;&lt;span style=&quot;color: #00ffff;&quot;&gt;Compra de entradas\/abono&lt;\/span&gt;&lt;\/h3&gt;\r\n&lt;a href=&quot;https:\/\/www.alteacultural.com\/es\/alteatre\/&quot;&gt;Clic aqu\u00ed&lt;\/a&gt;\r\n&lt;h3&gt;&lt;span style=&quot;color: #00ffff;&quot;&gt;Cartel&lt;\/span&gt;&lt;\/h3&gt;\r\n&lt;h3&gt;&lt;\/h3&gt;\r\n&lt;img class=&quot;aligncenter wp-image-37410&quot; src=&quot;https:\/\/www.alteacultural.com\/wp-content\/uploads\/2025\/07\/Alteatre2025_Cartell_Defin-01.jpg&quot; alt=&quot;&quot; width=&quot;700&quot; height=&quot;990&quot; \/&gt;\",\r\n            \"image\" \t\t: \"https:\/\/www.alteacultural.com\/wp-content\/uploads\/2025\/06\/Alteatre2025_Cabecera3-01-scaled.jpg\",\r\n            \"name\" \t\t\t: \"Un malentendido (G\u00e9nesis Teatre) &#8211; Alteatre 2025\",\r\n            \"url\"\t\t\t: \"https:\/\/www.alteacultural.com\/es\/events\/un-malentendido-genesis-teatre-alteatre-2025\/\"\r\n        }\r\n        <\/script>\r\n        <article data-style=\"\" class=\"mec-past-event mec-event-article mec-clear \" itemscope>                    <div class=\"mec-event-image\"><a data-event-id=\"36816\" href=\"https:\/\/www.alteacultural.com\/es\/events\/un-malentendido-genesis-teatre-alteatre-2025\/\"><img decoding=\"async\" width=\"2560\" height=\"947\" data-src=\"https:\/\/www.alteacultural.com\/wp-content\/uploads\/2025\/06\/Alteatre2025_Cabecera3-01-scaled.jpg\" class=\"attachment-medium size-medium wp-post-image lazyload\" alt=\"\" data-mec-postid=\"36816\" data-srcset=\"https:\/\/www.alteacultural.com\/wp-content\/uploads\/2025\/06\/Alteatre2025_Cabecera3-01-scaled.jpg 2560w, https:\/\/www.alteacultural.com\/wp-content\/uploads\/2025\/06\/Alteatre2025_Cabecera3-01-768x284.jpg 768w, https:\/\/www.alteacultural.com\/wp-content\/uploads\/2025\/06\/Alteatre2025_Cabecera3-01-1536x568.jpg 1536w, https:\/\/www.alteacultural.com\/wp-content\/uploads\/2025\/06\/Alteatre2025_Cabecera3-01-2048x758.jpg 2048w\" data-sizes=\"(max-width: 2560px) 100vw, 2560px\" src=\"data:image\/gif;base64,R0lGODlhAQABAAAAACH5BAEKAAEALAAAAAABAAEAAAICTAEAOw==\" style=\"--smush-placeholder-width: 2560px; --smush-placeholder-aspect-ratio: 2560\/947;\" \/><\/a><\/div>\r\n                        <div class=\"mec-event-content\">\r\n                                    <div class=\"mec-event-date mec-bg-color\"><span class=\"mec-start-date-label\" itemprop=\"startDate\">19 julio 2025<\/span><\/div>\r\n                                                <h4 class=\"mec-event-title\"><a class=\"mec-color-hover\" data-event-id=\"36816\" href=\"https:\/\/www.alteacultural.com\/es\/events\/un-malentendido-genesis-teatre-alteatre-2025\/\">Un malentendido (G\u00e9nesis Teatre) &#8211; Alteatre 2025<\/a><span class=\"event-color\" style=\"background: #fdd700\"><\/span><\/h4>\r\n                                <p>Auditorio Plaza del Agua Altea, C\/ Pont de Moncau, 29 - Altea<\/p>\r\n                            <\/div>\r\n            <div class=\"mec-event-footer\">\r\n                                <ul class=\"mec-event-sharing-wrap\">\r\n                    <li class=\"mec-event-share\">\r\n                        <a href=\"#\" class=\"mec-event-share-icon\">\r\n                            <i class=\"mec-sl-share\"><\/i>\r\n                        <\/a>\r\n                    <\/li>\r\n                    <li>\r\n                        <ul class=\"mec-event-sharing\">\r\n                            <li class=\"mec-event-social-icon\"><a class=\"facebook\" href=\"https:\/\/www.facebook.com\/sharer\/sharer.php?u=https%3A%2F%2Fwww.alteacultural.com%2Fes%2Fevents%2Fun-malentendido-genesis-teatre-alteatre-2025%2F\" onclick=\"javascript:window.open(this.href, '', 'menubar=no,toolbar=no,resizable=yes,scrollbars=yes,height=500,width=600'); return false;\" title=\"Compartir en Facebook\"><i class=\"mec-fa-facebook\"><\/i><\/a><\/li><li class=\"mec-event-social-icon\"><a class=\"twitter\" href=\"https:\/\/twitter.com\/share?url=https%3A%2F%2Fwww.alteacultural.com%2Fes%2Fevents%2Fun-malentendido-genesis-teatre-alteatre-2025%2F\" onclick=\"javascript:window.open(this.href, '', 'menubar=no,toolbar=no,resizable=yes,scrollbars=yes,height=600,width=500'); return false;\" target=\"_blank\" title=\"Tweet\"><i class=\"mec-fa-twitter\"><\/i><\/a><\/li><li class=\"mec-event-social-icon\"><a class=\"linkedin\" href=\"https:\/\/www.linkedin.com\/shareArticle?mini=true&url=https%3A%2F%2Fwww.alteacultural.com%2Fes%2Fevents%2Fun-malentendido-genesis-teatre-alteatre-2025%2F\" onclick=\"javascript:window.open(this.href, '', 'menubar=no,toolbar=no,resizable=yes,scrollbars=yes,height=600,width=500'); return false;\" target=\"_blank\" title=\"LinkedIn\"><i class=\"mec-fa-linkedin\"><\/i><\/a><\/li><li class=\"mec-event-social-icon\"><a class=\"vk\" href=\" http:\/\/vk.com\/share.php?url=https%3A%2F%2Fwww.alteacultural.com%2Fes%2Fevents%2Fun-malentendido-genesis-teatre-alteatre-2025%2F\" title=\"VK\" target=\"_blank\"><i class=\"mec-fa-vk\"><\/i><\/a><\/li><li class=\"mec-event-social-icon\"><a class=\"email\" href=\"mailto:?subject=Un malentendido (G\u00e9nesis Teatre) - Alteatre 2025&body=https%3A%2F%2Fwww.alteacultural.com%2Fes%2Fevents%2Fun-malentendido-genesis-teatre-alteatre-2025%2F\" title=\"Correo electr\u00f3nico\"><i class=\"mec-fa-envelope\"><\/i><\/a><\/li>                        <\/ul>\r\n                    <\/li>\r\n                <\/ul>\r\n                                <a class=\"mec-booking-button\" data-event-id=\"36816\" href=\"https:\/\/www.alteacultural.com\/es\/events\/un-malentendido-genesis-teatre-alteatre-2025\/\" target=\"_self\">Ver detalle<\/a>\r\n            <\/div>\r\n        <\/article><\/div><\/div>                \t<\/div>\r\n<\/div>\r\n\r\n    <\/div>\r\n    <div class=\"mec-skin-grid-no-events-container mec-util-hidden\" id=\"mec_skin_no_events_17667\">\r\n        \u00a1No hay eventos!    <\/div>\r\n        \r\n        <div class=\"mec-load-more-wrap\"><div class=\"mec-load-more-button\" onclick=\"\">Cargar m\u00e1s<\/div><\/div>\r\n        \r\n<\/div>\n","protected":false},"excerpt":{"rendered":"","protected":false},"author":1,"featured_media":0,"parent":0,"menu_order":0,"comment_status":"closed","ping_status":"closed","template":"template-fullwide.php","meta":{"_expiration-date-status":"","_expiration-date":1651747016,"_expiration-date-type":"draft","_expiration-date-categories":[],"_expiration-date-options":[],"footnotes":""},"yoast_head":"<!-- This site is optimized with the Yoast SEO plugin v22.8 - https:\/\/yoast.com\/wordpress\/plugins\/seo\/ -->\n<title>Eventos anteriores Casa del Agua - Altea Cultural<\/title>\n<meta name=\"robots\" content=\"index, follow, max-snippet:-1, max-image-preview:large, max-video-preview:-1\" \/>\n<link rel=\"canonical\" href=\"https:\/\/www.alteacultural.com\/es\/esdeveniments-anteriors-casa-de-laigua\/\" \/>\n<meta property=\"og:locale\" content=\"es_ES\" \/>\n<meta property=\"og:type\" content=\"article\" \/>\n<meta property=\"og:title\" content=\"Eventos anteriores Casa del Agua - Altea Cultural\" \/>\n<meta property=\"og:url\" content=\"https:\/\/www.alteacultural.com\/es\/esdeveniments-anteriors-casa-de-laigua\/\" \/>\n<meta property=\"og:site_name\" content=\"Altea Cultural\" \/>\n<meta property=\"article:modified_time\" content=\"2022-05-05T10:37:38+00:00\" \/>\n<meta name=\"twitter:card\" content=\"summary_large_image\" \/>\n<meta name=\"twitter:label1\" content=\"Tiempo de lectura\" \/>\n\t<meta name=\"twitter:data1\" content=\"1 minuto\" \/>\n<script type=\"application\/ld+json\" class=\"yoast-schema-graph\">{\"@context\":\"https:\/\/schema.org\",\"@graph\":[{\"@type\":\"WebPage\",\"@id\":\"https:\/\/www.alteacultural.com\/es\/esdeveniments-anteriors-casa-de-laigua\/\",\"url\":\"https:\/\/www.alteacultural.com\/es\/esdeveniments-anteriors-casa-de-laigua\/\",\"name\":\"Eventos anteriores Casa del Agua - Altea Cultural\",\"isPartOf\":{\"@id\":\"https:\/\/www.alteacultural.com\/es\/#website\"},\"datePublished\":\"2022-05-05T10:33:45+00:00\",\"dateModified\":\"2022-05-05T10:37:38+00:00\",\"breadcrumb\":{\"@id\":\"https:\/\/www.alteacultural.com\/es\/esdeveniments-anteriors-casa-de-laigua\/#breadcrumb\"},\"inLanguage\":\"es\",\"potentialAction\":[{\"@type\":\"ReadAction\",\"target\":[\"https:\/\/www.alteacultural.com\/es\/esdeveniments-anteriors-casa-de-laigua\/\"]}]},{\"@type\":\"BreadcrumbList\",\"@id\":\"https:\/\/www.alteacultural.com\/es\/esdeveniments-anteriors-casa-de-laigua\/#breadcrumb\",\"itemListElement\":[{\"@type\":\"ListItem\",\"position\":1,\"name\":\"Inici\",\"item\":\"https:\/\/www.alteacultural.com\/es\/\"},{\"@type\":\"ListItem\",\"position\":2,\"name\":\"Eventos anteriores Casa del Agua\"}]},{\"@type\":\"WebSite\",\"@id\":\"https:\/\/www.alteacultural.com\/es\/#website\",\"url\":\"https:\/\/www.alteacultural.com\/es\/\",\"name\":\"Altea Cultural\",\"description\":\"Regidoria de Cultura de l&#039;Ajuntament d&#039;Altea\",\"potentialAction\":[{\"@type\":\"SearchAction\",\"target\":{\"@type\":\"EntryPoint\",\"urlTemplate\":\"https:\/\/www.alteacultural.com\/es\/?s={search_term_string}\"},\"query-input\":\"required name=search_term_string\"}],\"inLanguage\":\"es\"}]}<\/script>\n<!-- \/ Yoast SEO plugin. -->","yoast_head_json":{"title":"Eventos anteriores Casa del Agua - Altea Cultural","robots":{"index":"index","follow":"follow","max-snippet":"max-snippet:-1","max-image-preview":"max-image-preview:large","max-video-preview":"max-video-preview:-1"},"canonical":"https:\/\/www.alteacultural.com\/es\/esdeveniments-anteriors-casa-de-laigua\/","og_locale":"es_ES","og_type":"article","og_title":"Eventos anteriores Casa del Agua - Altea Cultural","og_url":"https:\/\/www.alteacultural.com\/es\/esdeveniments-anteriors-casa-de-laigua\/","og_site_name":"Altea Cultural","article_modified_time":"2022-05-05T10:37:38+00:00","twitter_card":"summary_large_image","twitter_misc":{"Tiempo de lectura":"1 minuto"},"schema":{"@context":"https:\/\/schema.org","@graph":[{"@type":"WebPage","@id":"https:\/\/www.alteacultural.com\/es\/esdeveniments-anteriors-casa-de-laigua\/","url":"https:\/\/www.alteacultural.com\/es\/esdeveniments-anteriors-casa-de-laigua\/","name":"Eventos anteriores Casa del Agua - Altea Cultural","isPartOf":{"@id":"https:\/\/www.alteacultural.com\/es\/#website"},"datePublished":"2022-05-05T10:33:45+00:00","dateModified":"2022-05-05T10:37:38+00:00","breadcrumb":{"@id":"https:\/\/www.alteacultural.com\/es\/esdeveniments-anteriors-casa-de-laigua\/#breadcrumb"},"inLanguage":"es","potentialAction":[{"@type":"ReadAction","target":["https:\/\/www.alteacultural.com\/es\/esdeveniments-anteriors-casa-de-laigua\/"]}]},{"@type":"BreadcrumbList","@id":"https:\/\/www.alteacultural.com\/es\/esdeveniments-anteriors-casa-de-laigua\/#breadcrumb","itemListElement":[{"@type":"ListItem","position":1,"name":"Inici","item":"https:\/\/www.alteacultural.com\/es\/"},{"@type":"ListItem","position":2,"name":"Eventos anteriores Casa del Agua"}]},{"@type":"WebSite","@id":"https:\/\/www.alteacultural.com\/es\/#website","url":"https:\/\/www.alteacultural.com\/es\/","name":"Altea Cultural","description":"Regidoria de Cultura de l&#039;Ajuntament d&#039;Altea","potentialAction":[{"@type":"SearchAction","target":{"@type":"EntryPoint","urlTemplate":"https:\/\/www.alteacultural.com\/es\/?s={search_term_string}"},"query-input":"required name=search_term_string"}],"inLanguage":"es"}]}},"_links":{"self":[{"href":"https:\/\/www.alteacultural.com\/es\/wp-json\/wp\/v2\/pages\/19753"}],"collection":[{"href":"https:\/\/www.alteacultural.com\/es\/wp-json\/wp\/v2\/pages"}],"about":[{"href":"https:\/\/www.alteacultural.com\/es\/wp-json\/wp\/v2\/types\/page"}],"author":[{"embeddable":true,"href":"https:\/\/www.alteacultural.com\/es\/wp-json\/wp\/v2\/users\/1"}],"replies":[{"embeddable":true,"href":"https:\/\/www.alteacultural.com\/es\/wp-json\/wp\/v2\/comments?post=19753"}],"version-history":[{"count":1,"href":"https:\/\/www.alteacultural.com\/es\/wp-json\/wp\/v2\/pages\/19753\/revisions"}],"predecessor-version":[{"id":19755,"href":"https:\/\/www.alteacultural.com\/es\/wp-json\/wp\/v2\/pages\/19753\/revisions\/19755"}],"wp:attachment":[{"href":"https:\/\/www.alteacultural.com\/es\/wp-json\/wp\/v2\/media?parent=19753"}],"curies":[{"name":"wp","href":"https:\/\/api.w.org\/{rel}","templated":true}]}}