{"id":21869,"date":"2022-10-20T13:51:40","date_gmt":"2022-10-20T11:51:40","guid":{"rendered":"https:\/\/www.alteacultural.com\/nitalabiblioteca\/"},"modified":"2023-10-23T10:14:55","modified_gmt":"2023-10-23T08:14:55","slug":"nitalabiblioteca","status":"publish","type":"page","link":"https:\/\/www.alteacultural.com\/es\/nitalabiblioteca\/","title":{"rendered":"Nit a la Biblioteca"},"content":{"rendered":"\t\t<div data-elementor-type=\"wp-page\" data-elementor-id=\"21869\" class=\"elementor elementor-21869\">\n\t\t\t\t\t\t<section class=\"elementor-section elementor-top-section elementor-element elementor-element-b49cda1 elementor-section-boxed elementor-section-height-default elementor-section-height-default exad-glass-effect-no exad-sticky-section-no\" data-id=\"b49cda1\" data-element_type=\"section\">\n\t\t\t\t\t\t<div class=\"elementor-container elementor-column-gap-default\">\n\t\t\t\t\t<div class=\"elementor-column elementor-col-50 elementor-top-column elementor-element elementor-element-0aef727 exad-glass-effect-no exad-sticky-section-no\" data-id=\"0aef727\" data-element_type=\"column\">\n\t\t\t<div class=\"elementor-widget-wrap elementor-element-populated\">\n\t\t\t\t\t\t<div class=\"elementor-element elementor-element-fbbb9fc exad-sticky-section-no exad-glass-effect-no elementor-widget elementor-widget-image\" data-id=\"fbbb9fc\" data-element_type=\"widget\" data-widget_type=\"image.default\">\n\t\t\t\t<div class=\"elementor-widget-container\">\n\t\t\t\t\t\t\t\t\t\t\t\t\t<img fetchpriority=\"high\" decoding=\"async\" width=\"1821\" height=\"2560\" src=\"https:\/\/www.alteacultural.com\/wp-content\/uploads\/2023\/10\/Nit-a-la-Biblioteca-Espanta-la-por-2023-Cartell-01-scaled.jpg\" class=\"attachment-large size-large wp-image-27789\" alt=\"\" srcset=\"https:\/\/www.alteacultural.com\/wp-content\/uploads\/2023\/10\/Nit-a-la-Biblioteca-Espanta-la-por-2023-Cartell-01-scaled.jpg 1821w, https:\/\/www.alteacultural.com\/wp-content\/uploads\/2023\/10\/Nit-a-la-Biblioteca-Espanta-la-por-2023-Cartell-01-768x1080.jpg 768w, https:\/\/www.alteacultural.com\/wp-content\/uploads\/2023\/10\/Nit-a-la-Biblioteca-Espanta-la-por-2023-Cartell-01-1093x1536.jpg 1093w, https:\/\/www.alteacultural.com\/wp-content\/uploads\/2023\/10\/Nit-a-la-Biblioteca-Espanta-la-por-2023-Cartell-01-1457x2048.jpg 1457w\" sizes=\"(max-width: 1821px) 100vw, 1821px\" \/>\t\t\t\t\t\t\t\t\t\t\t\t\t<\/div>\n\t\t\t\t<\/div>\n\t\t\t\t\t<\/div>\n\t\t<\/div>\n\t\t\t\t<div class=\"elementor-column elementor-col-50 elementor-top-column elementor-element elementor-element-f4734f2 exad-glass-effect-no exad-sticky-section-no\" data-id=\"f4734f2\" data-element_type=\"column\">\n\t\t\t<div class=\"elementor-widget-wrap elementor-element-populated\">\n\t\t\t\t\t\t<div class=\"elementor-element elementor-element-7348a45 exad-sticky-section-no exad-glass-effect-no elementor-widget elementor-widget-text-editor\" data-id=\"7348a45\" data-element_type=\"widget\" data-widget_type=\"text-editor.default\">\n\t\t\t\t<div class=\"elementor-widget-container\">\n\t\t\t\t\t\t\t<p><strong>Programa orientativo:<br \/><\/strong>20-20.30 h: Recepci\u00f3n de los participantes<br \/>20.30 h: juegos de presentaci\u00f3n<br \/>21:00 h: cuentacuentos de miedo<br \/>21:30 h: Cenar (p.e. pizza, nuggets, papas y bebidas)<br \/>22:15 h: Higiene bucal, nos ponemos el pijama y preparamos la zona de dormir<br \/>22:45 h: manualidades calaveras mexicanas de ne\u00f3n<br \/>23:15 h: experiencia ne\u00f3n-party<br \/>23:45 h: Proyecci\u00f3n de una pel\u00edcula animada y a dormir<br \/>08:00 h: Despertarse, higiene personal y recoger<br \/>08:30 h: Desayuno<br \/>09-09:30 h: Despedida y clausura.<\/p><p><strong><br \/>Precio<\/strong>: 10\u20ac. S\u00f3lo con tarjeta (cr\u00e9dito, d\u00e9bito, prepago, virtual&#8230;).<\/p><p><strong>Plazas limitadas<\/strong><br \/>Se admitir\u00e1n 30 plazas por orden de inscripci\u00f3n.<\/p><p><strong>Condiciones de participaci\u00f3n (*):<\/strong><br \/>\u00b7 Solo para ni\u00f1os\/as de 1.\u00ba y 2.\u00ba de Primaria (nacidos 2016 y 2017)<br \/>\u00b7 Los participantes deber\u00e1n <strong>venir disfrazados<\/strong> y traer:<br \/><strong>\u2013 Linterna<\/strong><br \/><strong>\u2013 Saco de dormir<\/strong><br \/><strong>\u2013 Pijama<\/strong><br \/><strong>\u2013 Neceser<\/strong> (cepillo de dientes, toalla peque\u00f1a\u2026.)<\/p>\t\t\t\t\t\t<\/div>\n\t\t\t\t<\/div>\n\t\t\t\t<div class=\"elementor-element elementor-element-98eeb10 elementor-align-center exad-sticky-section-no exad-glass-effect-no elementor-widget elementor-widget-button\" data-id=\"98eeb10\" data-element_type=\"widget\" data-widget_type=\"button.default\">\n\t\t\t\t<div class=\"elementor-widget-container\">\n\t\t\t\t\t<div class=\"elementor-button-wrapper\">\n\t\t\t<a class=\"elementor-button elementor-button-link elementor-size-sm\" href=\"https:\/\/form.jotform.com\/232951994614365\" target=\"_blank\">\n\t\t\t\t\t\t<span class=\"elementor-button-content-wrapper\">\n\t\t\t\t\t\t\t\t\t<span class=\"elementor-button-text\">INSCRIPCI\u00d3N<\/span>\n\t\t\t\t\t<\/span>\n\t\t\t\t\t<\/a>\n\t\t<\/div>\n\t\t\t\t<\/div>\n\t\t\t\t<\/div>\n\t\t\t\t<div class=\"elementor-element elementor-element-e4ba40f exad-sticky-section-no exad-glass-effect-no elementor-widget elementor-widget-spacer\" data-id=\"e4ba40f\" data-element_type=\"widget\" data-widget_type=\"spacer.default\">\n\t\t\t\t<div class=\"elementor-widget-container\">\n\t\t\t\t\t<div class=\"elementor-spacer\">\n\t\t\t<div class=\"elementor-spacer-inner\"><\/div>\n\t\t<\/div>\n\t\t\t\t<\/div>\n\t\t\t\t<\/div>\n\t\t\t\t<div class=\"elementor-element elementor-element-9841c85 exad-sticky-section-no exad-glass-effect-no elementor-widget elementor-widget-text-editor\" data-id=\"9841c85\" data-element_type=\"widget\" data-widget_type=\"text-editor.default\">\n\t\t\t\t<div class=\"elementor-widget-container\">\n\t\t\t\t\t\t\t<p style=\"text-align: center;\">Atenci\u00f3n: El hecho de rellenar la inscripci\u00f3n, NO supone obtenci\u00f3n de plaza. La obtenci\u00f3n de plaza se confirma en el momento que se confirme el pago. El participante recibir\u00e1 por correo -o en pantalla- la entrada digital (con c\u00f3digo QR) la cual tendr\u00e1 que mostrar al inicio de la actividad. <strong>Consultas\/problemas:<\/strong> <strong>WhatsApp 685 01 01 01<\/strong>.<\/p>\t\t\t\t\t\t<\/div>\n\t\t\t\t<\/div>\n\t\t\t\t\t<\/div>\n\t\t<\/div>\n\t\t\t\t\t<\/div>\n\t\t<\/section>\n\t\t\t\t<section class=\"elementor-section elementor-top-section elementor-element elementor-element-6b33b4c elementor-section-boxed elementor-section-height-default elementor-section-height-default exad-glass-effect-no exad-sticky-section-no\" data-id=\"6b33b4c\" data-element_type=\"section\">\n\t\t\t\t\t\t<div class=\"elementor-container elementor-column-gap-default\">\n\t\t\t\t\t<div class=\"elementor-column elementor-col-100 elementor-top-column elementor-element elementor-element-b2075cb exad-glass-effect-no exad-sticky-section-no\" data-id=\"b2075cb\" data-element_type=\"column\">\n\t\t\t<div class=\"elementor-widget-wrap elementor-element-populated\">\n\t\t\t\t\t\t<div class=\"elementor-element elementor-element-14e2825 exad-sticky-section-no exad-glass-effect-no elementor-widget elementor-widget-text-editor\" data-id=\"14e2825\" data-element_type=\"widget\" data-widget_type=\"text-editor.default\">\n\t\t\t\t<div class=\"elementor-widget-container\">\n\t\t\t\t\t\t\t<p><span style=\"font-size: 8pt;\">(*) As\u00ed mismo, la participaci\u00f3n supondr\u00e1 la aceptaci\u00f3n de:<br \/>\u2013 Otorgar autorizaci\u00f3n para que la Organizaci\u00f3n adopte las decisiones m\u00e9dicas que sean necesarias, por razones de extrema urgencia, bajo la direcci\u00f3n facultativa pertinente y sin que hubiera sido posible contactar con la familia.<br \/>\u2013 Realizaci\u00f3n de fotograf\u00edas que podr\u00e1n ser publicadas en soporte f\u00edsico y digital con el \u00fanico objeto de la promoci\u00f3n y difusi\u00f3n de la actividad cultural.<br \/>\u2013 El responsable del tratamiento de sus datos de car\u00e1cter personal es el Ayuntamiento de Altea, con domicilio en: Plaza Jos\u00e9 Mar\u00eda Planelles, 1, 03590 Altea. La finalidad para la cual sus datos ser\u00e1n tratados es la gesti\u00f3n de participaci\u00f3n en actividades culturales. La legitimaci\u00f3n para realizar este tratamiento est\u00e1 basada en el consentimiento expreso, inequ\u00edvoco e informado del interesado. En caso de que no otorgue este consentimiento, su solicitud no podr\u00e1 ser atendida. Todo esto sin perjuicio de otros cimientos legales que se especifican en la informaci\u00f3n adicional. No se comunican datos a otras entidades. Los Derechos que usted como interesado\/a ostenta consisten en: acceso, rectificaci\u00f3n o supresi\u00f3n, cancelaci\u00f3n, oposici\u00f3n, limitaci\u00f3n del tratamiento, portabilidad y retirada del consentimiento prestado. La manera de ejercer estos derechos se indica en la informaci\u00f3n adicional en www.altea.es\/es\/politica-de-privacidad.<\/span><\/p>\t\t\t\t\t\t<\/div>\n\t\t\t\t<\/div>\n\t\t\t\t\t<\/div>\n\t\t<\/div>\n\t\t\t\t\t<\/div>\n\t\t<\/section>\n\t\t\t\t<\/div>\n\t\t","protected":false},"excerpt":{"rendered":"<p>Programa orientativo:20-20.30 h: Recepci\u00f3n de los participantes20.30 h: juegos de presentaci\u00f3n21:00 h: cuentacuentos de miedo21:30 h: Cenar (p.e. pizza, [&hellip;]<\/p>\n","protected":false},"author":1,"featured_media":0,"parent":0,"menu_order":0,"comment_status":"closed","ping_status":"closed","template":"template-fullwide.php","meta":{"_expiration-date-status":"","_expiration-date":0,"_expiration-date-type":"","_expiration-date-categories":[],"_expiration-date-options":[],"footnotes":""},"yoast_head":"<!-- This site is optimized with the Yoast SEO plugin v22.8 - https:\/\/yoast.com\/wordpress\/plugins\/seo\/ -->\n<title>Nit a la Biblioteca - Altea Cultural<\/title>\n<meta name=\"robots\" content=\"index, follow, max-snippet:-1, max-image-preview:large, max-video-preview:-1\" \/>\n<link rel=\"canonical\" href=\"https:\/\/www.alteacultural.com\/es\/nitalabiblioteca\/\" \/>\n<meta property=\"og:locale\" content=\"es_ES\" \/>\n<meta property=\"og:type\" content=\"article\" \/>\n<meta property=\"og:title\" content=\"Nit a la Biblioteca - Altea Cultural\" \/>\n<meta property=\"og:description\" content=\"Programa orientativo:20-20.30 h: Recepci\u00f3n de los participantes20.30 h: juegos de presentaci\u00f3n21:00 h: cuentacuentos de miedo21:30 h: Cenar (p.e. pizza, [&hellip;]\" \/>\n<meta property=\"og:url\" content=\"https:\/\/www.alteacultural.com\/es\/nitalabiblioteca\/\" \/>\n<meta property=\"og:site_name\" content=\"Altea Cultural\" \/>\n<meta property=\"article:modified_time\" content=\"2023-10-23T08:14:55+00:00\" \/>\n<meta property=\"og:image\" content=\"https:\/\/www.alteacultural.com\/wp-content\/uploads\/2023\/10\/Nit-a-la-Biblioteca-Espanta-la-por-2023-Cartell-01-scaled.jpg\" \/>\n<meta name=\"twitter:card\" content=\"summary_large_image\" \/>\n<meta name=\"twitter:label1\" content=\"Tiempo de lectura\" \/>\n\t<meta name=\"twitter:data1\" content=\"2 minutos\" \/>\n<script type=\"application\/ld+json\" class=\"yoast-schema-graph\">{\"@context\":\"https:\/\/schema.org\",\"@graph\":[{\"@type\":\"WebPage\",\"@id\":\"https:\/\/www.alteacultural.com\/es\/nitalabiblioteca\/\",\"url\":\"https:\/\/www.alteacultural.com\/es\/nitalabiblioteca\/\",\"name\":\"Nit a la Biblioteca - Altea Cultural\",\"isPartOf\":{\"@id\":\"https:\/\/www.alteacultural.com\/es\/#website\"},\"primaryImageOfPage\":{\"@id\":\"https:\/\/www.alteacultural.com\/es\/nitalabiblioteca\/#primaryimage\"},\"image\":{\"@id\":\"https:\/\/www.alteacultural.com\/es\/nitalabiblioteca\/#primaryimage\"},\"thumbnailUrl\":\"https:\/\/www.alteacultural.com\/wp-content\/uploads\/2023\/10\/Nit-a-la-Biblioteca-Espanta-la-por-2023-Cartell-01-scaled.jpg\",\"datePublished\":\"2022-10-20T11:51:40+00:00\",\"dateModified\":\"2023-10-23T08:14:55+00:00\",\"breadcrumb\":{\"@id\":\"https:\/\/www.alteacultural.com\/es\/nitalabiblioteca\/#breadcrumb\"},\"inLanguage\":\"es\",\"potentialAction\":[{\"@type\":\"ReadAction\",\"target\":[\"https:\/\/www.alteacultural.com\/es\/nitalabiblioteca\/\"]}]},{\"@type\":\"ImageObject\",\"inLanguage\":\"es\",\"@id\":\"https:\/\/www.alteacultural.com\/es\/nitalabiblioteca\/#primaryimage\",\"url\":\"https:\/\/www.alteacultural.com\/wp-content\/uploads\/2023\/10\/Nit-a-la-Biblioteca-Espanta-la-por-2023-Cartell-01-scaled.jpg\",\"contentUrl\":\"https:\/\/www.alteacultural.com\/wp-content\/uploads\/2023\/10\/Nit-a-la-Biblioteca-Espanta-la-por-2023-Cartell-01-scaled.jpg\"},{\"@type\":\"BreadcrumbList\",\"@id\":\"https:\/\/www.alteacultural.com\/es\/nitalabiblioteca\/#breadcrumb\",\"itemListElement\":[{\"@type\":\"ListItem\",\"position\":1,\"name\":\"Inici\",\"item\":\"https:\/\/www.alteacultural.com\/es\/\"},{\"@type\":\"ListItem\",\"position\":2,\"name\":\"Nit a la Biblioteca\"}]},{\"@type\":\"WebSite\",\"@id\":\"https:\/\/www.alteacultural.com\/es\/#website\",\"url\":\"https:\/\/www.alteacultural.com\/es\/\",\"name\":\"Altea Cultural\",\"description\":\"Regidoria de Cultura de l&#039;Ajuntament d&#039;Altea\",\"potentialAction\":[{\"@type\":\"SearchAction\",\"target\":{\"@type\":\"EntryPoint\",\"urlTemplate\":\"https:\/\/www.alteacultural.com\/es\/?s={search_term_string}\"},\"query-input\":\"required name=search_term_string\"}],\"inLanguage\":\"es\"}]}<\/script>\n<!-- \/ Yoast SEO plugin. -->","yoast_head_json":{"title":"Nit a la Biblioteca - Altea Cultural","robots":{"index":"index","follow":"follow","max-snippet":"max-snippet:-1","max-image-preview":"max-image-preview:large","max-video-preview":"max-video-preview:-1"},"canonical":"https:\/\/www.alteacultural.com\/es\/nitalabiblioteca\/","og_locale":"es_ES","og_type":"article","og_title":"Nit a la Biblioteca - Altea Cultural","og_description":"Programa orientativo:20-20.30 h: Recepci\u00f3n de los participantes20.30 h: juegos de presentaci\u00f3n21:00 h: cuentacuentos de miedo21:30 h: Cenar (p.e. pizza, [&hellip;]","og_url":"https:\/\/www.alteacultural.com\/es\/nitalabiblioteca\/","og_site_name":"Altea Cultural","article_modified_time":"2023-10-23T08:14:55+00:00","og_image":[{"url":"https:\/\/www.alteacultural.com\/wp-content\/uploads\/2023\/10\/Nit-a-la-Biblioteca-Espanta-la-por-2023-Cartell-01-scaled.jpg"}],"twitter_card":"summary_large_image","twitter_misc":{"Tiempo de lectura":"2 minutos"},"schema":{"@context":"https:\/\/schema.org","@graph":[{"@type":"WebPage","@id":"https:\/\/www.alteacultural.com\/es\/nitalabiblioteca\/","url":"https:\/\/www.alteacultural.com\/es\/nitalabiblioteca\/","name":"Nit a la Biblioteca - Altea Cultural","isPartOf":{"@id":"https:\/\/www.alteacultural.com\/es\/#website"},"primaryImageOfPage":{"@id":"https:\/\/www.alteacultural.com\/es\/nitalabiblioteca\/#primaryimage"},"image":{"@id":"https:\/\/www.alteacultural.com\/es\/nitalabiblioteca\/#primaryimage"},"thumbnailUrl":"https:\/\/www.alteacultural.com\/wp-content\/uploads\/2023\/10\/Nit-a-la-Biblioteca-Espanta-la-por-2023-Cartell-01-scaled.jpg","datePublished":"2022-10-20T11:51:40+00:00","dateModified":"2023-10-23T08:14:55+00:00","breadcrumb":{"@id":"https:\/\/www.alteacultural.com\/es\/nitalabiblioteca\/#breadcrumb"},"inLanguage":"es","potentialAction":[{"@type":"ReadAction","target":["https:\/\/www.alteacultural.com\/es\/nitalabiblioteca\/"]}]},{"@type":"ImageObject","inLanguage":"es","@id":"https:\/\/www.alteacultural.com\/es\/nitalabiblioteca\/#primaryimage","url":"https:\/\/www.alteacultural.com\/wp-content\/uploads\/2023\/10\/Nit-a-la-Biblioteca-Espanta-la-por-2023-Cartell-01-scaled.jpg","contentUrl":"https:\/\/www.alteacultural.com\/wp-content\/uploads\/2023\/10\/Nit-a-la-Biblioteca-Espanta-la-por-2023-Cartell-01-scaled.jpg"},{"@type":"BreadcrumbList","@id":"https:\/\/www.alteacultural.com\/es\/nitalabiblioteca\/#breadcrumb","itemListElement":[{"@type":"ListItem","position":1,"name":"Inici","item":"https:\/\/www.alteacultural.com\/es\/"},{"@type":"ListItem","position":2,"name":"Nit a la Biblioteca"}]},{"@type":"WebSite","@id":"https:\/\/www.alteacultural.com\/es\/#website","url":"https:\/\/www.alteacultural.com\/es\/","name":"Altea Cultural","description":"Regidoria de Cultura de l&#039;Ajuntament d&#039;Altea","potentialAction":[{"@type":"SearchAction","target":{"@type":"EntryPoint","urlTemplate":"https:\/\/www.alteacultural.com\/es\/?s={search_term_string}"},"query-input":"required name=search_term_string"}],"inLanguage":"es"}]}},"_links":{"self":[{"href":"https:\/\/www.alteacultural.com\/es\/wp-json\/wp\/v2\/pages\/21869"}],"collection":[{"href":"https:\/\/www.alteacultural.com\/es\/wp-json\/wp\/v2\/pages"}],"about":[{"href":"https:\/\/www.alteacultural.com\/es\/wp-json\/wp\/v2\/types\/page"}],"author":[{"embeddable":true,"href":"https:\/\/www.alteacultural.com\/es\/wp-json\/wp\/v2\/users\/1"}],"replies":[{"embeddable":true,"href":"https:\/\/www.alteacultural.com\/es\/wp-json\/wp\/v2\/comments?post=21869"}],"version-history":[{"count":22,"href":"https:\/\/www.alteacultural.com\/es\/wp-json\/wp\/v2\/pages\/21869\/revisions"}],"predecessor-version":[{"id":27803,"href":"https:\/\/www.alteacultural.com\/es\/wp-json\/wp\/v2\/pages\/21869\/revisions\/27803"}],"wp:attachment":[{"href":"https:\/\/www.alteacultural.com\/es\/wp-json\/wp\/v2\/media?parent=21869"}],"curies":[{"name":"wp","href":"https:\/\/api.w.org\/{rel}","templated":true}]}}