{"id":3496,"date":"2021-03-08T09:50:21","date_gmt":"2021-03-08T08:50:21","guid":{"rendered":"https:\/\/www.alteacultural.com\/ruta-de-les-ermites\/"},"modified":"2024-03-14T12:50:30","modified_gmt":"2024-03-14T11:50:30","slug":"rutadelesermites2","status":"publish","type":"page","link":"https:\/\/www.alteacultural.com\/es\/rutadelesermites2\/","title":{"rendered":"Ruta de les Ermites"},"content":{"rendered":"\t\t<div data-elementor-type=\"wp-page\" data-elementor-id=\"3496\" class=\"elementor elementor-3496\">\n\t\t\t\t\t\t<section class=\"elementor-section elementor-top-section elementor-element elementor-element-92d62f3 elementor-section-boxed elementor-section-height-default elementor-section-height-default exad-glass-effect-no exad-sticky-section-no\" data-id=\"92d62f3\" data-element_type=\"section\">\n\t\t\t\t\t\t<div class=\"elementor-container elementor-column-gap-default\">\n\t\t\t\t\t<div class=\"elementor-column elementor-col-100 elementor-top-column elementor-element elementor-element-0939c1e exad-glass-effect-no exad-sticky-section-no\" data-id=\"0939c1e\" data-element_type=\"column\">\n\t\t\t<div class=\"elementor-widget-wrap elementor-element-populated\">\n\t\t\t\t<!-- dce invisible element d802905 -->\t\t\t<\/div>\n\t\t<\/div>\n\t\t\t\t\t<\/div>\n\t\t<\/section>\n\t\t\t\t<section class=\"elementor-section elementor-top-section elementor-element elementor-element-9b309a2 elementor-section-boxed elementor-section-height-default elementor-section-height-default exad-glass-effect-no exad-sticky-section-no\" data-id=\"9b309a2\" data-element_type=\"section\">\n\t\t\t\t\t\t<div class=\"elementor-container elementor-column-gap-default\">\n\t\t\t\t\t<div class=\"elementor-column elementor-col-100 elementor-top-column elementor-element elementor-element-b007c05 exad-glass-effect-no exad-sticky-section-no\" data-id=\"b007c05\" data-element_type=\"column\">\n\t\t\t<div class=\"elementor-widget-wrap elementor-element-populated\">\n\t\t\t\t\t\t<div class=\"dce-visibility-event elementor-element elementor-element-c80a91c exad-sticky-section-no exad-glass-effect-no elementor-widget elementor-widget-image\" data-id=\"c80a91c\" data-element_type=\"widget\" data-settings=\"{&quot;enabled_visibility&quot;:&quot;yes&quot;,&quot;dce_visibility_selected&quot;:&quot;yes&quot;}\" data-widget_type=\"image.default\">\n\t\t\t\t<div class=\"elementor-widget-container\">\n\t\t\t\t\t\t\t\t\t\t\t\t\t<img fetchpriority=\"high\" decoding=\"async\" width=\"1080\" height=\"150\" src=\"https:\/\/www.alteacultural.com\/wp-content\/uploads\/2021\/03\/ruta-ermites-def2.jpg\" class=\"attachment-large size-large wp-image-3464\" alt=\"\" srcset=\"https:\/\/www.alteacultural.com\/wp-content\/uploads\/2021\/03\/ruta-ermites-def2.jpg 1080w, https:\/\/www.alteacultural.com\/wp-content\/uploads\/2021\/03\/ruta-ermites-def2-768x107.jpg 768w\" sizes=\"(max-width: 1080px) 100vw, 1080px\" \/>\t\t\t\t\t\t\t\t\t\t\t\t\t<\/div>\n\t\t\t\t<\/div>\n\t\t\t\t\t<\/div>\n\t\t<\/div>\n\t\t\t\t\t<\/div>\n\t\t<\/section>\n\t\t\t\t<section class=\"elementor-section elementor-top-section elementor-element elementor-element-b7d5d25 elementor-section-boxed elementor-section-height-default elementor-section-height-default exad-glass-effect-no exad-sticky-section-no\" data-id=\"b7d5d25\" data-element_type=\"section\">\n\t\t\t\t\t\t<div class=\"elementor-container elementor-column-gap-default\">\n\t\t\t\t\t<div class=\"elementor-column elementor-col-100 elementor-top-column elementor-element elementor-element-b431da8 exad-glass-effect-no exad-sticky-section-no\" data-id=\"b431da8\" data-element_type=\"column\">\n\t\t\t<div class=\"elementor-widget-wrap elementor-element-populated\">\n\t\t\t\t\t\t<div class=\"elementor-element elementor-element-42e55e1 exad-sticky-section-no exad-glass-effect-no elementor-widget elementor-widget-heading\" data-id=\"42e55e1\" data-element_type=\"widget\" data-widget_type=\"heading.default\">\n\t\t\t\t<div class=\"elementor-widget-container\">\n\t\t\t<h2 class=\"elementor-heading-title elementor-size-default\">2024<\/h2>\t\t<\/div>\n\t\t\t\t<\/div>\n\t\t\t\t\t<\/div>\n\t\t<\/div>\n\t\t\t\t\t<\/div>\n\t\t<\/section>\n\t\t\t\t<section class=\"elementor-section elementor-top-section elementor-element elementor-element-c257b33 elementor-section-boxed elementor-section-height-default elementor-section-height-default exad-glass-effect-no exad-sticky-section-no\" data-id=\"c257b33\" data-element_type=\"section\">\n\t\t\t\t\t\t<div class=\"elementor-container elementor-column-gap-default\">\n\t\t\t\t\t<div class=\"elementor-column elementor-col-100 elementor-top-column elementor-element elementor-element-bf1a85c exad-glass-effect-no exad-sticky-section-no\" data-id=\"bf1a85c\" data-element_type=\"column\">\n\t\t\t<div class=\"elementor-widget-wrap\">\n\t\t\t\t\t\t\t<\/div>\n\t\t<\/div>\n\t\t\t\t\t<\/div>\n\t\t<\/section>\n\t\t\t\t<section class=\"elementor-section elementor-top-section elementor-element elementor-element-78b1077 elementor-section-boxed elementor-section-height-default elementor-section-height-default exad-glass-effect-no exad-sticky-section-no\" data-id=\"78b1077\" data-element_type=\"section\">\n\t\t\t\t\t\t<div class=\"elementor-container elementor-column-gap-default\">\n\t\t\t\t\t<div class=\"elementor-column elementor-col-20 elementor-top-column elementor-element elementor-element-8401ac1 exad-glass-effect-no exad-sticky-section-no\" data-id=\"8401ac1\" data-element_type=\"column\" data-settings=\"{&quot;background_background&quot;:&quot;classic&quot;}\">\n\t\t\t<div class=\"elementor-widget-wrap\">\n\t\t\t\t\t\t\t<\/div>\n\t\t<\/div>\n\t\t\t\t<div class=\"elementor-column elementor-col-20 elementor-top-column elementor-element elementor-element-cda05c9 exad-glass-effect-no exad-sticky-section-no\" data-id=\"cda05c9\" data-element_type=\"column\">\n\t\t\t<div class=\"elementor-widget-wrap elementor-element-populated\">\n\t\t\t\t\t\t<div class=\"elementor-element elementor-element-cab8ad8 exad-sticky-section-no exad-glass-effect-no elementor-widget elementor-widget-image\" data-id=\"cab8ad8\" data-element_type=\"widget\" data-widget_type=\"image.default\">\n\t\t\t\t<div class=\"elementor-widget-container\">\n\t\t\t\t\t\t\t\t\t\t\t\t\t<img decoding=\"async\" width=\"1200\" height=\"1200\" data-src=\"https:\/\/www.alteacultural.com\/wp-content\/uploads\/2022\/02\/casaculturapatri.jpg\" class=\"attachment-large size-large wp-image-15810 lazyload\" alt=\"\" data-srcset=\"https:\/\/www.alteacultural.com\/wp-content\/uploads\/2022\/02\/casaculturapatri.jpg 1200w, https:\/\/www.alteacultural.com\/wp-content\/uploads\/2022\/02\/casaculturapatri-768x768.jpg 768w, https:\/\/www.alteacultural.com\/wp-content\/uploads\/2022\/02\/casaculturapatri-300x300.jpg 300w\" data-sizes=\"(max-width: 1200px) 100vw, 1200px\" src=\"data:image\/gif;base64,R0lGODlhAQABAAAAACH5BAEKAAEALAAAAAABAAEAAAICTAEAOw==\" style=\"--smush-placeholder-width: 1200px; --smush-placeholder-aspect-ratio: 1200\/1200;\" \/>\t\t\t\t\t\t\t\t\t\t\t\t\t<\/div>\n\t\t\t\t<\/div>\n\t\t\t\t<div class=\"elementor-element elementor-element-2c14b58 exad-sticky-section-no exad-glass-effect-no elementor-widget elementor-widget-text-editor\" data-id=\"2c14b58\" data-element_type=\"widget\" data-widget_type=\"text-editor.default\">\n\t\t\t\t<div class=\"elementor-widget-container\">\n\t\t\t\t\t\t\t<p style=\"text-align: center;\"><strong>15 marzo &#8211; 19:30h<\/strong><\/p><p style=\"text-align: center;\"><strong>Casa de Cultura<\/strong><\/p><p style=\"text-align: center;\"><strong>(Altea)<\/strong><\/p>\t\t\t\t\t\t<\/div>\n\t\t\t\t<\/div>\n\t\t\t\t<div class=\"elementor-element elementor-element-7804fb4 exad-sticky-section-no exad-glass-effect-no elementor-widget elementor-widget-heading\" data-id=\"7804fb4\" data-element_type=\"widget\" data-widget_type=\"heading.default\">\n\t\t\t\t<div class=\"elementor-widget-container\">\n\t\t\t<h5 class=\"elementor-heading-title elementor-size-default\">Cantos desde el alma<\/h5>\t\t<\/div>\n\t\t\t\t<\/div>\n\t\t\t\t<div class=\"elementor-element elementor-element-87259f6 premium-modal-dismissible-yes exad-sticky-section-no exad-glass-effect-no elementor-widget elementor-widget-premium-addon-modal-box\" data-id=\"87259f6\" data-element_type=\"widget\" data-settings=\"{&quot;premium_modal_box_animation&quot;:&quot;fadeInDown&quot;}\" data-widget_type=\"premium-addon-modal-box.default\">\n\t\t\t\t<div class=\"elementor-widget-container\">\n\t\t\t\n\t\t<div class=\"premium-modal-box-container\" data-settings=\"{&quot;trigger&quot;:&quot;button&quot;}\">\n\t\t\t<div class=\"premium-modal-trigger-container\">\n\t\t\t\t\t\t\t\t\t<button data-toggle=\"premium-modal\" data-target=\"#premium-modal-87259f6\" type=\"button\" class=\"premium-modal-trigger-btn premium-btn-lg premium-button-none \" data-text=\"Programa\">\n\n\t\t\t\t\t\t\n\t\t\t\t\t\t<div class=\"premium-button-text-icon-wrapper\">\n\t\t\t\t\t\t\t<span>Programa<\/span>\n\t\t\t\t\t\t<\/div>\n\n\t\t\t\t\t\t\n\t\t\t\t\t\t\n\t\t\t\t\t\t\n\t\t\t\t\t<\/button>\n\t\t\t\t\t\t\t<\/div>\n\n\t\t\t<div id=\"premium-modal-87259f6\" class=\"premium-modal-box-modal\"\n\t\t\trole=\"dialog\"\n\t\t\tstyle=\"display: none\"\n\t\t\t>\n\t\t\t\t<div class=\"premium-modal-box-modal-dialog\" data-delay-animation=\"\" data-modal-animation=\"fadeInDown animated-fast\">\n\t\t\t\t\t\t\t\t\t\t\t<div class=\"premium-modal-box-modal-header\">\n\t\t\t\t\t\t\t\t\t\t\t\t\t\t\t<h3 class=\"premium-modal-box-modal-title\">\n\t\t\t\t\t\t\t\t\t<i aria-hidden=\"true\" class=\"fas fa-church\"><\/i>Programa 15 marzo\t\t\t\t\t\t\t\t<\/h3>\n\t\t\t\t\t\t\t\t\t\t\t\t\t\t\t\t\t\t\t\t\t\t<div class=\"premium-modal-box-close-button-container\">\n\t\t\t\t\t\t\t\t\t<button type=\"button\" class=\"premium-modal-box-modal-close\" data-dismiss=\"premium-modal\">&times;<\/button>\n\t\t\t\t\t\t\t\t<\/div>\n\t\t\t\t\t\t\t\t\t\t\t\t\t<\/div>\n\t\t\t\t\t\t\t\t\t\t<div class=\"premium-modal-box-modal-body\">\n\t\t\t\t\t\t<h3 style=\"text-align: center;\"><span style=\"text-decoration: underline;\"><span style=\"color: #0000ff;\"><strong>CANTOS DESDE EL ALMA<\/strong><\/span><\/span><\/h3><p style=\"text-align: center;\"><span style=\"text-decoration: underline;\"><strong>PROGRAMA<\/strong><\/span><\/p><p style=\"text-align: center;\"><em>Wann kommst du, mein Heil?<\/em>*** <br \/>Cantata BWV 140 de J. S. Bach<\/p><p style=\"text-align: center;\"><em>Quia respexit*<\/em> <br \/><em>Quia fecit mihi magnam**<br \/><\/em> Magnificat de J. S. Bach<\/p><p style=\"text-align: center;\"><em>Rejoice*<\/em> <br \/><em>Why do the nations**<br \/><\/em> Messiah de F. H\u00e4ndel<\/p><p style=\"text-align: center;\"><em>Agnus Dei*<\/em> <br \/><em>Misa de la Coronaci\u00f3n 337<\/em> de W. A. Mozart<\/p><p style=\"text-align: center;\"><em>Es ist genug**<\/em> <br \/>Eliah de F. Mendelssohn<\/p><p style=\"text-align: center;\"><em>Ave Maria*<\/em> <br \/>William G\u00f3mez<\/p><p style=\"text-align: center;\"><em>Von deiner G\u00fct***<br \/>Die Sch\u00f6pfung<\/em> de J. Haydn<\/p><p style=\"text-align: center;\"><em>La mi sola, Laureola\u2026**<br \/><\/em> <em>Coraz\u00f3n porque pas\u00e1is*<\/em><br \/>Obradors<\/p><p style=\"text-align: center;\"><em>Nana de Sevilla**<\/em> <br \/>F. G. Lorca<\/p><p style=\"text-align: center;\"><em>Adela*<\/em><br \/>Joaqu\u00edn Rodrigo<\/p><p style=\"text-align: center;\"><em> Zueignung**<\/em> <br \/><em>Die Nacht*<br \/><\/em> R. Strauss<\/p><p style=\"text-align: center;\"><em>Urlicht**<\/em> <br \/><em>Des Knaben Wunderhorn<\/em> de G. Mahler<\/p><p style=\"text-align: center;\"><em> Du bist die Ruh\u2019*<\/em> <br \/>F. Schubert<\/p><p style=\"text-align: center;\"><em>Pieta, signore**<br \/><\/em>A. Stradella<\/p><p style=\"text-align: center;\"><em>Sure on this shining night*<br \/><\/em> Samuel Barber<\/p><p style=\"text-align: center;\"><span style=\"text-decoration: underline;\"><strong>COMPONENTES Y FORMACI\u00d3N<\/strong><\/span><\/p><p style=\"text-align: center;\">Claudia Menor, soprano (*)<br \/>Pedro Lluch, bar\u00edtono (**)<br \/>Juan Carlos V\u00e1zquez, piano<\/p><p style=\"text-align: center;\"><span style=\"text-decoration: underline;\"><strong>CLAUDIA MENOR<\/strong><\/span><\/p><p style=\"text-align: center;\">La soprano alicantina Claudia Menor, es actual alumna de la soprano Teresa Albero en el conservatorio superior progreso musical de Madrid. Con tan solo 20 a\u00f1os, ha cantado ya en diversos lugares de Espa\u00f1a, tales como Madrid, Alicante, Barcelona, Albacete, Valencia y Valladolid, entre otros.<\/p><p style=\"text-align: center;\">En su formaci\u00f3n destacan los consejos recibidos de artistas importantes como la soprano Ana Maria S\u00e1nchez, la soprano Isabel Rey, el bar\u00edtono Carlos \u00c1lvarez, el pianista de la \u00f3pera de Viena, el maestro Lepore y la pianista Celsa Tamayo.<\/p><p style=\"text-align: center;\">Pese a su juventud, ha cantado en numerosos auditorios como el ADDA de Alicante, el auditorio Miguel Delibes, Valladolid, el Teatro Principal de Alicante, entre otros.<\/p><p style=\"text-align: center;\">Cabe destacar de su trayectoria su participaci\u00f3n en el concurso de m\u00fasica cl\u00e1sica de RTVE, Prodigios, y ha cantado con la orquesta sinf\u00f3nica de Castilla y Le\u00f3n.<\/p><p style=\"text-align: center;\">En sus proyectos futuros, se encuentran diversos recitales y conciertos en Alicante y otras ciudades de la geograf\u00eda espa\u00f1ola.<\/p><p style=\"text-align: center;\"><span style=\"text-decoration: underline;\"><strong>PEDRO LLUCH<\/strong><\/span><\/p><p style=\"text-align: center;\">El bar\u00edtono alicantino Pedro Lluch, de 20 a\u00f1os de edad, inicia sus estudios como flautista y posteriormente como cantante en el Conservatorio Profesional de M\u00fasica Guitarrista Jos\u00e9 Tom\u00e1s de Alicante (CPMA). Actualmente es alumno de la soprano Teresa Albero en el Centro Superior de M\u00fasica Progreso Musical de Madrid.<\/p><p style=\"text-align: center;\">Ha participado como alumno activo en clases magistrales de grandes maestros del panorama nacional e internacional, como son el bar\u00edtono Carlos \u00c1lvarez, la soprano Isabel Rey, el maestro Tommaso Lepore, pianista de la \u00f3pera de Viena, y la pianista Celsa Tamayo.<\/p><p style=\"text-align: center;\">Ha actuado en diversos escenarios de Madrid y Alicante, como el Teatro Principal de Alicante o el Club N\u00e1utico de Denia, entre otros. No obstante, hay que hacer una menci\u00f3n especial al Auditorio de la Diputaci\u00f3n de Alicante (ADDA), donde ha cantado en numerosas ocasiones con un gran \u00e9xito.<\/p><p style=\"text-align: center;\">En sus proyectos futuros se encuentran numerosos recitales y conciertos en Alicante y en otras ciudades de la geograf\u00eda espa\u00f1ola.<\/p><p style=\"text-align: center;\"><span style=\"text-decoration: underline;\"><strong>JUAN CARLOS V\u00c1ZQUEZ<\/strong><\/span><\/p><p style=\"text-align: center;\">Nacido en Alicante, recibi\u00f3 las primeras lecciones de<br \/>solfeo y piano dirigido por el distinguido pedagogo Jos\u00e9<br \/>Luis Barcel\u00f3.<\/p><p style=\"text-align: center;\">Terminados sus estudios oficiales de piano en el Conservatorio Superior de M\u00fasica de Alicante \u201c\u00d3scar<br \/>Espl\u00e1\u201d, con brillantes calificaciones, decide ampliar su formaci\u00f3n t\u00e9cnica e interpretativa bajo la<br \/>direcci\u00f3n del pianista, internacionalmente reconocido, Jos\u00e9 Ortiga.<\/p><p style=\"text-align: center;\">Las actuaciones realizadas por Juan Carlos V\u00e1zquez han consistido en numerosos recitales efectuados<br \/>por diversas ciudades de gran parte de la geograf\u00eda espa\u00f1ola.<\/p><p style=\"text-align: center;\">En el a\u00f1o 2002 fue nombrado pianista acompa\u00f1ante del \u201cOrfe\u00f3n Alicante\u00bb, haci\u00e9ndose cargo de su<br \/>direcci\u00f3n musical en el a\u00f1o 2014, labor que contin\u00faa desempe\u00f1ando en la actualidad.<\/p><p style=\"text-align: center;\">Entre sus actuaciones m\u00e1s importantes destacan una gira de conciertos realizada por la provincia de<br \/>Alicante, organizada por la Diputaci\u00f3n de Alicante durante la temporada 2002-2003 y un recital en el<br \/>Teatro Romea de Murcia en ese mismo curso. En el a\u00f1o 2004 realiz\u00f3 un concierto dentro de la \u201cV<br \/>Temporada de M\u00fasica de C\u00e1mara de \u00dabeda\u201d, concierto del que el peri\u00f3dico Ideal Digital afirm\u00f3: \u201cEl<br \/>recital incluy\u00f3 un programa cuya interpretaci\u00f3n demostr\u00f3 las sobresalientes cualidades art\u00edsticas de este<br \/>joven pianista, as\u00ed como su s\u00f3lida formaci\u00f3n musical.\u201d En esa misma temporada hizo su presentaci\u00f3n en<br \/>el Paraninfo del Conservatorio de M\u00fasica de Ja\u00e9n.<\/p><p style=\"text-align: center;\">Durante la temporada 2004-2005 debut\u00f3 en el Teatro<br \/>Principal de Alicante junto con la Orquesta Sinf\u00f3nica de Alicante, bajo la direcci\u00f3n de Juan Iborra<br \/>interpretando el Concierto para piano y orquesta, en la menor de Grieg, op. 16, concierto que repiti\u00f3<br \/>pocos meses despu\u00e9s junto con la Banda Municipal de Alicante, dirigido por Bernab\u00e9 Sanch\u00eds en el Aula<br \/>de Cultura de la C.A.M.<\/p><p style=\"text-align: center;\">Durante la temporada 2005-2006 hizo su presentaci\u00f3n en la ciudad de Valencia<br \/>en el Ateneo Mercantil. En la siguiente temporada regres\u00f3 al Teatro Principal de Alicante en el acto de<br \/>clausura del curso escolar del Conservatorio Profesional de Danza \u201cJos\u00e9 Espadero\u201d de Alicante,<br \/>interpretando un repertorio de obras de Chopin. En 2007 estren\u00f3 el Concierto para piano y orquesta<br \/>\u201cSue\u00f1os de primavera\u201d del compositor Antonio Ferriz, nuevamente junto a la Banda Municipal de<br \/>Alicante y dirigido por el propio autor, e interpret\u00f3 el Concierto N\u00ba1 para piano y orquesta, en do mayor<br \/>de Beethoven, en el homenaje a Jos\u00e9 Ortiga, junto a la Orquesta Sinf\u00f3nica de Dolores, bajo la direcci\u00f3n<br \/>de Gabriel Garc\u00eda, resultando actuaciones todas ellas en las que siempre se ha visto halagado por el<br \/>\u00e9xito.<\/p><p style=\"text-align: center;\">Durante los cursos 2014\/15 y 2015\/16 fue profesor de repertorio de la especialidad de canto en el<br \/>Conservatorio Superior de M\u00fasica \u00ab\u00d3scar Espl\u00e1\u00bb de Alicante. En la actualidad compagina su actividad de<br \/>concertista con la docencia en el Conservatorio Profesional de Danza Jos\u00e9 Espadero.<\/p><p><img decoding=\"async\" class=\"alignnone size-full wp-image-29574 lazyload\" data-src=\"https:\/\/www.alteacultural.com\/wp-content\/uploads\/2024\/03\/Claudia.jpg\" alt=\"\" width=\"701\" height=\"971\" src=\"data:image\/gif;base64,R0lGODlhAQABAAAAACH5BAEKAAEALAAAAAABAAEAAAICTAEAOw==\" style=\"--smush-placeholder-width: 701px; --smush-placeholder-aspect-ratio: 701\/971;\" \/><\/p><p><img decoding=\"async\" class=\"alignnone size-full wp-image-29570 lazyload\" data-src=\"https:\/\/www.alteacultural.com\/wp-content\/uploads\/2024\/03\/foto-Pedro-Lluch.jpg\" alt=\"\" width=\"737\" height=\"1116\" src=\"data:image\/gif;base64,R0lGODlhAQABAAAAACH5BAEKAAEALAAAAAABAAEAAAICTAEAOw==\" style=\"--smush-placeholder-width: 737px; --smush-placeholder-aspect-ratio: 737\/1116;\" \/><\/p><p><img decoding=\"async\" class=\"alignnone size-full wp-image-29572 lazyload\" data-src=\"https:\/\/www.alteacultural.com\/wp-content\/uploads\/2024\/03\/foto-Juan-Carlos-Vazquez.jpg\" alt=\"\" width=\"1600\" height=\"1228\" data-srcset=\"https:\/\/www.alteacultural.com\/wp-content\/uploads\/2024\/03\/foto-Juan-Carlos-Vazquez.jpg 1600w, https:\/\/www.alteacultural.com\/wp-content\/uploads\/2024\/03\/foto-Juan-Carlos-Vazquez-768x589.jpg 768w, https:\/\/www.alteacultural.com\/wp-content\/uploads\/2024\/03\/foto-Juan-Carlos-Vazquez-1536x1179.jpg 1536w\" data-sizes=\"(max-width: 1600px) 100vw, 1600px\" src=\"data:image\/gif;base64,R0lGODlhAQABAAAAACH5BAEKAAEALAAAAAABAAEAAAICTAEAOw==\" style=\"--smush-placeholder-width: 1600px; --smush-placeholder-aspect-ratio: 1600\/1228;\" \/><\/p>\t\t\t\t\t<\/div>\n\t\t\t\t\t\t\t\t\t\t\t<div class=\"premium-modal-box-modal-footer\">\n\t\t\t\t\t\t\t<button type=\"button\" class=\"premium-modal-box-modal-lower-close\" data-dismiss=\"premium-modal\">\n\t\t\t\t\t\t\t\tCerrar\t\t\t\t\t\t\t<\/button>\n\t\t\t\t\t\t<\/div>\n\t\t\t\t\t\t\t\t\t<\/div>\n\t\t\t<\/div>\n\t\t<\/div>\n\n\t\t\t\t<\/div>\n\t\t\t\t<\/div>\n\t\t\t\t\t<\/div>\n\t\t<\/div>\n\t\t\t\t<div class=\"elementor-column elementor-col-20 elementor-top-column elementor-element elementor-element-87e7258 exad-glass-effect-no exad-sticky-section-no\" data-id=\"87e7258\" data-element_type=\"column\">\n\t\t\t<div class=\"elementor-widget-wrap elementor-element-populated\">\n\t\t\t\t\t\t<div class=\"elementor-element elementor-element-dea7013 exad-sticky-section-no exad-glass-effect-no elementor-widget elementor-widget-image\" data-id=\"dea7013\" data-element_type=\"widget\" data-widget_type=\"image.default\">\n\t\t\t\t<div class=\"elementor-widget-container\">\n\t\t\t\t\t\t\t\t\t\t\t\t\t<img decoding=\"async\" width=\"650\" height=\"650\" data-src=\"https:\/\/www.alteacultural.com\/wp-content\/uploads\/2021\/03\/santaana.jpg\" class=\"attachment-large size-large wp-image-3438 lazyload\" alt=\"\" data-srcset=\"https:\/\/www.alteacultural.com\/wp-content\/uploads\/2021\/03\/santaana.jpg 650w, https:\/\/www.alteacultural.com\/wp-content\/uploads\/2021\/03\/santaana-300x300.jpg 300w\" data-sizes=\"(max-width: 650px) 100vw, 650px\" src=\"data:image\/gif;base64,R0lGODlhAQABAAAAACH5BAEKAAEALAAAAAABAAEAAAICTAEAOw==\" style=\"--smush-placeholder-width: 650px; --smush-placeholder-aspect-ratio: 650\/650;\" \/>\t\t\t\t\t\t\t\t\t\t\t\t\t<\/div>\n\t\t\t\t<\/div>\n\t\t\t\t<div class=\"elementor-element elementor-element-e919ef6 exad-sticky-section-no exad-glass-effect-no elementor-widget elementor-widget-text-editor\" data-id=\"e919ef6\" data-element_type=\"widget\" data-widget_type=\"text-editor.default\">\n\t\t\t\t<div class=\"elementor-widget-container\">\n\t\t\t\t\t\t\t<p style=\"text-align: center;\"><strong>21 marzo &#8211; 19:30h<\/strong><\/p><p style=\"text-align: center;\"><strong>Iglesia de Santa Ana<\/strong><\/p><p style=\"text-align: center;\"><strong>(Altea La Vella)<\/strong><\/p>\t\t\t\t\t\t<\/div>\n\t\t\t\t<\/div>\n\t\t\t\t<div class=\"elementor-element elementor-element-15ef6c4 exad-sticky-section-no exad-glass-effect-no elementor-widget elementor-widget-heading\" data-id=\"15ef6c4\" data-element_type=\"widget\" data-widget_type=\"heading.default\">\n\t\t\t\t<div class=\"elementor-widget-container\">\n\t\t\t<h5 class=\"elementor-heading-title elementor-size-default\">Camerata Aitana<\/h5>\t\t<\/div>\n\t\t\t\t<\/div>\n\t\t\t\t<div class=\"elementor-element elementor-element-894b78e premium-modal-dismissible-yes exad-sticky-section-no exad-glass-effect-no elementor-widget elementor-widget-premium-addon-modal-box\" data-id=\"894b78e\" data-element_type=\"widget\" data-settings=\"{&quot;premium_modal_box_animation&quot;:&quot;fadeInDown&quot;}\" data-widget_type=\"premium-addon-modal-box.default\">\n\t\t\t\t<div class=\"elementor-widget-container\">\n\t\t\t\n\t\t<div class=\"premium-modal-box-container\" data-settings=\"{&quot;trigger&quot;:&quot;button&quot;}\">\n\t\t\t<div class=\"premium-modal-trigger-container\">\n\t\t\t\t\t\t\t\t\t<button data-toggle=\"premium-modal\" data-target=\"#premium-modal-894b78e\" type=\"button\" class=\"premium-modal-trigger-btn premium-btn-lg premium-button-none \" data-text=\"Programa\">\n\n\t\t\t\t\t\t\n\t\t\t\t\t\t<div class=\"premium-button-text-icon-wrapper\">\n\t\t\t\t\t\t\t<span>Programa<\/span>\n\t\t\t\t\t\t<\/div>\n\n\t\t\t\t\t\t\n\t\t\t\t\t\t\n\t\t\t\t\t\t\n\t\t\t\t\t<\/button>\n\t\t\t\t\t\t\t<\/div>\n\n\t\t\t<div id=\"premium-modal-894b78e\" class=\"premium-modal-box-modal\"\n\t\t\trole=\"dialog\"\n\t\t\tstyle=\"display: none\"\n\t\t\t>\n\t\t\t\t<div class=\"premium-modal-box-modal-dialog\" data-delay-animation=\"\" data-modal-animation=\"fadeInDown animated-fast\">\n\t\t\t\t\t\t\t\t\t\t\t<div class=\"premium-modal-box-modal-header\">\n\t\t\t\t\t\t\t\t\t\t\t\t\t\t\t<h3 class=\"premium-modal-box-modal-title\">\n\t\t\t\t\t\t\t\t\t<i aria-hidden=\"true\" class=\"fas fa-church\"><\/i>Programa 21 marzo\t\t\t\t\t\t\t\t<\/h3>\n\t\t\t\t\t\t\t\t\t\t\t\t\t\t\t\t\t\t\t\t\t\t<div class=\"premium-modal-box-close-button-container\">\n\t\t\t\t\t\t\t\t\t<button type=\"button\" class=\"premium-modal-box-modal-close\" data-dismiss=\"premium-modal\">&times;<\/button>\n\t\t\t\t\t\t\t\t<\/div>\n\t\t\t\t\t\t\t\t\t\t\t\t\t<\/div>\n\t\t\t\t\t\t\t\t\t\t<div class=\"premium-modal-box-modal-body\">\n\t\t\t\t\t\t<h3 style=\"text-align: center;\"><span style=\"text-decoration: underline;\"><span style=\"color: #0000ff;\"><strong>CAMERATA AITANA<\/strong><\/span><\/span><\/h3><p style=\"text-align: center;\"><span style=\"text-decoration: underline;\"><strong>PROGRAMA<\/strong><\/span><\/p><p style=\"text-align: center;\">\u00a0<\/p><p style=\"text-align: center;\"><strong><span style=\"text-decoration: underline;\">COMPONENTES Y FORMACI\u00d3N<\/span><\/strong><\/p><p style=\"text-align: center;\">Pepi Lloret, soprano<br \/>Javier Rubio, bar\u00edtono<br \/>V.Ant\u00f3n y M.Asensi, violines<br \/>F.Pastor, cello<br \/>T.Llinares, \u00f3rgano<\/p><p style=\"text-align: center;\">La CAMERATA AITANA, que ofrece su primer concierto en febrero de 2000, es un grupo musical que conjuga voces humanas e instrumentos en una fascinante amalgama que da al p\u00fablico la rara oportunidad de escuchar, altern\u00e1ndose o en compa\u00f1\u00eda, las tesituras m\u00e1s representativas del mundo vocal, soprano, mezosoprano, tenor y bar\u00edtono, junto con las de sus parientes m\u00e1s o menos lejanos -seg\u00fan se mire- en el de los instrumentos de cuerda, viol\u00edn y violonchelo, siempre bajo la tutela necesaria del \u00f3rgano y el piano como instrumento polif\u00f3nico.<\/p><p style=\"text-align: center;\">Y de eso precisamente se trata, de polifon\u00eda: varias voces de colores contrastantes y\/o complementarios visitan el repertorio que les es propio desde el Barroco hasta nuestro tiempo, sin olvidar Cl\u00e1sicos y Rom\u00e1nticos, as\u00ed como una cuidada colecci\u00f3n de piezas del g\u00e9nero l\u00edrico tanto oper\u00edstico como de zarzuela. Donde aparecen Pergolesi, Haydn, Mozart, Massenet, Faure, Mascagni, Sorozabal, Soutullo, Caballero, Granados, Falla, entre otros, mediante una selecci\u00f3n musical cuidada al detalle para que se pueda apreciar la singularidad de cada timbre y sus posibilidades de relaci\u00f3n, as\u00ed como una plantilla de profesionales de la m\u00fasica de primer orden en el campo interpretativo.<\/p><p style=\"text-align: center;\">Los instrumentos de cuerda se desarrollaron durante el Renacimiento para imitar a las voces. La Camerata Aitana, que desde sus inicios ha ofrecido innumerables conciertos y actuaciones, mayoritariamente por toda la geograf\u00eda alicantina, en colaboraci\u00f3n con instituciones provinciales, ayuntamientos y otras entidades, as\u00ed como a t\u00edtulo particular, les da la oportunidad de escuchar conjuntamente la voz y los instrumentos.<\/p><p style=\"text-align: center;\">\u00a0<\/p>\t\t\t\t\t<\/div>\n\t\t\t\t\t\t\t\t\t\t\t<div class=\"premium-modal-box-modal-footer\">\n\t\t\t\t\t\t\t<button type=\"button\" class=\"premium-modal-box-modal-lower-close\" data-dismiss=\"premium-modal\">\n\t\t\t\t\t\t\t\tCerrar\t\t\t\t\t\t\t<\/button>\n\t\t\t\t\t\t<\/div>\n\t\t\t\t\t\t\t\t\t<\/div>\n\t\t\t<\/div>\n\t\t<\/div>\n\n\t\t\t\t<\/div>\n\t\t\t\t<\/div>\n\t\t\t\t\t<\/div>\n\t\t<\/div>\n\t\t\t\t<div class=\"elementor-column elementor-col-20 elementor-top-column elementor-element elementor-element-3d06d16 exad-glass-effect-no exad-sticky-section-no\" data-id=\"3d06d16\" data-element_type=\"column\">\n\t\t\t<div class=\"elementor-widget-wrap elementor-element-populated\">\n\t\t\t\t\t\t<div class=\"elementor-element elementor-element-ed401f8 exad-sticky-section-no exad-glass-effect-no elementor-widget elementor-widget-image\" data-id=\"ed401f8\" data-element_type=\"widget\" data-widget_type=\"image.default\">\n\t\t\t\t<div class=\"elementor-widget-container\">\n\t\t\t\t\t\t\t\t\t\t\t\t\t<img decoding=\"async\" width=\"650\" height=\"650\" data-src=\"https:\/\/www.alteacultural.com\/wp-content\/uploads\/2021\/03\/villagadea.jpg\" class=\"attachment-large size-large wp-image-3424 lazyload\" alt=\"\" data-srcset=\"https:\/\/www.alteacultural.com\/wp-content\/uploads\/2021\/03\/villagadea.jpg 650w, https:\/\/www.alteacultural.com\/wp-content\/uploads\/2021\/03\/villagadea-300x300.jpg 300w\" data-sizes=\"(max-width: 650px) 100vw, 650px\" src=\"data:image\/gif;base64,R0lGODlhAQABAAAAACH5BAEKAAEALAAAAAABAAEAAAICTAEAOw==\" style=\"--smush-placeholder-width: 650px; --smush-placeholder-aspect-ratio: 650\/650;\" \/>\t\t\t\t\t\t\t\t\t\t\t\t\t<\/div>\n\t\t\t\t<\/div>\n\t\t\t\t<div class=\"elementor-element elementor-element-cf74fc3 exad-sticky-section-no exad-glass-effect-no elementor-widget elementor-widget-text-editor\" data-id=\"cf74fc3\" data-element_type=\"widget\" data-widget_type=\"text-editor.default\">\n\t\t\t\t<div class=\"elementor-widget-container\">\n\t\t\t\t\t\t\t<p style=\"text-align: center;\"><strong>22 marzo &#8211; 19:30h<\/strong><\/p><p style=\"text-align: center;\"><strong>Capilla Villa Gadea<\/strong><\/p><p style=\"text-align: center;\"><strong>(Villa Gadea)<\/strong><\/p>\t\t\t\t\t\t<\/div>\n\t\t\t\t<\/div>\n\t\t\t\t<div class=\"elementor-element elementor-element-68f80fb exad-sticky-section-no exad-glass-effect-no elementor-widget elementor-widget-heading\" data-id=\"68f80fb\" data-element_type=\"widget\" data-widget_type=\"heading.default\">\n\t\t\t\t<div class=\"elementor-widget-container\">\n\t\t\t<h5 class=\"elementor-heading-title elementor-size-default\">Jazzeando in Sax<\/h5>\t\t<\/div>\n\t\t\t\t<\/div>\n\t\t\t\t<div class=\"elementor-element elementor-element-48696c9 premium-modal-dismissible-yes exad-sticky-section-no exad-glass-effect-no elementor-widget elementor-widget-premium-addon-modal-box\" data-id=\"48696c9\" data-element_type=\"widget\" data-settings=\"{&quot;premium_modal_box_animation&quot;:&quot;fadeInDown&quot;}\" data-widget_type=\"premium-addon-modal-box.default\">\n\t\t\t\t<div class=\"elementor-widget-container\">\n\t\t\t\n\t\t<div class=\"premium-modal-box-container\" data-settings=\"{&quot;trigger&quot;:&quot;button&quot;}\">\n\t\t\t<div class=\"premium-modal-trigger-container\">\n\t\t\t\t\t\t\t\t\t<button data-toggle=\"premium-modal\" data-target=\"#premium-modal-48696c9\" type=\"button\" class=\"premium-modal-trigger-btn premium-btn-lg premium-button-none \" data-text=\"Programa\">\n\n\t\t\t\t\t\t\n\t\t\t\t\t\t<div class=\"premium-button-text-icon-wrapper\">\n\t\t\t\t\t\t\t<span>Programa<\/span>\n\t\t\t\t\t\t<\/div>\n\n\t\t\t\t\t\t\n\t\t\t\t\t\t\n\t\t\t\t\t\t\n\t\t\t\t\t<\/button>\n\t\t\t\t\t\t\t<\/div>\n\n\t\t\t<div id=\"premium-modal-48696c9\" class=\"premium-modal-box-modal\"\n\t\t\trole=\"dialog\"\n\t\t\tstyle=\"display: none\"\n\t\t\t>\n\t\t\t\t<div class=\"premium-modal-box-modal-dialog\" data-delay-animation=\"\" data-modal-animation=\"fadeInDown animated-fast\">\n\t\t\t\t\t\t\t\t\t\t\t<div class=\"premium-modal-box-modal-header\">\n\t\t\t\t\t\t\t\t\t\t\t\t\t\t\t<h3 class=\"premium-modal-box-modal-title\">\n\t\t\t\t\t\t\t\t\t<i aria-hidden=\"true\" class=\"fas fa-church\"><\/i>Programa 22 marzo\t\t\t\t\t\t\t\t<\/h3>\n\t\t\t\t\t\t\t\t\t\t\t\t\t\t\t\t\t\t\t\t\t\t<div class=\"premium-modal-box-close-button-container\">\n\t\t\t\t\t\t\t\t\t<button type=\"button\" class=\"premium-modal-box-modal-close\" data-dismiss=\"premium-modal\">&times;<\/button>\n\t\t\t\t\t\t\t\t<\/div>\n\t\t\t\t\t\t\t\t\t\t\t\t\t<\/div>\n\t\t\t\t\t\t\t\t\t\t<div class=\"premium-modal-box-modal-body\">\n\t\t\t\t\t\t<h3 style=\"text-align: center;\"><strong><span style=\"text-decoration: underline; color: #0000ff;\">JAZZEANDO IN SAX<\/span><\/strong><\/h3><p style=\"text-align: center;\">El Concierto \u00abJazzeando in Sax se basa en un recorrido por los diferentes estilos que marcan el nacimiento del Jazz desde New Orleans, pasando por la era del swing, el bebop, el estilo free jazz y la fusi\u00f3n con otros g\u00e9neros. Piezas que marcaron un antes y un despu\u00e9s, adaptadas a la formaci\u00f3n de cuarteto y con las estructuras cl\u00e1sicas del jazz con sus improvisaciones tan caracter\u00edsticas.\u00a0<\/p><p style=\"text-align: center;\"><span style=\"text-decoration: underline;\"><strong><span style=\"color: #000000; text-decoration: underline;\">PROGRAMA<\/span><\/strong><\/span><\/p><p style=\"text-align: center;\"><em>3 Jazz Movements for Sax Quartet<\/em><br \/><em>I. swing<\/em> <br \/><em>II. Straight<\/em><br \/><em> III. Smokin&#8217;<\/em> <br \/>Russ Peterson- Ed. Russ Peterson<\/p><p style=\"text-align: center;\"><em>Miniature Jazz Suite #6, Four Movements<\/em><br \/>Lennie Niehaus- Ed. Kendor Music Inc.<\/p><p style=\"text-align: center;\"><em>Three Improvisations<br \/><\/em>Phil Woods- Ed. Alfred Music<\/p><p style=\"text-align: center;\"><em>Diffusion for Sax Quartet<br \/><\/em>Gordon Goodwin &#8211; Ed. Alfred Music<\/p><p style=\"text-align: center;\"><span style=\"text-decoration: underline;\"><strong><span style=\"color: #000000; text-decoration: underline;\">COMPONENTES Y FORMACI\u00d3N<\/span><\/strong><\/span><\/p><p style=\"text-align: center;\">David Castell\u00f3, saxo soprano<br \/>Eladio Sell\u00e9s, saxo alto<br \/>Mois\u00e9s Olcina, saxo tenor<br \/>Ra\u00fcl Richart, saxo bar\u00edtono<\/p><p style=\"text-align: center;\">\u201c3+1 Saxophone Quartet\u201d es una formaci\u00f3n camer\u00edstica formada por cuatro saxofonistas profesionales con una amplia formaci\u00f3n y experiencia en la interpretaci\u00f3n cl\u00e1sica y jazz de este polifac\u00e9tico instrumento.<\/p><p style=\"text-align: center;\">Actualmente realizan conciertos en diferentes formaciones y ensembles de reconocida trayectoria en la Comunidad Valenciana. Todos ellos en la actualidad son profesores en diferentes centros de ense\u00f1anzas musicales de la Comunidad Valenciana y Catalu\u00f1a.<\/p><p style=\"text-align: center;\">Un proyecto camer\u00edstico que cuenta con el apoyo y la colaboraci\u00f3n de la Fundaci\u00f3n Sanganxa. Una organizaci\u00f3n sin \u00e1nimo de lucro, creada en 2015 por Sanganxa Music Store SL con el objetivo de difundir y dar relevancia a la m\u00fasica en la sociedad.<\/p><p style=\"text-align: center;\"><span style=\"text-decoration: underline;\"><strong>DAVID CASTELL\u00d3<\/strong><\/span><\/p><p style=\"text-align: center;\">Inicia sus estudios musicales a los 8 a\u00f1os en la escuela de m\u00fasica \u201cJos\u00e9 Mar\u00eda Ferrero Pastor\u201d de la Societat Uni\u00f3 Art\u00edstica Musical de Ontinyent, donde empieza sus estudios con el saxof\u00f3n. Posteriormente realiza el grado profesional de saxof\u00f3n con la profesora Cristina Llopis y el grado profesional de guitarra con el profesor Jos\u00e9 Luis Silvaje en el Conservatorio Profesional de M\u00fasica \u201cJos\u00e9 Melchor Gomis\u201d de Ontinyent, donde obtuvo el premio profesional de final de grado en ambas especialidades.<\/p><p style=\"text-align: center;\">Cursa sus estudios superiores y de m\u00e1ster de saxof\u00f3n en el Conservatorio Superior de M\u00fasica \u201c\u00d3scar Espl\u00e1\u201d de Alicante, con los profesores Jos\u00e9 Manuel Zaragoza y Juan Carlos Sempere, y en el Koninklijk Conservatorium Antwerpen (en Amberes, B\u00e9lgica), con el profesor Hans de Jong. Cursa sus estudios superiores de direcci\u00f3n en el Conservatorio Superior de M\u00fasica de Castilla la Mancha, en Albacete, con los profesores Rafael Garc\u00eda Vidal, Pablo Marqu\u00e9s Mestre y Nuria Fern\u00e1ndez Herranz.<\/p><p style=\"text-align: center;\"><span style=\"text-decoration: underline;\"><strong>ELADIO SELL\u00c9S<\/strong><\/span><\/p><p style=\"text-align: center;\">Inicia sus estudios de saxof\u00f3n en la Societat Musical Nova d&#8217;Alcoi y cursa sus estudios profesionales en el Conservatorio Profesional Joan Cant\u00f3. A\u00f1os m\u00e1s tarde, finaliza los estudios superiores de m\u00fasica en el Conservatorio Oscar Espl\u00e1 de Alicante, con el catedr\u00e1tico Israel Mira.<\/p><p style=\"text-align: center;\">Posteriormente realiza los estudios de M\u00e1ster de interpretaci\u00f3n del saxof\u00f3n en el Conservatoire Royal de Bruxelles (B\u00e9lgica), siendo becado en diferentes ocasiones por la Asociaci\u00f3n Pro M\u00fasica Amadeo L. Sala de Alicante.<\/p><p style=\"text-align: center;\">En el a\u00f1o 2014 el Exc. Ayuntamiento de Alcoy le concede la beca de estudios musicales \u00abAntonio P\u00e9rez Verd\u00fa\u00bb. Tambi\u00e9n es becado por CulturArtsM\u00fasica Comunidad Valenciana para ampliar sus conocimientos musicales con los saxofonistas de gran prestigio Simon Diricq y Alain Crepin.<\/p><p style=\"text-align: center;\">Al mismo tiempo ha realizado un M\u00e1ster en Investigaci\u00f3n Musical en la Universidad Internacional de la Rioja, un M\u00e1ster en Formaci\u00f3n del Profesorado en la Universidad Miguel Hern\u00e1ndez de Elche, un Grado en Educaci\u00f3n Primaria en la Universidad Camilo Jos\u00e9 Cela de Madrid y una Tesis Doctoral en la Universidad Cat\u00f3lica San Antonio de Murcia.<\/p><p style=\"text-align: center;\">En la actualidad, compagina su labor docente como profesor en el Departament d\u2019 Ensenyament de la Generalitat de Catalunya, la Fundaci\u00f3 Conservatori Liceu de Barcelona.<\/p><p style=\"text-align: center;\"><span style=\"text-decoration: underline;\"><strong>MOIS\u00c9S OLCINA<\/strong><\/span><\/p><p style=\"text-align: center;\">Nace en Alcoy. Inicia sus estudios musicales en el conservatorio Joan Cant\u00f3 de<br \/>Alcoy participando en los ciclos de conciertos de m\u00fasica de c\u00e1mara. Estudia con<br \/>los profesores Iniesta, Ramos, Cabrelles y Perez en el conservatorio Superior<br \/>Oscar Espl\u00e1 de Alicante. Asiste a las clases de perfeccionamiento con los<br \/>profesores Revert y Sempere (conservatorio de Onteniente).<\/p><p style=\"text-align: center;\">Cursa la carrera y obtiene el t\u00edtulo de profesor de saxof\u00f3n. Asiste a los cursos de<br \/>perfeccionamiento de saxof\u00f3n a Palma de Mallorca, Valencia,con los maestros<br \/>Martinez,Bornkamp, de pedagog\u00eda musical en \u00c1vila con Pilar Lago y Monserrat<br \/>Sanuy, de Jazz con Bob Sands,Sambeat y Ram\u00f3n Cardo.Estudia direcci\u00f3n de<br \/>orquesta con Francisco Cabrelles y direcci\u00f3n de banda con Jan Cober.<\/p><p style=\"text-align: center;\">Fue fundador y miembro del cuarteto de saxofones Tempo Sax Quartet, solista y<br \/>colaborador del grupo Tam Tam Percusi\u00f3n realizando conciertos de autores<br \/>contempor\u00e1neos por diversos auditorios de la regi\u00f3n. Coordin\u00f3 y dirigi\u00f3 la Cercle<br \/>Big Band actuando en la Comunidad Valenciana y la Mostra de teatre Ciutat<br \/>d&#8217;Alcoi. Fue uno de los seleccionados por la federaci\u00f3n Valenciana de bandas de<br \/>m\u00fasica para actuar en el acto final de la Expo92 en Sevilla bajo la direcci\u00f3n del<br \/>maestro Manuel Galduf.<\/p><p style=\"text-align: center;\">Es profesor de lenguaje musical y saxof\u00f3n en la escuela de la Societat Musical<br \/>Nova d&#8217; Alcoi y profesor de saxof\u00f3n de la escuela de m\u00fasica de el Ateneu Musical<br \/>de Cocentaina.Durante lo a\u00f1os 90-94 fue profesor en el centro instructivo<br \/>Musical Apolo y Profesor de iniciaci\u00f3n a la m\u00fasica para ni\u00f1os en los colegios El<br \/>Romeral y San Vicente de Alcoy.<\/p><p style=\"text-align: center;\"><span style=\"text-decoration: underline;\"><strong>RA\u00dcL RICHART<\/strong><\/span><\/p><p style=\"text-align: center;\">Titulado Superior en m\u00fasica en la especialidad de Historia y Ciencias de la<br \/>M\u00fasica por la Universidad de La Rioja. Diplomado en saxof\u00f3n por el<br \/>Conservatorio \u00d3scar Espl\u00e1 de Alicante. Ingeniero T\u00e9cnico en Telecomunicaciones,<br \/>Esp. Telem\u00e1tica, curso de aptitud pedag\u00f3gica por la Universidad Polit\u00e9cnica de<br \/>Valencia y M\u00e1ster en Musicolog\u00eda Aplicada por la Universidad de la Rioja.<\/p><p style=\"text-align: center;\">Profesor en el Centro Autorizado de estudios profesionales en M\u00fasica \u201cCiutat<br \/>Ducal\u201d de Gand\u00eda i en las Escuelas de m\u00fasica \u201cJosep Moreno Gans\u201d de Algemes\u00ed,<br \/>saxof\u00f3n solista en Producciones Vega (Valencia).<\/p><p style=\"text-align: center;\">Compagina su faceta docente en diferentes centros de la Comunidad Valenciana<br \/>con la interpretativa en formaciones y agrupaciones musicales como m\u00fasico<br \/>freelance.<\/p><p>\u00a0<\/p><p><img decoding=\"async\" class=\"alignnone size-full wp-image-29601 lazyload\" data-src=\"https:\/\/www.alteacultural.com\/wp-content\/uploads\/2024\/03\/Jazzeando-in-Sax.jpg\" alt=\"\" width=\"340\" height=\"278\" src=\"data:image\/gif;base64,R0lGODlhAQABAAAAACH5BAEKAAEALAAAAAABAAEAAAICTAEAOw==\" style=\"--smush-placeholder-width: 340px; --smush-placeholder-aspect-ratio: 340\/278;\" \/><\/p>\t\t\t\t\t<\/div>\n\t\t\t\t\t\t\t\t\t\t\t<div class=\"premium-modal-box-modal-footer\">\n\t\t\t\t\t\t\t<button type=\"button\" class=\"premium-modal-box-modal-lower-close\" data-dismiss=\"premium-modal\">\n\t\t\t\t\t\t\t\tCerrar\t\t\t\t\t\t\t<\/button>\n\t\t\t\t\t\t<\/div>\n\t\t\t\t\t\t\t\t\t<\/div>\n\t\t\t<\/div>\n\t\t<\/div>\n\n\t\t\t\t<\/div>\n\t\t\t\t<\/div>\n\t\t\t\t\t<\/div>\n\t\t<\/div>\n\t\t\t\t<div class=\"elementor-column elementor-col-20 elementor-top-column elementor-element elementor-element-3741453 exad-glass-effect-no exad-sticky-section-no\" data-id=\"3741453\" data-element_type=\"column\" data-settings=\"{&quot;background_background&quot;:&quot;classic&quot;}\">\n\t\t\t<div class=\"elementor-widget-wrap\">\n\t\t\t\t\t\t\t<\/div>\n\t\t<\/div>\n\t\t\t\t\t<\/div>\n\t\t<\/section>\n\t\t\t\t<section class=\"elementor-section elementor-top-section elementor-element elementor-element-b578e9d elementor-section-boxed elementor-section-height-default elementor-section-height-default exad-glass-effect-no exad-sticky-section-no\" data-id=\"b578e9d\" data-element_type=\"section\">\n\t\t\t\t\t\t<div class=\"elementor-container elementor-column-gap-default\">\n\t\t\t\t\t<div class=\"elementor-column elementor-col-100 elementor-top-column elementor-element elementor-element-0d1855b exad-glass-effect-no exad-sticky-section-no\" data-id=\"0d1855b\" data-element_type=\"column\">\n\t\t\t<div class=\"elementor-widget-wrap elementor-element-populated\">\n\t\t\t\t\t\t<div class=\"elementor-element elementor-element-d3f53c7 exad-sticky-section-no exad-glass-effect-no elementor-widget elementor-widget-spacer\" data-id=\"d3f53c7\" data-element_type=\"widget\" data-widget_type=\"spacer.default\">\n\t\t\t\t<div class=\"elementor-widget-container\">\n\t\t\t\t\t<div class=\"elementor-spacer\">\n\t\t\t<div class=\"elementor-spacer-inner\"><\/div>\n\t\t<\/div>\n\t\t\t\t<\/div>\n\t\t\t\t<\/div>\n\t\t\t\t\t<\/div>\n\t\t<\/div>\n\t\t\t\t\t<\/div>\n\t\t<\/section>\n\t\t\t\t<section class=\"elementor-section elementor-top-section elementor-element elementor-element-419f2b2 elementor-section-boxed elementor-section-height-default elementor-section-height-default exad-glass-effect-no exad-sticky-section-no\" data-id=\"419f2b2\" data-element_type=\"section\">\n\t\t\t\t\t\t<div class=\"elementor-container elementor-column-gap-default\">\n\t\t\t\t\t<div class=\"elementor-column elementor-col-25 elementor-top-column elementor-element elementor-element-097ecee exad-glass-effect-no exad-sticky-section-no\" data-id=\"097ecee\" data-element_type=\"column\">\n\t\t\t<div class=\"elementor-widget-wrap elementor-element-populated\">\n\t\t\t\t\t\t<div class=\"elementor-element elementor-element-ca24dc7 exad-sticky-section-no exad-glass-effect-no elementor-widget elementor-widget-image\" data-id=\"ca24dc7\" data-element_type=\"widget\" data-widget_type=\"image.default\">\n\t\t\t\t<div class=\"elementor-widget-container\">\n\t\t\t\t\t\t\t\t\t\t\t\t\t<img decoding=\"async\" width=\"650\" height=\"650\" data-src=\"https:\/\/www.alteacultural.com\/wp-content\/uploads\/2021\/03\/santabarbara.jpg\" class=\"attachment-large size-large wp-image-3440 lazyload\" alt=\"\" data-srcset=\"https:\/\/www.alteacultural.com\/wp-content\/uploads\/2021\/03\/santabarbara.jpg 650w, https:\/\/www.alteacultural.com\/wp-content\/uploads\/2021\/03\/santabarbara-300x300.jpg 300w\" data-sizes=\"(max-width: 650px) 100vw, 650px\" src=\"data:image\/gif;base64,R0lGODlhAQABAAAAACH5BAEKAAEALAAAAAABAAEAAAICTAEAOw==\" style=\"--smush-placeholder-width: 650px; --smush-placeholder-aspect-ratio: 650\/650;\" \/>\t\t\t\t\t\t\t\t\t\t\t\t\t<\/div>\n\t\t\t\t<\/div>\n\t\t\t\t<div class=\"elementor-element elementor-element-66b2d54 exad-sticky-section-no exad-glass-effect-no elementor-widget elementor-widget-text-editor\" data-id=\"66b2d54\" data-element_type=\"widget\" data-widget_type=\"text-editor.default\">\n\t\t\t\t<div class=\"elementor-widget-container\">\n\t\t\t\t\t\t\t<p style=\"text-align: center;\"><strong>23 marzo &#8211; 12:00h<\/strong><\/p><p style=\"text-align: center;\"><strong>Ermita de Santa B\u00e1rbara<\/strong><\/p><p style=\"text-align: center;\"><strong>(Altea La Vella)<\/strong><\/p>\t\t\t\t\t\t<\/div>\n\t\t\t\t<\/div>\n\t\t\t\t<div class=\"elementor-element elementor-element-472d835 exad-sticky-section-no exad-glass-effect-no elementor-widget elementor-widget-heading\" data-id=\"472d835\" data-element_type=\"widget\" data-widget_type=\"heading.default\">\n\t\t\t\t<div class=\"elementor-widget-container\">\n\t\t\t<h5 class=\"elementor-heading-title elementor-size-default\">Miradas<\/h5>\t\t<\/div>\n\t\t\t\t<\/div>\n\t\t\t\t<div class=\"elementor-element elementor-element-f5e4d7a premium-modal-dismissible-yes exad-sticky-section-no exad-glass-effect-no elementor-widget elementor-widget-premium-addon-modal-box\" data-id=\"f5e4d7a\" data-element_type=\"widget\" data-settings=\"{&quot;premium_modal_box_animation&quot;:&quot;fadeInDown&quot;}\" data-widget_type=\"premium-addon-modal-box.default\">\n\t\t\t\t<div class=\"elementor-widget-container\">\n\t\t\t\n\t\t<div class=\"premium-modal-box-container\" data-settings=\"{&quot;trigger&quot;:&quot;button&quot;}\">\n\t\t\t<div class=\"premium-modal-trigger-container\">\n\t\t\t\t\t\t\t\t\t<button data-toggle=\"premium-modal\" data-target=\"#premium-modal-f5e4d7a\" type=\"button\" class=\"premium-modal-trigger-btn premium-btn-lg premium-button-none \" data-text=\"Programa\">\n\n\t\t\t\t\t\t\n\t\t\t\t\t\t<div class=\"premium-button-text-icon-wrapper\">\n\t\t\t\t\t\t\t<span>Programa<\/span>\n\t\t\t\t\t\t<\/div>\n\n\t\t\t\t\t\t\n\t\t\t\t\t\t\n\t\t\t\t\t\t\n\t\t\t\t\t<\/button>\n\t\t\t\t\t\t\t<\/div>\n\n\t\t\t<div id=\"premium-modal-f5e4d7a\" class=\"premium-modal-box-modal\"\n\t\t\trole=\"dialog\"\n\t\t\tstyle=\"display: none\"\n\t\t\t>\n\t\t\t\t<div class=\"premium-modal-box-modal-dialog\" data-delay-animation=\"\" data-modal-animation=\"fadeInDown animated-fast\">\n\t\t\t\t\t\t\t\t\t\t\t<div class=\"premium-modal-box-modal-header\">\n\t\t\t\t\t\t\t\t\t\t\t\t\t\t\t<h3 class=\"premium-modal-box-modal-title\">\n\t\t\t\t\t\t\t\t\t<i aria-hidden=\"true\" class=\"fas fa-church\"><\/i>Programa 23 marzo\t\t\t\t\t\t\t\t<\/h3>\n\t\t\t\t\t\t\t\t\t\t\t\t\t\t\t\t\t\t\t\t\t\t<div class=\"premium-modal-box-close-button-container\">\n\t\t\t\t\t\t\t\t\t<button type=\"button\" class=\"premium-modal-box-modal-close\" data-dismiss=\"premium-modal\">&times;<\/button>\n\t\t\t\t\t\t\t\t<\/div>\n\t\t\t\t\t\t\t\t\t\t\t\t\t<\/div>\n\t\t\t\t\t\t\t\t\t\t<div class=\"premium-modal-box-modal-body\">\n\t\t\t\t\t\t<h3 style=\"text-align: center;\"><span style=\"text-decoration: underline; color: #0000ff;\"><strong>MIRADAS<\/strong><\/span><\/h3><p style=\"text-align: center;\"><span style=\"text-decoration: underline;\"><strong>PROGRAMA<\/strong><\/span><\/p><p style=\"text-align: center;\"><strong>1\u00aa parte<\/strong><br \/><em>Sonata (1886)<\/em> C. Franck<br \/><em>Allegretto ben moderato<\/em><br \/><em>Allegro<\/em><br \/><em>Ben moderato: Recitativo-Fantas\u00eda<\/em><br \/><em>Allegretto poco mosso<\/em><\/p><p style=\"text-align: center;\"><strong>2\u00aa parte<\/strong><br \/><em>Variaciones rococ\u00f3 (1876)<\/em> P.I. Tchaikovsky<br \/><em>Introducci\u00f3n<\/em><br \/><em>Tema<\/em><br \/><em>Variaci\u00f3n I<\/em><br \/><em>Variaci\u00f3n II<\/em><br \/><em>Variaci\u00f3n III<\/em><br \/><em>Variaci\u00f3n IV<\/em><br \/><em>Variaci\u00f3n V<\/em><br \/><em>Variaci\u00f3n VI<\/em><br \/><em>Variaci\u00f3n VII<\/em><\/p><p style=\"text-align: center;\"><em>Requiebros (1931)<\/em>\u00a0 G.Cassad\u00f3<\/p><p style=\"text-align: center;\"><span style=\"text-decoration: underline;\"><strong>COMPONENTES Y FORMACI\u00d3N<\/strong><\/span><\/p><p style=\"text-align: center;\">Marcos Ventura, violoncelo<br \/>Mar\u00eda Eugenia Palomares, piano<\/p><p style=\"text-align: center;\"><span style=\"text-decoration: underline;\"><strong>MARCOS VENTURA<\/strong><\/span><\/p><p style=\"text-align: center;\">Nacido en Ondara (Alicante) en 2001, titulado con el M\u00e1ster<br \/>de Interpretaci\u00f3n e Investigaci\u00f3n de la M\u00fasica, actualmente<br \/>cursa 4\u00ba curso del Grado de pedagog\u00eda en el Conservatorio<br \/>Superior de M\u00fasica \u00ab\u00d3scar Espl\u00e0\u00bb de Alicante. Adem\u00e1s,<br \/>obtiene con excelentes calificaciones el Grado Superior de<br \/>Interpretaci\u00f3n en la especialidad de violonchelo en el mismo conservatorio y el T\u00edtulo Profesional de clarinete en el Conservatorio Profesional de M\u00fasica \u00abTenor Cortis\u00bb de Denia.<\/p><p style=\"text-align: center;\">Se ha formado con chelistas de la talla de Francisco Pastor,<br \/>Pablo Ferr\u00e1ndez, Alfredo Ferre, Miguel Jim\u00e9nez, Mariano Garc\u00eda, Rosa Vidal, Alejandro Friedhoff, Rudolf Leopold o Vida Vujic entre otros y bajo la batuta de grandes directores como Charles Olivieri-Munroe, Miguel \u00c1ngel Romea, Josep<br \/>Vicent, Lorenzo Ramos, Marc Moncus\u00ed, Diego Navarro, Jos\u00e9<br \/>Mart\u00ednez Colomina o Crist\u00f3bal Soler.<\/p><p style=\"text-align: center;\">Es Director Titular de la Orquesta de Xeraco, director art\u00edstico asistente y miembro fundador de Marinae Ensemble, as\u00ed como miembro academista del ADDA Sinf\u00f3nica (habiendo participado como m\u00fasico activo en el Festival ENSEMS), primer violonchelo del ADDA Jove Simf\u00f2nica y<br \/>violonchelista de varias orquestas como Universal Symphony Orchestra o Saint George Symphony<br \/>Orchestra adem\u00e1s de haber colaborado como miembro del Cuarteto ADDA Sinf\u00f3nica.<\/p><p style=\"text-align: center;\">Ha sido seleccionado y galardonado en concursos nacionales de violonchelo como el \u00abConcurso<br \/>J\u00f3venes Talentos de Violoncello \u00abJaime Dobato Benavente &#8211; Ciudad de Alca\u00f1iz\u00bb\u00bb, en concursos<br \/>internacionales de m\u00fasica de c\u00e1mara como el \u00abGran Premi Lauredi\u00e0 de Sant Juli\u00e0 de Ll\u00f2ria\u00bb celebrado<br \/>en Andorra, as\u00ed como participado en otros nacionales e internacionales de clarinete u orquesta.<\/p><p style=\"text-align: center;\">Ha interpretado en conciertos como solista el Concierto para violonchelo y orquesta de Elgar en el Auditorio De la Diputaci\u00f3n de Alicante, el Concierto en Do para violonchelo y orquesta de Haydn, el Concierto en Re menor RV406 para violonchelo y orquesta de Vivaldi, el Concierto para 2 violonchelos y orquesta de Vivaldi y el Concierto N\u00ba2 para clarinete y banda de \u00d3scar Navarro en el Auditorio de Teulada.<\/p><p style=\"text-align: center;\">Actualmente, es profesor de violonchelo y m\u00fasica de c\u00e1mara en el Conservatorio Profesional de Gand\u00eda, en la Escuela de M\u00fasica de Xeraco y en el Colegio San Francisco de Borja de Gand\u00eda.<\/p><p style=\"text-align: center;\"><span style=\"text-decoration: underline;\"><strong>MAR\u00cdA EUGENIA PALOMARES<\/strong><\/span><\/p><p style=\"text-align: center;\">Nace en Minglanilla<br \/>(Cuenca). Inici\u00f3 sus estudios con el profesor Justiniano Hern\u00e1ndez, obteniendo excelentes calificaciones y los T\u00edtulos Superiores de Piano, M\u00fasica de C\u00e1mara y Solfeo, Teor\u00eda de la M\u00fasica, Transposici\u00f3n y Acompa\u00f1amiento instrumental. Ampl\u00eda<br \/>sus estudios acudiendo a cursos de pedagog\u00eda e interpretaci\u00f3n pian\u00edstica impartidos por los profesores Ram\u00f3n Coll, Mario Monreal, Charles Rosen, Joaqu\u00edn Ach\u00facarro, Marisa Blanes, Luiz de Moura Castro, Paul Badura- Skoda, etc. Ha recibido clases de an\u00e1lisis y m\u00fasica contempor\u00e1nea de compositores como Ram\u00f3n<br \/>Ramos, Luis Blanes, Tom\u00e1s Gilabert y Carles Guinovart, entre otros.<\/p><p style=\"text-align: center;\">Es Doctora en M\u00fasica por la Universidad Polit\u00e9cnica de<br \/>Valencia, as\u00ed como miembro de n\u00famero de la M. I. Academia de la M\u00fasica Valenciana. Ha participado en el programa \u201cM\u00fasica 92\u201d en<br \/>sus conciertos de primavera. Ha sido seleccionada para formar parte del Programa de Difusi\u00f3n de M\u00fasica y Artes Esc\u00e9nicas 2003 del SARC de la Diputaci\u00f3n de Valencia. Adem\u00e1s, ha sido pianista<br \/>de la Agrupaci\u00f3n Coral de Benidorm (1995-2002), perteneciente a la Federaci\u00f3n de Coros de la Comunidad Valenciana. miembro del Tr\u00edo de Cambra (clarinete, viola y<br \/>piano), Tr\u00edo Turina (viol\u00edn, cello y piano) y asimismo es miembro fundadora y pianista de la Camerata<br \/>Ars Cantica de Benidorm. Son numerosas sus actuaciones, con gran \u00e9xito de p\u00fablico y cr\u00edtica, en Espa\u00f1a, B\u00e9lgica, Alemania y Holanda, tanto como solista, en la m\u00fasica de c\u00e1mara, como con la Joven Orquesta de la Comunidad Valenciana, en la que ha sido pianista invitada.<\/p><p style=\"text-align: center;\">Ha actuado en la Fundaci\u00f3n Juan March en Madrid, en el XVII Encuentro de Compositores<br \/>Sinf\u00f3nicos Valencianos en el C\u00edrculo de Bellas Artes de Valencia, as\u00ed como en el Ciclo \u201cCinc Segles\u201d de la Universidad de Valencia en el marco del Congreso Goethe.<\/p><p style=\"text-align: center;\">Tambi\u00e9n ha participado en el 28\u00ba Festival de M\u00fasica Espa\u00f1ola de Le\u00f3n, en el V Congreso Internacional de Pedagog\u00eda e Investigaci\u00f3n Performativa y Creatividad Musical que tuvo lugar en Oviedo, y en la International Biennal Conference on Nineteenth-Century Music, celebrado en la Universidad de<br \/>Huddersfield (Inglaterra).<\/p><p style=\"text-align: center;\">Ha formado parte de un equipo investigador seleccionado por el ISEACV para la realizaci\u00f3n de<br \/>un proyecto de investigaci\u00f3n acad\u00e9mica durante el curso 2022-2023. Por otra parte, junto a Gema Mart\u00ednez Navarrete, Doctora en Biolog\u00eda y neurocient\u00edfica de la Universidad Miguel Hern\u00e1ndez (Elche) han creado un proyecto innovador y multidisciplinar con un claro componente divulgador que lleva por t\u00edtulo \u201cM\u00fasica y Ciencia\u201d.<\/p><p style=\"text-align: center;\">A trav\u00e9s del programa de movilidad Erasmus ha impartido masterclass en los conservatorios de<br \/>Trieste, Castelfranco y Udine (Italia), as\u00ed como en Mons (B\u00e9lgica). Desde 2016 es Funcionaria de Carrera<br \/>perteneciente al cuerpo de Catedr\u00e1ticos de M\u00fasica y AAEE, en la especialidad de Piano, con destino en el<br \/>Conservatorio Superior de M\u00fasica \u201c\u00d3scar Espl\u00e1\u201d de Alicante.<\/p><p><img decoding=\"async\" class=\"alignnone size-full wp-image-29612 lazyload\" data-src=\"https:\/\/www.alteacultural.com\/wp-content\/uploads\/2024\/03\/23-marc.jpeg\" alt=\"\" width=\"1366\" height=\"2048\" data-srcset=\"https:\/\/www.alteacultural.com\/wp-content\/uploads\/2024\/03\/23-marc.jpeg 1366w, https:\/\/www.alteacultural.com\/wp-content\/uploads\/2024\/03\/23-marc-768x1151.jpeg 768w, https:\/\/www.alteacultural.com\/wp-content\/uploads\/2024\/03\/23-marc-1025x1536.jpeg 1025w\" data-sizes=\"(max-width: 1366px) 100vw, 1366px\" src=\"data:image\/gif;base64,R0lGODlhAQABAAAAACH5BAEKAAEALAAAAAABAAEAAAICTAEAOw==\" style=\"--smush-placeholder-width: 1366px; --smush-placeholder-aspect-ratio: 1366\/2048;\" \/><\/p>\t\t\t\t\t<\/div>\n\t\t\t\t\t\t\t\t\t\t\t<div class=\"premium-modal-box-modal-footer\">\n\t\t\t\t\t\t\t<button type=\"button\" class=\"premium-modal-box-modal-lower-close\" data-dismiss=\"premium-modal\">\n\t\t\t\t\t\t\t\tCerrar\t\t\t\t\t\t\t<\/button>\n\t\t\t\t\t\t<\/div>\n\t\t\t\t\t\t\t\t\t<\/div>\n\t\t\t<\/div>\n\t\t<\/div>\n\n\t\t\t\t<\/div>\n\t\t\t\t<\/div>\n\t\t\t\t\t<\/div>\n\t\t<\/div>\n\t\t\t\t<div class=\"elementor-column elementor-col-25 elementor-top-column elementor-element elementor-element-8d603c9 exad-glass-effect-no exad-sticky-section-no\" data-id=\"8d603c9\" data-element_type=\"column\">\n\t\t\t<div class=\"elementor-widget-wrap elementor-element-populated\">\n\t\t\t\t\t\t<div class=\"elementor-element elementor-element-2023f78 exad-sticky-section-no exad-glass-effect-no elementor-widget elementor-widget-image\" data-id=\"2023f78\" data-element_type=\"widget\" data-widget_type=\"image.default\">\n\t\t\t\t<div class=\"elementor-widget-container\">\n\t\t\t\t\t\t\t\t\t\t\t\t\t<img decoding=\"async\" width=\"650\" height=\"650\" data-src=\"https:\/\/www.alteacultural.com\/wp-content\/uploads\/2021\/03\/iglesiaconsol.jpg\" class=\"attachment-large size-large wp-image-3426 lazyload\" alt=\"\" data-srcset=\"https:\/\/www.alteacultural.com\/wp-content\/uploads\/2021\/03\/iglesiaconsol.jpg 650w, https:\/\/www.alteacultural.com\/wp-content\/uploads\/2021\/03\/iglesiaconsol-300x300.jpg 300w\" data-sizes=\"(max-width: 650px) 100vw, 650px\" src=\"data:image\/gif;base64,R0lGODlhAQABAAAAACH5BAEKAAEALAAAAAABAAEAAAICTAEAOw==\" style=\"--smush-placeholder-width: 650px; --smush-placeholder-aspect-ratio: 650\/650;\" \/>\t\t\t\t\t\t\t\t\t\t\t\t\t<\/div>\n\t\t\t\t<\/div>\n\t\t\t\t<div class=\"elementor-element elementor-element-292a670 exad-sticky-section-no exad-glass-effect-no elementor-widget elementor-widget-text-editor\" data-id=\"292a670\" data-element_type=\"widget\" data-widget_type=\"text-editor.default\">\n\t\t\t\t<div class=\"elementor-widget-container\">\n\t\t\t\t\t\t\t<p style=\"text-align: center;\"><strong>24 marzo &#8211; 18:00h<\/strong><\/p><p style=\"text-align: center;\"><strong>Parroquia Nuestra<\/strong><\/p><p style=\"text-align: center;\"><strong>Se\u00f1ora del Consuelo (Altea)<\/strong><\/p>\t\t\t\t\t\t<\/div>\n\t\t\t\t<\/div>\n\t\t\t\t<div class=\"elementor-element elementor-element-c912ba7 exad-sticky-section-no exad-glass-effect-no elementor-widget elementor-widget-heading\" data-id=\"c912ba7\" data-element_type=\"widget\" data-widget_type=\"heading.default\">\n\t\t\t\t<div class=\"elementor-widget-container\">\n\t\t\t<h5 class=\"elementor-heading-title elementor-size-default\">Serenata - Partita de W.A. Mozart<\/h5>\t\t<\/div>\n\t\t\t\t<\/div>\n\t\t\t\t<div class=\"elementor-element elementor-element-e6bb879 premium-modal-dismissible-yes exad-sticky-section-no exad-glass-effect-no elementor-widget elementor-widget-premium-addon-modal-box\" data-id=\"e6bb879\" data-element_type=\"widget\" data-settings=\"{&quot;premium_modal_box_animation&quot;:&quot;fadeInDown&quot;}\" data-widget_type=\"premium-addon-modal-box.default\">\n\t\t\t\t<div class=\"elementor-widget-container\">\n\t\t\t\n\t\t<div class=\"premium-modal-box-container\" data-settings=\"{&quot;trigger&quot;:&quot;button&quot;}\">\n\t\t\t<div class=\"premium-modal-trigger-container\">\n\t\t\t\t\t\t\t\t\t<button data-toggle=\"premium-modal\" data-target=\"#premium-modal-e6bb879\" type=\"button\" class=\"premium-modal-trigger-btn premium-btn-lg premium-button-none \" data-text=\"Programa\">\n\n\t\t\t\t\t\t\n\t\t\t\t\t\t<div class=\"premium-button-text-icon-wrapper\">\n\t\t\t\t\t\t\t<span>Programa<\/span>\n\t\t\t\t\t\t<\/div>\n\n\t\t\t\t\t\t\n\t\t\t\t\t\t\n\t\t\t\t\t\t\n\t\t\t\t\t<\/button>\n\t\t\t\t\t\t\t<\/div>\n\n\t\t\t<div id=\"premium-modal-e6bb879\" class=\"premium-modal-box-modal\"\n\t\t\trole=\"dialog\"\n\t\t\tstyle=\"display: none\"\n\t\t\t>\n\t\t\t\t<div class=\"premium-modal-box-modal-dialog\" data-delay-animation=\"\" data-modal-animation=\"fadeInDown animated-fast\">\n\t\t\t\t\t\t\t\t\t\t\t<div class=\"premium-modal-box-modal-header\">\n\t\t\t\t\t\t\t\t\t\t\t\t\t\t\t<h3 class=\"premium-modal-box-modal-title\">\n\t\t\t\t\t\t\t\t\t<i aria-hidden=\"true\" class=\"fas fa-church\"><\/i>Programa 24 marzo\t\t\t\t\t\t\t\t<\/h3>\n\t\t\t\t\t\t\t\t\t\t\t\t\t\t\t\t\t\t\t\t\t\t<div class=\"premium-modal-box-close-button-container\">\n\t\t\t\t\t\t\t\t\t<button type=\"button\" class=\"premium-modal-box-modal-close\" data-dismiss=\"premium-modal\">&times;<\/button>\n\t\t\t\t\t\t\t\t<\/div>\n\t\t\t\t\t\t\t\t\t\t\t\t\t<\/div>\n\t\t\t\t\t\t\t\t\t\t<div class=\"premium-modal-box-modal-body\">\n\t\t\t\t\t\t<h3 style=\"text-align: center;\"><span style=\"text-decoration: underline; color: #0000ff;\"><strong>SERENATA &#8211; GRAN PARTITA DE W.A. MOZART (KV 361)<\/strong><\/span><\/h3><p style=\"text-align: center;\"><strong><span style=\"text-decoration: underline;\">PROGRAMA<\/span><\/strong><\/p><p style=\"text-align: center;\"><em>I. Largo. Molto allegro. <br \/><\/em><em>II. Menuetto. <br \/>III. Adagio.<br \/>IV. Menuetto. Allegretto. <br \/>V. Romanze. Adagio. <br \/>VI. Tema con variazioni. <br \/>VII. Finale. Molto allegro.<\/em><\/p><p style=\"text-align: center;\"><span style=\"text-decoration: underline;\"><strong>COMPONENTES<\/strong><\/span><\/p><p style=\"text-align: center;\">Mariano Esteban, Deutsche Oper Berlin<br \/>Aitor Llimer\u00e1, Conservatorio Jos\u00e9 Iturbi Valencia<br \/>Kevin Spagnyolo, Swedish Chamber Orchestra<br \/>Pedro Vicente, Conservatorio Valencia<br \/>Higinio Arru\u00e9, Deutsche Kammerphil-Harmonie Bremen<br \/>Miguel Pucho, Orquesta C\u00f3rdoba<br \/>Juan Manuel G\u00f3mez, Orquestra Barcelona<br \/>Jos\u00e9 Miguel Asensi, Orquesta Castilla y Le\u00f3n<br \/>Juan Jos\u00e9 Llimera, Conservatorio Sup Valencia<br \/>Miguel Jorge, Banda Sinfon\u00eda Guardia Real<br \/>Santiago P\u00e9rez, Orquesta Castell\u00f3n<br \/>Javier Espejo, Conservatorio Pozuelo de Alarc\u00f3n<br \/>Jos\u00e9 Portol\u00e9s, Orquesta Valencia<br \/>Fabrizio Fiziur, director<\/p><p style=\"text-align: center;\"><strong><span style=\"text-decoration: underline;\">FABRIZIO FIZIUR<\/span><\/strong><\/p><p style=\"text-align: center;\">Natural de Trieste, se gradu\u00f3 en su ciudad natal en viol\u00edn e instrumentos de percusi\u00f3n. En 1991 obtuvo el diploma en direcci\u00f3n de orquesta con el maestro b\u00falgaro Ludmill Descev;en el mismo a\u00f1o fund\u00f3, y desde entonces dirige, la Orquesta de C\u00e1mara Camerata Strumentale italiana con la que, eligiendo un repertorio t\u00edpico de la m\u00fasica del siglo xx, alcanz\u00f3 el \u00e9xito en Italia y en el extranjero.<\/p><p style=\"text-align: center;\">En 1991-92 sigui\u00f3 los cursos de especializaci\u00f3n en direcci\u00f3n de orquesta en el Conservatorio Estatal Rimsky-Korsakov de San Petersburgo, bajo la tutela del maestro Michail Gheorghievich Kukushkin, obteniendo un diploma con menci\u00f3n especial. <\/p><p style=\"text-align: center;\">De 1992 a 2005 dirigi\u00f3 la orquesta de c\u00e1mara de la \u00d3pera Giuseppe Verdi de Trieste con la que particip\u00f3 en el Mittelfestde Cividale y fue invitado a Budapest para representar a Italia. Al frente de la Camerata Strumentale Italiana fue invitado al Festival Internacional de M\u00fasica y Arte de Palma de Mallorca.<\/p><p style=\"text-align: center;\">Ha dirigido en Italia, Eslovenia, Croacia, Austria, Rusia, Espa\u00f1a,Francia, Hungr\u00eda, Serbia y tambi\u00e9n ha estado en el podio de la Orquesta de C\u00e1mara de San Francisco y la Orquesta de Concierto de Fairfield en los Estados Unidos y la Wiener Sinfonietta en Austria.<\/p><p>\u00a0<\/p>\t\t\t\t\t<\/div>\n\t\t\t\t\t\t\t\t\t\t\t<div class=\"premium-modal-box-modal-footer\">\n\t\t\t\t\t\t\t<button type=\"button\" class=\"premium-modal-box-modal-lower-close\" data-dismiss=\"premium-modal\">\n\t\t\t\t\t\t\t\tCerrar\t\t\t\t\t\t\t<\/button>\n\t\t\t\t\t\t<\/div>\n\t\t\t\t\t\t\t\t\t<\/div>\n\t\t\t<\/div>\n\t\t<\/div>\n\n\t\t\t\t<\/div>\n\t\t\t\t<\/div>\n\t\t\t\t\t<\/div>\n\t\t<\/div>\n\t\t\t\t<div class=\"elementor-column elementor-col-25 elementor-top-column elementor-element elementor-element-bf4ba7c exad-glass-effect-no exad-sticky-section-no\" data-id=\"bf4ba7c\" data-element_type=\"column\">\n\t\t\t<div class=\"elementor-widget-wrap elementor-element-populated\">\n\t\t\t\t\t\t<div class=\"elementor-element elementor-element-4e08d34 exad-sticky-section-no exad-glass-effect-no elementor-widget elementor-widget-image\" data-id=\"4e08d34\" data-element_type=\"widget\" data-widget_type=\"image.default\">\n\t\t\t\t<div class=\"elementor-widget-container\">\n\t\t\t\t\t\t\t\t\t\t\t\t\t<img decoding=\"async\" width=\"650\" height=\"650\" data-src=\"https:\/\/www.alteacultural.com\/wp-content\/uploads\/2021\/03\/sanisidro.jpg\" class=\"attachment-large size-large wp-image-3432 lazyload\" alt=\"\" data-srcset=\"https:\/\/www.alteacultural.com\/wp-content\/uploads\/2021\/03\/sanisidro.jpg 650w, https:\/\/www.alteacultural.com\/wp-content\/uploads\/2021\/03\/sanisidro-300x300.jpg 300w\" data-sizes=\"(max-width: 650px) 100vw, 650px\" src=\"data:image\/gif;base64,R0lGODlhAQABAAAAACH5BAEKAAEALAAAAAABAAEAAAICTAEAOw==\" style=\"--smush-placeholder-width: 650px; --smush-placeholder-aspect-ratio: 650\/650;\" \/>\t\t\t\t\t\t\t\t\t\t\t\t\t<\/div>\n\t\t\t\t<\/div>\n\t\t\t\t<div class=\"elementor-element elementor-element-63933b2 exad-sticky-section-no exad-glass-effect-no elementor-widget elementor-widget-text-editor\" data-id=\"63933b2\" data-element_type=\"widget\" data-widget_type=\"text-editor.default\">\n\t\t\t\t<div class=\"elementor-widget-container\">\n\t\t\t\t\t\t\t<p style=\"text-align: center;\"><strong>25 marzo &#8211; 19:00h<\/strong><\/p><p style=\"text-align: center;\"><strong>Ermita San Isidro<\/strong><\/p><p style=\"text-align: center;\"><strong>(Altea)<\/strong><\/p>\t\t\t\t\t\t<\/div>\n\t\t\t\t<\/div>\n\t\t\t\t<div class=\"elementor-element elementor-element-a0f5384 exad-sticky-section-no exad-glass-effect-no elementor-widget elementor-widget-heading\" data-id=\"a0f5384\" data-element_type=\"widget\" data-widget_type=\"heading.default\">\n\t\t\t\t<div class=\"elementor-widget-container\">\n\t\t\t<h5 class=\"elementor-heading-title elementor-size-default\">Ecos del pasado<\/h5>\t\t<\/div>\n\t\t\t\t<\/div>\n\t\t\t\t<div class=\"elementor-element elementor-element-68ea8bd premium-modal-dismissible-yes exad-sticky-section-no exad-glass-effect-no elementor-widget elementor-widget-premium-addon-modal-box\" data-id=\"68ea8bd\" data-element_type=\"widget\" data-settings=\"{&quot;premium_modal_box_animation&quot;:&quot;fadeInDown&quot;}\" data-widget_type=\"premium-addon-modal-box.default\">\n\t\t\t\t<div class=\"elementor-widget-container\">\n\t\t\t\n\t\t<div class=\"premium-modal-box-container\" data-settings=\"{&quot;trigger&quot;:&quot;button&quot;}\">\n\t\t\t<div class=\"premium-modal-trigger-container\">\n\t\t\t\t\t\t\t\t\t<button data-toggle=\"premium-modal\" data-target=\"#premium-modal-68ea8bd\" type=\"button\" class=\"premium-modal-trigger-btn premium-btn-lg premium-button-none \" data-text=\"Programa\">\n\n\t\t\t\t\t\t\n\t\t\t\t\t\t<div class=\"premium-button-text-icon-wrapper\">\n\t\t\t\t\t\t\t<span>Programa<\/span>\n\t\t\t\t\t\t<\/div>\n\n\t\t\t\t\t\t\n\t\t\t\t\t\t\n\t\t\t\t\t\t\n\t\t\t\t\t<\/button>\n\t\t\t\t\t\t\t<\/div>\n\n\t\t\t<div id=\"premium-modal-68ea8bd\" class=\"premium-modal-box-modal\"\n\t\t\trole=\"dialog\"\n\t\t\tstyle=\"display: none\"\n\t\t\t>\n\t\t\t\t<div class=\"premium-modal-box-modal-dialog\" data-delay-animation=\"\" data-modal-animation=\"fadeInDown animated-fast\">\n\t\t\t\t\t\t\t\t\t\t\t<div class=\"premium-modal-box-modal-header\">\n\t\t\t\t\t\t\t\t\t\t\t\t\t\t\t<h3 class=\"premium-modal-box-modal-title\">\n\t\t\t\t\t\t\t\t\t<i aria-hidden=\"true\" class=\"fas fa-church\"><\/i>Programa 25 marzo\t\t\t\t\t\t\t\t<\/h3>\n\t\t\t\t\t\t\t\t\t\t\t\t\t\t\t\t\t\t\t\t\t\t<div class=\"premium-modal-box-close-button-container\">\n\t\t\t\t\t\t\t\t\t<button type=\"button\" class=\"premium-modal-box-modal-close\" data-dismiss=\"premium-modal\">&times;<\/button>\n\t\t\t\t\t\t\t\t<\/div>\n\t\t\t\t\t\t\t\t\t\t\t\t\t<\/div>\n\t\t\t\t\t\t\t\t\t\t<div class=\"premium-modal-box-modal-body\">\n\t\t\t\t\t\t<h3 style=\"text-align: center;\"><span style=\"text-decoration: underline; color: #0000ff;\"><strong>ECOS DEL PASADDO<\/strong><\/span><\/h3><p style=\"text-align: center;\"><span style=\"text-decoration: underline;\"><strong>PROGRAMA<\/strong><\/span><\/p><p style=\"text-align: center;\"><em>Sonata viol\u00edn y piano n\u00ba3 op.9 en ReM<\/em> de J.M.LECLAIR<br \/>\u2002<em>I. Adagio molto maestoso<\/em><br \/><em>II. Allegro<\/em><br \/><em>III. Largo, Sarabanda<\/em><br \/><em>IV. Presto, Tambourin<\/em><\/p><p style=\"text-align: center;\"><em>Sonata viol\u00edn y piano n\u00ba1 op.13 en LaM<\/em> de G.FAUR\u00c9<br \/><em>I. Allegro molto<\/em><br \/><em>II. Andante<\/em><br \/><em>III. Allegro vivo<\/em><br \/><em>IV. Allegro quasi presto<\/em><\/p><p style=\"text-align: center;\"><em>Rapsodia viol\u00edn y piano n\u00ba1 Sz 87<\/em> B.BART\u00d3K<br \/><em>I. Lass\u00fa<\/em><br \/><em>II. Friss<\/em><\/p><p>Danza Espa\u00f1ola n\u00ba1, La Vida Breve de M.FALLA (arr. KREISLER)<\/p><p style=\"text-align: center;\"><strong><span style=\"text-decoration: underline;\">COMPONENTES Y FORMACI\u00d3N<\/span><\/strong><\/p><p style=\"text-align: center;\">Alba Signes, viol\u00edn<br \/>Mar\u00eda Eugenia Palomares, piano<\/p><p style=\"text-align: center;\"><span style=\"text-decoration: underline;\"><strong>ALBA SIGNES<\/strong><\/span><\/p><p style=\"text-align: center;\">Nace el a\u00f1o 1999 en Gata de Gorgos, Alicante. En el 2007 empieza a estudiar viol\u00edn en el Conservatorio Profesional de M\u00fasica \u201cTenor Cortis\u201d de Denia, con la profesora Ana Requena Mar\u00edn. En 2016 concluye las Ense\u00f1anzas Profesionales en el mismo centro con las m\u00e1s altas calificaciones y consigue por unanimidad el Premio de Final de Estudios Profesionales. Seguidamente ingresa en el Conservatorio Superior de M\u00fasica \u201cOscar Espl\u00e1\u201d de Alicante donde sigue su formaci\u00f3n musical estudiando Interpretaci\u00f3n del viol\u00edn con el profesor Vicente Ant\u00f3n y Elena Berenguer y Pedagog\u00eda musical, obteniendo diferentes matriculas de honor, concretamente en la asignatura de Orquesta. Tras finalizar sus dos carreras superiores, estudia el M\u00e1ster en Formaci\u00f3n del Profesorado en la Universidad Alfonso X el sabio de Madrid y el M\u00e1ster en Interpretaci\u00f3n e Investigaci\u00f3n musical en el mismo Conservatorio Superior de Alicante, concluyendo dichos estudios en el a\u00f1o 2022.<\/p><p style=\"text-align: center;\">Entre sus labores profesionales ha estado el estreno de la pieza musical Violin Joke por el compositor Jose Luis Turina en el a\u00f1o 2020 y la interpretaci\u00f3n de diferentes recitales de Concierto en salas como la Sala de C\u00e1mara del Auditorio ADDA de Alicante, Teatro Principal de Alicante, Casa Bardin de Alicante, entre otras salas de concierto.<\/p><p style=\"text-align: center;\">En cuanto a su experiencia orquestal, ha colaborado y realiza varios programas de concierto con la Orquesta del Palau de la M\u00fasica de Valencia, interpretando grandes piezas como la 5\u00aa Sinfon\u00eda de G. Mahler o la \u00d3pera Salom\u00e9 de R. Strauss, entre otras obras. Tambi\u00e9n ha tocado con la Orquesta Profesional ADDA de Alicante, Orquesta Teatro Castelar de Elda, Joven Orquesta de la Generalitat Valenciana y actualmente es miembro de la Orquesta Sinf\u00f3nica de la Ciudad de Elche y actual concertino de la Orquesta Filarm\u00f3nica de la Universidad de Alicante. Adem\u00e1s tambi\u00e9n fue concertino en la Orquesta del Conservatorio Superior de Alicante en el a\u00f1o 2019 y 2020 interpretando obras sol\u00edsticas como el Capricho Espa\u00f1ol de R. Korsavov.<\/p><p style=\"text-align: center;\">A d\u00eda de hoy es miembro del Cuarteto de la Universidad de Alicante o tambi\u00e9n llamado Vibrato String Quartet dirigido por Tobias Gossman con el que realizan conciertos tocando en prestigiosas salas como en el Teatro Principal de Alicante.<\/p><p style=\"text-align: center;\">Entre sus m\u00e9ritos art\u00edsticos e interpretativos resaltan el primer premio en el Concurso J\u00f3venes Int\u00e9rpretes Tenor Cortis de Denia en el a\u00f1o 2011 y 2014 y el premio en el Concurso Intercentros en la fase de centro en los a\u00f1o 2013 y 2015.<\/p><p style=\"text-align: center;\">Ha realizado varios cursos de perfeccionamiento con los profesores Herminio Ortega, Josep Vicent Signes, Santiago Juan Mart\u00edn, Evgeny Moryotov, Mirabai Weismehl, Susanna Gregorian, Joaquin Torre, Vicente Huerta, Alexander Detisov, Ana Comesa\u00f1a, Leticia Moreno, entre otros. Actualmente estudia con Enrique Palomares.<\/p><p style=\"text-align: center;\">En cuanto a la docencia, ha trabajado en el Conservatorio Profesional de M\u00fasica de Menorca, en el Conservatorio Superior de M\u00fasica de Valencia, en la Escuela Europea de Alicante y en el Colegio\/ Instituto San Juan Bautista, Maristas de D\u00e9nia. Actualmente es profesora en el Conservatorio Profesional de M\u00fasica de Elche y en la Escuela Municipal de M\u00fasica de Gata de Gorgos.<\/p><p style=\"text-align: center;\"><span style=\"text-decoration: underline;\"><strong>MAR\u00cdA EUGENIA PALOMARES<\/strong><\/span><\/p><p style=\"text-align: center;\">Nace en Minglanilla<br \/>(Cuenca). Inici\u00f3 sus estudios con el profesor Justiniano Hern\u00e1ndez, obteniendo excelentes calificaciones y los T\u00edtulos Superiores de Piano, M\u00fasica de C\u00e1mara y Solfeo, Teor\u00eda de la M\u00fasica, Transposici\u00f3n y Acompa\u00f1amiento instrumental. Ampl\u00eda<br \/>sus estudios acudiendo a cursos de pedagog\u00eda e interpretaci\u00f3n pian\u00edstica impartidos por los profesores Ram\u00f3n Coll, Mario Monreal, Charles Rosen, Joaqu\u00edn Ach\u00facarro, Marisa Blanes, Luiz de Moura Castro, Paul Badura- Skoda, etc. Ha recibido clases de an\u00e1lisis y m\u00fasica contempor\u00e1nea de compositores como Ram\u00f3n<br \/>Ramos, Luis Blanes, Tom\u00e1s Gilabert y Carles Guinovart, entre otros.<\/p><p style=\"text-align: center;\">Es Doctora en M\u00fasica por la Universidad Polit\u00e9cnica de<br \/>Valencia, as\u00ed como miembro de n\u00famero de la M. I. Academia de la M\u00fasica Valenciana. Ha participado en el programa \u201cM\u00fasica 92\u201d en<br \/>sus conciertos de primavera. Ha sido seleccionada para formar parte del Programa de Difusi\u00f3n de M\u00fasica y Artes Esc\u00e9nicas 2003 del SARC de la Diputaci\u00f3n de Valencia. Adem\u00e1s, ha sido pianista<br \/>de la Agrupaci\u00f3n Coral de Benidorm (1995-2002), perteneciente a la Federaci\u00f3n de Coros de la Comunidad Valenciana. miembro del Tr\u00edo de Cambra (clarinete, viola y<br \/>piano), Tr\u00edo Turina (viol\u00edn, cello y piano) y asimismo es miembro fundadora y pianista de la Camerata<br \/>Ars Cantica de Benidorm. Son numerosas sus actuaciones, con gran \u00e9xito de p\u00fablico y cr\u00edtica, en Espa\u00f1a, B\u00e9lgica, Alemania y Holanda, tanto como solista, en la m\u00fasica de c\u00e1mara, como con la Joven Orquesta de la Comunidad Valenciana, en la que ha sido pianista invitada.<\/p><p style=\"text-align: center;\">Ha actuado en la Fundaci\u00f3n Juan March en Madrid, en el XVII Encuentro de Compositores<br \/>Sinf\u00f3nicos Valencianos en el C\u00edrculo de Bellas Artes de Valencia, as\u00ed como en el Ciclo \u201cCinc Segles\u201d de la Universidad de Valencia en el marco del Congreso Goethe.<\/p><p style=\"text-align: center;\">Tambi\u00e9n ha participado en el 28\u00ba Festival de M\u00fasica Espa\u00f1ola de Le\u00f3n, en el V Congreso Internacional de Pedagog\u00eda e Investigaci\u00f3n Performativa y Creatividad Musical que tuvo lugar en Oviedo, y en la International Biennal Conference on Nineteenth-Century Music, celebrado en la Universidad de<br \/>Huddersfield (Inglaterra).<\/p><p style=\"text-align: center;\">Ha formado parte de un equipo investigador seleccionado por el ISEACV para la realizaci\u00f3n de<br \/>un proyecto de investigaci\u00f3n acad\u00e9mica durante el curso 2022-2023. Por otra parte, junto a Gema Mart\u00ednez Navarrete, Doctora en Biolog\u00eda y neurocient\u00edfica de la Universidad Miguel Hern\u00e1ndez (Elche) han creado un proyecto innovador y multidisciplinar con un claro componente divulgador que lleva por t\u00edtulo \u201cM\u00fasica y Ciencia\u201d.<\/p><p style=\"text-align: center;\">A trav\u00e9s del programa de movilidad Erasmus ha impartido masterclass en los conservatorios de<br \/>Trieste, Castelfranco y Udine (Italia), as\u00ed como en Mons (B\u00e9lgica). Desde 2016 es Funcionaria de Carrera<br \/>perteneciente al cuerpo de Catedr\u00e1ticos de M\u00fasica y AAEE, en la especialidad de Piano, con destino en el Conservatorio Superior de M\u00fasica \u201c\u00d3scar Espl\u00e1\u201d de Alicante.<\/p><p>\u00a0<\/p><p><img decoding=\"async\" class=\"alignnone size-full wp-image-29688 lazyload\" data-src=\"https:\/\/www.alteacultural.com\/wp-content\/uploads\/2024\/03\/Ecos-del-pasado-1-scaled.jpg\" alt=\"\" width=\"2560\" height=\"1271\" data-srcset=\"https:\/\/www.alteacultural.com\/wp-content\/uploads\/2024\/03\/Ecos-del-pasado-1-scaled.jpg 2560w, https:\/\/www.alteacultural.com\/wp-content\/uploads\/2024\/03\/Ecos-del-pasado-1-768x381.jpg 768w, https:\/\/www.alteacultural.com\/wp-content\/uploads\/2024\/03\/Ecos-del-pasado-1-1536x762.jpg 1536w\" data-sizes=\"(max-width: 2560px) 100vw, 2560px\" src=\"data:image\/gif;base64,R0lGODlhAQABAAAAACH5BAEKAAEALAAAAAABAAEAAAICTAEAOw==\" style=\"--smush-placeholder-width: 2560px; --smush-placeholder-aspect-ratio: 2560\/1271;\" \/><\/p>\t\t\t\t\t<\/div>\n\t\t\t\t\t\t\t\t\t\t\t<div class=\"premium-modal-box-modal-footer\">\n\t\t\t\t\t\t\t<button type=\"button\" class=\"premium-modal-box-modal-lower-close\" data-dismiss=\"premium-modal\">\n\t\t\t\t\t\t\t\tCerrar\t\t\t\t\t\t\t<\/button>\n\t\t\t\t\t\t<\/div>\n\t\t\t\t\t\t\t\t\t<\/div>\n\t\t\t<\/div>\n\t\t<\/div>\n\n\t\t\t\t<\/div>\n\t\t\t\t<\/div>\n\t\t\t\t\t<\/div>\n\t\t<\/div>\n\t\t\t\t<div class=\"elementor-column elementor-col-25 elementor-top-column elementor-element elementor-element-3113284 exad-glass-effect-no exad-sticky-section-no\" data-id=\"3113284\" data-element_type=\"column\">\n\t\t\t<div class=\"elementor-widget-wrap elementor-element-populated\">\n\t\t\t\t\t\t<div class=\"elementor-element elementor-element-c493254 exad-sticky-section-no exad-glass-effect-no elementor-widget elementor-widget-image\" data-id=\"c493254\" data-element_type=\"widget\" data-widget_type=\"image.default\">\n\t\t\t\t<div class=\"elementor-widget-container\">\n\t\t\t\t\t\t\t\t\t\t\t\t\t<img decoding=\"async\" data-src=\"https:\/\/www.alteacultural.com\/wp-content\/uploads\/elementor\/thumbs\/conventocarmelitas-pmc4nbquk8rqnhsim2jn4zekdz1u2h3habqhytauw4.jpg\" title=\"conventocarmelitas\" alt=\"conventocarmelitas\" src=\"data:image\/gif;base64,R0lGODlhAQABAAAAACH5BAEKAAEALAAAAAABAAEAAAICTAEAOw==\" class=\"lazyload\" style=\"--smush-placeholder-width: 650px; --smush-placeholder-aspect-ratio: 650\/650;\" \/>\t\t\t\t\t\t\t\t\t\t\t\t\t<\/div>\n\t\t\t\t<\/div>\n\t\t\t\t<div class=\"elementor-element elementor-element-da97a65 exad-sticky-section-no exad-glass-effect-no elementor-widget elementor-widget-text-editor\" data-id=\"da97a65\" data-element_type=\"widget\" data-widget_type=\"text-editor.default\">\n\t\t\t\t<div class=\"elementor-widget-container\">\n\t\t\t\t\t\t\t<p style=\"text-align: center;\"><strong>26 marzo &#8211; 19:00h<\/strong><\/p><p style=\"text-align: center;\"><strong>Convento de L&#8217;Olla<\/strong><\/p><p style=\"text-align: center;\"><strong>(Altea)<\/strong><\/p>\t\t\t\t\t\t<\/div>\n\t\t\t\t<\/div>\n\t\t\t\t<div class=\"elementor-element elementor-element-0860864 exad-sticky-section-no exad-glass-effect-no elementor-widget elementor-widget-heading\" data-id=\"0860864\" data-element_type=\"widget\" data-widget_type=\"heading.default\">\n\t\t\t\t<div class=\"elementor-widget-container\">\n\t\t\t<h5 class=\"elementor-heading-title elementor-size-default\">Tr\u00edo Sorolla<\/h5>\t\t<\/div>\n\t\t\t\t<\/div>\n\t\t\t\t<div class=\"elementor-element elementor-element-2a2f122 premium-modal-dismissible-yes exad-sticky-section-no exad-glass-effect-no elementor-widget elementor-widget-premium-addon-modal-box\" data-id=\"2a2f122\" data-element_type=\"widget\" data-settings=\"{&quot;premium_modal_box_animation&quot;:&quot;fadeInDown&quot;}\" data-widget_type=\"premium-addon-modal-box.default\">\n\t\t\t\t<div class=\"elementor-widget-container\">\n\t\t\t\n\t\t<div class=\"premium-modal-box-container\" data-settings=\"{&quot;trigger&quot;:&quot;button&quot;}\">\n\t\t\t<div class=\"premium-modal-trigger-container\">\n\t\t\t\t\t\t\t\t\t<button data-toggle=\"premium-modal\" data-target=\"#premium-modal-2a2f122\" type=\"button\" class=\"premium-modal-trigger-btn premium-btn-lg premium-button-none \" data-text=\"Programa\">\n\n\t\t\t\t\t\t\n\t\t\t\t\t\t<div class=\"premium-button-text-icon-wrapper\">\n\t\t\t\t\t\t\t<span>Programa<\/span>\n\t\t\t\t\t\t<\/div>\n\n\t\t\t\t\t\t\n\t\t\t\t\t\t\n\t\t\t\t\t\t\n\t\t\t\t\t<\/button>\n\t\t\t\t\t\t\t<\/div>\n\n\t\t\t<div id=\"premium-modal-2a2f122\" class=\"premium-modal-box-modal\"\n\t\t\trole=\"dialog\"\n\t\t\tstyle=\"display: none\"\n\t\t\t>\n\t\t\t\t<div class=\"premium-modal-box-modal-dialog\" data-delay-animation=\"\" data-modal-animation=\"fadeInDown animated-fast\">\n\t\t\t\t\t\t\t\t\t\t\t<div class=\"premium-modal-box-modal-header\">\n\t\t\t\t\t\t\t\t\t\t\t\t\t\t\t<h3 class=\"premium-modal-box-modal-title\">\n\t\t\t\t\t\t\t\t\t<i aria-hidden=\"true\" class=\"fas fa-church\"><\/i>Programa 26 marzo\t\t\t\t\t\t\t\t<\/h3>\n\t\t\t\t\t\t\t\t\t\t\t\t\t\t\t\t\t\t\t\t\t\t<div class=\"premium-modal-box-close-button-container\">\n\t\t\t\t\t\t\t\t\t<button type=\"button\" class=\"premium-modal-box-modal-close\" data-dismiss=\"premium-modal\">&times;<\/button>\n\t\t\t\t\t\t\t\t<\/div>\n\t\t\t\t\t\t\t\t\t\t\t\t\t<\/div>\n\t\t\t\t\t\t\t\t\t\t<div class=\"premium-modal-box-modal-body\">\n\t\t\t\t\t\t<h4 style=\"text-align: center;\"><span style=\"text-decoration: underline; color: #0000ff;\"><strong>TR\u00cdO SOROLLA (tr\u00edo de viento madera)<\/strong><\/span><\/h4><p style=\"text-align: center;\"><strong><span style=\"text-decoration: underline;\">PROGRAMA<\/span><\/strong><\/p><p style=\"text-align: center;\"><em>Divertimento n\u00ba 4 K V439b<\/em> W.A . Mozart<br \/><em>Allegro<\/em><br \/><em>Larghetto<\/em><br \/><em>Menuetto<\/em><br \/><em>Adagio<\/em><br \/><em>Rondo: Allegretto<\/em><\/p><p style=\"text-align: center;\"><em> Cinq pi\u00e8ces en trio<\/em> J. Ibert <br \/><em>Allegro vivo<\/em><br \/><em> Andantino<\/em><br \/><em>Allegro assai<\/em><br \/><em>Andante<\/em><br \/><em>Allegro quasimarziale<\/em><\/p><p style=\"text-align: center;\"><em> Danzas Espa\u00f1olas<\/em> I.Albeniz&amp; E. Granados arr. Aitor Llimer\u00e1 <br \/><em>Goyescas <\/em><br \/><em>C\u00e1diz <\/em><br \/><em>Granada<\/em><br \/><em>Asturias<\/em><\/p>\t\t\t\t\t<\/div>\n\t\t\t\t\t\t\t\t\t\t\t<div class=\"premium-modal-box-modal-footer\">\n\t\t\t\t\t\t\t<button type=\"button\" class=\"premium-modal-box-modal-lower-close\" data-dismiss=\"premium-modal\">\n\t\t\t\t\t\t\t\tCerrar\t\t\t\t\t\t\t<\/button>\n\t\t\t\t\t\t<\/div>\n\t\t\t\t\t\t\t\t\t<\/div>\n\t\t\t<\/div>\n\t\t<\/div>\n\n\t\t\t\t<\/div>\n\t\t\t\t<\/div>\n\t\t\t\t\t<\/div>\n\t\t<\/div>\n\t\t\t\t\t<\/div>\n\t\t<\/section>\n\t\t\t\t<section class=\"elementor-section elementor-top-section elementor-element elementor-element-03b6ae6 elementor-section-boxed elementor-section-height-default elementor-section-height-default exad-glass-effect-no exad-sticky-section-no\" data-id=\"03b6ae6\" data-element_type=\"section\">\n\t\t\t\t\t\t<div class=\"elementor-container elementor-column-gap-default\">\n\t\t\t\t\t<div class=\"elementor-column elementor-col-100 elementor-top-column elementor-element elementor-element-b04b1df exad-glass-effect-no exad-sticky-section-no\" data-id=\"b04b1df\" data-element_type=\"column\">\n\t\t\t<div class=\"elementor-widget-wrap elementor-element-populated\">\n\t\t\t\t\t\t<div class=\"elementor-element elementor-element-1061f60 exad-sticky-section-no exad-glass-effect-no elementor-widget elementor-widget-spacer\" data-id=\"1061f60\" data-element_type=\"widget\" data-widget_type=\"spacer.default\">\n\t\t\t\t<div class=\"elementor-widget-container\">\n\t\t\t\t\t<div class=\"elementor-spacer\">\n\t\t\t<div class=\"elementor-spacer-inner\"><\/div>\n\t\t<\/div>\n\t\t\t\t<\/div>\n\t\t\t\t<\/div>\n\t\t\t\t\t<\/div>\n\t\t<\/div>\n\t\t\t\t\t<\/div>\n\t\t<\/section>\n\t\t\t\t<section class=\"elementor-section elementor-top-section elementor-element elementor-element-c99c149 elementor-section-boxed elementor-section-height-default elementor-section-height-default exad-glass-effect-no exad-sticky-section-no\" data-id=\"c99c149\" data-element_type=\"section\">\n\t\t\t\t\t\t<div class=\"elementor-container elementor-column-gap-default\">\n\t\t\t\t\t<div class=\"elementor-column elementor-col-25 elementor-top-column elementor-element elementor-element-b97a8ac exad-glass-effect-no exad-sticky-section-no\" data-id=\"b97a8ac\" data-element_type=\"column\">\n\t\t\t<div class=\"elementor-widget-wrap elementor-element-populated\">\n\t\t\t\t\t\t<div class=\"elementor-element elementor-element-d3b8a14 exad-sticky-section-no exad-glass-effect-no elementor-widget elementor-widget-image\" data-id=\"d3b8a14\" data-element_type=\"widget\" data-widget_type=\"image.default\">\n\t\t\t\t<div class=\"elementor-widget-container\">\n\t\t\t\t\t\t\t\t\t\t\t\t\t<img decoding=\"async\" width=\"650\" height=\"650\" data-src=\"https:\/\/www.alteacultural.com\/wp-content\/uploads\/2021\/03\/sanroc.jpg\" class=\"attachment-large size-large wp-image-3436 lazyload\" alt=\"\" data-srcset=\"https:\/\/www.alteacultural.com\/wp-content\/uploads\/2021\/03\/sanroc.jpg 650w, https:\/\/www.alteacultural.com\/wp-content\/uploads\/2021\/03\/sanroc-300x300.jpg 300w\" data-sizes=\"(max-width: 650px) 100vw, 650px\" src=\"data:image\/gif;base64,R0lGODlhAQABAAAAACH5BAEKAAEALAAAAAABAAEAAAICTAEAOw==\" style=\"--smush-placeholder-width: 650px; --smush-placeholder-aspect-ratio: 650\/650;\" \/>\t\t\t\t\t\t\t\t\t\t\t\t\t<\/div>\n\t\t\t\t<\/div>\n\t\t\t\t<div class=\"elementor-element elementor-element-350f9cb exad-sticky-section-no exad-glass-effect-no elementor-widget elementor-widget-text-editor\" data-id=\"350f9cb\" data-element_type=\"widget\" data-widget_type=\"text-editor.default\">\n\t\t\t\t<div class=\"elementor-widget-container\">\n\t\t\t\t\t\t\t<p style=\"text-align: center;\"><strong>27 marzo &#8211; 19:00h<\/strong><\/p><p style=\"text-align: center;\"><strong>Ermita de San Roque<\/strong><\/p><p style=\"text-align: center;\"><strong>(Altea)<\/strong><\/p>\t\t\t\t\t\t<\/div>\n\t\t\t\t<\/div>\n\t\t\t\t<div class=\"elementor-element elementor-element-f2266e7 exad-sticky-section-no exad-glass-effect-no elementor-widget elementor-widget-heading\" data-id=\"f2266e7\" data-element_type=\"widget\" data-widget_type=\"heading.default\">\n\t\t\t\t<div class=\"elementor-widget-container\">\n\t\t\t<h5 class=\"elementor-heading-title elementor-size-default\">Del clasicismo a nuestros d\u00edas<\/h5>\t\t<\/div>\n\t\t\t\t<\/div>\n\t\t\t\t<div class=\"elementor-element elementor-element-fa836fa premium-modal-dismissible-yes exad-sticky-section-no exad-glass-effect-no elementor-widget elementor-widget-premium-addon-modal-box\" data-id=\"fa836fa\" data-element_type=\"widget\" data-settings=\"{&quot;premium_modal_box_animation&quot;:&quot;fadeInDown&quot;}\" data-widget_type=\"premium-addon-modal-box.default\">\n\t\t\t\t<div class=\"elementor-widget-container\">\n\t\t\t\n\t\t<div class=\"premium-modal-box-container\" data-settings=\"{&quot;trigger&quot;:&quot;button&quot;}\">\n\t\t\t<div class=\"premium-modal-trigger-container\">\n\t\t\t\t\t\t\t\t\t<button data-toggle=\"premium-modal\" data-target=\"#premium-modal-fa836fa\" type=\"button\" class=\"premium-modal-trigger-btn premium-btn-lg premium-button-none \" data-text=\"Programa\">\n\n\t\t\t\t\t\t\n\t\t\t\t\t\t<div class=\"premium-button-text-icon-wrapper\">\n\t\t\t\t\t\t\t<span>Programa<\/span>\n\t\t\t\t\t\t<\/div>\n\n\t\t\t\t\t\t\n\t\t\t\t\t\t\n\t\t\t\t\t\t\n\t\t\t\t\t<\/button>\n\t\t\t\t\t\t\t<\/div>\n\n\t\t\t<div id=\"premium-modal-fa836fa\" class=\"premium-modal-box-modal\"\n\t\t\trole=\"dialog\"\n\t\t\tstyle=\"display: none\"\n\t\t\t>\n\t\t\t\t<div class=\"premium-modal-box-modal-dialog\" data-delay-animation=\"\" data-modal-animation=\"fadeInDown animated-fast\">\n\t\t\t\t\t\t\t\t\t\t\t<div class=\"premium-modal-box-modal-header\">\n\t\t\t\t\t\t\t\t\t\t\t\t\t\t\t<h3 class=\"premium-modal-box-modal-title\">\n\t\t\t\t\t\t\t\t\t<i aria-hidden=\"true\" class=\"fas fa-church\"><\/i>Programa 27 marzo\t\t\t\t\t\t\t\t<\/h3>\n\t\t\t\t\t\t\t\t\t\t\t\t\t\t\t\t\t\t\t\t\t\t<div class=\"premium-modal-box-close-button-container\">\n\t\t\t\t\t\t\t\t\t<button type=\"button\" class=\"premium-modal-box-modal-close\" data-dismiss=\"premium-modal\">&times;<\/button>\n\t\t\t\t\t\t\t\t<\/div>\n\t\t\t\t\t\t\t\t\t\t\t\t\t<\/div>\n\t\t\t\t\t\t\t\t\t\t<div class=\"premium-modal-box-modal-body\">\n\t\t\t\t\t\t<h3 style=\"text-align: center;\"><span style=\"text-decoration: underline;\"><span style=\"color: #0000ff; text-decoration: underline;\">DEL CLASICISMO A NUESTROS D\u00cdAS<\/span><\/span><\/h3><p style=\"text-align: center;\"><span style=\"text-decoration: underline;\"><strong>PROGRAMA<\/strong><\/span><\/p><p style=\"text-align: center;\"><em>Concierto para trompa n\u00ba1 <\/em>Wolfgang Amadeus Mozart (1756-1791)<\/p><p style=\"text-align: center;\"><em>Fantasie-Caprice <\/em>Gabriel Pares\u00a0(1860-1934)<\/p><p style=\"text-align: center;\"><em>Romance <\/em>Carl Mariavon Weber (1786-1826)<\/p><p style=\"text-align: center;\"><em>Legend <\/em>George Enescu (1881-1955)<\/p><p style=\"text-align: center;\"><em>Tema y variaciones op.13 <\/em>Franz Joseph Strauss (1822-1905)<\/p><p style=\"text-align: center;\"><em>How do youkeepthe music playing <\/em>Michel Legrand (1932-2019)<\/p><p><strong>\u00a0<\/strong><\/p><p style=\"text-align: center;\"><span style=\"text-decoration: underline;\"><strong>COMPONENTES Y FORMACI\u00d3N<\/strong><\/span><\/p><p style=\"text-align: center;\">Jordi Vercher, trompeta<br \/>David S\u00e1nchez, trompa<br \/>Neus Vercher, piano<\/p><p>\u00a0<\/p><p style=\"text-align: center;\">Estos tres m\u00fasicos valencianos nos presentan una propuesta que gira alrededor de la m\u00fasica para instrumentos de metal. A trav\u00e9s de un repertorio que abarca desde el Clasicismo hasta la m\u00fasica m\u00e1s reciente, haremos un viaje guiado a trav\u00e9s de las obras escogidas.<\/p><p style=\"text-align: center;\">El repertorio de trompa ser\u00e1 interpretado por <strong>David S\u00e1nchez<\/strong>. Este finaliza sus estudios en el Conservatorio Superior de M\u00fasica \u201cOscar Espla\u201d de Alicante al mismo tiempo que empieza a colaborar con diferentes orquestas j\u00f3venes de Europa (Jonde, Euyo, Orquesta del Festival Holstein, JungeSinfonieBerlin\u2026)<\/p><p style=\"text-align: center;\">Su trayectoria profesional se desarrolla en algunas de las principales orquestas del panorama musical: Orquesta Nacional de Espa\u00f1a, Orquesta Sinf\u00f3nica de Barcelona o la Orquesta Mozart de Bolonia.Desde el a\u00f1o 2012 es miembro de la Orquesta de la Comunitat Valenciana.<\/p><p style=\"text-align: center;\">Las piezas para trompeta ser\u00e1n interpretadas por <strong>Jordi Vercher.<\/strong>\u00a0 Realiza sus estudios en el Conservatorio Superior \u201cJoaquin Rodrigo\u201d de Valencia y posteriormente en la Academia Nazionale di Santa Cecilia (Roma) bajo la tutela de Andrea Lucchi. Ha colaborado con orquestas como la Orquesta de Valencia, \u201cOrquesta Simf\u00f2nica Caixa Ontinyent\u201d o la Orquesta del \u201cLuglioMusicaleTapanese\u201d (Sicilia). En la actualidad contin\u00faa su formaci\u00f3n musical junto al solista de la Orquesta de Valencia Ra\u00fal Junquera al tiempo que desarrolla su faceta docente en el Colegio l\u2019Olla de Altea.<\/p><p style=\"text-align: center;\">Estaran acompa\u00f1ados al piano por <strong>Neus Vercher.<\/strong> Esta realiza sus estudios de piano en la Escola Superior de M\u00fasica de Catalunya (ESMUC) bajo la tutela de Jean-Fran\u00e7ois Dichamp. Desde el a\u00f1o 2015 es profesora de piano en diferentes conservatorios de la Comunitat Valenciana ocupando actualmente su plaza en el Conservatorio \u201cMestre Vert\u201d de Carcaixent. Su inter\u00e9s por la pedagog\u00eda le ha llevado a formarse en el \u00e1mbito de los alumnos con necesidades educativas especiales. En el 2021 se grad\u00faa en Magisterio en la especialidad de Pedagog\u00eda Terap\u00e9utica con un trabajo final de investigaci\u00f3n centrado en los beneficios de la m\u00fasica en ni\u00f1os diagnosticados con Trastorno del Espectro Autista.<\/p>\t\t\t\t\t<\/div>\n\t\t\t\t\t\t\t\t\t\t\t<div class=\"premium-modal-box-modal-footer\">\n\t\t\t\t\t\t\t<button type=\"button\" class=\"premium-modal-box-modal-lower-close\" data-dismiss=\"premium-modal\">\n\t\t\t\t\t\t\t\tCerrar\t\t\t\t\t\t\t<\/button>\n\t\t\t\t\t\t<\/div>\n\t\t\t\t\t\t\t\t\t<\/div>\n\t\t\t<\/div>\n\t\t<\/div>\n\n\t\t\t\t<\/div>\n\t\t\t\t<\/div>\n\t\t\t\t\t<\/div>\n\t\t<\/div>\n\t\t\t\t<div class=\"elementor-column elementor-col-25 elementor-top-column elementor-element elementor-element-137ed86 exad-glass-effect-no exad-sticky-section-no\" data-id=\"137ed86\" data-element_type=\"column\">\n\t\t\t<div class=\"elementor-widget-wrap elementor-element-populated\">\n\t\t\t\t\t\t<div class=\"elementor-element elementor-element-eddff3d exad-sticky-section-no exad-glass-effect-no elementor-widget elementor-widget-image\" data-id=\"eddff3d\" data-element_type=\"widget\" data-widget_type=\"image.default\">\n\t\t\t\t<div class=\"elementor-widget-container\">\n\t\t\t\t\t\t\t\t\t\t\t\t\t<img decoding=\"async\" width=\"650\" height=\"650\" data-src=\"https:\/\/www.alteacultural.com\/wp-content\/uploads\/2021\/03\/sanantonio.jpg\" class=\"attachment-large size-large wp-image-3430 lazyload\" alt=\"\" data-srcset=\"https:\/\/www.alteacultural.com\/wp-content\/uploads\/2021\/03\/sanantonio.jpg 650w, https:\/\/www.alteacultural.com\/wp-content\/uploads\/2021\/03\/sanantonio-300x300.jpg 300w\" data-sizes=\"(max-width: 650px) 100vw, 650px\" src=\"data:image\/gif;base64,R0lGODlhAQABAAAAACH5BAEKAAEALAAAAAABAAEAAAICTAEAOw==\" style=\"--smush-placeholder-width: 650px; --smush-placeholder-aspect-ratio: 650\/650;\" \/>\t\t\t\t\t\t\t\t\t\t\t\t\t<\/div>\n\t\t\t\t<\/div>\n\t\t\t\t<div class=\"elementor-element elementor-element-6142153 exad-sticky-section-no exad-glass-effect-no elementor-widget elementor-widget-text-editor\" data-id=\"6142153\" data-element_type=\"widget\" data-widget_type=\"text-editor.default\">\n\t\t\t\t<div class=\"elementor-widget-container\">\n\t\t\t\t\t\t\t<p style=\"text-align: center;\"><strong>28 marzo &#8211; 19:00h<\/strong><\/p><p style=\"text-align: center;\"><strong>Ermita de San Antonio<\/strong><\/p><p style=\"text-align: center;\"><strong>(Altea)<\/strong><\/p>\t\t\t\t\t\t<\/div>\n\t\t\t\t<\/div>\n\t\t\t\t<div class=\"elementor-element elementor-element-d00dcc1 exad-sticky-section-no exad-glass-effect-no elementor-widget elementor-widget-heading\" data-id=\"d00dcc1\" data-element_type=\"widget\" data-widget_type=\"heading.default\">\n\t\t\t\t<div class=\"elementor-widget-container\">\n\t\t\t<h5 class=\"elementor-heading-title elementor-size-default\">MaCB Duo: Spanish Dreams<\/h5>\t\t<\/div>\n\t\t\t\t<\/div>\n\t\t\t\t<div class=\"elementor-element elementor-element-7ce3639 premium-modal-dismissible-yes exad-sticky-section-no exad-glass-effect-no elementor-widget elementor-widget-premium-addon-modal-box\" data-id=\"7ce3639\" data-element_type=\"widget\" data-settings=\"{&quot;premium_modal_box_animation&quot;:&quot;fadeInDown&quot;}\" data-widget_type=\"premium-addon-modal-box.default\">\n\t\t\t\t<div class=\"elementor-widget-container\">\n\t\t\t\n\t\t<div class=\"premium-modal-box-container\" data-settings=\"{&quot;trigger&quot;:&quot;button&quot;}\">\n\t\t\t<div class=\"premium-modal-trigger-container\">\n\t\t\t\t\t\t\t\t\t<button data-toggle=\"premium-modal\" data-target=\"#premium-modal-7ce3639\" type=\"button\" class=\"premium-modal-trigger-btn premium-btn-lg premium-button-none \" data-text=\"Programa\">\n\n\t\t\t\t\t\t\n\t\t\t\t\t\t<div class=\"premium-button-text-icon-wrapper\">\n\t\t\t\t\t\t\t<span>Programa<\/span>\n\t\t\t\t\t\t<\/div>\n\n\t\t\t\t\t\t\n\t\t\t\t\t\t\n\t\t\t\t\t\t\n\t\t\t\t\t<\/button>\n\t\t\t\t\t\t\t<\/div>\n\n\t\t\t<div id=\"premium-modal-7ce3639\" class=\"premium-modal-box-modal\"\n\t\t\trole=\"dialog\"\n\t\t\tstyle=\"display: none\"\n\t\t\t>\n\t\t\t\t<div class=\"premium-modal-box-modal-dialog\" data-delay-animation=\"\" data-modal-animation=\"fadeInDown animated-fast\">\n\t\t\t\t\t\t\t\t\t\t\t<div class=\"premium-modal-box-modal-header\">\n\t\t\t\t\t\t\t\t\t\t\t\t\t\t\t<h3 class=\"premium-modal-box-modal-title\">\n\t\t\t\t\t\t\t\t\t<i aria-hidden=\"true\" class=\"fas fa-church\"><\/i>Programa 28 marzo\t\t\t\t\t\t\t\t<\/h3>\n\t\t\t\t\t\t\t\t\t\t\t\t\t\t\t\t\t\t\t\t\t\t<div class=\"premium-modal-box-close-button-container\">\n\t\t\t\t\t\t\t\t\t<button type=\"button\" class=\"premium-modal-box-modal-close\" data-dismiss=\"premium-modal\">&times;<\/button>\n\t\t\t\t\t\t\t\t<\/div>\n\t\t\t\t\t\t\t\t\t\t\t\t\t<\/div>\n\t\t\t\t\t\t\t\t\t\t<div class=\"premium-modal-box-modal-body\">\n\t\t\t\t\t\t<h3 style=\"text-align: center;\"><span style=\"text-decoration: underline;\"><span style=\"color: #0000ff;\"><strong>MaBC DUO: SPANISH DREAMS<\/strong><\/span><\/span><\/h3><p style=\"text-align: center;\">Programa de m\u00fasica espa\u00f1ola en el que podemos disfrutar de composiciones actuales, junto con arreglos de la m\u00fasica cl\u00e1sica espa\u00f1ola m\u00e1s conocida de todos los tiempos, con obras de Granados, Alb\u00e9niz y Falla, etc., en el que MaBC Duo podr\u00e1 demostrar la pasi\u00f3n, la calidez y el colorido de la m\u00fasica espa\u00f1ola, a trav\u00e9s de la magia y el sonido de sus instrumentos, la marimba y el clarinete bajo, como si estuvi\u00e9ramos disfrutando de un sue\u00f1o, un sue\u00f1o espa\u00f1ol (Spanish Dreams).<\/p><p style=\"text-align: center;\"><strong><span style=\"text-decoration: underline;\"><span style=\"color: #000000; text-decoration: underline;\">PROGRAMA<\/span><\/span><\/strong><\/p><p style=\"text-align: center;\"><em>Suite Popular Espa\u00f1ola<\/em> (1914) Manuel de Falla<br \/><br \/><em>Ballade<\/em> (2014) Jos\u00e9 Alam\u00e1<br \/><br \/><em>Duende<\/em> (2015) Eduardo Nogueroles<\/p><p style=\"text-align: center;\"><em>Homage to Manuel de Falla<\/em> (1994) (Clarinete Bajo Solo). Bela Kovacs<\/p><p style=\"text-align: center;\"><em> Karma Variations<\/em> (2021) (Marimba Solo) Aar\u00f3n Crist\u00f3fol<\/p><p style=\"text-align: center;\"><em> Tango Milonga<\/em> (2015) Josep Roda<\/p><p style=\"text-align: center;\"><em>MaBC Duo<\/em> (2022) Aar\u00f3n Crist\u00f3fol<\/p><p style=\"text-align: center;\"><em>The Spanish Dream<\/em> (2014) Pere Sanz<\/p><p>\u00a0<\/p><p style=\"text-align: center;\"><span style=\"text-decoration: underline;\"><strong>COMPONENTES Y FORMACI\u00d3N<\/strong><\/span><\/p><p style=\"text-align: center;\">David Bellov\u00ed, clarinete bajo<br \/>Aar\u00f3n Crist\u00f3fol, marimba\/percusi\u00f3n<\/p><p style=\"text-align: center;\">\u00a0<\/p><p style=\"text-align: center;\"><span style=\"text-decoration: underline;\"><strong>DAVID BELLOV\u00cd<\/strong><\/span><\/p><p style=\"text-align: center;\">Es int\u00e9rprete y profesor de clarinete bajo, trabajando como Clarinete Bajo y Clarinete Contrabajo en la Banda Sinf\u00f3nica Municipal de Valencia, Miembro del MaBC D\u00fao, Assamble Debussy, Sunhori Trio.<\/p><p style=\"text-align: center;\">Su dedicaci\u00f3n est\u00e1 enfocada en la promoci\u00f3n del Clarinete Bajo como instrumento de m\u00fasica solista y de c\u00e1mara, invitado regularmente a ofrecer conferencias y masterclasses en los principales conservatorios y escuelas de m\u00fasica.<\/p><p style=\"text-align: center;\">Ha colaborado con agrupaciones profesionales de C\u00e1mara, Bandas de Viento y Orquestas, como: Orquesta Sinf\u00f3nica de Bilbao, Banda Municipal de Madrid, Banda Municipal de Vitoria, Banda Municipal de Bilbao, OCAZ Enigma, L\u2019Ensemble, entre otros, actuando como concertista con la Banda Municipal de Alicante, Banda Municipal de Castell\u00f3n, Banda Municipal de Vitoria, Koninkiljke Harmonie Sint Cecilie de Schelle-B\u00e9lgica, Hong Kong Festival Wind Orchestra, Banda del Regimiento Inmemorial del Rey de Madrid, Clarinet Ensemble \u201cArundo Toulon M\u00e9dit\u00e9rran\u00e9e\u201d, etc. Por sus variados proyectos como solista y de m\u00fasica de c\u00e1mara, ha actuado en importantes salas de conciertos y auditorios de Europa y Asia.<\/p><p style=\"text-align: center;\">Daniel ha estrenado m\u00faltiples encargos de nuevas composiciones dedicadas a \u00e9l y al clarinete bajo, en estrecha colaboraci\u00f3n con importantes compositores como Ferrer Ferran, Jos\u00e9 Alam\u00e1, Josep Roda, Pere Sanz, Ram\u00f3n Garc\u00eda, Manuel Morcillo, Pascual Piqueras, Eduardo Nogueroles, Miguel Hern\u00e1ndis, Xavi Zamorano, Gerson Padilla, D\u00edaz Yerro, Antonio Fornet, Chris Hung, Eva Lopszyc, M\u00f3nica C\u00e1rdenas, Bart Vestraeten, Antonio Goia, encargado y estrenando los conciertos para clarinete bajo \u00abCon Cierto Sentido\u00bb de Jos\u00e9 Alam\u00e1, \u00abThe Castle of Dr. Bassclar\u00bb de Ferrer Ferran, \u00abImpresiones Dialogantes\u00bb de Juan Meseguer; y tambi\u00e9n los conciertos dobles para clarinete bajo, marimba y banda \/ orquesta sinf\u00f3nica \u00abFarnese Bridge\u00bb de Ram\u00f3n Garc\u00eda, \u00abSpanish Dreams\u00bb de Pere Sanz; Clarinete Bajo, Clarinete y Banda Sinf\u00f3nica \u201cTarango\u201d de David Rivas, etc\u2026<\/p><p style=\"text-align: center;\">Una de sus colaboraciones y experiencias m\u00e1s importantes en su vida musical ha sido la gira de cuatro conciertos por Asia, con conciertos en China y Hong Kong con \u201cDuo Antwerp\u201d, con conciertos de m\u00fasica de c\u00e1mara y la interpretaci\u00f3n del concierto para Clarinete Bajo y Banda \u00abEl Castillo del Dr. Bassclar\u00bb de Ferrer Ferran, y el estreno del doble concierto para Clarinete Bajo, Marimba y Banda Sinf\u00f3nica \u00abFarnese Bridge\u00bb de Ram\u00f3n Garc\u00eda y \u00abSpanish Dreams\u00bb de Pere Sanz junto con la Hong Kong Festival Wind Orchestra.<\/p><p style=\"text-align: center;\">Ha sido artista invitado y formado parte de jurados en diversos festivales y concursos, tales como: el V Festival Europeo de Clarinete en Gante (B\u00e9lgica), el X Festival Europeo de Clarinete en Gyor (Hungr\u00eda), los D\u00edas de la M\u00fasica Belga en Lovaina en 2018, el 33 Festival Internacional de M\u00fasica de Canarias (FIMC), Semana del Clarinete Bajo de ClariPer\u00fa 2022, II Concurso Latinoamericano de Clarinete Bajo en Per\u00fa, Festival de XXV y XXX Encuentro de Compositores de COSICOVA, Valencia (Espa\u00f1a), Festival de Libre Expresi\u00f3n del Alto Palancia (FLESAP) Segorbe (Espa\u00f1a), entre otros.<\/p><p style=\"text-align: center;\"><span style=\"text-decoration: underline;\"><strong>AAR\u00d3N CRIST\u00d3FOL<\/strong><\/span><\/p><p style=\"text-align: center;\">Es un int\u00e9rprete y pedagogo percusionista que trabaja como profesor de Percusi\u00f3n en el Conservatorio Profesional de M\u00fasica \u00abTom\u00e1s de Torrej\u00f3n y Velasco\u00bb de Albacete, siendo a su vez miembro del cuarteto \u201cM\u00e1s percusi\u00f3n\u201d.<\/p><p style=\"text-align: center;\">Centra sus esfuerzos en la creaci\u00f3n de materiales did\u00e1cticos sobre el mundo de la percusi\u00f3n, con la publicaci\u00f3n de diversos libros y art\u00edculos sobre la ense\u00f1anza de la percusi\u00f3n, as\u00ed como en la promoci\u00f3n del repertorio solista y de c\u00e1mara percusion\u00edstico, especialmente de la marimba. Ha impartido conferencias y Clinics en Europa y Estados Unidos, como el Master de Musicoterapia de la Universidad Cat\u00f3lica de Valencia, Festival Percufest, Festival PerKurafel, Jornadas Internacionales de percusi\u00f3n de Ribarroja del T\u00faria, Conservatorio de M\u00fasica Jacinto Guerrero de Albacete, Universidades de Radford University y Virginia Tech. EEUU, etc.<\/p><p style=\"text-align: center;\">Aparte de sus estudios superiores de Percusi\u00f3n y de Pedagog\u00eda del Lenguaje Musical, est\u00e1 en posesi\u00f3n del grado profesional de viol\u00edn y ha realizado estudios de M\u00e1ster en Investigaci\u00f3n Musical en la Universidad Internacional de Valencia. VIU.<\/p><p style=\"text-align: center;\">Ha colaborado con m\u00faltiples agrupaciones profesionales como Perkumania Ensemble, Ensemble Europeo de J\u00f3venes percusionistas (PAS PAR\u00cdS), Orquesta del Conservatorio Superior de Castell\u00f3n, Big Band del Conservatorio Superior de Valencia, Combo de Sedajazz. Orquesta de Juventudes musicales de Valencia, Banda Comarcal de la FSMCV (Valencia), Orquesta Filarm\u00f3nica de Requena, Orquesta T\u00faria Camerata, MSO (Master Shymphony Orchestra ), Banda Municipal de Barcelona, etc.<\/p><p style=\"text-align: center;\">Es miembro fundador del ensemble de percusi\u00f3n MasPercusion, destacando sus actuaciones en la elaboraci\u00f3n del espect\u00e1culo de delfines y danza sincronizada, Les Nits del Oceanogr\u00e0fic, el espect\u00e1culo did\u00e1ctico Perkumachine, los espect\u00e1culos Esencia Sonora, Revolution, Tribu, Bibliotoca y T\u00f3came un con una gran aceptaci\u00f3n del p\u00fablico. Fundador del festival de grupos de percusi\u00f3n PerkuRafel, de las Jornadas de Percusi\u00f3n del Conservatorio \u201cMarcos Redondo\u201d de Ciudad Real, y del Festival Maspercusi\u00f3n.<\/p><p style=\"text-align: center;\">Ha participado en festivales de percusi\u00f3n nacionales e internacionales (San Sebasti\u00e1n, Mallorca, Brasil, Argentina, Croacia, Eslovenia, Par\u00eds, EEUU), teniendo la oportunidad de tocar junto a grandes de la percusi\u00f3n como Angel Frette, Frederic Macarez, Igor Lesnik, Anders Anstrad, Ludwig Albert, Israel Moreno, Dave Samuels, Eric Sammut, Javier Nandayapa, Rob Sanderl, etc.<\/p>\t\t\t\t\t<\/div>\n\t\t\t\t\t\t\t\t\t\t\t<div class=\"premium-modal-box-modal-footer\">\n\t\t\t\t\t\t\t<button type=\"button\" class=\"premium-modal-box-modal-lower-close\" data-dismiss=\"premium-modal\">\n\t\t\t\t\t\t\t\tCerrar\t\t\t\t\t\t\t<\/button>\n\t\t\t\t\t\t<\/div>\n\t\t\t\t\t\t\t\t\t<\/div>\n\t\t\t<\/div>\n\t\t<\/div>\n\n\t\t\t\t<\/div>\n\t\t\t\t<\/div>\n\t\t\t\t\t<\/div>\n\t\t<\/div>\n\t\t\t\t<div class=\"elementor-column elementor-col-25 elementor-top-column elementor-element elementor-element-6c21ab5 exad-glass-effect-no exad-sticky-section-no\" data-id=\"6c21ab5\" data-element_type=\"column\">\n\t\t\t<div class=\"elementor-widget-wrap elementor-element-populated\">\n\t\t\t\t\t\t<div class=\"elementor-element elementor-element-25c0dfd exad-sticky-section-no exad-glass-effect-no elementor-widget elementor-widget-image\" data-id=\"25c0dfd\" data-element_type=\"widget\" data-widget_type=\"image.default\">\n\t\t\t\t<div class=\"elementor-widget-container\">\n\t\t\t\t\t\t\t\t\t\t\t\t\t<img decoding=\"async\" width=\"650\" height=\"650\" data-src=\"https:\/\/www.alteacultural.com\/wp-content\/uploads\/2021\/03\/santtomas.jpg\" class=\"attachment-large size-large wp-image-3442 lazyload\" alt=\"\" data-srcset=\"https:\/\/www.alteacultural.com\/wp-content\/uploads\/2021\/03\/santtomas.jpg 650w, https:\/\/www.alteacultural.com\/wp-content\/uploads\/2021\/03\/santtomas-300x300.jpg 300w\" data-sizes=\"(max-width: 650px) 100vw, 650px\" src=\"data:image\/gif;base64,R0lGODlhAQABAAAAACH5BAEKAAEALAAAAAABAAEAAAICTAEAOw==\" style=\"--smush-placeholder-width: 650px; --smush-placeholder-aspect-ratio: 650\/650;\" \/>\t\t\t\t\t\t\t\t\t\t\t\t\t<\/div>\n\t\t\t\t<\/div>\n\t\t\t\t<div class=\"elementor-element elementor-element-a48d9bd exad-sticky-section-no exad-glass-effect-no elementor-widget elementor-widget-text-editor\" data-id=\"a48d9bd\" data-element_type=\"widget\" data-widget_type=\"text-editor.default\">\n\t\t\t\t<div class=\"elementor-widget-container\">\n\t\t\t\t\t\t\t<p style=\"text-align: center;\"><strong>29 marzo &#8211; 12:00h<\/strong><\/p><p style=\"text-align: center;\"><strong>Ermita de San Tom\u00e1s<\/strong><\/p><p style=\"text-align: center;\"><strong>(Altea)<\/strong><\/p>\t\t\t\t\t\t<\/div>\n\t\t\t\t<\/div>\n\t\t\t\t<div class=\"elementor-element elementor-element-5a5e9fc exad-sticky-section-no exad-glass-effect-no elementor-widget elementor-widget-heading\" data-id=\"5a5e9fc\" data-element_type=\"widget\" data-widget_type=\"heading.default\">\n\t\t\t\t<div class=\"elementor-widget-container\">\n\t\t\t<h5 class=\"elementor-heading-title elementor-size-default\">Viaje del s.XVII al s.XX<\/h5>\t\t<\/div>\n\t\t\t\t<\/div>\n\t\t\t\t<div class=\"elementor-element elementor-element-11377a0 premium-modal-dismissible-yes exad-sticky-section-no exad-glass-effect-no elementor-widget elementor-widget-premium-addon-modal-box\" data-id=\"11377a0\" data-element_type=\"widget\" data-settings=\"{&quot;premium_modal_box_animation&quot;:&quot;fadeInDown&quot;}\" data-widget_type=\"premium-addon-modal-box.default\">\n\t\t\t\t<div class=\"elementor-widget-container\">\n\t\t\t\n\t\t<div class=\"premium-modal-box-container\" data-settings=\"{&quot;trigger&quot;:&quot;button&quot;}\">\n\t\t\t<div class=\"premium-modal-trigger-container\">\n\t\t\t\t\t\t\t\t\t<button data-toggle=\"premium-modal\" data-target=\"#premium-modal-11377a0\" type=\"button\" class=\"premium-modal-trigger-btn premium-btn-lg premium-button-none \" data-text=\"Programa\">\n\n\t\t\t\t\t\t\n\t\t\t\t\t\t<div class=\"premium-button-text-icon-wrapper\">\n\t\t\t\t\t\t\t<span>Programa<\/span>\n\t\t\t\t\t\t<\/div>\n\n\t\t\t\t\t\t\n\t\t\t\t\t\t\n\t\t\t\t\t\t\n\t\t\t\t\t<\/button>\n\t\t\t\t\t\t\t<\/div>\n\n\t\t\t<div id=\"premium-modal-11377a0\" class=\"premium-modal-box-modal\"\n\t\t\trole=\"dialog\"\n\t\t\tstyle=\"display: none\"\n\t\t\t>\n\t\t\t\t<div class=\"premium-modal-box-modal-dialog\" data-delay-animation=\"\" data-modal-animation=\"fadeInDown animated-fast\">\n\t\t\t\t\t\t\t\t\t\t\t<div class=\"premium-modal-box-modal-header\">\n\t\t\t\t\t\t\t\t\t\t\t\t\t\t\t<h3 class=\"premium-modal-box-modal-title\">\n\t\t\t\t\t\t\t\t\t<i aria-hidden=\"true\" class=\"fas fa-church\"><\/i>Programa 29 marzo\t\t\t\t\t\t\t\t<\/h3>\n\t\t\t\t\t\t\t\t\t\t\t\t\t\t\t\t\t\t\t\t\t\t<div class=\"premium-modal-box-close-button-container\">\n\t\t\t\t\t\t\t\t\t<button type=\"button\" class=\"premium-modal-box-modal-close\" data-dismiss=\"premium-modal\">&times;<\/button>\n\t\t\t\t\t\t\t\t<\/div>\n\t\t\t\t\t\t\t\t\t\t\t\t\t<\/div>\n\t\t\t\t\t\t\t\t\t\t<div class=\"premium-modal-box-modal-body\">\n\t\t\t\t\t\t<h3 style=\"text-align: center;\"><span style=\"text-decoration: underline; color: #0000ff;\"><strong>VIAJE DEL S.XVII AL S.XX<\/strong><\/span><\/h3><p style=\"text-align: center;\"><strong><span style=\"text-decoration: underline;\">PROGRAMA<\/span><\/strong><\/p><p style=\"text-align: center;\"><em>\u00abRenaissance music\u00bb<br \/>Ballet.<\/em><br \/><em>Bransle de Post 24-25-26<br \/>Fayne would i wedd<br \/>Allemande 1-2-3-4<br \/>Ungaresca<br \/><\/em><\/p><p style=\"text-align: center;\"><em>\u00abBrasil\u00bb<br \/>Chorinho<br \/>Sertaneja<br \/>Se voc\u00ea quer<br \/>Reminiscencia<br \/>M\u00e0s que nada<br \/>Corcovado<br \/>Manha do carnaval<br \/>Sambossa<br \/>Pa\u00e7oca<br \/>Chorinho en la menor<\/em><\/p><p style=\"text-align: center;\"><em>\u00abPopular\u00bb<br \/><\/em><em>S.Antoni (Morella)<br \/>Tarantel la Bella<\/em><\/p><p>\u00a0<\/p><p style=\"text-align: center;\"><span style=\"text-decoration: underline;\"><strong>COMPONENTES\u00a0<\/strong><\/span><\/p><p style=\"text-align: center;\">Thierry C. Fouet, guitarra<br \/>Jos\u00e9 A. Ripoll, saxof\u00f3n<\/p><p>\u00a0<\/p>\t\t\t\t\t<\/div>\n\t\t\t\t\t\t\t\t\t\t\t<div class=\"premium-modal-box-modal-footer\">\n\t\t\t\t\t\t\t<button type=\"button\" class=\"premium-modal-box-modal-lower-close\" data-dismiss=\"premium-modal\">\n\t\t\t\t\t\t\t\tCerrar\t\t\t\t\t\t\t<\/button>\n\t\t\t\t\t\t<\/div>\n\t\t\t\t\t\t\t\t\t<\/div>\n\t\t\t<\/div>\n\t\t<\/div>\n\n\t\t\t\t<\/div>\n\t\t\t\t<\/div>\n\t\t\t\t\t<\/div>\n\t\t<\/div>\n\t\t\t\t<div class=\"elementor-column elementor-col-25 elementor-top-column elementor-element elementor-element-bc6d09b exad-glass-effect-no exad-sticky-section-no\" data-id=\"bc6d09b\" data-element_type=\"column\">\n\t\t\t<div class=\"elementor-widget-wrap elementor-element-populated\">\n\t\t\t\t\t\t<div class=\"elementor-element elementor-element-90d311d exad-sticky-section-no exad-glass-effect-no elementor-widget elementor-widget-image\" data-id=\"90d311d\" data-element_type=\"widget\" data-widget_type=\"image.default\">\n\t\t\t\t<div class=\"elementor-widget-container\">\n\t\t\t\t\t\t\t\t\t\t\t\t\t<img decoding=\"async\" data-src=\"https:\/\/www.alteacultural.com\/wp-content\/uploads\/elementor\/thumbs\/sanluis-p43xjxjnp0axmcuanf6ildt5e75auxertqf5k0ens4.jpg\" title=\"sanluis\" alt=\"sanluis\" src=\"data:image\/gif;base64,R0lGODlhAQABAAAAACH5BAEKAAEALAAAAAABAAEAAAICTAEAOw==\" class=\"lazyload\" style=\"--smush-placeholder-width: 650px; --smush-placeholder-aspect-ratio: 650\/650;\" \/>\t\t\t\t\t\t\t\t\t\t\t\t\t<\/div>\n\t\t\t\t<\/div>\n\t\t\t\t<div class=\"elementor-element elementor-element-79416ea exad-sticky-section-no exad-glass-effect-no elementor-widget elementor-widget-text-editor\" data-id=\"79416ea\" data-element_type=\"widget\" data-widget_type=\"text-editor.default\">\n\t\t\t\t<div class=\"elementor-widget-container\">\n\t\t\t\t\t\t\t<p style=\"text-align: center;\"><strong>30 marzo &#8211; 12:00h<\/strong><\/p><p style=\"text-align: center;\"><strong>Ermita de San Luis<\/strong><\/p><p style=\"text-align: center;\"><strong>(Altea)<\/strong><\/p>\t\t\t\t\t\t<\/div>\n\t\t\t\t<\/div>\n\t\t\t\t<div class=\"elementor-element elementor-element-cecbfd8 exad-sticky-section-no exad-glass-effect-no elementor-widget elementor-widget-heading\" data-id=\"cecbfd8\" data-element_type=\"widget\" data-widget_type=\"heading.default\">\n\t\t\t\t<div class=\"elementor-widget-container\">\n\t\t\t<h5 class=\"elementor-heading-title elementor-size-default\">Musicaltea \"Chamber Music\"<\/h5>\t\t<\/div>\n\t\t\t\t<\/div>\n\t\t\t\t<div class=\"elementor-element elementor-element-31ff701 premium-modal-dismissible-yes exad-sticky-section-no exad-glass-effect-no elementor-widget elementor-widget-premium-addon-modal-box\" data-id=\"31ff701\" data-element_type=\"widget\" data-settings=\"{&quot;premium_modal_box_animation&quot;:&quot;fadeInDown&quot;}\" data-widget_type=\"premium-addon-modal-box.default\">\n\t\t\t\t<div class=\"elementor-widget-container\">\n\t\t\t\n\t\t<div class=\"premium-modal-box-container\" data-settings=\"{&quot;trigger&quot;:&quot;button&quot;}\">\n\t\t\t<div class=\"premium-modal-trigger-container\">\n\t\t\t\t\t\t\t\t\t<button data-toggle=\"premium-modal\" data-target=\"#premium-modal-31ff701\" type=\"button\" class=\"premium-modal-trigger-btn premium-btn-lg premium-button-none \" data-text=\"Programa\">\n\n\t\t\t\t\t\t\n\t\t\t\t\t\t<div class=\"premium-button-text-icon-wrapper\">\n\t\t\t\t\t\t\t<span>Programa<\/span>\n\t\t\t\t\t\t<\/div>\n\n\t\t\t\t\t\t\n\t\t\t\t\t\t\n\t\t\t\t\t\t\n\t\t\t\t\t<\/button>\n\t\t\t\t\t\t\t<\/div>\n\n\t\t\t<div id=\"premium-modal-31ff701\" class=\"premium-modal-box-modal\"\n\t\t\trole=\"dialog\"\n\t\t\tstyle=\"display: none\"\n\t\t\t>\n\t\t\t\t<div class=\"premium-modal-box-modal-dialog\" data-delay-animation=\"\" data-modal-animation=\"fadeInDown animated-fast\">\n\t\t\t\t\t\t\t\t\t\t\t<div class=\"premium-modal-box-modal-header\">\n\t\t\t\t\t\t\t\t\t\t\t\t\t\t\t<h3 class=\"premium-modal-box-modal-title\">\n\t\t\t\t\t\t\t\t\t<i aria-hidden=\"true\" class=\"fas fa-church\"><\/i>Programa 30 marzo\t\t\t\t\t\t\t\t<\/h3>\n\t\t\t\t\t\t\t\t\t\t\t\t\t\t\t\t\t\t\t\t\t\t<div class=\"premium-modal-box-close-button-container\">\n\t\t\t\t\t\t\t\t\t<button type=\"button\" class=\"premium-modal-box-modal-close\" data-dismiss=\"premium-modal\">&times;<\/button>\n\t\t\t\t\t\t\t\t<\/div>\n\t\t\t\t\t\t\t\t\t\t\t\t\t<\/div>\n\t\t\t\t\t\t\t\t\t\t<div class=\"premium-modal-box-modal-body\">\n\t\t\t\t\t\t<h3 style=\"text-align: center;\"><span style=\"text-decoration: underline; color: #0000ff;\"><strong>MUSICALTEA <em>\u00abCHAMBER MUSIC\u00bb<\/em><\/strong><\/span><\/h3><p style=\"text-align: center;\"><span style=\"text-decoration: underline;\"><strong>PROGRAMA<\/strong><\/span><\/p><p style=\"text-align: center;\">\u00a0<\/p><p style=\"text-align: center;\"><span style=\"text-decoration: underline;\"><strong>COMPONENTES Y FORMACI\u00d3N<\/strong><\/span><\/p><p style=\"text-align: center;\">Robert Forg\u00e1cs y Andrea Rosell\u00f3, violines<br \/>Runzhi Chen, viola<br \/>Hugo Junquera, clarinete<br \/>Enrique Igual, celo<br \/><br \/><\/p>\t\t\t\t\t<\/div>\n\t\t\t\t\t\t\t\t\t\t\t<div class=\"premium-modal-box-modal-footer\">\n\t\t\t\t\t\t\t<button type=\"button\" class=\"premium-modal-box-modal-lower-close\" data-dismiss=\"premium-modal\">\n\t\t\t\t\t\t\t\tCerrar\t\t\t\t\t\t\t<\/button>\n\t\t\t\t\t\t<\/div>\n\t\t\t\t\t\t\t\t\t<\/div>\n\t\t\t<\/div>\n\t\t<\/div>\n\n\t\t\t\t<\/div>\n\t\t\t\t<\/div>\n\t\t\t\t\t<\/div>\n\t\t<\/div>\n\t\t\t\t\t<\/div>\n\t\t<\/section>\n\t\t\t\t<section class=\"elementor-section elementor-top-section elementor-element elementor-element-b47bf0e elementor-section-boxed elementor-section-height-default elementor-section-height-default exad-glass-effect-no exad-sticky-section-no\" data-id=\"b47bf0e\" data-element_type=\"section\">\n\t\t\t\t\t\t<div class=\"elementor-container elementor-column-gap-default\">\n\t\t\t\t\t<div class=\"elementor-column elementor-col-100 elementor-top-column elementor-element elementor-element-f89608e exad-glass-effect-no exad-sticky-section-no\" data-id=\"f89608e\" data-element_type=\"column\">\n\t\t\t<div class=\"elementor-widget-wrap elementor-element-populated\">\n\t\t\t\t\t\t<div class=\"elementor-element elementor-element-d387fcd exad-sticky-section-no exad-glass-effect-no elementor-widget elementor-widget-spacer\" data-id=\"d387fcd\" data-element_type=\"widget\" data-widget_type=\"spacer.default\">\n\t\t\t\t<div class=\"elementor-widget-container\">\n\t\t\t\t\t<div class=\"elementor-spacer\">\n\t\t\t<div class=\"elementor-spacer-inner\"><\/div>\n\t\t<\/div>\n\t\t\t\t<\/div>\n\t\t\t\t<\/div>\n\t\t\t\t\t<\/div>\n\t\t<\/div>\n\t\t\t\t\t<\/div>\n\t\t<\/section>\n\t\t\t\t<section class=\"elementor-section elementor-top-section elementor-element elementor-element-4596d89 elementor-section-boxed elementor-section-height-default elementor-section-height-default exad-glass-effect-no exad-sticky-section-no\" data-id=\"4596d89\" data-element_type=\"section\">\n\t\t\t\t\t\t<div class=\"elementor-container elementor-column-gap-default\">\n\t\t\t\t\t<div class=\"elementor-column elementor-col-25 elementor-top-column elementor-element elementor-element-f0a1295 exad-glass-effect-no exad-sticky-section-no\" data-id=\"f0a1295\" data-element_type=\"column\">\n\t\t\t<div class=\"elementor-widget-wrap elementor-element-populated\">\n\t\t\t\t\t\t<div class=\"elementor-element elementor-element-475ee36 premium-modal-dismissible-yes exad-sticky-section-no exad-glass-effect-no elementor-widget elementor-widget-premium-addon-modal-box\" data-id=\"475ee36\" data-element_type=\"widget\" data-settings=\"{&quot;premium_modal_box_animation&quot;:&quot;fadeInDown&quot;}\" data-widget_type=\"premium-addon-modal-box.default\">\n\t\t\t\t<div class=\"elementor-widget-container\">\n\t\t\t\n\t\t<div class=\"premium-modal-box-container\" data-settings=\"{&quot;trigger&quot;:&quot;image&quot;}\">\n\t\t\t<div class=\"premium-modal-trigger-container\">\n\t\t\t\t\t\t\t\t\t<img decoding=\"async\" data-toggle=\"premium-modal\" data-target=\"#premium-modal-475ee36\" class=\"premium-modal-trigger-img lazyload\" data-src=\"https:\/\/www.alteacultural.com\/wp-content\/uploads\/2022\/01\/RUTAQUEESP.jpg\" alt=\"RUTAQUEESP\" src=\"data:image\/gif;base64,R0lGODlhAQABAAAAACH5BAEKAAEALAAAAAABAAEAAAICTAEAOw==\" style=\"--smush-placeholder-width: 640px; --smush-placeholder-aspect-ratio: 640\/480;\">\n\t\t\t\t\t\t\t<\/div>\n\n\t\t\t<div id=\"premium-modal-475ee36\" class=\"premium-modal-box-modal\"\n\t\t\trole=\"dialog\"\n\t\t\tstyle=\"display: none\"\n\t\t\t>\n\t\t\t\t<div class=\"premium-modal-box-modal-dialog\" data-delay-animation=\"\" data-modal-animation=\"fadeInDown animated-fast\">\n\t\t\t\t\t\t\t\t\t\t\t<div class=\"premium-modal-box-modal-header\">\n\t\t\t\t\t\t\t\t\t\t\t\t\t\t\t<h3 class=\"premium-modal-box-modal-title\">\n\t\t\t\t\t\t\t\t\t<i aria-hidden=\"true\" class=\"fas fa-church\"><\/i>\u00bfQu\u00e8 \u00e9s?\t\t\t\t\t\t\t\t<\/h3>\n\t\t\t\t\t\t\t\t\t\t\t\t\t\t\t\t\t\t\t\t\t\t<div class=\"premium-modal-box-close-button-container\">\n\t\t\t\t\t\t\t\t\t<button type=\"button\" class=\"premium-modal-box-modal-close\" data-dismiss=\"premium-modal\">&times;<\/button>\n\t\t\t\t\t\t\t\t<\/div>\n\t\t\t\t\t\t\t\t\t\t\t\t\t<\/div>\n\t\t\t\t\t\t\t\t\t\t<div class=\"premium-modal-box-modal-body\">\n\t\t\t\t\t\t<p>La Ruta de las Ermitas es un ciclo de conciertos arraigado en el pueblo de Altea desde hace m\u00e1s de una d\u00e9cada. El ciclo realiza un recorrido por toda la geograf\u00eda\u00a0alteana, visitando siete parajes donde se encuentran las citadas ermitas, cada una de ellas dedicada a un Santo.<br \/><br \/>Los conciertos se realizan cada a\u00f1o desde el s\u00e1bado anterior a la Semana Santa hasta el siguiente fin de semana, realiz\u00e1ndose un concierto por d\u00eda. Esta actividad atrae una gran cantidad de p\u00fablico, amante de la buena m\u00fasica. Y es un atractivo cultural para los\u00a0alteans\u00a0y visitantes que en estas fechas festivas nos acompa\u00f1an.<br \/><br \/>Para el pueblo de Altea las ermitas representan un patrimonio de incalculable valor, rodeadas de las m\u00e1s antiguas tradiciones, conservadas hasta nuestros d\u00edas. Desde el a\u00f1o 2008 se a\u00f1ade en el programa una breve explicaci\u00f3n, a continuaci\u00f3n presentada, sobre cada Ermita realizada por el Historiador Juan V. Mart\u00ed.<br \/><br \/>Desde la refundaci\u00f3n de la Vila de Altea en 1617, la poblaci\u00f3n tambi\u00e9n fue colonizando todos los rincones del t\u00e9rmino, creando con el tiempo n\u00facleos de casas rodeados de huertas y bancales denominados popularmente partidas.<br \/><br \/>Estos enclaves habitados fueron transformando el paisaje y con el esfuerzo de los vecinos nacieron caminos, acequias, eras,\u2026 y como no, las ermitas.<\/p>\t\t\t\t\t<\/div>\n\t\t\t\t\t\t\t\t\t\t\t<div class=\"premium-modal-box-modal-footer\">\n\t\t\t\t\t\t\t<button type=\"button\" class=\"premium-modal-box-modal-lower-close\" data-dismiss=\"premium-modal\">\n\t\t\t\t\t\t\t\tCerrar\t\t\t\t\t\t\t<\/button>\n\t\t\t\t\t\t<\/div>\n\t\t\t\t\t\t\t\t\t<\/div>\n\t\t\t<\/div>\n\t\t<\/div>\n\n\t\t\t\t<\/div>\n\t\t\t\t<\/div>\n\t\t\t\t\t<\/div>\n\t\t<\/div>\n\t\t\t\t<div class=\"elementor-column elementor-col-25 elementor-top-column elementor-element elementor-element-a3c014c exad-glass-effect-no exad-sticky-section-no\" data-id=\"a3c014c\" data-element_type=\"column\">\n\t\t\t<div class=\"elementor-widget-wrap elementor-element-populated\">\n\t\t\t\t\t\t<div class=\"elementor-element elementor-element-7ac168e premium-modal-dismissible-yes exad-sticky-section-no exad-glass-effect-no elementor-widget elementor-widget-premium-addon-modal-box\" data-id=\"7ac168e\" data-element_type=\"widget\" data-settings=\"{&quot;premium_modal_box_animation&quot;:&quot;fadeInDown&quot;}\" data-widget_type=\"premium-addon-modal-box.default\">\n\t\t\t\t<div class=\"elementor-widget-container\">\n\t\t\t\n\t\t<div class=\"premium-modal-box-container\" data-settings=\"{&quot;trigger&quot;:&quot;image&quot;}\">\n\t\t\t<div class=\"premium-modal-trigger-container\">\n\t\t\t\t\t\t\t\t\t<img decoding=\"async\" data-toggle=\"premium-modal\" data-target=\"#premium-modal-7ac168e\" class=\"premium-modal-trigger-img lazyload\" data-src=\"https:\/\/www.alteacultural.com\/wp-content\/uploads\/2022\/01\/rutamapa.jpg\" alt=\"rutamapa\" src=\"data:image\/gif;base64,R0lGODlhAQABAAAAACH5BAEKAAEALAAAAAABAAEAAAICTAEAOw==\" style=\"--smush-placeholder-width: 640px; --smush-placeholder-aspect-ratio: 640\/480;\">\n\t\t\t\t\t\t\t<\/div>\n\n\t\t\t<div id=\"premium-modal-7ac168e\" class=\"premium-modal-box-modal\"\n\t\t\trole=\"dialog\"\n\t\t\tstyle=\"display: none\"\n\t\t\t>\n\t\t\t\t<div class=\"premium-modal-box-modal-dialog\" data-delay-animation=\"\" data-modal-animation=\"fadeInDown animated-fast\">\n\t\t\t\t\t\t\t\t\t\t\t<div class=\"premium-modal-box-modal-header\">\n\t\t\t\t\t\t\t\t\t\t\t\t\t\t\t<h3 class=\"premium-modal-box-modal-title\">\n\t\t\t\t\t\t\t\t\t<i aria-hidden=\"true\" class=\"fas fa-church\"><\/i>Mapa ruta\t\t\t\t\t\t\t\t<\/h3>\n\t\t\t\t\t\t\t\t\t\t\t\t\t\t\t\t\t\t\t\t\t\t<div class=\"premium-modal-box-close-button-container\">\n\t\t\t\t\t\t\t\t\t<button type=\"button\" class=\"premium-modal-box-modal-close\" data-dismiss=\"premium-modal\">&times;<\/button>\n\t\t\t\t\t\t\t\t<\/div>\n\t\t\t\t\t\t\t\t\t\t\t\t\t<\/div>\n\t\t\t\t\t\t\t\t\t\t<div class=\"premium-modal-box-modal-body\">\n\t\t\t\t\t\t<p><img decoding=\"async\" class=\"alignnone size-full wp-image-3076 lazyload\" data-src=\"https:\/\/www.alteacultural.com\/wp-content\/uploads\/2021\/03\/Sin-titulo-2-01.jpg\" alt=\"\" width=\"1754\" height=\"1240\" data-srcset=\"https:\/\/www.alteacultural.com\/wp-content\/uploads\/2021\/03\/Sin-titulo-2-01.jpg 1754w, https:\/\/www.alteacultural.com\/wp-content\/uploads\/2021\/03\/Sin-titulo-2-01-768x543.jpg 768w, https:\/\/www.alteacultural.com\/wp-content\/uploads\/2021\/03\/Sin-titulo-2-01-1536x1086.jpg 1536w\" data-sizes=\"(max-width: 1754px) 100vw, 1754px\" src=\"data:image\/gif;base64,R0lGODlhAQABAAAAACH5BAEKAAEALAAAAAABAAEAAAICTAEAOw==\" style=\"--smush-placeholder-width: 1754px; --smush-placeholder-aspect-ratio: 1754\/1240;\" \/><\/p><p style=\"text-align: center;\"><a href=\"https:\/\/www.google.com\/maps\/d\/u\/0\/viewer?mid=184U9krapd9-KJ43sHV4QpZW5Yvs&amp;ll=38.60789220161936%2C-0.04528139999999681&amp;z=13\">(Mapa en Google Maps)<\/a><\/p>\t\t\t\t\t<\/div>\n\t\t\t\t\t\t\t\t\t\t\t<div class=\"premium-modal-box-modal-footer\">\n\t\t\t\t\t\t\t<button type=\"button\" class=\"premium-modal-box-modal-lower-close\" data-dismiss=\"premium-modal\">\n\t\t\t\t\t\t\t\tCerrar\t\t\t\t\t\t\t<\/button>\n\t\t\t\t\t\t<\/div>\n\t\t\t\t\t\t\t\t\t<\/div>\n\t\t\t<\/div>\n\t\t<\/div>\n\n\t\t\t\t<\/div>\n\t\t\t\t<\/div>\n\t\t\t\t\t<\/div>\n\t\t<\/div>\n\t\t\t\t<div class=\"elementor-column elementor-col-25 elementor-top-column elementor-element elementor-element-ccc1e58 exad-glass-effect-no exad-sticky-section-no\" data-id=\"ccc1e58\" data-element_type=\"column\">\n\t\t\t<div class=\"elementor-widget-wrap elementor-element-populated\">\n\t\t\t\t\t\t<div class=\"elementor-element elementor-element-cd49360 premium-modal-dismissible-yes exad-sticky-section-no exad-glass-effect-no elementor-widget elementor-widget-premium-addon-modal-box\" data-id=\"cd49360\" data-element_type=\"widget\" data-settings=\"{&quot;premium_modal_box_animation&quot;:&quot;fadeInDown&quot;}\" data-widget_type=\"premium-addon-modal-box.default\">\n\t\t\t\t<div class=\"elementor-widget-container\">\n\t\t\t\n\t\t<div class=\"premium-modal-box-container\" data-settings=\"{&quot;trigger&quot;:&quot;image&quot;}\">\n\t\t\t<div class=\"premium-modal-trigger-container\">\n\t\t\t\t\t\t\t\t\t<img decoding=\"async\" data-toggle=\"premium-modal\" data-target=\"#premium-modal-cd49360\" class=\"premium-modal-trigger-img lazyload\" data-src=\"https:\/\/www.alteacultural.com\/wp-content\/uploads\/2022\/01\/RUTAENTRADESESP.jpg\" alt=\"RUTAENTRADESESP\" src=\"data:image\/gif;base64,R0lGODlhAQABAAAAACH5BAEKAAEALAAAAAABAAEAAAICTAEAOw==\" style=\"--smush-placeholder-width: 640px; --smush-placeholder-aspect-ratio: 640\/480;\">\n\t\t\t\t\t\t\t<\/div>\n\n\t\t\t<div id=\"premium-modal-cd49360\" class=\"premium-modal-box-modal\"\n\t\t\trole=\"dialog\"\n\t\t\tstyle=\"display: none\"\n\t\t\t>\n\t\t\t\t<div class=\"premium-modal-box-modal-dialog\" data-delay-animation=\"\" data-modal-animation=\"fadeInDown animated-fast\">\n\t\t\t\t\t\t\t\t\t\t\t<div class=\"premium-modal-box-modal-header\">\n\t\t\t\t\t\t\t\t\t\t\t\t\t\t\t<h3 class=\"premium-modal-box-modal-title\">\n\t\t\t\t\t\t\t\t\t<i aria-hidden=\"true\" class=\"fas fa-church\"><\/i>Entradas\t\t\t\t\t\t\t\t<\/h3>\n\t\t\t\t\t\t\t\t\t\t\t\t\t\t\t\t\t\t\t\t\t\t<div class=\"premium-modal-box-close-button-container\">\n\t\t\t\t\t\t\t\t\t<button type=\"button\" class=\"premium-modal-box-modal-close\" data-dismiss=\"premium-modal\">&times;<\/button>\n\t\t\t\t\t\t\t\t<\/div>\n\t\t\t\t\t\t\t\t\t\t\t\t\t<\/div>\n\t\t\t\t\t\t\t\t\t\t<div class=\"premium-modal-box-modal-body\">\n\t\t\t\t\t\t<p style=\"text-align: center;\">Para esta edici\u00f3n no ser\u00e1 necesario la entrada con reserva. El acceso es libre y gratuito.<\/p>\t\t\t\t\t<\/div>\n\t\t\t\t\t\t\t\t\t\t\t<div class=\"premium-modal-box-modal-footer\">\n\t\t\t\t\t\t\t<button type=\"button\" class=\"premium-modal-box-modal-lower-close\" data-dismiss=\"premium-modal\">\n\t\t\t\t\t\t\t\tCerrar\t\t\t\t\t\t\t<\/button>\n\t\t\t\t\t\t<\/div>\n\t\t\t\t\t\t\t\t\t<\/div>\n\t\t\t<\/div>\n\t\t<\/div>\n\n\t\t\t\t<\/div>\n\t\t\t\t<\/div>\n\t\t\t\t\t<\/div>\n\t\t<\/div>\n\t\t\t\t<div class=\"elementor-column elementor-col-25 elementor-top-column elementor-element elementor-element-b688732 exad-glass-effect-no exad-sticky-section-no\" data-id=\"b688732\" data-element_type=\"column\">\n\t\t\t<div class=\"elementor-widget-wrap elementor-element-populated\">\n\t\t\t\t\t\t<div class=\"elementor-element elementor-element-13628ef exad-sticky-section-no exad-glass-effect-no elementor-widget elementor-widget-image\" data-id=\"13628ef\" data-element_type=\"widget\" data-widget_type=\"image.default\">\n\t\t\t\t<div class=\"elementor-widget-container\">\n\t\t\t\t\t\t\t\t\t\t\t\t\t\t<a href=\"https:\/\/www.alteacultural.com\/ruta-edicions-anteriors\/?lang=es\">\n\t\t\t\t\t\t\t<img decoding=\"async\" width=\"640\" height=\"480\" data-src=\"https:\/\/www.alteacultural.com\/wp-content\/uploads\/2022\/01\/RUTAANTERIORSESP.jpg\" class=\"attachment-large size-large wp-image-14026 lazyload\" alt=\"\" src=\"data:image\/gif;base64,R0lGODlhAQABAAAAACH5BAEKAAEALAAAAAABAAEAAAICTAEAOw==\" style=\"--smush-placeholder-width: 640px; --smush-placeholder-aspect-ratio: 640\/480;\" \/>\t\t\t\t\t\t\t\t<\/a>\n\t\t\t\t\t\t\t\t\t\t\t\t\t<\/div>\n\t\t\t\t<\/div>\n\t\t\t\t\t<\/div>\n\t\t<\/div>\n\t\t\t\t\t<\/div>\n\t\t<\/section>\n\t\t\t\t<section class=\"elementor-section elementor-top-section elementor-element elementor-element-c9816c7 elementor-section-boxed elementor-section-height-default elementor-section-height-default exad-glass-effect-no exad-sticky-section-no\" data-id=\"c9816c7\" data-element_type=\"section\">\n\t\t\t\t\t\t<div class=\"elementor-container elementor-column-gap-default\">\n\t\t\t\t\t<div class=\"elementor-column elementor-col-100 elementor-top-column elementor-element elementor-element-a74a692 exad-glass-effect-no exad-sticky-section-no\" data-id=\"a74a692\" data-element_type=\"column\">\n\t\t\t<div class=\"elementor-widget-wrap elementor-element-populated\">\n\t\t\t\t\t\t<div class=\"elementor-element elementor-element-f172432 exad-sticky-section-no exad-glass-effect-no elementor-widget elementor-widget-spacer\" data-id=\"f172432\" data-element_type=\"widget\" data-widget_type=\"spacer.default\">\n\t\t\t\t<div class=\"elementor-widget-container\">\n\t\t\t\t\t<div class=\"elementor-spacer\">\n\t\t\t<div class=\"elementor-spacer-inner\"><\/div>\n\t\t<\/div>\n\t\t\t\t<\/div>\n\t\t\t\t<\/div>\n\t\t\t\t<div class=\"elementor-element elementor-element-4ec4b8b exad-sticky-section-no exad-glass-effect-no elementor-widget elementor-widget-text-editor\" data-id=\"4ec4b8b\" data-element_type=\"widget\" data-widget_type=\"text-editor.default\">\n\t\t\t\t<div class=\"elementor-widget-container\">\n\t\t\t\t\t\t\t<p style=\"text-align: center;\"><span style=\"color: #ff0000;\">Web en construcci\u00f3n. En breve estar\u00e1 la <strong>info de cada concierto<\/strong>.<\/span><\/p>\t\t\t\t\t\t<\/div>\n\t\t\t\t<\/div>\n\t\t\t\t<div class=\"elementor-element elementor-element-a8962b1 exad-sticky-section-no exad-glass-effect-no elementor-widget elementor-widget-image\" data-id=\"a8962b1\" data-element_type=\"widget\" data-widget_type=\"image.default\">\n\t\t\t\t<div class=\"elementor-widget-container\">\n\t\t\t\t\t\t\t\t\t\t\t\t\t\t<a href=\"https:\/\/www.alteacultural.com\/wp-content\/uploads\/2024\/03\/RutaDeLesErmites_Altea2024_Cartell-01.jpg\" data-elementor-open-lightbox=\"yes\" data-elementor-lightbox-title=\"RutaDeLesErmites_Altea2024_Cartell-01\" data-e-action-hash=\"#elementor-action%3Aaction%3Dlightbox%26settings%3DeyJpZCI6MjkzMTQsInVybCI6Imh0dHBzOlwvXC93d3cuYWx0ZWFjdWx0dXJhbC5jb21cL3dwLWNvbnRlbnRcL3VwbG9hZHNcLzIwMjRcLzAzXC9SdXRhRGVMZXNFcm1pdGVzX0FsdGVhMjAyNF9DYXJ0ZWxsLTAxLmpwZyJ9\">\n\t\t\t\t\t\t\t<img decoding=\"async\" data-src=\"https:\/\/www.alteacultural.com\/wp-content\/uploads\/elementor\/thumbs\/RutaDeLesErmites_Altea2024_Cartell-01-qkwqnaghmmp12o7g6y7guaxlmkifqv1rsqvs4jzgfc.jpg\" title=\"RutaDeLesErmites_Altea2024_Cartell-01\" alt=\"RutaDeLesErmites_Altea2024_Cartell-01\" src=\"data:image\/gif;base64,R0lGODlhAQABAAAAACH5BAEKAAEALAAAAAABAAEAAAICTAEAOw==\" class=\"lazyload\" style=\"--smush-placeholder-width: 750px; --smush-placeholder-aspect-ratio: 750\/1060;\" \/>\t\t\t\t\t\t\t\t<\/a>\n\t\t\t\t\t\t\t\t\t\t\t\t\t<\/div>\n\t\t\t\t<\/div>\n\t\t\t\t\t<\/div>\n\t\t<\/div>\n\t\t\t\t\t<\/div>\n\t\t<\/section>\n\t\t<!-- dce invisible element 4dfac4b -->\t\t<section class=\"elementor-section elementor-top-section elementor-element elementor-element-beaca28 elementor-section-boxed elementor-section-height-default elementor-section-height-default exad-glass-effect-no exad-sticky-section-no\" data-id=\"beaca28\" data-element_type=\"section\">\n\t\t\t\t\t\t<div class=\"elementor-container elementor-column-gap-default\">\n\t\t\t\t\t<div class=\"elementor-column elementor-col-100 elementor-top-column elementor-element elementor-element-72c5490 exad-glass-effect-no exad-sticky-section-no\" data-id=\"72c5490\" data-element_type=\"column\">\n\t\t\t<div class=\"elementor-widget-wrap elementor-element-populated\">\n\t\t\t\t\t\t<div class=\"elementor-element elementor-element-4f5de3c exad-sticky-section-no exad-glass-effect-no elementor-widget elementor-widget-spacer\" data-id=\"4f5de3c\" data-element_type=\"widget\" data-widget_type=\"spacer.default\">\n\t\t\t\t<div class=\"elementor-widget-container\">\n\t\t\t\t\t<div class=\"elementor-spacer\">\n\t\t\t<div class=\"elementor-spacer-inner\"><\/div>\n\t\t<\/div>\n\t\t\t\t<\/div>\n\t\t\t\t<\/div>\n\t\t\t\t\t<\/div>\n\t\t<\/div>\n\t\t\t\t\t<\/div>\n\t\t<\/section>\n\t\t<!-- dce invisible element c370062 --><!-- dce invisible element 24254a8 -->\t\t<section class=\"elementor-section elementor-top-section elementor-element elementor-element-34a3df6 elementor-section-boxed elementor-section-height-default elementor-section-height-default exad-glass-effect-no exad-sticky-section-no\" data-id=\"34a3df6\" data-element_type=\"section\">\n\t\t\t\t\t\t<div class=\"elementor-container elementor-column-gap-default\">\n\t\t\t\t\t<div class=\"elementor-column elementor-col-100 elementor-top-column elementor-element elementor-element-611b688 exad-glass-effect-no exad-sticky-section-no\" data-id=\"611b688\" data-element_type=\"column\">\n\t\t\t<div class=\"elementor-widget-wrap elementor-element-populated\">\n\t\t\t\t\t\t<div class=\"elementor-element elementor-element-0d9b46b exad-sticky-section-no exad-glass-effect-no elementor-widget elementor-widget-spacer\" data-id=\"0d9b46b\" data-element_type=\"widget\" data-widget_type=\"spacer.default\">\n\t\t\t\t<div class=\"elementor-widget-container\">\n\t\t\t\t\t<div class=\"elementor-spacer\">\n\t\t\t<div class=\"elementor-spacer-inner\"><\/div>\n\t\t<\/div>\n\t\t\t\t<\/div>\n\t\t\t\t<\/div>\n\t\t\t\t\t<\/div>\n\t\t<\/div>\n\t\t\t\t\t<\/div>\n\t\t<\/section>\n\t\t\t\t<section class=\"elementor-section elementor-top-section elementor-element elementor-element-a4e9434 elementor-section-boxed elementor-section-height-default elementor-section-height-default exad-glass-effect-no exad-sticky-section-no\" data-id=\"a4e9434\" data-element_type=\"section\">\n\t\t\t\t\t\t<div class=\"elementor-container elementor-column-gap-default\">\n\t\t\t\t\t<div class=\"elementor-column elementor-col-100 elementor-top-column elementor-element elementor-element-e66a28e exad-glass-effect-no exad-sticky-section-no\" data-id=\"e66a28e\" data-element_type=\"column\">\n\t\t\t<div class=\"elementor-widget-wrap elementor-element-populated\">\n\t\t\t\t\t\t<div class=\"elementor-element elementor-element-5a519e3 exad-sticky-section-no exad-glass-effect-no elementor-widget elementor-widget-image-gallery\" data-id=\"5a519e3\" data-element_type=\"widget\" data-widget_type=\"image-gallery.default\">\n\t\t\t\t<div class=\"elementor-widget-container\">\n\t\t\t\t\t<div class=\"elementor-image-gallery\">\n\t\t\t\n\t\t<style type=\"text\/css\">\n\t\t\t#gallery-1 {\n\t\t\t\tmargin: auto;\n\t\t\t}\n\t\t\t#gallery-1 .gallery-item {\n\t\t\t\tfloat: left;\n\t\t\t\tmargin-top: 10px;\n\t\t\t\ttext-align: center;\n\t\t\t\twidth: 33%;\n\t\t\t}\n\t\t\t#gallery-1 img {\n\t\t\t\tborder: 2px solid #cfcfcf;\n\t\t\t}\n\t\t\t#gallery-1 .gallery-caption {\n\t\t\t\tmargin-left: 0;\n\t\t\t}\n\t\t\t\/* see gallery_shortcode() in wp-includes\/media.php *\/\n\t\t<\/style>\n\t\t<div id='gallery-1' class='gallery galleryid-3496 gallery-columns-3 gallery-size-medium'><dl class='gallery-item'>\n\t\t\t<dt class='gallery-icon landscape'>\n\t\t\t\t<a data-elementor-open-lightbox=\"yes\" data-elementor-lightbox-slideshow=\"5a519e3\" data-elementor-lightbox-title=\"479_l\" data-e-action-hash=\"#elementor-action%3Aaction%3Dlightbox%26settings%3DeyJpZCI6MzAwNywidXJsIjoiaHR0cHM6XC9cL3d3dy5hbHRlYWN1bHR1cmFsLmNvbVwvd3AtY29udGVudFwvdXBsb2Fkc1wvMjAyMVwvMDNcLzQ3OV9sLmpwZyIsInNsaWRlc2hvdyI6IjVhNTE5ZTMifQ%3D%3D\" href='https:\/\/www.alteacultural.com\/wp-content\/uploads\/2021\/03\/479_l.jpg'><img decoding=\"async\" width=\"500\" height=\"281\" data-src=\"https:\/\/www.alteacultural.com\/wp-content\/uploads\/2021\/03\/479_l.jpg\" class=\"attachment-medium size-medium lazyload\" alt=\"\" src=\"data:image\/gif;base64,R0lGODlhAQABAAAAACH5BAEKAAEALAAAAAABAAEAAAICTAEAOw==\" style=\"--smush-placeholder-width: 500px; --smush-placeholder-aspect-ratio: 500\/281;\" \/><\/a>\n\t\t\t<\/dt><\/dl><dl class='gallery-item'>\n\t\t\t<dt class='gallery-icon landscape'>\n\t\t\t\t<a data-elementor-open-lightbox=\"yes\" data-elementor-lightbox-slideshow=\"5a519e3\" data-elementor-lightbox-title=\"478_l\" data-e-action-hash=\"#elementor-action%3Aaction%3Dlightbox%26settings%3DeyJpZCI6MzAwNSwidXJsIjoiaHR0cHM6XC9cL3d3dy5hbHRlYWN1bHR1cmFsLmNvbVwvd3AtY29udGVudFwvdXBsb2Fkc1wvMjAyMVwvMDNcLzQ3OF9sLmpwZyIsInNsaWRlc2hvdyI6IjVhNTE5ZTMifQ%3D%3D\" href='https:\/\/www.alteacultural.com\/wp-content\/uploads\/2021\/03\/478_l.jpg'><img decoding=\"async\" width=\"500\" height=\"281\" data-src=\"https:\/\/www.alteacultural.com\/wp-content\/uploads\/2021\/03\/478_l.jpg\" class=\"attachment-medium size-medium lazyload\" alt=\"\" src=\"data:image\/gif;base64,R0lGODlhAQABAAAAACH5BAEKAAEALAAAAAABAAEAAAICTAEAOw==\" style=\"--smush-placeholder-width: 500px; --smush-placeholder-aspect-ratio: 500\/281;\" \/><\/a>\n\t\t\t<\/dt><\/dl><dl class='gallery-item'>\n\t\t\t<dt class='gallery-icon landscape'>\n\t\t\t\t<a data-elementor-open-lightbox=\"yes\" data-elementor-lightbox-slideshow=\"5a519e3\" data-elementor-lightbox-title=\"480_l\" data-e-action-hash=\"#elementor-action%3Aaction%3Dlightbox%26settings%3DeyJpZCI6MzAwOSwidXJsIjoiaHR0cHM6XC9cL3d3dy5hbHRlYWN1bHR1cmFsLmNvbVwvd3AtY29udGVudFwvdXBsb2Fkc1wvMjAyMVwvMDNcLzQ4MF9sLmpwZyIsInNsaWRlc2hvdyI6IjVhNTE5ZTMifQ%3D%3D\" href='https:\/\/www.alteacultural.com\/wp-content\/uploads\/2021\/03\/480_l.jpg'><img decoding=\"async\" width=\"500\" height=\"281\" data-src=\"https:\/\/www.alteacultural.com\/wp-content\/uploads\/2021\/03\/480_l.jpg\" class=\"attachment-medium size-medium lazyload\" alt=\"\" src=\"data:image\/gif;base64,R0lGODlhAQABAAAAACH5BAEKAAEALAAAAAABAAEAAAICTAEAOw==\" style=\"--smush-placeholder-width: 500px; --smush-placeholder-aspect-ratio: 500\/281;\" \/><\/a>\n\t\t\t<\/dt><\/dl><br style=\"clear: both\" \/><dl class='gallery-item'>\n\t\t\t<dt class='gallery-icon landscape'>\n\t\t\t\t<a data-elementor-open-lightbox=\"yes\" data-elementor-lightbox-slideshow=\"5a519e3\" data-elementor-lightbox-title=\"482_l\" data-e-action-hash=\"#elementor-action%3Aaction%3Dlightbox%26settings%3DeyJpZCI6MzAxMywidXJsIjoiaHR0cHM6XC9cL3d3dy5hbHRlYWN1bHR1cmFsLmNvbVwvd3AtY29udGVudFwvdXBsb2Fkc1wvMjAyMVwvMDNcLzQ4Ml9sLmpwZyIsInNsaWRlc2hvdyI6IjVhNTE5ZTMifQ%3D%3D\" href='https:\/\/www.alteacultural.com\/wp-content\/uploads\/2021\/03\/482_l.jpg'><img decoding=\"async\" width=\"500\" height=\"281\" data-src=\"https:\/\/www.alteacultural.com\/wp-content\/uploads\/2021\/03\/482_l.jpg\" class=\"attachment-medium size-medium lazyload\" alt=\"\" src=\"data:image\/gif;base64,R0lGODlhAQABAAAAACH5BAEKAAEALAAAAAABAAEAAAICTAEAOw==\" style=\"--smush-placeholder-width: 500px; --smush-placeholder-aspect-ratio: 500\/281;\" \/><\/a>\n\t\t\t<\/dt><\/dl><dl class='gallery-item'>\n\t\t\t<dt class='gallery-icon landscape'>\n\t\t\t\t<a data-elementor-open-lightbox=\"yes\" data-elementor-lightbox-slideshow=\"5a519e3\" data-elementor-lightbox-title=\"481_l\" data-e-action-hash=\"#elementor-action%3Aaction%3Dlightbox%26settings%3DeyJpZCI6MzAxMSwidXJsIjoiaHR0cHM6XC9cL3d3dy5hbHRlYWN1bHR1cmFsLmNvbVwvd3AtY29udGVudFwvdXBsb2Fkc1wvMjAyMVwvMDNcLzQ4MV9sLmpwZyIsInNsaWRlc2hvdyI6IjVhNTE5ZTMifQ%3D%3D\" href='https:\/\/www.alteacultural.com\/wp-content\/uploads\/2021\/03\/481_l.jpg'><img decoding=\"async\" width=\"500\" height=\"281\" data-src=\"https:\/\/www.alteacultural.com\/wp-content\/uploads\/2021\/03\/481_l.jpg\" class=\"attachment-medium size-medium lazyload\" alt=\"\" src=\"data:image\/gif;base64,R0lGODlhAQABAAAAACH5BAEKAAEALAAAAAABAAEAAAICTAEAOw==\" style=\"--smush-placeholder-width: 500px; --smush-placeholder-aspect-ratio: 500\/281;\" \/><\/a>\n\t\t\t<\/dt><\/dl><dl class='gallery-item'>\n\t\t\t<dt class='gallery-icon landscape'>\n\t\t\t\t<a data-elementor-open-lightbox=\"yes\" data-elementor-lightbox-slideshow=\"5a519e3\" data-elementor-lightbox-title=\"483_l\" data-e-action-hash=\"#elementor-action%3Aaction%3Dlightbox%26settings%3DeyJpZCI6MzAxNSwidXJsIjoiaHR0cHM6XC9cL3d3dy5hbHRlYWN1bHR1cmFsLmNvbVwvd3AtY29udGVudFwvdXBsb2Fkc1wvMjAyMVwvMDNcLzQ4M19sLmpwZyIsInNsaWRlc2hvdyI6IjVhNTE5ZTMifQ%3D%3D\" href='https:\/\/www.alteacultural.com\/wp-content\/uploads\/2021\/03\/483_l.jpg'><img decoding=\"async\" width=\"500\" height=\"281\" data-src=\"https:\/\/www.alteacultural.com\/wp-content\/uploads\/2021\/03\/483_l.jpg\" class=\"attachment-medium size-medium lazyload\" alt=\"\" src=\"data:image\/gif;base64,R0lGODlhAQABAAAAACH5BAEKAAEALAAAAAABAAEAAAICTAEAOw==\" style=\"--smush-placeholder-width: 500px; --smush-placeholder-aspect-ratio: 500\/281;\" \/><\/a>\n\t\t\t<\/dt><\/dl><br style=\"clear: both\" \/>\n\t\t<\/div>\n\t\t<\/div>\n\t\t\t\t<\/div>\n\t\t\t\t<\/div>\n\t\t\t\t\t<\/div>\n\t\t<\/div>\n\t\t\t\t\t<\/div>\n\t\t<\/section>\n\t\t\t\t<section class=\"elementor-section elementor-top-section elementor-element elementor-element-bb61e92 elementor-section-boxed elementor-section-height-default elementor-section-height-default exad-glass-effect-no exad-sticky-section-no\" data-id=\"bb61e92\" data-element_type=\"section\">\n\t\t\t\t\t\t<div class=\"elementor-container elementor-column-gap-default\">\n\t\t\t\t\t<div class=\"elementor-column elementor-col-100 elementor-top-column elementor-element elementor-element-1d0baec exad-glass-effect-no exad-sticky-section-no\" data-id=\"1d0baec\" data-element_type=\"column\">\n\t\t\t<div class=\"elementor-widget-wrap elementor-element-populated\">\n\t\t\t\t\t\t<div class=\"elementor-element elementor-element-dbb0ccf exad-sticky-section-no exad-glass-effect-no elementor-widget elementor-widget-spacer\" data-id=\"dbb0ccf\" data-element_type=\"widget\" data-widget_type=\"spacer.default\">\n\t\t\t\t<div class=\"elementor-widget-container\">\n\t\t\t\t\t<div class=\"elementor-spacer\">\n\t\t\t<div class=\"elementor-spacer-inner\"><\/div>\n\t\t<\/div>\n\t\t\t\t<\/div>\n\t\t\t\t<\/div>\n\t\t\t\t\t<\/div>\n\t\t<\/div>\n\t\t\t\t\t<\/div>\n\t\t<\/section>\n\t\t\t\t<section class=\"elementor-section elementor-top-section elementor-element elementor-element-f808d20 elementor-section-boxed elementor-section-height-default elementor-section-height-default exad-glass-effect-no exad-sticky-section-no\" data-id=\"f808d20\" data-element_type=\"section\">\n\t\t\t\t\t\t<div class=\"elementor-container elementor-column-gap-default\">\n\t\t\t\t\t<div class=\"elementor-column elementor-col-100 elementor-top-column elementor-element elementor-element-3b77d2a exad-glass-effect-no exad-sticky-section-no\" data-id=\"3b77d2a\" data-element_type=\"column\">\n\t\t\t<div class=\"elementor-widget-wrap elementor-element-populated\">\n\t\t\t\t\t\t<div class=\"elementor-element elementor-element-714d376 exad-sticky-section-no exad-glass-effect-no elementor-widget elementor-widget-image\" data-id=\"714d376\" data-element_type=\"widget\" data-widget_type=\"image.default\">\n\t\t\t\t<div class=\"elementor-widget-container\">\n\t\t\t\t\t\t\t\t\t\t\t\t\t\t<a href=\"https:\/\/www.alteacultural.com\/alertes\/\">\n\t\t\t\t\t\t\t<img decoding=\"async\" width=\"500\" height=\"120\" data-src=\"https:\/\/www.alteacultural.com\/wp-content\/uploads\/2021\/07\/alertas.jpg\" class=\"attachment-large size-large wp-image-9441 lazyload\" alt=\"\" src=\"data:image\/gif;base64,R0lGODlhAQABAAAAACH5BAEKAAEALAAAAAABAAEAAAICTAEAOw==\" style=\"--smush-placeholder-width: 500px; --smush-placeholder-aspect-ratio: 500\/120;\" \/>\t\t\t\t\t\t\t\t<\/a>\n\t\t\t\t\t\t\t\t\t\t\t\t\t<\/div>\n\t\t\t\t<\/div>\n\t\t\t\t\t<\/div>\n\t\t<\/div>\n\t\t\t\t\t<\/div>\n\t\t<\/section>\n\t\t\t\t<\/div>\n\t\t","protected":false},"excerpt":{"rendered":"<p>2024 15 marzo &#8211; 19:30h Casa de Cultura (Altea) Cantos desde el alma Programa Programa 15 marzo \u00d7 CANTOS [&hellip;]<\/p>\n","protected":false},"author":1,"featured_media":0,"parent":0,"menu_order":0,"comment_status":"closed","ping_status":"closed","template":"template-fullwide.php","meta":{"_expiration-date-status":"","_expiration-date":1710416997,"_expiration-date-type":"draft","_expiration-date-categories":[],"_expiration-date-options":[],"footnotes":""},"yoast_head":"<!-- This site is optimized with the Yoast SEO plugin v22.8 - https:\/\/yoast.com\/wordpress\/plugins\/seo\/ -->\n<title>Ruta de les Ermites - Altea Cultural<\/title>\n<meta name=\"robots\" content=\"index, follow, max-snippet:-1, max-image-preview:large, max-video-preview:-1\" \/>\n<link rel=\"canonical\" href=\"https:\/\/www.alteacultural.com\/es\/rutadelesermites2\/\" \/>\n<meta property=\"og:locale\" content=\"es_ES\" \/>\n<meta property=\"og:type\" content=\"article\" \/>\n<meta property=\"og:title\" content=\"Ruta de les Ermites - Altea Cultural\" \/>\n<meta property=\"og:description\" content=\"2024 15 marzo &#8211; 19:30h Casa de Cultura (Altea) Cantos desde el alma Programa Programa 15 marzo \u00d7 CANTOS [&hellip;]\" \/>\n<meta property=\"og:url\" content=\"https:\/\/www.alteacultural.com\/es\/rutadelesermites2\/\" \/>\n<meta property=\"og:site_name\" content=\"Altea Cultural\" \/>\n<meta property=\"article:modified_time\" content=\"2024-03-14T11:50:30+00:00\" \/>\n<meta property=\"og:image\" content=\"https:\/\/www.alteacultural.com\/wp-content\/uploads\/2022\/01\/Sin-titulo-1.jpg\" \/>\n<meta name=\"twitter:card\" content=\"summary_large_image\" \/>\n<meta name=\"twitter:label1\" content=\"Tiempo de lectura\" \/>\n\t<meta name=\"twitter:data1\" content=\"40 minutos\" \/>\n<script type=\"application\/ld+json\" class=\"yoast-schema-graph\">{\"@context\":\"https:\/\/schema.org\",\"@graph\":[{\"@type\":\"WebPage\",\"@id\":\"https:\/\/www.alteacultural.com\/es\/rutadelesermites2\/\",\"url\":\"https:\/\/www.alteacultural.com\/es\/rutadelesermites2\/\",\"name\":\"Ruta de les Ermites - Altea Cultural\",\"isPartOf\":{\"@id\":\"https:\/\/www.alteacultural.com\/es\/#website\"},\"primaryImageOfPage\":{\"@id\":\"https:\/\/www.alteacultural.com\/es\/rutadelesermites2\/#primaryimage\"},\"image\":{\"@id\":\"https:\/\/www.alteacultural.com\/es\/rutadelesermites2\/#primaryimage\"},\"thumbnailUrl\":\"https:\/\/www.alteacultural.com\/wp-content\/uploads\/2022\/01\/Sin-titulo-1.jpg\",\"datePublished\":\"2021-03-08T08:50:21+00:00\",\"dateModified\":\"2024-03-14T11:50:30+00:00\",\"breadcrumb\":{\"@id\":\"https:\/\/www.alteacultural.com\/es\/rutadelesermites2\/#breadcrumb\"},\"inLanguage\":\"es\",\"potentialAction\":[{\"@type\":\"ReadAction\",\"target\":[\"https:\/\/www.alteacultural.com\/es\/rutadelesermites2\/\"]}]},{\"@type\":\"ImageObject\",\"inLanguage\":\"es\",\"@id\":\"https:\/\/www.alteacultural.com\/es\/rutadelesermites2\/#primaryimage\",\"url\":\"https:\/\/www.alteacultural.com\/wp-content\/uploads\/2022\/01\/Sin-titulo-1.jpg\",\"contentUrl\":\"https:\/\/www.alteacultural.com\/wp-content\/uploads\/2022\/01\/Sin-titulo-1.jpg\"},{\"@type\":\"BreadcrumbList\",\"@id\":\"https:\/\/www.alteacultural.com\/es\/rutadelesermites2\/#breadcrumb\",\"itemListElement\":[{\"@type\":\"ListItem\",\"position\":1,\"name\":\"Inici\",\"item\":\"https:\/\/www.alteacultural.com\/es\/\"},{\"@type\":\"ListItem\",\"position\":2,\"name\":\"Ruta de les Ermites\"}]},{\"@type\":\"WebSite\",\"@id\":\"https:\/\/www.alteacultural.com\/es\/#website\",\"url\":\"https:\/\/www.alteacultural.com\/es\/\",\"name\":\"Altea Cultural\",\"description\":\"Regidoria de Cultura de l&#039;Ajuntament d&#039;Altea\",\"potentialAction\":[{\"@type\":\"SearchAction\",\"target\":{\"@type\":\"EntryPoint\",\"urlTemplate\":\"https:\/\/www.alteacultural.com\/es\/?s={search_term_string}\"},\"query-input\":\"required name=search_term_string\"}],\"inLanguage\":\"es\"}]}<\/script>\n<!-- \/ Yoast SEO plugin. -->","yoast_head_json":{"title":"Ruta de les Ermites - Altea Cultural","robots":{"index":"index","follow":"follow","max-snippet":"max-snippet:-1","max-image-preview":"max-image-preview:large","max-video-preview":"max-video-preview:-1"},"canonical":"https:\/\/www.alteacultural.com\/es\/rutadelesermites2\/","og_locale":"es_ES","og_type":"article","og_title":"Ruta de les Ermites - Altea Cultural","og_description":"2024 15 marzo &#8211; 19:30h Casa de Cultura (Altea) Cantos desde el alma Programa Programa 15 marzo \u00d7 CANTOS [&hellip;]","og_url":"https:\/\/www.alteacultural.com\/es\/rutadelesermites2\/","og_site_name":"Altea Cultural","article_modified_time":"2024-03-14T11:50:30+00:00","og_image":[{"url":"https:\/\/www.alteacultural.com\/wp-content\/uploads\/2022\/01\/Sin-titulo-1.jpg"}],"twitter_card":"summary_large_image","twitter_misc":{"Tiempo de lectura":"40 minutos"},"schema":{"@context":"https:\/\/schema.org","@graph":[{"@type":"WebPage","@id":"https:\/\/www.alteacultural.com\/es\/rutadelesermites2\/","url":"https:\/\/www.alteacultural.com\/es\/rutadelesermites2\/","name":"Ruta de les Ermites - Altea Cultural","isPartOf":{"@id":"https:\/\/www.alteacultural.com\/es\/#website"},"primaryImageOfPage":{"@id":"https:\/\/www.alteacultural.com\/es\/rutadelesermites2\/#primaryimage"},"image":{"@id":"https:\/\/www.alteacultural.com\/es\/rutadelesermites2\/#primaryimage"},"thumbnailUrl":"https:\/\/www.alteacultural.com\/wp-content\/uploads\/2022\/01\/Sin-titulo-1.jpg","datePublished":"2021-03-08T08:50:21+00:00","dateModified":"2024-03-14T11:50:30+00:00","breadcrumb":{"@id":"https:\/\/www.alteacultural.com\/es\/rutadelesermites2\/#breadcrumb"},"inLanguage":"es","potentialAction":[{"@type":"ReadAction","target":["https:\/\/www.alteacultural.com\/es\/rutadelesermites2\/"]}]},{"@type":"ImageObject","inLanguage":"es","@id":"https:\/\/www.alteacultural.com\/es\/rutadelesermites2\/#primaryimage","url":"https:\/\/www.alteacultural.com\/wp-content\/uploads\/2022\/01\/Sin-titulo-1.jpg","contentUrl":"https:\/\/www.alteacultural.com\/wp-content\/uploads\/2022\/01\/Sin-titulo-1.jpg"},{"@type":"BreadcrumbList","@id":"https:\/\/www.alteacultural.com\/es\/rutadelesermites2\/#breadcrumb","itemListElement":[{"@type":"ListItem","position":1,"name":"Inici","item":"https:\/\/www.alteacultural.com\/es\/"},{"@type":"ListItem","position":2,"name":"Ruta de les Ermites"}]},{"@type":"WebSite","@id":"https:\/\/www.alteacultural.com\/es\/#website","url":"https:\/\/www.alteacultural.com\/es\/","name":"Altea Cultural","description":"Regidoria de Cultura de l&#039;Ajuntament d&#039;Altea","potentialAction":[{"@type":"SearchAction","target":{"@type":"EntryPoint","urlTemplate":"https:\/\/www.alteacultural.com\/es\/?s={search_term_string}"},"query-input":"required name=search_term_string"}],"inLanguage":"es"}]}},"_links":{"self":[{"href":"https:\/\/www.alteacultural.com\/es\/wp-json\/wp\/v2\/pages\/3496"}],"collection":[{"href":"https:\/\/www.alteacultural.com\/es\/wp-json\/wp\/v2\/pages"}],"about":[{"href":"https:\/\/www.alteacultural.com\/es\/wp-json\/wp\/v2\/types\/page"}],"author":[{"embeddable":true,"href":"https:\/\/www.alteacultural.com\/es\/wp-json\/wp\/v2\/users\/1"}],"replies":[{"embeddable":true,"href":"https:\/\/www.alteacultural.com\/es\/wp-json\/wp\/v2\/comments?post=3496"}],"version-history":[{"count":751,"href":"https:\/\/www.alteacultural.com\/es\/wp-json\/wp\/v2\/pages\/3496\/revisions"}],"predecessor-version":[{"id":29804,"href":"https:\/\/www.alteacultural.com\/es\/wp-json\/wp\/v2\/pages\/3496\/revisions\/29804"}],"wp:attachment":[{"href":"https:\/\/www.alteacultural.com\/es\/wp-json\/wp\/v2\/media?parent=3496"}],"curies":[{"name":"wp","href":"https:\/\/api.w.org\/{rel}","templated":true}]}}